{"id":30609,"date":"2023-10-31T10:51:26","date_gmt":"2023-10-31T09:51:26","guid":{"rendered":"https:\/\/hijascaridad.sjdigitaldemo.ovh\/service\/education-et-jeunesse\/"},"modified":"2024-02-01T21:58:43","modified_gmt":"2024-02-01T20:58:43","slug":"education-et-jeunesse","status":"publish","type":"service","link":"https:\/\/filles-de-la-charite.org\/fr\/service\/education-et-jeunesse\/","title":{"rendered":"Les jeunes"},"content":{"rendered":"\n<h4 class=\"wp-block-heading\">Sainte Louise consid\u00e9rait que l\u2019\u00e9ducation \u00e9tait le moyen d\u2019assurer la formation et le d\u00e9veloppement des enfants et des jeunes. Elle a demand\u00e9 l\u2019autorisation d\u2019ouvrir des petites \u00e9coles pour y accueillir des filles pauvres qui, livr\u00e9es \u00e0 elles-m\u00eames, seraient devenues mendiantes. Les S\u0153urs devaient dispenser \u00e0 leurs \u00e9l\u00e8ves un enseignement complet, pratique et concret leur permettant de gagner honn\u00eatement leur vie et de pourvoir aux besoins de leur famille. Elles leur enseignaient aussi le cat\u00e9chisme selon des m\u00e9thodes s\u00fbres et les \u00e9duquaient \u00e0 une vie conforme \u00e0 l\u2019Evangile.<\/h4>\n\n\n\n<p>Le monde a chang\u00e9 et les jeunes sont parfois d\u00e9consid\u00e9r\u00e9s. Cependant, bien accompagn\u00e9s, ils sont g\u00e9n\u00e9reux et enthousiastes, pr\u00eats \u00e0 s\u2019engager et \u00e0 devenir les vrais disciples de J\u00e9sus, avec une foi active et une charit\u00e9 inventive, en particulier envers les pauvres.<\/p>\n\n\n\n<p>Accompagner les adolescents et les jeunes dans leurs recherches et leurs d\u00e9sirs est un imp\u00e9ratif pour nous.<\/p>\n\n\n\n<p>Nous les rejoignons&nbsp;:<\/p>\n\n\n\n<ul class=\"wp-block-list\">\n<li>dans les \u00e9coles \u00e9l\u00e9mentaires, secondaires et les universit\u00e9s<\/li>\n\n\n\n<li>dans les activit\u00e9s cat\u00e9ch\u00e9tiques et celles de la pastorale des jeunes<\/li>\n\n\n\n<li>dans les diff\u00e9rents mouvements, en particulier ceux de la Famille vincentienne :\n<ul class=\"wp-block-list\">\n<li>Jeunesse Mariale Vincentienne (JMV)<\/li>\n\n\n\n<li>La\u00efcs missionnaires vincentiens (MISEVI)<\/li>\n\n\n\n<li>Programmes de jeunes volontaires vincentiens<\/li>\n<\/ul>\n<\/li>\n\n\n\n<li>dans des associations sp\u00e9cialis\u00e9es pour accompagner les d\u00e9linquants, les enfants de la rue, etc.<\/li>\n<\/ul>\n","protected":false},"featured_media":2111,"template":"","meta":{"_acf_changed":false,"_et_pb_use_builder":"","_et_pb_old_content":"","_et_gb_content_width":"","_links_to":"","_links_to_target":""},"class_list":["post-30609","service","type-service","status-publish","has-post-thumbnail","hentry"],"acf":[],"yoast_head":"<!-- This site is optimized with the Yoast SEO plugin v27.5 - https:\/\/yoast.com\/product\/yoast-seo-wordpress\/ -->\n<title>Les jeunes - Filles de la Charit\u00e9<\/title>\n<meta name=\"robots\" content=\"index, follow, max-snippet:-1, max-image-preview:large, max-video-preview:-1\" \/>\n<link rel=\"canonical\" href=\"https:\/\/filles-de-la-charite.org\/fr\/service\/education-et-jeunesse\/\" \/>\n<meta property=\"og:locale\" content=\"fr_FR\" \/>\n<meta property=\"og:type\" content=\"article\" \/>\n<meta property=\"og:title\" content=\"Les jeunes - Filles de la Charit\u00e9\" \/>\n<meta property=\"og:description\" content=\"Sainte Louise consid\u00e9rait que l\u2019\u00e9ducation \u00e9tait le moyen d\u2019assurer la formation et le d\u00e9veloppement des enfants et des jeunes. Elle a demand\u00e9 l\u2019autorisation d\u2019ouvrir des petites \u00e9coles pour y accueillir des filles pauvres qui, livr\u00e9es \u00e0 elles-m\u00eames, seraient devenues mendiantes. Les S\u0153urs devaient dispenser \u00e0 leurs \u00e9l\u00e8ves un enseignement complet, pratique et concret leur permettant [&hellip;]\" \/>\n<meta property=\"og:url\" content=\"https:\/\/filles-de-la-charite.org\/fr\/service\/education-et-jeunesse\/\" \/>\n<meta property=\"og:site_name\" content=\"Filles de la Charit\u00e9\" \/>\n<meta property=\"article:modified_time\" content=\"2024-02-01T20:58:43+00:00\" \/>\n<meta property=\"og:image\" content=\"https:\/\/filles-de-la-charite.org\/wp-content\/uploads\/2023\/04\/Educacion.jpeg\" \/>\n\t<meta property=\"og:image:width\" content=\"1920\" \/>\n\t<meta property=\"og:image:height\" content=\"1624\" \/>\n\t<meta property=\"og:image:type\" content=\"image\/jpeg\" \/>\n<meta name=\"twitter:card\" content=\"summary_large_image\" \/>\n<meta name=\"twitter:label1\" content=\"Dur\u00e9e de lecture estim\u00e9e\" \/>\n\t<meta name=\"twitter:data1\" content=\"1 minute\" \/>\n<script type=\"application\/ld+json\" class=\"yoast-schema-graph\">{\"@context\":\"https:\\\/\\\/schema.org\",\"@graph\":[{\"@type\":\"WebPage\",\"@id\":\"https:\\\/\\\/filles-de-la-charite.org\\\/fr\\\/service\\\/education-et-jeunesse\\\/\",\"url\":\"https:\\\/\\\/filles-de-la-charite.org\\\/fr\\\/service\\\/education-et-jeunesse\\\/\",\"name\":\"Les jeunes - Filles de la Charit\u00e9\",\"isPartOf\":{\"@id\":\"https:\\\/\\\/filles-de-la-charite.org\\\/fr\\\/#website\"},\"primaryImageOfPage\":{\"@id\":\"https:\\\/\\\/filles-de-la-charite.org\\\/fr\\\/service\\\/education-et-jeunesse\\\/#primaryimage\"},\"image\":{\"@id\":\"https:\\\/\\\/filles-de-la-charite.org\\\/fr\\\/service\\\/education-et-jeunesse\\\/#primaryimage\"},\"thumbnailUrl\":\"https:\\\/\\\/filles-de-la-charite.org\\\/wp-content\\\/uploads\\\/2023\\\/04\\\/Educacion.jpeg\",\"datePublished\":\"2023-10-31T09:51:26+00:00\",\"dateModified\":\"2024-02-01T20:58:43+00:00\",\"breadcrumb\":{\"@id\":\"https:\\\/\\\/filles-de-la-charite.org\\\/fr\\\/service\\\/education-et-jeunesse\\\/#breadcrumb\"},\"inLanguage\":\"fr-FR\",\"potentialAction\":[{\"@type\":\"ReadAction\",\"target\":[\"https:\\\/\\\/filles-de-la-charite.org\\\/fr\\\/service\\\/education-et-jeunesse\\\/\"]}]},{\"@type\":\"ImageObject\",\"inLanguage\":\"fr-FR\",\"@id\":\"https:\\\/\\\/filles-de-la-charite.org\\\/fr\\\/service\\\/education-et-jeunesse\\\/#primaryimage\",\"url\":\"https:\\\/\\\/filles-de-la-charite.org\\\/wp-content\\\/uploads\\\/2023\\\/04\\\/Educacion.jpeg\",\"contentUrl\":\"https:\\\/\\\/filles-de-la-charite.org\\\/wp-content\\\/uploads\\\/2023\\\/04\\\/Educacion.jpeg\",\"width\":1920,\"height\":1624},{\"@type\":\"BreadcrumbList\",\"@id\":\"https:\\\/\\\/filles-de-la-charite.org\\\/fr\\\/service\\\/education-et-jeunesse\\\/#breadcrumb\",\"itemListElement\":[{\"@type\":\"ListItem\",\"position\":1,\"name\":\"Services\",\"item\":\"https:\\\/\\\/filles-de-la-charite.org\\\/fr\\\/service\\\/\"},{\"@type\":\"ListItem\",\"position\":2,\"name\":\"Les jeunes\"}]},{\"@type\":\"WebSite\",\"@id\":\"https:\\\/\\\/filles-de-la-charite.org\\\/fr\\\/#website\",\"url\":\"https:\\\/\\\/filles-de-la-charite.org\\\/fr\\\/\",\"name\":\"Hijas de la Caridad\",\"description\":\"L\u2019amour de J\u00e9sus nous presse \u00e0 prendre soin des personnes les plus d\u00e9munies\",\"publisher\":{\"@id\":\"https:\\\/\\\/filles-de-la-charite.org\\\/fr\\\/#organization\"},\"potentialAction\":[{\"@type\":\"SearchAction\",\"target\":{\"@type\":\"EntryPoint\",\"urlTemplate\":\"https:\\\/\\\/filles-de-la-charite.org\\\/fr\\\/?s={search_term_string}\"},\"query-input\":{\"@type\":\"PropertyValueSpecification\",\"valueRequired\":true,\"valueName\":\"search_term_string\"}}],\"inLanguage\":\"fr-FR\"},{\"@type\":\"Organization\",\"@id\":\"https:\\\/\\\/filles-de-la-charite.org\\\/fr\\\/#organization\",\"name\":\"Hijas de la Caridad\",\"url\":\"https:\\\/\\\/filles-de-la-charite.org\\\/fr\\\/\",\"logo\":{\"@type\":\"ImageObject\",\"inLanguage\":\"fr-FR\",\"@id\":\"https:\\\/\\\/filles-de-la-charite.org\\\/fr\\\/#\\\/schema\\\/logo\\\/image\\\/\",\"url\":\"https:\\\/\\\/filles-de-la-charite.org\\\/wp-content\\\/uploads\\\/2023\\\/03\\\/isotipo-Hijas-de-la-Caridad.png\",\"contentUrl\":\"https:\\\/\\\/filles-de-la-charite.org\\\/wp-content\\\/uploads\\\/2023\\\/03\\\/isotipo-Hijas-de-la-Caridad.png\",\"width\":1417,\"height\":1417,\"caption\":\"Hijas de la Caridad\"},\"image\":{\"@id\":\"https:\\\/\\\/filles-de-la-charite.org\\\/fr\\\/#\\\/schema\\\/logo\\\/image\\\/\"}}]}<\/script>\n<!-- \/ Yoast SEO plugin. -->","yoast_head_json":{"title":"Les jeunes - Filles de la Charit\u00e9","robots":{"index":"index","follow":"follow","max-snippet":"max-snippet:-1","max-image-preview":"max-image-preview:large","max-video-preview":"max-video-preview:-1"},"canonical":"https:\/\/filles-de-la-charite.org\/fr\/service\/education-et-jeunesse\/","og_locale":"fr_FR","og_type":"article","og_title":"Les jeunes - Filles de la Charit\u00e9","og_description":"Sainte Louise consid\u00e9rait que l\u2019\u00e9ducation \u00e9tait le moyen d\u2019assurer la formation et le d\u00e9veloppement des enfants et des jeunes. Elle a demand\u00e9 l\u2019autorisation d\u2019ouvrir des petites \u00e9coles pour y accueillir des filles pauvres qui, livr\u00e9es \u00e0 elles-m\u00eames, seraient devenues mendiantes. Les S\u0153urs devaient dispenser \u00e0 leurs \u00e9l\u00e8ves un enseignement complet, pratique et concret leur permettant [&hellip;]","og_url":"https:\/\/filles-de-la-charite.org\/fr\/service\/education-et-jeunesse\/","og_site_name":"Filles de la Charit\u00e9","article_modified_time":"2024-02-01T20:58:43+00:00","og_image":[{"width":1920,"height":1624,"url":"https:\/\/filles-de-la-charite.org\/wp-content\/uploads\/2023\/04\/Educacion.jpeg","type":"image\/jpeg"}],"twitter_card":"summary_large_image","twitter_misc":{"Dur\u00e9e de lecture estim\u00e9e":"1 minute"},"schema":{"@context":"https:\/\/schema.org","@graph":[{"@type":"WebPage","@id":"https:\/\/filles-de-la-charite.org\/fr\/service\/education-et-jeunesse\/","url":"https:\/\/filles-de-la-charite.org\/fr\/service\/education-et-jeunesse\/","name":"Les jeunes - Filles de la Charit\u00e9","isPartOf":{"@id":"https:\/\/filles-de-la-charite.org\/fr\/#website"},"primaryImageOfPage":{"@id":"https:\/\/filles-de-la-charite.org\/fr\/service\/education-et-jeunesse\/#primaryimage"},"image":{"@id":"https:\/\/filles-de-la-charite.org\/fr\/service\/education-et-jeunesse\/#primaryimage"},"thumbnailUrl":"https:\/\/filles-de-la-charite.org\/wp-content\/uploads\/2023\/04\/Educacion.jpeg","datePublished":"2023-10-31T09:51:26+00:00","dateModified":"2024-02-01T20:58:43+00:00","breadcrumb":{"@id":"https:\/\/filles-de-la-charite.org\/fr\/service\/education-et-jeunesse\/#breadcrumb"},"inLanguage":"fr-FR","potentialAction":[{"@type":"ReadAction","target":["https:\/\/filles-de-la-charite.org\/fr\/service\/education-et-jeunesse\/"]}]},{"@type":"ImageObject","inLanguage":"fr-FR","@id":"https:\/\/filles-de-la-charite.org\/fr\/service\/education-et-jeunesse\/#primaryimage","url":"https:\/\/filles-de-la-charite.org\/wp-content\/uploads\/2023\/04\/Educacion.jpeg","contentUrl":"https:\/\/filles-de-la-charite.org\/wp-content\/uploads\/2023\/04\/Educacion.jpeg","width":1920,"height":1624},{"@type":"BreadcrumbList","@id":"https:\/\/filles-de-la-charite.org\/fr\/service\/education-et-jeunesse\/#breadcrumb","itemListElement":[{"@type":"ListItem","position":1,"name":"Services","item":"https:\/\/filles-de-la-charite.org\/fr\/service\/"},{"@type":"ListItem","position":2,"name":"Les jeunes"}]},{"@type":"WebSite","@id":"https:\/\/filles-de-la-charite.org\/fr\/#website","url":"https:\/\/filles-de-la-charite.org\/fr\/","name":"Hijas de la Caridad","description":"L\u2019amour de J\u00e9sus nous presse \u00e0 prendre soin des personnes les plus d\u00e9munies","publisher":{"@id":"https:\/\/filles-de-la-charite.org\/fr\/#organization"},"potentialAction":[{"@type":"SearchAction","target":{"@type":"EntryPoint","urlTemplate":"https:\/\/filles-de-la-charite.org\/fr\/?s={search_term_string}"},"query-input":{"@type":"PropertyValueSpecification","valueRequired":true,"valueName":"search_term_string"}}],"inLanguage":"fr-FR"},{"@type":"Organization","@id":"https:\/\/filles-de-la-charite.org\/fr\/#organization","name":"Hijas de la Caridad","url":"https:\/\/filles-de-la-charite.org\/fr\/","logo":{"@type":"ImageObject","inLanguage":"fr-FR","@id":"https:\/\/filles-de-la-charite.org\/fr\/#\/schema\/logo\/image\/","url":"https:\/\/filles-de-la-charite.org\/wp-content\/uploads\/2023\/03\/isotipo-Hijas-de-la-Caridad.png","contentUrl":"https:\/\/filles-de-la-charite.org\/wp-content\/uploads\/2023\/03\/isotipo-Hijas-de-la-Caridad.png","width":1417,"height":1417,"caption":"Hijas de la Caridad"},"image":{"@id":"https:\/\/filles-de-la-charite.org\/fr\/#\/schema\/logo\/image\/"}}]}},"_links":{"self":[{"href":"https:\/\/filles-de-la-charite.org\/fr\/wp-json\/wp\/v2\/service\/30609","targetHints":{"allow":["GET"]}}],"collection":[{"href":"https:\/\/filles-de-la-charite.org\/fr\/wp-json\/wp\/v2\/service"}],"about":[{"href":"https:\/\/filles-de-la-charite.org\/fr\/wp-json\/wp\/v2\/types\/service"}],"wp:featuredmedia":[{"embeddable":true,"href":"https:\/\/filles-de-la-charite.org\/fr\/wp-json\/wp\/v2\/media\/2111"}],"wp:attachment":[{"href":"https:\/\/filles-de-la-charite.org\/fr\/wp-json\/wp\/v2\/media?parent=30609"}],"curies":[{"name":"wp","href":"https:\/\/api.w.org\/{rel}","templated":true}]}}