{"id":7317,"date":"2020-10-06T13:32:08","date_gmt":"2020-10-06T11:32:08","guid":{"rendered":"https:\/\/hijascaridad.sjdigitaldemo.ovh\/vida-entregada\/ma-vocation-a-servir-avec-joie\/"},"modified":"2023-05-23T10:22:40","modified_gmt":"2023-05-23T08:22:40","slug":"ma-vocation-a-servir-avec-joie","status":"publish","type":"vida-entregada","link":"https:\/\/filles-de-la-charite.org\/fr\/vida-entregada\/ma-vocation-a-servir-avec-joie\/","title":{"rendered":"Ma vocation \u00e0 servir avec joie"},"content":{"rendered":"\n<div class=\"wp-block-image\"><figure class=\"alignleft is-resized\"><img loading=\"lazy\" decoding=\"async\" src=\"https:\/\/www.filles-de-la-charite.org\/wp-content\/uploads\/OLD\/2016\/06\/1-1.jpg\" alt=\"\" class=\"wp-image-41160\" width=\"829\" height=\"810\"\/><\/figure><\/div>\n\n\n\n<p>Ma vocation est advenue tr\u00e8s pr\u00e9cocement, gr\u00e2ce \u00e0 ma famille catholique vivant dans la petite ville de Catarina de l\u2019\u00e9tat Cear\u00e1, Br\u00e9sil. Leur exemple fut d\u00e9terminant : celui de mes parents, le t\u00e9moignage plein de foi de ma grand-m\u00e8re maternelle, Maria Ezequiel Domingues (d\u00e9c\u00e9d\u00e9e) : ma famille \u00e9tait tr\u00e8s attach\u00e9e aux \u00ab choses de Dieu \u00bb, sans omettre une grande d\u00e9votion \u00e0 Notre-Dame \u2026Je me souviens aussi du chapelet que nous voyions ma grand-m\u00e8re prier chaque jour, du b\u00e9n\u00e9dicit\u00e9 pri\u00e9 avant les repas, de la pri\u00e8re au coucher et au lever ainsi que de l\u2019habitude de rechercher les b\u00e9n\u00e9dictions des parents et des personnes \u00e2g\u00e9es, dans une attitude de respect et de docilit\u00e9. Ces pratiques ont insuffl\u00e9 des valeurs chr\u00e9tiennes et l\u2019amour pour les personnes d\u00e9munies que nous observions notamment chez notre m\u00e8re, d\u00e9veloppant notre g\u00e9n\u00e9rosit\u00e9.<\/p>\n\n\n\n<p>Apr\u00e8s la Premi\u00e8re Communion, j\u2019ai continu\u00e9 les groupes de pri\u00e8re et suis devenue cat\u00e9chiste. J\u2019\u00e9tais heureuse, combl\u00e9e dans cette mission et d\u00e9sirais aller toujours plus loin. Apr\u00e8s ma Confirmation, je me suis tr\u00e8s clairement sentie appel\u00e9e \u00e0 la Vie Consacr\u00e9e. Dans le m\u00eame temps, l\u2019Esprit Saint m\u2019a donn\u00e9 le courage de parler, d\u2019annoncer les merveilles de Dieu, pleine de joie et sans peur. Le z\u00e8le missionnaire, l\u2019attitude proph\u00e9tique des pr\u00eatres, le Renouveau dans l\u2019\u00c9glise, les paroisses dynamiques ainsi que l\u2019engagement et l\u2019animation des Jeunes ont trouv\u00e9 un \u00e9cho en moi et ont nourri ma vocation.<\/p>\n\n\n\n<p>Souvent, dans les petites villes du Br\u00e9sil, les Jeunes quittent leur domicile pour aller \u00e9tudier et avoir un m\u00e9tier dans d\u2019autres \u00e9tats. Je suis partie, moi aussi, de la maison familiale pour aller \u00e0 R\u00e9cife o\u00f9 ma tante, S\u0153ur Ester, m\u2019avait obtenu un lieu o\u00f9 \u00e9tudier et ensuite enseigner avec d\u2019autres au Coll\u00e8ge Maria Th\u00e9r\u00e9sa sous la direction de S\u0153ur Ir\u00e8ne Jacob et de d\u2019autres Filles de la Charit\u00e9 ; j\u2019ai recherch\u00e9 les S\u0153urs responsables de l\u2019Animation Vocationnelle, et ai pu participer aux sessions qu\u2019elles donnaient. Les cours finis, j\u2019ai \u00e9t\u00e9 admise au Postulat le 11 F\u00e9vrier 1988. Cela a \u00e9t\u00e9 une des grandes joies de ma vie. S\u0153ur Diva Pinto Freire qui m\u2019a accueillie et a toujours cru \u00e0 ma vocation, m\u2019a pr\u00e9sent\u00e9e \u00e0 la Communaut\u00e9. Aujourd\u2019hui, \u00e2g\u00e9e de 94 ans, elle est lucide, continue \u00e0 servir et \u00e0 enseigner le travail manuel aux enfants pauvres qu\u2019elle a toujours aim\u00e9s.<\/p>\n\n\n\n<p>Je suis entr\u00e9e au S\u00e9minaire le 16 juillet 1989, jour de la f\u00eate de Notre-Dame du Mont-Carmel. Nous c\u00e9l\u00e8brerons bient\u00f4t avec notre groupe nos 31 ans de vocation. Mes S\u0153urs-compagnes sont les suivantes : S\u0153ur Maria de Jesus Santiago, S\u0153ur Josefa Luiz Ribeiro et S\u0153ur Rita de C\u00e1ssia Cerqueira. La bienheureuse Soeur Lindalva Justo de Oliveira, dont la canonisation est en cours, faisait partie de notre groupe ; j\u2019ai eu le privil\u00e8ge de la c\u00f4toyer au S\u00e9minaire o\u00f9 nous avons v\u00e9cu de profonds temps de silence et de pri\u00e8re. S\u0153ur Lindalva \u00e9tait m\u00fbre dans sa foi, r\u00e9fl\u00e9chie, consciente de sa d\u00e9cision et de son engagement dans le service. Apr\u00e8s le S\u00e9minaire, j\u2019ai \u00e9t\u00e9 envoy\u00e9e en mission dans la ville du Salvador de l\u2019\u00e9tat de Bahia dans la Communaut\u00e9 de l\u2019Institut de Notre-Dame de la Salette o\u00f9 j\u2019ai pass\u00e9 13 ann\u00e9es de service ; cette \u00e9tape reste un pilier de la formation continue, sp\u00e9cialement dans les valeurs de vie fraternelle, d\u2019amiti\u00e9, d\u2019ob\u00e9issance aux Sup\u00e9rieurs et de joie v\u00e9ritable dans la mission. Au milieu des difficult\u00e9s, il m\u2019est donn\u00e9 le courage de pers\u00e9v\u00e9rer sans effort. Je reste ferme et suis continuellement dans un chemin de conversion, confiante dans la bont\u00e9 de Dieu qui me garde forte dans la foi et motiv\u00e9e par le grand don de ma vocation.<\/p>\n\n\n\n<p>Aujourd\u2019hui, ma Communaut\u00e9 (\u00c9cole Saint Joseph) est situ\u00e9e dans une zone portuaire o\u00f9 travaillent des p\u00eacheurs ; il y a le ch\u00f4mage, la faim et toutes sortes d\u2019addictions. C\u2019est dans ce contexte de vuln\u00e9rabilit\u00e9 que j\u2019ai d\u00e9velopp\u00e9 un travail en contact direct avec des enfants et leurs familles pour l\u2019\u00e9vang\u00e9lisation, l\u2019assistance sociale, et la collaboration pour une formation humaine et Chr\u00e9tienne. Je suis aid\u00e9e par mes S\u0153urs, par les Vincentiens, et les Volontaires de notre paroisse. \u00c0 l\u2019\u00e9cole, je travaille dans la coordination p\u00e9dagogique, la Pastorale et la Cat\u00e9ch\u00e8se de la Premi\u00e8re Communion. Nous sommes accueillis par les paroisses et accept\u00e9s par les La\u00efcs ; notre travail est en lien avec \u00ab l\u2019\u00c9ducation Nationale \u00bb et le milieu social dans lesquels nous op\u00e9rons. Malgr\u00e9 les nombreuses difficult\u00e9s auxquelles nous devons faire face, nous essayons de t\u00e9moigner de Dieu aux personnes et elles, en retour, respectent les Filles de la Charit\u00e9 qui ont commenc\u00e9 cette mission il y a 80 ans.<\/p>\n\n\n\n<p>Pendant cette pand\u00e9mie qui a apport\u00e9 crises et d\u00e9fis au monde entier, nous avons distribu\u00e9 chaque semaine de la nourriture, des fruits et des l\u00e9gumes, et aussi des masques \u00e0 de nombreuses familles ; nous les avons aussi initi\u00e9es aux soins appropri\u00e9s pour \u00e9viter la contamination \u00e0 la Covid-19.<\/p>\n\n\n\n<p>Chaque jour est un nouveau d\u00e9fi mais Dieu nous surprend dans Son infinie Bont\u00e9, renouvelant notre amour inconditionnel \u00e0 Son service.<\/p>\n\n\n\n<p>Je souhaite remercier vivement Notre Seigneur pour la vie, la mission et la vocation qu\u2019Il m\u2019a donn\u00e9es.<\/p>\n","protected":false},"featured_media":1680,"template":"","meta":{"_acf_changed":false,"_links_to":"","_links_to_target":""},"class_list":["post-7317","vida-entregada","type-vida-entregada","status-publish","has-post-thumbnail","hentry"],"acf":[],"yoast_head":"<!-- This site is optimized with the Yoast SEO plugin v27.5 - https:\/\/yoast.com\/product\/yoast-seo-wordpress\/ -->\n<title>Ma vocation \u00e0 servir avec joie - Filles de la Charit\u00e9<\/title>\n<meta name=\"robots\" content=\"index, follow, max-snippet:-1, max-image-preview:large, max-video-preview:-1\" \/>\n<link rel=\"canonical\" href=\"https:\/\/filles-de-la-charite.org\/fr\/vida-entregada\/ma-vocation-a-servir-avec-joie\/\" \/>\n<meta property=\"og:locale\" content=\"fr_FR\" \/>\n<meta property=\"og:type\" content=\"article\" \/>\n<meta property=\"og:title\" content=\"Ma vocation \u00e0 servir avec joie - Filles de la Charit\u00e9\" \/>\n<meta property=\"og:description\" content=\"Ma vocation est advenue tr\u00e8s pr\u00e9cocement, gr\u00e2ce \u00e0 ma famille catholique vivant dans la petite ville de Catarina de l\u2019\u00e9tat Cear\u00e1, Br\u00e9sil. Leur exemple fut d\u00e9terminant : celui de mes parents, le t\u00e9moignage plein de foi de ma grand-m\u00e8re maternelle, Maria Ezequiel Domingues (d\u00e9c\u00e9d\u00e9e) : ma famille \u00e9tait tr\u00e8s attach\u00e9e aux \u00ab choses de Dieu [&hellip;]\" \/>\n<meta property=\"og:url\" content=\"https:\/\/filles-de-la-charite.org\/fr\/vida-entregada\/ma-vocation-a-servir-avec-joie\/\" \/>\n<meta property=\"og:site_name\" content=\"Filles de la Charit\u00e9\" \/>\n<meta property=\"article:modified_time\" content=\"2023-05-23T08:22:40+00:00\" \/>\n<meta property=\"og:image\" content=\"https:\/\/filles-de-la-charite.org\/wp-content\/uploads\/2023\/04\/1-1.jpg\" \/>\n\t<meta property=\"og:image:width\" content=\"1105\" \/>\n\t<meta property=\"og:image:height\" content=\"1080\" \/>\n\t<meta property=\"og:image:type\" content=\"image\/jpeg\" \/>\n<meta name=\"twitter:card\" content=\"summary_large_image\" \/>\n<meta name=\"twitter:label1\" content=\"Dur\u00e9e de lecture estim\u00e9e\" \/>\n\t<meta name=\"twitter:data1\" content=\"5 minutes\" \/>\n<script type=\"application\/ld+json\" class=\"yoast-schema-graph\">{\"@context\":\"https:\\\/\\\/schema.org\",\"@graph\":[{\"@type\":\"WebPage\",\"@id\":\"https:\\\/\\\/filles-de-la-charite.org\\\/fr\\\/vida-entregada\\\/ma-vocation-a-servir-avec-joie\\\/\",\"url\":\"https:\\\/\\\/filles-de-la-charite.org\\\/fr\\\/vida-entregada\\\/ma-vocation-a-servir-avec-joie\\\/\",\"name\":\"Ma vocation \u00e0 servir avec joie - Filles de la Charit\u00e9\",\"isPartOf\":{\"@id\":\"https:\\\/\\\/filles-de-la-charite.org\\\/fr\\\/#website\"},\"primaryImageOfPage\":{\"@id\":\"https:\\\/\\\/filles-de-la-charite.org\\\/fr\\\/vida-entregada\\\/ma-vocation-a-servir-avec-joie\\\/#primaryimage\"},\"image\":{\"@id\":\"https:\\\/\\\/filles-de-la-charite.org\\\/fr\\\/vida-entregada\\\/ma-vocation-a-servir-avec-joie\\\/#primaryimage\"},\"thumbnailUrl\":\"https:\\\/\\\/filles-de-la-charite.org\\\/wp-content\\\/uploads\\\/2023\\\/04\\\/1-1.jpg\",\"datePublished\":\"2020-10-06T11:32:08+00:00\",\"dateModified\":\"2023-05-23T08:22:40+00:00\",\"breadcrumb\":{\"@id\":\"https:\\\/\\\/filles-de-la-charite.org\\\/fr\\\/vida-entregada\\\/ma-vocation-a-servir-avec-joie\\\/#breadcrumb\"},\"inLanguage\":\"fr-FR\",\"potentialAction\":[{\"@type\":\"ReadAction\",\"target\":[\"https:\\\/\\\/filles-de-la-charite.org\\\/fr\\\/vida-entregada\\\/ma-vocation-a-servir-avec-joie\\\/\"]}]},{\"@type\":\"ImageObject\",\"inLanguage\":\"fr-FR\",\"@id\":\"https:\\\/\\\/filles-de-la-charite.org\\\/fr\\\/vida-entregada\\\/ma-vocation-a-servir-avec-joie\\\/#primaryimage\",\"url\":\"https:\\\/\\\/filles-de-la-charite.org\\\/wp-content\\\/uploads\\\/2023\\\/04\\\/1-1.jpg\",\"contentUrl\":\"https:\\\/\\\/filles-de-la-charite.org\\\/wp-content\\\/uploads\\\/2023\\\/04\\\/1-1.jpg\",\"width\":1105,\"height\":1080},{\"@type\":\"BreadcrumbList\",\"@id\":\"https:\\\/\\\/filles-de-la-charite.org\\\/fr\\\/vida-entregada\\\/ma-vocation-a-servir-avec-joie\\\/#breadcrumb\",\"itemListElement\":[{\"@type\":\"ListItem\",\"position\":1,\"name\":\"Given lifes\",\"item\":\"https:\\\/\\\/filles-de-la-charite.org\\\/fr\\\/vida-entregada\\\/\"},{\"@type\":\"ListItem\",\"position\":2,\"name\":\"Ma vocation \u00e0 servir avec joie\"}]},{\"@type\":\"WebSite\",\"@id\":\"https:\\\/\\\/filles-de-la-charite.org\\\/fr\\\/#website\",\"url\":\"https:\\\/\\\/filles-de-la-charite.org\\\/fr\\\/\",\"name\":\"Hijas de la Caridad\",\"description\":\"L\u2019amour de J\u00e9sus nous presse \u00e0 prendre soin des personnes les plus d\u00e9munies\",\"publisher\":{\"@id\":\"https:\\\/\\\/filles-de-la-charite.org\\\/fr\\\/#organization\"},\"potentialAction\":[{\"@type\":\"SearchAction\",\"target\":{\"@type\":\"EntryPoint\",\"urlTemplate\":\"https:\\\/\\\/filles-de-la-charite.org\\\/fr\\\/?s={search_term_string}\"},\"query-input\":{\"@type\":\"PropertyValueSpecification\",\"valueRequired\":true,\"valueName\":\"search_term_string\"}}],\"inLanguage\":\"fr-FR\"},{\"@type\":\"Organization\",\"@id\":\"https:\\\/\\\/filles-de-la-charite.org\\\/fr\\\/#organization\",\"name\":\"Hijas de la Caridad\",\"url\":\"https:\\\/\\\/filles-de-la-charite.org\\\/fr\\\/\",\"logo\":{\"@type\":\"ImageObject\",\"inLanguage\":\"fr-FR\",\"@id\":\"https:\\\/\\\/filles-de-la-charite.org\\\/fr\\\/#\\\/schema\\\/logo\\\/image\\\/\",\"url\":\"https:\\\/\\\/filles-de-la-charite.org\\\/wp-content\\\/uploads\\\/2023\\\/03\\\/isotipo-Hijas-de-la-Caridad.png\",\"contentUrl\":\"https:\\\/\\\/filles-de-la-charite.org\\\/wp-content\\\/uploads\\\/2023\\\/03\\\/isotipo-Hijas-de-la-Caridad.png\",\"width\":1417,\"height\":1417,\"caption\":\"Hijas de la Caridad\"},\"image\":{\"@id\":\"https:\\\/\\\/filles-de-la-charite.org\\\/fr\\\/#\\\/schema\\\/logo\\\/image\\\/\"}}]}<\/script>\n<!-- \/ Yoast SEO plugin. -->","yoast_head_json":{"title":"Ma vocation \u00e0 servir avec joie - Filles de la Charit\u00e9","robots":{"index":"index","follow":"follow","max-snippet":"max-snippet:-1","max-image-preview":"max-image-preview:large","max-video-preview":"max-video-preview:-1"},"canonical":"https:\/\/filles-de-la-charite.org\/fr\/vida-entregada\/ma-vocation-a-servir-avec-joie\/","og_locale":"fr_FR","og_type":"article","og_title":"Ma vocation \u00e0 servir avec joie - Filles de la Charit\u00e9","og_description":"Ma vocation est advenue tr\u00e8s pr\u00e9cocement, gr\u00e2ce \u00e0 ma famille catholique vivant dans la petite ville de Catarina de l\u2019\u00e9tat Cear\u00e1, Br\u00e9sil. Leur exemple fut d\u00e9terminant : celui de mes parents, le t\u00e9moignage plein de foi de ma grand-m\u00e8re maternelle, Maria Ezequiel Domingues (d\u00e9c\u00e9d\u00e9e) : ma famille \u00e9tait tr\u00e8s attach\u00e9e aux \u00ab choses de Dieu [&hellip;]","og_url":"https:\/\/filles-de-la-charite.org\/fr\/vida-entregada\/ma-vocation-a-servir-avec-joie\/","og_site_name":"Filles de la Charit\u00e9","article_modified_time":"2023-05-23T08:22:40+00:00","og_image":[{"width":1105,"height":1080,"url":"https:\/\/filles-de-la-charite.org\/wp-content\/uploads\/2023\/04\/1-1.jpg","type":"image\/jpeg"}],"twitter_card":"summary_large_image","twitter_misc":{"Dur\u00e9e de lecture estim\u00e9e":"5 minutes"},"schema":{"@context":"https:\/\/schema.org","@graph":[{"@type":"WebPage","@id":"https:\/\/filles-de-la-charite.org\/fr\/vida-entregada\/ma-vocation-a-servir-avec-joie\/","url":"https:\/\/filles-de-la-charite.org\/fr\/vida-entregada\/ma-vocation-a-servir-avec-joie\/","name":"Ma vocation \u00e0 servir avec joie - Filles de la Charit\u00e9","isPartOf":{"@id":"https:\/\/filles-de-la-charite.org\/fr\/#website"},"primaryImageOfPage":{"@id":"https:\/\/filles-de-la-charite.org\/fr\/vida-entregada\/ma-vocation-a-servir-avec-joie\/#primaryimage"},"image":{"@id":"https:\/\/filles-de-la-charite.org\/fr\/vida-entregada\/ma-vocation-a-servir-avec-joie\/#primaryimage"},"thumbnailUrl":"https:\/\/filles-de-la-charite.org\/wp-content\/uploads\/2023\/04\/1-1.jpg","datePublished":"2020-10-06T11:32:08+00:00","dateModified":"2023-05-23T08:22:40+00:00","breadcrumb":{"@id":"https:\/\/filles-de-la-charite.org\/fr\/vida-entregada\/ma-vocation-a-servir-avec-joie\/#breadcrumb"},"inLanguage":"fr-FR","potentialAction":[{"@type":"ReadAction","target":["https:\/\/filles-de-la-charite.org\/fr\/vida-entregada\/ma-vocation-a-servir-avec-joie\/"]}]},{"@type":"ImageObject","inLanguage":"fr-FR","@id":"https:\/\/filles-de-la-charite.org\/fr\/vida-entregada\/ma-vocation-a-servir-avec-joie\/#primaryimage","url":"https:\/\/filles-de-la-charite.org\/wp-content\/uploads\/2023\/04\/1-1.jpg","contentUrl":"https:\/\/filles-de-la-charite.org\/wp-content\/uploads\/2023\/04\/1-1.jpg","width":1105,"height":1080},{"@type":"BreadcrumbList","@id":"https:\/\/filles-de-la-charite.org\/fr\/vida-entregada\/ma-vocation-a-servir-avec-joie\/#breadcrumb","itemListElement":[{"@type":"ListItem","position":1,"name":"Given lifes","item":"https:\/\/filles-de-la-charite.org\/fr\/vida-entregada\/"},{"@type":"ListItem","position":2,"name":"Ma vocation \u00e0 servir avec joie"}]},{"@type":"WebSite","@id":"https:\/\/filles-de-la-charite.org\/fr\/#website","url":"https:\/\/filles-de-la-charite.org\/fr\/","name":"Hijas de la Caridad","description":"L\u2019amour de J\u00e9sus nous presse \u00e0 prendre soin des personnes les plus d\u00e9munies","publisher":{"@id":"https:\/\/filles-de-la-charite.org\/fr\/#organization"},"potentialAction":[{"@type":"SearchAction","target":{"@type":"EntryPoint","urlTemplate":"https:\/\/filles-de-la-charite.org\/fr\/?s={search_term_string}"},"query-input":{"@type":"PropertyValueSpecification","valueRequired":true,"valueName":"search_term_string"}}],"inLanguage":"fr-FR"},{"@type":"Organization","@id":"https:\/\/filles-de-la-charite.org\/fr\/#organization","name":"Hijas de la Caridad","url":"https:\/\/filles-de-la-charite.org\/fr\/","logo":{"@type":"ImageObject","inLanguage":"fr-FR","@id":"https:\/\/filles-de-la-charite.org\/fr\/#\/schema\/logo\/image\/","url":"https:\/\/filles-de-la-charite.org\/wp-content\/uploads\/2023\/03\/isotipo-Hijas-de-la-Caridad.png","contentUrl":"https:\/\/filles-de-la-charite.org\/wp-content\/uploads\/2023\/03\/isotipo-Hijas-de-la-Caridad.png","width":1417,"height":1417,"caption":"Hijas de la Caridad"},"image":{"@id":"https:\/\/filles-de-la-charite.org\/fr\/#\/schema\/logo\/image\/"}}]}},"_links":{"self":[{"href":"https:\/\/filles-de-la-charite.org\/fr\/wp-json\/wp\/v2\/vida-entregada\/7317","targetHints":{"allow":["GET"]}}],"collection":[{"href":"https:\/\/filles-de-la-charite.org\/fr\/wp-json\/wp\/v2\/vida-entregada"}],"about":[{"href":"https:\/\/filles-de-la-charite.org\/fr\/wp-json\/wp\/v2\/types\/vida-entregada"}],"wp:featuredmedia":[{"embeddable":true,"href":"https:\/\/filles-de-la-charite.org\/fr\/wp-json\/wp\/v2\/media\/1680"}],"wp:attachment":[{"href":"https:\/\/filles-de-la-charite.org\/fr\/wp-json\/wp\/v2\/media?parent=7317"}],"curies":[{"name":"wp","href":"https:\/\/api.w.org\/{rel}","templated":true}]}}