{"id":7320,"date":"2020-10-06T14:08:33","date_gmt":"2020-10-06T12:08:33","guid":{"rendered":"https:\/\/hijascaridad.sjdigitaldemo.ovh\/vida-entregada\/vie-donnee-a-dieu-pour-le-service-des-pauvres\/"},"modified":"2023-05-23T10:25:57","modified_gmt":"2023-05-23T08:25:57","slug":"vie-donnee-a-dieu-pour-le-service-des-pauvres","status":"publish","type":"vida-entregada","link":"https:\/\/filles-de-la-charite.org\/fr\/vida-entregada\/vie-donnee-a-dieu-pour-le-service-des-pauvres\/","title":{"rendered":"Vie donn\u00e9e \u00e0 Dieu pour le service des Pauvres"},"content":{"rendered":"\n<div class=\"wp-block-image\"><figure class=\"alignleft size-full is-resized\"><img loading=\"lazy\" decoding=\"async\" src=\"https:\/\/filles-de-la-charite.org\/wp-content\/uploads\/2023\/04\/1-2.jpg\" alt=\"\" class=\"wp-image-56160\" width=\"350\" height=\"513\"\/><\/figure><\/div>\n\n\n\n<p>J\u2019ai entendu l\u2019appel tr\u00e8s t\u00f4t : le jour de ma premi\u00e8re communion. J\u2019avais 7 ans, et j\u2019ai senti que je ne partagerais ma vie qu\u2019avec le Christ. Dieu se manifestait \u00e0 travers les \u00e9v\u00e8nements : ma vie dans une famille unie o\u00f9 les valeurs morales et religieuses \u00e9taient v\u00e9cues, la guerre, la d\u00e9faite, l\u2019occupation allemande et la d\u00e9couverte de l\u2019horreur des camps nazis\u2026 Comment ne pas \u00eatre marqu\u00e9e par tant de souffrances\u2026<\/p>\n\n\n\n<p>Je fis mes \u00e9tudes d\u2019infirmi\u00e8re et je compris qu\u2019apr\u00e8s tous ces signes, Dieu attendait ma r\u00e9ponse. Avec l\u2019aide d\u2019un pr\u00eatre, je me suis d\u00e9cid\u00e9e \u00e0 entrer chez les Filles de la Charit\u00e9. Je savais que l\u00e0, je pourrais servir les Pauvres et y vivre avec le Christ. Apr\u00e8s un temps de formation, me voil\u00e0 lanc\u00e9e dans la vie active.<\/p>\n\n\n\n<div class=\"wp-block-image\"><figure class=\"alignright\"><img decoding=\"async\" src=\"https:\/\/www.filles-de-la-charite.org\/wp-content\/uploads\/OLD\/2016\/06\/2-2.jpg\" alt=\"\" class=\"wp-image-41357\"\/><\/figure><\/div>\n\n\n\n<p>Dans ma premi\u00e8re maison, nous \u00e9tions 12 s\u0153urs. M\u00eame si la vie de communaut\u00e9 n\u2019est pas un long fleuve tranquille, il y avait beaucoup de fraternit\u00e9 entre nous. L\u2019Amour de Dieu et celui des Pauvres nous r\u00e9unissaient et nourrissaient nos temps de pri\u00e8re. Dans ce quartier de Paris, j\u2019ai vraiment rencontr\u00e9 la pauvret\u00e9. Je revois encore cette femme dans une petite chambre avec 3 enfants oblig\u00e9e d\u2019accrocher les chaises et de plier la table le soir afin de mettre les matelas par terre pour dormir. Je ne peux oublier non plus la petite Dani\u00e8le, hospitalis\u00e9e suite \u00e0 une intoxication par un po\u00eale \u00e0 charbon (provoqu\u00e9e par son p\u00e8re qui l\u2019aimait mais \u00e9tait farouchement hostile \u00e0 sa d\u00e9marche) lors de la retraite de premi\u00e8re communion.<\/p>\n\n\n\n<p>J\u2019ai connu de nombreux changements et partout je retrouvais des Pauvres. Dieu me faisait comprendre comment am\u00e9liorer ces rencontres. Il fallait d\u00e9passer les aides, services et petits mots r\u00e9confortants, aller plus loin, aider les Pauvres \u00e0 se prendre en charge. J\u2019allais chez eux, ils me recevaient, la distance entre nous diminuait, une certaine simplicit\u00e9 s\u2019installait, ils pouvaient parler des choses importantes de leur vie.<\/p>\n\n\n\n<div class=\"wp-block-image\"><figure class=\"alignleft\"><img decoding=\"async\" src=\"https:\/\/www.filles-de-la-charite.org\/wp-content\/uploads\/OLD\/2016\/06\/3-1.jpg\" alt=\"\" class=\"wp-image-41358\"\/><\/figure><\/div>\n\n\n\n<p>Plus tard, j\u2019ai r\u00e9pondu \u00e0 un appel pour partir aider au camp de Sak\u00e9o en Thailande o\u00f9 les Khmers rouges s\u2019\u00e9taient r\u00e9fugi\u00e9s. Une nuit o\u00f9 je veillais, j\u2019ai pu parler avec Ven qui nous aidait dans la tente o\u00f9 se trouvaient les malades. Parti avec 18 membres de sa famille il \u00e9tait arriv\u00e9 seul au camp, tous les autres \u00e9taient morts de faim, de mauvais traitements, ex\u00e9cut\u00e9s, le dernier, fut sa femme, perdue en for\u00eat. J\u2019ai re\u00e7u cette confidence comme un vrai cadeau et j\u2019y pense souvent, cela m\u2019aide dans les moments difficiles. Nous \u00e9tions plusieurs s\u0153urs venant de partout. Que faisions-nous de plus que \u00ab M\u00e9decins Sans Fronti\u00e8res \u00bb auxquels nous \u00e9tions rattach\u00e9es ? Rien de plus en apparence mais nous, c\u2019\u00e9tait notre appartenance \u00e0 ce Dieu \u00e0 qui nous avions donn\u00e9 notre vie qui nous motivait.<\/p>\n\n\n\n<p>Plus tard, j\u2019ai \u00e9t\u00e9 missionn\u00e9e dans une communaut\u00e9 en H.L.M. rattach\u00e9e au \u00ab S.A.P.P.E.L. \u00bb, Association fond\u00e9e pour \u00e9vang\u00e9liser le quart-monde. Dans ce cadre, nous organisions des retraites am\u00e9nag\u00e9es pour un petit groupe de personnes en situation de pr\u00e9carit\u00e9.<\/p>\n\n\n\n<div class=\"wp-block-image\"><figure class=\"aligncenter\"><img decoding=\"async\" src=\"https:\/\/www.filles-de-la-charite.org\/wp-content\/uploads\/OLD\/2016\/06\/4.jpg\" alt=\"\" class=\"wp-image-41359\"\/><\/figure><\/div>\n\n\n\n<p>Un appel avait \u00e9t\u00e9 lanc\u00e9 pour aller faire jouer des enfants du Kosovo tr\u00e8s perturb\u00e9s par les massacres et ayant v\u00e9cu plusieurs semaines en for\u00eat dans la neige. J\u2019ai accept\u00e9 car, malgr\u00e9 mon \u00e2ge avanc\u00e9, je me sentais tr\u00e8s proche des enfants et que j\u2019avais gard\u00e9 mon entrain pour jouer. Ce fut le jeu qui nous servit de langue et de rem\u00e8de. Tr\u00e8s vite, les rires ont fus\u00e9 en renversant les boites dans le jeu du \u00ab chamboule-tout \u00bb et tr\u00e8s vite aussi les petits chantaient \u00ab savez-vous planter les choux \u00bb (chansonnette du folklore fran\u00e7ais)<\/p>\n\n\n\n<div class=\"wp-block-image\"><figure class=\"alignright\"><img decoding=\"async\" src=\"https:\/\/www.filles-de-la-charite.org\/wp-content\/uploads\/OLD\/2016\/06\/5-1.jpg\" alt=\"\" class=\"wp-image-41360\"\/><\/figure><\/div>\n\n\n\n<p>Au Rwanda c\u2019est \u00e0 ma demande que la Compagnie m\u2019a envoy\u00e9e. Six ann\u00e9es dans ce petit pays tr\u00e8s pauvre mais ravissant. On disait que \u00ab Dieu venait s\u2019y reposer la nuit \u00bb. L\u00e0-bas, je faisais surtout le chauffeur pour conduire les malades la nuit et m\u00eame parfois ramener les morts pour que ces pauvres gens puissent les enterrer autour de leur maison, le co\u00fbt en restant \u00e0 l\u2019h\u00f4pital \u00e9tant trop on\u00e9reux pour eux. Ils m\u2019appelaient \u00ab umuk\u00e9curu \u00bb (ce qui veut dire \u00ab la grand-m\u00e8re \u00bb, titre de reconnaissance. J\u2019ai eu la joie de voir fleurir des vocations de jeunes Rwandaises qui sont aujourd\u2019hui des S\u0153urs vaillantes, tr\u00e8s proches des Pauvres et heureuses, malgr\u00e9 les terribles massacres quelques ann\u00e9es plus tard.<\/p>\n\n\n\n<div class=\"wp-block-image\"><figure class=\"aligncenter\"><img decoding=\"async\" src=\"https:\/\/www.filles-de-la-charite.org\/wp-content\/uploads\/OLD\/2016\/06\/6.jpeg\" alt=\"\" class=\"wp-image-41361\"\/><\/figure><\/div>\n\n\n\n<p>Le dernier endroit o\u00f9 je suis all\u00e9e est \u00e0 l\u2019Association catholique \u00ab Depaul \u00bb au service des gens de la rue. J\u2019\u00e9tais une simple b\u00e9n\u00e9vole au milieu des autres, attel\u00e9e \u00e0 des t\u00e2ches tr\u00e8s humbles comme la lessive, les douches, le service du caf\u00e9 \u00e0 des hommes et des femmes vivant dans la rue. Avec Eux, nous avions des rapports tr\u00e8s simples. Ils \u00e9taient \u00ab nos ma\u00eetres \u00bb, faisant ce qu\u2019ils nous demandaient, recevant parfois des paroles rudes ou blessantes, mais aussi parfois amicales, voire empreintes de d\u00e9licatesse.<\/p>\n\n\n\n<div class=\"wp-block-image\"><figure class=\"alignleft\"><img decoding=\"async\" src=\"https:\/\/www.filles-de-la-charite.org\/wp-content\/uploads\/OLD\/2016\/06\/7.jpg\" alt=\"\" class=\"wp-image-41362\"\/><\/figure><\/div>\n\n\n\n<p>J\u2019arrive \u00e0 la derni\u00e8re \u00e9tape de ma vie. L\u2019heure de la rencontre approche, inimaginable. Bien s\u00fbr, j\u2019ai une certaine appr\u00e9hension, pourtant je sais qu\u2019Il sera l\u00e0\u2026 Que dire ? Tout simplement : MERCI pour tant de bonheur m\u00eame s\u2019il y a eu des moments difficiles, m\u00eame tr\u00e8s difficiles, avec des passages \u00e0 vide o\u00f9 je n\u00e9gligeais Dieu. Mais, Lui \u00e9tait toujours l\u00e0, attendant \u00able retour de l\u2019enfant prodigue\u00bb.<\/p>\n\n\n\n<p><em>S\u0153ur Marie-Ren\u00e9e Leli\u00e8vre Province Belgique-France-Suisse<\/em><\/p>\n","protected":false},"featured_media":1707,"template":"","meta":{"_acf_changed":false,"_links_to":"","_links_to_target":""},"class_list":["post-7320","vida-entregada","type-vida-entregada","status-publish","has-post-thumbnail","hentry"],"acf":[],"yoast_head":"<!-- This site is optimized with the Yoast SEO plugin v27.5 - https:\/\/yoast.com\/product\/yoast-seo-wordpress\/ -->\n<title>Vie donn\u00e9e \u00e0 Dieu pour le service des Pauvres - Filles de la Charit\u00e9<\/title>\n<meta name=\"robots\" content=\"index, follow, max-snippet:-1, max-image-preview:large, max-video-preview:-1\" \/>\n<link rel=\"canonical\" href=\"https:\/\/filles-de-la-charite.org\/fr\/vida-entregada\/vie-donnee-a-dieu-pour-le-service-des-pauvres\/\" \/>\n<meta property=\"og:locale\" content=\"fr_FR\" \/>\n<meta property=\"og:type\" content=\"article\" \/>\n<meta property=\"og:title\" content=\"Vie donn\u00e9e \u00e0 Dieu pour le service des Pauvres - Filles de la Charit\u00e9\" \/>\n<meta property=\"og:description\" content=\"J\u2019ai entendu l\u2019appel tr\u00e8s t\u00f4t : le jour de ma premi\u00e8re communion. J\u2019avais 7 ans, et j\u2019ai senti que je ne partagerais ma vie qu\u2019avec le Christ. Dieu se manifestait \u00e0 travers les \u00e9v\u00e8nements : ma vie dans une famille unie o\u00f9 les valeurs morales et religieuses \u00e9taient v\u00e9cues, la guerre, la d\u00e9faite, l\u2019occupation allemande [&hellip;]\" \/>\n<meta property=\"og:url\" content=\"https:\/\/filles-de-la-charite.org\/fr\/vida-entregada\/vie-donnee-a-dieu-pour-le-service-des-pauvres\/\" \/>\n<meta property=\"og:site_name\" content=\"Filles de la Charit\u00e9\" \/>\n<meta property=\"article:modified_time\" content=\"2023-05-23T08:25:57+00:00\" \/>\n<meta property=\"og:image\" content=\"https:\/\/filles-de-la-charite.org\/wp-content\/uploads\/2023\/04\/1-2-e1605894436156.jpg\" \/>\n\t<meta property=\"og:image:width\" content=\"699\" \/>\n\t<meta property=\"og:image:height\" content=\"486\" \/>\n\t<meta property=\"og:image:type\" content=\"image\/jpeg\" \/>\n<meta name=\"twitter:card\" content=\"summary_large_image\" \/>\n<meta name=\"twitter:label1\" content=\"Dur\u00e9e de lecture estim\u00e9e\" \/>\n\t<meta name=\"twitter:data1\" content=\"5 minutes\" \/>\n<script type=\"application\/ld+json\" class=\"yoast-schema-graph\">{\"@context\":\"https:\\\/\\\/schema.org\",\"@graph\":[{\"@type\":\"WebPage\",\"@id\":\"https:\\\/\\\/filles-de-la-charite.org\\\/fr\\\/vida-entregada\\\/vie-donnee-a-dieu-pour-le-service-des-pauvres\\\/\",\"url\":\"https:\\\/\\\/filles-de-la-charite.org\\\/fr\\\/vida-entregada\\\/vie-donnee-a-dieu-pour-le-service-des-pauvres\\\/\",\"name\":\"Vie donn\u00e9e \u00e0 Dieu pour le service des Pauvres - Filles de la Charit\u00e9\",\"isPartOf\":{\"@id\":\"https:\\\/\\\/filles-de-la-charite.org\\\/fr\\\/#website\"},\"primaryImageOfPage\":{\"@id\":\"https:\\\/\\\/filles-de-la-charite.org\\\/fr\\\/vida-entregada\\\/vie-donnee-a-dieu-pour-le-service-des-pauvres\\\/#primaryimage\"},\"image\":{\"@id\":\"https:\\\/\\\/filles-de-la-charite.org\\\/fr\\\/vida-entregada\\\/vie-donnee-a-dieu-pour-le-service-des-pauvres\\\/#primaryimage\"},\"thumbnailUrl\":\"https:\\\/\\\/filles-de-la-charite.org\\\/wp-content\\\/uploads\\\/2023\\\/04\\\/1-2-e1605894436156.jpg\",\"datePublished\":\"2020-10-06T12:08:33+00:00\",\"dateModified\":\"2023-05-23T08:25:57+00:00\",\"breadcrumb\":{\"@id\":\"https:\\\/\\\/filles-de-la-charite.org\\\/fr\\\/vida-entregada\\\/vie-donnee-a-dieu-pour-le-service-des-pauvres\\\/#breadcrumb\"},\"inLanguage\":\"fr-FR\",\"potentialAction\":[{\"@type\":\"ReadAction\",\"target\":[\"https:\\\/\\\/filles-de-la-charite.org\\\/fr\\\/vida-entregada\\\/vie-donnee-a-dieu-pour-le-service-des-pauvres\\\/\"]}]},{\"@type\":\"ImageObject\",\"inLanguage\":\"fr-FR\",\"@id\":\"https:\\\/\\\/filles-de-la-charite.org\\\/fr\\\/vida-entregada\\\/vie-donnee-a-dieu-pour-le-service-des-pauvres\\\/#primaryimage\",\"url\":\"https:\\\/\\\/filles-de-la-charite.org\\\/wp-content\\\/uploads\\\/2023\\\/04\\\/1-2-e1605894436156.jpg\",\"contentUrl\":\"https:\\\/\\\/filles-de-la-charite.org\\\/wp-content\\\/uploads\\\/2023\\\/04\\\/1-2-e1605894436156.jpg\",\"width\":699,\"height\":486},{\"@type\":\"BreadcrumbList\",\"@id\":\"https:\\\/\\\/filles-de-la-charite.org\\\/fr\\\/vida-entregada\\\/vie-donnee-a-dieu-pour-le-service-des-pauvres\\\/#breadcrumb\",\"itemListElement\":[{\"@type\":\"ListItem\",\"position\":1,\"name\":\"Given lifes\",\"item\":\"https:\\\/\\\/filles-de-la-charite.org\\\/fr\\\/vida-entregada\\\/\"},{\"@type\":\"ListItem\",\"position\":2,\"name\":\"Vie donn\u00e9e \u00e0 Dieu pour le service des Pauvres\"}]},{\"@type\":\"WebSite\",\"@id\":\"https:\\\/\\\/filles-de-la-charite.org\\\/fr\\\/#website\",\"url\":\"https:\\\/\\\/filles-de-la-charite.org\\\/fr\\\/\",\"name\":\"Hijas de la Caridad\",\"description\":\"L\u2019amour de J\u00e9sus nous presse \u00e0 prendre soin des personnes les plus d\u00e9munies\",\"publisher\":{\"@id\":\"https:\\\/\\\/filles-de-la-charite.org\\\/fr\\\/#organization\"},\"potentialAction\":[{\"@type\":\"SearchAction\",\"target\":{\"@type\":\"EntryPoint\",\"urlTemplate\":\"https:\\\/\\\/filles-de-la-charite.org\\\/fr\\\/?s={search_term_string}\"},\"query-input\":{\"@type\":\"PropertyValueSpecification\",\"valueRequired\":true,\"valueName\":\"search_term_string\"}}],\"inLanguage\":\"fr-FR\"},{\"@type\":\"Organization\",\"@id\":\"https:\\\/\\\/filles-de-la-charite.org\\\/fr\\\/#organization\",\"name\":\"Hijas de la Caridad\",\"url\":\"https:\\\/\\\/filles-de-la-charite.org\\\/fr\\\/\",\"logo\":{\"@type\":\"ImageObject\",\"inLanguage\":\"fr-FR\",\"@id\":\"https:\\\/\\\/filles-de-la-charite.org\\\/fr\\\/#\\\/schema\\\/logo\\\/image\\\/\",\"url\":\"https:\\\/\\\/filles-de-la-charite.org\\\/wp-content\\\/uploads\\\/2023\\\/03\\\/isotipo-Hijas-de-la-Caridad.png\",\"contentUrl\":\"https:\\\/\\\/filles-de-la-charite.org\\\/wp-content\\\/uploads\\\/2023\\\/03\\\/isotipo-Hijas-de-la-Caridad.png\",\"width\":1417,\"height\":1417,\"caption\":\"Hijas de la Caridad\"},\"image\":{\"@id\":\"https:\\\/\\\/filles-de-la-charite.org\\\/fr\\\/#\\\/schema\\\/logo\\\/image\\\/\"}}]}<\/script>\n<!-- \/ Yoast SEO plugin. -->","yoast_head_json":{"title":"Vie donn\u00e9e \u00e0 Dieu pour le service des Pauvres - Filles de la Charit\u00e9","robots":{"index":"index","follow":"follow","max-snippet":"max-snippet:-1","max-image-preview":"max-image-preview:large","max-video-preview":"max-video-preview:-1"},"canonical":"https:\/\/filles-de-la-charite.org\/fr\/vida-entregada\/vie-donnee-a-dieu-pour-le-service-des-pauvres\/","og_locale":"fr_FR","og_type":"article","og_title":"Vie donn\u00e9e \u00e0 Dieu pour le service des Pauvres - Filles de la Charit\u00e9","og_description":"J\u2019ai entendu l\u2019appel tr\u00e8s t\u00f4t : le jour de ma premi\u00e8re communion. J\u2019avais 7 ans, et j\u2019ai senti que je ne partagerais ma vie qu\u2019avec le Christ. Dieu se manifestait \u00e0 travers les \u00e9v\u00e8nements : ma vie dans une famille unie o\u00f9 les valeurs morales et religieuses \u00e9taient v\u00e9cues, la guerre, la d\u00e9faite, l\u2019occupation allemande [&hellip;]","og_url":"https:\/\/filles-de-la-charite.org\/fr\/vida-entregada\/vie-donnee-a-dieu-pour-le-service-des-pauvres\/","og_site_name":"Filles de la Charit\u00e9","article_modified_time":"2023-05-23T08:25:57+00:00","og_image":[{"width":699,"height":486,"url":"https:\/\/filles-de-la-charite.org\/wp-content\/uploads\/2023\/04\/1-2-e1605894436156.jpg","type":"image\/jpeg"}],"twitter_card":"summary_large_image","twitter_misc":{"Dur\u00e9e de lecture estim\u00e9e":"5 minutes"},"schema":{"@context":"https:\/\/schema.org","@graph":[{"@type":"WebPage","@id":"https:\/\/filles-de-la-charite.org\/fr\/vida-entregada\/vie-donnee-a-dieu-pour-le-service-des-pauvres\/","url":"https:\/\/filles-de-la-charite.org\/fr\/vida-entregada\/vie-donnee-a-dieu-pour-le-service-des-pauvres\/","name":"Vie donn\u00e9e \u00e0 Dieu pour le service des Pauvres - Filles de la Charit\u00e9","isPartOf":{"@id":"https:\/\/filles-de-la-charite.org\/fr\/#website"},"primaryImageOfPage":{"@id":"https:\/\/filles-de-la-charite.org\/fr\/vida-entregada\/vie-donnee-a-dieu-pour-le-service-des-pauvres\/#primaryimage"},"image":{"@id":"https:\/\/filles-de-la-charite.org\/fr\/vida-entregada\/vie-donnee-a-dieu-pour-le-service-des-pauvres\/#primaryimage"},"thumbnailUrl":"https:\/\/filles-de-la-charite.org\/wp-content\/uploads\/2023\/04\/1-2-e1605894436156.jpg","datePublished":"2020-10-06T12:08:33+00:00","dateModified":"2023-05-23T08:25:57+00:00","breadcrumb":{"@id":"https:\/\/filles-de-la-charite.org\/fr\/vida-entregada\/vie-donnee-a-dieu-pour-le-service-des-pauvres\/#breadcrumb"},"inLanguage":"fr-FR","potentialAction":[{"@type":"ReadAction","target":["https:\/\/filles-de-la-charite.org\/fr\/vida-entregada\/vie-donnee-a-dieu-pour-le-service-des-pauvres\/"]}]},{"@type":"ImageObject","inLanguage":"fr-FR","@id":"https:\/\/filles-de-la-charite.org\/fr\/vida-entregada\/vie-donnee-a-dieu-pour-le-service-des-pauvres\/#primaryimage","url":"https:\/\/filles-de-la-charite.org\/wp-content\/uploads\/2023\/04\/1-2-e1605894436156.jpg","contentUrl":"https:\/\/filles-de-la-charite.org\/wp-content\/uploads\/2023\/04\/1-2-e1605894436156.jpg","width":699,"height":486},{"@type":"BreadcrumbList","@id":"https:\/\/filles-de-la-charite.org\/fr\/vida-entregada\/vie-donnee-a-dieu-pour-le-service-des-pauvres\/#breadcrumb","itemListElement":[{"@type":"ListItem","position":1,"name":"Given lifes","item":"https:\/\/filles-de-la-charite.org\/fr\/vida-entregada\/"},{"@type":"ListItem","position":2,"name":"Vie donn\u00e9e \u00e0 Dieu pour le service des Pauvres"}]},{"@type":"WebSite","@id":"https:\/\/filles-de-la-charite.org\/fr\/#website","url":"https:\/\/filles-de-la-charite.org\/fr\/","name":"Hijas de la Caridad","description":"L\u2019amour de J\u00e9sus nous presse \u00e0 prendre soin des personnes les plus d\u00e9munies","publisher":{"@id":"https:\/\/filles-de-la-charite.org\/fr\/#organization"},"potentialAction":[{"@type":"SearchAction","target":{"@type":"EntryPoint","urlTemplate":"https:\/\/filles-de-la-charite.org\/fr\/?s={search_term_string}"},"query-input":{"@type":"PropertyValueSpecification","valueRequired":true,"valueName":"search_term_string"}}],"inLanguage":"fr-FR"},{"@type":"Organization","@id":"https:\/\/filles-de-la-charite.org\/fr\/#organization","name":"Hijas de la Caridad","url":"https:\/\/filles-de-la-charite.org\/fr\/","logo":{"@type":"ImageObject","inLanguage":"fr-FR","@id":"https:\/\/filles-de-la-charite.org\/fr\/#\/schema\/logo\/image\/","url":"https:\/\/filles-de-la-charite.org\/wp-content\/uploads\/2023\/03\/isotipo-Hijas-de-la-Caridad.png","contentUrl":"https:\/\/filles-de-la-charite.org\/wp-content\/uploads\/2023\/03\/isotipo-Hijas-de-la-Caridad.png","width":1417,"height":1417,"caption":"Hijas de la Caridad"},"image":{"@id":"https:\/\/filles-de-la-charite.org\/fr\/#\/schema\/logo\/image\/"}}]}},"_links":{"self":[{"href":"https:\/\/filles-de-la-charite.org\/fr\/wp-json\/wp\/v2\/vida-entregada\/7320","targetHints":{"allow":["GET"]}}],"collection":[{"href":"https:\/\/filles-de-la-charite.org\/fr\/wp-json\/wp\/v2\/vida-entregada"}],"about":[{"href":"https:\/\/filles-de-la-charite.org\/fr\/wp-json\/wp\/v2\/types\/vida-entregada"}],"wp:featuredmedia":[{"embeddable":true,"href":"https:\/\/filles-de-la-charite.org\/fr\/wp-json\/wp\/v2\/media\/1707"}],"wp:attachment":[{"href":"https:\/\/filles-de-la-charite.org\/fr\/wp-json\/wp\/v2\/media?parent=7320"}],"curies":[{"name":"wp","href":"https:\/\/api.w.org\/{rel}","templated":true}]}}