{"id":3988,"date":"2020-10-21T08:56:23","date_gmt":"2020-10-21T06:56:23","guid":{"rendered":"https:\/\/hijascaridad.sjdigitaldemo.ovh\/familia\/san-vincenzo-de-paoli\/"},"modified":"2024-05-24T16:52:29","modified_gmt":"2024-05-24T14:52:29","slug":"san-vincenzo-de-paoli","status":"publish","type":"familia","link":"https:\/\/filles-de-la-charite.org\/it\/famiglia\/san-vincenzo-de-paoli\/","title":{"rendered":"San Vincenzo de Paoli"},"content":{"rendered":"\n<p><strong>Vincenzo de Paoli riconosciuto santo dalla Chiesa nel 1737 \u00e8 in seguito dichiarato patrono delle opere di carit\u00e0. Come per ciascuno di noi, la santit\u00e0 di Vincenzo passa per il cammino per il quale Dio l\u2019ha condotto. La sua forza \u00e8 stata quella di osare, giorno dopo giorno, di aprire gli occhi e il cuore al soffio dello Spirito.<\/strong><\/p>\n\n\n\n<blockquote class=\"wp-block-quote is-layout-flow wp-block-quote-is-layout-flow\">\n<p>\u00ab\u2026 Ogni volta che avete fatto queste cose a uno solo di questi miei fratelli pi\u00f9 piccoli, l\u2019avete fatto a me\u00bb.<\/p>\n<cite>(Mt 25, 40)<\/cite><\/blockquote>\n\n\n\n<blockquote class=\"wp-block-quote is-layout-flow wp-block-quote-is-layout-flow\">\n<p>Dovete pensare che il vostro principale impegno, richiesto particolarmente da Dio, \u00e8 di avere una gran cura del servizio dei poveri, che sono i nostri Signori. Oh s\u00ec, Sorelle, sono i nostri padroni. (\u2026) Dovete fare in modo che nulla manchi loro in ci\u00f2 che potrete, sia per la salute del corpo, che per la salute dell\u2019anima.<\/p>\n<cite>(San Vincenzo)<\/cite><\/blockquote>\n\n\n\n<figure class=\"wp-block-table\"><table><tbody><tr><td><strong>1581, &nbsp;<\/strong>24 aprile<\/td><td>Nascita a Pouy, vicino a Dax nelle Lande<\/td><\/tr><tr><td><strong>1600&nbsp;&nbsp;<\/strong><\/td><td>\u00c8 ordinato a Ch\u00e2teau-l\u2019Ev\u00eaque, in Dordogna<\/td><\/tr><tr><td><strong>1610&nbsp;<\/strong><\/td><td>Cappellano alla Corte della Regina Margherita di Valois<\/td><\/tr><tr><td><strong>1612&nbsp;<\/strong><\/td><td>Parroco a Clichy<\/td><\/tr><tr><td><strong>1613&nbsp;<\/strong><\/td><td>Precettore nella famiglia&nbsp; Gondi<\/td><\/tr><tr><td><strong>1614&nbsp;<\/strong><\/td><td>Grave crisi contro la fede per 3 o 4 anni<\/td><\/tr><tr><td><strong>1617&nbsp;<\/strong><\/td><td>Anno determinante: confessione di un contadino in Piccardia, <br>25 gennaio: prima predica nella Chiesa di Folleville, <br>8 dicembre: fondazione&nbsp;della prima Confraternita della Carit\u00e0 a Ch\u00e2tillon les Dombes<\/td><\/tr><tr><td><strong>1619&nbsp;<\/strong><\/td><td>Cappellano generale delle Galere<\/td><\/tr><tr><td><strong>1625&nbsp;<\/strong><\/td><td>Fondazione della Congregazione della Missione<\/td><\/tr><tr><td><strong>1628&nbsp;<\/strong><\/td><td>Proposta di formazione del Clero, ritiro per gli ordinandi<\/td><\/tr><tr><td><strong>1633&nbsp;<\/strong><\/td><td>Fondazione con Luisa delle Figlie della Carit\u00e0<\/td><\/tr><tr><td><strong>1638&nbsp;<\/strong><\/td><td>Inizio dell\u2019opera dei trovatelli<\/td><\/tr><tr><td><strong>1639&nbsp;<\/strong><\/td><td>Invio dei soccorsi in Lorena, devastata dalla guerra<\/td><\/tr><tr><td><strong>1646&nbsp;<\/strong><\/td><td>Fondazione della Missione di Algeri, missionari in Irlanda, Scozia<\/td><\/tr><tr><td><strong>1648&nbsp;<\/strong><\/td><td>Missione in Madagascar<\/td><\/tr><tr><td><strong>1651&nbsp;<\/strong><\/td><td>Organizzazione &nbsp;di collette per soccorrere le vittime della guerra in Piccardia, Champagne, Ile-de-France; missione in Polonia<\/td><\/tr><tr><td><strong>1660&nbsp;<\/strong><\/td><td>27 settembre morte di Vincenzo<\/td><\/tr><tr><td><strong>1729&nbsp;&nbsp;<\/strong><\/td><td>\u00c8 stato beatificato da Papa Benedetto XIII<\/td><\/tr><tr><td><strong>1737&nbsp;<\/strong><\/td><td>Vincenzo \u00e9 canonizzato da Papa Clemente XII<\/td><\/tr><tr><td><strong>1883&nbsp;<\/strong><\/td><td>Patrono delle opere di carit\u00e0<\/td><\/tr><tr><td><strong>27 settembre<\/strong><\/td><td>Festa liturgica<\/td><\/tr><\/tbody><\/table><\/figure>\n\n\n\n<p>Nasce in una famiglia molto unita di contadini, di classe media, nel 1581 a Pouy, presso Dax. Vincenzo \u00e8 il terzo di una famiglia di sei figli. I suoi genitori sono cristiani e gli trasmettono una fede viva e concreta, era intelligente e fervoroso. Presto, sostenuto dai suoi, progett\u00f2 un ambizioso futuro: gli studi e il sacerdozio.<\/p>\n\n\n\n<p>Soggiorna a Dax e a Tolosa. Per sostenere gli studi, i suoi genitori vendettero parte dei loro averi: un prezioso paio di buoi. Dopo aver fatto il precettore fu&nbsp; ordinato molto giovane, a diciannove anni nel 1600.<\/p>\n\n\n\n<p>Vincenzo \u00e8 un uomo che agisce, quasi come un uomo d'affari dei nostri giorni, ma a cavallo e con diligenza. Forse la storia si confonde con la leggenda, l'itinerario esatto di Vincenzo \u00e8 incerto. Per tre anni nessuno sa dove sia: \u00e8 stato catturato dai pirati, \u00e8 rimasto in schiavit\u00f9 in Barbarie, nell'attuale Tunisia? Riappare a Parigi nel 1608. Le sue relazioni gli fanno incontrare&nbsp; Pietro de B\u00e9rulle, uno dei principali rappresentanti dell'Ecole Francese di spiritualit\u00e0. Questo movimento partecipa alla riforma interna della Chiesa cattolica, insistendo sulla venuta di Ges\u00f9 nella nostra condizione umana: Dio si incarna e si fa vicino all'uomo nel suo quotidiano. I sacerdoti sono invitati a vivere la loro vocazione con seriet\u00e0, formandosi e radicandosi profondamente in Cristo, cosa rara in un momento in cui la vita della Chiesa ha perso la sua autenticit\u00e0.<\/p>\n\n\n\n<p>Vincenzo, all'inizio, \u00e8 sacerdote per vocazione, ma anche per assicurarsi una \u201conesta pensione\u201d. Pensa ad una carriera che gli permetter\u00e0 di mettere la sua famiglia al riparo dalla povert\u00e0. \u00c8 un uomo intraprendente, vivace e curioso. Raggiunge la corte intorno al 1610, in seguito alla sua funzione di dispensatore di elemosine a nome della regina Margot, prima moglie del re Enrico IV.<\/p>\n\n\n\n<p>A causa di una certa inoperosit\u00e0, Vincenzo conosce, per tre o quattro anni, il dubbio e la notte della fede.&nbsp; \u00c8 ridonando la vita per amore di Ges\u00f9 Cristo, al servizio dei poveri, che egli ritrova la sua relazione con Dio. Diventa, nel 1612, il felice parroco di Clichy e dice: \u00ab<em>Mio Dio, come sono fortunato di avere un popolo cos\u00ec buono!\u00bb.<\/em> Presto \u00e8 al servizio di una famiglia molto influente del regno, i Gondi.&nbsp; Il signore \u00e8 generale delle galere, sua moglie gestisce le sue propriet\u00e0. Vincenzo \u00e8 precettore dei bambini. Diventa anche direttore spirituale della signora de Gondi.<\/p>\n\n\n\n<p>1617 \u00e8 un anno cruciale per Vincenzo. Un giorno mentre accompagnava la signora de Gondi nelle sue terre, confess\u00f2 un contadino che stava per morire. Quest'uomo, considerato onesto, conosce l'angoscia di andare all'inferno per gli errori che non aveva mai osato ammettere. Dopo questa confessione, trov\u00f2 la pace. La signora de Gondi si preoccupa dello stato spirituale delle persone della sua casa e invita Vincenzo a trovare un \u00abrimedio a questo\u00bb. Il giorno seguente, il 25 gennaio 1617, predica nella chiesa di Folleville con tutto il suo ardore tanto che i parrocchiani accorrono in molti a confessarsi.<\/p>\n\n\n\n<p>Nello stesso anno, grazie a Pietro de B\u00e9rulle, raggiunge Ch\u00e2tillon-les-Dombes, vicino a Lione, all'et\u00e0 di trentasei anni. Viene a sapere che una famiglia \u00e8 nel bisogno e lo segnala durante la messa. Uno slancio di generosit\u00e0 scuote l'assemblea che si precipita al capezzale dei malati con una quantit\u00e0 di viveri. Vincenzo \u00e8 felice, ma si rende subito conto della necessit\u00e0 di una migliore organizzazione. Grazie alle signore devote, fonda la carit\u00e0 con un regolamento molto rispettoso che invita a servire i poveri \u201c<em>come se si trattasse di Dio\". <\/em>Sono le prime \"Carit\u00e0\", oggi, AIC&nbsp; (Associazione Internazionale di Carit\u00e0). Questa esperienza lo rafforza nella sua nuova vocazione di servizio ai pi\u00f9 umili. Sollecitato dai Gondi, ritorna con loro e si dedica ai bisogni corporali e spirituali dei pi\u00f9 poveri, decisamente sostenuto dalla signora de Gondi che, nel 1625, firma il contratto di fondazione della Congregazione della Missione, incaricata dell'evangelizzazione delle persone delle campagne. Ormai serve i poveri, senza perdere di vista i suoi due obiettivi: missione e carit\u00e0.<\/p>\n\n\n\n<p>Vincenzo \u00e8 un uomo di preghiera e concreto che cerca di organizzare soccorsi diretti per le persone bisognose. Nel 1624, Dio mette sulla sua strada Luisa de Marillac che gli chiede un aiuto spirituale.&nbsp; Egli le affida la visita delle carit\u00e0 nascenti e fonda, grazie a lei, le Figlie della Carit\u00e0 nel 1633. Al fine di formare i sacerdoti, egli organizza le conferenze del marted\u00ec, gli esercizi degli ordinandi, corsi di formazione per seminaristi e apre dei seminari. Non ha cessato di creare reti di mutuo aiuto di collaboratori locali, per venire in aiuto di tutte le miserie umane della sua epoca: i galeotti, i bambini abbandonati, i feriti delle guerre in Lorena, in Piccardia, in Champagne, nell'Ile - de - France, le persone anziane o con demenza. Nulla pu\u00f2 fermare l'immaginazione di Vincenzo e dei suoi collaboratori: si tratta di rialzare l'uomo, tutto l'uomo! Ogni persona possa nutrirsi con i propri mezzi, imparare un mestiere, ritrovare la dignit\u00e0 di figlio di Dio.<\/p>\n\n\n\n<p>Vincenzo sa raggiungere i potenti per suscitare la loro carit\u00e0 e chiedere il loro aiuto politico, col rischio di perdere ogni fiducia nei confronti di Mazzarino. Vede solo la miseria da alleviare, di tutti quei poveri che sono il volto di Ges\u00f9 Cristo.<\/p>\n\n\n\n<p>Muore il 27 settembre 1660, lasciando dietro di s\u00e9 laici, sacerdoti, Suore e una famiglia, la Famiglia vincenziana e soprattutto uno spirito, di cui tutti ancora oggi vivono ... quel fuoco d'amore per i poveri, che animava il cuore di san Vincenzo de Paoli.<\/p>\n\n\n\n<p><\/p>\n\n\n\n<p>Per andare oltre&nbsp;:<\/p>\n\n\n\n<p>Coste P. (1934) Il grande santo del gran secolo, il signor Vincenzo, 3 voll., Roma.<br>Giordani I. (1981) San Vincenzo de' Paoli, servo dei poveri, Roma, CLV.<br>Mezzadri L. (1986) San Vincenzo de Paoli. Una carit\u00e0 senza frontiere, Cinisello Balsamo (MI), CLV.<br>Roman J.M. (1986) San Vincenzo de Paoli. Biografia, Milano.<br>Maloney R. (1995) In comunit\u00e0 al servizio dei poveri, Roma, CLV.<br>Mezzadri L. (1992) La sete e la sorgente. Introduzione agli studi vincenziani, Roma, CLV.<br>Mezzadri L. (2003) Dizionario storico spirituale vincenziano, Roma, CLV.<br>Riccardo C. (1998) Spiritualit\u00e0 vincenziana, Roma, CLV.<\/p>\n\n\n\n<p><\/p>\n\n\n\n<p>Siti internet&nbsp;:<\/p>\n\n\n\n<p><\/p>\n\n\n\n<p>\u2022 <a href=\"http:\/\/www.famvin.org\/it\/\">http:\/\/www.famvin.org\/it\/<\/a><\/p>\n\n\n\n<p>\u2022 <a href=\"http:\/\/via.library.depaul.edu\/\">http:\/\/via.library.depaul.edu\/<\/a><\/p>\n\n\n\n<p>\u2022 <a href=\"http:\/\/stvincentimages.cdm.depaul.edu\/default.aspx\">http:\/\/stvincentimages.cdm.depaul.edu\/default.aspx<\/a><\/p>\n\n\n\n<p><\/p>\n","protected":false},"featured_media":962,"template":"","meta":{"_acf_changed":false,"_links_to":"","_links_to_target":""},"origen":[],"class_list":["post-3988","familia","type-familia","status-publish","has-post-thumbnail","hentry"],"acf":[],"yoast_head":"<!-- This site is optimized with the Yoast SEO plugin v27.5 - https:\/\/yoast.com\/product\/yoast-seo-wordpress\/ -->\n<title>San Vincenzo de Paoli - Filles de la Charit\u00e9<\/title>\n<meta name=\"robots\" content=\"index, follow, max-snippet:-1, max-image-preview:large, max-video-preview:-1\" \/>\n<link rel=\"canonical\" href=\"https:\/\/filles-de-la-charite.org\/it\/famiglia\/san-vincenzo-de-paoli\/\" \/>\n<meta property=\"og:locale\" content=\"it_IT\" \/>\n<meta property=\"og:type\" content=\"article\" \/>\n<meta property=\"og:title\" content=\"San Vincenzo de Paoli - Filles de la Charit\u00e9\" \/>\n<meta property=\"og:description\" content=\"Vincenzo de Paoli riconosciuto santo dalla Chiesa nel 1737 \u00e8 in seguito dichiarato patrono delle opere di carit\u00e0. Come per ciascuno di noi, la santit\u00e0 di Vincenzo passa per il cammino per il quale Dio l\u2019ha condotto. La sua forza \u00e8 stata quella di osare, giorno dopo giorno, di aprire gli occhi e il cuore [&hellip;]\" \/>\n<meta property=\"og:url\" content=\"https:\/\/filles-de-la-charite.org\/it\/famiglia\/san-vincenzo-de-paoli\/\" \/>\n<meta property=\"og:site_name\" content=\"Filles de la Charit\u00e9\" \/>\n<meta property=\"article:modified_time\" content=\"2024-05-24T14:52:29+00:00\" \/>\n<meta property=\"og:image\" content=\"https:\/\/filles-de-la-charite.org\/wp-content\/uploads\/2023\/04\/st_vincent-37-1.jpg\" \/>\n\t<meta property=\"og:image:width\" content=\"393\" \/>\n\t<meta property=\"og:image:height\" content=\"600\" \/>\n\t<meta property=\"og:image:type\" content=\"image\/jpeg\" \/>\n<meta name=\"twitter:card\" content=\"summary_large_image\" \/>\n<meta name=\"twitter:label1\" content=\"Tempo di lettura stimato\" \/>\n\t<meta name=\"twitter:data1\" content=\"6 minuti\" \/>\n<script type=\"application\/ld+json\" class=\"yoast-schema-graph\">{\"@context\":\"https:\\\/\\\/schema.org\",\"@graph\":[{\"@type\":\"WebPage\",\"@id\":\"https:\\\/\\\/filles-de-la-charite.org\\\/it\\\/famiglia\\\/san-vincenzo-de-paoli\\\/\",\"url\":\"https:\\\/\\\/filles-de-la-charite.org\\\/it\\\/famiglia\\\/san-vincenzo-de-paoli\\\/\",\"name\":\"San Vincenzo de Paoli - Filles de la Charit\u00e9\",\"isPartOf\":{\"@id\":\"https:\\\/\\\/filles-de-la-charite.org\\\/it\\\/#website\"},\"primaryImageOfPage\":{\"@id\":\"https:\\\/\\\/filles-de-la-charite.org\\\/it\\\/famiglia\\\/san-vincenzo-de-paoli\\\/#primaryimage\"},\"image\":{\"@id\":\"https:\\\/\\\/filles-de-la-charite.org\\\/it\\\/famiglia\\\/san-vincenzo-de-paoli\\\/#primaryimage\"},\"thumbnailUrl\":\"https:\\\/\\\/filles-de-la-charite.org\\\/wp-content\\\/uploads\\\/2023\\\/04\\\/st_vincent-37-1.jpg\",\"datePublished\":\"2020-10-21T06:56:23+00:00\",\"dateModified\":\"2024-05-24T14:52:29+00:00\",\"breadcrumb\":{\"@id\":\"https:\\\/\\\/filles-de-la-charite.org\\\/it\\\/famiglia\\\/san-vincenzo-de-paoli\\\/#breadcrumb\"},\"inLanguage\":\"it-IT\",\"potentialAction\":[{\"@type\":\"ReadAction\",\"target\":[\"https:\\\/\\\/filles-de-la-charite.org\\\/it\\\/famiglia\\\/san-vincenzo-de-paoli\\\/\"]}]},{\"@type\":\"ImageObject\",\"inLanguage\":\"it-IT\",\"@id\":\"https:\\\/\\\/filles-de-la-charite.org\\\/it\\\/famiglia\\\/san-vincenzo-de-paoli\\\/#primaryimage\",\"url\":\"https:\\\/\\\/filles-de-la-charite.org\\\/wp-content\\\/uploads\\\/2023\\\/04\\\/st_vincent-37-1.jpg\",\"contentUrl\":\"https:\\\/\\\/filles-de-la-charite.org\\\/wp-content\\\/uploads\\\/2023\\\/04\\\/st_vincent-37-1.jpg\",\"width\":393,\"height\":600},{\"@type\":\"BreadcrumbList\",\"@id\":\"https:\\\/\\\/filles-de-la-charite.org\\\/it\\\/famiglia\\\/san-vincenzo-de-paoli\\\/#breadcrumb\",\"itemListElement\":[{\"@type\":\"ListItem\",\"position\":1,\"name\":\"La nostra famiglia\",\"item\":\"https:\\\/\\\/filles-de-la-charite.org\\\/it\\\/famiglia\\\/\"},{\"@type\":\"ListItem\",\"position\":2,\"name\":\"San Vincenzo de Paoli\"}]},{\"@type\":\"WebSite\",\"@id\":\"https:\\\/\\\/filles-de-la-charite.org\\\/it\\\/#website\",\"url\":\"https:\\\/\\\/filles-de-la-charite.org\\\/it\\\/\",\"name\":\"Hijas de la Caridad\",\"description\":\"L\u2019amour de J\u00e9sus nous presse \u00e0 prendre soin des personnes les plus d\u00e9munies\",\"publisher\":{\"@id\":\"https:\\\/\\\/filles-de-la-charite.org\\\/it\\\/#organization\"},\"potentialAction\":[{\"@type\":\"SearchAction\",\"target\":{\"@type\":\"EntryPoint\",\"urlTemplate\":\"https:\\\/\\\/filles-de-la-charite.org\\\/it\\\/?s={search_term_string}\"},\"query-input\":{\"@type\":\"PropertyValueSpecification\",\"valueRequired\":true,\"valueName\":\"search_term_string\"}}],\"inLanguage\":\"it-IT\"},{\"@type\":\"Organization\",\"@id\":\"https:\\\/\\\/filles-de-la-charite.org\\\/it\\\/#organization\",\"name\":\"Hijas de la Caridad\",\"url\":\"https:\\\/\\\/filles-de-la-charite.org\\\/it\\\/\",\"logo\":{\"@type\":\"ImageObject\",\"inLanguage\":\"it-IT\",\"@id\":\"https:\\\/\\\/filles-de-la-charite.org\\\/it\\\/#\\\/schema\\\/logo\\\/image\\\/\",\"url\":\"https:\\\/\\\/filles-de-la-charite.org\\\/wp-content\\\/uploads\\\/2023\\\/03\\\/isotipo-Hijas-de-la-Caridad.png\",\"contentUrl\":\"https:\\\/\\\/filles-de-la-charite.org\\\/wp-content\\\/uploads\\\/2023\\\/03\\\/isotipo-Hijas-de-la-Caridad.png\",\"width\":1417,\"height\":1417,\"caption\":\"Hijas de la Caridad\"},\"image\":{\"@id\":\"https:\\\/\\\/filles-de-la-charite.org\\\/it\\\/#\\\/schema\\\/logo\\\/image\\\/\"}}]}<\/script>\n<!-- \/ Yoast SEO plugin. -->","yoast_head_json":{"title":"San Vincenzo de Paoli - Filles de la Charit\u00e9","robots":{"index":"index","follow":"follow","max-snippet":"max-snippet:-1","max-image-preview":"max-image-preview:large","max-video-preview":"max-video-preview:-1"},"canonical":"https:\/\/filles-de-la-charite.org\/it\/famiglia\/san-vincenzo-de-paoli\/","og_locale":"it_IT","og_type":"article","og_title":"San Vincenzo de Paoli - Filles de la Charit\u00e9","og_description":"Vincenzo de Paoli riconosciuto santo dalla Chiesa nel 1737 \u00e8 in seguito dichiarato patrono delle opere di carit\u00e0. Come per ciascuno di noi, la santit\u00e0 di Vincenzo passa per il cammino per il quale Dio l\u2019ha condotto. La sua forza \u00e8 stata quella di osare, giorno dopo giorno, di aprire gli occhi e il cuore [&hellip;]","og_url":"https:\/\/filles-de-la-charite.org\/it\/famiglia\/san-vincenzo-de-paoli\/","og_site_name":"Filles de la Charit\u00e9","article_modified_time":"2024-05-24T14:52:29+00:00","og_image":[{"width":393,"height":600,"url":"https:\/\/filles-de-la-charite.org\/wp-content\/uploads\/2023\/04\/st_vincent-37-1.jpg","type":"image\/jpeg"}],"twitter_card":"summary_large_image","twitter_misc":{"Tempo di lettura stimato":"6 minuti"},"schema":{"@context":"https:\/\/schema.org","@graph":[{"@type":"WebPage","@id":"https:\/\/filles-de-la-charite.org\/it\/famiglia\/san-vincenzo-de-paoli\/","url":"https:\/\/filles-de-la-charite.org\/it\/famiglia\/san-vincenzo-de-paoli\/","name":"San Vincenzo de Paoli - Filles de la Charit\u00e9","isPartOf":{"@id":"https:\/\/filles-de-la-charite.org\/it\/#website"},"primaryImageOfPage":{"@id":"https:\/\/filles-de-la-charite.org\/it\/famiglia\/san-vincenzo-de-paoli\/#primaryimage"},"image":{"@id":"https:\/\/filles-de-la-charite.org\/it\/famiglia\/san-vincenzo-de-paoli\/#primaryimage"},"thumbnailUrl":"https:\/\/filles-de-la-charite.org\/wp-content\/uploads\/2023\/04\/st_vincent-37-1.jpg","datePublished":"2020-10-21T06:56:23+00:00","dateModified":"2024-05-24T14:52:29+00:00","breadcrumb":{"@id":"https:\/\/filles-de-la-charite.org\/it\/famiglia\/san-vincenzo-de-paoli\/#breadcrumb"},"inLanguage":"it-IT","potentialAction":[{"@type":"ReadAction","target":["https:\/\/filles-de-la-charite.org\/it\/famiglia\/san-vincenzo-de-paoli\/"]}]},{"@type":"ImageObject","inLanguage":"it-IT","@id":"https:\/\/filles-de-la-charite.org\/it\/famiglia\/san-vincenzo-de-paoli\/#primaryimage","url":"https:\/\/filles-de-la-charite.org\/wp-content\/uploads\/2023\/04\/st_vincent-37-1.jpg","contentUrl":"https:\/\/filles-de-la-charite.org\/wp-content\/uploads\/2023\/04\/st_vincent-37-1.jpg","width":393,"height":600},{"@type":"BreadcrumbList","@id":"https:\/\/filles-de-la-charite.org\/it\/famiglia\/san-vincenzo-de-paoli\/#breadcrumb","itemListElement":[{"@type":"ListItem","position":1,"name":"La nostra famiglia","item":"https:\/\/filles-de-la-charite.org\/it\/famiglia\/"},{"@type":"ListItem","position":2,"name":"San Vincenzo de Paoli"}]},{"@type":"WebSite","@id":"https:\/\/filles-de-la-charite.org\/it\/#website","url":"https:\/\/filles-de-la-charite.org\/it\/","name":"Hijas de la Caridad","description":"L\u2019amour de J\u00e9sus nous presse \u00e0 prendre soin des personnes les plus d\u00e9munies","publisher":{"@id":"https:\/\/filles-de-la-charite.org\/it\/#organization"},"potentialAction":[{"@type":"SearchAction","target":{"@type":"EntryPoint","urlTemplate":"https:\/\/filles-de-la-charite.org\/it\/?s={search_term_string}"},"query-input":{"@type":"PropertyValueSpecification","valueRequired":true,"valueName":"search_term_string"}}],"inLanguage":"it-IT"},{"@type":"Organization","@id":"https:\/\/filles-de-la-charite.org\/it\/#organization","name":"Hijas de la Caridad","url":"https:\/\/filles-de-la-charite.org\/it\/","logo":{"@type":"ImageObject","inLanguage":"it-IT","@id":"https:\/\/filles-de-la-charite.org\/it\/#\/schema\/logo\/image\/","url":"https:\/\/filles-de-la-charite.org\/wp-content\/uploads\/2023\/03\/isotipo-Hijas-de-la-Caridad.png","contentUrl":"https:\/\/filles-de-la-charite.org\/wp-content\/uploads\/2023\/03\/isotipo-Hijas-de-la-Caridad.png","width":1417,"height":1417,"caption":"Hijas de la Caridad"},"image":{"@id":"https:\/\/filles-de-la-charite.org\/it\/#\/schema\/logo\/image\/"}}]}},"_links":{"self":[{"href":"https:\/\/filles-de-la-charite.org\/it\/wp-json\/wp\/v2\/familia\/3988","targetHints":{"allow":["GET"]}}],"collection":[{"href":"https:\/\/filles-de-la-charite.org\/it\/wp-json\/wp\/v2\/familia"}],"about":[{"href":"https:\/\/filles-de-la-charite.org\/it\/wp-json\/wp\/v2\/types\/familia"}],"wp:featuredmedia":[{"embeddable":true,"href":"https:\/\/filles-de-la-charite.org\/it\/wp-json\/wp\/v2\/media\/962"}],"wp:attachment":[{"href":"https:\/\/filles-de-la-charite.org\/it\/wp-json\/wp\/v2\/media?parent=3988"}],"wp:term":[{"taxonomy":"origen","embeddable":true,"href":"https:\/\/filles-de-la-charite.org\/it\/wp-json\/wp\/v2\/origen?post=3988"}],"curies":[{"name":"wp","href":"https:\/\/api.w.org\/{rel}","templated":true}]}}