{"id":3989,"date":"2020-10-21T09:10:02","date_gmt":"2020-10-21T07:10:02","guid":{"rendered":"https:\/\/hijascaridad.sjdigitaldemo.ovh\/familia\/santa-luisa-de-marillac\/"},"modified":"2024-02-26T20:51:01","modified_gmt":"2024-02-26T19:51:01","slug":"santa-luisa-de-marillac","status":"publish","type":"familia","link":"https:\/\/filles-de-la-charite.org\/it\/famiglia\/santa-luisa-de-marillac\/","title":{"rendered":"Santa Luisa de Marillac"},"content":{"rendered":"\n<p>Luisa de Marillac nacque nel XVI secolo. Tuttavia, la sua vita \u00e8 simile alla nostra nelle preoccupazioni quotidiane. In mezzo alle vicissitudini della vita, ha aperto progressivamente il cuore alla luce di Dio<strong><em>.<\/em><\/strong><\/p>\n\n\n\n<blockquote class=\"wp-block-quote is-layout-flow wp-block-quote-is-layout-flow\">\n<p>\u00ab \u2026 ogni volta che avete fatto queste cose a uno solo di questi miei fratelli pi\u00f9 piccoli, l\u2019avete fatto a me\u00bb. (Mt 25, 40)<\/p>\n<\/blockquote>\n\n\n\n<blockquote class=\"wp-block-quote is-layout-flow wp-block-quote-is-layout-flow\">\n<p><em>Poich\u00e9 non basta andare e dare, ci vuole un cuore molto puro e disinteressato, (\u2026) dobbiamo avere conPoich\u00e9 non basta andare e dare, ci vuole un cuore molto puro e disinteressato, (\u2026) dobbiamo avere continuamente davanti agli occhi il nostro modello, che \u00e8 la vita esemplare di Ges\u00f9 Cristo, che siamo chiamate ad imitare, non solo come cristiane [\u2026] ma anche perch\u00e9 siamo state scelte da Dio per servirlo nella persona dei poveri (Santa Luisa, L.217).<\/em><\/p>\n<\/blockquote>\n\n\n\n<figure class=\"wp-block-table\"><table><tbody><tr><td><strong>1591,&nbsp;12 agosto<\/strong><\/td><td>Nascita di Luisa<\/td><\/tr><tr><td><strong>1604,&nbsp;25 luglio<\/strong><\/td><td>Morte del padre<\/td><\/tr><tr><td><strong>1613,&nbsp;5 febbraio<\/strong><\/td><td>Matrimonio con Antoine Le Gras<\/td><\/tr><tr><td><strong>1613, 18 ottobre<\/strong><\/td><td>Nascita di Michele Legras<\/td><\/tr><tr><td><strong>1623,&nbsp;4 giugno<\/strong><\/td><td>\u00abLumi\u00e8re\u00bb nella Chiesa di Saint- Nicolas- des- Champs a Parigi<\/td><\/tr><tr><td><strong>1625,&nbsp;21 dicembre<\/strong><\/td><td>Morte di suo marito. Primi colloqui con Vincenzo de Paoli<\/td><\/tr><tr><td><strong>162<\/strong>9<\/td><td>Inizio delle visite alle Confraternite della Carit\u00e0<\/td><\/tr><tr><td><strong>1630&nbsp;<\/strong><\/td><td>Arrivo a Parigi di Margherita Naseau, prima giovane al servizio delle Confraternite della Carit\u00e0<\/td><\/tr><tr><td><strong>1633,&nbsp;febbraio<\/strong><\/td><td>Morte di Margherita Naseau<\/td><\/tr><tr><td><strong>1633, 29 novembre<\/strong><\/td><td>Fondazione della Compagnia delle Figlie della Carit\u00e0<\/td><\/tr><tr><td><strong>1638&nbsp;<\/strong><\/td><td>Inizio dell\u2019opera dei Trovatelli<\/td><\/tr><tr><td><strong>1650, 18 gennaio<\/strong><\/td><td>Matrimonio di suo figlio, Michele<\/td><\/tr><tr><td><strong>1651&nbsp;<\/strong><\/td><td>Nascita di Luisa-Ren\u00e9e, nipote di Luisa de Marillac<\/td><\/tr><tr><td><strong>1652&nbsp;<\/strong><\/td><td>Fondazione delle Figlie della Carit\u00e0 in Polonia; Recrudescenza delle agitazioni della Fronda; a Parigi, mense popolari, accoglienza dei profughi<\/td><\/tr><tr><td><strong>1653 \u2013 1658<\/strong><\/td><td>Invio delle Figlie della Carit\u00e0 sui campi di battaglia<\/td><\/tr><tr><td><strong>1660, 15 marzo<\/strong><\/td><td>Morte di Luisa de Marillac<\/td><\/tr><tr><td><strong>1920&nbsp;<\/strong><\/td><td>Beatificata da Papa Benedetto\u00a0XV<\/td><\/tr><tr><td><strong>1934&nbsp;<\/strong><\/td><td>Canonizzata da Papa Pio XI<\/td><\/tr><tr><td><strong>1960&nbsp;<\/strong><\/td><td>Dichiarata patrona delle opere sociali cristiane<\/td><\/tr><tr><td><strong>9 maggio&nbsp;<\/strong><\/td><td>Festa liturgica<\/td><\/tr><\/tbody><\/table><\/figure>\n\n\n\n<p>Luisa de Marillac nasce il 12 agosto 1591 in una famiglia nobile. Alcuni membri della sua famiglia hanno incarichi importanti presso Luigi XIII. Suo zio Michele ha fatto un\u2019importante carriera e nel 1629 diventa Guardasigilli. \u00c8 stato ispiratore dei fatti di Dupes del novembre 1630, che avevano come obiettivo quello di cacciare il primo ministro Richelieu, ma Il tentativo \u00e8 fallito, Michele \u00e8 stato e ha finito la sua vita incarcerato nel castello di Ch\u00e2teaudun. \u00c8 morto nel 1632.<\/p>\n\n\n\n<p>Luisa \u00e8 figlia di madre sconosciuta. Alla sua nascita, suo padre era vedovo, si risposa quando Luisa ha tre anni. Ben presto \u00e8 affidata alle religiose domenicane del Monastero reale di Poissy, dove sono educate altre bambine. L\u2019insegnamento impartitole le ha fornito una solida educazione intellettuale e religiosa. Alla morte del padre, ha tredici anni e suo zio Michele diventa il suo tutore. Le fa lasciare Poissy e deve abitare presso una pensione per giovani donne, qui impara a vivere semplicemente e poveramente. Per lei \u00e8 un luogo di formazione ai lavori domestici.<\/p>\n\n\n\n<p>A 15 anni, sogna di diventare religiosa nell\u2019ordine austero delle Cappuccine. Il direttore spirituale, del convento rifiuta la sua domanda a causa della salute troppo delicata. Luisa rimane molto delusa, ma accetta questa decisione. Pi\u00f9 tardi, obbedisce anche quando la sua famiglia le presenta Antoine Le Gras, semplice scudiero, uno dei segretari della Regina. Il matrimonio \u00e8 celebrato nel 1613, Luisa aveva ventidue anni e adesso si fregia del titolo di Mademoiselle Le Gras, perch\u00e9 quello di madame era riservato alla nobilt\u00e0. Diventa mamma del piccolo Michele nello stesso anno. Il suo matrimonio \u00e8 felice. Ma nel 1622, suo marito si ammala gravemente e il suo carattere si inasprisce. Luisa si colpevolizza: non ha rispettato la sua promessa fatta a Dio di diventare religiosa ed ecco che suo marito Antoine \u00e8 ammalato, forse per colpa sua? Attraversa cos\u00ec un periodo di depressione. Angosciata \u00e8 piena di dubbi di fede. Desidera lasciare tutto. Nel 1623, nella festa di Pentecoste, Dio illumina il suo cuore e i suoi dubbi spariscono. Comprende che il suo posto \u00e8 di stare vicino al marito, perch\u00e9 Dio \u00e8 vicino a lei e al marito. Comprende che un giorno avrebbe potuto vivere in comunit\u00e0 al servizio del prossimo, \u00abandando e venendo\u00bb espressione incomprensibile, in un tempo in cui tutte le religiose erano claustrali.<\/p>\n\n\n\n<p>Luisa circonda il marito di cure fino alla sua morte che avviene nel dicembre del 1625. Vedova, senza mezzi finanzieri, deve traslocare. Non lontano dal suo nuovo alloggio abita Vincenzo de Paoli, che diventa suo direttore spirituale. Sia l\u2019uno che l\u2019altra non sono molto entusiasti di incontrarsi, tanto le loro personalit\u00e0 sono divergenti, almeno in apparenza! Impareranno a conoscersi e Vincenzo aiuter\u00e0 Luisa a realizzare la sua vocazione. Le propone di visitare le \u00abConfraternite della Carit\u00e0\u00bb per incoraggiare le Dame nel loro servizio alle persone malate o che hanno fame. Luisa esce da se stessa e prende coscienza delle realt\u00e0 vissute dai poveri. Scopre le difficolt\u00e0 incontrate dalle Dame nel mettersi al servizio delle persone pi\u00f9 miserabili, poich\u00e9 non era possibile per loro espletare da sole le mansioni pi\u00f9 umili.<\/p>\n\n\n\n<p>Intorno al 1630, una semplice contadina, Margherita Naseau, offre i suoi servizi per aiutare le Dame. Altre giovani della campagna la seguono. Vincenzo affida a Luisa la formazione pratica e spirituale di queste giovani; Luisa si interroga e discerne progressivamente che queste giovani potrebbero riunirsi in una confraternita. Vincenzo, all\u2019inizio non comprende Luisa. Dopo un lungo periodo di riflessione e di preghiera, la Compagnia delle Figlie della Carit\u00e0 vede la luce il 29 novembre 1633.<\/p>\n\n\n\n<p>Diverse comunit\u00e0 delle Figlie della Carit\u00e0 sono fondate nei pressi di Parigi, e a poco a poco, le fondazioni avvengono anche in luoghi lontani dalla capitale \u2026 Nel 1638, le Suore partono per la Touraine e vanno a Richelieu. Seguono molte fondazioni in Francia. Le Suore sono al servizio dei poveri, dei malati a domicilio o negli ospedali, accolgono i bambini abbandonati, li aiutano a crescere e assicurano loro un\u2019educazione nelle piccole scuole, si prendono cura dei feriti di guerra, dei galeotti \u2026 Luisa si preoccupa della formazione umana e spirituale delle Suore.<\/p>\n\n\n\n<p>Esse apprendono le migliori tecniche del loro tempo sia nel campo infermieristico sia nel campo dell\u2019educazione, per il servizio dei pi\u00f9 svantaggiati. Le Suore approfondiscono il loro rapporto con Dio, riconoscendo nei poveri che servono, il volto di Ges\u00f9 Cristo. Le Suore vivono insieme in piccole comunit\u00e0. L\u2019obiettivo \u00e8 di formarle in modo che diventino autonome e si sostengano, nelle loro necessit\u00e0.<\/p>\n\n\n\n<p>Le gravi agitazioni della Fronda che scoppiarono in Francia tra il 1648 e il 1653, portano con s\u00e9 molte povert\u00e0: carestia, malattia, violenza. Luisa e Vincenzo inviano le Figlie della Carit\u00e0 su tutti i fronti. Le Suore si spostano di villaggio in villaggio per soccorrere e incoraggiare le persone. Questa mobilit\u00e0 \u00e8 una grande novit\u00e0 in un tempo in cui le donne consacrate sono rinchiuse nei monasteri.<\/p>\n\n\n\n<p>La comunit\u00e0 nascente attraversa una crisi negli anni 1644-1649. Alcune Suore lasciano la Compagnia perch\u00e9 il servizio \u00e8 considerato troppo difficile, la vita comunitaria esigente. Alcune Suore perdono il gusto della preghiera, certi progetti falliscono. In pi\u00f9, Luisa \u00e8 preoccupata per il figlio, che non sa che cosa vuole fare nella vita. Sacerdozio? Matrimonio? Il futuro sembra confuso\u2026Luisa crede di aver fallito nella sua educazione e ricade nel senso di colpa. Con l\u2019aiuto di Vincenzo, Luisa passa attraverso questa crisi e trova la pace nel 1650. Suo figlio si sposa nello stesso anno. Luisa diventa nonna l\u2019anno successivo.<\/p>\n\n\n\n<p>Luisa segue il cammino di Cristo che ama tanto, il Signore della Carit\u00e0 che \u00e8 diventato uomo per dare vita agli uomini. Luisa si fa prossimo dei poveri e delle sue Sorelle, con attenzione, dolcezza, cordialit\u00e0, compassione. Lei sa di adattarsi a ciascuno per dare loro la forza di trovare a loro volta il cammino dell\u2019incontro con Cristo.<\/p>\n\n\n\n<p>Luisa e Vincenzo si dedicano costantemente ad alleviare la miseria per amore di Ges\u00f9 Cristo. Luisa collabora intensamente con Vincenzo perch\u00e9 la Compagnia delle Figlie della Carit\u00e0 rimanga una comunit\u00e0 in cui si attua l\u2019 \u201candando e venendo\u201d che permette alle Suore di servire i pi\u00f9 poveri nel loro ambiente.<\/p>\n\n\n\n<p>Tutti e due hanno personalit\u00e0 molto diverse. In trentacinque anni di collaborazione, hanno imparato ad apprezzare, non senza un periodo di tensione, che cosa li distingue e che cosa li accomuna. Nel tempo nasce tra loro una profonda amicizia, in cui ognuno rispetta l\u2019unicit\u00e0 dell\u2019altro. Mettono la loro energia al servizio della missione comune: il servizio di Cristo nei poveri.<\/p>\n\n\n\n<p>Luisa muore il 15 marzo 1660, alcuni mesi prima di Vincenzo, circondata dalla sua famiglia e dalle sue Sorelle. Le difficolt\u00e0, i dubbi e le angosce non l\u2019hanno risparmiata. Nella sua fragilit\u00e0, ha accolto la forza dello Spirito e ha seguito il cammino di Cristo che si \u00e8 fatto carne della nostra carne facendosi prossimo degli uomini. Alla sua sequela ha risposto ai bisogni dei pi\u00f9 poveri, affinch\u00e9 ciascuno ritrovi la propria dignit\u00e0 umana e scopra di essere figlio di Dio.<\/p>\n\n\n\n<p>\u00c8 stata riconosciuta Santa dalla Chiesa nel 1934. Nel 1960 fu dichiarata patrona delle opere sociali cristiane.<\/p>\n\n\n\n<p>Oggi, la famiglia vincenziana si ispira alla vita di questa donna che si \u00e8 lasciata invadere dalla luce del Signore.<\/p>\n\n\n\n<p>Per andare oltre:<\/p>\n\n\n\n<ul class=\"wp-block-list\">\n<li><a href=\"http:\/\/www.famvin.org\/\" target=\"_blank\" rel=\"noreferrer noopener\">http:\/\/www.famvin.org\/<\/a><\/li>\n\n\n\n<li><a href=\"https:\/\/vincentianpersons.cdm.depaul.edu\/StVincentImages\" target=\"_blank\" rel=\"noreferrer noopener\">https:\/\/vincentianpersons.cdm.depaul.edu\/StVincentImages<\/a><\/li>\n<\/ul>\n","protected":false},"featured_media":969,"template":"","meta":{"_acf_changed":false,"_links_to":"","_links_to_target":""},"origen":[],"class_list":["post-3989","familia","type-familia","status-publish","has-post-thumbnail","hentry"],"acf":[],"yoast_head":"<!-- This site is optimized with the Yoast SEO plugin v27.5 - https:\/\/yoast.com\/product\/yoast-seo-wordpress\/ -->\n<title>Santa Luisa de Marillac - Filles de la Charit\u00e9<\/title>\n<meta name=\"robots\" content=\"index, follow, max-snippet:-1, max-image-preview:large, max-video-preview:-1\" \/>\n<link rel=\"canonical\" href=\"https:\/\/filles-de-la-charite.org\/it\/famiglia\/santa-luisa-de-marillac\/\" \/>\n<meta property=\"og:locale\" content=\"it_IT\" \/>\n<meta property=\"og:type\" content=\"article\" \/>\n<meta property=\"og:title\" content=\"Santa Luisa de Marillac - Filles de la Charit\u00e9\" \/>\n<meta property=\"og:description\" content=\"Luisa de Marillac nacque nel XVI secolo. Tuttavia, la sua vita \u00e8 simile alla nostra nelle preoccupazioni quotidiane. In mezzo alle vicissitudini della vita, ha aperto progressivamente il cuore alla luce di Dio. \u00ab \u2026 ogni volta che avete fatto queste cose a uno solo di questi miei fratelli pi\u00f9 piccoli, l\u2019avete fatto a me\u00bb. [&hellip;]\" \/>\n<meta property=\"og:url\" content=\"https:\/\/filles-de-la-charite.org\/it\/famiglia\/santa-luisa-de-marillac\/\" \/>\n<meta property=\"og:site_name\" content=\"Filles de la Charit\u00e9\" \/>\n<meta property=\"article:modified_time\" content=\"2024-02-26T19:51:01+00:00\" \/>\n<meta property=\"og:image\" content=\"https:\/\/filles-de-la-charite.org\/wp-content\/uploads\/2023\/04\/image12-1.jpg\" \/>\n\t<meta property=\"og:image:width\" content=\"429\" \/>\n\t<meta property=\"og:image:height\" content=\"600\" \/>\n\t<meta property=\"og:image:type\" content=\"image\/jpeg\" \/>\n<meta name=\"twitter:card\" content=\"summary_large_image\" \/>\n<meta name=\"twitter:label1\" content=\"Tempo di lettura stimato\" \/>\n\t<meta name=\"twitter:data1\" content=\"7 minuti\" \/>\n<script type=\"application\/ld+json\" class=\"yoast-schema-graph\">{\"@context\":\"https:\\\/\\\/schema.org\",\"@graph\":[{\"@type\":\"WebPage\",\"@id\":\"https:\\\/\\\/filles-de-la-charite.org\\\/it\\\/famiglia\\\/santa-luisa-de-marillac\\\/\",\"url\":\"https:\\\/\\\/filles-de-la-charite.org\\\/it\\\/famiglia\\\/santa-luisa-de-marillac\\\/\",\"name\":\"Santa Luisa de Marillac - Filles de la Charit\u00e9\",\"isPartOf\":{\"@id\":\"https:\\\/\\\/filles-de-la-charite.org\\\/it\\\/#website\"},\"primaryImageOfPage\":{\"@id\":\"https:\\\/\\\/filles-de-la-charite.org\\\/it\\\/famiglia\\\/santa-luisa-de-marillac\\\/#primaryimage\"},\"image\":{\"@id\":\"https:\\\/\\\/filles-de-la-charite.org\\\/it\\\/famiglia\\\/santa-luisa-de-marillac\\\/#primaryimage\"},\"thumbnailUrl\":\"https:\\\/\\\/filles-de-la-charite.org\\\/wp-content\\\/uploads\\\/2023\\\/04\\\/image12-1.jpg\",\"datePublished\":\"2020-10-21T07:10:02+00:00\",\"dateModified\":\"2024-02-26T19:51:01+00:00\",\"breadcrumb\":{\"@id\":\"https:\\\/\\\/filles-de-la-charite.org\\\/it\\\/famiglia\\\/santa-luisa-de-marillac\\\/#breadcrumb\"},\"inLanguage\":\"it-IT\",\"potentialAction\":[{\"@type\":\"ReadAction\",\"target\":[\"https:\\\/\\\/filles-de-la-charite.org\\\/it\\\/famiglia\\\/santa-luisa-de-marillac\\\/\"]}]},{\"@type\":\"ImageObject\",\"inLanguage\":\"it-IT\",\"@id\":\"https:\\\/\\\/filles-de-la-charite.org\\\/it\\\/famiglia\\\/santa-luisa-de-marillac\\\/#primaryimage\",\"url\":\"https:\\\/\\\/filles-de-la-charite.org\\\/wp-content\\\/uploads\\\/2023\\\/04\\\/image12-1.jpg\",\"contentUrl\":\"https:\\\/\\\/filles-de-la-charite.org\\\/wp-content\\\/uploads\\\/2023\\\/04\\\/image12-1.jpg\",\"width\":429,\"height\":600},{\"@type\":\"BreadcrumbList\",\"@id\":\"https:\\\/\\\/filles-de-la-charite.org\\\/it\\\/famiglia\\\/santa-luisa-de-marillac\\\/#breadcrumb\",\"itemListElement\":[{\"@type\":\"ListItem\",\"position\":1,\"name\":\"La nostra famiglia\",\"item\":\"https:\\\/\\\/filles-de-la-charite.org\\\/it\\\/famiglia\\\/\"},{\"@type\":\"ListItem\",\"position\":2,\"name\":\"Santa Luisa de Marillac\"}]},{\"@type\":\"WebSite\",\"@id\":\"https:\\\/\\\/filles-de-la-charite.org\\\/it\\\/#website\",\"url\":\"https:\\\/\\\/filles-de-la-charite.org\\\/it\\\/\",\"name\":\"Hijas de la Caridad\",\"description\":\"L\u2019amour de J\u00e9sus nous presse \u00e0 prendre soin des personnes les plus d\u00e9munies\",\"publisher\":{\"@id\":\"https:\\\/\\\/filles-de-la-charite.org\\\/it\\\/#organization\"},\"potentialAction\":[{\"@type\":\"SearchAction\",\"target\":{\"@type\":\"EntryPoint\",\"urlTemplate\":\"https:\\\/\\\/filles-de-la-charite.org\\\/it\\\/?s={search_term_string}\"},\"query-input\":{\"@type\":\"PropertyValueSpecification\",\"valueRequired\":true,\"valueName\":\"search_term_string\"}}],\"inLanguage\":\"it-IT\"},{\"@type\":\"Organization\",\"@id\":\"https:\\\/\\\/filles-de-la-charite.org\\\/it\\\/#organization\",\"name\":\"Hijas de la Caridad\",\"url\":\"https:\\\/\\\/filles-de-la-charite.org\\\/it\\\/\",\"logo\":{\"@type\":\"ImageObject\",\"inLanguage\":\"it-IT\",\"@id\":\"https:\\\/\\\/filles-de-la-charite.org\\\/it\\\/#\\\/schema\\\/logo\\\/image\\\/\",\"url\":\"https:\\\/\\\/filles-de-la-charite.org\\\/wp-content\\\/uploads\\\/2023\\\/03\\\/isotipo-Hijas-de-la-Caridad.png\",\"contentUrl\":\"https:\\\/\\\/filles-de-la-charite.org\\\/wp-content\\\/uploads\\\/2023\\\/03\\\/isotipo-Hijas-de-la-Caridad.png\",\"width\":1417,\"height\":1417,\"caption\":\"Hijas de la Caridad\"},\"image\":{\"@id\":\"https:\\\/\\\/filles-de-la-charite.org\\\/it\\\/#\\\/schema\\\/logo\\\/image\\\/\"}}]}<\/script>\n<!-- \/ Yoast SEO plugin. -->","yoast_head_json":{"title":"Santa Luisa de Marillac - Filles de la Charit\u00e9","robots":{"index":"index","follow":"follow","max-snippet":"max-snippet:-1","max-image-preview":"max-image-preview:large","max-video-preview":"max-video-preview:-1"},"canonical":"https:\/\/filles-de-la-charite.org\/it\/famiglia\/santa-luisa-de-marillac\/","og_locale":"it_IT","og_type":"article","og_title":"Santa Luisa de Marillac - Filles de la Charit\u00e9","og_description":"Luisa de Marillac nacque nel XVI secolo. Tuttavia, la sua vita \u00e8 simile alla nostra nelle preoccupazioni quotidiane. In mezzo alle vicissitudini della vita, ha aperto progressivamente il cuore alla luce di Dio. \u00ab \u2026 ogni volta che avete fatto queste cose a uno solo di questi miei fratelli pi\u00f9 piccoli, l\u2019avete fatto a me\u00bb. [&hellip;]","og_url":"https:\/\/filles-de-la-charite.org\/it\/famiglia\/santa-luisa-de-marillac\/","og_site_name":"Filles de la Charit\u00e9","article_modified_time":"2024-02-26T19:51:01+00:00","og_image":[{"width":429,"height":600,"url":"https:\/\/filles-de-la-charite.org\/wp-content\/uploads\/2023\/04\/image12-1.jpg","type":"image\/jpeg"}],"twitter_card":"summary_large_image","twitter_misc":{"Tempo di lettura stimato":"7 minuti"},"schema":{"@context":"https:\/\/schema.org","@graph":[{"@type":"WebPage","@id":"https:\/\/filles-de-la-charite.org\/it\/famiglia\/santa-luisa-de-marillac\/","url":"https:\/\/filles-de-la-charite.org\/it\/famiglia\/santa-luisa-de-marillac\/","name":"Santa Luisa de Marillac - Filles de la Charit\u00e9","isPartOf":{"@id":"https:\/\/filles-de-la-charite.org\/it\/#website"},"primaryImageOfPage":{"@id":"https:\/\/filles-de-la-charite.org\/it\/famiglia\/santa-luisa-de-marillac\/#primaryimage"},"image":{"@id":"https:\/\/filles-de-la-charite.org\/it\/famiglia\/santa-luisa-de-marillac\/#primaryimage"},"thumbnailUrl":"https:\/\/filles-de-la-charite.org\/wp-content\/uploads\/2023\/04\/image12-1.jpg","datePublished":"2020-10-21T07:10:02+00:00","dateModified":"2024-02-26T19:51:01+00:00","breadcrumb":{"@id":"https:\/\/filles-de-la-charite.org\/it\/famiglia\/santa-luisa-de-marillac\/#breadcrumb"},"inLanguage":"it-IT","potentialAction":[{"@type":"ReadAction","target":["https:\/\/filles-de-la-charite.org\/it\/famiglia\/santa-luisa-de-marillac\/"]}]},{"@type":"ImageObject","inLanguage":"it-IT","@id":"https:\/\/filles-de-la-charite.org\/it\/famiglia\/santa-luisa-de-marillac\/#primaryimage","url":"https:\/\/filles-de-la-charite.org\/wp-content\/uploads\/2023\/04\/image12-1.jpg","contentUrl":"https:\/\/filles-de-la-charite.org\/wp-content\/uploads\/2023\/04\/image12-1.jpg","width":429,"height":600},{"@type":"BreadcrumbList","@id":"https:\/\/filles-de-la-charite.org\/it\/famiglia\/santa-luisa-de-marillac\/#breadcrumb","itemListElement":[{"@type":"ListItem","position":1,"name":"La nostra famiglia","item":"https:\/\/filles-de-la-charite.org\/it\/famiglia\/"},{"@type":"ListItem","position":2,"name":"Santa Luisa de Marillac"}]},{"@type":"WebSite","@id":"https:\/\/filles-de-la-charite.org\/it\/#website","url":"https:\/\/filles-de-la-charite.org\/it\/","name":"Hijas de la Caridad","description":"L\u2019amour de J\u00e9sus nous presse \u00e0 prendre soin des personnes les plus d\u00e9munies","publisher":{"@id":"https:\/\/filles-de-la-charite.org\/it\/#organization"},"potentialAction":[{"@type":"SearchAction","target":{"@type":"EntryPoint","urlTemplate":"https:\/\/filles-de-la-charite.org\/it\/?s={search_term_string}"},"query-input":{"@type":"PropertyValueSpecification","valueRequired":true,"valueName":"search_term_string"}}],"inLanguage":"it-IT"},{"@type":"Organization","@id":"https:\/\/filles-de-la-charite.org\/it\/#organization","name":"Hijas de la Caridad","url":"https:\/\/filles-de-la-charite.org\/it\/","logo":{"@type":"ImageObject","inLanguage":"it-IT","@id":"https:\/\/filles-de-la-charite.org\/it\/#\/schema\/logo\/image\/","url":"https:\/\/filles-de-la-charite.org\/wp-content\/uploads\/2023\/03\/isotipo-Hijas-de-la-Caridad.png","contentUrl":"https:\/\/filles-de-la-charite.org\/wp-content\/uploads\/2023\/03\/isotipo-Hijas-de-la-Caridad.png","width":1417,"height":1417,"caption":"Hijas de la Caridad"},"image":{"@id":"https:\/\/filles-de-la-charite.org\/it\/#\/schema\/logo\/image\/"}}]}},"_links":{"self":[{"href":"https:\/\/filles-de-la-charite.org\/it\/wp-json\/wp\/v2\/familia\/3989","targetHints":{"allow":["GET"]}}],"collection":[{"href":"https:\/\/filles-de-la-charite.org\/it\/wp-json\/wp\/v2\/familia"}],"about":[{"href":"https:\/\/filles-de-la-charite.org\/it\/wp-json\/wp\/v2\/types\/familia"}],"wp:featuredmedia":[{"embeddable":true,"href":"https:\/\/filles-de-la-charite.org\/it\/wp-json\/wp\/v2\/media\/969"}],"wp:attachment":[{"href":"https:\/\/filles-de-la-charite.org\/it\/wp-json\/wp\/v2\/media?parent=3989"}],"wp:term":[{"taxonomy":"origen","embeddable":true,"href":"https:\/\/filles-de-la-charite.org\/it\/wp-json\/wp\/v2\/origen?post=3989"}],"curies":[{"name":"wp","href":"https:\/\/api.w.org\/{rel}","templated":true}]}}