{"id":3990,"date":"2020-10-21T09:52:18","date_gmt":"2020-10-21T07:52:18","guid":{"rendered":"https:\/\/hijascaridad.sjdigitaldemo.ovh\/familia\/beata-giuseppina-nicoli\/"},"modified":"2024-02-27T14:03:09","modified_gmt":"2024-02-27T13:03:09","slug":"beata-giuseppina-nicoli","status":"publish","type":"familia","link":"https:\/\/filles-de-la-charite.org\/it\/famiglia\/beata-giuseppina-nicoli\/","title":{"rendered":"Beata Giuseppina Nicoli"},"content":{"rendered":"\n<p>La carit\u00e0 \u00e8 stata la regola della sua vita, dei suoi pensieri, delle sue parole, del suo agire. Viveva nell'umilt\u00e0, immergendosi nell'amore di Cristo e penetrando il mistero: la carit\u00e0 vissuta verso i poveri \u00e8 un atto di amore verso il Signore.<\/p>\n\n\n\n<figure class=\"wp-block-image alignleft\"><a href=\"http:\/\/filles-de-la-charite.pl\/wp-content\/uploads\/2012\/04\/Giuseppina_2.jpg\" target=\"_blank\" rel=\"noreferrer noopener\" data-rel=\"lightbox-image-0\" data-rl_title=\"\" data-rl_caption=\"\"><img decoding=\"async\" src=\"http:\/\/filles-de-la-charite.pl\/wp-content\/uploads\/2012\/04\/Giuseppina_2-226x300.jpg\" alt=\"\" class=\"wp-image-626\" title=\"\"\/><\/a><\/figure>\n\n\n\n<p><strong><\/strong><\/p>\n\n\n\n<figure class=\"wp-block-table\"><table><tbody><tr><td><strong>1863, 18 novembre<\/strong><\/td><td>Nascita<\/td><\/tr><tr><td><strong>1884<\/strong><\/td><td>Entra nella Compagnia delle Figlie della Carit\u00e0<\/td><\/tr><tr><td><strong>1885, 1\u00b0 gennaio<\/strong><\/td><td>Arriva a Cagliari<\/td><\/tr><tr><td><strong>1893<\/strong><\/td><td>Si ammala di tubercolosi<\/td><\/tr><tr><td><strong>1910<\/strong><\/td><td>E' nominata Economa provinciale e in seguito Direttrice del Seminario a Torino<\/td><\/tr><tr><td><strong>191<\/strong>4, 7 agosto<\/td><td>Ritorna in Sardegna<\/td><\/tr><tr><td><strong>1924, 31 dicembre<\/strong><\/td><td>Muore a Cagliari<\/td><\/tr><tr><td><strong>2008, 3 febbraio<\/strong><\/td><td>\u00c8 proclamata Beata da Papa Benedetto XVI a Cagliari<\/td><\/tr><tr><td><strong>3 febbraio<\/strong><\/td><td>Giorno della sua festa<\/td><\/tr><\/tbody><\/table><\/figure>\n\n\n\n<p>Giuseppina nasce a Casatisma (Pavia). La sua \u00e8 una ricca famiglia: suo padre \u00e8 magistrato e sua madre \u00e8 figlia di avvocati. Giuseppina \u00e8 la quinta figlia d\u2019una famiglia di dieci figli. Tutti l\u2019amano. A Pavia consegue il diploma di maestra elementare e desidera dedicarsi all\u2019educazione dei bambini poveri.<br>Nel 1884 entra nella Compagnia delle Figlie della Carit\u00e0 a Torino. Nel 1885, dopo il seminario, \u00e8 inviata in Sardegna e con entusiasmo parte per Cagliari. Ha una salute precaria. A trent\u2019anni si ammala di tubercolosi polmonare che la consumer\u00e0 lentamente nei successivi trent\u2019anni di vita. Non si risparmia. Con le sue compagne non cessa di assistere i poveri.<\/p>\n\n\n\n<p>Nel 1899, \u00e8 nominata superiora dell\u2019Orfanatrofio di Sassari. Ridona slancio all\u2019Associazione Mariana riunisce le Dame della Carit\u00e0 e le guida nel servizio dei poveri, incentiva la scuola di catechismo raggiungendo ogni domenica circa 800 bambini e bambine, e soprattutto costituisce la Scuola di Religione per le giovani delle scuole superiori ed universitarie per prepararle ad essere buone cristiane. Con le sue Consorelle inizia l\u2019assistenza ai detenuti.<\/p>\n\n\n\n<p>Nel 1910, non senza sofferenza, lascia Sassari per Torino. Dopo un anno e mezzo \u00e8 scelta come Direttrice del Seminario. Ritornata a Sassari a causa della salute precaria, un calvario interiore incomincia per lei. Malintesi e denigrazioni da parte dell\u2019amministrazione dell\u2019Orfanotrofio, costrinsero i superiori a trasferirla in altra comunit\u00e0.<\/p>\n\n\n\n<p>Il 7 agosto 1914 la Provvidenza la conduce cos\u00ec, all\u2019ultima tappa della sua vita, all\u2019Asilo della Marina di Cagliari. L\u2019Italia entra in guerra nel 1915. Ella scopre la povert\u00e0 morale e spirituale di questi quartieri svantaggiati. Va incontro alle necessit\u00e0 di formazione delle giovani che numerose lavorano nelle manifatture di tabacco e le riunisce grazie all\u2019Opera dei Ritiri Spirituali. Per la visita dei poveri a domicilio, d\u00e0 vita alle \u201cDamine della Carit\u00e0\u201d \u2013 prima fondazione in Italia. Con loro, nel 1917, si impegn\u00f2 all\u2019apertura di una Colonia marina per dare sollievo ai numerosi casi di bambini denutriti, orfani di guerra o che soffrivano di tubercolosi.<\/p>\n\n\n\n<p>Ma pi\u00f9 di tutto la notoriet\u00e0 di Suor Nicoli \u00e8 legata ai \u201cragazzi della cesta\u201d, noti in citt\u00e0 per il loro particolare strumento di lavoro. Si tratta di bambini abbandonati che diventano per lei la preoccupazione pi\u00f9 assillante. Suor Nicoli avvicina questi ragazzi con la delicatezza di una buona madre. Fa loro scuola. Li prepara a esercitare una professione. Li istruisce nella fede e stabilisce con loro \u201cun\u2019alleanza educativa\u201d. Nel 1924, ultimo anno della sua vita, subisce una calunnia che accetta in silenzio, finch\u00e9 il Presidente dell\u2019Amministrazione riconoscere l\u2019errore. Sul letto di morte Suor Nicoli lo perdona con tutto il cuore. Il 31 dicembre 1924, ella muore a Cagliari.<\/p>\n","protected":false},"featured_media":991,"template":"","meta":{"_acf_changed":false,"_links_to":"","_links_to_target":""},"origen":[],"class_list":["post-3990","familia","type-familia","status-publish","has-post-thumbnail","hentry"],"acf":[],"yoast_head":"<!-- This site is optimized with the Yoast SEO plugin v27.5 - https:\/\/yoast.com\/product\/yoast-seo-wordpress\/ -->\n<title>Beata Giuseppina Nicoli - Filles de la Charit\u00e9<\/title>\n<meta name=\"robots\" content=\"index, follow, max-snippet:-1, max-image-preview:large, max-video-preview:-1\" \/>\n<link rel=\"canonical\" href=\"https:\/\/filles-de-la-charite.org\/it\/famiglia\/beata-giuseppina-nicoli\/\" \/>\n<meta property=\"og:locale\" content=\"it_IT\" \/>\n<meta property=\"og:type\" content=\"article\" \/>\n<meta property=\"og:title\" content=\"Beata Giuseppina Nicoli - Filles de la Charit\u00e9\" \/>\n<meta property=\"og:description\" content=\"La carit\u00e0 \u00e8 stata la regola della sua vita, dei suoi pensieri, delle sue parole, del suo agire. Viveva nell&#8217;umilt\u00e0, immergendosi nell&#8217;amore di Cristo e penetrando il mistero: la carit\u00e0 vissuta verso i poveri \u00e8 un atto di amore verso il Signore. 1863, 18 novembre Nascita 1884 Entra nella Compagnia delle Figlie della Carit\u00e0 1885, [&hellip;]\" \/>\n<meta property=\"og:url\" content=\"https:\/\/filles-de-la-charite.org\/it\/famiglia\/beata-giuseppina-nicoli\/\" \/>\n<meta property=\"og:site_name\" content=\"Filles de la Charit\u00e9\" \/>\n<meta property=\"article:modified_time\" content=\"2024-02-27T13:03:09+00:00\" \/>\n<meta property=\"og:image\" content=\"https:\/\/filles-de-la-charite.org\/wp-content\/uploads\/2023\/04\/Giuseppina-Nicoli-1.png\" \/>\n\t<meta property=\"og:image:width\" content=\"404\" \/>\n\t<meta property=\"og:image:height\" content=\"383\" \/>\n\t<meta property=\"og:image:type\" content=\"image\/png\" \/>\n<meta name=\"twitter:card\" content=\"summary_large_image\" \/>\n<meta name=\"twitter:label1\" content=\"Tempo di lettura stimato\" \/>\n\t<meta name=\"twitter:data1\" content=\"3 minuti\" \/>\n<script type=\"application\/ld+json\" class=\"yoast-schema-graph\">{\"@context\":\"https:\\\/\\\/schema.org\",\"@graph\":[{\"@type\":\"WebPage\",\"@id\":\"https:\\\/\\\/filles-de-la-charite.org\\\/it\\\/famiglia\\\/beata-giuseppina-nicoli\\\/\",\"url\":\"https:\\\/\\\/filles-de-la-charite.org\\\/it\\\/famiglia\\\/beata-giuseppina-nicoli\\\/\",\"name\":\"Beata Giuseppina Nicoli - Filles de la Charit\u00e9\",\"isPartOf\":{\"@id\":\"https:\\\/\\\/filles-de-la-charite.org\\\/it\\\/#website\"},\"primaryImageOfPage\":{\"@id\":\"https:\\\/\\\/filles-de-la-charite.org\\\/it\\\/famiglia\\\/beata-giuseppina-nicoli\\\/#primaryimage\"},\"image\":{\"@id\":\"https:\\\/\\\/filles-de-la-charite.org\\\/it\\\/famiglia\\\/beata-giuseppina-nicoli\\\/#primaryimage\"},\"thumbnailUrl\":\"https:\\\/\\\/filles-de-la-charite.org\\\/wp-content\\\/uploads\\\/2023\\\/04\\\/Giuseppina-Nicoli-1.png\",\"datePublished\":\"2020-10-21T07:52:18+00:00\",\"dateModified\":\"2024-02-27T13:03:09+00:00\",\"breadcrumb\":{\"@id\":\"https:\\\/\\\/filles-de-la-charite.org\\\/it\\\/famiglia\\\/beata-giuseppina-nicoli\\\/#breadcrumb\"},\"inLanguage\":\"it-IT\",\"potentialAction\":[{\"@type\":\"ReadAction\",\"target\":[\"https:\\\/\\\/filles-de-la-charite.org\\\/it\\\/famiglia\\\/beata-giuseppina-nicoli\\\/\"]}]},{\"@type\":\"ImageObject\",\"inLanguage\":\"it-IT\",\"@id\":\"https:\\\/\\\/filles-de-la-charite.org\\\/it\\\/famiglia\\\/beata-giuseppina-nicoli\\\/#primaryimage\",\"url\":\"https:\\\/\\\/filles-de-la-charite.org\\\/wp-content\\\/uploads\\\/2023\\\/04\\\/Giuseppina-Nicoli-1.png\",\"contentUrl\":\"https:\\\/\\\/filles-de-la-charite.org\\\/wp-content\\\/uploads\\\/2023\\\/04\\\/Giuseppina-Nicoli-1.png\",\"width\":404,\"height\":383},{\"@type\":\"BreadcrumbList\",\"@id\":\"https:\\\/\\\/filles-de-la-charite.org\\\/it\\\/famiglia\\\/beata-giuseppina-nicoli\\\/#breadcrumb\",\"itemListElement\":[{\"@type\":\"ListItem\",\"position\":1,\"name\":\"La nostra famiglia\",\"item\":\"https:\\\/\\\/filles-de-la-charite.org\\\/it\\\/famiglia\\\/\"},{\"@type\":\"ListItem\",\"position\":2,\"name\":\"Beata Giuseppina Nicoli\"}]},{\"@type\":\"WebSite\",\"@id\":\"https:\\\/\\\/filles-de-la-charite.org\\\/it\\\/#website\",\"url\":\"https:\\\/\\\/filles-de-la-charite.org\\\/it\\\/\",\"name\":\"Hijas de la Caridad\",\"description\":\"L\u2019amour de J\u00e9sus nous presse \u00e0 prendre soin des personnes les plus d\u00e9munies\",\"publisher\":{\"@id\":\"https:\\\/\\\/filles-de-la-charite.org\\\/it\\\/#organization\"},\"potentialAction\":[{\"@type\":\"SearchAction\",\"target\":{\"@type\":\"EntryPoint\",\"urlTemplate\":\"https:\\\/\\\/filles-de-la-charite.org\\\/it\\\/?s={search_term_string}\"},\"query-input\":{\"@type\":\"PropertyValueSpecification\",\"valueRequired\":true,\"valueName\":\"search_term_string\"}}],\"inLanguage\":\"it-IT\"},{\"@type\":\"Organization\",\"@id\":\"https:\\\/\\\/filles-de-la-charite.org\\\/it\\\/#organization\",\"name\":\"Hijas de la Caridad\",\"url\":\"https:\\\/\\\/filles-de-la-charite.org\\\/it\\\/\",\"logo\":{\"@type\":\"ImageObject\",\"inLanguage\":\"it-IT\",\"@id\":\"https:\\\/\\\/filles-de-la-charite.org\\\/it\\\/#\\\/schema\\\/logo\\\/image\\\/\",\"url\":\"https:\\\/\\\/filles-de-la-charite.org\\\/wp-content\\\/uploads\\\/2023\\\/03\\\/isotipo-Hijas-de-la-Caridad.png\",\"contentUrl\":\"https:\\\/\\\/filles-de-la-charite.org\\\/wp-content\\\/uploads\\\/2023\\\/03\\\/isotipo-Hijas-de-la-Caridad.png\",\"width\":1417,\"height\":1417,\"caption\":\"Hijas de la Caridad\"},\"image\":{\"@id\":\"https:\\\/\\\/filles-de-la-charite.org\\\/it\\\/#\\\/schema\\\/logo\\\/image\\\/\"}}]}<\/script>\n<!-- \/ Yoast SEO plugin. -->","yoast_head_json":{"title":"Beata Giuseppina Nicoli - Filles de la Charit\u00e9","robots":{"index":"index","follow":"follow","max-snippet":"max-snippet:-1","max-image-preview":"max-image-preview:large","max-video-preview":"max-video-preview:-1"},"canonical":"https:\/\/filles-de-la-charite.org\/it\/famiglia\/beata-giuseppina-nicoli\/","og_locale":"it_IT","og_type":"article","og_title":"Beata Giuseppina Nicoli - Filles de la Charit\u00e9","og_description":"La carit\u00e0 \u00e8 stata la regola della sua vita, dei suoi pensieri, delle sue parole, del suo agire. Viveva nell&#8217;umilt\u00e0, immergendosi nell&#8217;amore di Cristo e penetrando il mistero: la carit\u00e0 vissuta verso i poveri \u00e8 un atto di amore verso il Signore. 1863, 18 novembre Nascita 1884 Entra nella Compagnia delle Figlie della Carit\u00e0 1885, [&hellip;]","og_url":"https:\/\/filles-de-la-charite.org\/it\/famiglia\/beata-giuseppina-nicoli\/","og_site_name":"Filles de la Charit\u00e9","article_modified_time":"2024-02-27T13:03:09+00:00","og_image":[{"width":404,"height":383,"url":"https:\/\/filles-de-la-charite.org\/wp-content\/uploads\/2023\/04\/Giuseppina-Nicoli-1.png","type":"image\/png"}],"twitter_card":"summary_large_image","twitter_misc":{"Tempo di lettura stimato":"3 minuti"},"schema":{"@context":"https:\/\/schema.org","@graph":[{"@type":"WebPage","@id":"https:\/\/filles-de-la-charite.org\/it\/famiglia\/beata-giuseppina-nicoli\/","url":"https:\/\/filles-de-la-charite.org\/it\/famiglia\/beata-giuseppina-nicoli\/","name":"Beata Giuseppina Nicoli - Filles de la Charit\u00e9","isPartOf":{"@id":"https:\/\/filles-de-la-charite.org\/it\/#website"},"primaryImageOfPage":{"@id":"https:\/\/filles-de-la-charite.org\/it\/famiglia\/beata-giuseppina-nicoli\/#primaryimage"},"image":{"@id":"https:\/\/filles-de-la-charite.org\/it\/famiglia\/beata-giuseppina-nicoli\/#primaryimage"},"thumbnailUrl":"https:\/\/filles-de-la-charite.org\/wp-content\/uploads\/2023\/04\/Giuseppina-Nicoli-1.png","datePublished":"2020-10-21T07:52:18+00:00","dateModified":"2024-02-27T13:03:09+00:00","breadcrumb":{"@id":"https:\/\/filles-de-la-charite.org\/it\/famiglia\/beata-giuseppina-nicoli\/#breadcrumb"},"inLanguage":"it-IT","potentialAction":[{"@type":"ReadAction","target":["https:\/\/filles-de-la-charite.org\/it\/famiglia\/beata-giuseppina-nicoli\/"]}]},{"@type":"ImageObject","inLanguage":"it-IT","@id":"https:\/\/filles-de-la-charite.org\/it\/famiglia\/beata-giuseppina-nicoli\/#primaryimage","url":"https:\/\/filles-de-la-charite.org\/wp-content\/uploads\/2023\/04\/Giuseppina-Nicoli-1.png","contentUrl":"https:\/\/filles-de-la-charite.org\/wp-content\/uploads\/2023\/04\/Giuseppina-Nicoli-1.png","width":404,"height":383},{"@type":"BreadcrumbList","@id":"https:\/\/filles-de-la-charite.org\/it\/famiglia\/beata-giuseppina-nicoli\/#breadcrumb","itemListElement":[{"@type":"ListItem","position":1,"name":"La nostra famiglia","item":"https:\/\/filles-de-la-charite.org\/it\/famiglia\/"},{"@type":"ListItem","position":2,"name":"Beata Giuseppina Nicoli"}]},{"@type":"WebSite","@id":"https:\/\/filles-de-la-charite.org\/it\/#website","url":"https:\/\/filles-de-la-charite.org\/it\/","name":"Hijas de la Caridad","description":"L\u2019amour de J\u00e9sus nous presse \u00e0 prendre soin des personnes les plus d\u00e9munies","publisher":{"@id":"https:\/\/filles-de-la-charite.org\/it\/#organization"},"potentialAction":[{"@type":"SearchAction","target":{"@type":"EntryPoint","urlTemplate":"https:\/\/filles-de-la-charite.org\/it\/?s={search_term_string}"},"query-input":{"@type":"PropertyValueSpecification","valueRequired":true,"valueName":"search_term_string"}}],"inLanguage":"it-IT"},{"@type":"Organization","@id":"https:\/\/filles-de-la-charite.org\/it\/#organization","name":"Hijas de la Caridad","url":"https:\/\/filles-de-la-charite.org\/it\/","logo":{"@type":"ImageObject","inLanguage":"it-IT","@id":"https:\/\/filles-de-la-charite.org\/it\/#\/schema\/logo\/image\/","url":"https:\/\/filles-de-la-charite.org\/wp-content\/uploads\/2023\/03\/isotipo-Hijas-de-la-Caridad.png","contentUrl":"https:\/\/filles-de-la-charite.org\/wp-content\/uploads\/2023\/03\/isotipo-Hijas-de-la-Caridad.png","width":1417,"height":1417,"caption":"Hijas de la Caridad"},"image":{"@id":"https:\/\/filles-de-la-charite.org\/it\/#\/schema\/logo\/image\/"}}]}},"_links":{"self":[{"href":"https:\/\/filles-de-la-charite.org\/it\/wp-json\/wp\/v2\/familia\/3990","targetHints":{"allow":["GET"]}}],"collection":[{"href":"https:\/\/filles-de-la-charite.org\/it\/wp-json\/wp\/v2\/familia"}],"about":[{"href":"https:\/\/filles-de-la-charite.org\/it\/wp-json\/wp\/v2\/types\/familia"}],"wp:featuredmedia":[{"embeddable":true,"href":"https:\/\/filles-de-la-charite.org\/it\/wp-json\/wp\/v2\/media\/991"}],"wp:attachment":[{"href":"https:\/\/filles-de-la-charite.org\/it\/wp-json\/wp\/v2\/media?parent=3990"}],"wp:term":[{"taxonomy":"origen","embeddable":true,"href":"https:\/\/filles-de-la-charite.org\/it\/wp-json\/wp\/v2\/origen?post=3990"}],"curies":[{"name":"wp","href":"https:\/\/api.w.org\/{rel}","templated":true}]}}