{"id":3991,"date":"2020-10-21T11:51:27","date_gmt":"2020-10-21T09:51:27","guid":{"rendered":"https:\/\/hijascaridad.sjdigitaldemo.ovh\/familia\/beata-lindalva-justo-de-oliveira\/"},"modified":"2024-02-27T13:42:03","modified_gmt":"2024-02-27T12:42:03","slug":"beata-lindalva-justo-de-oliveira","status":"publish","type":"familia","link":"https:\/\/filles-de-la-charite.org\/it\/famiglia\/beata-lindalva-justo-de-oliveira\/","title":{"rendered":"Beata Lindalva Justo de Oliveira"},"content":{"rendered":"\n<p>Suor Lindalva \u00e8 stata la prima beata del Brasile. \u00c8 ancora una giovane Figlia della Carit\u00e0 di quattro anni di vocazione, quando \u00e8 martirizzata. La fedelt\u00e0 alla sua vocazione e il suo amore per tutti, senza preferenze, sono cos\u00ec intense che non esita a dare la vita per loro.<\/p>\n\n\n\n<figure class=\"wp-block-image alignleft\"><a href=\"http:\/\/filles-de-la-charite.pl\/wp-content\/uploads\/2012\/04\/Sr-Lindalva.jpg\" target=\"_blank\" rel=\"noreferrer noopener\" data-rel=\"lightbox-image-0\" data-rl_title=\"\" data-rl_caption=\"\"><img decoding=\"async\" src=\"http:\/\/filles-de-la-charite.pl\/wp-content\/uploads\/2012\/04\/Sr-Lindalva-244x300.jpg\" alt=\"\" class=\"wp-image-695\" title=\"\"\/><\/a><\/figure>\n\n\n\n<figure class=\"wp-block-table\"><table><tbody><tr><td><strong>1953, 20 ottobre<\/strong><\/td><td>Nascita<\/td><\/tr><tr><td>1988<\/td><td>Entra in Postulato<\/td><\/tr><tr><td><strong>1989, 16 Luglio<\/strong><\/td><td>Entra in Seminario (Noviziato)<\/td><\/tr><tr><td><strong>1991, 29 gennaio<\/strong><\/td><td>Invio in Missione alla casa di riposo Dom Pedro II, a Salvador Bah\u00eda, Brasile<\/td><\/tr><tr><td><strong>1993, 9 aprile<\/strong><\/td><td>Martirio<\/td><\/tr><tr><td>2007, 2 dicembre<\/td><td>Beatificazione a Salvator Bahia, Brasile<\/td><\/tr><tr><td><strong>7 gennaio<\/strong><\/td><td>Giorno della sua festa<\/td><\/tr><\/tbody><\/table><\/figure>\n\n\n\n<p>Lindalva nasce il 20 ottobre 1953 ad A\u00e7u nel Nord dello Stato del R\u00edo Grande. \u00c8 la sesta di una famiglia di 13 figli. I suoi genitori, ferventi cattolici, avevano una fede semplice e profonda.<\/p>\n\n\n\n<p>Lindalva riceve un\u2019educazione cristiana. \u00c8 una bambina generosa, in casa aiuta spesso la mamma. Ogni volta che ci sono discussioni tra i suoi compagni cerca di risolverli pacificamente. Attenta alla sofferenza degli altri, visita le persone che sono sole o povere del suo paese; a volte d\u00e0 loro perfino i propri vestiti, sempre in modo semplice e discreto. Col tempo sente di essere chiamata a continuare a servire Cristo nei poveri per testimoniare l\u2019amore che il Padre ha per loro. Mentre porta a termine i suoi studi di contabile, assiste il padre anziano e malato. Dopo la morte del congiunto, chiese di essere ammessa nella Compagnia delle Figlie della Carit\u00e0: \"<em>Ho trentatr\u00e9 anni; appartengo ad una famiglia semplice, onesta. Ho sentito la chiamata di Dio gi\u00e0 da molto tempo, ma fino ad oggi non sono stata disponibile per servire Cristo. Ho buona salute e desidero aiutare il mio prossimo, essere instancabile nel fare il bene\"<\/em>.<\/p>\n\n\n\n<p>Il 16 Luglio 1989, Suor Lindalva entra nella Compagnia delle Figlie della Carit\u00e0 nella Provincia di Recife. \u00c8 inviata in missione nel 1991 nella Casa di Riposo Dom Pedro II a Salvador, Stato di Bah\u00eda, come coordinatrice del reparto degli uomini malati e anziani.<\/p>\n\n\n\n<p>Suor Lindalva ama gli anziani a lei affidati con cuore mite ed umile: in spirito di fede, li vede come suoi signori e padroni: \u201cChiedo a Dio che ci conceda la sua saggezza e gentilezza per servire bene i nostri padroni, i poveri\u201c. Considera la sua vocazione come una risposta alla volont\u00e0 di Dio: \u00abQuando Dio chiama, nessuno pu\u00f2 nascondersi e ignorare questa chiamata. Presto o tardi la volont\u00e0 di Dio si realizza\u00bb. La sua fede si esprime con un\u2019adesione semplice e totale agli avvenimenti della vita che accoglie come un dono e un appello di Dio: \u00ab<em>Ogni giorno della nostra vita deve essere un giorno di conversione e di ringraziamento a Dio per il dono della vita e per la chiamata a seguire suo Figlio, Ges\u00f9 Cristo, servendolo nei poveri\u00bb. La sua generosit\u00e0 le permette di superare tutte le difficolt\u00e0: \u00abNella mia preghiera, continuamente il desiderio di amare il nostro buon Dio che sono sicura di raggiungerlo, anche se sar\u00e0 per me l\u2019ultimo giorno della mia vita\u00bb. Suor Lindalva sa condividere la sua fede con altri giovani ed appoggiare le sue compagne quando sono abbattute a motivo delle difficolt\u00e0: \u00abQuando i nostri cuori hanno problemi per i dubbi sulla nostra vocazione, dobbiamo abbandonarci totalmente a Dio\u00bb<\/em>.<\/p>\n\n\n\n<p>\u00abGiungeremo a conoscere l\u2019amore di Dio se porteremo la sua Croce\u00bb.Queste parole della stessa Suor Lindalva hanno avuto un significato profetico.<\/p>\n\n\n\n<p>Energica, sempre sorridente e disponibile, Suor Lindalva irradia la presenza di Dio. Vive la sua vocazione come serva dei poveri in uno spirito di giustizia, ispirata dall\u2019amore: ama ogni persona senza favoritismo o discriminazione.<\/p>\n\n\n\n<p>Il 9 aprile 1993 \u00e8 il venerd\u00ec Santo, Suor Lindalva fa la Via Crucis all\u2019alba, con le Sorelle della sua comunit\u00e0 e con i fedeli della parrocchia. La Croce \u00e8 il segno ultimo dell\u2019amore dato ad un\u2019altra persona: \u201c<em>Padre, perdona loro, perch\u00e9 non sanno quello che fanno<\/em>.\u201d (Lc. 23, 34).<\/p>\n\n\n\n<p>Quando ritorna a casa, Suor Lindalva come ogni giorno, prepara la colazione per i residenti. Quando incomincia il suo lavoro, \u00e8 assassinata brutalmente da uno dei ricoverati, un uomo di quarantasei anni, preso dalla follia perch\u00e9 non poteva accettare che ella avesse rifiutato le sue offerte.<\/p>\n\n\n\n<p>Questa Figlia della Carit\u00e0, certamente, non pensava di morire cos\u00ec giovane. Aveva offerto la sua vita e ha dato testimonianza con la sua morte che \u00ab<em>nessuno ha amore pi\u00f9 grande di colui che d\u00e0 la vita per i suoi amici<\/em>\u00bb. (Gv. 15, 13)<\/p>\n\n\n\n<p>Il processo di beatificazione incomincia con l\u2019acclamazione popolare. La gente era rimasta impressionata dalla fede di questa giovane Suora, il suo servizio dei poveri e la sua fedelt\u00e0 al suo impegno che l\u2019ha portata al martirio. La beatificazione ha avuto luogo a Salvador Bah\u00eda, Brasile, il 2 dicembre 2007, Festa di Cristo Re, in un grande stadio che conteneva quasi 60.000 persone.<\/p>\n","protected":false},"featured_media":1005,"template":"","meta":{"_acf_changed":false,"_links_to":"","_links_to_target":""},"origen":[],"class_list":["post-3991","familia","type-familia","status-publish","has-post-thumbnail","hentry"],"acf":[],"yoast_head":"<!-- This site is optimized with the Yoast SEO plugin v27.5 - https:\/\/yoast.com\/product\/yoast-seo-wordpress\/ -->\n<title>Beata Lindalva Justo de Oliveira - Filles de la Charit\u00e9<\/title>\n<meta name=\"robots\" content=\"index, follow, max-snippet:-1, max-image-preview:large, max-video-preview:-1\" \/>\n<link rel=\"canonical\" href=\"https:\/\/filles-de-la-charite.org\/it\/famiglia\/beata-lindalva-justo-de-oliveira\/\" \/>\n<meta property=\"og:locale\" content=\"it_IT\" \/>\n<meta property=\"og:type\" content=\"article\" \/>\n<meta property=\"og:title\" content=\"Beata Lindalva Justo de Oliveira - Filles de la Charit\u00e9\" \/>\n<meta property=\"og:description\" content=\"Suor Lindalva \u00e8 stata la prima beata del Brasile. \u00c8 ancora una giovane Figlia della Carit\u00e0 di quattro anni di vocazione, quando \u00e8 martirizzata. La fedelt\u00e0 alla sua vocazione e il suo amore per tutti, senza preferenze, sono cos\u00ec intense che non esita a dare la vita per loro. 1953, 20 ottobre Nascita 1988 Entra [&hellip;]\" \/>\n<meta property=\"og:url\" content=\"https:\/\/filles-de-la-charite.org\/it\/famiglia\/beata-lindalva-justo-de-oliveira\/\" \/>\n<meta property=\"og:site_name\" content=\"Filles de la Charit\u00e9\" \/>\n<meta property=\"article:modified_time\" content=\"2024-02-27T12:42:03+00:00\" \/>\n<meta property=\"og:image\" content=\"https:\/\/filles-de-la-charite.org\/wp-content\/uploads\/2023\/04\/Sr-Lindalva-1.jpg\" \/>\n\t<meta property=\"og:image:width\" content=\"369\" \/>\n\t<meta property=\"og:image:height\" content=\"452\" \/>\n\t<meta property=\"og:image:type\" content=\"image\/jpeg\" \/>\n<meta name=\"twitter:card\" content=\"summary_large_image\" \/>\n<meta name=\"twitter:label1\" content=\"Tempo di lettura stimato\" \/>\n\t<meta name=\"twitter:data1\" content=\"4 minuti\" \/>\n<script type=\"application\/ld+json\" class=\"yoast-schema-graph\">{\"@context\":\"https:\\\/\\\/schema.org\",\"@graph\":[{\"@type\":\"WebPage\",\"@id\":\"https:\\\/\\\/filles-de-la-charite.org\\\/it\\\/famiglia\\\/beata-lindalva-justo-de-oliveira\\\/\",\"url\":\"https:\\\/\\\/filles-de-la-charite.org\\\/it\\\/famiglia\\\/beata-lindalva-justo-de-oliveira\\\/\",\"name\":\"Beata Lindalva Justo de Oliveira - Filles de la Charit\u00e9\",\"isPartOf\":{\"@id\":\"https:\\\/\\\/filles-de-la-charite.org\\\/it\\\/#website\"},\"primaryImageOfPage\":{\"@id\":\"https:\\\/\\\/filles-de-la-charite.org\\\/it\\\/famiglia\\\/beata-lindalva-justo-de-oliveira\\\/#primaryimage\"},\"image\":{\"@id\":\"https:\\\/\\\/filles-de-la-charite.org\\\/it\\\/famiglia\\\/beata-lindalva-justo-de-oliveira\\\/#primaryimage\"},\"thumbnailUrl\":\"https:\\\/\\\/filles-de-la-charite.org\\\/wp-content\\\/uploads\\\/2023\\\/04\\\/Sr-Lindalva-1.jpg\",\"datePublished\":\"2020-10-21T09:51:27+00:00\",\"dateModified\":\"2024-02-27T12:42:03+00:00\",\"breadcrumb\":{\"@id\":\"https:\\\/\\\/filles-de-la-charite.org\\\/it\\\/famiglia\\\/beata-lindalva-justo-de-oliveira\\\/#breadcrumb\"},\"inLanguage\":\"it-IT\",\"potentialAction\":[{\"@type\":\"ReadAction\",\"target\":[\"https:\\\/\\\/filles-de-la-charite.org\\\/it\\\/famiglia\\\/beata-lindalva-justo-de-oliveira\\\/\"]}]},{\"@type\":\"ImageObject\",\"inLanguage\":\"it-IT\",\"@id\":\"https:\\\/\\\/filles-de-la-charite.org\\\/it\\\/famiglia\\\/beata-lindalva-justo-de-oliveira\\\/#primaryimage\",\"url\":\"https:\\\/\\\/filles-de-la-charite.org\\\/wp-content\\\/uploads\\\/2023\\\/04\\\/Sr-Lindalva-1.jpg\",\"contentUrl\":\"https:\\\/\\\/filles-de-la-charite.org\\\/wp-content\\\/uploads\\\/2023\\\/04\\\/Sr-Lindalva-1.jpg\",\"width\":369,\"height\":452},{\"@type\":\"BreadcrumbList\",\"@id\":\"https:\\\/\\\/filles-de-la-charite.org\\\/it\\\/famiglia\\\/beata-lindalva-justo-de-oliveira\\\/#breadcrumb\",\"itemListElement\":[{\"@type\":\"ListItem\",\"position\":1,\"name\":\"La nostra famiglia\",\"item\":\"https:\\\/\\\/filles-de-la-charite.org\\\/it\\\/famiglia\\\/\"},{\"@type\":\"ListItem\",\"position\":2,\"name\":\"Beata Lindalva Justo de Oliveira\"}]},{\"@type\":\"WebSite\",\"@id\":\"https:\\\/\\\/filles-de-la-charite.org\\\/it\\\/#website\",\"url\":\"https:\\\/\\\/filles-de-la-charite.org\\\/it\\\/\",\"name\":\"Hijas de la Caridad\",\"description\":\"L\u2019amour de J\u00e9sus nous presse \u00e0 prendre soin des personnes les plus d\u00e9munies\",\"publisher\":{\"@id\":\"https:\\\/\\\/filles-de-la-charite.org\\\/it\\\/#organization\"},\"potentialAction\":[{\"@type\":\"SearchAction\",\"target\":{\"@type\":\"EntryPoint\",\"urlTemplate\":\"https:\\\/\\\/filles-de-la-charite.org\\\/it\\\/?s={search_term_string}\"},\"query-input\":{\"@type\":\"PropertyValueSpecification\",\"valueRequired\":true,\"valueName\":\"search_term_string\"}}],\"inLanguage\":\"it-IT\"},{\"@type\":\"Organization\",\"@id\":\"https:\\\/\\\/filles-de-la-charite.org\\\/it\\\/#organization\",\"name\":\"Hijas de la Caridad\",\"url\":\"https:\\\/\\\/filles-de-la-charite.org\\\/it\\\/\",\"logo\":{\"@type\":\"ImageObject\",\"inLanguage\":\"it-IT\",\"@id\":\"https:\\\/\\\/filles-de-la-charite.org\\\/it\\\/#\\\/schema\\\/logo\\\/image\\\/\",\"url\":\"https:\\\/\\\/filles-de-la-charite.org\\\/wp-content\\\/uploads\\\/2023\\\/03\\\/isotipo-Hijas-de-la-Caridad.png\",\"contentUrl\":\"https:\\\/\\\/filles-de-la-charite.org\\\/wp-content\\\/uploads\\\/2023\\\/03\\\/isotipo-Hijas-de-la-Caridad.png\",\"width\":1417,\"height\":1417,\"caption\":\"Hijas de la Caridad\"},\"image\":{\"@id\":\"https:\\\/\\\/filles-de-la-charite.org\\\/it\\\/#\\\/schema\\\/logo\\\/image\\\/\"}}]}<\/script>\n<!-- \/ Yoast SEO plugin. -->","yoast_head_json":{"title":"Beata Lindalva Justo de Oliveira - Filles de la Charit\u00e9","robots":{"index":"index","follow":"follow","max-snippet":"max-snippet:-1","max-image-preview":"max-image-preview:large","max-video-preview":"max-video-preview:-1"},"canonical":"https:\/\/filles-de-la-charite.org\/it\/famiglia\/beata-lindalva-justo-de-oliveira\/","og_locale":"it_IT","og_type":"article","og_title":"Beata Lindalva Justo de Oliveira - Filles de la Charit\u00e9","og_description":"Suor Lindalva \u00e8 stata la prima beata del Brasile. \u00c8 ancora una giovane Figlia della Carit\u00e0 di quattro anni di vocazione, quando \u00e8 martirizzata. La fedelt\u00e0 alla sua vocazione e il suo amore per tutti, senza preferenze, sono cos\u00ec intense che non esita a dare la vita per loro. 1953, 20 ottobre Nascita 1988 Entra [&hellip;]","og_url":"https:\/\/filles-de-la-charite.org\/it\/famiglia\/beata-lindalva-justo-de-oliveira\/","og_site_name":"Filles de la Charit\u00e9","article_modified_time":"2024-02-27T12:42:03+00:00","og_image":[{"width":369,"height":452,"url":"https:\/\/filles-de-la-charite.org\/wp-content\/uploads\/2023\/04\/Sr-Lindalva-1.jpg","type":"image\/jpeg"}],"twitter_card":"summary_large_image","twitter_misc":{"Tempo di lettura stimato":"4 minuti"},"schema":{"@context":"https:\/\/schema.org","@graph":[{"@type":"WebPage","@id":"https:\/\/filles-de-la-charite.org\/it\/famiglia\/beata-lindalva-justo-de-oliveira\/","url":"https:\/\/filles-de-la-charite.org\/it\/famiglia\/beata-lindalva-justo-de-oliveira\/","name":"Beata Lindalva Justo de Oliveira - Filles de la Charit\u00e9","isPartOf":{"@id":"https:\/\/filles-de-la-charite.org\/it\/#website"},"primaryImageOfPage":{"@id":"https:\/\/filles-de-la-charite.org\/it\/famiglia\/beata-lindalva-justo-de-oliveira\/#primaryimage"},"image":{"@id":"https:\/\/filles-de-la-charite.org\/it\/famiglia\/beata-lindalva-justo-de-oliveira\/#primaryimage"},"thumbnailUrl":"https:\/\/filles-de-la-charite.org\/wp-content\/uploads\/2023\/04\/Sr-Lindalva-1.jpg","datePublished":"2020-10-21T09:51:27+00:00","dateModified":"2024-02-27T12:42:03+00:00","breadcrumb":{"@id":"https:\/\/filles-de-la-charite.org\/it\/famiglia\/beata-lindalva-justo-de-oliveira\/#breadcrumb"},"inLanguage":"it-IT","potentialAction":[{"@type":"ReadAction","target":["https:\/\/filles-de-la-charite.org\/it\/famiglia\/beata-lindalva-justo-de-oliveira\/"]}]},{"@type":"ImageObject","inLanguage":"it-IT","@id":"https:\/\/filles-de-la-charite.org\/it\/famiglia\/beata-lindalva-justo-de-oliveira\/#primaryimage","url":"https:\/\/filles-de-la-charite.org\/wp-content\/uploads\/2023\/04\/Sr-Lindalva-1.jpg","contentUrl":"https:\/\/filles-de-la-charite.org\/wp-content\/uploads\/2023\/04\/Sr-Lindalva-1.jpg","width":369,"height":452},{"@type":"BreadcrumbList","@id":"https:\/\/filles-de-la-charite.org\/it\/famiglia\/beata-lindalva-justo-de-oliveira\/#breadcrumb","itemListElement":[{"@type":"ListItem","position":1,"name":"La nostra famiglia","item":"https:\/\/filles-de-la-charite.org\/it\/famiglia\/"},{"@type":"ListItem","position":2,"name":"Beata Lindalva Justo de Oliveira"}]},{"@type":"WebSite","@id":"https:\/\/filles-de-la-charite.org\/it\/#website","url":"https:\/\/filles-de-la-charite.org\/it\/","name":"Hijas de la Caridad","description":"L\u2019amour de J\u00e9sus nous presse \u00e0 prendre soin des personnes les plus d\u00e9munies","publisher":{"@id":"https:\/\/filles-de-la-charite.org\/it\/#organization"},"potentialAction":[{"@type":"SearchAction","target":{"@type":"EntryPoint","urlTemplate":"https:\/\/filles-de-la-charite.org\/it\/?s={search_term_string}"},"query-input":{"@type":"PropertyValueSpecification","valueRequired":true,"valueName":"search_term_string"}}],"inLanguage":"it-IT"},{"@type":"Organization","@id":"https:\/\/filles-de-la-charite.org\/it\/#organization","name":"Hijas de la Caridad","url":"https:\/\/filles-de-la-charite.org\/it\/","logo":{"@type":"ImageObject","inLanguage":"it-IT","@id":"https:\/\/filles-de-la-charite.org\/it\/#\/schema\/logo\/image\/","url":"https:\/\/filles-de-la-charite.org\/wp-content\/uploads\/2023\/03\/isotipo-Hijas-de-la-Caridad.png","contentUrl":"https:\/\/filles-de-la-charite.org\/wp-content\/uploads\/2023\/03\/isotipo-Hijas-de-la-Caridad.png","width":1417,"height":1417,"caption":"Hijas de la Caridad"},"image":{"@id":"https:\/\/filles-de-la-charite.org\/it\/#\/schema\/logo\/image\/"}}]}},"_links":{"self":[{"href":"https:\/\/filles-de-la-charite.org\/it\/wp-json\/wp\/v2\/familia\/3991","targetHints":{"allow":["GET"]}}],"collection":[{"href":"https:\/\/filles-de-la-charite.org\/it\/wp-json\/wp\/v2\/familia"}],"about":[{"href":"https:\/\/filles-de-la-charite.org\/it\/wp-json\/wp\/v2\/types\/familia"}],"wp:featuredmedia":[{"embeddable":true,"href":"https:\/\/filles-de-la-charite.org\/it\/wp-json\/wp\/v2\/media\/1005"}],"wp:attachment":[{"href":"https:\/\/filles-de-la-charite.org\/it\/wp-json\/wp\/v2\/media?parent=3991"}],"wp:term":[{"taxonomy":"origen","embeddable":true,"href":"https:\/\/filles-de-la-charite.org\/it\/wp-json\/wp\/v2\/origen?post=3991"}],"curies":[{"name":"wp","href":"https:\/\/api.w.org\/{rel}","templated":true}]}}