{"id":3992,"date":"2020-10-21T11:57:27","date_gmt":"2020-10-21T09:57:27","guid":{"rendered":"https:\/\/hijascaridad.sjdigitaldemo.ovh\/familia\/beata-marta-wiecka\/"},"modified":"2024-02-26T22:15:43","modified_gmt":"2024-02-26T21:15:43","slug":"beata-marta-wiecka","status":"publish","type":"familia","link":"https:\/\/filles-de-la-charite.org\/it\/famiglia\/beata-marta-wiecka\/","title":{"rendered":"Beata Marta Wiecka"},"content":{"rendered":"\n<p>Suor Marta Wiecka ha solo trent\u2019anni quando muore. Ma in questo breve tempo raggiunge la santit\u00e0. La vita intera di figlia della Carit\u00e0 \u00e8 consacrata Dio al servizio dei malati e dei sofferenti, con spirito vincenziano di umilt\u00e0, semplicit\u00e0 e carit\u00e0.<\/p>\n\n\n\n<figure class=\"wp-block-table\"><table><tbody><tr><td><strong>1874, 12 gennaio&nbsp;<\/strong><\/td><td>Nasce a Nowy Wiec, Polonia<\/td><\/tr><tr><td><strong>1892, 12agosto&nbsp;<\/strong><\/td><td>Entra nella Compagnia delle Figlie della Carit\u00e0<\/td><\/tr><tr><td><strong>1893, 21 aprile&nbsp;<\/strong><\/td><td>E' inviata a Leopoli per la sua prima missione<\/td><\/tr><tr><td><strong>1897, 15 agosto&nbsp;<\/strong><\/td><td>Emette i suoi voti per la prima volta<\/td><\/tr><tr><td><strong>1904, 30 maggio&nbsp;<\/strong><\/td><td>Muore a \u015aniatyn<\/td><\/tr><tr><td><strong>2008, 24 maggio&nbsp;<\/strong><\/td><td>E' beatificata a Leopoli<\/td><\/tr><tr><td><strong>30 maggio<\/strong><\/td><td>Giorno della sua festa<\/td><\/tr><\/tbody><\/table><\/figure>\n\n\n\n<p>Marta Wiecka nasce il 12 gennaio 1874 a Nowy Wiec, Polonia. \u00c8 la terza figlia dei tredici che nascono nella famiglia Wiecka, ricchi proprietari terrieri.<\/p>\n\n\n\n<p>Nel 1772 una gran parte della Polonia \u00e8 divisa ed occupata da alcuni Stati vicini pi\u00f9 forti. La regione dove vive la famiglia Wiecka \u00e8 sotto il dominio della Prussia che cerca di sopprimere l\u2019identit\u00e0 nazionale e cattolica polacca attraverso un programma chiamato Kulturkampf (lotta per la cultura). Nonostante ci\u00f2, la famiglia Wiecka, come molte altre, era profondamente cattolica e polacca.<\/p>\n\n\n\n<p>Quando Marta ha due anni si ammala gravemente. Dopo il fallimento dell\u2019intervento medico, i suoi genitori raccomandano a Maria la loro piccola Marta che viene guarita miracolosamente. Marta per tutta la vita avr\u00e0 un grande amore per la Santa Vergine e spesso si rivolge a lei per chiedere aiuto.<\/p>\n\n\n\n<p>Da bambina, Marta aiuta con gioia sua madre nelle faccende domestiche. La famiglia e gli amici sanno che Marta \u00e8 un\u2019ardente devota di San Giovanni Nepomuceno, poich\u00e9 la vedono spesso in ginocchio, immersa nella preghiera, davanti all\u2019edicola del santo che si trova sul ciglio della strada.<\/p>\n\n\n\n<p>Il 3 ottobre 1886 Marta fa la prima Comunione. Da quel momento, Ges\u00f9 \u00e8 al centro della sua vita. Ogni volta che ne ha l\u2019opportunit\u00e0 assiste alla Messa, e percorre dodici chilometri fino alla chiesa della parrocchia a Skarszewy.<\/p>\n\n\n\n<p>All\u2019et\u00e0 di 18 anni, insieme alla sua amica \u2013 Monika Gdaniec, Marta lascia la sua famiglia che ama tanto per incominciare la sua vita di Figlia della Carit\u00e0. Il governo Prussiano aveva ristretto il numero di aspiranti nella vicina citt\u00e0 di Chelmno, per questo Marta decide di andare dalle Figlie della Carit\u00e0 di Cracovia per non lasciare sola Monika. Il 26 aprile 1892 le accettano entrambe come postulanti nella Casa Provinciale di Cracovia. La prossima fase di formazione di Marta incomincia dopo alcuni mesi, il 12 agosto, quando entra in Seminario (noviziato).<\/p>\n\n\n\n<p>Il 21 aprile 1893 Suor Marta \u00e8 inviata nella sua prima missione, in un ospedale a Leopoli. Si guadagna subito la reputazione di Suora che ama i suoi pazienti e li serve con grande devozione. Un anno e mezzo dopo, il 15 novembre 1894, \u00e8 inviata nell\u2019ospedale di Podhajce.<\/p>\n\n\n\n<p>Il 15 agosto del 1897 pronuncia i voti, per la prima volta, come Figlia della Carit\u00e0, firmando il suo impegno di servire Dio nella persona dei poveri.<\/p>\n\n\n\n<p>Nel 1899 Suor Marta \u00e8 inviata nella casa di Bochnia. In quel tempo ha una visione di nostro Signore sulla croce che la sollecita a sopportare le avversit\u00e0 con pazienza e le promette che presto sarebbe andata con Lui.<\/p>\n\n\n\n<p>Poco tempo dopo la visione di nostro Signore, si manifesta l\u2019avversit\u00e0. Un uomo squilibrato, uscito recentemente dall\u2019ospedale dove si trova Suor Marta, incomincia a dire che \u00e8 incinta. Suor Marta sopporta questo insulto con serena pazienza fidandosi totalmente di Dio.<\/p>\n\n\n\n<p>Quando la situazione di Bochnia svanisce, rivelando la sua totale innocenza, Suor Marta \u00e8 inviata a servire nell\u2019ospedale della citt\u00e0 di Sniatyn. Ha il dono di aiutare le persone a riconciliarsi con Dio. Nel suo reparto nessuno muore senza ricevere prima il Sacramento della riconciliazione. Per Suor Marta tutti i suoi pazienti sono importanti, senza tener conto se siano polacchi, ucraini, ebrei, ortodossi o cattolici.<\/p>\n\n\n\n<p>Durante un\u2019epidemia di febbre tifoidea un giovane infermiere, padre di famiglia, ha il pericoloso incarico di disinfettare la stanza di un malato di tifo. Vedendo la paura di questo uomo per lui e per la sua famiglia, Suor Marta si offre al suo posto. Questa generosit\u00e0 le costa la vita. Subito \u00e8 contagiata dalla febbre tifoidea e si ammala. <\/p>\n\n\n\n<p>Muore il 30 maggio 1904 a Sniatyn.<\/p>\n\n\n\n<p><\/p>\n\n\n\n<p><em>Per saperne di pi\u00f9 su Suor Marta visita la pagina\u00a0<\/em>web:\u00a0<a href=\"http:\/\/www.martawiecka.pl\/\" target=\"_blank\" rel=\"noreferrer noopener\">www.martawiecka.pl<\/a><\/p>\n","protected":false},"featured_media":1012,"template":"","meta":{"_acf_changed":false,"_links_to":"","_links_to_target":""},"origen":[],"class_list":["post-3992","familia","type-familia","status-publish","has-post-thumbnail","hentry"],"acf":[],"yoast_head":"<!-- This site is optimized with the Yoast SEO plugin v27.5 - https:\/\/yoast.com\/product\/yoast-seo-wordpress\/ -->\n<title>Beata Marta Wiecka - Filles de la Charit\u00e9<\/title>\n<meta name=\"robots\" content=\"index, follow, max-snippet:-1, max-image-preview:large, max-video-preview:-1\" \/>\n<link rel=\"canonical\" href=\"https:\/\/filles-de-la-charite.org\/it\/famiglia\/beata-marta-wiecka\/\" \/>\n<meta property=\"og:locale\" content=\"it_IT\" \/>\n<meta property=\"og:type\" content=\"article\" \/>\n<meta property=\"og:title\" content=\"Beata Marta Wiecka - Filles de la Charit\u00e9\" \/>\n<meta property=\"og:description\" content=\"Suor Marta Wiecka ha solo trent\u2019anni quando muore. Ma in questo breve tempo raggiunge la santit\u00e0. La vita intera di figlia della Carit\u00e0 \u00e8 consacrata Dio al servizio dei malati e dei sofferenti, con spirito vincenziano di umilt\u00e0, semplicit\u00e0 e carit\u00e0. 1874, 12 gennaio&nbsp; Nasce a Nowy Wiec, Polonia 1892, 12agosto&nbsp; Entra nella Compagnia delle [&hellip;]\" \/>\n<meta property=\"og:url\" content=\"https:\/\/filles-de-la-charite.org\/it\/famiglia\/beata-marta-wiecka\/\" \/>\n<meta property=\"og:site_name\" content=\"Filles de la Charit\u00e9\" \/>\n<meta property=\"article:modified_time\" content=\"2024-02-26T21:15:43+00:00\" \/>\n<meta property=\"og:image\" content=\"https:\/\/filles-de-la-charite.org\/wp-content\/uploads\/2023\/04\/Marta-Wiecka-1.png\" \/>\n\t<meta property=\"og:image:width\" content=\"302\" \/>\n\t<meta property=\"og:image:height\" content=\"391\" \/>\n\t<meta property=\"og:image:type\" content=\"image\/png\" \/>\n<meta name=\"twitter:card\" content=\"summary_large_image\" \/>\n<meta name=\"twitter:label1\" content=\"Tempo di lettura stimato\" \/>\n\t<meta name=\"twitter:data1\" content=\"3 minuti\" \/>\n<script type=\"application\/ld+json\" class=\"yoast-schema-graph\">{\"@context\":\"https:\\\/\\\/schema.org\",\"@graph\":[{\"@type\":\"WebPage\",\"@id\":\"https:\\\/\\\/filles-de-la-charite.org\\\/it\\\/famiglia\\\/beata-marta-wiecka\\\/\",\"url\":\"https:\\\/\\\/filles-de-la-charite.org\\\/it\\\/famiglia\\\/beata-marta-wiecka\\\/\",\"name\":\"Beata Marta Wiecka - Filles de la Charit\u00e9\",\"isPartOf\":{\"@id\":\"https:\\\/\\\/filles-de-la-charite.org\\\/it\\\/#website\"},\"primaryImageOfPage\":{\"@id\":\"https:\\\/\\\/filles-de-la-charite.org\\\/it\\\/famiglia\\\/beata-marta-wiecka\\\/#primaryimage\"},\"image\":{\"@id\":\"https:\\\/\\\/filles-de-la-charite.org\\\/it\\\/famiglia\\\/beata-marta-wiecka\\\/#primaryimage\"},\"thumbnailUrl\":\"https:\\\/\\\/filles-de-la-charite.org\\\/wp-content\\\/uploads\\\/2023\\\/04\\\/Marta-Wiecka-1.png\",\"datePublished\":\"2020-10-21T09:57:27+00:00\",\"dateModified\":\"2024-02-26T21:15:43+00:00\",\"breadcrumb\":{\"@id\":\"https:\\\/\\\/filles-de-la-charite.org\\\/it\\\/famiglia\\\/beata-marta-wiecka\\\/#breadcrumb\"},\"inLanguage\":\"it-IT\",\"potentialAction\":[{\"@type\":\"ReadAction\",\"target\":[\"https:\\\/\\\/filles-de-la-charite.org\\\/it\\\/famiglia\\\/beata-marta-wiecka\\\/\"]}]},{\"@type\":\"ImageObject\",\"inLanguage\":\"it-IT\",\"@id\":\"https:\\\/\\\/filles-de-la-charite.org\\\/it\\\/famiglia\\\/beata-marta-wiecka\\\/#primaryimage\",\"url\":\"https:\\\/\\\/filles-de-la-charite.org\\\/wp-content\\\/uploads\\\/2023\\\/04\\\/Marta-Wiecka-1.png\",\"contentUrl\":\"https:\\\/\\\/filles-de-la-charite.org\\\/wp-content\\\/uploads\\\/2023\\\/04\\\/Marta-Wiecka-1.png\",\"width\":302,\"height\":391},{\"@type\":\"BreadcrumbList\",\"@id\":\"https:\\\/\\\/filles-de-la-charite.org\\\/it\\\/famiglia\\\/beata-marta-wiecka\\\/#breadcrumb\",\"itemListElement\":[{\"@type\":\"ListItem\",\"position\":1,\"name\":\"La nostra famiglia\",\"item\":\"https:\\\/\\\/filles-de-la-charite.org\\\/it\\\/famiglia\\\/\"},{\"@type\":\"ListItem\",\"position\":2,\"name\":\"Beata Marta Wiecka\"}]},{\"@type\":\"WebSite\",\"@id\":\"https:\\\/\\\/filles-de-la-charite.org\\\/it\\\/#website\",\"url\":\"https:\\\/\\\/filles-de-la-charite.org\\\/it\\\/\",\"name\":\"Hijas de la Caridad\",\"description\":\"L\u2019amour de J\u00e9sus nous presse \u00e0 prendre soin des personnes les plus d\u00e9munies\",\"publisher\":{\"@id\":\"https:\\\/\\\/filles-de-la-charite.org\\\/it\\\/#organization\"},\"potentialAction\":[{\"@type\":\"SearchAction\",\"target\":{\"@type\":\"EntryPoint\",\"urlTemplate\":\"https:\\\/\\\/filles-de-la-charite.org\\\/it\\\/?s={search_term_string}\"},\"query-input\":{\"@type\":\"PropertyValueSpecification\",\"valueRequired\":true,\"valueName\":\"search_term_string\"}}],\"inLanguage\":\"it-IT\"},{\"@type\":\"Organization\",\"@id\":\"https:\\\/\\\/filles-de-la-charite.org\\\/it\\\/#organization\",\"name\":\"Hijas de la Caridad\",\"url\":\"https:\\\/\\\/filles-de-la-charite.org\\\/it\\\/\",\"logo\":{\"@type\":\"ImageObject\",\"inLanguage\":\"it-IT\",\"@id\":\"https:\\\/\\\/filles-de-la-charite.org\\\/it\\\/#\\\/schema\\\/logo\\\/image\\\/\",\"url\":\"https:\\\/\\\/filles-de-la-charite.org\\\/wp-content\\\/uploads\\\/2023\\\/03\\\/isotipo-Hijas-de-la-Caridad.png\",\"contentUrl\":\"https:\\\/\\\/filles-de-la-charite.org\\\/wp-content\\\/uploads\\\/2023\\\/03\\\/isotipo-Hijas-de-la-Caridad.png\",\"width\":1417,\"height\":1417,\"caption\":\"Hijas de la Caridad\"},\"image\":{\"@id\":\"https:\\\/\\\/filles-de-la-charite.org\\\/it\\\/#\\\/schema\\\/logo\\\/image\\\/\"}}]}<\/script>\n<!-- \/ Yoast SEO plugin. -->","yoast_head_json":{"title":"Beata Marta Wiecka - Filles de la Charit\u00e9","robots":{"index":"index","follow":"follow","max-snippet":"max-snippet:-1","max-image-preview":"max-image-preview:large","max-video-preview":"max-video-preview:-1"},"canonical":"https:\/\/filles-de-la-charite.org\/it\/famiglia\/beata-marta-wiecka\/","og_locale":"it_IT","og_type":"article","og_title":"Beata Marta Wiecka - Filles de la Charit\u00e9","og_description":"Suor Marta Wiecka ha solo trent\u2019anni quando muore. Ma in questo breve tempo raggiunge la santit\u00e0. La vita intera di figlia della Carit\u00e0 \u00e8 consacrata Dio al servizio dei malati e dei sofferenti, con spirito vincenziano di umilt\u00e0, semplicit\u00e0 e carit\u00e0. 1874, 12 gennaio&nbsp; Nasce a Nowy Wiec, Polonia 1892, 12agosto&nbsp; Entra nella Compagnia delle [&hellip;]","og_url":"https:\/\/filles-de-la-charite.org\/it\/famiglia\/beata-marta-wiecka\/","og_site_name":"Filles de la Charit\u00e9","article_modified_time":"2024-02-26T21:15:43+00:00","og_image":[{"width":302,"height":391,"url":"https:\/\/filles-de-la-charite.org\/wp-content\/uploads\/2023\/04\/Marta-Wiecka-1.png","type":"image\/png"}],"twitter_card":"summary_large_image","twitter_misc":{"Tempo di lettura stimato":"3 minuti"},"schema":{"@context":"https:\/\/schema.org","@graph":[{"@type":"WebPage","@id":"https:\/\/filles-de-la-charite.org\/it\/famiglia\/beata-marta-wiecka\/","url":"https:\/\/filles-de-la-charite.org\/it\/famiglia\/beata-marta-wiecka\/","name":"Beata Marta Wiecka - Filles de la Charit\u00e9","isPartOf":{"@id":"https:\/\/filles-de-la-charite.org\/it\/#website"},"primaryImageOfPage":{"@id":"https:\/\/filles-de-la-charite.org\/it\/famiglia\/beata-marta-wiecka\/#primaryimage"},"image":{"@id":"https:\/\/filles-de-la-charite.org\/it\/famiglia\/beata-marta-wiecka\/#primaryimage"},"thumbnailUrl":"https:\/\/filles-de-la-charite.org\/wp-content\/uploads\/2023\/04\/Marta-Wiecka-1.png","datePublished":"2020-10-21T09:57:27+00:00","dateModified":"2024-02-26T21:15:43+00:00","breadcrumb":{"@id":"https:\/\/filles-de-la-charite.org\/it\/famiglia\/beata-marta-wiecka\/#breadcrumb"},"inLanguage":"it-IT","potentialAction":[{"@type":"ReadAction","target":["https:\/\/filles-de-la-charite.org\/it\/famiglia\/beata-marta-wiecka\/"]}]},{"@type":"ImageObject","inLanguage":"it-IT","@id":"https:\/\/filles-de-la-charite.org\/it\/famiglia\/beata-marta-wiecka\/#primaryimage","url":"https:\/\/filles-de-la-charite.org\/wp-content\/uploads\/2023\/04\/Marta-Wiecka-1.png","contentUrl":"https:\/\/filles-de-la-charite.org\/wp-content\/uploads\/2023\/04\/Marta-Wiecka-1.png","width":302,"height":391},{"@type":"BreadcrumbList","@id":"https:\/\/filles-de-la-charite.org\/it\/famiglia\/beata-marta-wiecka\/#breadcrumb","itemListElement":[{"@type":"ListItem","position":1,"name":"La nostra famiglia","item":"https:\/\/filles-de-la-charite.org\/it\/famiglia\/"},{"@type":"ListItem","position":2,"name":"Beata Marta Wiecka"}]},{"@type":"WebSite","@id":"https:\/\/filles-de-la-charite.org\/it\/#website","url":"https:\/\/filles-de-la-charite.org\/it\/","name":"Hijas de la Caridad","description":"L\u2019amour de J\u00e9sus nous presse \u00e0 prendre soin des personnes les plus d\u00e9munies","publisher":{"@id":"https:\/\/filles-de-la-charite.org\/it\/#organization"},"potentialAction":[{"@type":"SearchAction","target":{"@type":"EntryPoint","urlTemplate":"https:\/\/filles-de-la-charite.org\/it\/?s={search_term_string}"},"query-input":{"@type":"PropertyValueSpecification","valueRequired":true,"valueName":"search_term_string"}}],"inLanguage":"it-IT"},{"@type":"Organization","@id":"https:\/\/filles-de-la-charite.org\/it\/#organization","name":"Hijas de la Caridad","url":"https:\/\/filles-de-la-charite.org\/it\/","logo":{"@type":"ImageObject","inLanguage":"it-IT","@id":"https:\/\/filles-de-la-charite.org\/it\/#\/schema\/logo\/image\/","url":"https:\/\/filles-de-la-charite.org\/wp-content\/uploads\/2023\/03\/isotipo-Hijas-de-la-Caridad.png","contentUrl":"https:\/\/filles-de-la-charite.org\/wp-content\/uploads\/2023\/03\/isotipo-Hijas-de-la-Caridad.png","width":1417,"height":1417,"caption":"Hijas de la Caridad"},"image":{"@id":"https:\/\/filles-de-la-charite.org\/it\/#\/schema\/logo\/image\/"}}]}},"_links":{"self":[{"href":"https:\/\/filles-de-la-charite.org\/it\/wp-json\/wp\/v2\/familia\/3992","targetHints":{"allow":["GET"]}}],"collection":[{"href":"https:\/\/filles-de-la-charite.org\/it\/wp-json\/wp\/v2\/familia"}],"about":[{"href":"https:\/\/filles-de-la-charite.org\/it\/wp-json\/wp\/v2\/types\/familia"}],"wp:featuredmedia":[{"embeddable":true,"href":"https:\/\/filles-de-la-charite.org\/it\/wp-json\/wp\/v2\/media\/1012"}],"wp:attachment":[{"href":"https:\/\/filles-de-la-charite.org\/it\/wp-json\/wp\/v2\/media?parent=3992"}],"wp:term":[{"taxonomy":"origen","embeddable":true,"href":"https:\/\/filles-de-la-charite.org\/it\/wp-json\/wp\/v2\/origen?post=3992"}],"curies":[{"name":"wp","href":"https:\/\/api.w.org\/{rel}","templated":true}]}}