{"id":3993,"date":"2020-10-21T14:24:44","date_gmt":"2020-10-21T12:24:44","guid":{"rendered":"https:\/\/hijascaridad.sjdigitaldemo.ovh\/familia\/beata-rosalia-rendu\/"},"modified":"2024-02-25T22:37:56","modified_gmt":"2024-02-25T21:37:56","slug":"beata-rosalia-rendu","status":"publish","type":"familia","link":"https:\/\/filles-de-la-charite.org\/it\/famiglia\/beata-rosalia-rendu\/","title":{"rendered":"Beata Rosalia Rendu"},"content":{"rendered":"\n<p>Jeanne Marie Rendu (Suor Rosalia), figlia di Antoine Rendu e di Marie Anne Laracine, \u00e8 nata il 9 settembre nel 1786 a Confort, nel cantone di Gex tra le montagne del Giura a sud est della Francia, presso la frontiera Svizzera. Ha trascorso tutta la sua vita di Figlia della Carit\u00e0, per circa cinquantatr\u00e9 anni, nel quartiere Mouffetard, il pi\u00f9 povero di Parigi.<\/p>\n\n\n\n<figure class=\"wp-block-table\"><table><tbody><tr><td><strong>1786<\/strong><\/td><td>Nascita<\/td><\/tr><tr><td><strong>1802<\/strong>, 25 maggio<\/td><td>Entra presso le Figlie della Carit\u00e0<\/td><\/tr><tr><td><strong>1803<\/strong><\/td><td>Riceve l\u2019abito ed \u00e8 inviata nella casa Saint-Martin<\/td><\/tr><tr><td><strong>1807<\/strong><\/td><td>Pronuncia i voti per la prima volta<\/td><\/tr><tr><td><strong>1815<\/strong><\/td><td>E' nominata Suor Servente della casa S. Martin<\/td><\/tr><tr><td><strong>1830<\/strong><\/td><td>Scoppia la rivoluzione; sistemazione delle postulanti  nella Casa di via de l\u2019\u00c9p\u00e9e-de-Bois<\/td><\/tr><tr><td><strong>1831<\/strong><\/td><td>L\u2019arcivescovo Quelen e altri membri del clero sono accolti nella Casa di via l\u2019\u00c9p\u00e9e-de-Bois<\/td><\/tr><tr><td><strong>1833<\/strong><\/td><td>Inizia la formazione dei primi membri della Societ\u00e0 di San Vincenzo de Paoli<\/td><\/tr><tr><td><strong>1840<\/strong><\/td><td>Collabora con le Dame della carit\u00e0 recentemente costituite; intraprende i lavori di espansione della casa.<\/td><\/tr><tr><td><strong>1848<\/strong><\/td><td>La rivoluzione; la casa diviene un rifugio e\u00a0 un ospedale da campo.<\/td><\/tr><tr><td><strong>1852<\/strong><\/td><td>\u00c8 insignita della Croce della Legion d\u2019Onore da Napoleone III.<\/td><\/tr><tr><td><strong>1853<\/strong><\/td><td>Inizia a perdere la vista e la sua salute peggiora.<\/td><\/tr><tr><td><strong>1856<\/strong><\/td><td>Morte, partecipano al funerale circa 50.000 persone di ogni estrazione sociale.<\/td><\/tr><tr><td>1974<\/td><td>Apertura del processo diocesano di Beatificazione a Parigi.<\/td><\/tr><tr><td><strong>2003<\/strong>, 9 novembre<\/td><td>Beatificazione da parte di Papa Giovanni Paolo II<\/td><\/tr><tr><td>7 febbraio<\/td><td><strong>\u00a0<\/strong>Giorno della sua festa liturgica.<\/td><\/tr><\/tbody><\/table><\/figure>\n\n\n\n<p>Il 25 maggio 1802 Suor Rosalia \u00e8 entrata in Seminario (noviziato) alla Casa Madre delle Figlie della Carit\u00e0 di San Vincenzo de Paoli, rue Vieux-Colombier a Parigi.<br>A causa del suo sforzo nel dare il meglio di s\u00e9 in questa nuova vita, la sua salute si \u00e8 indebolita e perci\u00f2 \u00e8 stata inviata, dopo la sua formazione, nella casa delle Figlie della Carit\u00e0 del quartiere Mouffetard con la speranza che questa sistemazione potesse aiutarla a recuperare le forze.<\/p>\n\n\n\n<p>La sete di azione, di dedizione e di servizio che ardeva in Suor Rosalia non avrebbe potuto trovare un posto migliore per essere placata. Le malattie, le baraccopoli insalubri e la povert\u00e0 erano la vita quotidiana degli abitanti che lottavano per sopravvivere. Suor Rosalia era felice tra le persone che divennero rapidamente i suoi \u00abamati poveri\u00bb.<\/p>\n\n\n\n<p>All\u2019inizio accompagnava le Sorelle durante la visita ai malati e ai poveri nelle loro case. Ha anche insegnato catechismo e lettura alle bambine della scuola libera. Suor Rosalie era felice e nel 1807 ha pronunciato i voti per la prima volta. Le sue qualit\u00e0 di dedizione, autorit\u00e0 naturale, umilt\u00e0, compassione cos\u00ec come le sue capacit\u00e0 organizzative si riveleranno pienamente ben presto. Cos\u00ec nel 1815, sar\u00e0 nominata Suor Servente (Superiora locale) della casa.<\/p>\n\n\n\n<p>Come responsabile della sua comunit\u00e0, Suor Rosalia ha ricevuto la missione di accompagnare ciascuna delle sue Suore, di formare le giovani e di animare la vita comunitaria, cosa che fece con massima cura, comunicando l\u2019amore e la gioia del servizio.<\/p>\n\n\n\n<p>Nel corso degli anni, sempre attenta alle nuove povert\u00e0, aveva sviluppato le opere della casa: una scuola, la visita a domicilio dei malati, la creazione di un dispensario, di un asilo nido, di un centro di accoglienza diurna per bambini troppo piccoli per la scuola, di un centro di formazione pratica e di un centro sociale per le ragazze pi\u00f9 grandi. Allo stesso tempo, ha invitato altre persone a condividere la missione di san Vincenzo.<\/p>\n\n\n\n<p>Suor Rosalia era una \u201cmadre buona per tutti\u201d senza distinzione di religione, scelte politiche, o stato sociale. Con una mano riceveva dai ricchi, con l\u2019altra dava ai poveri. Suor Rosalia ha offerto ai ricchi la gioia di fare delle opere buone. Spesso la si poteva vedere nel parlatorio della casa con i suoi amati, i \u201cPoveri\u201d, cos\u00ec come con i vescovi, i sacerdoti, i funzionari del governo, le donne benestanti e studenti universitari. Tra questi Federico Ozanam e i primi membri della Societ\u00e0 di San Vincenzo de Paoli.<\/p>\n\n\n\n<p>Con affetto e rispetto, Suor Rosalia e le Suore accompagnavano questi giovani generosi e altri studenti. Rosalia raccomandava la pazienza, l\u2019indulgenza e la cortesia nei loro confronti. \u00abAmate i poveri, non biasimateli troppo\u2026 ricordate che i poveri sono pi\u00f9 sensibili al vostro atteggiamento che al vostro  aiuto\u00bb. Soprattutto ha indicato la strada con l'esempio : \u00abOgni giorno, in ogni tempo, Suor Rosalia percorreva le strade e i vicoli che salivano al Pantheon, il versante sud della Montagna di Santa Genevi\u00e8ve: rue Mouffetard, il passaggio des Patriarches, rue del'\u00c9p\u00e9e-de-Fonds, rue du Pot de Fer\u2026 Con il rosario in mano e un pesante cesto sul braccio, camminava con passo rapido perch\u00e9 sapeva \u00abche i poveri la stavano aspettando!\u00bb<\/p>\n\n\n\n<p>Parlava a Dio di quella famiglia che soffriva perch\u00e9 il padre era disoccupato, di quella persona anziana che rischiava di morire da sola in una mansarda: \u00abMai faccio cos\u00ec bene l\u2019orazione come per le strade\u00bb, diceva.<br>La sua fede, solida come una roccia e limpida come una sorgente, le rivelava Ges\u00f9 Cristo in tutte le circostanze. La sua vita di preghiera era intensa. Come afferma una Suora, \u00ab ella viveva continuamente alla presenza di Dio. Quando aveva una missione difficile da compiere, eravamo certe di vederla andare in cappella o di trovarla in ginocchio nel suo ufficio.\u00bb<\/p>\n\n\n\n<p>Con le sorelle e la sua vasta rete di collaboratori, si prendeva cura instancabilmente, nutriva, visitava e consolava gli altri! Dotata di una viva sensibilit\u00e0, aveva empatia con tutti coloro che soffrivano. \u00abC\u2019\u00e8 qualcosa che mi soffoca\u00bb, diceva, \u00abe che mi toglie l\u2019appetito\u2026 il pensiero che a tante famiglie manchi il pane\u00bb. Per il servizio dei suoi amati, i poveri, ha osato intraprendere ogni cosa con intelligenza e audacia. Niente la fermava se questo permetteva loro di uscire dalla miseria.<\/p>\n\n\n\n<p>Suor Rosalia non contestava l\u2019ordine costituito, n\u00e9 incitava alla rivolta: non era il suo metodo.<br>Per combattere l\u2019ingiustizia e la povert\u00e0, risvegliava la coscienza di coloro che erano al potere o di coloro che avevano denaro, lavorava per l\u2019educazione dei bambini e dei giovani, provenienti da famiglie povere e, per rispondere alle emergenze, insegnava a condividere: ella \u00aborganizza la carit\u00e0\u00bb.<\/p>\n\n\n\n<p>Durante gli anni della rivoluzione, dal 1830 al 1848, Suor Rosalia e le sue Suore si preoccupavano dei feriti: dei rivoltosi o dei soldati. Le persone che erano in pericolo trovavano sempre rifugio nella casa delle Suore in rue de l\u2019\u00c9p\u00e9e-de-Bois. La sua casa si trasformava in rifugio e in ospedale da campo.<\/p>\n\n\n\n<p>Gli ultimi anni della vita di Suor Rosalia sono stati dolorosi, la sua salute si aggravava e la vista diminuiva. Non era pi\u00f9 in grado di visitare regolarmente \u00abi poveri, i suoi amati\u00bb. Eppure la sua reputazione ha continuato a crescere. L\u2019imperatore, Napoleone III, le ha conferito con la Croce della Legione d\u2019onore, una onore militare che solo 4 donne avevano ricevuto fino ai tempi recenti.<\/p>\n\n\n\n<p>Suor Rosalia ha sperimentato, nella sua semplice vita di Figlia della Carit\u00e0, la verit\u00e0 delle parole di Vincenzo de Paoli nel 1660, \u00ab\u2026 \u00c8 certamente un grande segreto della vita spirituale abbandonare tutto ci\u00f2 che amiamo a Dio, abbandonandoci a tutto ci\u00f2 che Egli vorr\u00e0. Pregate per me\u00bb. E sar\u00e0 questa semplice Figlia della Carit\u00e0 a essere onorata con il suo funerale il 9 febbraio del 1856. Vi hanno partecipato circa 50.000 persone di tutti i ceti sociali e idee politiche e religiose. Da quel giorno, a tutt\u2019 oggi, la sua tomba nel cimitero di Montparnasse, a Parigi, \u00e8 sempre adornata di fiori.<\/p>\n","protected":false},"featured_media":1047,"template":"","meta":{"_acf_changed":false,"_links_to":"","_links_to_target":""},"origen":[],"class_list":["post-3993","familia","type-familia","status-publish","has-post-thumbnail","hentry"],"acf":[],"yoast_head":"<!-- This site is optimized with the Yoast SEO plugin v27.5 - https:\/\/yoast.com\/product\/yoast-seo-wordpress\/ -->\n<title>Beata Rosalia Rendu - Filles de la Charit\u00e9<\/title>\n<meta name=\"robots\" content=\"index, follow, max-snippet:-1, max-image-preview:large, max-video-preview:-1\" \/>\n<link rel=\"canonical\" href=\"https:\/\/filles-de-la-charite.org\/it\/famiglia\/beata-rosalia-rendu\/\" \/>\n<meta property=\"og:locale\" content=\"it_IT\" \/>\n<meta property=\"og:type\" content=\"article\" \/>\n<meta property=\"og:title\" content=\"Beata Rosalia Rendu - Filles de la Charit\u00e9\" \/>\n<meta property=\"og:description\" content=\"Jeanne Marie Rendu (Suor Rosalia), figlia di Antoine Rendu e di Marie Anne Laracine, \u00e8 nata il 9 settembre nel 1786 a Confort, nel cantone di Gex tra le montagne del Giura a sud est della Francia, presso la frontiera Svizzera. Ha trascorso tutta la sua vita di Figlia della Carit\u00e0, per circa cinquantatr\u00e9 anni, [&hellip;]\" \/>\n<meta property=\"og:url\" content=\"https:\/\/filles-de-la-charite.org\/it\/famiglia\/beata-rosalia-rendu\/\" \/>\n<meta property=\"og:site_name\" content=\"Filles de la Charit\u00e9\" \/>\n<meta property=\"article:modified_time\" content=\"2024-02-25T21:37:56+00:00\" \/>\n<meta property=\"og:image\" content=\"https:\/\/filles-de-la-charite.org\/wp-content\/uploads\/2023\/04\/Rosalie-Rendu-1.png\" \/>\n\t<meta property=\"og:image:width\" content=\"287\" \/>\n\t<meta property=\"og:image:height\" content=\"414\" \/>\n\t<meta property=\"og:image:type\" content=\"image\/png\" \/>\n<meta name=\"twitter:card\" content=\"summary_large_image\" \/>\n<meta name=\"twitter:label1\" content=\"Tempo di lettura stimato\" \/>\n\t<meta name=\"twitter:data1\" content=\"6 minuti\" \/>\n<script type=\"application\/ld+json\" class=\"yoast-schema-graph\">{\"@context\":\"https:\\\/\\\/schema.org\",\"@graph\":[{\"@type\":\"WebPage\",\"@id\":\"https:\\\/\\\/filles-de-la-charite.org\\\/it\\\/famiglia\\\/beata-rosalia-rendu\\\/\",\"url\":\"https:\\\/\\\/filles-de-la-charite.org\\\/it\\\/famiglia\\\/beata-rosalia-rendu\\\/\",\"name\":\"Beata Rosalia Rendu - Filles de la Charit\u00e9\",\"isPartOf\":{\"@id\":\"https:\\\/\\\/filles-de-la-charite.org\\\/it\\\/#website\"},\"primaryImageOfPage\":{\"@id\":\"https:\\\/\\\/filles-de-la-charite.org\\\/it\\\/famiglia\\\/beata-rosalia-rendu\\\/#primaryimage\"},\"image\":{\"@id\":\"https:\\\/\\\/filles-de-la-charite.org\\\/it\\\/famiglia\\\/beata-rosalia-rendu\\\/#primaryimage\"},\"thumbnailUrl\":\"https:\\\/\\\/filles-de-la-charite.org\\\/wp-content\\\/uploads\\\/2023\\\/04\\\/Rosalie-Rendu-1.png\",\"datePublished\":\"2020-10-21T12:24:44+00:00\",\"dateModified\":\"2024-02-25T21:37:56+00:00\",\"breadcrumb\":{\"@id\":\"https:\\\/\\\/filles-de-la-charite.org\\\/it\\\/famiglia\\\/beata-rosalia-rendu\\\/#breadcrumb\"},\"inLanguage\":\"it-IT\",\"potentialAction\":[{\"@type\":\"ReadAction\",\"target\":[\"https:\\\/\\\/filles-de-la-charite.org\\\/it\\\/famiglia\\\/beata-rosalia-rendu\\\/\"]}]},{\"@type\":\"ImageObject\",\"inLanguage\":\"it-IT\",\"@id\":\"https:\\\/\\\/filles-de-la-charite.org\\\/it\\\/famiglia\\\/beata-rosalia-rendu\\\/#primaryimage\",\"url\":\"https:\\\/\\\/filles-de-la-charite.org\\\/wp-content\\\/uploads\\\/2023\\\/04\\\/Rosalie-Rendu-1.png\",\"contentUrl\":\"https:\\\/\\\/filles-de-la-charite.org\\\/wp-content\\\/uploads\\\/2023\\\/04\\\/Rosalie-Rendu-1.png\",\"width\":287,\"height\":414},{\"@type\":\"BreadcrumbList\",\"@id\":\"https:\\\/\\\/filles-de-la-charite.org\\\/it\\\/famiglia\\\/beata-rosalia-rendu\\\/#breadcrumb\",\"itemListElement\":[{\"@type\":\"ListItem\",\"position\":1,\"name\":\"La nostra famiglia\",\"item\":\"https:\\\/\\\/filles-de-la-charite.org\\\/it\\\/famiglia\\\/\"},{\"@type\":\"ListItem\",\"position\":2,\"name\":\"Beata Rosalia Rendu\"}]},{\"@type\":\"WebSite\",\"@id\":\"https:\\\/\\\/filles-de-la-charite.org\\\/it\\\/#website\",\"url\":\"https:\\\/\\\/filles-de-la-charite.org\\\/it\\\/\",\"name\":\"Hijas de la Caridad\",\"description\":\"L\u2019amour de J\u00e9sus nous presse \u00e0 prendre soin des personnes les plus d\u00e9munies\",\"publisher\":{\"@id\":\"https:\\\/\\\/filles-de-la-charite.org\\\/it\\\/#organization\"},\"potentialAction\":[{\"@type\":\"SearchAction\",\"target\":{\"@type\":\"EntryPoint\",\"urlTemplate\":\"https:\\\/\\\/filles-de-la-charite.org\\\/it\\\/?s={search_term_string}\"},\"query-input\":{\"@type\":\"PropertyValueSpecification\",\"valueRequired\":true,\"valueName\":\"search_term_string\"}}],\"inLanguage\":\"it-IT\"},{\"@type\":\"Organization\",\"@id\":\"https:\\\/\\\/filles-de-la-charite.org\\\/it\\\/#organization\",\"name\":\"Hijas de la Caridad\",\"url\":\"https:\\\/\\\/filles-de-la-charite.org\\\/it\\\/\",\"logo\":{\"@type\":\"ImageObject\",\"inLanguage\":\"it-IT\",\"@id\":\"https:\\\/\\\/filles-de-la-charite.org\\\/it\\\/#\\\/schema\\\/logo\\\/image\\\/\",\"url\":\"https:\\\/\\\/filles-de-la-charite.org\\\/wp-content\\\/uploads\\\/2023\\\/03\\\/isotipo-Hijas-de-la-Caridad.png\",\"contentUrl\":\"https:\\\/\\\/filles-de-la-charite.org\\\/wp-content\\\/uploads\\\/2023\\\/03\\\/isotipo-Hijas-de-la-Caridad.png\",\"width\":1417,\"height\":1417,\"caption\":\"Hijas de la Caridad\"},\"image\":{\"@id\":\"https:\\\/\\\/filles-de-la-charite.org\\\/it\\\/#\\\/schema\\\/logo\\\/image\\\/\"}}]}<\/script>\n<!-- \/ Yoast SEO plugin. -->","yoast_head_json":{"title":"Beata Rosalia Rendu - Filles de la Charit\u00e9","robots":{"index":"index","follow":"follow","max-snippet":"max-snippet:-1","max-image-preview":"max-image-preview:large","max-video-preview":"max-video-preview:-1"},"canonical":"https:\/\/filles-de-la-charite.org\/it\/famiglia\/beata-rosalia-rendu\/","og_locale":"it_IT","og_type":"article","og_title":"Beata Rosalia Rendu - Filles de la Charit\u00e9","og_description":"Jeanne Marie Rendu (Suor Rosalia), figlia di Antoine Rendu e di Marie Anne Laracine, \u00e8 nata il 9 settembre nel 1786 a Confort, nel cantone di Gex tra le montagne del Giura a sud est della Francia, presso la frontiera Svizzera. Ha trascorso tutta la sua vita di Figlia della Carit\u00e0, per circa cinquantatr\u00e9 anni, [&hellip;]","og_url":"https:\/\/filles-de-la-charite.org\/it\/famiglia\/beata-rosalia-rendu\/","og_site_name":"Filles de la Charit\u00e9","article_modified_time":"2024-02-25T21:37:56+00:00","og_image":[{"width":287,"height":414,"url":"https:\/\/filles-de-la-charite.org\/wp-content\/uploads\/2023\/04\/Rosalie-Rendu-1.png","type":"image\/png"}],"twitter_card":"summary_large_image","twitter_misc":{"Tempo di lettura stimato":"6 minuti"},"schema":{"@context":"https:\/\/schema.org","@graph":[{"@type":"WebPage","@id":"https:\/\/filles-de-la-charite.org\/it\/famiglia\/beata-rosalia-rendu\/","url":"https:\/\/filles-de-la-charite.org\/it\/famiglia\/beata-rosalia-rendu\/","name":"Beata Rosalia Rendu - Filles de la Charit\u00e9","isPartOf":{"@id":"https:\/\/filles-de-la-charite.org\/it\/#website"},"primaryImageOfPage":{"@id":"https:\/\/filles-de-la-charite.org\/it\/famiglia\/beata-rosalia-rendu\/#primaryimage"},"image":{"@id":"https:\/\/filles-de-la-charite.org\/it\/famiglia\/beata-rosalia-rendu\/#primaryimage"},"thumbnailUrl":"https:\/\/filles-de-la-charite.org\/wp-content\/uploads\/2023\/04\/Rosalie-Rendu-1.png","datePublished":"2020-10-21T12:24:44+00:00","dateModified":"2024-02-25T21:37:56+00:00","breadcrumb":{"@id":"https:\/\/filles-de-la-charite.org\/it\/famiglia\/beata-rosalia-rendu\/#breadcrumb"},"inLanguage":"it-IT","potentialAction":[{"@type":"ReadAction","target":["https:\/\/filles-de-la-charite.org\/it\/famiglia\/beata-rosalia-rendu\/"]}]},{"@type":"ImageObject","inLanguage":"it-IT","@id":"https:\/\/filles-de-la-charite.org\/it\/famiglia\/beata-rosalia-rendu\/#primaryimage","url":"https:\/\/filles-de-la-charite.org\/wp-content\/uploads\/2023\/04\/Rosalie-Rendu-1.png","contentUrl":"https:\/\/filles-de-la-charite.org\/wp-content\/uploads\/2023\/04\/Rosalie-Rendu-1.png","width":287,"height":414},{"@type":"BreadcrumbList","@id":"https:\/\/filles-de-la-charite.org\/it\/famiglia\/beata-rosalia-rendu\/#breadcrumb","itemListElement":[{"@type":"ListItem","position":1,"name":"La nostra famiglia","item":"https:\/\/filles-de-la-charite.org\/it\/famiglia\/"},{"@type":"ListItem","position":2,"name":"Beata Rosalia Rendu"}]},{"@type":"WebSite","@id":"https:\/\/filles-de-la-charite.org\/it\/#website","url":"https:\/\/filles-de-la-charite.org\/it\/","name":"Hijas de la Caridad","description":"L\u2019amour de J\u00e9sus nous presse \u00e0 prendre soin des personnes les plus d\u00e9munies","publisher":{"@id":"https:\/\/filles-de-la-charite.org\/it\/#organization"},"potentialAction":[{"@type":"SearchAction","target":{"@type":"EntryPoint","urlTemplate":"https:\/\/filles-de-la-charite.org\/it\/?s={search_term_string}"},"query-input":{"@type":"PropertyValueSpecification","valueRequired":true,"valueName":"search_term_string"}}],"inLanguage":"it-IT"},{"@type":"Organization","@id":"https:\/\/filles-de-la-charite.org\/it\/#organization","name":"Hijas de la Caridad","url":"https:\/\/filles-de-la-charite.org\/it\/","logo":{"@type":"ImageObject","inLanguage":"it-IT","@id":"https:\/\/filles-de-la-charite.org\/it\/#\/schema\/logo\/image\/","url":"https:\/\/filles-de-la-charite.org\/wp-content\/uploads\/2023\/03\/isotipo-Hijas-de-la-Caridad.png","contentUrl":"https:\/\/filles-de-la-charite.org\/wp-content\/uploads\/2023\/03\/isotipo-Hijas-de-la-Caridad.png","width":1417,"height":1417,"caption":"Hijas de la Caridad"},"image":{"@id":"https:\/\/filles-de-la-charite.org\/it\/#\/schema\/logo\/image\/"}}]}},"_links":{"self":[{"href":"https:\/\/filles-de-la-charite.org\/it\/wp-json\/wp\/v2\/familia\/3993","targetHints":{"allow":["GET"]}}],"collection":[{"href":"https:\/\/filles-de-la-charite.org\/it\/wp-json\/wp\/v2\/familia"}],"about":[{"href":"https:\/\/filles-de-la-charite.org\/it\/wp-json\/wp\/v2\/types\/familia"}],"wp:featuredmedia":[{"embeddable":true,"href":"https:\/\/filles-de-la-charite.org\/it\/wp-json\/wp\/v2\/media\/1047"}],"wp:attachment":[{"href":"https:\/\/filles-de-la-charite.org\/it\/wp-json\/wp\/v2\/media?parent=3993"}],"wp:term":[{"taxonomy":"origen","embeddable":true,"href":"https:\/\/filles-de-la-charite.org\/it\/wp-json\/wp\/v2\/origen?post=3993"}],"curies":[{"name":"wp","href":"https:\/\/api.w.org\/{rel}","templated":true}]}}