{"id":3994,"date":"2020-10-21T12:16:43","date_gmt":"2020-10-21T10:16:43","guid":{"rendered":"https:\/\/hijascaridad.sjdigitaldemo.ovh\/familia\/le-beate-figlie-della-carita-martiri-durante-la-rivoluzione-francese\/"},"modified":"2024-02-28T17:29:19","modified_gmt":"2024-02-28T16:29:19","slug":"le-beate-figlie-della-carita-martiri-durante-la-rivoluzione-francese","status":"publish","type":"familia","link":"https:\/\/filles-de-la-charite.org\/it\/famiglia\/le-beate-figlie-della-carita-martiri-durante-la-rivoluzione-francese\/","title":{"rendered":"Le Beate Figlie della Carit\u00e0, martiri durante la Rivoluzione Francese"},"content":{"rendered":"\n<p>Le Beate Figlie della Carit\u00e0, Suore martiri durante la Rivoluzione francese hanno vissuto quello che l\u2019Apostolo scriveva ai Romani (8. 35,39)\u00a0<em>\u201cChi ci separer\u00e0 dunque dall\u2019amore di Cristo? Forse la tribolazione, l\u2019angoscia, la persecuzione, la fame, la nudit\u00e0, il pericolo, la spada?<\/em>\u00a0<em>N\u00e9 potenze, n\u00e9 altezza n\u00e9 profondit\u00e0, n\u00e9 alcun\u2019altra creatura potr\u00e0 mai separarci dall\u2019amore di Dio, in Cristo Ges\u00f9, nostro Signore\u201d.<\/em> La Rivoluzione francese, che inizia nel luglio del 1789, vuole portare al popolo francese un miglioramento delle condizioni di vita, e scrive nel suo programma le sue tre parole \u00abLibert\u00e0, Uguaglianza e Fraternit\u00e0\u00bb. Fin dall\u2019agosto 1789, i rivoluzionari votarono l\u2019abolizione di tutti i privilegi goduti dalla nobilt\u00e0 e da un gran numero di membri della Chiesa.<\/p>\n\n\n\n<p>Per assicurare la vita della Chiesa, dopo avere soppresso le risorse di cui godeva, i rivoluzionari redigono la Costituzione Civile del Clero e chiedono a tutto il clero di aderire. Si domanda loro un giuramento. Molti sacerdoti considerano questa Costituzione come una rottura con il Papa e rifiutano di prestare questo giuramento che considerano come scismatico. I sacerdoti detti \u201cnon giurati\u201d sono ricercati e obbligati a fuggire all\u2019estero o a nascondersi per evitare la prigione, la morte o la deportazione. Numerosi cristiani rifiutano di partecipare alla messa dei sacerdoti \u201cgiurati\u201d. Mettendo a repentaglio la loro libert\u00e0 e la loro vita, nascondono i preti che vivono clandestinamente il loro apostolato.<\/p>\n\n\n\n<p>I Rivoluzionari allora perseguitano tutti coloro che, ai loro occhi, simboleggiano la Monarchia e i privilegi. Gli arresti si moltiplicano. Nell\u2019 agosto 1792, il Re \u00e8 incarcerato con la sua famiglia, gli ordini religiosi sono tutti soppressi. La morte del Re Luigi XVI, ghigliottinato il 21 gennaio 1793, segna una svolta: gli avvenimenti precipitano e provocano un\u2019esplosione di violenza, il Terrore si sparge nel Paese. Il giuramento di adesione alla Rivoluzione, il giuramento di Libert\u00e0-uguaglianza, \u00e8 imposto a tutti gli ex membri degli Ordini religiosi che compiono un servizio rimunerato dallo Stato. Prestare questo giuramento \u00e8 visto da molti come una rottura con la Chiesa, coloro che lo rifiutano sono considerati come contro rivoluzionari.<\/p>\n\n\n\n<p>Come molte altre religiose, le Figlie della Carit\u00e0 che servono i poveri nelle case di carit\u00e0 o negli ospedali devono prestare questo giuramento. Sono poste davanti ad un dilemma: rimanere fedeli alla Chiesa rifiutando il giuramento, porter\u00e0 all\u2019espulsione dall\u2019ospedale. In questo caso chi curer\u00e0 i malati? Rimanere accanto ai malati facendo il giuramento, non \u00e8 separarsi dalla chiesa e dalla fede cristiana?<\/p>\n\n\n\n<p>Il 9 aprile 1792, la Superiora Generale delle Figlie della Carit\u00e0, Suor Antoinette Deleau manda alle Suore alcuni punti per guidare la loro riflessione:<\/p>\n\n\n\n<p><em>\u00abVi prego di non abbandonare il servizio dei poveri, se non vi siete costrette\u2026 Per poter continuare il servizio dei poveri, prestatevi a tutto ci\u00f2 che si potr\u00e0 onestamente esigere da voi nelle circostanze presenti, purch\u00e9 non ci sia niente contro la religione, la chiesa e la coscienza\u00bb.<\/em><\/p>\n\n\n\n<p>L\u2019atteggiamento dei rivoluzionari varia da una regione all\u2019altra. Certe case religiose non saranno inquisite, altre subiranno numerose vessazioni. In certe regioni, le Suore conosceranno la prigione per lunghi mesi. Ad Angers, Dax, Arras, le Figlie della Carit\u00e0 saranno chiamate a testimoniare il loro attaccamento a Ges\u00f9 Cristo con la loro vita.<\/p>\n\n\n\n<p><\/p>\n","protected":false},"featured_media":1019,"template":"","meta":{"_acf_changed":false,"_et_pb_use_builder":"","_et_pb_old_content":"","_et_gb_content_width":"","_links_to":"","_links_to_target":""},"origen":[],"class_list":["post-3994","familia","type-familia","status-publish","has-post-thumbnail","hentry"],"acf":[],"yoast_head":"<!-- This site is optimized with the Yoast SEO plugin v27.5 - https:\/\/yoast.com\/product\/yoast-seo-wordpress\/ -->\n<title>Le Beate Figlie della Carit\u00e0, martiri durante la Rivoluzione Francese - Filles de la Charit\u00e9<\/title>\n<meta name=\"robots\" content=\"index, follow, max-snippet:-1, max-image-preview:large, max-video-preview:-1\" \/>\n<link rel=\"canonical\" href=\"https:\/\/filles-de-la-charite.org\/it\/famiglia\/le-beate-figlie-della-carita-martiri-durante-la-rivoluzione-francese\/\" \/>\n<meta property=\"og:locale\" content=\"it_IT\" \/>\n<meta property=\"og:type\" content=\"article\" \/>\n<meta property=\"og:title\" content=\"Le Beate Figlie della Carit\u00e0, martiri durante la Rivoluzione Francese - Filles de la Charit\u00e9\" \/>\n<meta property=\"og:description\" content=\"Le Beate Figlie della Carit\u00e0, Suore martiri durante la Rivoluzione francese hanno vissuto quello che l\u2019Apostolo scriveva ai Romani (8. 35,39)\u00a0\u201cChi ci separer\u00e0 dunque dall\u2019amore di Cristo? Forse la tribolazione, l\u2019angoscia, la persecuzione, la fame, la nudit\u00e0, il pericolo, la spada?\u00a0N\u00e9 potenze, n\u00e9 altezza n\u00e9 profondit\u00e0, n\u00e9 alcun\u2019altra creatura potr\u00e0 mai separarci dall\u2019amore di Dio, [&hellip;]\" \/>\n<meta property=\"og:url\" content=\"https:\/\/filles-de-la-charite.org\/it\/famiglia\/le-beate-figlie-della-carita-martiri-durante-la-rivoluzione-francese\/\" \/>\n<meta property=\"og:site_name\" content=\"Filles de la Charit\u00e9\" \/>\n<meta property=\"article:modified_time\" content=\"2024-02-28T16:29:19+00:00\" \/>\n<meta property=\"og:image\" content=\"https:\/\/filles-de-la-charite.org\/wp-content\/uploads\/2023\/04\/A-linterieur-3-1.png\" \/>\n\t<meta property=\"og:image:width\" content=\"235\" \/>\n\t<meta property=\"og:image:height\" content=\"345\" \/>\n\t<meta property=\"og:image:type\" content=\"image\/png\" \/>\n<meta name=\"twitter:card\" content=\"summary_large_image\" \/>\n<meta name=\"twitter:label1\" content=\"Tempo di lettura stimato\" \/>\n\t<meta name=\"twitter:data1\" content=\"3 minuti\" \/>\n<script type=\"application\/ld+json\" class=\"yoast-schema-graph\">{\"@context\":\"https:\\\/\\\/schema.org\",\"@graph\":[{\"@type\":\"WebPage\",\"@id\":\"https:\\\/\\\/filles-de-la-charite.org\\\/it\\\/famiglia\\\/le-beate-figlie-della-carita-martiri-durante-la-rivoluzione-francese\\\/\",\"url\":\"https:\\\/\\\/filles-de-la-charite.org\\\/it\\\/famiglia\\\/le-beate-figlie-della-carita-martiri-durante-la-rivoluzione-francese\\\/\",\"name\":\"Le Beate Figlie della Carit\u00e0, martiri durante la Rivoluzione Francese - Filles de la Charit\u00e9\",\"isPartOf\":{\"@id\":\"https:\\\/\\\/filles-de-la-charite.org\\\/it\\\/#website\"},\"primaryImageOfPage\":{\"@id\":\"https:\\\/\\\/filles-de-la-charite.org\\\/it\\\/famiglia\\\/le-beate-figlie-della-carita-martiri-durante-la-rivoluzione-francese\\\/#primaryimage\"},\"image\":{\"@id\":\"https:\\\/\\\/filles-de-la-charite.org\\\/it\\\/famiglia\\\/le-beate-figlie-della-carita-martiri-durante-la-rivoluzione-francese\\\/#primaryimage\"},\"thumbnailUrl\":\"https:\\\/\\\/filles-de-la-charite.org\\\/wp-content\\\/uploads\\\/2023\\\/04\\\/A-linterieur-3-1.png\",\"datePublished\":\"2020-10-21T10:16:43+00:00\",\"dateModified\":\"2024-02-28T16:29:19+00:00\",\"breadcrumb\":{\"@id\":\"https:\\\/\\\/filles-de-la-charite.org\\\/it\\\/famiglia\\\/le-beate-figlie-della-carita-martiri-durante-la-rivoluzione-francese\\\/#breadcrumb\"},\"inLanguage\":\"it-IT\",\"potentialAction\":[{\"@type\":\"ReadAction\",\"target\":[\"https:\\\/\\\/filles-de-la-charite.org\\\/it\\\/famiglia\\\/le-beate-figlie-della-carita-martiri-durante-la-rivoluzione-francese\\\/\"]}]},{\"@type\":\"ImageObject\",\"inLanguage\":\"it-IT\",\"@id\":\"https:\\\/\\\/filles-de-la-charite.org\\\/it\\\/famiglia\\\/le-beate-figlie-della-carita-martiri-durante-la-rivoluzione-francese\\\/#primaryimage\",\"url\":\"https:\\\/\\\/filles-de-la-charite.org\\\/wp-content\\\/uploads\\\/2023\\\/04\\\/A-linterieur-3-1.png\",\"contentUrl\":\"https:\\\/\\\/filles-de-la-charite.org\\\/wp-content\\\/uploads\\\/2023\\\/04\\\/A-linterieur-3-1.png\",\"width\":235,\"height\":345},{\"@type\":\"BreadcrumbList\",\"@id\":\"https:\\\/\\\/filles-de-la-charite.org\\\/it\\\/famiglia\\\/le-beate-figlie-della-carita-martiri-durante-la-rivoluzione-francese\\\/#breadcrumb\",\"itemListElement\":[{\"@type\":\"ListItem\",\"position\":1,\"name\":\"La nostra famiglia\",\"item\":\"https:\\\/\\\/filles-de-la-charite.org\\\/it\\\/famiglia\\\/\"},{\"@type\":\"ListItem\",\"position\":2,\"name\":\"Le Beate Figlie della Carit\u00e0, martiri durante la Rivoluzione Francese\"}]},{\"@type\":\"WebSite\",\"@id\":\"https:\\\/\\\/filles-de-la-charite.org\\\/it\\\/#website\",\"url\":\"https:\\\/\\\/filles-de-la-charite.org\\\/it\\\/\",\"name\":\"Hijas de la Caridad\",\"description\":\"L\u2019amour de J\u00e9sus nous presse \u00e0 prendre soin des personnes les plus d\u00e9munies\",\"publisher\":{\"@id\":\"https:\\\/\\\/filles-de-la-charite.org\\\/it\\\/#organization\"},\"potentialAction\":[{\"@type\":\"SearchAction\",\"target\":{\"@type\":\"EntryPoint\",\"urlTemplate\":\"https:\\\/\\\/filles-de-la-charite.org\\\/it\\\/?s={search_term_string}\"},\"query-input\":{\"@type\":\"PropertyValueSpecification\",\"valueRequired\":true,\"valueName\":\"search_term_string\"}}],\"inLanguage\":\"it-IT\"},{\"@type\":\"Organization\",\"@id\":\"https:\\\/\\\/filles-de-la-charite.org\\\/it\\\/#organization\",\"name\":\"Hijas de la Caridad\",\"url\":\"https:\\\/\\\/filles-de-la-charite.org\\\/it\\\/\",\"logo\":{\"@type\":\"ImageObject\",\"inLanguage\":\"it-IT\",\"@id\":\"https:\\\/\\\/filles-de-la-charite.org\\\/it\\\/#\\\/schema\\\/logo\\\/image\\\/\",\"url\":\"https:\\\/\\\/filles-de-la-charite.org\\\/wp-content\\\/uploads\\\/2023\\\/03\\\/isotipo-Hijas-de-la-Caridad.png\",\"contentUrl\":\"https:\\\/\\\/filles-de-la-charite.org\\\/wp-content\\\/uploads\\\/2023\\\/03\\\/isotipo-Hijas-de-la-Caridad.png\",\"width\":1417,\"height\":1417,\"caption\":\"Hijas de la Caridad\"},\"image\":{\"@id\":\"https:\\\/\\\/filles-de-la-charite.org\\\/it\\\/#\\\/schema\\\/logo\\\/image\\\/\"}}]}<\/script>\n<!-- \/ Yoast SEO plugin. -->","yoast_head_json":{"title":"Le Beate Figlie della Carit\u00e0, martiri durante la Rivoluzione Francese - Filles de la Charit\u00e9","robots":{"index":"index","follow":"follow","max-snippet":"max-snippet:-1","max-image-preview":"max-image-preview:large","max-video-preview":"max-video-preview:-1"},"canonical":"https:\/\/filles-de-la-charite.org\/it\/famiglia\/le-beate-figlie-della-carita-martiri-durante-la-rivoluzione-francese\/","og_locale":"it_IT","og_type":"article","og_title":"Le Beate Figlie della Carit\u00e0, martiri durante la Rivoluzione Francese - Filles de la Charit\u00e9","og_description":"Le Beate Figlie della Carit\u00e0, Suore martiri durante la Rivoluzione francese hanno vissuto quello che l\u2019Apostolo scriveva ai Romani (8. 35,39)\u00a0\u201cChi ci separer\u00e0 dunque dall\u2019amore di Cristo? Forse la tribolazione, l\u2019angoscia, la persecuzione, la fame, la nudit\u00e0, il pericolo, la spada?\u00a0N\u00e9 potenze, n\u00e9 altezza n\u00e9 profondit\u00e0, n\u00e9 alcun\u2019altra creatura potr\u00e0 mai separarci dall\u2019amore di Dio, [&hellip;]","og_url":"https:\/\/filles-de-la-charite.org\/it\/famiglia\/le-beate-figlie-della-carita-martiri-durante-la-rivoluzione-francese\/","og_site_name":"Filles de la Charit\u00e9","article_modified_time":"2024-02-28T16:29:19+00:00","og_image":[{"width":235,"height":345,"url":"https:\/\/filles-de-la-charite.org\/wp-content\/uploads\/2023\/04\/A-linterieur-3-1.png","type":"image\/png"}],"twitter_card":"summary_large_image","twitter_misc":{"Tempo di lettura stimato":"3 minuti"},"schema":{"@context":"https:\/\/schema.org","@graph":[{"@type":"WebPage","@id":"https:\/\/filles-de-la-charite.org\/it\/famiglia\/le-beate-figlie-della-carita-martiri-durante-la-rivoluzione-francese\/","url":"https:\/\/filles-de-la-charite.org\/it\/famiglia\/le-beate-figlie-della-carita-martiri-durante-la-rivoluzione-francese\/","name":"Le Beate Figlie della Carit\u00e0, martiri durante la Rivoluzione Francese - Filles de la Charit\u00e9","isPartOf":{"@id":"https:\/\/filles-de-la-charite.org\/it\/#website"},"primaryImageOfPage":{"@id":"https:\/\/filles-de-la-charite.org\/it\/famiglia\/le-beate-figlie-della-carita-martiri-durante-la-rivoluzione-francese\/#primaryimage"},"image":{"@id":"https:\/\/filles-de-la-charite.org\/it\/famiglia\/le-beate-figlie-della-carita-martiri-durante-la-rivoluzione-francese\/#primaryimage"},"thumbnailUrl":"https:\/\/filles-de-la-charite.org\/wp-content\/uploads\/2023\/04\/A-linterieur-3-1.png","datePublished":"2020-10-21T10:16:43+00:00","dateModified":"2024-02-28T16:29:19+00:00","breadcrumb":{"@id":"https:\/\/filles-de-la-charite.org\/it\/famiglia\/le-beate-figlie-della-carita-martiri-durante-la-rivoluzione-francese\/#breadcrumb"},"inLanguage":"it-IT","potentialAction":[{"@type":"ReadAction","target":["https:\/\/filles-de-la-charite.org\/it\/famiglia\/le-beate-figlie-della-carita-martiri-durante-la-rivoluzione-francese\/"]}]},{"@type":"ImageObject","inLanguage":"it-IT","@id":"https:\/\/filles-de-la-charite.org\/it\/famiglia\/le-beate-figlie-della-carita-martiri-durante-la-rivoluzione-francese\/#primaryimage","url":"https:\/\/filles-de-la-charite.org\/wp-content\/uploads\/2023\/04\/A-linterieur-3-1.png","contentUrl":"https:\/\/filles-de-la-charite.org\/wp-content\/uploads\/2023\/04\/A-linterieur-3-1.png","width":235,"height":345},{"@type":"BreadcrumbList","@id":"https:\/\/filles-de-la-charite.org\/it\/famiglia\/le-beate-figlie-della-carita-martiri-durante-la-rivoluzione-francese\/#breadcrumb","itemListElement":[{"@type":"ListItem","position":1,"name":"La nostra famiglia","item":"https:\/\/filles-de-la-charite.org\/it\/famiglia\/"},{"@type":"ListItem","position":2,"name":"Le Beate Figlie della Carit\u00e0, martiri durante la Rivoluzione Francese"}]},{"@type":"WebSite","@id":"https:\/\/filles-de-la-charite.org\/it\/#website","url":"https:\/\/filles-de-la-charite.org\/it\/","name":"Hijas de la Caridad","description":"L\u2019amour de J\u00e9sus nous presse \u00e0 prendre soin des personnes les plus d\u00e9munies","publisher":{"@id":"https:\/\/filles-de-la-charite.org\/it\/#organization"},"potentialAction":[{"@type":"SearchAction","target":{"@type":"EntryPoint","urlTemplate":"https:\/\/filles-de-la-charite.org\/it\/?s={search_term_string}"},"query-input":{"@type":"PropertyValueSpecification","valueRequired":true,"valueName":"search_term_string"}}],"inLanguage":"it-IT"},{"@type":"Organization","@id":"https:\/\/filles-de-la-charite.org\/it\/#organization","name":"Hijas de la Caridad","url":"https:\/\/filles-de-la-charite.org\/it\/","logo":{"@type":"ImageObject","inLanguage":"it-IT","@id":"https:\/\/filles-de-la-charite.org\/it\/#\/schema\/logo\/image\/","url":"https:\/\/filles-de-la-charite.org\/wp-content\/uploads\/2023\/03\/isotipo-Hijas-de-la-Caridad.png","contentUrl":"https:\/\/filles-de-la-charite.org\/wp-content\/uploads\/2023\/03\/isotipo-Hijas-de-la-Caridad.png","width":1417,"height":1417,"caption":"Hijas de la Caridad"},"image":{"@id":"https:\/\/filles-de-la-charite.org\/it\/#\/schema\/logo\/image\/"}}]}},"_links":{"self":[{"href":"https:\/\/filles-de-la-charite.org\/it\/wp-json\/wp\/v2\/familia\/3994","targetHints":{"allow":["GET"]}}],"collection":[{"href":"https:\/\/filles-de-la-charite.org\/it\/wp-json\/wp\/v2\/familia"}],"about":[{"href":"https:\/\/filles-de-la-charite.org\/it\/wp-json\/wp\/v2\/types\/familia"}],"wp:featuredmedia":[{"embeddable":true,"href":"https:\/\/filles-de-la-charite.org\/it\/wp-json\/wp\/v2\/media\/1019"}],"wp:attachment":[{"href":"https:\/\/filles-de-la-charite.org\/it\/wp-json\/wp\/v2\/media?parent=3994"}],"wp:term":[{"taxonomy":"origen","embeddable":true,"href":"https:\/\/filles-de-la-charite.org\/it\/wp-json\/wp\/v2\/origen?post=3994"}],"curies":[{"name":"wp","href":"https:\/\/api.w.org\/{rel}","templated":true}]}}