{"id":3995,"date":"2020-10-30T11:44:48","date_gmt":"2020-10-30T10:44:48","guid":{"rendered":"https:\/\/hijascaridad.sjdigitaldemo.ovh\/familia\/le-suore-martiri-del-xx-secolo\/"},"modified":"2024-03-09T13:06:51","modified_gmt":"2024-03-09T12:06:51","slug":"le-suore-martiri-del-xx-secolo","status":"publish","type":"familia","link":"https:\/\/filles-de-la-charite.org\/it\/famiglia\/le-suore-martiri-del-xx-secolo\/","title":{"rendered":"Le Beate Martiri della fede del XX secolo in Spagna"},"content":{"rendered":"\n<p> In Spagna, tra il 1936 ed il 1939, ha avuto luogo una persecuzione religiosa in cui sono stati assassinati complessivamente 7.937 ministri cattolici, 13 vescovi, 5.255 preti e 2.669 religiosi. Alcune centinaia sono stati gi\u00e0 beatificati, altri sono stati canonizzati. Il riconoscimento ufficiale del loro martirio era molto atteso. Domenica 13 ottobre 2013, a Tarragona (Spagna), ha avuto luogo la beatificazione di 522 spagnoli, testimoni della fede, tra cui 27 Figlie della Carit\u00e0 ed una Figlia di Maria, beatificata con le nostre Sorelle.<\/p>\n\n\n\n<p>Tutte hanno consacrato totalmente la loro vita a Dio per servirlo nei poveri, fedeli al Vangelo e al carisma della Compagnia. Sapevano che la profezia di Ges\u00f9 si sarebbe potuta avverare:<\/p>\n\n\n\n<figure class=\"wp-block-image aligncenter size-large is-resized is-style-default\"><a href=\"https:\/\/filles-de-la-charite.org\/wp-content\/uploads\/2023\/04\/martires_1-1.jpg\" data-rel=\"lightbox-image-0\" data-rl_title=\"\" data-rl_caption=\"\" title=\"\"><img decoding=\"async\" src=\"https:\/\/filles-de-la-charite.org\/wp-content\/uploads\/2023\/04\/martires_1-1.jpg\" alt=\"\" class=\"wp-image-49901\"\/><\/a><\/figure>\n\n\n\n<blockquote class=\"wp-block-quote is-layout-flow wp-block-quote-is-layout-flow\">\n<p>\u201cRicordatevi della parola che vi ho detto: Un servo non \u00e8 pi\u00f9 grande del suo padrone. Se hanno perseguitato me, perseguiteranno anche voi\u201d(Gv.15.20).<\/p>\n\n\n\n<p><\/p>\n\n\n\n<h2 class=\"wp-block-heading\">Martiri della fede<\/h2>\n<\/blockquote>\n\n\n\n<p>Previdero che la persecuzione sarebbe arrivata e pregarono con fede per ricevere l\u2019aiuto dello Spirito Santo. Trassero forza e nutrimento dall\u2019Eucarestia che le ha preparate a testimoniare la loro fede, la loro speranza e la loro carit\u00e0. Erano colpevoli di essere delle Figlie della Carit\u00e0, dedite, con il loro atteggiamento di serve, a curare, a educare, ad accogliere, a fare del bene, cos\u00ec come fece Ges\u00f9 di Nazareth. Erano neutrali dal punto di vista politico; furono perseguitate unicamente perch\u00e9 erano donne consacrate a Dio e Figlie della Carit\u00e0.<\/p>\n\n\n\n<p>Nei trent\u2019anni successivi al loro martirio, fino allo spargimento del sangue, queste Suore furono veri semi di nuove vocazioni. Auspichiamo che la consapevolezza della loro testimonianza di fede traccia nuovi percorsi e faccia germinare semi di fede e di carit\u00e0. L\u2019essenziale \u00e8 orientare la tendenza al materialismo e al benessere, indicando la via dell\u2019impegno nella fede e nella gioia, \u201clasciando tutto\u201d per diventare apostoli della Carit\u00e0.<\/p>\n\n\n\n<figure class=\"wp-block-image aligncenter size-medium is-resized is-style-default\"><a href=\"https:\/\/filles-de-la-charite.org\/wp-content\/uploads\/2023\/04\/martires-1-1.jpg\" data-rel=\"lightbox-image-1\" data-rl_title=\"\" data-rl_caption=\"\" title=\"\"><img decoding=\"async\" src=\"https:\/\/filles-de-la-charite.org\/wp-content\/uploads\/2023\/04\/martires-1-1.jpg\" alt=\"\" class=\"wp-image-49911\" style=\"width:862px;height:auto\"\/><\/a><\/figure>\n\n\n\n<p>I loro nomi, la missione, i luoghi e le date del loro martirio:<\/p>\n\n\n\n<p>\u2013 Leganes, Madrid, Collegio dell\u2019Immacolata (\u2020 12 agosto 1936): Suor Melchora de la Adoracion Core\u00e9s Bueno, Suor Maria Severina Diaz Pardo Gauna e Estefani Salda\u00f1a Mayoral.&nbsp;<\/p>\n\n\n\n<p>&#8211; Ospedale Psichiatrico Santa Isabel: Suor M. Dolores Barroso Villasenor e Suor Maria Asunci\u00f3n Mayoral Pena, che si era rifugiata nell\u2019ospedale ma proveniva dall\u2019Istituto dei ciechi di Madrid.<\/p>\n\n\n\n<p>&#8211; L\u2019ospedale per il trattamento della tubercolosi El Neveral, Jaen, Furono perseguitate e messe nel \u201ctreno della morte\u201d, trasportate a Madrid poi a Vallecas (\u2020 12 agosto 1936): Suor Ramona Cao Fernandez e Suor Juana Perez Abascal.<\/p>\n\n\n\n<p>\u2013&nbsp;Asylum San Eugenio \u2013 Valencia. Rifugiate a Puzol in una casa della famiglia di una di loro, dove hanno partecipato ad una celebrazione Eucaristica, presieduta da un Francescano, anche lui un rifugiato. Questa fu la causa della loro morte (\u2020 19 agosto 1936): Suor Maria Rosario Ciercoles Gascon, Maria Luisa Bermude Ruiz e Suor Micaela Hernan Martinez.<\/p>\n\n\n\n<p>\u2013 Casa Misericordia \u2013 Albacete, espulse dalle autorit\u00e0 e minacciate di morte, si sono rifugiate a Madrid, nella casa dei parenti della Suor Servente. Tre di loro hanno cercato l\u2019aiuto presso la famiglia di un\u2019altra Suora di Vallecas. Non furono accolte e furono brutalmente martirizzate (\u2020 03 settembre 1936): Suor Dolores Ursula Caro Martin, Suor Andrea Calle Gonzales e Suor Concepci\u00f3n Perez Giral.<\/p>\n\n\n\n<p>&#8211; Ospedale e scuole di Segorbe (Castellon)<br>La comunit\u00e0 fu espulsa. Le Suore si sono rifugiate in un ex orfanatrofio. Quando Suor Martina Vazquez Gordo, la Superiora, fu arrestata, chiese che le altre Suore servissero da scambio e fossero liberate. Ella fu la sola martire (\u2020 04 ottobre 1936).<\/p>\n\n\n\n<p>\u2013 L\u2019ospedale generale &#8211; Valencia, la comunit\u00e0 fu espulsa e dispersa; Suor Josefa Martinez P\u00e9rez si \u00e8 rifugiata dalla sua famiglia a Alberic (Valencia). La famiglia fu perseguitata ed essa offr\u00ec la propria vita per sua sorella, vedova, perch\u00e9 suo marito era stato ucciso e lei aspettava un altro bambino. Accettarono la sua proposta e lei mor\u00ec martire di Fede e di Carit\u00e0 (\u2020 14 ottobre 1936).<\/p>\n\n\n\n<p>\u2013 Casa della Carit\u00e0\u2013 Valencia<br>Le sorelle sono state allontanate dalla loro casa. Alcune di loro si sono rifugiate dalle loro famiglie dove si trovavano due sacerdoti anch\u2019essi rifugiati. Essi hanno celebrato di nascosto l\u2019Eucaristia. Questo era il loro solo crimine e la causa del martirio a Gilet (Valencia) di Suor Joaquina Rey Aguirre e di Suor Victoria Arregui Guinea (\u2020 29 ottobre 1936).<\/p>\n\n\n\n<p>\u2013 Ospedale della maternit\u00e0 Santa Cristina \u2013 Madrid<br>Suor Modesta Moro Briz e Suor Pilar Isabel Sanchez Suarez hanno subito il loro martirio. Si sono rifugiate in una locanda al centro di Madrid. Ricorreva la festa di Tutti i Santi e hanno desiderato di partecipare alla S. Messa. Nel momento di lasciare la casa, furono arrestate e condannate a morte da un Tribunale popolare (\u202031 ottobre 1936).\u2013&nbsp;<\/p>\n\n\n\n<p>\u2013 Ospedale della maternit\u00e0 Santa Cristina \u2013 Madrid<br>Suor Modesta Moro Briz e Suor Pilar Isabel Sanchez Suarez hanno subito il loro martirio. Si sono rifugiate in una locanda al centro di Madrid. Ricorreva la festa di Tutti i Santi e hanno desiderato di partecipare alla S. Messa. Nel momento di lasciare la casa, furono arrestate e condannate a morte da un Tribunale popolare (\u202031 ottobre 1936).<\/p>\n\n\n\n<p>\u2013 Ospedali di Atocha e Carabanchel \u2013 Madrid<br>Suore Josefa Girones Arteta e Suor Lorenza Diaz Bola\u00f1os rifiutarono le proposte immorali dei loro persecutori e furono uccise per la loro fedelt\u00e0 alla propria Fede e Vocazione (\u2020 22 novembre 1936).&nbsp;<\/p>\n\n\n\n<p>\u2013 Scuola el Carmen di Betera \u2013 Valencia<br>La comunit\u00e0 si \u00e8 rifugiata in un ostello della giovent\u00f9 a Valencia. Tutti i giorni Dolores Broseta, Figlia di Maria, portava loro i pasti preparati che alcuni ex-allievi. Un giorno le milizie che erano alla ricerca delle Suore la seguirono e trovarono le Suore. L\u2019intera comunit\u00e0 fu uccisa: Suor Josefa Laborra Goveneche, Suor Carmen Rodriguez Barazal, Suor Estefania Irisarri Irigaray, Suor Maria Pilar Nalda Franco, Suor Isidora Izquierdo Garcia et Suor Dolores Broseta Bonet, la Figlia di Maria che forniva loro il cibo (\u2d15 9 dicembre 1936).<\/p>\n\n\n\n<p><strong>\u2013 <\/strong>Da Puerto Rico a Madrid e da Madrid al cielo: Suor Gaudencia Benavidaes Herrero, era stata per molto tempo missionaria a Puerto Rico. Era arrivata in Spagna per curarla sua malattia al cuore. Identificata come Suora, fu arrestata e trattenuta in tre prigioni diverse dove sub\u00ec dei trattamenti disumani. Il suo corpo era coperto di molteplici ferite. Ha rifiutato le cure mediche necessarie. Mor\u00ec testimoniando Ges\u00f9 Cristo, perdonando i suoi persecutori (\u2020 11 febbraio 1937).<\/p>\n\n\n\n<p>Le nostre martiri sono morte confessando con coraggio la loro fede in Ges\u00f9 Cristo. Hanno perdonato i loro persecutori e ciascuna ha messo la propria vita nelle mani del Padre. Hanno seguito gli insegnamenti di cui furono testimoni nella loro vita e nelle loro azioni. Hanno preferito morire piuttosto che rinunciare a Lui. Possiamo vivere la nostra fede con la stessa audacia e con questo coraggio esemplare.<\/p>\n","protected":false},"featured_media":1128,"template":"","meta":{"_acf_changed":false,"_et_pb_use_builder":"","_et_pb_old_content":"","_et_gb_content_width":"","_links_to":"","_links_to_target":""},"origen":[],"class_list":["post-3995","familia","type-familia","status-publish","has-post-thumbnail","hentry"],"acf":[],"yoast_head":"<!-- This site is optimized with the Yoast SEO plugin v27.5 - https:\/\/yoast.com\/product\/yoast-seo-wordpress\/ -->\n<title>Le Beate Martiri della fede del XX secolo in Spagna - Filles de la Charit\u00e9<\/title>\n<meta name=\"robots\" content=\"index, follow, max-snippet:-1, max-image-preview:large, max-video-preview:-1\" \/>\n<link rel=\"canonical\" href=\"https:\/\/filles-de-la-charite.org\/it\/famiglia\/le-suore-martiri-del-xx-secolo\/\" \/>\n<meta property=\"og:locale\" content=\"it_IT\" \/>\n<meta property=\"og:type\" content=\"article\" \/>\n<meta property=\"og:title\" content=\"Le Beate Martiri della fede del XX secolo in Spagna - Filles de la Charit\u00e9\" \/>\n<meta property=\"og:description\" content=\"In Spagna, tra il 1936 ed il 1939, ha avuto luogo una persecuzione religiosa in cui sono stati assassinati complessivamente 7.937 ministri cattolici, 13 vescovi, 5.255 preti e 2.669 religiosi. Alcune centinaia sono stati gi\u00e0 beatificati, altri sono stati canonizzati. Il riconoscimento ufficiale del loro martirio era molto atteso. Domenica 13 ottobre 2013, a Tarragona [&hellip;]\" \/>\n<meta property=\"og:url\" content=\"https:\/\/filles-de-la-charite.org\/it\/famiglia\/le-suore-martiri-del-xx-secolo\/\" \/>\n<meta property=\"og:site_name\" content=\"Filles de la Charit\u00e9\" \/>\n<meta property=\"article:modified_time\" content=\"2024-03-09T12:06:51+00:00\" \/>\n<meta property=\"og:image\" content=\"https:\/\/filles-de-la-charite.org\/wp-content\/uploads\/2023\/04\/Soeurs-Martyres-du-20e-siecle-1.png\" \/>\n\t<meta property=\"og:image:width\" content=\"590\" \/>\n\t<meta property=\"og:image:height\" content=\"781\" \/>\n\t<meta property=\"og:image:type\" content=\"image\/png\" \/>\n<meta name=\"twitter:card\" content=\"summary_large_image\" \/>\n<meta name=\"twitter:label1\" content=\"Tempo di lettura stimato\" \/>\n\t<meta name=\"twitter:data1\" content=\"5 minuti\" \/>\n<script type=\"application\/ld+json\" class=\"yoast-schema-graph\">{\"@context\":\"https:\\\/\\\/schema.org\",\"@graph\":[{\"@type\":\"WebPage\",\"@id\":\"https:\\\/\\\/filles-de-la-charite.org\\\/it\\\/famiglia\\\/le-suore-martiri-del-xx-secolo\\\/\",\"url\":\"https:\\\/\\\/filles-de-la-charite.org\\\/it\\\/famiglia\\\/le-suore-martiri-del-xx-secolo\\\/\",\"name\":\"Le Beate Martiri della fede del XX secolo in Spagna - Filles de la Charit\u00e9\",\"isPartOf\":{\"@id\":\"https:\\\/\\\/filles-de-la-charite.org\\\/it\\\/#website\"},\"primaryImageOfPage\":{\"@id\":\"https:\\\/\\\/filles-de-la-charite.org\\\/it\\\/famiglia\\\/le-suore-martiri-del-xx-secolo\\\/#primaryimage\"},\"image\":{\"@id\":\"https:\\\/\\\/filles-de-la-charite.org\\\/it\\\/famiglia\\\/le-suore-martiri-del-xx-secolo\\\/#primaryimage\"},\"thumbnailUrl\":\"https:\\\/\\\/filles-de-la-charite.org\\\/wp-content\\\/uploads\\\/2023\\\/04\\\/Soeurs-Martyres-du-20e-siecle-1.png\",\"datePublished\":\"2020-10-30T10:44:48+00:00\",\"dateModified\":\"2024-03-09T12:06:51+00:00\",\"breadcrumb\":{\"@id\":\"https:\\\/\\\/filles-de-la-charite.org\\\/it\\\/famiglia\\\/le-suore-martiri-del-xx-secolo\\\/#breadcrumb\"},\"inLanguage\":\"it-IT\",\"potentialAction\":[{\"@type\":\"ReadAction\",\"target\":[\"https:\\\/\\\/filles-de-la-charite.org\\\/it\\\/famiglia\\\/le-suore-martiri-del-xx-secolo\\\/\"]}]},{\"@type\":\"ImageObject\",\"inLanguage\":\"it-IT\",\"@id\":\"https:\\\/\\\/filles-de-la-charite.org\\\/it\\\/famiglia\\\/le-suore-martiri-del-xx-secolo\\\/#primaryimage\",\"url\":\"https:\\\/\\\/filles-de-la-charite.org\\\/wp-content\\\/uploads\\\/2023\\\/04\\\/Soeurs-Martyres-du-20e-siecle-1.png\",\"contentUrl\":\"https:\\\/\\\/filles-de-la-charite.org\\\/wp-content\\\/uploads\\\/2023\\\/04\\\/Soeurs-Martyres-du-20e-siecle-1.png\",\"width\":590,\"height\":781},{\"@type\":\"BreadcrumbList\",\"@id\":\"https:\\\/\\\/filles-de-la-charite.org\\\/it\\\/famiglia\\\/le-suore-martiri-del-xx-secolo\\\/#breadcrumb\",\"itemListElement\":[{\"@type\":\"ListItem\",\"position\":1,\"name\":\"La nostra famiglia\",\"item\":\"https:\\\/\\\/filles-de-la-charite.org\\\/it\\\/famiglia\\\/\"},{\"@type\":\"ListItem\",\"position\":2,\"name\":\"Le Beate Martiri della fede del XX secolo in Spagna\"}]},{\"@type\":\"WebSite\",\"@id\":\"https:\\\/\\\/filles-de-la-charite.org\\\/it\\\/#website\",\"url\":\"https:\\\/\\\/filles-de-la-charite.org\\\/it\\\/\",\"name\":\"Hijas de la Caridad\",\"description\":\"L\u2019amour de J\u00e9sus nous presse \u00e0 prendre soin des personnes les plus d\u00e9munies\",\"publisher\":{\"@id\":\"https:\\\/\\\/filles-de-la-charite.org\\\/it\\\/#organization\"},\"potentialAction\":[{\"@type\":\"SearchAction\",\"target\":{\"@type\":\"EntryPoint\",\"urlTemplate\":\"https:\\\/\\\/filles-de-la-charite.org\\\/it\\\/?s={search_term_string}\"},\"query-input\":{\"@type\":\"PropertyValueSpecification\",\"valueRequired\":true,\"valueName\":\"search_term_string\"}}],\"inLanguage\":\"it-IT\"},{\"@type\":\"Organization\",\"@id\":\"https:\\\/\\\/filles-de-la-charite.org\\\/it\\\/#organization\",\"name\":\"Hijas de la Caridad\",\"url\":\"https:\\\/\\\/filles-de-la-charite.org\\\/it\\\/\",\"logo\":{\"@type\":\"ImageObject\",\"inLanguage\":\"it-IT\",\"@id\":\"https:\\\/\\\/filles-de-la-charite.org\\\/it\\\/#\\\/schema\\\/logo\\\/image\\\/\",\"url\":\"https:\\\/\\\/filles-de-la-charite.org\\\/wp-content\\\/uploads\\\/2023\\\/03\\\/isotipo-Hijas-de-la-Caridad.png\",\"contentUrl\":\"https:\\\/\\\/filles-de-la-charite.org\\\/wp-content\\\/uploads\\\/2023\\\/03\\\/isotipo-Hijas-de-la-Caridad.png\",\"width\":1417,\"height\":1417,\"caption\":\"Hijas de la Caridad\"},\"image\":{\"@id\":\"https:\\\/\\\/filles-de-la-charite.org\\\/it\\\/#\\\/schema\\\/logo\\\/image\\\/\"}}]}<\/script>\n<!-- \/ Yoast SEO plugin. -->","yoast_head_json":{"title":"Le Beate Martiri della fede del XX secolo in Spagna - Filles de la Charit\u00e9","robots":{"index":"index","follow":"follow","max-snippet":"max-snippet:-1","max-image-preview":"max-image-preview:large","max-video-preview":"max-video-preview:-1"},"canonical":"https:\/\/filles-de-la-charite.org\/it\/famiglia\/le-suore-martiri-del-xx-secolo\/","og_locale":"it_IT","og_type":"article","og_title":"Le Beate Martiri della fede del XX secolo in Spagna - Filles de la Charit\u00e9","og_description":"In Spagna, tra il 1936 ed il 1939, ha avuto luogo una persecuzione religiosa in cui sono stati assassinati complessivamente 7.937 ministri cattolici, 13 vescovi, 5.255 preti e 2.669 religiosi. Alcune centinaia sono stati gi\u00e0 beatificati, altri sono stati canonizzati. Il riconoscimento ufficiale del loro martirio era molto atteso. Domenica 13 ottobre 2013, a Tarragona [&hellip;]","og_url":"https:\/\/filles-de-la-charite.org\/it\/famiglia\/le-suore-martiri-del-xx-secolo\/","og_site_name":"Filles de la Charit\u00e9","article_modified_time":"2024-03-09T12:06:51+00:00","og_image":[{"width":590,"height":781,"url":"https:\/\/filles-de-la-charite.org\/wp-content\/uploads\/2023\/04\/Soeurs-Martyres-du-20e-siecle-1.png","type":"image\/png"}],"twitter_card":"summary_large_image","twitter_misc":{"Tempo di lettura stimato":"5 minuti"},"schema":{"@context":"https:\/\/schema.org","@graph":[{"@type":"WebPage","@id":"https:\/\/filles-de-la-charite.org\/it\/famiglia\/le-suore-martiri-del-xx-secolo\/","url":"https:\/\/filles-de-la-charite.org\/it\/famiglia\/le-suore-martiri-del-xx-secolo\/","name":"Le Beate Martiri della fede del XX secolo in Spagna - Filles de la Charit\u00e9","isPartOf":{"@id":"https:\/\/filles-de-la-charite.org\/it\/#website"},"primaryImageOfPage":{"@id":"https:\/\/filles-de-la-charite.org\/it\/famiglia\/le-suore-martiri-del-xx-secolo\/#primaryimage"},"image":{"@id":"https:\/\/filles-de-la-charite.org\/it\/famiglia\/le-suore-martiri-del-xx-secolo\/#primaryimage"},"thumbnailUrl":"https:\/\/filles-de-la-charite.org\/wp-content\/uploads\/2023\/04\/Soeurs-Martyres-du-20e-siecle-1.png","datePublished":"2020-10-30T10:44:48+00:00","dateModified":"2024-03-09T12:06:51+00:00","breadcrumb":{"@id":"https:\/\/filles-de-la-charite.org\/it\/famiglia\/le-suore-martiri-del-xx-secolo\/#breadcrumb"},"inLanguage":"it-IT","potentialAction":[{"@type":"ReadAction","target":["https:\/\/filles-de-la-charite.org\/it\/famiglia\/le-suore-martiri-del-xx-secolo\/"]}]},{"@type":"ImageObject","inLanguage":"it-IT","@id":"https:\/\/filles-de-la-charite.org\/it\/famiglia\/le-suore-martiri-del-xx-secolo\/#primaryimage","url":"https:\/\/filles-de-la-charite.org\/wp-content\/uploads\/2023\/04\/Soeurs-Martyres-du-20e-siecle-1.png","contentUrl":"https:\/\/filles-de-la-charite.org\/wp-content\/uploads\/2023\/04\/Soeurs-Martyres-du-20e-siecle-1.png","width":590,"height":781},{"@type":"BreadcrumbList","@id":"https:\/\/filles-de-la-charite.org\/it\/famiglia\/le-suore-martiri-del-xx-secolo\/#breadcrumb","itemListElement":[{"@type":"ListItem","position":1,"name":"La nostra famiglia","item":"https:\/\/filles-de-la-charite.org\/it\/famiglia\/"},{"@type":"ListItem","position":2,"name":"Le Beate Martiri della fede del XX secolo in Spagna"}]},{"@type":"WebSite","@id":"https:\/\/filles-de-la-charite.org\/it\/#website","url":"https:\/\/filles-de-la-charite.org\/it\/","name":"Hijas de la Caridad","description":"L\u2019amour de J\u00e9sus nous presse \u00e0 prendre soin des personnes les plus d\u00e9munies","publisher":{"@id":"https:\/\/filles-de-la-charite.org\/it\/#organization"},"potentialAction":[{"@type":"SearchAction","target":{"@type":"EntryPoint","urlTemplate":"https:\/\/filles-de-la-charite.org\/it\/?s={search_term_string}"},"query-input":{"@type":"PropertyValueSpecification","valueRequired":true,"valueName":"search_term_string"}}],"inLanguage":"it-IT"},{"@type":"Organization","@id":"https:\/\/filles-de-la-charite.org\/it\/#organization","name":"Hijas de la Caridad","url":"https:\/\/filles-de-la-charite.org\/it\/","logo":{"@type":"ImageObject","inLanguage":"it-IT","@id":"https:\/\/filles-de-la-charite.org\/it\/#\/schema\/logo\/image\/","url":"https:\/\/filles-de-la-charite.org\/wp-content\/uploads\/2023\/03\/isotipo-Hijas-de-la-Caridad.png","contentUrl":"https:\/\/filles-de-la-charite.org\/wp-content\/uploads\/2023\/03\/isotipo-Hijas-de-la-Caridad.png","width":1417,"height":1417,"caption":"Hijas de la Caridad"},"image":{"@id":"https:\/\/filles-de-la-charite.org\/it\/#\/schema\/logo\/image\/"}}]}},"_links":{"self":[{"href":"https:\/\/filles-de-la-charite.org\/it\/wp-json\/wp\/v2\/familia\/3995","targetHints":{"allow":["GET"]}}],"collection":[{"href":"https:\/\/filles-de-la-charite.org\/it\/wp-json\/wp\/v2\/familia"}],"about":[{"href":"https:\/\/filles-de-la-charite.org\/it\/wp-json\/wp\/v2\/types\/familia"}],"wp:featuredmedia":[{"embeddable":true,"href":"https:\/\/filles-de-la-charite.org\/it\/wp-json\/wp\/v2\/media\/1128"}],"wp:attachment":[{"href":"https:\/\/filles-de-la-charite.org\/it\/wp-json\/wp\/v2\/media?parent=3995"}],"wp:term":[{"taxonomy":"origen","embeddable":true,"href":"https:\/\/filles-de-la-charite.org\/it\/wp-json\/wp\/v2\/origen?post=3995"}],"curies":[{"name":"wp","href":"https:\/\/api.w.org\/{rel}","templated":true}]}}