{"id":3996,"date":"2020-10-30T12:00:15","date_gmt":"2020-10-30T11:00:15","guid":{"rendered":"https:\/\/hijascaridad.sjdigitaldemo.ovh\/familia\/testimoni-forti-e-coraggiosi-della-fede-spagna\/"},"modified":"2024-03-02T11:45:00","modified_gmt":"2024-03-02T10:45:00","slug":"testimoni-forti-e-coraggiosi-della-fede-spagna","status":"publish","type":"familia","link":"https:\/\/filles-de-la-charite.org\/it\/famiglia\/testimoni-forti-e-coraggiosi-della-fede-spagna\/","title":{"rendered":"Testimoni forti e coraggiose della fede \u2013 Spagna"},"content":{"rendered":"\n<div class=\"wp-block-image\"><figure class=\"alignleft\"><img decoding=\"async\" src=\"https:\/\/filles-de-la-charite.org\/wp-content\/uploads\/2023\/04\/martires-2.jpg\" alt=\"martires\" width=\"NaN\" height=\"NaN\"\/><\/figure><\/div>\n\n\n\n<p>Le ventisette Figlie della Carit\u00e0 martiri e la Figlia di Maria che le accompagn\u00f2 al martirio sono un chiaro riflesso della Luce di Cristo risorto, alle quali seguirono altri testimoni della fede, in tutto 522, tra cui padre Fortunato Velasco Tobar con i suoi 13 compagni che saranno\u00a0beatificati a Tarragona\u00a0il 13 ottobre del 2013.<\/p>\n\n\n\n<p>I martiri sono luminari della fede poich\u00e9 hanno dato la loro vita per conformarsi alla vera Luce che ci ha detto di se stesso:&nbsp;<em>\u00abIo sono la luce del mondo; chi segue me, non camminer\u00e0 nelle tenebre, ma avr\u00e0 la luce della vita\u00bb<\/em>(Gv 8,12).<\/p>\n\n\n\n<p>Seguendo l\u2019Autore sacro dell\u2019Apocalisse (Ap 7,13-14) che parla del martirio dei primi cristiani risponderemo a quattro domande importanti: Chi sono? Da dove vengono? Come e perch\u00e9 sono morti? Che sfide ci lanciano?<\/p>\n\n\n\n<figure class=\"wp-block-image alignright size-large\"><img decoding=\"async\" src=\"https:\/\/filles-de-la-charite.org\/wp-content\/uploads\/2023\/04\/martires_valencia-1.jpg\" alt=\"martires_valencia\"\/><\/figure>\n\n\n\n<p><strong>1)&nbsp;&nbsp;&nbsp;&nbsp;&nbsp;&nbsp;<\/strong><strong>Chi sono le Figlie della Carit\u00e0 beatificate nell\u2019Anno della fede?<\/strong><\/p>\n\n\n\n<p><em>a)&nbsp;&nbsp;&nbsp;<\/em><em>Sono donne semplici<\/em>&nbsp;del loro tempo,&nbsp;per la provenienza sociale e le radici familiari; la loro educazione \u00e8 segnata dalle devozioni popolari\u2026tutte avevano una cultura ampia , &nbsp;erano idonee a realizzare differenti servizi ed a continuare studi di specializzazione. In generale erano donne gioiose, comunicative, piene di speranza\u2026<\/p>\n\n\n\n<p><em>b)&nbsp;&nbsp;&nbsp;<\/em><em>Sono donne dalla fede salda<\/em>:&nbsp;L\u2019itinerario di fede di queste Suore ci parla di persone senza studi teologici, ma con umilt\u00e0 e semplicit\u00e0 di cuore. La fede della famiglia \u00e8 stata coltivata a Scuola e nella catechesi parrocchiale, attraverso la preghiera personale e la visita quotidiana al Santissimo Sacramento. Con semplicit\u00e0 hanno cercato il panorama futuro della propria vita alla luce della volont\u00e0 di Dio su loro. Hanno confessato la loro fede con fermezza in mezzo alle persecuzioni.<\/p>\n\n\n\n<p><strong><em>c)&nbsp;&nbsp;&nbsp;&nbsp;<\/em><\/strong><strong><em>Sono donne di fede coltivata<\/em><\/strong><strong>: l<\/strong>a loro fede \u00e8 cresciuta &nbsp;protetta dalla preghiera e dallo studio. Fin dal loro ingresso nella Compagnia, hanno coltivato la fede con semplicit\u00e0, responsabilit\u00e0 personale e attenzione. Il programma di formazione iniziale del Seminario era concepito per coltivare la fede e farla crescere: preghiera, studio e interiorizzazione del Vangelo, il Catechismo della Chiesa, le Regole della Compagnia, la biografia dei Fondatori\u2026<\/p>\n\n\n\n<p><strong><em>d)&nbsp;&nbsp;&nbsp;<\/em>Sono Figlie della Carit\u00e0<\/strong>&nbsp;di fede luminosa&nbsp;che si irradia, comunica ed esprime con gioia e naturalezza quando il cuore aderisce a Ges\u00f9 Cristo. Attraverso le lettere conservate dalle famiglie vediamo come irradiavano e comunicavano la fede nel loro servizio: nella cura, nel lavoro, nelle relazioni fraterne\u2026 Questo ci viene testimoniato dalle persone che le hanno conosciute.<\/p>\n\n\n\n<p><em><strong>e)&nbsp;&nbsp;&nbsp; Sono Figlie della Carit\u00e0 di fede provata:<\/strong><\/em>&nbsp;Se approfondiamo un po\u2019 la vita di queste martiri, in tutte troviamo la prova della fede che culminer\u00e0 nell\u2019immediato al martirio. Hanno sofferto la &nbsp;persecuzione personale, insulti, calunnie, affronti\u2026 sono state &nbsp;oggetto della&nbsp;<em>purificazione religiosa<\/em>&nbsp;che pretendeva di escludere Dio dalla Carit\u00e0, la Sanit\u00e0 e l\u2019Educazione.<\/p>\n\n\n\n<p><strong><em>f)&nbsp;&nbsp;&nbsp;&nbsp;&nbsp;<\/em><\/strong><strong><em>Alcune<\/em><\/strong><strong><em>&nbsp;espressioni della loro fede vissuta<\/em><\/strong>:<\/p>\n\n\n\n<p><em>\u201c<\/em><em>Chiedo a Dio di darmi la forza di fare ci\u00f2 che Egli mi chiede e di soffrire quanto Egli vuole, affinch\u00e9 io possa identificarmi con lui \u2026 e, se Dio vuole, gli dono volentieri la mia vita \u2026\u201d<\/em>&nbsp;(Suor Estefan\u00eda Salda\u00f1a Mayoral)<\/p>\n\n\n\n<p>&nbsp;<em>\u201cE\u2019 stata forte l\u2019impressione che mi ha causato la notizia\u2026 Chi poteva supporre che sarebbe stata visitata cos\u00ec presto dalla malattia la mia carissima madre! \u2026 non c\u2019\u00e8 altra terapia da chiedere che la pazienza al Signore, che \u00e8 quello che ci visita con queste prove, tanto dure apparentemente, ma che ci saranno molto meritorie\u2026\u201d<\/em>&nbsp;(Suor Maria Pardo Diaz)<\/p>\n\n\n\n<p><em>Suor M\u00aa Asunci\u00f3n era pronta per il martirio e lo confess\u00f2 pubblicamente senza far caso alle minacce e scherni dei miliziani. Ella ci incoraggiava ad accettare le sofferenze guardando alla croce di Ges\u00f9 Cristo\u2026 Aveva molto zelo nel portare le anime a Dio. (una<\/em>&nbsp;compagna di Suor<em>&nbsp;<\/em>&nbsp;M\u00aa Asunci\u00f3n Mayoral)<\/p>\n\n\n\n<p><strong>2) Da dove vengono questi Testimoni della fede?&nbsp;&nbsp;<\/strong><\/p>\n\n\n\n<p><strong><em>a)&nbsp;&nbsp;&nbsp;&nbsp;&nbsp;&nbsp;<\/em><\/strong><strong>Vengono da luoghi geografici concreti.&nbsp;<\/strong>Tre provengono dalla Galizia, tre dai paesi baschi: tre sono originarie di Navarra, due sono aragonesi, sette vengono da Castilla-Le\u00f3n, tre sono nativi di Madrid, una \u00e8 originaria della Mancia, un\u2019altra da Plasencia (C\u00e1ceres),due da Valencia, due dall\u2019 &nbsp;Andaluc\u00eda ed infine Suor Lorenza D\u00edaz Bola\u00f1os dalle Canarie.<\/p>\n\n\n\n<p><strong><em>b)&nbsp;&nbsp;&nbsp;&nbsp;&nbsp;&nbsp;<\/em><\/strong><strong>Vengono da un momento storico conflittuale in Spagna: situazione di crisi generale,&nbsp;<\/strong>disoccupazione, povert\u00e0, condizioni di lavoro disumane nel settore industriale e rurale, analfabetismo ed ignoranza culturale e religiosa, manifestazioni di piazza, scioperi, \u2026<\/p>\n\n\n\n<p><strong><em>c)&nbsp;&nbsp;&nbsp;&nbsp;&nbsp;&nbsp;<\/em><\/strong><strong>Vengono da una Chiesa accusata di essere lontana dal popolo:&nbsp;<\/strong>Si accusava la Chiesa dei mali sociali provocati dal crollo del 1929 e dei problemi che ne erano derivati; la Chiesa \u00e8 stata perseguitata crudelmente e le istituzioni religiose che si dedicavano all\u2019educazione, alla carit\u00e0, ai servizi sanitari e sociali erano sottoposte ad una purificazione. Il comunismo ateo cercava di scacciare il nome di Dio dalla societ\u00e0.<\/p>\n\n\n\n<p><strong><em>d)&nbsp;&nbsp;&nbsp;&nbsp;&nbsp;&nbsp;<\/em><\/strong><strong>Vengono dal servizio dei poveri realizzato come missione.<\/strong>&nbsp;Cinque erano Suore Serventi: Suor Assunzione Mayoral nell\u2019asilo dei ciechi di Madrid; Suor M\u00aa Dolores Ursula Caro nella Casa Misericordia di Albacete; Suor Martina V\u00e1zquez Gordo nella scuola La Miracolosa di Zamora e nell\u2019Ospedale e Scuole di Segorbe (Castell\u00f3n); Suor Giuseppina Laborra e Suor Carmen Rodr\u00edguez Barazal nella scuola-asilo di B\u00e9tera (Valencia). La comunit\u00e0 le ha incoraggiate nella fede nei momenti di persecuzione, motivando in loro la preghiera e favorendo gli incontri e i momenti lunghi di preghiera nei rispettivi rifugi. Tutte erano preoccupate di cercare un sacerdote per celebrare clandestinamente l\u2019Eucaristia ed ottenere la forza necessaria dal Pane di Vita. Sedici erano educatori, sette infermiere e cinque del settore sociale.<\/p>\n\n\n\n<p><strong>3) Come e perch\u00e9 sono morte queste Testimoni della fede?&nbsp;<\/strong><\/p>\n\n\n\n<p><strong><em>a)&nbsp;&nbsp;&nbsp;&nbsp;&nbsp;&nbsp;<\/em><\/strong><strong><em>Sono morte confessando l\u2019identit\u00e0 e dando testimonianza della loro Fede:&nbsp;<\/em><\/strong>sono vissute e morte confessando Ges\u00f9 Cristo con coraggio, perdonando i persecutori e mettendo la loro vita in mano di Dio Padre. Hanno testimoniato Cristo, la sua vita, le sue azioni e il coraggio della sequela dei suoi insegnamenti. Hanno preferito morire che rinunciare alla propria fede e alla vocazione consacrata alla Carit\u00e0. Suor Martina V\u00e1zquez Gordo, catturata, cerc\u00f2 di intercedere per le altre Suore con le stesse parole di Ges\u00f9 nell\u2019Orto del Getsemani: \u201c<em>Se cercate me, lasciate libere queste, possono aiutarvi negli ospedali<\/em>\u201c\u2026 E la sua parola fu ascoltata.&nbsp;&nbsp;<\/p>\n\n\n\n<p><strong><em>b)&nbsp;&nbsp;&nbsp;&nbsp;&nbsp;&nbsp;<\/em><\/strong><strong><em>Morirono per essere seguaci di Ges\u00f9 Cristo:<\/em><\/strong>&nbsp;L\u2019unico delitto per il quale sono state interrogate ed hanno confessato \u00e8 quello di \u201cessere Figlie della Carit\u00e0\u201d\u2026 Sono morte &nbsp;per essere Figlie della Carit\u00e0, solo per questo motivo. I persecutori volevano cancellare il nome di Dio dalla Carit\u00e0, l\u2019Educazione e la Sanit\u00e0. Esse, col loro martirio, lo hanno reso incancellabile per sempre.<\/p>\n\n\n\n<p><strong>4) Che sfide ci lanciano queste martiri?&nbsp;<\/strong><\/p>\n\n\n\n<p>I martiri della fede del secolo XX in Spagna, e in particolare le nostre Suore, hanno vissuto la propria fede in mezzo ad un forte laicismo, alla propagazione del comunismo ateo e all\u2019ostilit\u00e0 ambientale. Vedendosi espulse dalla loro comunit\u00e0 e luoghi di servizio e di missione, minacciate e perseguitate, hanno cercato di salvare la loro vita usando tutti i mezzi a loro disposizione. L\u2019astuzia del male, per\u00f2, si \u00e8 rivelata superiore alla loro buona volont\u00e0 e cos\u00ec i persecutori le hanno trovate. Ci sono attualmente circostanze abbastanza simili a quelle da loro vissute. La loro vita ci sfida ed invita a costruire la storia del futuro:<\/p>\n\n\n\n<ul class=\"wp-block-list\">\n<li>Davanti alle proposte di superficialit\u00e0 e comodit\u00e0 della cultura che ci circonda, esse&nbsp;<em>ci invitano a coltivare la Fede, ad esserne testimoni fermi, a confessarla con coraggio ed a vivere il Vangelo radicalmente<\/em>, unendo inseparabilmente fede e carit\u00e0.<\/li>\n\n\n\n<li>Di fronte all\u2019egoismo e mercantilismo della societ\u00e0,&nbsp;<em>ci sfidano a vivere la vocazione in gratuit\u00e0 evangelica, a consegnare quello che siamo ed abbiamo<\/em>&nbsp;con amore e libert\u00e0, per manifestare l\u2019amore di Ges\u00f9 Cristo ai bisognosi che ci circondano.<\/li>\n\n\n\n<li>Davanti all\u2019eclissi di Dio e alla carenza di senso della vita per molte persone,&nbsp;<em>possiamo spingere l\u2019impegno evangelizzatore nel nostro ambiente<\/em>&nbsp;curando che i lontani, i poveri e tutte le persone che soffrono siano il centro della nostra attivit\u00e0 pastorale.<\/li>\n\n\n\n<li>Di fronte alla carenza di umanit\u00e0 che sta generando la globalizzazione, l\u2019individualismo e la crisi economica ed assiologica,&nbsp;<em>possiamo essere pi\u00f9 attente ai bisognosi, seminare comprensione ed offrire aiuto alle vittime come testimoni di carit\u00e0<\/em>.<\/li>\n\n\n\n<li>Di fronte alla contrazione e alla violenza dell\u2019ambiente&nbsp;<em>possiamo essere come loro testimoni di misericordia, bont\u00e0, perdono e riconciliazione<\/em>, realizzando le Beatitudini come cammino di sequela di Ges\u00f9 Cristo.<\/li>\n\n\n\n<li>Davanti all\u2019angoscia e alla paura di una morte violenta vicina, esse si sono fidate di Dio, hanno pregato, hanno rafforzato l\u2019unione fraterna e celebrato l\u2019Eucaristia per rafforzarsi, perdonare ed affrontare con fede e serenit\u00e0 la morte.&nbsp;<em>\u00c8 un programma di vita cristiana che \u00e8 sempre nelle nostre mani, e soprattutto, davanti a qualsiasi situazione difficile.<\/em><\/li>\n<\/ul>\n\n\n\n<p>Le Suore martiri non hanno improvvisato la forza e la serenit\u00e0 nell\u2019ora finale: \u00e8 stato un dono dello Spirito Santo che hanno chiesto ed ottenuto. Come Figlie della Carit\u00e0 erano state pellegrine della fede, profeti di speranza e testimoni di carit\u00e0. Cos\u00ec, con la loro esistenza e con la loro morte, hanno lasciato impronte indelebili nella storia della Chiesa e per la costruzione di un mondo pi\u00f9 umano e fraterno. Questa \u00e8 la loro migliore eredit\u00e0 e la migliore lezione.<\/p>\n\n\n\n<p><em>Suor M\u00aa \u00c1ngeles Infante, H. C.<\/em><\/p>\n\n\n\n<figure class=\"wp-block-image aligncenter size-large\"><img decoding=\"async\" src=\"https:\/\/filles-de-la-charite.org\/wp-content\/uploads\/2023\/04\/vindc-martyrs-2.jpeg\" alt=\"vindc martyrs\"\/><\/figure>\n","protected":false},"featured_media":1122,"template":"","meta":{"_acf_changed":false,"_links_to":"","_links_to_target":""},"origen":[],"class_list":["post-3996","familia","type-familia","status-publish","has-post-thumbnail","hentry"],"acf":[],"yoast_head":"<!-- This site is optimized with the Yoast SEO plugin v27.5 - https:\/\/yoast.com\/product\/yoast-seo-wordpress\/ -->\n<title>Testimoni forti e coraggiose della fede \u2013 Spagna - Filles de la Charit\u00e9<\/title>\n<meta name=\"robots\" content=\"index, follow, max-snippet:-1, max-image-preview:large, max-video-preview:-1\" \/>\n<link rel=\"canonical\" href=\"https:\/\/filles-de-la-charite.org\/it\/famiglia\/testimoni-forti-e-coraggiosi-della-fede-spagna\/\" \/>\n<meta property=\"og:locale\" content=\"it_IT\" \/>\n<meta property=\"og:type\" content=\"article\" \/>\n<meta property=\"og:title\" content=\"Testimoni forti e coraggiose della fede \u2013 Spagna - Filles de la Charit\u00e9\" \/>\n<meta property=\"og:description\" content=\"Le ventisette Figlie della Carit\u00e0 martiri e la Figlia di Maria che le accompagn\u00f2 al martirio sono un chiaro riflesso della Luce di Cristo risorto, alle quali seguirono altri testimoni della fede, in tutto 522, tra cui padre Fortunato Velasco Tobar con i suoi 13 compagni che saranno\u00a0beatificati a Tarragona\u00a0il 13 ottobre del 2013. I [&hellip;]\" \/>\n<meta property=\"og:url\" content=\"https:\/\/filles-de-la-charite.org\/it\/famiglia\/testimoni-forti-e-coraggiosi-della-fede-spagna\/\" \/>\n<meta property=\"og:site_name\" content=\"Filles de la Charit\u00e9\" \/>\n<meta property=\"article:modified_time\" content=\"2024-03-02T10:45:00+00:00\" \/>\n<meta property=\"og:image\" content=\"https:\/\/filles-de-la-charite.org\/wp-content\/uploads\/2023\/04\/martires-2.jpg\" \/>\n\t<meta property=\"og:image:width\" content=\"481\" \/>\n\t<meta property=\"og:image:height\" content=\"563\" \/>\n\t<meta property=\"og:image:type\" content=\"image\/jpeg\" \/>\n<meta name=\"twitter:card\" content=\"summary_large_image\" \/>\n<meta name=\"twitter:label1\" content=\"Tempo di lettura stimato\" \/>\n\t<meta name=\"twitter:data1\" content=\"8 minuti\" \/>\n<script type=\"application\/ld+json\" class=\"yoast-schema-graph\">{\"@context\":\"https:\\\/\\\/schema.org\",\"@graph\":[{\"@type\":\"WebPage\",\"@id\":\"https:\\\/\\\/filles-de-la-charite.org\\\/it\\\/famiglia\\\/testimoni-forti-e-coraggiosi-della-fede-spagna\\\/\",\"url\":\"https:\\\/\\\/filles-de-la-charite.org\\\/it\\\/famiglia\\\/testimoni-forti-e-coraggiosi-della-fede-spagna\\\/\",\"name\":\"Testimoni forti e coraggiose della fede \u2013 Spagna - Filles de la Charit\u00e9\",\"isPartOf\":{\"@id\":\"https:\\\/\\\/filles-de-la-charite.org\\\/it\\\/#website\"},\"primaryImageOfPage\":{\"@id\":\"https:\\\/\\\/filles-de-la-charite.org\\\/it\\\/famiglia\\\/testimoni-forti-e-coraggiosi-della-fede-spagna\\\/#primaryimage\"},\"image\":{\"@id\":\"https:\\\/\\\/filles-de-la-charite.org\\\/it\\\/famiglia\\\/testimoni-forti-e-coraggiosi-della-fede-spagna\\\/#primaryimage\"},\"thumbnailUrl\":\"https:\\\/\\\/filles-de-la-charite.org\\\/wp-content\\\/uploads\\\/2023\\\/04\\\/martires-2.jpg\",\"datePublished\":\"2020-10-30T11:00:15+00:00\",\"dateModified\":\"2024-03-02T10:45:00+00:00\",\"breadcrumb\":{\"@id\":\"https:\\\/\\\/filles-de-la-charite.org\\\/it\\\/famiglia\\\/testimoni-forti-e-coraggiosi-della-fede-spagna\\\/#breadcrumb\"},\"inLanguage\":\"it-IT\",\"potentialAction\":[{\"@type\":\"ReadAction\",\"target\":[\"https:\\\/\\\/filles-de-la-charite.org\\\/it\\\/famiglia\\\/testimoni-forti-e-coraggiosi-della-fede-spagna\\\/\"]}]},{\"@type\":\"ImageObject\",\"inLanguage\":\"it-IT\",\"@id\":\"https:\\\/\\\/filles-de-la-charite.org\\\/it\\\/famiglia\\\/testimoni-forti-e-coraggiosi-della-fede-spagna\\\/#primaryimage\",\"url\":\"https:\\\/\\\/filles-de-la-charite.org\\\/wp-content\\\/uploads\\\/2023\\\/04\\\/martires-2.jpg\",\"contentUrl\":\"https:\\\/\\\/filles-de-la-charite.org\\\/wp-content\\\/uploads\\\/2023\\\/04\\\/martires-2.jpg\",\"width\":481,\"height\":563},{\"@type\":\"BreadcrumbList\",\"@id\":\"https:\\\/\\\/filles-de-la-charite.org\\\/it\\\/famiglia\\\/testimoni-forti-e-coraggiosi-della-fede-spagna\\\/#breadcrumb\",\"itemListElement\":[{\"@type\":\"ListItem\",\"position\":1,\"name\":\"La nostra famiglia\",\"item\":\"https:\\\/\\\/filles-de-la-charite.org\\\/it\\\/famiglia\\\/\"},{\"@type\":\"ListItem\",\"position\":2,\"name\":\"Testimoni forti e coraggiose della fede \u2013 Spagna\"}]},{\"@type\":\"WebSite\",\"@id\":\"https:\\\/\\\/filles-de-la-charite.org\\\/it\\\/#website\",\"url\":\"https:\\\/\\\/filles-de-la-charite.org\\\/it\\\/\",\"name\":\"Hijas de la Caridad\",\"description\":\"L\u2019amour de J\u00e9sus nous presse \u00e0 prendre soin des personnes les plus d\u00e9munies\",\"publisher\":{\"@id\":\"https:\\\/\\\/filles-de-la-charite.org\\\/it\\\/#organization\"},\"potentialAction\":[{\"@type\":\"SearchAction\",\"target\":{\"@type\":\"EntryPoint\",\"urlTemplate\":\"https:\\\/\\\/filles-de-la-charite.org\\\/it\\\/?s={search_term_string}\"},\"query-input\":{\"@type\":\"PropertyValueSpecification\",\"valueRequired\":true,\"valueName\":\"search_term_string\"}}],\"inLanguage\":\"it-IT\"},{\"@type\":\"Organization\",\"@id\":\"https:\\\/\\\/filles-de-la-charite.org\\\/it\\\/#organization\",\"name\":\"Hijas de la Caridad\",\"url\":\"https:\\\/\\\/filles-de-la-charite.org\\\/it\\\/\",\"logo\":{\"@type\":\"ImageObject\",\"inLanguage\":\"it-IT\",\"@id\":\"https:\\\/\\\/filles-de-la-charite.org\\\/it\\\/#\\\/schema\\\/logo\\\/image\\\/\",\"url\":\"https:\\\/\\\/filles-de-la-charite.org\\\/wp-content\\\/uploads\\\/2023\\\/03\\\/isotipo-Hijas-de-la-Caridad.png\",\"contentUrl\":\"https:\\\/\\\/filles-de-la-charite.org\\\/wp-content\\\/uploads\\\/2023\\\/03\\\/isotipo-Hijas-de-la-Caridad.png\",\"width\":1417,\"height\":1417,\"caption\":\"Hijas de la Caridad\"},\"image\":{\"@id\":\"https:\\\/\\\/filles-de-la-charite.org\\\/it\\\/#\\\/schema\\\/logo\\\/image\\\/\"}}]}<\/script>\n<!-- \/ Yoast SEO plugin. -->","yoast_head_json":{"title":"Testimoni forti e coraggiose della fede \u2013 Spagna - Filles de la Charit\u00e9","robots":{"index":"index","follow":"follow","max-snippet":"max-snippet:-1","max-image-preview":"max-image-preview:large","max-video-preview":"max-video-preview:-1"},"canonical":"https:\/\/filles-de-la-charite.org\/it\/famiglia\/testimoni-forti-e-coraggiosi-della-fede-spagna\/","og_locale":"it_IT","og_type":"article","og_title":"Testimoni forti e coraggiose della fede \u2013 Spagna - Filles de la Charit\u00e9","og_description":"Le ventisette Figlie della Carit\u00e0 martiri e la Figlia di Maria che le accompagn\u00f2 al martirio sono un chiaro riflesso della Luce di Cristo risorto, alle quali seguirono altri testimoni della fede, in tutto 522, tra cui padre Fortunato Velasco Tobar con i suoi 13 compagni che saranno\u00a0beatificati a Tarragona\u00a0il 13 ottobre del 2013. I [&hellip;]","og_url":"https:\/\/filles-de-la-charite.org\/it\/famiglia\/testimoni-forti-e-coraggiosi-della-fede-spagna\/","og_site_name":"Filles de la Charit\u00e9","article_modified_time":"2024-03-02T10:45:00+00:00","og_image":[{"width":481,"height":563,"url":"https:\/\/filles-de-la-charite.org\/wp-content\/uploads\/2023\/04\/martires-2.jpg","type":"image\/jpeg"}],"twitter_card":"summary_large_image","twitter_misc":{"Tempo di lettura stimato":"8 minuti"},"schema":{"@context":"https:\/\/schema.org","@graph":[{"@type":"WebPage","@id":"https:\/\/filles-de-la-charite.org\/it\/famiglia\/testimoni-forti-e-coraggiosi-della-fede-spagna\/","url":"https:\/\/filles-de-la-charite.org\/it\/famiglia\/testimoni-forti-e-coraggiosi-della-fede-spagna\/","name":"Testimoni forti e coraggiose della fede \u2013 Spagna - Filles de la Charit\u00e9","isPartOf":{"@id":"https:\/\/filles-de-la-charite.org\/it\/#website"},"primaryImageOfPage":{"@id":"https:\/\/filles-de-la-charite.org\/it\/famiglia\/testimoni-forti-e-coraggiosi-della-fede-spagna\/#primaryimage"},"image":{"@id":"https:\/\/filles-de-la-charite.org\/it\/famiglia\/testimoni-forti-e-coraggiosi-della-fede-spagna\/#primaryimage"},"thumbnailUrl":"https:\/\/filles-de-la-charite.org\/wp-content\/uploads\/2023\/04\/martires-2.jpg","datePublished":"2020-10-30T11:00:15+00:00","dateModified":"2024-03-02T10:45:00+00:00","breadcrumb":{"@id":"https:\/\/filles-de-la-charite.org\/it\/famiglia\/testimoni-forti-e-coraggiosi-della-fede-spagna\/#breadcrumb"},"inLanguage":"it-IT","potentialAction":[{"@type":"ReadAction","target":["https:\/\/filles-de-la-charite.org\/it\/famiglia\/testimoni-forti-e-coraggiosi-della-fede-spagna\/"]}]},{"@type":"ImageObject","inLanguage":"it-IT","@id":"https:\/\/filles-de-la-charite.org\/it\/famiglia\/testimoni-forti-e-coraggiosi-della-fede-spagna\/#primaryimage","url":"https:\/\/filles-de-la-charite.org\/wp-content\/uploads\/2023\/04\/martires-2.jpg","contentUrl":"https:\/\/filles-de-la-charite.org\/wp-content\/uploads\/2023\/04\/martires-2.jpg","width":481,"height":563},{"@type":"BreadcrumbList","@id":"https:\/\/filles-de-la-charite.org\/it\/famiglia\/testimoni-forti-e-coraggiosi-della-fede-spagna\/#breadcrumb","itemListElement":[{"@type":"ListItem","position":1,"name":"La nostra famiglia","item":"https:\/\/filles-de-la-charite.org\/it\/famiglia\/"},{"@type":"ListItem","position":2,"name":"Testimoni forti e coraggiose della fede \u2013 Spagna"}]},{"@type":"WebSite","@id":"https:\/\/filles-de-la-charite.org\/it\/#website","url":"https:\/\/filles-de-la-charite.org\/it\/","name":"Hijas de la Caridad","description":"L\u2019amour de J\u00e9sus nous presse \u00e0 prendre soin des personnes les plus d\u00e9munies","publisher":{"@id":"https:\/\/filles-de-la-charite.org\/it\/#organization"},"potentialAction":[{"@type":"SearchAction","target":{"@type":"EntryPoint","urlTemplate":"https:\/\/filles-de-la-charite.org\/it\/?s={search_term_string}"},"query-input":{"@type":"PropertyValueSpecification","valueRequired":true,"valueName":"search_term_string"}}],"inLanguage":"it-IT"},{"@type":"Organization","@id":"https:\/\/filles-de-la-charite.org\/it\/#organization","name":"Hijas de la Caridad","url":"https:\/\/filles-de-la-charite.org\/it\/","logo":{"@type":"ImageObject","inLanguage":"it-IT","@id":"https:\/\/filles-de-la-charite.org\/it\/#\/schema\/logo\/image\/","url":"https:\/\/filles-de-la-charite.org\/wp-content\/uploads\/2023\/03\/isotipo-Hijas-de-la-Caridad.png","contentUrl":"https:\/\/filles-de-la-charite.org\/wp-content\/uploads\/2023\/03\/isotipo-Hijas-de-la-Caridad.png","width":1417,"height":1417,"caption":"Hijas de la Caridad"},"image":{"@id":"https:\/\/filles-de-la-charite.org\/it\/#\/schema\/logo\/image\/"}}]}},"_links":{"self":[{"href":"https:\/\/filles-de-la-charite.org\/it\/wp-json\/wp\/v2\/familia\/3996","targetHints":{"allow":["GET"]}}],"collection":[{"href":"https:\/\/filles-de-la-charite.org\/it\/wp-json\/wp\/v2\/familia"}],"about":[{"href":"https:\/\/filles-de-la-charite.org\/it\/wp-json\/wp\/v2\/types\/familia"}],"wp:featuredmedia":[{"embeddable":true,"href":"https:\/\/filles-de-la-charite.org\/it\/wp-json\/wp\/v2\/media\/1122"}],"wp:attachment":[{"href":"https:\/\/filles-de-la-charite.org\/it\/wp-json\/wp\/v2\/media?parent=3996"}],"wp:term":[{"taxonomy":"origen","embeddable":true,"href":"https:\/\/filles-de-la-charite.org\/it\/wp-json\/wp\/v2\/origen?post=3996"}],"curies":[{"name":"wp","href":"https:\/\/api.w.org\/{rel}","templated":true}]}}