{"id":3997,"date":"2020-10-21T09:49:00","date_gmt":"2020-10-21T07:49:00","guid":{"rendered":"https:\/\/hijascaridad.sjdigitaldemo.ovh\/familia\/santa-caterina-laboure\/"},"modified":"2024-05-24T16:51:40","modified_gmt":"2024-05-24T14:51:40","slug":"santa-caterina-laboure","status":"publish","type":"familia","link":"https:\/\/filles-de-la-charite.org\/it\/famiglia\/santa-caterina-laboure\/","title":{"rendered":"Santa Caterina Labour\u00e9"},"content":{"rendered":"\n<p>Caterina Labour\u00e9 \u00e8 una donna molto umana, una santa vicino a noi. La sua vita straordinaria \u00e8 al tempo stesso semplice e eccezionale. Ha una vera passione per Dio, la Vergine Maria, san Vincenzo ed i poveri. La sua personalit\u00e0 \u00e8 eccezionalmente ricca per la sua semplicit\u00e0 e umilt\u00e0.<\/p>\n\n\n\n<figure class=\"wp-block-table\"><table><tbody><tr><td><strong>1806,&nbsp;2 maggio<\/strong><\/td><td>Nascita a Fain-les-Moutiers<\/td><\/tr><tr><td><strong>1815&nbsp;<\/strong><\/td><td>Morte di sua madre<\/td><\/tr><tr><td><strong>1830, 21 aprile<\/strong><\/td><td>Entra in&nbsp; Seminario (Noviziato) tra le Figlie della Carit\u00e0 a Parigi<\/td><\/tr><tr><td><strong>1830,&nbsp;18 luglio<\/strong> e 27 novembre<\/td><td>Le grandi apparizioni della Vergine Maria<\/td><\/tr><tr><td><strong>1831<\/strong>, 5 febbraio<\/td><td>Inviata nell\u2019 ospizio d\u2019Enghien, Parigi, si occupa delle persone anziane povere<\/td><\/tr><tr><td><strong>1876,&nbsp;31 dicembre<\/strong><\/td><td>Morte di Caterina Labour\u00e9<\/td><\/tr><tr><td><strong>1933&nbsp;<\/strong><\/td><td>Traslazione del suo corpo nella Cappella della Casa Madre<\/td><\/tr><tr><td><strong>1933,&nbsp;22 maggio<\/strong><\/td><td>Beatificazione<\/td><\/tr><tr><td><strong>1947,&nbsp;27 luglio<\/strong><\/td><td>Canonizzata da Papa Pio XII<\/td><\/tr><tr><td><strong>28 novembre&nbsp;<\/strong><\/td><td>memoria liturgica<\/td><\/tr><\/tbody><\/table><\/figure>\n\n\n\n<p>Caterina \u00e8 una ragazza della campagna della Borgogna, ottava di una famiglia di dieci figli. Orfana a nove anni, decide di sostituire la madre che ha appena perso con la Madre del Cielo: Maria. Questo gesto di fede sar\u00e0 un avvenimento fondante nella sua relazione privilegiata con il \u00abCielo\u00bb.<\/p>\n\n\n\n<p>ll 25 gennaio 1818, Caterina riceve la prima comunione nella chiesa di Moutiers-Saint-Jean. Ella e diventa tutta mistica\u00bb come riferisce la sorellina Tonina. Fin dall\u2019et\u00e0 di dodici anni, Caterina \u00e8 la prima collaboratrice di suo padre nella fattoria. Sovraccarica di occupazioni, Caterina lavora senza sosta, ci\u00f2 che fortifica il suo temperamento di lavoratrice e la sua resistenza a dominare la stanchezza. Ogni giorno, prega a lungo. Prima di cominciare le sue giornate, trova il modo di partecipare alla Messa nella Chiesa di Moutiers-Saint-Jean. A tredici anni, Caterina \u00e8 sia \u00abcontemplativa\u00bb che \u00abpadrona di casa\u00bb.<\/p>\n\n\n\n<p>Verso i quindici &#8211; sedici anni, una notte, fa un sogno strano, uno di quei sogni premonitori di cui si parla nel Vangelo e di cui si comprende il significato solo pi\u00f9 tardi. Caterina \u00e8 visitata da san Vincenzo de Paoli che la invita a seguirlo.<\/p>\n\n\n\n<p>Verso i diciotto anni, esprime a suo padre il desiderio di entrare tra le Figlie della Carit\u00e0. Egli rifiuta e spera di farle cambiare idea mandandola a Parigi come cuoca e cameriera nella trattoria del fratello.<\/p>\n\n\n\n<p>Quando Caterina ha ventidue anni, suo padre finisce per cedere al suo desiderio di vivere la vocazione. Nell\u2019aprile del 1830, Caterina entra nel Seminario della Casa Madre di Parigi, rue du Bac. Ammira molto san Vincenzo de Paoli e attinge forza, pazienza e luce nella preghiera. Sorridente ed allegra, Caterina \u00e8 tutta orientata verso le persone e l\u2019efficacia del servizio quotidiano.<\/p>\n\n\n\n<p>Fin dal suo arrivo in Seminario, Caterina beneficia prima di visioni personali: il cuore di S. Vincenzo e Il Cristo che le si manifesta nell\u2019Eucaristia, nostro Signore nell\u2019Eucarestia, poi di due apparizioni mariane che sono un messaggio di evangelizzazione per la Chiesa e per il mondo. Queste due apparizioni del 18 luglio e del 27 novembre sono indissociabili. La prima prepara la seconda che, certamente, \u00e8 di un\u2019importanza capitale: Maria Immacolata affida al mondo la sua Medaglia. Con questo segno, Maria rivela la sua Concezione Immacolata; il rovescio della Medaglia presenta simboli che descrivono intimamente Maria legata ai misteri dell\u2019Incarnazione e della Redenzione.<\/p>\n\n\n\n<p>Per Caterina, Dio non \u00e8 un\u2019idea ma una presenza: Ges\u00f9 Cristo, Dio fatto uomo tra gli uomini. Il 5 febbraio 1831, \u00e8 mandata al servizio degli anziani dell\u2019ospizio d\u2019Enghien, dei poveri del quartiere, degli afflitti, dei disperati, degli emarginati\u2026 Durante quarantasei anni di instancabile servizio, \u00e8 per tutti un\u2019oasi di pace, dando prova di prevenienza e d\u2019una bont\u00e0 rare nei confronti degli anziani, particolarmente i pi\u00f9 sgradevoli. Ha anche un\u2019attenzione privilegiata per i malati, gli agonizzanti di cui \u00e8 vegliatrice abituale. Riconosce il volto di Cristo in loro. Non \u00e8 solamente una \u201cveggente\u201d, ma anche e soprattutto una \u201ccredente\u201d, rivelandosi eroica nelle situazioni impreviste e difficili, particolarmente durante la Comune: \u00abTutto \u00e8 per Dio! \u00bb.<\/p>\n\n\n\n<p>I primi giorni dell\u2019anno 1877, Suor Caterina viene seppellita in un loculo sotto la cappella di Reuilly. \u00c8 canonizzata nel 1947, settant\u2019anni dopo la sua morte. Nel 1933 il corpo di Caterina \u00e8 trasferito nella Cappella della rue du Bac e posta sotto l\u2019altare della Vergine del globo. Cos\u00ec, Caterina appare come la prima testimone di un nuovo tipo di santit\u00e0, senza gloria n\u00e9 trionfi umani, che lo Spirito Santo comincia a suscitare per i tempi moderni.<\/p>\n\n\n\n<p><\/p>\n","protected":false},"featured_media":984,"template":"","meta":{"_acf_changed":false,"_et_pb_use_builder":"","_et_pb_old_content":"","_et_gb_content_width":"","_links_to":"","_links_to_target":""},"origen":[],"class_list":["post-3997","familia","type-familia","status-publish","has-post-thumbnail","hentry"],"acf":[],"yoast_head":"<!-- This site is optimized with the Yoast SEO plugin v27.5 - https:\/\/yoast.com\/product\/yoast-seo-wordpress\/ -->\n<title>Santa Caterina Labour\u00e9 - Filles de la Charit\u00e9<\/title>\n<meta name=\"robots\" content=\"index, follow, max-snippet:-1, max-image-preview:large, max-video-preview:-1\" \/>\n<link rel=\"canonical\" href=\"https:\/\/filles-de-la-charite.org\/it\/famiglia\/santa-caterina-laboure\/\" \/>\n<meta property=\"og:locale\" content=\"it_IT\" \/>\n<meta property=\"og:type\" content=\"article\" \/>\n<meta property=\"og:title\" content=\"Santa Caterina Labour\u00e9 - Filles de la Charit\u00e9\" \/>\n<meta property=\"og:description\" content=\"Caterina Labour\u00e9 \u00e8 una donna molto umana, una santa vicino a noi. La sua vita straordinaria \u00e8 al tempo stesso semplice e eccezionale. Ha una vera passione per Dio, la Vergine Maria, san Vincenzo ed i poveri. La sua personalit\u00e0 \u00e8 eccezionalmente ricca per la sua semplicit\u00e0 e umilt\u00e0. 1806,&nbsp;2 maggio Nascita a Fain-les-Moutiers 1815&nbsp; [&hellip;]\" \/>\n<meta property=\"og:url\" content=\"https:\/\/filles-de-la-charite.org\/it\/famiglia\/santa-caterina-laboure\/\" \/>\n<meta property=\"og:site_name\" content=\"Filles de la Charit\u00e9\" \/>\n<meta property=\"article:modified_time\" content=\"2024-05-24T14:51:40+00:00\" \/>\n<meta property=\"og:image\" content=\"https:\/\/filles-de-la-charite.org\/wp-content\/uploads\/2023\/04\/image19-1.jpg\" \/>\n\t<meta property=\"og:image:width\" content=\"366\" \/>\n\t<meta property=\"og:image:height\" content=\"508\" \/>\n\t<meta property=\"og:image:type\" content=\"image\/jpeg\" \/>\n<meta name=\"twitter:card\" content=\"summary_large_image\" \/>\n<meta name=\"twitter:label1\" content=\"Tempo di lettura stimato\" \/>\n\t<meta name=\"twitter:data1\" content=\"4 minuti\" \/>\n<script type=\"application\/ld+json\" class=\"yoast-schema-graph\">{\"@context\":\"https:\\\/\\\/schema.org\",\"@graph\":[{\"@type\":\"WebPage\",\"@id\":\"https:\\\/\\\/filles-de-la-charite.org\\\/it\\\/famiglia\\\/santa-caterina-laboure\\\/\",\"url\":\"https:\\\/\\\/filles-de-la-charite.org\\\/it\\\/famiglia\\\/santa-caterina-laboure\\\/\",\"name\":\"Santa Caterina Labour\u00e9 - Filles de la Charit\u00e9\",\"isPartOf\":{\"@id\":\"https:\\\/\\\/filles-de-la-charite.org\\\/it\\\/#website\"},\"primaryImageOfPage\":{\"@id\":\"https:\\\/\\\/filles-de-la-charite.org\\\/it\\\/famiglia\\\/santa-caterina-laboure\\\/#primaryimage\"},\"image\":{\"@id\":\"https:\\\/\\\/filles-de-la-charite.org\\\/it\\\/famiglia\\\/santa-caterina-laboure\\\/#primaryimage\"},\"thumbnailUrl\":\"https:\\\/\\\/filles-de-la-charite.org\\\/wp-content\\\/uploads\\\/2023\\\/04\\\/image19-1.jpg\",\"datePublished\":\"2020-10-21T07:49:00+00:00\",\"dateModified\":\"2024-05-24T14:51:40+00:00\",\"breadcrumb\":{\"@id\":\"https:\\\/\\\/filles-de-la-charite.org\\\/it\\\/famiglia\\\/santa-caterina-laboure\\\/#breadcrumb\"},\"inLanguage\":\"it-IT\",\"potentialAction\":[{\"@type\":\"ReadAction\",\"target\":[\"https:\\\/\\\/filles-de-la-charite.org\\\/it\\\/famiglia\\\/santa-caterina-laboure\\\/\"]}]},{\"@type\":\"ImageObject\",\"inLanguage\":\"it-IT\",\"@id\":\"https:\\\/\\\/filles-de-la-charite.org\\\/it\\\/famiglia\\\/santa-caterina-laboure\\\/#primaryimage\",\"url\":\"https:\\\/\\\/filles-de-la-charite.org\\\/wp-content\\\/uploads\\\/2023\\\/04\\\/image19-1.jpg\",\"contentUrl\":\"https:\\\/\\\/filles-de-la-charite.org\\\/wp-content\\\/uploads\\\/2023\\\/04\\\/image19-1.jpg\",\"width\":366,\"height\":508},{\"@type\":\"BreadcrumbList\",\"@id\":\"https:\\\/\\\/filles-de-la-charite.org\\\/it\\\/famiglia\\\/santa-caterina-laboure\\\/#breadcrumb\",\"itemListElement\":[{\"@type\":\"ListItem\",\"position\":1,\"name\":\"La nostra famiglia\",\"item\":\"https:\\\/\\\/filles-de-la-charite.org\\\/it\\\/famiglia\\\/\"},{\"@type\":\"ListItem\",\"position\":2,\"name\":\"Santa Caterina Labour\u00e9\"}]},{\"@type\":\"WebSite\",\"@id\":\"https:\\\/\\\/filles-de-la-charite.org\\\/it\\\/#website\",\"url\":\"https:\\\/\\\/filles-de-la-charite.org\\\/it\\\/\",\"name\":\"Hijas de la Caridad\",\"description\":\"L\u2019amour de J\u00e9sus nous presse \u00e0 prendre soin des personnes les plus d\u00e9munies\",\"publisher\":{\"@id\":\"https:\\\/\\\/filles-de-la-charite.org\\\/it\\\/#organization\"},\"potentialAction\":[{\"@type\":\"SearchAction\",\"target\":{\"@type\":\"EntryPoint\",\"urlTemplate\":\"https:\\\/\\\/filles-de-la-charite.org\\\/it\\\/?s={search_term_string}\"},\"query-input\":{\"@type\":\"PropertyValueSpecification\",\"valueRequired\":true,\"valueName\":\"search_term_string\"}}],\"inLanguage\":\"it-IT\"},{\"@type\":\"Organization\",\"@id\":\"https:\\\/\\\/filles-de-la-charite.org\\\/it\\\/#organization\",\"name\":\"Hijas de la Caridad\",\"url\":\"https:\\\/\\\/filles-de-la-charite.org\\\/it\\\/\",\"logo\":{\"@type\":\"ImageObject\",\"inLanguage\":\"it-IT\",\"@id\":\"https:\\\/\\\/filles-de-la-charite.org\\\/it\\\/#\\\/schema\\\/logo\\\/image\\\/\",\"url\":\"https:\\\/\\\/filles-de-la-charite.org\\\/wp-content\\\/uploads\\\/2023\\\/03\\\/isotipo-Hijas-de-la-Caridad.png\",\"contentUrl\":\"https:\\\/\\\/filles-de-la-charite.org\\\/wp-content\\\/uploads\\\/2023\\\/03\\\/isotipo-Hijas-de-la-Caridad.png\",\"width\":1417,\"height\":1417,\"caption\":\"Hijas de la Caridad\"},\"image\":{\"@id\":\"https:\\\/\\\/filles-de-la-charite.org\\\/it\\\/#\\\/schema\\\/logo\\\/image\\\/\"}}]}<\/script>\n<!-- \/ Yoast SEO plugin. -->","yoast_head_json":{"title":"Santa Caterina Labour\u00e9 - Filles de la Charit\u00e9","robots":{"index":"index","follow":"follow","max-snippet":"max-snippet:-1","max-image-preview":"max-image-preview:large","max-video-preview":"max-video-preview:-1"},"canonical":"https:\/\/filles-de-la-charite.org\/it\/famiglia\/santa-caterina-laboure\/","og_locale":"it_IT","og_type":"article","og_title":"Santa Caterina Labour\u00e9 - Filles de la Charit\u00e9","og_description":"Caterina Labour\u00e9 \u00e8 una donna molto umana, una santa vicino a noi. La sua vita straordinaria \u00e8 al tempo stesso semplice e eccezionale. Ha una vera passione per Dio, la Vergine Maria, san Vincenzo ed i poveri. La sua personalit\u00e0 \u00e8 eccezionalmente ricca per la sua semplicit\u00e0 e umilt\u00e0. 1806,&nbsp;2 maggio Nascita a Fain-les-Moutiers 1815&nbsp; [&hellip;]","og_url":"https:\/\/filles-de-la-charite.org\/it\/famiglia\/santa-caterina-laboure\/","og_site_name":"Filles de la Charit\u00e9","article_modified_time":"2024-05-24T14:51:40+00:00","og_image":[{"width":366,"height":508,"url":"https:\/\/filles-de-la-charite.org\/wp-content\/uploads\/2023\/04\/image19-1.jpg","type":"image\/jpeg"}],"twitter_card":"summary_large_image","twitter_misc":{"Tempo di lettura stimato":"4 minuti"},"schema":{"@context":"https:\/\/schema.org","@graph":[{"@type":"WebPage","@id":"https:\/\/filles-de-la-charite.org\/it\/famiglia\/santa-caterina-laboure\/","url":"https:\/\/filles-de-la-charite.org\/it\/famiglia\/santa-caterina-laboure\/","name":"Santa Caterina Labour\u00e9 - Filles de la Charit\u00e9","isPartOf":{"@id":"https:\/\/filles-de-la-charite.org\/it\/#website"},"primaryImageOfPage":{"@id":"https:\/\/filles-de-la-charite.org\/it\/famiglia\/santa-caterina-laboure\/#primaryimage"},"image":{"@id":"https:\/\/filles-de-la-charite.org\/it\/famiglia\/santa-caterina-laboure\/#primaryimage"},"thumbnailUrl":"https:\/\/filles-de-la-charite.org\/wp-content\/uploads\/2023\/04\/image19-1.jpg","datePublished":"2020-10-21T07:49:00+00:00","dateModified":"2024-05-24T14:51:40+00:00","breadcrumb":{"@id":"https:\/\/filles-de-la-charite.org\/it\/famiglia\/santa-caterina-laboure\/#breadcrumb"},"inLanguage":"it-IT","potentialAction":[{"@type":"ReadAction","target":["https:\/\/filles-de-la-charite.org\/it\/famiglia\/santa-caterina-laboure\/"]}]},{"@type":"ImageObject","inLanguage":"it-IT","@id":"https:\/\/filles-de-la-charite.org\/it\/famiglia\/santa-caterina-laboure\/#primaryimage","url":"https:\/\/filles-de-la-charite.org\/wp-content\/uploads\/2023\/04\/image19-1.jpg","contentUrl":"https:\/\/filles-de-la-charite.org\/wp-content\/uploads\/2023\/04\/image19-1.jpg","width":366,"height":508},{"@type":"BreadcrumbList","@id":"https:\/\/filles-de-la-charite.org\/it\/famiglia\/santa-caterina-laboure\/#breadcrumb","itemListElement":[{"@type":"ListItem","position":1,"name":"La nostra famiglia","item":"https:\/\/filles-de-la-charite.org\/it\/famiglia\/"},{"@type":"ListItem","position":2,"name":"Santa Caterina Labour\u00e9"}]},{"@type":"WebSite","@id":"https:\/\/filles-de-la-charite.org\/it\/#website","url":"https:\/\/filles-de-la-charite.org\/it\/","name":"Hijas de la Caridad","description":"L\u2019amour de J\u00e9sus nous presse \u00e0 prendre soin des personnes les plus d\u00e9munies","publisher":{"@id":"https:\/\/filles-de-la-charite.org\/it\/#organization"},"potentialAction":[{"@type":"SearchAction","target":{"@type":"EntryPoint","urlTemplate":"https:\/\/filles-de-la-charite.org\/it\/?s={search_term_string}"},"query-input":{"@type":"PropertyValueSpecification","valueRequired":true,"valueName":"search_term_string"}}],"inLanguage":"it-IT"},{"@type":"Organization","@id":"https:\/\/filles-de-la-charite.org\/it\/#organization","name":"Hijas de la Caridad","url":"https:\/\/filles-de-la-charite.org\/it\/","logo":{"@type":"ImageObject","inLanguage":"it-IT","@id":"https:\/\/filles-de-la-charite.org\/it\/#\/schema\/logo\/image\/","url":"https:\/\/filles-de-la-charite.org\/wp-content\/uploads\/2023\/03\/isotipo-Hijas-de-la-Caridad.png","contentUrl":"https:\/\/filles-de-la-charite.org\/wp-content\/uploads\/2023\/03\/isotipo-Hijas-de-la-Caridad.png","width":1417,"height":1417,"caption":"Hijas de la Caridad"},"image":{"@id":"https:\/\/filles-de-la-charite.org\/it\/#\/schema\/logo\/image\/"}}]}},"_links":{"self":[{"href":"https:\/\/filles-de-la-charite.org\/it\/wp-json\/wp\/v2\/familia\/3997","targetHints":{"allow":["GET"]}}],"collection":[{"href":"https:\/\/filles-de-la-charite.org\/it\/wp-json\/wp\/v2\/familia"}],"about":[{"href":"https:\/\/filles-de-la-charite.org\/it\/wp-json\/wp\/v2\/types\/familia"}],"wp:featuredmedia":[{"embeddable":true,"href":"https:\/\/filles-de-la-charite.org\/it\/wp-json\/wp\/v2\/media\/984"}],"wp:attachment":[{"href":"https:\/\/filles-de-la-charite.org\/it\/wp-json\/wp\/v2\/media?parent=3997"}],"wp:term":[{"taxonomy":"origen","embeddable":true,"href":"https:\/\/filles-de-la-charite.org\/it\/wp-json\/wp\/v2\/origen?post=3997"}],"curies":[{"name":"wp","href":"https:\/\/api.w.org\/{rel}","templated":true}]}}