{"id":3998,"date":"2020-10-21T14:36:59","date_gmt":"2020-10-21T12:36:59","guid":{"rendered":"https:\/\/hijascaridad.sjdigitaldemo.ovh\/familia\/santa-elisabetta-ann-seton\/"},"modified":"2024-02-25T23:05:57","modified_gmt":"2024-02-25T22:05:57","slug":"santa-elisabetta-ann-seton","status":"publish","type":"familia","link":"https:\/\/filles-de-la-charite.org\/it\/famiglia\/santa-elisabetta-ann-seton\/","title":{"rendered":"Santa Elizabeth Ann Seton"},"content":{"rendered":"\n<p>Elisabeth Ann Seton \u00e8 la prima santa canonizzata, nata negli Stati Uniti. \u00c8 la Fondatrice delle Suore della Carit\u00e0 americane ed \u00e8 riconosciuta come la pioniera dell\u2019educazione cattolica. Ha aperto la strada al sistema delle scuole parrocchiali negli Stati Uniti.<\/p>\n\n\n\n<figure class=\"wp-block-table\"><table><tbody><tr><td><strong>1774, 28 agosto&nbsp;<\/strong><\/td><td>Nascita<\/td><\/tr><tr><td><strong>1794, 25 gennaio&nbsp;<\/strong><\/td><td>Matrimonio con William Magee Seton<\/td><\/tr><tr><td><strong>1803, 27 dicembre&nbsp;<\/strong><\/td><td>Vedova<\/td><\/tr><tr><td><strong>1805, 14 marzo&nbsp;<\/strong><\/td><td>Professione di Fede nella Chiesa cattolica<\/td><\/tr><tr><td><strong>1809, 31 Luglio&nbsp;<\/strong><\/td><td>Fondazione delle Suore della Carit\u00e0 di San Giuseppe<\/td><\/tr><tr><td><strong>1810<\/strong><\/td><td>Fondazione della scuola pubblica San Giuseppe e della scuola privata per le giovani<\/td><\/tr><tr><td><strong>1821,&nbsp;<\/strong>4 gennaio<\/td><td>Morte a Emmitsburg, Maryland<\/td><\/tr><tr><td><strong>1963, 17 marzo&nbsp;<\/strong><\/td><td>Beatificazione presieduta da  Papa Giovanni XXIII<\/td><\/tr><tr><td><strong>1975, 14 settembre&nbsp;<\/strong><\/td><td>Canonizzazione presieduta da Papa Paolo VI<\/td><\/tr><tr><td><strong>4 gennaio<\/strong><\/td><td>Giorno della sua festa<\/td><\/tr><\/tbody><\/table><\/figure>\n\n\n\n<p>Nata a New York, o nei dintorni il 28 agosto 1774, \u00e8 figlia di Catherine Charlton e del Dr. Richard Bayley, episcopaliani devoti. Ricevette il battesimo e crebbe nella fede della chiesa episcopale, che \u00e8 il fondamento della sua santit\u00e0. Suo padre divent\u00f2 il primo ufficiale della sanit\u00e0 pubblica del Porto di New York.<\/p>\n\n\n\n<p>\u00c8 cresciuta a New York e a Nouvelle Rochelle, citt\u00e0 nella periferia nord di New York. Il 25 gennaio 1794, sposa William Magee Seton, appartenente ad una famiglia che aveva fatto fortuna nel commercio marittimo. La coppia ha vissuto inizialmente a Lower Manhattan, nel sud dell\u2019isola. Il loro matrimonio fu benedetto dalla nascita di tre figlie e due figli.<\/p>\n\n\n\n<p>All' inizio del loro matrimonio William contrasse la tubercolosi. Elisabeth, William e la loro figlia primogenita, Ann Mary, partirono per l'Italia, per riprendersi in un clima pi\u00f9 caldo ma, William\u00a0mor\u00ec a Pisa il 27 dicembre 1803,\u00a0lasciandola vedova a soli 29 anni e con 5 bambini piccoli. <\/p>\n\n\n\n<p>La famiglia Filicchi di Livorno, in Italia, le era vicina per legami di affari e di amicizia. Le offr\u00ec conforto e un caloroso sostegno. Profondamente religiosa, Elizabeth rimase colpita dalla loro fede e devozione cattolica e inizi\u00f2 a informarsi sulla loro religione.<\/p>\n\n\n\n<p>Un anno dopo il suo ritorno a New York, Elisabeth si convert\u00ec al cattolicesimo. Questa conversione le cost\u00f2 molto cara perch\u00e9 l\u2019anno successivo dovette affrontare numerose difficolt\u00e0: cresce da sola cinque figli; vedova e senza risorse, cerca di guadagnarsi da vivere. Infatti, prima della morte di William, la sua impresa di spedizione fluviale era fallita. Purtroppo non pot\u00e9 pi\u00f9 contare sul sostegno n\u00e9 della sua famiglia n\u00e9 dei suoi amici.<\/p>\n\n\n\n<p>Nel ,ese di giugno del 1808, padre William Louis Dubourg, un sacerdote francese emigrato sulpiciano, originario del Maryland, incontr\u00f2 Elisabeth in visita a New York e la invit\u00f2 a venire a Baltimora con la promessa di aprire l\u00ec una scuola per ragazze. Si trasfer\u00ec e rimase in via Paca per un anno. Alcune donne si unirono a lei con l'intenzione di formare una comunit\u00e0 per il servizio apostolico. Grazie alla generosit\u00e0 di un benefattore, la signora Seton si trasfer\u00ec anella zona rurale a Emmitsburg, nel Maryland e fond\u00f2 una scuola pubblica gratuita, la St Joseph's, e una scuola privata.<\/p>\n\n\n\n<p>Questo nuovo lavoro e  stile di vita iniziarono il 31 Luglio del 1809 presso la \u00abMaison de Pierre\u00bb, vicino a Emmitsburg. Ebbe gran successo e a lei si unirono tante donne che formarono la prima comunit\u00e0 di religiose, fondata in America, le Suore della Carit\u00e0 di San Giuseppe.<\/p>\n\n\n\n<p>Il 17 gennaio 1812 il Regolamento delle Suore della Carit\u00e0 di San Giuseppe negli Stati Uniti ha ottenuto l\u2019approvazione ufficiale. (Queste Regole si basano sulle Regole Comuni delle Figlie della Carit\u00e0 fondate nel 1633, in Francia,&nbsp;da San Vincenzo de Paoli e Santa Luisa de Marillac). Cos\u00ec sono nate le Suore Americane dalla Carit\u00e0 che si sono sviluppate nella Federazione delle Suore della Carit\u00e0.<\/p>\n\n\n\n<p>Elisabeth vedeva Cristo nei poveri, specialmente nelle donne e nei bambini bisognosi, prima ancora di essere accolta nella Chiesa cattolica. \u00c8 santa a motivo della sua ricerca e risposta alla volont\u00e0 di Dio nella sua vita.<\/p>\n\n\n\n<p>\u00c8 rimasta fedele alla parrocchia episcopale della Santa Trinit\u00e0. Prima e dopo la sua conversione al cattolicesimo, amava passare del tempo davanti al Santissimo Sacramento nella vicina chiesa cattolica di San Pietro.<\/p>\n\n\n\n<p>Elisabeth mor\u00ec all\u2019et\u00e0 di quarantasei anni il 4 gennaio 1821 a&nbsp; Emmitsburg, nel Maryland.<\/p>\n\n\n\n<p>Il 25 marzo 1850 le Suore della Carit\u00e0 di San Giuseppe di Emmitsburg  entrarono a far parte della Compagnia francese delle Figlie di Carit\u00e0 di San Vincenzo de Paoli.<\/p>\n","protected":false},"featured_media":1054,"template":"","meta":{"_acf_changed":false,"_links_to":"","_links_to_target":""},"origen":[],"class_list":["post-3998","familia","type-familia","status-publish","has-post-thumbnail","hentry"],"acf":[],"yoast_head":"<!-- This site is optimized with the Yoast SEO plugin v27.5 - https:\/\/yoast.com\/product\/yoast-seo-wordpress\/ -->\n<title>Santa Elizabeth Ann Seton - Filles de la Charit\u00e9<\/title>\n<meta name=\"robots\" content=\"index, follow, max-snippet:-1, max-image-preview:large, max-video-preview:-1\" \/>\n<link rel=\"canonical\" href=\"https:\/\/filles-de-la-charite.org\/it\/famiglia\/santa-elisabetta-ann-seton\/\" \/>\n<meta property=\"og:locale\" content=\"it_IT\" \/>\n<meta property=\"og:type\" content=\"article\" \/>\n<meta property=\"og:title\" content=\"Santa Elizabeth Ann Seton - Filles de la Charit\u00e9\" \/>\n<meta property=\"og:description\" content=\"Elisabeth Ann Seton \u00e8 la prima santa canonizzata, nata negli Stati Uniti. \u00c8 la Fondatrice delle Suore della Carit\u00e0 americane ed \u00e8 riconosciuta come la pioniera dell\u2019educazione cattolica. Ha aperto la strada al sistema delle scuole parrocchiali negli Stati Uniti. 1774, 28 agosto&nbsp; Nascita 1794, 25 gennaio&nbsp; Matrimonio con William Magee Seton 1803, 27 dicembre&nbsp; [&hellip;]\" \/>\n<meta property=\"og:url\" content=\"https:\/\/filles-de-la-charite.org\/it\/famiglia\/santa-elisabetta-ann-seton\/\" \/>\n<meta property=\"og:site_name\" content=\"Filles de la Charit\u00e9\" \/>\n<meta property=\"article:modified_time\" content=\"2024-02-25T22:05:57+00:00\" \/>\n<meta property=\"og:image\" content=\"https:\/\/filles-de-la-charite.org\/wp-content\/uploads\/2023\/04\/Seton-1.png\" \/>\n\t<meta property=\"og:image:width\" content=\"252\" \/>\n\t<meta property=\"og:image:height\" content=\"252\" \/>\n\t<meta property=\"og:image:type\" content=\"image\/png\" \/>\n<meta name=\"twitter:card\" content=\"summary_large_image\" \/>\n<meta name=\"twitter:label1\" content=\"Tempo di lettura stimato\" \/>\n\t<meta name=\"twitter:data1\" content=\"3 minuti\" \/>\n<script type=\"application\/ld+json\" class=\"yoast-schema-graph\">{\"@context\":\"https:\\\/\\\/schema.org\",\"@graph\":[{\"@type\":\"WebPage\",\"@id\":\"https:\\\/\\\/filles-de-la-charite.org\\\/it\\\/famiglia\\\/santa-elisabetta-ann-seton\\\/\",\"url\":\"https:\\\/\\\/filles-de-la-charite.org\\\/it\\\/famiglia\\\/santa-elisabetta-ann-seton\\\/\",\"name\":\"Santa Elizabeth Ann Seton - Filles de la Charit\u00e9\",\"isPartOf\":{\"@id\":\"https:\\\/\\\/filles-de-la-charite.org\\\/it\\\/#website\"},\"primaryImageOfPage\":{\"@id\":\"https:\\\/\\\/filles-de-la-charite.org\\\/it\\\/famiglia\\\/santa-elisabetta-ann-seton\\\/#primaryimage\"},\"image\":{\"@id\":\"https:\\\/\\\/filles-de-la-charite.org\\\/it\\\/famiglia\\\/santa-elisabetta-ann-seton\\\/#primaryimage\"},\"thumbnailUrl\":\"https:\\\/\\\/filles-de-la-charite.org\\\/wp-content\\\/uploads\\\/2023\\\/04\\\/Seton-1.png\",\"datePublished\":\"2020-10-21T12:36:59+00:00\",\"dateModified\":\"2024-02-25T22:05:57+00:00\",\"breadcrumb\":{\"@id\":\"https:\\\/\\\/filles-de-la-charite.org\\\/it\\\/famiglia\\\/santa-elisabetta-ann-seton\\\/#breadcrumb\"},\"inLanguage\":\"it-IT\",\"potentialAction\":[{\"@type\":\"ReadAction\",\"target\":[\"https:\\\/\\\/filles-de-la-charite.org\\\/it\\\/famiglia\\\/santa-elisabetta-ann-seton\\\/\"]}]},{\"@type\":\"ImageObject\",\"inLanguage\":\"it-IT\",\"@id\":\"https:\\\/\\\/filles-de-la-charite.org\\\/it\\\/famiglia\\\/santa-elisabetta-ann-seton\\\/#primaryimage\",\"url\":\"https:\\\/\\\/filles-de-la-charite.org\\\/wp-content\\\/uploads\\\/2023\\\/04\\\/Seton-1.png\",\"contentUrl\":\"https:\\\/\\\/filles-de-la-charite.org\\\/wp-content\\\/uploads\\\/2023\\\/04\\\/Seton-1.png\",\"width\":252,\"height\":252},{\"@type\":\"BreadcrumbList\",\"@id\":\"https:\\\/\\\/filles-de-la-charite.org\\\/it\\\/famiglia\\\/santa-elisabetta-ann-seton\\\/#breadcrumb\",\"itemListElement\":[{\"@type\":\"ListItem\",\"position\":1,\"name\":\"La nostra famiglia\",\"item\":\"https:\\\/\\\/filles-de-la-charite.org\\\/it\\\/famiglia\\\/\"},{\"@type\":\"ListItem\",\"position\":2,\"name\":\"Santa Elizabeth Ann Seton\"}]},{\"@type\":\"WebSite\",\"@id\":\"https:\\\/\\\/filles-de-la-charite.org\\\/it\\\/#website\",\"url\":\"https:\\\/\\\/filles-de-la-charite.org\\\/it\\\/\",\"name\":\"Hijas de la Caridad\",\"description\":\"L\u2019amour de J\u00e9sus nous presse \u00e0 prendre soin des personnes les plus d\u00e9munies\",\"publisher\":{\"@id\":\"https:\\\/\\\/filles-de-la-charite.org\\\/it\\\/#organization\"},\"potentialAction\":[{\"@type\":\"SearchAction\",\"target\":{\"@type\":\"EntryPoint\",\"urlTemplate\":\"https:\\\/\\\/filles-de-la-charite.org\\\/it\\\/?s={search_term_string}\"},\"query-input\":{\"@type\":\"PropertyValueSpecification\",\"valueRequired\":true,\"valueName\":\"search_term_string\"}}],\"inLanguage\":\"it-IT\"},{\"@type\":\"Organization\",\"@id\":\"https:\\\/\\\/filles-de-la-charite.org\\\/it\\\/#organization\",\"name\":\"Hijas de la Caridad\",\"url\":\"https:\\\/\\\/filles-de-la-charite.org\\\/it\\\/\",\"logo\":{\"@type\":\"ImageObject\",\"inLanguage\":\"it-IT\",\"@id\":\"https:\\\/\\\/filles-de-la-charite.org\\\/it\\\/#\\\/schema\\\/logo\\\/image\\\/\",\"url\":\"https:\\\/\\\/filles-de-la-charite.org\\\/wp-content\\\/uploads\\\/2023\\\/03\\\/isotipo-Hijas-de-la-Caridad.png\",\"contentUrl\":\"https:\\\/\\\/filles-de-la-charite.org\\\/wp-content\\\/uploads\\\/2023\\\/03\\\/isotipo-Hijas-de-la-Caridad.png\",\"width\":1417,\"height\":1417,\"caption\":\"Hijas de la Caridad\"},\"image\":{\"@id\":\"https:\\\/\\\/filles-de-la-charite.org\\\/it\\\/#\\\/schema\\\/logo\\\/image\\\/\"}}]}<\/script>\n<!-- \/ Yoast SEO plugin. -->","yoast_head_json":{"title":"Santa Elizabeth Ann Seton - Filles de la Charit\u00e9","robots":{"index":"index","follow":"follow","max-snippet":"max-snippet:-1","max-image-preview":"max-image-preview:large","max-video-preview":"max-video-preview:-1"},"canonical":"https:\/\/filles-de-la-charite.org\/it\/famiglia\/santa-elisabetta-ann-seton\/","og_locale":"it_IT","og_type":"article","og_title":"Santa Elizabeth Ann Seton - Filles de la Charit\u00e9","og_description":"Elisabeth Ann Seton \u00e8 la prima santa canonizzata, nata negli Stati Uniti. \u00c8 la Fondatrice delle Suore della Carit\u00e0 americane ed \u00e8 riconosciuta come la pioniera dell\u2019educazione cattolica. Ha aperto la strada al sistema delle scuole parrocchiali negli Stati Uniti. 1774, 28 agosto&nbsp; Nascita 1794, 25 gennaio&nbsp; Matrimonio con William Magee Seton 1803, 27 dicembre&nbsp; [&hellip;]","og_url":"https:\/\/filles-de-la-charite.org\/it\/famiglia\/santa-elisabetta-ann-seton\/","og_site_name":"Filles de la Charit\u00e9","article_modified_time":"2024-02-25T22:05:57+00:00","og_image":[{"width":252,"height":252,"url":"https:\/\/filles-de-la-charite.org\/wp-content\/uploads\/2023\/04\/Seton-1.png","type":"image\/png"}],"twitter_card":"summary_large_image","twitter_misc":{"Tempo di lettura stimato":"3 minuti"},"schema":{"@context":"https:\/\/schema.org","@graph":[{"@type":"WebPage","@id":"https:\/\/filles-de-la-charite.org\/it\/famiglia\/santa-elisabetta-ann-seton\/","url":"https:\/\/filles-de-la-charite.org\/it\/famiglia\/santa-elisabetta-ann-seton\/","name":"Santa Elizabeth Ann Seton - Filles de la Charit\u00e9","isPartOf":{"@id":"https:\/\/filles-de-la-charite.org\/it\/#website"},"primaryImageOfPage":{"@id":"https:\/\/filles-de-la-charite.org\/it\/famiglia\/santa-elisabetta-ann-seton\/#primaryimage"},"image":{"@id":"https:\/\/filles-de-la-charite.org\/it\/famiglia\/santa-elisabetta-ann-seton\/#primaryimage"},"thumbnailUrl":"https:\/\/filles-de-la-charite.org\/wp-content\/uploads\/2023\/04\/Seton-1.png","datePublished":"2020-10-21T12:36:59+00:00","dateModified":"2024-02-25T22:05:57+00:00","breadcrumb":{"@id":"https:\/\/filles-de-la-charite.org\/it\/famiglia\/santa-elisabetta-ann-seton\/#breadcrumb"},"inLanguage":"it-IT","potentialAction":[{"@type":"ReadAction","target":["https:\/\/filles-de-la-charite.org\/it\/famiglia\/santa-elisabetta-ann-seton\/"]}]},{"@type":"ImageObject","inLanguage":"it-IT","@id":"https:\/\/filles-de-la-charite.org\/it\/famiglia\/santa-elisabetta-ann-seton\/#primaryimage","url":"https:\/\/filles-de-la-charite.org\/wp-content\/uploads\/2023\/04\/Seton-1.png","contentUrl":"https:\/\/filles-de-la-charite.org\/wp-content\/uploads\/2023\/04\/Seton-1.png","width":252,"height":252},{"@type":"BreadcrumbList","@id":"https:\/\/filles-de-la-charite.org\/it\/famiglia\/santa-elisabetta-ann-seton\/#breadcrumb","itemListElement":[{"@type":"ListItem","position":1,"name":"La nostra famiglia","item":"https:\/\/filles-de-la-charite.org\/it\/famiglia\/"},{"@type":"ListItem","position":2,"name":"Santa Elizabeth Ann Seton"}]},{"@type":"WebSite","@id":"https:\/\/filles-de-la-charite.org\/it\/#website","url":"https:\/\/filles-de-la-charite.org\/it\/","name":"Hijas de la Caridad","description":"L\u2019amour de J\u00e9sus nous presse \u00e0 prendre soin des personnes les plus d\u00e9munies","publisher":{"@id":"https:\/\/filles-de-la-charite.org\/it\/#organization"},"potentialAction":[{"@type":"SearchAction","target":{"@type":"EntryPoint","urlTemplate":"https:\/\/filles-de-la-charite.org\/it\/?s={search_term_string}"},"query-input":{"@type":"PropertyValueSpecification","valueRequired":true,"valueName":"search_term_string"}}],"inLanguage":"it-IT"},{"@type":"Organization","@id":"https:\/\/filles-de-la-charite.org\/it\/#organization","name":"Hijas de la Caridad","url":"https:\/\/filles-de-la-charite.org\/it\/","logo":{"@type":"ImageObject","inLanguage":"it-IT","@id":"https:\/\/filles-de-la-charite.org\/it\/#\/schema\/logo\/image\/","url":"https:\/\/filles-de-la-charite.org\/wp-content\/uploads\/2023\/03\/isotipo-Hijas-de-la-Caridad.png","contentUrl":"https:\/\/filles-de-la-charite.org\/wp-content\/uploads\/2023\/03\/isotipo-Hijas-de-la-Caridad.png","width":1417,"height":1417,"caption":"Hijas de la Caridad"},"image":{"@id":"https:\/\/filles-de-la-charite.org\/it\/#\/schema\/logo\/image\/"}}]}},"_links":{"self":[{"href":"https:\/\/filles-de-la-charite.org\/it\/wp-json\/wp\/v2\/familia\/3998","targetHints":{"allow":["GET"]}}],"collection":[{"href":"https:\/\/filles-de-la-charite.org\/it\/wp-json\/wp\/v2\/familia"}],"about":[{"href":"https:\/\/filles-de-la-charite.org\/it\/wp-json\/wp\/v2\/types\/familia"}],"wp:featuredmedia":[{"embeddable":true,"href":"https:\/\/filles-de-la-charite.org\/it\/wp-json\/wp\/v2\/media\/1054"}],"wp:attachment":[{"href":"https:\/\/filles-de-la-charite.org\/it\/wp-json\/wp\/v2\/media?parent=3998"}],"wp:term":[{"taxonomy":"origen","embeddable":true,"href":"https:\/\/filles-de-la-charite.org\/it\/wp-json\/wp\/v2\/origen?post=3998"}],"curies":[{"name":"wp","href":"https:\/\/api.w.org\/{rel}","templated":true}]}}