{"id":4000,"date":"2020-10-21T15:13:17","date_gmt":"2020-10-21T13:13:17","guid":{"rendered":"https:\/\/hijascaridad.sjdigitaldemo.ovh\/familia\/bienheureux-ghebre-michael\/"},"modified":"2024-02-26T21:11:35","modified_gmt":"2024-02-26T20:11:35","slug":"bienheureux-ghebre-michael","status":"publish","type":"familia","link":"https:\/\/filles-de-la-charite.org\/it\/famiglia\/bienheureux-ghebre-michael\/","title":{"rendered":"Beato GH\u00c9BR\u00c9-MICHA\u00cbL"},"content":{"rendered":"\n<p>Per Gh\u00e9br\u00e9-Micha\u00ebl, martire alla ricerca della verit\u00e0, non era sufficiente la conoscenza della teologia. Voleva la verit\u00e0, trasmessa dalle Scritture, espressa dai Padri della Chiesa, formulata nei primi Concili e alla quale la Chiesa vivente presta una fedelt\u00e0 inalterabile.<\/p>\n\n\n\n<figure class=\"wp-block-table\"><table><tbody><tr><td><strong>1791<\/strong><\/td><td>Nascita<\/td><\/tr><tr><td><strong>1813<\/strong><\/td><td>Dottorato in Scienze ecclesiastiche. Diventa monaco<\/td><\/tr><tr><td><strong>Dal 1814 al 1825<\/strong><\/td><td>Pellegrinaggio di ricerca e approfondimento delle proprie conoscenze.<\/td><\/tr><tr><td><strong>1842, febbraio<\/strong><\/td><td>Visita Roma<\/td><\/tr><tr><td><strong>1844<\/strong><\/td><td> Accolto nella Chiesa cattolica<\/td><\/tr><tr><td><strong>1851, 1 gennaio<\/strong><\/td><td> Ordinazione sacerdotale in gran segreto<\/td><\/tr><tr><td><strong>1854, luglio<\/strong><\/td><td>Incarcerazione, seguita da una terribile tortura<\/td><\/tr><tr><td><strong>1855, <\/strong>28 agosto<\/td><td>Morte<\/td><\/tr><tr><td><strong>1926, <\/strong>3 ottobre <\/td><td>Beatificato come martire da Papa Pio XI<\/td><\/tr><tr><td><strong>30 agosto<\/strong><\/td><td> Festa liturgica<\/td><\/tr><\/tbody><\/table><\/figure>\n\n\n\n<p>Gh\u00e9br\u00e9-Micha\u00ebl che significa letteralmente \u00abservo di san Michele\u00bb, nacque nel 1791 in una famiglia ortodossa, in Etiopia, nella Provincia di Godjam , vicino al Monastero di Mertola Maryam dove fece i suoi studi e divenne anche novizio.<\/p>\n\n\n\n<p>Per sei anni svolse fedelmente i vari compiti del suo stato monastico, studi\u00f2 accuratamente tutta la Bibbia, i primi Concili, i Padri della Chiesa e tutti i documenti che riusc\u00ec a reperire. Nel 1813 fu insignito del titolo di \u201cDottore in Scienze Ecclesiastiche\u201d. Tuttavia, la sua sete di conoscenza era inestinguibile, cos\u00ec inizi\u00f2 un pellegrinaggio di ricerca nei monasteri pi\u00f9 prestigiosi dell\u2019Etiopia e dell\u2019Eritrea, dal 1814 al 1825.<\/p>\n\n\n\n<p>Dejazmatch Wube, il principe del Tigr\u00e9, lo nomin\u00f2 membro della delegazione che si recava al Cairo (a causa del suo legame giurisdizionale) per chiedere un nuovo vescovo per l\u2019Etiopia. Per motivi di sicurezza, questa delegazione era accompagnata da un sacerdote cattolico, Giustino de Jacobis, il quale, per accettare tale missione, pose una condizione: portare con s\u00e9 i delegati a Roma per rendere omaggio a Papa Gregorio XVI. Riuscirono a portare a termine il difficile compito di richiedere un nuovo vescovo. Dopo l\u2019incontro con il Patriarca Petros, ai delegati fu severamente vietato da lui stesso di recarsi a Roma, pena la scomunica. Ciononostante, ebbero il coraggio di visitare Roma nel 1842 per cercare di comprendere la verit\u00e0 della fede viva della Chiesa cattolica e Gh\u00e9br\u00e9-Micha\u00ebl scopr\u00ec che la fede della Chiesa cattolica era in armoniosa continuit\u00e0 con l\u2019antica Chiesa etiope.<\/p>\n\n\n\n<p>Tornato ad Adwa, nel febbraio 1844, chiese a monsignor Giustino de Jacobis di riceverlo nella Chiesa cattolica. All\u2019et\u00e0 di cinquantanove anni Gh\u00e9br\u00e9-Micha\u00ebl fu segretamente ordinato sacerdote il 1\u00ba gennaio 1851 nelle rovine della chiesa d\u2019 Alitena.<\/p>\n\n\n\n<p>Fu nominato professore degli allievi di monsignor Giustino de Jacobis. Mentre esercitava la funzione di rettore del seminario minore, Abouna Selama, il nuovo vescovo, inizi\u00f2 a perseguitare Giustino de Jacobis, Gh\u00e9br\u00e9-Micha\u00ebl e tutti coloro che li seguivano.<\/p>\n\n\n\n<p>Abba (padre) Gh\u00e9br\u00e9-Micha\u00ebl fu colpito cos\u00ec brutalmente che il sangue gli usc\u00ec dalla bocca e gli bagn\u00f2 tutto il corpo. Quelli che lo videro diffusero immediatamente la notizia della sua morte. Tuttavia, egli sopravvisse ai colpi e fu incatenato mani e piedi. Il 25 dicembre 1854, dopo l\u2019interrogatorio da parte di Abuna Salama, le sue gambe furono poste all\u2019interno dei \u201cceppi\u201d.<\/p>\n\n\n\n<p>Sopport\u00f2 la prigionia e terribili torture, poi venne condannato a morte davanti al plotone d\u2019esecuzione. La sua vita si concluse durante una marcia forzata il giorno della festa di San Giorgio, il 28 agosto 1855. Gh\u00e9br\u00e9-Micha\u00ebl rimase fedele alla Chiesa cattolica, nonostante tutte le torture subite.<\/p>\n\n\n\n<p>Il vescovo Giustino de Jacobis inform\u00f2 il suo Superiore generale della morte di Abba Gh\u00e9br\u00e9-Micha\u00ebl, \u201cpostulante\u201d e \u201cseminarista\u201d della Congregazione della Missione.<\/p>\n","protected":false},"featured_media":1075,"template":"","meta":{"_acf_changed":false,"_et_pb_use_builder":"","_et_pb_old_content":"","_et_gb_content_width":"","_links_to":"","_links_to_target":""},"origen":[],"class_list":["post-4000","familia","type-familia","status-publish","has-post-thumbnail","hentry"],"acf":[],"yoast_head":"<!-- This site is optimized with the Yoast SEO plugin v27.5 - https:\/\/yoast.com\/product\/yoast-seo-wordpress\/ -->\n<title>Beato GH\u00c9BR\u00c9-MICHA\u00cbL - Filles de la Charit\u00e9<\/title>\n<meta name=\"robots\" content=\"index, follow, max-snippet:-1, max-image-preview:large, max-video-preview:-1\" \/>\n<link rel=\"canonical\" href=\"https:\/\/filles-de-la-charite.org\/it\/famiglia\/bienheureux-ghebre-michael\/\" \/>\n<meta property=\"og:locale\" content=\"it_IT\" \/>\n<meta property=\"og:type\" content=\"article\" \/>\n<meta property=\"og:title\" content=\"Beato GH\u00c9BR\u00c9-MICHA\u00cbL - Filles de la Charit\u00e9\" \/>\n<meta property=\"og:description\" content=\"Per Gh\u00e9br\u00e9-Micha\u00ebl, martire alla ricerca della verit\u00e0, non era sufficiente la conoscenza della teologia. Voleva la verit\u00e0, trasmessa dalle Scritture, espressa dai Padri della Chiesa, formulata nei primi Concili e alla quale la Chiesa vivente presta una fedelt\u00e0 inalterabile. 1791 Nascita 1813 Dottorato in Scienze ecclesiastiche. Diventa monaco Dal 1814 al 1825 Pellegrinaggio di ricerca [&hellip;]\" \/>\n<meta property=\"og:url\" content=\"https:\/\/filles-de-la-charite.org\/it\/famiglia\/bienheureux-ghebre-michael\/\" \/>\n<meta property=\"og:site_name\" content=\"Filles de la Charit\u00e9\" \/>\n<meta property=\"article:modified_time\" content=\"2024-02-26T20:11:35+00:00\" \/>\n<meta property=\"og:image\" content=\"https:\/\/filles-de-la-charite.org\/wp-content\/uploads\/2023\/04\/Ghebre-Michael-1.png\" \/>\n\t<meta property=\"og:image:width\" content=\"331\" \/>\n\t<meta property=\"og:image:height\" content=\"404\" \/>\n\t<meta property=\"og:image:type\" content=\"image\/png\" \/>\n<meta name=\"twitter:card\" content=\"summary_large_image\" \/>\n<meta name=\"twitter:label1\" content=\"Tempo di lettura stimato\" \/>\n\t<meta name=\"twitter:data1\" content=\"3 minuti\" \/>\n<script type=\"application\/ld+json\" class=\"yoast-schema-graph\">{\"@context\":\"https:\\\/\\\/schema.org\",\"@graph\":[{\"@type\":\"WebPage\",\"@id\":\"https:\\\/\\\/filles-de-la-charite.org\\\/it\\\/famiglia\\\/bienheureux-ghebre-michael\\\/\",\"url\":\"https:\\\/\\\/filles-de-la-charite.org\\\/it\\\/famiglia\\\/bienheureux-ghebre-michael\\\/\",\"name\":\"Beato GH\u00c9BR\u00c9-MICHA\u00cbL - Filles de la Charit\u00e9\",\"isPartOf\":{\"@id\":\"https:\\\/\\\/filles-de-la-charite.org\\\/it\\\/#website\"},\"primaryImageOfPage\":{\"@id\":\"https:\\\/\\\/filles-de-la-charite.org\\\/it\\\/famiglia\\\/bienheureux-ghebre-michael\\\/#primaryimage\"},\"image\":{\"@id\":\"https:\\\/\\\/filles-de-la-charite.org\\\/it\\\/famiglia\\\/bienheureux-ghebre-michael\\\/#primaryimage\"},\"thumbnailUrl\":\"https:\\\/\\\/filles-de-la-charite.org\\\/wp-content\\\/uploads\\\/2023\\\/04\\\/Ghebre-Michael-1.png\",\"datePublished\":\"2020-10-21T13:13:17+00:00\",\"dateModified\":\"2024-02-26T20:11:35+00:00\",\"breadcrumb\":{\"@id\":\"https:\\\/\\\/filles-de-la-charite.org\\\/it\\\/famiglia\\\/bienheureux-ghebre-michael\\\/#breadcrumb\"},\"inLanguage\":\"it-IT\",\"potentialAction\":[{\"@type\":\"ReadAction\",\"target\":[\"https:\\\/\\\/filles-de-la-charite.org\\\/it\\\/famiglia\\\/bienheureux-ghebre-michael\\\/\"]}]},{\"@type\":\"ImageObject\",\"inLanguage\":\"it-IT\",\"@id\":\"https:\\\/\\\/filles-de-la-charite.org\\\/it\\\/famiglia\\\/bienheureux-ghebre-michael\\\/#primaryimage\",\"url\":\"https:\\\/\\\/filles-de-la-charite.org\\\/wp-content\\\/uploads\\\/2023\\\/04\\\/Ghebre-Michael-1.png\",\"contentUrl\":\"https:\\\/\\\/filles-de-la-charite.org\\\/wp-content\\\/uploads\\\/2023\\\/04\\\/Ghebre-Michael-1.png\",\"width\":331,\"height\":404},{\"@type\":\"BreadcrumbList\",\"@id\":\"https:\\\/\\\/filles-de-la-charite.org\\\/it\\\/famiglia\\\/bienheureux-ghebre-michael\\\/#breadcrumb\",\"itemListElement\":[{\"@type\":\"ListItem\",\"position\":1,\"name\":\"La nostra famiglia\",\"item\":\"https:\\\/\\\/filles-de-la-charite.org\\\/it\\\/famiglia\\\/\"},{\"@type\":\"ListItem\",\"position\":2,\"name\":\"Beato GH\u00c9BR\u00c9-MICHA\u00cbL\"}]},{\"@type\":\"WebSite\",\"@id\":\"https:\\\/\\\/filles-de-la-charite.org\\\/it\\\/#website\",\"url\":\"https:\\\/\\\/filles-de-la-charite.org\\\/it\\\/\",\"name\":\"Hijas de la Caridad\",\"description\":\"L\u2019amour de J\u00e9sus nous presse \u00e0 prendre soin des personnes les plus d\u00e9munies\",\"publisher\":{\"@id\":\"https:\\\/\\\/filles-de-la-charite.org\\\/it\\\/#organization\"},\"potentialAction\":[{\"@type\":\"SearchAction\",\"target\":{\"@type\":\"EntryPoint\",\"urlTemplate\":\"https:\\\/\\\/filles-de-la-charite.org\\\/it\\\/?s={search_term_string}\"},\"query-input\":{\"@type\":\"PropertyValueSpecification\",\"valueRequired\":true,\"valueName\":\"search_term_string\"}}],\"inLanguage\":\"it-IT\"},{\"@type\":\"Organization\",\"@id\":\"https:\\\/\\\/filles-de-la-charite.org\\\/it\\\/#organization\",\"name\":\"Hijas de la Caridad\",\"url\":\"https:\\\/\\\/filles-de-la-charite.org\\\/it\\\/\",\"logo\":{\"@type\":\"ImageObject\",\"inLanguage\":\"it-IT\",\"@id\":\"https:\\\/\\\/filles-de-la-charite.org\\\/it\\\/#\\\/schema\\\/logo\\\/image\\\/\",\"url\":\"https:\\\/\\\/filles-de-la-charite.org\\\/wp-content\\\/uploads\\\/2023\\\/03\\\/isotipo-Hijas-de-la-Caridad.png\",\"contentUrl\":\"https:\\\/\\\/filles-de-la-charite.org\\\/wp-content\\\/uploads\\\/2023\\\/03\\\/isotipo-Hijas-de-la-Caridad.png\",\"width\":1417,\"height\":1417,\"caption\":\"Hijas de la Caridad\"},\"image\":{\"@id\":\"https:\\\/\\\/filles-de-la-charite.org\\\/it\\\/#\\\/schema\\\/logo\\\/image\\\/\"}}]}<\/script>\n<!-- \/ Yoast SEO plugin. -->","yoast_head_json":{"title":"Beato GH\u00c9BR\u00c9-MICHA\u00cbL - Filles de la Charit\u00e9","robots":{"index":"index","follow":"follow","max-snippet":"max-snippet:-1","max-image-preview":"max-image-preview:large","max-video-preview":"max-video-preview:-1"},"canonical":"https:\/\/filles-de-la-charite.org\/it\/famiglia\/bienheureux-ghebre-michael\/","og_locale":"it_IT","og_type":"article","og_title":"Beato GH\u00c9BR\u00c9-MICHA\u00cbL - Filles de la Charit\u00e9","og_description":"Per Gh\u00e9br\u00e9-Micha\u00ebl, martire alla ricerca della verit\u00e0, non era sufficiente la conoscenza della teologia. Voleva la verit\u00e0, trasmessa dalle Scritture, espressa dai Padri della Chiesa, formulata nei primi Concili e alla quale la Chiesa vivente presta una fedelt\u00e0 inalterabile. 1791 Nascita 1813 Dottorato in Scienze ecclesiastiche. Diventa monaco Dal 1814 al 1825 Pellegrinaggio di ricerca [&hellip;]","og_url":"https:\/\/filles-de-la-charite.org\/it\/famiglia\/bienheureux-ghebre-michael\/","og_site_name":"Filles de la Charit\u00e9","article_modified_time":"2024-02-26T20:11:35+00:00","og_image":[{"width":331,"height":404,"url":"https:\/\/filles-de-la-charite.org\/wp-content\/uploads\/2023\/04\/Ghebre-Michael-1.png","type":"image\/png"}],"twitter_card":"summary_large_image","twitter_misc":{"Tempo di lettura stimato":"3 minuti"},"schema":{"@context":"https:\/\/schema.org","@graph":[{"@type":"WebPage","@id":"https:\/\/filles-de-la-charite.org\/it\/famiglia\/bienheureux-ghebre-michael\/","url":"https:\/\/filles-de-la-charite.org\/it\/famiglia\/bienheureux-ghebre-michael\/","name":"Beato GH\u00c9BR\u00c9-MICHA\u00cbL - Filles de la Charit\u00e9","isPartOf":{"@id":"https:\/\/filles-de-la-charite.org\/it\/#website"},"primaryImageOfPage":{"@id":"https:\/\/filles-de-la-charite.org\/it\/famiglia\/bienheureux-ghebre-michael\/#primaryimage"},"image":{"@id":"https:\/\/filles-de-la-charite.org\/it\/famiglia\/bienheureux-ghebre-michael\/#primaryimage"},"thumbnailUrl":"https:\/\/filles-de-la-charite.org\/wp-content\/uploads\/2023\/04\/Ghebre-Michael-1.png","datePublished":"2020-10-21T13:13:17+00:00","dateModified":"2024-02-26T20:11:35+00:00","breadcrumb":{"@id":"https:\/\/filles-de-la-charite.org\/it\/famiglia\/bienheureux-ghebre-michael\/#breadcrumb"},"inLanguage":"it-IT","potentialAction":[{"@type":"ReadAction","target":["https:\/\/filles-de-la-charite.org\/it\/famiglia\/bienheureux-ghebre-michael\/"]}]},{"@type":"ImageObject","inLanguage":"it-IT","@id":"https:\/\/filles-de-la-charite.org\/it\/famiglia\/bienheureux-ghebre-michael\/#primaryimage","url":"https:\/\/filles-de-la-charite.org\/wp-content\/uploads\/2023\/04\/Ghebre-Michael-1.png","contentUrl":"https:\/\/filles-de-la-charite.org\/wp-content\/uploads\/2023\/04\/Ghebre-Michael-1.png","width":331,"height":404},{"@type":"BreadcrumbList","@id":"https:\/\/filles-de-la-charite.org\/it\/famiglia\/bienheureux-ghebre-michael\/#breadcrumb","itemListElement":[{"@type":"ListItem","position":1,"name":"La nostra famiglia","item":"https:\/\/filles-de-la-charite.org\/it\/famiglia\/"},{"@type":"ListItem","position":2,"name":"Beato GH\u00c9BR\u00c9-MICHA\u00cbL"}]},{"@type":"WebSite","@id":"https:\/\/filles-de-la-charite.org\/it\/#website","url":"https:\/\/filles-de-la-charite.org\/it\/","name":"Hijas de la Caridad","description":"L\u2019amour de J\u00e9sus nous presse \u00e0 prendre soin des personnes les plus d\u00e9munies","publisher":{"@id":"https:\/\/filles-de-la-charite.org\/it\/#organization"},"potentialAction":[{"@type":"SearchAction","target":{"@type":"EntryPoint","urlTemplate":"https:\/\/filles-de-la-charite.org\/it\/?s={search_term_string}"},"query-input":{"@type":"PropertyValueSpecification","valueRequired":true,"valueName":"search_term_string"}}],"inLanguage":"it-IT"},{"@type":"Organization","@id":"https:\/\/filles-de-la-charite.org\/it\/#organization","name":"Hijas de la Caridad","url":"https:\/\/filles-de-la-charite.org\/it\/","logo":{"@type":"ImageObject","inLanguage":"it-IT","@id":"https:\/\/filles-de-la-charite.org\/it\/#\/schema\/logo\/image\/","url":"https:\/\/filles-de-la-charite.org\/wp-content\/uploads\/2023\/03\/isotipo-Hijas-de-la-Caridad.png","contentUrl":"https:\/\/filles-de-la-charite.org\/wp-content\/uploads\/2023\/03\/isotipo-Hijas-de-la-Caridad.png","width":1417,"height":1417,"caption":"Hijas de la Caridad"},"image":{"@id":"https:\/\/filles-de-la-charite.org\/it\/#\/schema\/logo\/image\/"}}]}},"_links":{"self":[{"href":"https:\/\/filles-de-la-charite.org\/it\/wp-json\/wp\/v2\/familia\/4000","targetHints":{"allow":["GET"]}}],"collection":[{"href":"https:\/\/filles-de-la-charite.org\/it\/wp-json\/wp\/v2\/familia"}],"about":[{"href":"https:\/\/filles-de-la-charite.org\/it\/wp-json\/wp\/v2\/types\/familia"}],"wp:featuredmedia":[{"embeddable":true,"href":"https:\/\/filles-de-la-charite.org\/it\/wp-json\/wp\/v2\/media\/1075"}],"wp:attachment":[{"href":"https:\/\/filles-de-la-charite.org\/it\/wp-json\/wp\/v2\/media?parent=4000"}],"wp:term":[{"taxonomy":"origen","embeddable":true,"href":"https:\/\/filles-de-la-charite.org\/it\/wp-json\/wp\/v2\/origen?post=4000"}],"curies":[{"name":"wp","href":"https:\/\/api.w.org\/{rel}","templated":true}]}}