{"id":4002,"date":"2020-10-21T16:04:42","date_gmt":"2020-10-21T14:04:42","guid":{"rendered":"https:\/\/hijascaridad.sjdigitaldemo.ovh\/familia\/beato-pier-giorgio-frassati\/"},"modified":"2025-09-10T18:14:42","modified_gmt":"2025-09-10T16:14:42","slug":"san-pier-giorgio-frassati","status":"publish","type":"familia","link":"https:\/\/filles-de-la-charite.org\/it\/famiglia\/san-pier-giorgio-frassati\/","title":{"rendered":"San Pier Giorgio Frassati"},"content":{"rendered":"\n<p><strong>Pier Giorgio Frassati entr\u00f2 a far parte della  Societ\u00e0 di San Vincenzo de Paoli  all&#8217;et\u00e0 di diciassette anni. Mor\u00ec all&#8217;et\u00e0 di 24 anni a causa di una poliomielite fulminante contratta mentre serviva i poveri.<\/strong><\/p>\n\n\n\n<figure class=\"wp-block-table\"><table><tbody><tr><td><strong>1901, 6 Aprile<\/strong><\/td><td>Nasce a Torino<\/td><\/tr><tr><td><strong>1918<\/strong><\/td><td>Membro delle Conferenze di San Vincenzo de Paoli<\/td><\/tr><tr><td><strong>1922<\/strong><\/td><td>Rinuncia al sacerdozio<\/td><\/tr><tr><td><strong>1925<\/strong><\/td><td>Ingegnere minerario<\/td><\/tr><tr><td><strong>1925, 29 giugno<\/strong><\/td><td>Contrae la poliomielite<\/td><\/tr><tr><td><strong>1925, 4 luglio<\/strong><\/td><td>Muore paralizzato<\/td><\/tr><tr><td><strong>1990, 20 maggio<\/strong><\/td><td>Beatificato da Papa Giovanni Paolo II come \u00abl&#8217;uomo delle beatitudini\u00bb<\/td><\/tr><tr><td><strong>2025, 7 Settembre<\/strong><\/td><td>Canonizzato da Papa Leone XIV<\/td><\/tr><tr><td><strong>4 luglio<\/strong><\/td><td>Giorno della sua festa<\/td><\/tr><\/tbody><\/table><\/figure>\n\n\n\n<p>Nato a Torino il 6 aprile 1901 da una famiglia borghese, fu educato in modo abbastanza severo dai suoi genitori Alfredo Frassati e Adelaide Ametis. Fin dalla pi\u00f9 tenera et\u00e0, Pier Giorgio si mostr\u00f2 molto buono verso i poveri e svilupp\u00f2 un\u2019ottima relazione con Dio. Diceva: \u00abGes\u00f9 mi visita ogni giorno con la Santa Comunione, e io modestamente lo ricambio visitando i poveri\u00bb. Nel 1920 suo padre fu nominato ambasciatore d\u2019Italia a Berlino. Pier Giorgio espresse il desiderio di diventare sacerdote, ma sua madre, che aveva per lui altre ambizioni, rifiut\u00f2. Pier Giorgio, dunque, visse la fede nell\u2019indifferenza generale della sua famiglia. Entr\u00f2 al Politecnico di Torino e scelse la facolt\u00e0 di ingegneria mineraria per poter sostenere e aiutare gli operai. Si impegn\u00f2 anche nella Federazione degli Universitari Cattolici Italiani (FUCI).<\/p>\n\n\n\n<p>Nel 1918, entr\u00f2 a far parte delle Conferenze di San Vincenzo de Paoli, fondate da Federico Ozanam. Dopo una discussione con Karl Rahner rinunci\u00f2 al sacerdozio: \u00abDesidero poter aiutare, con tutti i mezzi possibili, le persone del mio Paese, e potr\u00f2 realizzare meglio questo ideale conservando lo stato laicale piuttosto che diventando sacerdote perch\u00e9 da noi i sacerdoti non vivono a contatto con le persone come in Germania. Un ingegnere minerario, dando il buon esempio, pu\u00f2 essere pi\u00f9 efficace\u00bb. Pier Giorgio cre\u00f2 la \u00abCompagnia dei tipi loschi\u00bb, un gruppo di giovani amici appartenenti all\u2019alta borghesia. Fece con loro delle escursioni verso le alte vette delle Alpi e della vita spirituale. Pier Giorgio struttur\u00f2 il pensiero del gruppo: \u00abA noi, non \u00e8 permesso vivacchiare; dobbiamo vivere\u00bb. Trascin\u00f2 i suoi amici a vivere la fede con gioia e, a uno di loro afferm\u00f2 che \u00abLa carit\u00e0 da sola pu\u00f2 costituire lo scopo di tutta una vita, riempire un programma. La carit\u00e0 \u00e8 il fine a cui desidero tendere, con la grazia di Dio\u00bb. Cerc\u00f2 di lottare contro i suoi difetti: \u00abLotto per rimuovere il mio passato e ci\u00f2 che esso racchiude di discutibile, per elevarmi ad una vita migliore\u00bb. Nel 1925, a ventiquattro anni, abbandon\u00f2 tutte le attivit\u00e0 eccetto le Conferenze di San Vincenzo de Paoli alle quali continu\u00f2 a partecipare.<\/p>\n\n\n\n<p>Il 29 giugno\u00ec1925, contrasse la poliomielite durante una delle sue visite ai bisognosi. Mentre la nonna era in agonia, Piergiorgio, molto affaticato, non sapeva ancora di aver contratto una malattia che lo avrebbe ucciso in pochi giorni. Non si lamentava. Il 3 luglio arriva la diagnosi: poliomielite ad uno stadio avanzato. Il venerd\u00ec, giorno che dedicava alle sue visite ai poveri, Pier Giorgio domanda alla sorella di trasmettere un biglietto che aveva scritto con grande pena: chiedeva che lo sostituissero presso i poveri che doveva andare a visitare. Il 4 luglio 1925 mor\u00ec, paralizzato dalla poliomielite. La famiglia si rese conto della portata della sua azione caritativa solo dopo la sua morte; anche i suoi amici, fuori della cerchia della San Vincenzo, non erano a conoscenza dell\u2019intensa attivit\u00e0 che svolgeva presso i poveri. Al suo funerale, migliaia di poveri di Torino erano presenti durante il tragitto fino alla Chiesa.<\/p>\n\n\n\n<p>Nel 1983 durante la Giornata Mondiale della Giovent\u00f9, il Papa Giovanni Paolo II indic\u00f2 Pier Giorgio Frassati come modello di santit\u00e0 per i giovani. Il 20 maggio 1990 Pier Giorgio \u00e8 beatificato da Papa Giovanni Paolo II, che lo definisce come l\u2019uomo delle beatitudini.<\/p>\n\n\n\n<p>Il 7 settembre 2025, durante la Santa Messa in Piazza San Pietro a Roma, Papa Leone XIV ha canonizzato Pier Giorgio Frassati.<\/p>\n\n\n\n<p>Durante l&#8217;omelia, il Papa ha detto: \u00abPier Giorgio ha incontrato il Signore attraverso la scuola e i gruppi ecclesiali. Gli ha reso testimonianza attraverso la gioia di vivere e la fede cristiana, attraverso la preghiera, l&#8217;amicizia e l&#8217;amore. Quando i suoi amici lo vedevano camminare per le strade di Torino con dei carretti pieni di aiuti per i poveri, lo chiamavano \u2018Frassati \u2013 Compagnia Trasporti\u2019! Ancora oggi la vita di Pier Giorgio \u00e8 una luce per la spiritualit\u00e0 laica. Per lui la fede non era una devozione privata: ispirato dalla forza del Vangelo e dalla sua appartenenza ad associazioni ecclesiali, si \u00e8 impegnato generosamente nella vita sociale, ha contribuito alla vita politica e si \u00e8 dedicato con zelo al servizio dei poveri\u00bb.<\/p>\n","protected":false},"featured_media":1103,"template":"","meta":{"_acf_changed":false,"_et_pb_use_builder":"","_et_pb_old_content":"","_et_gb_content_width":"","_links_to":"","_links_to_target":""},"origen":[],"class_list":["post-4002","familia","type-familia","status-publish","has-post-thumbnail","hentry"],"acf":[],"yoast_head":"<!-- This site is optimized with the Yoast SEO plugin v27.5 - https:\/\/yoast.com\/product\/yoast-seo-wordpress\/ -->\n<title>San Pier Giorgio Frassati - Filles de la Charit\u00e9<\/title>\n<meta name=\"robots\" content=\"index, follow, max-snippet:-1, max-image-preview:large, max-video-preview:-1\" \/>\n<link rel=\"canonical\" href=\"https:\/\/filles-de-la-charite.org\/it\/famiglia\/san-pier-giorgio-frassati\/\" \/>\n<meta property=\"og:locale\" content=\"it_IT\" \/>\n<meta property=\"og:type\" content=\"article\" \/>\n<meta property=\"og:title\" content=\"San Pier Giorgio Frassati - Filles de la Charit\u00e9\" \/>\n<meta property=\"og:description\" content=\"Pier Giorgio Frassati entr\u00f2 a far parte della Societ\u00e0 di San Vincenzo de Paoli all&#8217;et\u00e0 di diciassette anni. Mor\u00ec all&#8217;et\u00e0 di 24 anni a causa di una poliomielite fulminante contratta mentre serviva i poveri. 1901, 6 Aprile Nasce a Torino 1918 Membro delle Conferenze di San Vincenzo de Paoli 1922 Rinuncia al sacerdozio 1925 Ingegnere [&hellip;]\" \/>\n<meta property=\"og:url\" content=\"https:\/\/filles-de-la-charite.org\/it\/famiglia\/san-pier-giorgio-frassati\/\" \/>\n<meta property=\"og:site_name\" content=\"Filles de la Charit\u00e9\" \/>\n<meta property=\"article:modified_time\" content=\"2025-09-10T16:14:42+00:00\" \/>\n<meta property=\"og:image\" content=\"https:\/\/filles-de-la-charite.org\/wp-content\/uploads\/2023\/04\/Pier-Giorgio-Frassati-1.png\" \/>\n\t<meta property=\"og:image:width\" content=\"285\" \/>\n\t<meta property=\"og:image:height\" content=\"333\" \/>\n\t<meta property=\"og:image:type\" content=\"image\/png\" \/>\n<meta name=\"twitter:card\" content=\"summary_large_image\" \/>\n<meta name=\"twitter:label1\" content=\"Tempo di lettura stimato\" \/>\n\t<meta name=\"twitter:data1\" content=\"4 minuti\" \/>\n<script type=\"application\/ld+json\" class=\"yoast-schema-graph\">{\"@context\":\"https:\\\/\\\/schema.org\",\"@graph\":[{\"@type\":\"WebPage\",\"@id\":\"https:\\\/\\\/filles-de-la-charite.org\\\/it\\\/famiglia\\\/san-pier-giorgio-frassati\\\/\",\"url\":\"https:\\\/\\\/filles-de-la-charite.org\\\/it\\\/famiglia\\\/san-pier-giorgio-frassati\\\/\",\"name\":\"San Pier Giorgio Frassati - Filles de la Charit\u00e9\",\"isPartOf\":{\"@id\":\"https:\\\/\\\/filles-de-la-charite.org\\\/it\\\/#website\"},\"primaryImageOfPage\":{\"@id\":\"https:\\\/\\\/filles-de-la-charite.org\\\/it\\\/famiglia\\\/san-pier-giorgio-frassati\\\/#primaryimage\"},\"image\":{\"@id\":\"https:\\\/\\\/filles-de-la-charite.org\\\/it\\\/famiglia\\\/san-pier-giorgio-frassati\\\/#primaryimage\"},\"thumbnailUrl\":\"https:\\\/\\\/filles-de-la-charite.org\\\/wp-content\\\/uploads\\\/2023\\\/04\\\/Pier-Giorgio-Frassati-1.png\",\"datePublished\":\"2020-10-21T14:04:42+00:00\",\"dateModified\":\"2025-09-10T16:14:42+00:00\",\"breadcrumb\":{\"@id\":\"https:\\\/\\\/filles-de-la-charite.org\\\/it\\\/famiglia\\\/san-pier-giorgio-frassati\\\/#breadcrumb\"},\"inLanguage\":\"it-IT\",\"potentialAction\":[{\"@type\":\"ReadAction\",\"target\":[\"https:\\\/\\\/filles-de-la-charite.org\\\/it\\\/famiglia\\\/san-pier-giorgio-frassati\\\/\"]}]},{\"@type\":\"ImageObject\",\"inLanguage\":\"it-IT\",\"@id\":\"https:\\\/\\\/filles-de-la-charite.org\\\/it\\\/famiglia\\\/san-pier-giorgio-frassati\\\/#primaryimage\",\"url\":\"https:\\\/\\\/filles-de-la-charite.org\\\/wp-content\\\/uploads\\\/2023\\\/04\\\/Pier-Giorgio-Frassati-1.png\",\"contentUrl\":\"https:\\\/\\\/filles-de-la-charite.org\\\/wp-content\\\/uploads\\\/2023\\\/04\\\/Pier-Giorgio-Frassati-1.png\",\"width\":285,\"height\":333},{\"@type\":\"BreadcrumbList\",\"@id\":\"https:\\\/\\\/filles-de-la-charite.org\\\/it\\\/famiglia\\\/san-pier-giorgio-frassati\\\/#breadcrumb\",\"itemListElement\":[{\"@type\":\"ListItem\",\"position\":1,\"name\":\"La nostra famiglia\",\"item\":\"https:\\\/\\\/filles-de-la-charite.org\\\/it\\\/famiglia\\\/\"},{\"@type\":\"ListItem\",\"position\":2,\"name\":\"San Pier Giorgio Frassati\"}]},{\"@type\":\"WebSite\",\"@id\":\"https:\\\/\\\/filles-de-la-charite.org\\\/it\\\/#website\",\"url\":\"https:\\\/\\\/filles-de-la-charite.org\\\/it\\\/\",\"name\":\"Hijas de la Caridad\",\"description\":\"L\u2019amour de J\u00e9sus nous presse \u00e0 prendre soin des personnes les plus d\u00e9munies\",\"publisher\":{\"@id\":\"https:\\\/\\\/filles-de-la-charite.org\\\/it\\\/#organization\"},\"potentialAction\":[{\"@type\":\"SearchAction\",\"target\":{\"@type\":\"EntryPoint\",\"urlTemplate\":\"https:\\\/\\\/filles-de-la-charite.org\\\/it\\\/?s={search_term_string}\"},\"query-input\":{\"@type\":\"PropertyValueSpecification\",\"valueRequired\":true,\"valueName\":\"search_term_string\"}}],\"inLanguage\":\"it-IT\"},{\"@type\":\"Organization\",\"@id\":\"https:\\\/\\\/filles-de-la-charite.org\\\/it\\\/#organization\",\"name\":\"Hijas de la Caridad\",\"url\":\"https:\\\/\\\/filles-de-la-charite.org\\\/it\\\/\",\"logo\":{\"@type\":\"ImageObject\",\"inLanguage\":\"it-IT\",\"@id\":\"https:\\\/\\\/filles-de-la-charite.org\\\/it\\\/#\\\/schema\\\/logo\\\/image\\\/\",\"url\":\"https:\\\/\\\/filles-de-la-charite.org\\\/wp-content\\\/uploads\\\/2023\\\/03\\\/isotipo-Hijas-de-la-Caridad.png\",\"contentUrl\":\"https:\\\/\\\/filles-de-la-charite.org\\\/wp-content\\\/uploads\\\/2023\\\/03\\\/isotipo-Hijas-de-la-Caridad.png\",\"width\":1417,\"height\":1417,\"caption\":\"Hijas de la Caridad\"},\"image\":{\"@id\":\"https:\\\/\\\/filles-de-la-charite.org\\\/it\\\/#\\\/schema\\\/logo\\\/image\\\/\"}}]}<\/script>\n<!-- \/ Yoast SEO plugin. -->","yoast_head_json":{"title":"San Pier Giorgio Frassati - Filles de la Charit\u00e9","robots":{"index":"index","follow":"follow","max-snippet":"max-snippet:-1","max-image-preview":"max-image-preview:large","max-video-preview":"max-video-preview:-1"},"canonical":"https:\/\/filles-de-la-charite.org\/it\/famiglia\/san-pier-giorgio-frassati\/","og_locale":"it_IT","og_type":"article","og_title":"San Pier Giorgio Frassati - Filles de la Charit\u00e9","og_description":"Pier Giorgio Frassati entr\u00f2 a far parte della Societ\u00e0 di San Vincenzo de Paoli all&#8217;et\u00e0 di diciassette anni. Mor\u00ec all&#8217;et\u00e0 di 24 anni a causa di una poliomielite fulminante contratta mentre serviva i poveri. 1901, 6 Aprile Nasce a Torino 1918 Membro delle Conferenze di San Vincenzo de Paoli 1922 Rinuncia al sacerdozio 1925 Ingegnere [&hellip;]","og_url":"https:\/\/filles-de-la-charite.org\/it\/famiglia\/san-pier-giorgio-frassati\/","og_site_name":"Filles de la Charit\u00e9","article_modified_time":"2025-09-10T16:14:42+00:00","og_image":[{"width":285,"height":333,"url":"https:\/\/filles-de-la-charite.org\/wp-content\/uploads\/2023\/04\/Pier-Giorgio-Frassati-1.png","type":"image\/png"}],"twitter_card":"summary_large_image","twitter_misc":{"Tempo di lettura stimato":"4 minuti"},"schema":{"@context":"https:\/\/schema.org","@graph":[{"@type":"WebPage","@id":"https:\/\/filles-de-la-charite.org\/it\/famiglia\/san-pier-giorgio-frassati\/","url":"https:\/\/filles-de-la-charite.org\/it\/famiglia\/san-pier-giorgio-frassati\/","name":"San Pier Giorgio Frassati - Filles de la Charit\u00e9","isPartOf":{"@id":"https:\/\/filles-de-la-charite.org\/it\/#website"},"primaryImageOfPage":{"@id":"https:\/\/filles-de-la-charite.org\/it\/famiglia\/san-pier-giorgio-frassati\/#primaryimage"},"image":{"@id":"https:\/\/filles-de-la-charite.org\/it\/famiglia\/san-pier-giorgio-frassati\/#primaryimage"},"thumbnailUrl":"https:\/\/filles-de-la-charite.org\/wp-content\/uploads\/2023\/04\/Pier-Giorgio-Frassati-1.png","datePublished":"2020-10-21T14:04:42+00:00","dateModified":"2025-09-10T16:14:42+00:00","breadcrumb":{"@id":"https:\/\/filles-de-la-charite.org\/it\/famiglia\/san-pier-giorgio-frassati\/#breadcrumb"},"inLanguage":"it-IT","potentialAction":[{"@type":"ReadAction","target":["https:\/\/filles-de-la-charite.org\/it\/famiglia\/san-pier-giorgio-frassati\/"]}]},{"@type":"ImageObject","inLanguage":"it-IT","@id":"https:\/\/filles-de-la-charite.org\/it\/famiglia\/san-pier-giorgio-frassati\/#primaryimage","url":"https:\/\/filles-de-la-charite.org\/wp-content\/uploads\/2023\/04\/Pier-Giorgio-Frassati-1.png","contentUrl":"https:\/\/filles-de-la-charite.org\/wp-content\/uploads\/2023\/04\/Pier-Giorgio-Frassati-1.png","width":285,"height":333},{"@type":"BreadcrumbList","@id":"https:\/\/filles-de-la-charite.org\/it\/famiglia\/san-pier-giorgio-frassati\/#breadcrumb","itemListElement":[{"@type":"ListItem","position":1,"name":"La nostra famiglia","item":"https:\/\/filles-de-la-charite.org\/it\/famiglia\/"},{"@type":"ListItem","position":2,"name":"San Pier Giorgio Frassati"}]},{"@type":"WebSite","@id":"https:\/\/filles-de-la-charite.org\/it\/#website","url":"https:\/\/filles-de-la-charite.org\/it\/","name":"Hijas de la Caridad","description":"L\u2019amour de J\u00e9sus nous presse \u00e0 prendre soin des personnes les plus d\u00e9munies","publisher":{"@id":"https:\/\/filles-de-la-charite.org\/it\/#organization"},"potentialAction":[{"@type":"SearchAction","target":{"@type":"EntryPoint","urlTemplate":"https:\/\/filles-de-la-charite.org\/it\/?s={search_term_string}"},"query-input":{"@type":"PropertyValueSpecification","valueRequired":true,"valueName":"search_term_string"}}],"inLanguage":"it-IT"},{"@type":"Organization","@id":"https:\/\/filles-de-la-charite.org\/it\/#organization","name":"Hijas de la Caridad","url":"https:\/\/filles-de-la-charite.org\/it\/","logo":{"@type":"ImageObject","inLanguage":"it-IT","@id":"https:\/\/filles-de-la-charite.org\/it\/#\/schema\/logo\/image\/","url":"https:\/\/filles-de-la-charite.org\/wp-content\/uploads\/2023\/03\/isotipo-Hijas-de-la-Caridad.png","contentUrl":"https:\/\/filles-de-la-charite.org\/wp-content\/uploads\/2023\/03\/isotipo-Hijas-de-la-Caridad.png","width":1417,"height":1417,"caption":"Hijas de la Caridad"},"image":{"@id":"https:\/\/filles-de-la-charite.org\/it\/#\/schema\/logo\/image\/"}}]}},"_links":{"self":[{"href":"https:\/\/filles-de-la-charite.org\/it\/wp-json\/wp\/v2\/familia\/4002","targetHints":{"allow":["GET"]}}],"collection":[{"href":"https:\/\/filles-de-la-charite.org\/it\/wp-json\/wp\/v2\/familia"}],"about":[{"href":"https:\/\/filles-de-la-charite.org\/it\/wp-json\/wp\/v2\/types\/familia"}],"wp:featuredmedia":[{"embeddable":true,"href":"https:\/\/filles-de-la-charite.org\/it\/wp-json\/wp\/v2\/media\/1103"}],"wp:attachment":[{"href":"https:\/\/filles-de-la-charite.org\/it\/wp-json\/wp\/v2\/media?parent=4002"}],"wp:term":[{"taxonomy":"origen","embeddable":true,"href":"https:\/\/filles-de-la-charite.org\/it\/wp-json\/wp\/v2\/origen?post=4002"}],"curies":[{"name":"wp","href":"https:\/\/api.w.org\/{rel}","templated":true}]}}