{"id":4004,"date":"2020-10-21T15:17:00","date_gmt":"2020-10-21T13:17:00","guid":{"rendered":"https:\/\/hijascaridad.sjdigitaldemo.ovh\/familia\/san-giovanni-gabriele-perboyre\/"},"modified":"2024-02-26T20:04:10","modified_gmt":"2024-02-26T19:04:10","slug":"san-giovanni-gabriele-perboyre","status":"publish","type":"familia","link":"https:\/\/filles-de-la-charite.org\/it\/famiglia\/san-giovanni-gabriele-perboyre\/","title":{"rendered":"San Jean &#8211; Gabriel Perboyre"},"content":{"rendered":"\n<p>\u00ab\u2026 chiedete innanzitutto la mia conversione e la mia santificazione e poi la grazia di non permettere che la sua opera venga resa vana\u00bb \u2013 estratto da una lettera di Jean-Gabriel a suo fratello, responsabile della sacrestia di San Lazzaro, la Casa Madre della Congregazione della Missione. Questo \u00e8 il linguaggio di un uomo che \u00e8 stato definito \u00abun santo vivente\u00bb (P. Song).<\/p>\n\n\n\n<figure class=\"wp-block-table\"><table><tbody><tr><td><strong>1802, 5 gennaio<\/strong><\/td><td>Nascita vicino a Montgesty, diocesi di Cahors<\/td><\/tr><tr><td><strong>1818, 15 dicembre<\/strong><\/td><td>Ingresso nella Congregazione della Missione<\/td><\/tr><tr><td>1824<\/td><td>Inviato come insegnante al Collegio di Montdidier nella Somme<\/td><\/tr><tr><td><strong>1826, 23 settembre<\/strong><\/td><td>Ordinazione sacerdotale nella Cappella delle Figlie della Carit\u00e0 alla rue du Bac<\/td><\/tr><tr><td><strong>1832<\/strong>, settembre<\/td><td>Chiamato a Parigi come Direttore del Seminario interno<\/td><\/tr><tr><td><strong>1835, 21 marzo<\/strong><\/td><td>Partenza per la Cina<\/td><\/tr><tr><td><strong>1839, 16 Settembre<\/strong><\/td><td>Incarcerato<\/td><\/tr><tr><td><strong>1840, 11 settembre<\/strong><\/td><td>Martirizzato<\/td><\/tr><tr><td><strong>1889, 10 novembre<\/strong><\/td><td> Beatificato da Papa Leone XIII<\/td><\/tr><tr><td><strong>1996, 2 giugno<\/strong><\/td><td> Canonizzato da Papa Giovanni Paolo II<\/td><\/tr><tr><td><strong>11 Settembre<\/strong><\/td><td>Festa liturgica<\/td><\/tr><\/tbody><\/table><\/figure>\n\n\n\n<p>Jean-Gabriel \u00e8 nato a Puech, una frazione della parrocchia di Montgesty. Era il primo di otto figli di Pierre e di Marie Perboyre. Crebbe in una famiglia di agricoltori molto cattolica, la cui fattoria provvedeva al sostentamento di tutti. Il parroco, che al catechismo apprezzava l\u2019intelligenza di Jean-Gabriel, amava interrogarlo su punti difficili, dicendo: \u201cAndiamo dal nostro piccolo dottore\u201d! In famiglia, Jean-Gabriel trov\u00f2 l\u2019esempio di suo zio Jacques, Missionario di san Vincenzo, uomo coraggioso al momento della Rivoluzione. Da lui, Jean-Gabriel impar\u00f2 a vivere per Ges\u00f9 Cristo e a servirlo fino alla morte.<\/p>\n\n\n\n<p>Nel 1816, Jean-Gabriel accompagn\u00f2 suo fratello minore nel Seminario di Montauban, dove rester\u00e0 anche per continuare i suoi studi.<\/p>\n\n\n\n<p>Nel mese di dicembre del 1818, Jean-Gabriel entr\u00f2 nella Congregazione della Missione, fu ordinato sacerdote nel mese di settembre del 1826 nella Cappella della Casa Madre delle Figlie della Carit\u00e0 a Parigi. Dopo essere stato professore di teologia nel Seminario di Saint-Flour, venne chiamato alla Casa Madre della Congregazione della Missione a Parigi come Direttore del Seminario interno.<\/p>\n\n\n\n<p>L\u2019Epifania, la stella al momento della sua nascita, doveva continuare a mostrargli orizzonti molto lontani. Nonostante la sua salute fragile, chiese di andare in Cina. Part\u00ec nel mese di marzo del 1835 sotto la protezione di Dio e arriv\u00f2 il 29 agosto a Macao, porta d\u2019accesso alle Missioni in Cina. Numerose saranno le sue attivit\u00e0 apostoliche a Ho-Nan, a dispetto dei pericoli e delle persecuzioni, fino al momento del suo tradimento e dell\u2019arresto nel mese di settembre del 1839.<\/p>\n\n\n\n<p>Dopo mesi di sofferenza fisica e morale, di tortura lunga e terribile, Jean-Gabriel Perboyre dar\u00e0 la sua ultima testimonianza l\u201911 settembre 1840. Fu appeso ad una croce e strangolato con una corda.<\/p>\n\n\n\n<p>Molti testimoni raccontano che \u00abuna grande croce luminosa, regolarmente disegnata, apparve nei cieli\u00bb al momento della morte di Jean-Gabriel. Un prodigio che non pu\u00f2 non ricordarci il mistero dell\u2019Epifania e le parole del profeta Daniele (12, 3): \u00ab<em>I saggi risplenderanno come lo splendore del firmamento; coloro che avranno indotto molti alla giustizia risplenderanno come le stelle per sempre<\/em>\u00bb.<\/p>\n\n\n\n<p>Il suo corpo fu trasportato a San Lazzaro (Casa Madre, Parigi) vent'anni dopo la sua morte.<\/p>\n","protected":false},"featured_media":1082,"template":"","meta":{"_acf_changed":false,"_links_to":"","_links_to_target":""},"origen":[],"class_list":["post-4004","familia","type-familia","status-publish","has-post-thumbnail","hentry"],"acf":[],"yoast_head":"<!-- This site is optimized with the Yoast SEO plugin v27.5 - https:\/\/yoast.com\/product\/yoast-seo-wordpress\/ -->\n<title>San Jean - Gabriel Perboyre - Filles de la Charit\u00e9<\/title>\n<meta name=\"robots\" content=\"index, follow, max-snippet:-1, max-image-preview:large, max-video-preview:-1\" \/>\n<link rel=\"canonical\" href=\"https:\/\/filles-de-la-charite.org\/it\/famiglia\/san-giovanni-gabriele-perboyre\/\" \/>\n<meta property=\"og:locale\" content=\"it_IT\" \/>\n<meta property=\"og:type\" content=\"article\" \/>\n<meta property=\"og:title\" content=\"San Jean - Gabriel Perboyre - Filles de la Charit\u00e9\" \/>\n<meta property=\"og:description\" content=\"\u00ab\u2026 chiedete innanzitutto la mia conversione e la mia santificazione e poi la grazia di non permettere che la sua opera venga resa vana\u00bb \u2013 estratto da una lettera di Jean-Gabriel a suo fratello, responsabile della sacrestia di San Lazzaro, la Casa Madre della Congregazione della Missione. Questo \u00e8 il linguaggio di un uomo che [&hellip;]\" \/>\n<meta property=\"og:url\" content=\"https:\/\/filles-de-la-charite.org\/it\/famiglia\/san-giovanni-gabriele-perboyre\/\" \/>\n<meta property=\"og:site_name\" content=\"Filles de la Charit\u00e9\" \/>\n<meta property=\"article:modified_time\" content=\"2024-02-26T19:04:10+00:00\" \/>\n<meta property=\"og:image\" content=\"https:\/\/filles-de-la-charite.org\/wp-content\/uploads\/2023\/04\/Perboyre-1.png\" \/>\n\t<meta property=\"og:image:width\" content=\"241\" \/>\n\t<meta property=\"og:image:height\" content=\"383\" \/>\n\t<meta property=\"og:image:type\" content=\"image\/png\" \/>\n<meta name=\"twitter:card\" content=\"summary_large_image\" \/>\n<meta name=\"twitter:label1\" content=\"Tempo di lettura stimato\" \/>\n\t<meta name=\"twitter:data1\" content=\"2 minuti\" \/>\n<script type=\"application\/ld+json\" class=\"yoast-schema-graph\">{\"@context\":\"https:\\\/\\\/schema.org\",\"@graph\":[{\"@type\":\"WebPage\",\"@id\":\"https:\\\/\\\/filles-de-la-charite.org\\\/it\\\/famiglia\\\/san-giovanni-gabriele-perboyre\\\/\",\"url\":\"https:\\\/\\\/filles-de-la-charite.org\\\/it\\\/famiglia\\\/san-giovanni-gabriele-perboyre\\\/\",\"name\":\"San Jean - Gabriel Perboyre - Filles de la Charit\u00e9\",\"isPartOf\":{\"@id\":\"https:\\\/\\\/filles-de-la-charite.org\\\/it\\\/#website\"},\"primaryImageOfPage\":{\"@id\":\"https:\\\/\\\/filles-de-la-charite.org\\\/it\\\/famiglia\\\/san-giovanni-gabriele-perboyre\\\/#primaryimage\"},\"image\":{\"@id\":\"https:\\\/\\\/filles-de-la-charite.org\\\/it\\\/famiglia\\\/san-giovanni-gabriele-perboyre\\\/#primaryimage\"},\"thumbnailUrl\":\"https:\\\/\\\/filles-de-la-charite.org\\\/wp-content\\\/uploads\\\/2023\\\/04\\\/Perboyre-1.png\",\"datePublished\":\"2020-10-21T13:17:00+00:00\",\"dateModified\":\"2024-02-26T19:04:10+00:00\",\"breadcrumb\":{\"@id\":\"https:\\\/\\\/filles-de-la-charite.org\\\/it\\\/famiglia\\\/san-giovanni-gabriele-perboyre\\\/#breadcrumb\"},\"inLanguage\":\"it-IT\",\"potentialAction\":[{\"@type\":\"ReadAction\",\"target\":[\"https:\\\/\\\/filles-de-la-charite.org\\\/it\\\/famiglia\\\/san-giovanni-gabriele-perboyre\\\/\"]}]},{\"@type\":\"ImageObject\",\"inLanguage\":\"it-IT\",\"@id\":\"https:\\\/\\\/filles-de-la-charite.org\\\/it\\\/famiglia\\\/san-giovanni-gabriele-perboyre\\\/#primaryimage\",\"url\":\"https:\\\/\\\/filles-de-la-charite.org\\\/wp-content\\\/uploads\\\/2023\\\/04\\\/Perboyre-1.png\",\"contentUrl\":\"https:\\\/\\\/filles-de-la-charite.org\\\/wp-content\\\/uploads\\\/2023\\\/04\\\/Perboyre-1.png\",\"width\":241,\"height\":383},{\"@type\":\"BreadcrumbList\",\"@id\":\"https:\\\/\\\/filles-de-la-charite.org\\\/it\\\/famiglia\\\/san-giovanni-gabriele-perboyre\\\/#breadcrumb\",\"itemListElement\":[{\"@type\":\"ListItem\",\"position\":1,\"name\":\"La nostra famiglia\",\"item\":\"https:\\\/\\\/filles-de-la-charite.org\\\/it\\\/famiglia\\\/\"},{\"@type\":\"ListItem\",\"position\":2,\"name\":\"San Jean &#8211; Gabriel Perboyre\"}]},{\"@type\":\"WebSite\",\"@id\":\"https:\\\/\\\/filles-de-la-charite.org\\\/it\\\/#website\",\"url\":\"https:\\\/\\\/filles-de-la-charite.org\\\/it\\\/\",\"name\":\"Hijas de la Caridad\",\"description\":\"L\u2019amour de J\u00e9sus nous presse \u00e0 prendre soin des personnes les plus d\u00e9munies\",\"publisher\":{\"@id\":\"https:\\\/\\\/filles-de-la-charite.org\\\/it\\\/#organization\"},\"potentialAction\":[{\"@type\":\"SearchAction\",\"target\":{\"@type\":\"EntryPoint\",\"urlTemplate\":\"https:\\\/\\\/filles-de-la-charite.org\\\/it\\\/?s={search_term_string}\"},\"query-input\":{\"@type\":\"PropertyValueSpecification\",\"valueRequired\":true,\"valueName\":\"search_term_string\"}}],\"inLanguage\":\"it-IT\"},{\"@type\":\"Organization\",\"@id\":\"https:\\\/\\\/filles-de-la-charite.org\\\/it\\\/#organization\",\"name\":\"Hijas de la Caridad\",\"url\":\"https:\\\/\\\/filles-de-la-charite.org\\\/it\\\/\",\"logo\":{\"@type\":\"ImageObject\",\"inLanguage\":\"it-IT\",\"@id\":\"https:\\\/\\\/filles-de-la-charite.org\\\/it\\\/#\\\/schema\\\/logo\\\/image\\\/\",\"url\":\"https:\\\/\\\/filles-de-la-charite.org\\\/wp-content\\\/uploads\\\/2023\\\/03\\\/isotipo-Hijas-de-la-Caridad.png\",\"contentUrl\":\"https:\\\/\\\/filles-de-la-charite.org\\\/wp-content\\\/uploads\\\/2023\\\/03\\\/isotipo-Hijas-de-la-Caridad.png\",\"width\":1417,\"height\":1417,\"caption\":\"Hijas de la Caridad\"},\"image\":{\"@id\":\"https:\\\/\\\/filles-de-la-charite.org\\\/it\\\/#\\\/schema\\\/logo\\\/image\\\/\"}}]}<\/script>\n<!-- \/ Yoast SEO plugin. -->","yoast_head_json":{"title":"San Jean - Gabriel Perboyre - Filles de la Charit\u00e9","robots":{"index":"index","follow":"follow","max-snippet":"max-snippet:-1","max-image-preview":"max-image-preview:large","max-video-preview":"max-video-preview:-1"},"canonical":"https:\/\/filles-de-la-charite.org\/it\/famiglia\/san-giovanni-gabriele-perboyre\/","og_locale":"it_IT","og_type":"article","og_title":"San Jean - Gabriel Perboyre - Filles de la Charit\u00e9","og_description":"\u00ab\u2026 chiedete innanzitutto la mia conversione e la mia santificazione e poi la grazia di non permettere che la sua opera venga resa vana\u00bb \u2013 estratto da una lettera di Jean-Gabriel a suo fratello, responsabile della sacrestia di San Lazzaro, la Casa Madre della Congregazione della Missione. Questo \u00e8 il linguaggio di un uomo che [&hellip;]","og_url":"https:\/\/filles-de-la-charite.org\/it\/famiglia\/san-giovanni-gabriele-perboyre\/","og_site_name":"Filles de la Charit\u00e9","article_modified_time":"2024-02-26T19:04:10+00:00","og_image":[{"width":241,"height":383,"url":"https:\/\/filles-de-la-charite.org\/wp-content\/uploads\/2023\/04\/Perboyre-1.png","type":"image\/png"}],"twitter_card":"summary_large_image","twitter_misc":{"Tempo di lettura stimato":"2 minuti"},"schema":{"@context":"https:\/\/schema.org","@graph":[{"@type":"WebPage","@id":"https:\/\/filles-de-la-charite.org\/it\/famiglia\/san-giovanni-gabriele-perboyre\/","url":"https:\/\/filles-de-la-charite.org\/it\/famiglia\/san-giovanni-gabriele-perboyre\/","name":"San Jean - Gabriel Perboyre - Filles de la Charit\u00e9","isPartOf":{"@id":"https:\/\/filles-de-la-charite.org\/it\/#website"},"primaryImageOfPage":{"@id":"https:\/\/filles-de-la-charite.org\/it\/famiglia\/san-giovanni-gabriele-perboyre\/#primaryimage"},"image":{"@id":"https:\/\/filles-de-la-charite.org\/it\/famiglia\/san-giovanni-gabriele-perboyre\/#primaryimage"},"thumbnailUrl":"https:\/\/filles-de-la-charite.org\/wp-content\/uploads\/2023\/04\/Perboyre-1.png","datePublished":"2020-10-21T13:17:00+00:00","dateModified":"2024-02-26T19:04:10+00:00","breadcrumb":{"@id":"https:\/\/filles-de-la-charite.org\/it\/famiglia\/san-giovanni-gabriele-perboyre\/#breadcrumb"},"inLanguage":"it-IT","potentialAction":[{"@type":"ReadAction","target":["https:\/\/filles-de-la-charite.org\/it\/famiglia\/san-giovanni-gabriele-perboyre\/"]}]},{"@type":"ImageObject","inLanguage":"it-IT","@id":"https:\/\/filles-de-la-charite.org\/it\/famiglia\/san-giovanni-gabriele-perboyre\/#primaryimage","url":"https:\/\/filles-de-la-charite.org\/wp-content\/uploads\/2023\/04\/Perboyre-1.png","contentUrl":"https:\/\/filles-de-la-charite.org\/wp-content\/uploads\/2023\/04\/Perboyre-1.png","width":241,"height":383},{"@type":"BreadcrumbList","@id":"https:\/\/filles-de-la-charite.org\/it\/famiglia\/san-giovanni-gabriele-perboyre\/#breadcrumb","itemListElement":[{"@type":"ListItem","position":1,"name":"La nostra famiglia","item":"https:\/\/filles-de-la-charite.org\/it\/famiglia\/"},{"@type":"ListItem","position":2,"name":"San Jean &#8211; Gabriel Perboyre"}]},{"@type":"WebSite","@id":"https:\/\/filles-de-la-charite.org\/it\/#website","url":"https:\/\/filles-de-la-charite.org\/it\/","name":"Hijas de la Caridad","description":"L\u2019amour de J\u00e9sus nous presse \u00e0 prendre soin des personnes les plus d\u00e9munies","publisher":{"@id":"https:\/\/filles-de-la-charite.org\/it\/#organization"},"potentialAction":[{"@type":"SearchAction","target":{"@type":"EntryPoint","urlTemplate":"https:\/\/filles-de-la-charite.org\/it\/?s={search_term_string}"},"query-input":{"@type":"PropertyValueSpecification","valueRequired":true,"valueName":"search_term_string"}}],"inLanguage":"it-IT"},{"@type":"Organization","@id":"https:\/\/filles-de-la-charite.org\/it\/#organization","name":"Hijas de la Caridad","url":"https:\/\/filles-de-la-charite.org\/it\/","logo":{"@type":"ImageObject","inLanguage":"it-IT","@id":"https:\/\/filles-de-la-charite.org\/it\/#\/schema\/logo\/image\/","url":"https:\/\/filles-de-la-charite.org\/wp-content\/uploads\/2023\/03\/isotipo-Hijas-de-la-Caridad.png","contentUrl":"https:\/\/filles-de-la-charite.org\/wp-content\/uploads\/2023\/03\/isotipo-Hijas-de-la-Caridad.png","width":1417,"height":1417,"caption":"Hijas de la Caridad"},"image":{"@id":"https:\/\/filles-de-la-charite.org\/it\/#\/schema\/logo\/image\/"}}]}},"_links":{"self":[{"href":"https:\/\/filles-de-la-charite.org\/it\/wp-json\/wp\/v2\/familia\/4004","targetHints":{"allow":["GET"]}}],"collection":[{"href":"https:\/\/filles-de-la-charite.org\/it\/wp-json\/wp\/v2\/familia"}],"about":[{"href":"https:\/\/filles-de-la-charite.org\/it\/wp-json\/wp\/v2\/types\/familia"}],"wp:featuredmedia":[{"embeddable":true,"href":"https:\/\/filles-de-la-charite.org\/it\/wp-json\/wp\/v2\/media\/1082"}],"wp:attachment":[{"href":"https:\/\/filles-de-la-charite.org\/it\/wp-json\/wp\/v2\/media?parent=4004"}],"wp:term":[{"taxonomy":"origen","embeddable":true,"href":"https:\/\/filles-de-la-charite.org\/it\/wp-json\/wp\/v2\/origen?post=4004"}],"curies":[{"name":"wp","href":"https:\/\/api.w.org\/{rel}","templated":true}]}}