{"id":4005,"date":"2020-10-21T15:26:32","date_gmt":"2020-10-21T13:26:32","guid":{"rendered":"https:\/\/hijascaridad.sjdigitaldemo.ovh\/familia\/san-giustino-di-jacobis\/"},"modified":"2024-02-26T13:42:26","modified_gmt":"2024-02-26T12:42:26","slug":"san-giustino-di-jacobis","status":"publish","type":"familia","link":"https:\/\/filles-de-la-charite.org\/it\/famiglia\/san-giustino-di-jacobis\/","title":{"rendered":"San Giustino de Jacobis"},"content":{"rendered":"\n<p class=\"has-text-align-left\">Tra i numerosi figli di Vincenzo de Paoli, che sono stati esemplari nella loro vocazione e evangelizzatori dei poveri, alcuni sono stati scelti affinch\u00e9 li prendessimo come modello. Giustino de Jacobis, il grande apostolo del popolo dell\u2019Abissinia (oggi Eritrea ed Etiopia), \u00e8 uno di loro.<\/p>\n\n\n\n<figure class=\"wp-block-table\"><table><tbody><tr><td><strong>1800, 9 ottobre<\/strong><\/td><td>Nascita a San Fele, vicino a Napoli, in Italia<\/td><\/tr><tr><td><strong>1818, 17 ottobre<\/strong><\/td><td>Entra nel Seminario della Congregazione della Missione (CM)<\/td><\/tr><tr><td><strong>1824, 12 giugno<\/strong><\/td><td>E' ordinato sacerdote<\/td><\/tr><tr><td><strong>1839, 24 maggio<\/strong><\/td><td>Diventa responsabile della missione in Abissinia e nei dintorni<\/td><\/tr><tr><td><strong>1860, 31 luglio<\/strong><\/td><td>Muore nel deserto<\/td><\/tr><tr><td><strong>1939, 25 giugno<\/strong><\/td><td>Viene beatificato da Papa Pio XII<\/td><\/tr><tr><td><strong>1975, 26 ottobre<\/strong><\/td><td>Viene canonizzato da Papa Paolo VI<\/td><\/tr><tr><td><strong>30 <\/strong>luglio<\/td><td>Memoria liturgica<\/td><\/tr><\/tbody><\/table><\/figure>\n\n\n\n<p>Giustino nacque a San Fele, vicino a Napoli, il 9 Ottobre 1800. Era il settimo figlio di Maria Giuseppina Muccia e di Giovanni Battista de Jacobis, una famiglia che aveva grandi ricchezze ed una fede cristiana profonda.<\/p>\n\n\n\n<p>Giustino entr\u00f2 nella Congregazione della Missione nel 1818 a Napoli. La sua grande umilt\u00e0 gli faceva pensare di non possedere le qualit\u00e0 richieste per il sacerdozio ma, i suoi superiori gli dettero fiducia e fu ordinato sacerdote il 12 giugno 1824 nella cattedrale di Brindisi. Durante i primi anni di sacerdozio, la sua principale missione consisteva nell\u2019organizzare ritiri per i laici, i sacerdoti e le Suore. Partecipava anche alle missioni parrocchiali e animava diverse attivit\u00e0 caritative per aiutare i poveri.<\/p>\n\n\n\n<p>Svolse tutti i compiti affidatigli con grande umilt\u00e0 e obbedienza, accettando di servire in qualsiasi ufficio e di assumere le responsabilit\u00e0 che gli venivano affidate all\u2019interno della Congregazione della Missione.<br>Durante la terribile epidemia di colera, che devast\u00f2 Napoli nel 1836, lavor\u00f2 instancabilmente per aiutare i malati, mettendo in pericolo la sua stessa vita.<\/p>\n\n\n\n<p>Nel 1838, il cardinale Philippe Franzoni, prefetto della Sacra Congregazione per la Propagazione della Fede, visit\u00f2 la Casa provinciale dei Lazzaristi a Napoli, parl\u00f2 con il superiore, padre Justino de Jacobis, degli enormi bisogni in Abissinia e del suo desiderio di iniziarvi una missione.<br>Con il consenso dei suoi superiori, Padre Justino de Jacobis accett\u00f2 questa chiamata. La Congregazione della Missione ricevette l\u2019incarico di questa missione e, il 24 maggio 1839, Padre Justino de Jacobis fu inviato in Abissinia come Prefetto Apostolico per questa regione.<\/p>\n\n\n\n<p>Justino de Jacobis si lasci\u00f2 guidare dalla mano della Provvidenza nella sua missione di evangelizzazione. Profondamente radicato nello spirito della Congregazione della Missione, ha irradiato, soprattutto umilt\u00e0, mitezza, zelo e resistenza nelle sofferenze e nelle incomprensioni.<\/p>\n\n\n\n<p>Il Signore diede a Justino de Jacobis una ricca conoscenza della cultura e delle tradizioni del Paese. Impar\u00f2 la lingua, visse con la gente e lavor\u00f2 per migliorare le relazioni a livello locale.<\/p>\n\n\n\n<p>Fu un uomo in anticipo sui tempi in termini di inculturazione: utilizz\u00f2 le tradizioni e la cultura del popolo per annunciare il Vangelo. Fu anche un grande precursore del dialogo ecumenico tra cristiani copti e cattolici.<\/p>\n\n\n\n<p>Per vent\u2019anni, Padre Justino de Jacobis si dedic\u00f2 al servizio del Vangelo. Fu un\u2019eccellente guida e formatore di sacerdoti. Ha il merito di aver restaurato la Chiesa cattolica in Abissinia, nonostante le numerose sofferenze e persecuzioni di cui fu vittima.<br>Mor\u00ec di febbre tropicale sul ciglio di una strada, vicino ad Halai, nella valle dell\u2019Alighede, il 31 luglio 1860.<\/p>\n","protected":false},"featured_media":1089,"template":"","meta":{"_acf_changed":false,"_links_to":"","_links_to_target":""},"origen":[],"class_list":["post-4005","familia","type-familia","status-publish","has-post-thumbnail","hentry"],"acf":[],"yoast_head":"<!-- This site is optimized with the Yoast SEO plugin v27.5 - https:\/\/yoast.com\/product\/yoast-seo-wordpress\/ -->\n<title>San Giustino de Jacobis - Filles de la Charit\u00e9<\/title>\n<meta name=\"robots\" content=\"index, follow, max-snippet:-1, max-image-preview:large, max-video-preview:-1\" \/>\n<link rel=\"canonical\" href=\"https:\/\/filles-de-la-charite.org\/it\/famiglia\/san-giustino-di-jacobis\/\" \/>\n<meta property=\"og:locale\" content=\"it_IT\" \/>\n<meta property=\"og:type\" content=\"article\" \/>\n<meta property=\"og:title\" content=\"San Giustino de Jacobis - Filles de la Charit\u00e9\" \/>\n<meta property=\"og:description\" content=\"Tra i numerosi figli di Vincenzo de Paoli, che sono stati esemplari nella loro vocazione e evangelizzatori dei poveri, alcuni sono stati scelti affinch\u00e9 li prendessimo come modello. Giustino de Jacobis, il grande apostolo del popolo dell\u2019Abissinia (oggi Eritrea ed Etiopia), \u00e8 uno di loro. 1800, 9 ottobre Nascita a San Fele, vicino a Napoli, [&hellip;]\" \/>\n<meta property=\"og:url\" content=\"https:\/\/filles-de-la-charite.org\/it\/famiglia\/san-giustino-di-jacobis\/\" \/>\n<meta property=\"og:site_name\" content=\"Filles de la Charit\u00e9\" \/>\n<meta property=\"article:modified_time\" content=\"2024-02-26T12:42:26+00:00\" \/>\n<meta property=\"og:image\" content=\"https:\/\/filles-de-la-charite.org\/wp-content\/uploads\/2023\/04\/image1-2.jpg\" \/>\n\t<meta property=\"og:image:width\" content=\"416\" \/>\n\t<meta property=\"og:image:height\" content=\"601\" \/>\n\t<meta property=\"og:image:type\" content=\"image\/jpeg\" \/>\n<meta name=\"twitter:card\" content=\"summary_large_image\" \/>\n<meta name=\"twitter:label1\" content=\"Tempo di lettura stimato\" \/>\n\t<meta name=\"twitter:data1\" content=\"3 minuti\" \/>\n<script type=\"application\/ld+json\" class=\"yoast-schema-graph\">{\"@context\":\"https:\\\/\\\/schema.org\",\"@graph\":[{\"@type\":\"WebPage\",\"@id\":\"https:\\\/\\\/filles-de-la-charite.org\\\/it\\\/famiglia\\\/san-giustino-di-jacobis\\\/\",\"url\":\"https:\\\/\\\/filles-de-la-charite.org\\\/it\\\/famiglia\\\/san-giustino-di-jacobis\\\/\",\"name\":\"San Giustino de Jacobis - Filles de la Charit\u00e9\",\"isPartOf\":{\"@id\":\"https:\\\/\\\/filles-de-la-charite.org\\\/it\\\/#website\"},\"primaryImageOfPage\":{\"@id\":\"https:\\\/\\\/filles-de-la-charite.org\\\/it\\\/famiglia\\\/san-giustino-di-jacobis\\\/#primaryimage\"},\"image\":{\"@id\":\"https:\\\/\\\/filles-de-la-charite.org\\\/it\\\/famiglia\\\/san-giustino-di-jacobis\\\/#primaryimage\"},\"thumbnailUrl\":\"https:\\\/\\\/filles-de-la-charite.org\\\/wp-content\\\/uploads\\\/2023\\\/04\\\/image1-2.jpg\",\"datePublished\":\"2020-10-21T13:26:32+00:00\",\"dateModified\":\"2024-02-26T12:42:26+00:00\",\"breadcrumb\":{\"@id\":\"https:\\\/\\\/filles-de-la-charite.org\\\/it\\\/famiglia\\\/san-giustino-di-jacobis\\\/#breadcrumb\"},\"inLanguage\":\"it-IT\",\"potentialAction\":[{\"@type\":\"ReadAction\",\"target\":[\"https:\\\/\\\/filles-de-la-charite.org\\\/it\\\/famiglia\\\/san-giustino-di-jacobis\\\/\"]}]},{\"@type\":\"ImageObject\",\"inLanguage\":\"it-IT\",\"@id\":\"https:\\\/\\\/filles-de-la-charite.org\\\/it\\\/famiglia\\\/san-giustino-di-jacobis\\\/#primaryimage\",\"url\":\"https:\\\/\\\/filles-de-la-charite.org\\\/wp-content\\\/uploads\\\/2023\\\/04\\\/image1-2.jpg\",\"contentUrl\":\"https:\\\/\\\/filles-de-la-charite.org\\\/wp-content\\\/uploads\\\/2023\\\/04\\\/image1-2.jpg\",\"width\":416,\"height\":601},{\"@type\":\"BreadcrumbList\",\"@id\":\"https:\\\/\\\/filles-de-la-charite.org\\\/it\\\/famiglia\\\/san-giustino-di-jacobis\\\/#breadcrumb\",\"itemListElement\":[{\"@type\":\"ListItem\",\"position\":1,\"name\":\"La nostra famiglia\",\"item\":\"https:\\\/\\\/filles-de-la-charite.org\\\/it\\\/famiglia\\\/\"},{\"@type\":\"ListItem\",\"position\":2,\"name\":\"San Giustino de Jacobis\"}]},{\"@type\":\"WebSite\",\"@id\":\"https:\\\/\\\/filles-de-la-charite.org\\\/it\\\/#website\",\"url\":\"https:\\\/\\\/filles-de-la-charite.org\\\/it\\\/\",\"name\":\"Hijas de la Caridad\",\"description\":\"L\u2019amour de J\u00e9sus nous presse \u00e0 prendre soin des personnes les plus d\u00e9munies\",\"publisher\":{\"@id\":\"https:\\\/\\\/filles-de-la-charite.org\\\/it\\\/#organization\"},\"potentialAction\":[{\"@type\":\"SearchAction\",\"target\":{\"@type\":\"EntryPoint\",\"urlTemplate\":\"https:\\\/\\\/filles-de-la-charite.org\\\/it\\\/?s={search_term_string}\"},\"query-input\":{\"@type\":\"PropertyValueSpecification\",\"valueRequired\":true,\"valueName\":\"search_term_string\"}}],\"inLanguage\":\"it-IT\"},{\"@type\":\"Organization\",\"@id\":\"https:\\\/\\\/filles-de-la-charite.org\\\/it\\\/#organization\",\"name\":\"Hijas de la Caridad\",\"url\":\"https:\\\/\\\/filles-de-la-charite.org\\\/it\\\/\",\"logo\":{\"@type\":\"ImageObject\",\"inLanguage\":\"it-IT\",\"@id\":\"https:\\\/\\\/filles-de-la-charite.org\\\/it\\\/#\\\/schema\\\/logo\\\/image\\\/\",\"url\":\"https:\\\/\\\/filles-de-la-charite.org\\\/wp-content\\\/uploads\\\/2023\\\/03\\\/isotipo-Hijas-de-la-Caridad.png\",\"contentUrl\":\"https:\\\/\\\/filles-de-la-charite.org\\\/wp-content\\\/uploads\\\/2023\\\/03\\\/isotipo-Hijas-de-la-Caridad.png\",\"width\":1417,\"height\":1417,\"caption\":\"Hijas de la Caridad\"},\"image\":{\"@id\":\"https:\\\/\\\/filles-de-la-charite.org\\\/it\\\/#\\\/schema\\\/logo\\\/image\\\/\"}}]}<\/script>\n<!-- \/ Yoast SEO plugin. -->","yoast_head_json":{"title":"San Giustino de Jacobis - Filles de la Charit\u00e9","robots":{"index":"index","follow":"follow","max-snippet":"max-snippet:-1","max-image-preview":"max-image-preview:large","max-video-preview":"max-video-preview:-1"},"canonical":"https:\/\/filles-de-la-charite.org\/it\/famiglia\/san-giustino-di-jacobis\/","og_locale":"it_IT","og_type":"article","og_title":"San Giustino de Jacobis - Filles de la Charit\u00e9","og_description":"Tra i numerosi figli di Vincenzo de Paoli, che sono stati esemplari nella loro vocazione e evangelizzatori dei poveri, alcuni sono stati scelti affinch\u00e9 li prendessimo come modello. Giustino de Jacobis, il grande apostolo del popolo dell\u2019Abissinia (oggi Eritrea ed Etiopia), \u00e8 uno di loro. 1800, 9 ottobre Nascita a San Fele, vicino a Napoli, [&hellip;]","og_url":"https:\/\/filles-de-la-charite.org\/it\/famiglia\/san-giustino-di-jacobis\/","og_site_name":"Filles de la Charit\u00e9","article_modified_time":"2024-02-26T12:42:26+00:00","og_image":[{"width":416,"height":601,"url":"https:\/\/filles-de-la-charite.org\/wp-content\/uploads\/2023\/04\/image1-2.jpg","type":"image\/jpeg"}],"twitter_card":"summary_large_image","twitter_misc":{"Tempo di lettura stimato":"3 minuti"},"schema":{"@context":"https:\/\/schema.org","@graph":[{"@type":"WebPage","@id":"https:\/\/filles-de-la-charite.org\/it\/famiglia\/san-giustino-di-jacobis\/","url":"https:\/\/filles-de-la-charite.org\/it\/famiglia\/san-giustino-di-jacobis\/","name":"San Giustino de Jacobis - Filles de la Charit\u00e9","isPartOf":{"@id":"https:\/\/filles-de-la-charite.org\/it\/#website"},"primaryImageOfPage":{"@id":"https:\/\/filles-de-la-charite.org\/it\/famiglia\/san-giustino-di-jacobis\/#primaryimage"},"image":{"@id":"https:\/\/filles-de-la-charite.org\/it\/famiglia\/san-giustino-di-jacobis\/#primaryimage"},"thumbnailUrl":"https:\/\/filles-de-la-charite.org\/wp-content\/uploads\/2023\/04\/image1-2.jpg","datePublished":"2020-10-21T13:26:32+00:00","dateModified":"2024-02-26T12:42:26+00:00","breadcrumb":{"@id":"https:\/\/filles-de-la-charite.org\/it\/famiglia\/san-giustino-di-jacobis\/#breadcrumb"},"inLanguage":"it-IT","potentialAction":[{"@type":"ReadAction","target":["https:\/\/filles-de-la-charite.org\/it\/famiglia\/san-giustino-di-jacobis\/"]}]},{"@type":"ImageObject","inLanguage":"it-IT","@id":"https:\/\/filles-de-la-charite.org\/it\/famiglia\/san-giustino-di-jacobis\/#primaryimage","url":"https:\/\/filles-de-la-charite.org\/wp-content\/uploads\/2023\/04\/image1-2.jpg","contentUrl":"https:\/\/filles-de-la-charite.org\/wp-content\/uploads\/2023\/04\/image1-2.jpg","width":416,"height":601},{"@type":"BreadcrumbList","@id":"https:\/\/filles-de-la-charite.org\/it\/famiglia\/san-giustino-di-jacobis\/#breadcrumb","itemListElement":[{"@type":"ListItem","position":1,"name":"La nostra famiglia","item":"https:\/\/filles-de-la-charite.org\/it\/famiglia\/"},{"@type":"ListItem","position":2,"name":"San Giustino de Jacobis"}]},{"@type":"WebSite","@id":"https:\/\/filles-de-la-charite.org\/it\/#website","url":"https:\/\/filles-de-la-charite.org\/it\/","name":"Hijas de la Caridad","description":"L\u2019amour de J\u00e9sus nous presse \u00e0 prendre soin des personnes les plus d\u00e9munies","publisher":{"@id":"https:\/\/filles-de-la-charite.org\/it\/#organization"},"potentialAction":[{"@type":"SearchAction","target":{"@type":"EntryPoint","urlTemplate":"https:\/\/filles-de-la-charite.org\/it\/?s={search_term_string}"},"query-input":{"@type":"PropertyValueSpecification","valueRequired":true,"valueName":"search_term_string"}}],"inLanguage":"it-IT"},{"@type":"Organization","@id":"https:\/\/filles-de-la-charite.org\/it\/#organization","name":"Hijas de la Caridad","url":"https:\/\/filles-de-la-charite.org\/it\/","logo":{"@type":"ImageObject","inLanguage":"it-IT","@id":"https:\/\/filles-de-la-charite.org\/it\/#\/schema\/logo\/image\/","url":"https:\/\/filles-de-la-charite.org\/wp-content\/uploads\/2023\/03\/isotipo-Hijas-de-la-Caridad.png","contentUrl":"https:\/\/filles-de-la-charite.org\/wp-content\/uploads\/2023\/03\/isotipo-Hijas-de-la-Caridad.png","width":1417,"height":1417,"caption":"Hijas de la Caridad"},"image":{"@id":"https:\/\/filles-de-la-charite.org\/it\/#\/schema\/logo\/image\/"}}]}},"_links":{"self":[{"href":"https:\/\/filles-de-la-charite.org\/it\/wp-json\/wp\/v2\/familia\/4005","targetHints":{"allow":["GET"]}}],"collection":[{"href":"https:\/\/filles-de-la-charite.org\/it\/wp-json\/wp\/v2\/familia"}],"about":[{"href":"https:\/\/filles-de-la-charite.org\/it\/wp-json\/wp\/v2\/types\/familia"}],"wp:featuredmedia":[{"embeddable":true,"href":"https:\/\/filles-de-la-charite.org\/it\/wp-json\/wp\/v2\/media\/1089"}],"wp:attachment":[{"href":"https:\/\/filles-de-la-charite.org\/it\/wp-json\/wp\/v2\/media?parent=4005"}],"wp:term":[{"taxonomy":"origen","embeddable":true,"href":"https:\/\/filles-de-la-charite.org\/it\/wp-json\/wp\/v2\/origen?post=4005"}],"curies":[{"name":"wp","href":"https:\/\/api.w.org\/{rel}","templated":true}]}}