{"id":4006,"date":"2020-10-21T10:00:11","date_gmt":"2020-10-21T08:00:11","guid":{"rendered":"https:\/\/hijascaridad.sjdigitaldemo.ovh\/familia\/santa-giovanna-antida-thouret\/"},"modified":"2024-02-26T22:34:13","modified_gmt":"2024-02-26T21:34:13","slug":"santa-giovanna-antida-thouret","status":"publish","type":"familia","link":"https:\/\/filles-de-la-charite.org\/it\/famiglia\/santa-giovanna-antida-thouret\/","title":{"rendered":"Santa Giovanna Antida Thouret"},"content":{"rendered":"\n<p>La vita di Giovanna Antida Thouret \u00e8 un\u2019avventura, contrassegnata da una passione: il servizio dei poveri, \u00able membra sofferenti di Ges\u00f9 Cristo\u00bb, e da un avvenimento: la Rivoluzione francese.<\/p>\n\n\n\n<figure class=\"wp-block-image alignleft\"><a href=\"http:\/\/filles-de-la-charite.pl\/wp-content\/uploads\/2012\/04\/image3.jpg\" target=\"_blank\" rel=\"noreferrer noopener\" data-rel=\"lightbox-image-0\" data-rl_title=\"\" data-rl_caption=\"\"><img decoding=\"async\" src=\"http:\/\/filles-de-la-charite.pl\/wp-content\/uploads\/2012\/04\/image3-225x300.jpg\" alt=\"\" class=\"wp-image-635\" title=\"\"\/><\/a><\/figure>\n\n\n\n<figure class=\"wp-block-table\"><table><tbody><tr><td><strong>1765, 27 novembre<\/strong><\/td><td>Nascita<\/td><\/tr><tr><td><strong>1787<\/strong><\/td><td>Entra nella Compagnia delle Figlie della Carit\u00e0<\/td><\/tr><tr><td><strong>1799, 11 aprile<\/strong><\/td><td>Fondazione delle\u00a0 Suore della Carit\u00e0 di Besan\u00e7on<\/td><\/tr><tr><td><strong>1826, 24 agosto<\/strong><\/td><td>Muore a Napoli<\/td><\/tr><tr><td><strong>1926, 23 maggio<\/strong><\/td><td>Beatificazione da Papa Pio XI<\/td><\/tr><tr><td><strong>1934, <\/strong><strong>14 gennaio<\/strong><\/td><td>Canonizzazione da Papa Pio XI<\/td><\/tr><tr><td><strong>23 maggio<\/strong><\/td><td>Giorno della sua festa<\/td><\/tr><\/tbody><\/table><\/figure>\n\n\n\n<p>Giovanna Antida Thouret nasce a Sancey-le-Long (Doubs). \u00c8 la quinta figlia di una famiglia contadina molto cristiana della Franca Contea.<\/p>\n\n\n\n<p>A ventidue anni, entra nella Compagnia delle Figlie della Carit\u00e0 di San Vincenzo de Paoli, per servire i poveri, prima a Langres, poi a Parigi.<\/p>\n\n\n\n<p>Nel maggio del 1794, Giovanna Antida torna a Sancey, perch\u00e9 durante la Rivoluzione francese, tutte le Figlie della Carit\u00e0, come un buon numero di religiose, sono disperse e devono tornare nelle loro famiglie.<\/p>\n\n\n\n<p>Il 15 agosto 1795, parte per la Svizzera, con i \u00abSolitari\u00bb di Padre Antoine-Sylvestre Receveur, una comunit\u00e0 obbligata, a causa del rifiuto della fede cristiana, a \u201cvagabondare\u201d per dodici anni attraverso l\u2019Europa. Percorre la Svizzera e parte della Germania. Il 24 giugno 1797, lascia questa comunit\u00e0 ed arriva a Landeron, presso Neuch\u00e2tel in Svizzera dopo un periplo solitario di pi\u00f9 di seicento chilometri. L\u00e0, riceve l\u2019appello di due preti francesi che le chiedono di ritornare in Francia, a Besan\u00e7on, per occuparsi dei bambini analfabeti e dei malati.<\/p>\n\n\n\n<p>L\u201911 aprile 1799, fonda a Besan\u00e7on, con alcune giovani, una scuola gratuita per le bambine e offre \u201cla minestra\u201d per i poveri. La popolazione le chiama \u00able Suore della minestra e delle piccole scuole\u00bb.<\/p>\n\n\n\n<p>Da maggio a settembre del 1802, Giovanna Antida redige la Regola di vita della sua comunit\u00e0. Accompagnata da qualche Suora attirata dal suo ideale di vita, apre nuove scuole e luoghi dedicati alla cura dei malati, mentre manda le sue Suore a insegnare e curare i poveri. Il 23 settembre 1802, le si chiede di incaricarsi anche del servizio dei prigionieri di Bellevaux. L\u00e0, si sforza di mettere al loro servizio i suoi talenti di educatrice, dando loro il necessario per nutrirsi, organizzando il lavoro, permettendo loro cos\u00ec di ricevere uno stipendio. Nel 1807, a Parigi, la Comunit\u00e0 riceve il nome ufficiale di \u201cSuore della Carit\u00e0 di Besan\u00e7on\u201d.<\/p>\n\n\n\n<p>L&#8217; 8 maggio 1810 chiamata in Savoia, a Thonon, vi si reca con qualche Suora, ma poco tempo dopo, nel novembre del 1810, riceve un appello da Napoli dove si reca con otto Suore.\u00a0A Napoli, le si chiede subito di prendersi cura dell\u2019ospedale degli Incurabili. Apre anche una scuola, una farmacia nel convento che le era stato concesso; lei stessa e le sue Suore non esitavano ad uscire per andare a visitare e curare poveri e i malati.<\/p>\n\n\n\n<p>Le Costituzioni sono approvate dal Papa Pio VII il 23 luglio 1819. D\u00e0 alla comunit\u00e0 il nome di \u201cSuore della Carit\u00e0 sotto la protezione di San Vincenzo de Paoli\u201d. Nell\u2019agosto 1823 riparte per Napoli, dove muore il 24 agosto 1826.<\/p>\n\n\n\n<p>La Comunit\u00e0 conta adesso 4.000 Suore sparse sui cinque continenti, operando in una grande variet\u00e0 di servizi ai poveri. La vita di comunit\u00e0, l\u2019Eucarestia ed il Mistero Pasquale sono ancora oggi, come lo furono per Giovanna Antida, gli elementi chiave della loro vita.<\/p>\n","protected":false},"featured_media":998,"template":"","meta":{"_acf_changed":false,"_et_pb_use_builder":"","_et_pb_old_content":"","_et_gb_content_width":"","_links_to":"","_links_to_target":""},"origen":[],"class_list":["post-4006","familia","type-familia","status-publish","has-post-thumbnail","hentry"],"acf":[],"yoast_head":"<!-- This site is optimized with the Yoast SEO plugin v27.4 - https:\/\/yoast.com\/product\/yoast-seo-wordpress\/ -->\n<title>Santa Giovanna Antida Thouret - Filles de la Charit\u00e9<\/title>\n<meta name=\"robots\" content=\"index, follow, max-snippet:-1, max-image-preview:large, max-video-preview:-1\" \/>\n<link rel=\"canonical\" href=\"https:\/\/filles-de-la-charite.org\/it\/famiglia\/santa-giovanna-antida-thouret\/\" \/>\n<meta property=\"og:locale\" content=\"it_IT\" \/>\n<meta property=\"og:type\" content=\"article\" \/>\n<meta property=\"og:title\" content=\"Santa Giovanna Antida Thouret - Filles de la Charit\u00e9\" \/>\n<meta property=\"og:description\" content=\"La vita di Giovanna Antida Thouret \u00e8 un\u2019avventura, contrassegnata da una passione: il servizio dei poveri, \u00able membra sofferenti di Ges\u00f9 Cristo\u00bb, e da un avvenimento: la Rivoluzione francese. 1765, 27 novembre Nascita 1787 Entra nella Compagnia delle Figlie della Carit\u00e0 1799, 11 aprile Fondazione delle\u00a0 Suore della Carit\u00e0 di Besan\u00e7on 1826, 24 agosto Muore [&hellip;]\" \/>\n<meta property=\"og:url\" content=\"https:\/\/filles-de-la-charite.org\/it\/famiglia\/santa-giovanna-antida-thouret\/\" \/>\n<meta property=\"og:site_name\" content=\"Filles de la Charit\u00e9\" \/>\n<meta property=\"article:modified_time\" content=\"2024-02-26T21:34:13+00:00\" \/>\n<meta property=\"og:image\" content=\"https:\/\/filles-de-la-charite.org\/wp-content\/uploads\/2023\/04\/image3-1-1.jpg\" \/>\n\t<meta property=\"og:image:width\" content=\"418\" \/>\n\t<meta property=\"og:image:height\" content=\"555\" \/>\n\t<meta property=\"og:image:type\" content=\"image\/jpeg\" \/>\n<meta name=\"twitter:card\" content=\"summary_large_image\" \/>\n<meta name=\"twitter:label1\" content=\"Tempo di lettura stimato\" \/>\n\t<meta name=\"twitter:data1\" content=\"3 minuti\" \/>\n<script type=\"application\/ld+json\" class=\"yoast-schema-graph\">{\"@context\":\"https:\\\/\\\/schema.org\",\"@graph\":[{\"@type\":\"WebPage\",\"@id\":\"https:\\\/\\\/filles-de-la-charite.org\\\/it\\\/famiglia\\\/santa-giovanna-antida-thouret\\\/\",\"url\":\"https:\\\/\\\/filles-de-la-charite.org\\\/it\\\/famiglia\\\/santa-giovanna-antida-thouret\\\/\",\"name\":\"Santa Giovanna Antida Thouret - Filles de la Charit\u00e9\",\"isPartOf\":{\"@id\":\"https:\\\/\\\/filles-de-la-charite.org\\\/it\\\/#website\"},\"primaryImageOfPage\":{\"@id\":\"https:\\\/\\\/filles-de-la-charite.org\\\/it\\\/famiglia\\\/santa-giovanna-antida-thouret\\\/#primaryimage\"},\"image\":{\"@id\":\"https:\\\/\\\/filles-de-la-charite.org\\\/it\\\/famiglia\\\/santa-giovanna-antida-thouret\\\/#primaryimage\"},\"thumbnailUrl\":\"https:\\\/\\\/filles-de-la-charite.org\\\/wp-content\\\/uploads\\\/2023\\\/04\\\/image3-1-1.jpg\",\"datePublished\":\"2020-10-21T08:00:11+00:00\",\"dateModified\":\"2024-02-26T21:34:13+00:00\",\"breadcrumb\":{\"@id\":\"https:\\\/\\\/filles-de-la-charite.org\\\/it\\\/famiglia\\\/santa-giovanna-antida-thouret\\\/#breadcrumb\"},\"inLanguage\":\"it-IT\",\"potentialAction\":[{\"@type\":\"ReadAction\",\"target\":[\"https:\\\/\\\/filles-de-la-charite.org\\\/it\\\/famiglia\\\/santa-giovanna-antida-thouret\\\/\"]}]},{\"@type\":\"ImageObject\",\"inLanguage\":\"it-IT\",\"@id\":\"https:\\\/\\\/filles-de-la-charite.org\\\/it\\\/famiglia\\\/santa-giovanna-antida-thouret\\\/#primaryimage\",\"url\":\"https:\\\/\\\/filles-de-la-charite.org\\\/wp-content\\\/uploads\\\/2023\\\/04\\\/image3-1-1.jpg\",\"contentUrl\":\"https:\\\/\\\/filles-de-la-charite.org\\\/wp-content\\\/uploads\\\/2023\\\/04\\\/image3-1-1.jpg\",\"width\":418,\"height\":555},{\"@type\":\"BreadcrumbList\",\"@id\":\"https:\\\/\\\/filles-de-la-charite.org\\\/it\\\/famiglia\\\/santa-giovanna-antida-thouret\\\/#breadcrumb\",\"itemListElement\":[{\"@type\":\"ListItem\",\"position\":1,\"name\":\"La nostra famiglia\",\"item\":\"https:\\\/\\\/filles-de-la-charite.org\\\/it\\\/famiglia\\\/\"},{\"@type\":\"ListItem\",\"position\":2,\"name\":\"Santa Giovanna Antida Thouret\"}]},{\"@type\":\"WebSite\",\"@id\":\"https:\\\/\\\/filles-de-la-charite.org\\\/it\\\/#website\",\"url\":\"https:\\\/\\\/filles-de-la-charite.org\\\/it\\\/\",\"name\":\"Hijas de la Caridad\",\"description\":\"L\u2019amour de J\u00e9sus nous presse \u00e0 prendre soin des personnes les plus d\u00e9munies\",\"publisher\":{\"@id\":\"https:\\\/\\\/filles-de-la-charite.org\\\/it\\\/#organization\"},\"potentialAction\":[{\"@type\":\"SearchAction\",\"target\":{\"@type\":\"EntryPoint\",\"urlTemplate\":\"https:\\\/\\\/filles-de-la-charite.org\\\/it\\\/?s={search_term_string}\"},\"query-input\":{\"@type\":\"PropertyValueSpecification\",\"valueRequired\":true,\"valueName\":\"search_term_string\"}}],\"inLanguage\":\"it-IT\"},{\"@type\":\"Organization\",\"@id\":\"https:\\\/\\\/filles-de-la-charite.org\\\/it\\\/#organization\",\"name\":\"Hijas de la Caridad\",\"url\":\"https:\\\/\\\/filles-de-la-charite.org\\\/it\\\/\",\"logo\":{\"@type\":\"ImageObject\",\"inLanguage\":\"it-IT\",\"@id\":\"https:\\\/\\\/filles-de-la-charite.org\\\/it\\\/#\\\/schema\\\/logo\\\/image\\\/\",\"url\":\"https:\\\/\\\/filles-de-la-charite.org\\\/wp-content\\\/uploads\\\/2023\\\/03\\\/isotipo-Hijas-de-la-Caridad.png\",\"contentUrl\":\"https:\\\/\\\/filles-de-la-charite.org\\\/wp-content\\\/uploads\\\/2023\\\/03\\\/isotipo-Hijas-de-la-Caridad.png\",\"width\":1417,\"height\":1417,\"caption\":\"Hijas de la Caridad\"},\"image\":{\"@id\":\"https:\\\/\\\/filles-de-la-charite.org\\\/it\\\/#\\\/schema\\\/logo\\\/image\\\/\"}}]}<\/script>\n<!-- \/ Yoast SEO plugin. -->","yoast_head_json":{"title":"Santa Giovanna Antida Thouret - Filles de la Charit\u00e9","robots":{"index":"index","follow":"follow","max-snippet":"max-snippet:-1","max-image-preview":"max-image-preview:large","max-video-preview":"max-video-preview:-1"},"canonical":"https:\/\/filles-de-la-charite.org\/it\/famiglia\/santa-giovanna-antida-thouret\/","og_locale":"it_IT","og_type":"article","og_title":"Santa Giovanna Antida Thouret - Filles de la Charit\u00e9","og_description":"La vita di Giovanna Antida Thouret \u00e8 un\u2019avventura, contrassegnata da una passione: il servizio dei poveri, \u00able membra sofferenti di Ges\u00f9 Cristo\u00bb, e da un avvenimento: la Rivoluzione francese. 1765, 27 novembre Nascita 1787 Entra nella Compagnia delle Figlie della Carit\u00e0 1799, 11 aprile Fondazione delle\u00a0 Suore della Carit\u00e0 di Besan\u00e7on 1826, 24 agosto Muore [&hellip;]","og_url":"https:\/\/filles-de-la-charite.org\/it\/famiglia\/santa-giovanna-antida-thouret\/","og_site_name":"Filles de la Charit\u00e9","article_modified_time":"2024-02-26T21:34:13+00:00","og_image":[{"width":418,"height":555,"url":"https:\/\/filles-de-la-charite.org\/wp-content\/uploads\/2023\/04\/image3-1-1.jpg","type":"image\/jpeg"}],"twitter_card":"summary_large_image","twitter_misc":{"Tempo di lettura stimato":"3 minuti"},"schema":{"@context":"https:\/\/schema.org","@graph":[{"@type":"WebPage","@id":"https:\/\/filles-de-la-charite.org\/it\/famiglia\/santa-giovanna-antida-thouret\/","url":"https:\/\/filles-de-la-charite.org\/it\/famiglia\/santa-giovanna-antida-thouret\/","name":"Santa Giovanna Antida Thouret - Filles de la Charit\u00e9","isPartOf":{"@id":"https:\/\/filles-de-la-charite.org\/it\/#website"},"primaryImageOfPage":{"@id":"https:\/\/filles-de-la-charite.org\/it\/famiglia\/santa-giovanna-antida-thouret\/#primaryimage"},"image":{"@id":"https:\/\/filles-de-la-charite.org\/it\/famiglia\/santa-giovanna-antida-thouret\/#primaryimage"},"thumbnailUrl":"https:\/\/filles-de-la-charite.org\/wp-content\/uploads\/2023\/04\/image3-1-1.jpg","datePublished":"2020-10-21T08:00:11+00:00","dateModified":"2024-02-26T21:34:13+00:00","breadcrumb":{"@id":"https:\/\/filles-de-la-charite.org\/it\/famiglia\/santa-giovanna-antida-thouret\/#breadcrumb"},"inLanguage":"it-IT","potentialAction":[{"@type":"ReadAction","target":["https:\/\/filles-de-la-charite.org\/it\/famiglia\/santa-giovanna-antida-thouret\/"]}]},{"@type":"ImageObject","inLanguage":"it-IT","@id":"https:\/\/filles-de-la-charite.org\/it\/famiglia\/santa-giovanna-antida-thouret\/#primaryimage","url":"https:\/\/filles-de-la-charite.org\/wp-content\/uploads\/2023\/04\/image3-1-1.jpg","contentUrl":"https:\/\/filles-de-la-charite.org\/wp-content\/uploads\/2023\/04\/image3-1-1.jpg","width":418,"height":555},{"@type":"BreadcrumbList","@id":"https:\/\/filles-de-la-charite.org\/it\/famiglia\/santa-giovanna-antida-thouret\/#breadcrumb","itemListElement":[{"@type":"ListItem","position":1,"name":"La nostra famiglia","item":"https:\/\/filles-de-la-charite.org\/it\/famiglia\/"},{"@type":"ListItem","position":2,"name":"Santa Giovanna Antida Thouret"}]},{"@type":"WebSite","@id":"https:\/\/filles-de-la-charite.org\/it\/#website","url":"https:\/\/filles-de-la-charite.org\/it\/","name":"Hijas de la Caridad","description":"L\u2019amour de J\u00e9sus nous presse \u00e0 prendre soin des personnes les plus d\u00e9munies","publisher":{"@id":"https:\/\/filles-de-la-charite.org\/it\/#organization"},"potentialAction":[{"@type":"SearchAction","target":{"@type":"EntryPoint","urlTemplate":"https:\/\/filles-de-la-charite.org\/it\/?s={search_term_string}"},"query-input":{"@type":"PropertyValueSpecification","valueRequired":true,"valueName":"search_term_string"}}],"inLanguage":"it-IT"},{"@type":"Organization","@id":"https:\/\/filles-de-la-charite.org\/it\/#organization","name":"Hijas de la Caridad","url":"https:\/\/filles-de-la-charite.org\/it\/","logo":{"@type":"ImageObject","inLanguage":"it-IT","@id":"https:\/\/filles-de-la-charite.org\/it\/#\/schema\/logo\/image\/","url":"https:\/\/filles-de-la-charite.org\/wp-content\/uploads\/2023\/03\/isotipo-Hijas-de-la-Caridad.png","contentUrl":"https:\/\/filles-de-la-charite.org\/wp-content\/uploads\/2023\/03\/isotipo-Hijas-de-la-Caridad.png","width":1417,"height":1417,"caption":"Hijas de la Caridad"},"image":{"@id":"https:\/\/filles-de-la-charite.org\/it\/#\/schema\/logo\/image\/"}}]}},"_links":{"self":[{"href":"https:\/\/filles-de-la-charite.org\/it\/wp-json\/wp\/v2\/familia\/4006","targetHints":{"allow":["GET"]}}],"collection":[{"href":"https:\/\/filles-de-la-charite.org\/it\/wp-json\/wp\/v2\/familia"}],"about":[{"href":"https:\/\/filles-de-la-charite.org\/it\/wp-json\/wp\/v2\/types\/familia"}],"wp:featuredmedia":[{"embeddable":true,"href":"https:\/\/filles-de-la-charite.org\/it\/wp-json\/wp\/v2\/media\/998"}],"wp:attachment":[{"href":"https:\/\/filles-de-la-charite.org\/it\/wp-json\/wp\/v2\/media?parent=4006"}],"wp:term":[{"taxonomy":"origen","embeddable":true,"href":"https:\/\/filles-de-la-charite.org\/it\/wp-json\/wp\/v2\/origen?post=4006"}],"curies":[{"name":"wp","href":"https:\/\/api.w.org\/{rel}","templated":true}]}}