{"id":4007,"date":"2020-10-21T14:08:09","date_gmt":"2020-10-21T12:08:09","guid":{"rendered":"https:\/\/hijascaridad.sjdigitaldemo.ovh\/familia\/suor-margherita-rutan-allospedale-di-dax\/"},"modified":"2024-02-27T20:50:58","modified_gmt":"2024-02-27T19:50:58","slug":"suor-margherita-rutan-allospedale-di-dax","status":"publish","type":"familia","link":"https:\/\/filles-de-la-charite.org\/it\/famiglia\/suor-margherita-rutan-allospedale-di-dax\/","title":{"rendered":"Suor Margherita Rutan dell&#8217;ospedale di Dax"},"content":{"rendered":"\n<ul class=\"wp-block-list\">\n<li>Ghigliottinata il&nbsp;<strong>9 aprile 1794<\/strong>&nbsp;a Dax<\/li>\n\n\n\n<li>Beatificata il&nbsp;<strong>19 giugno 2011<\/strong><\/li>\n\n\n\n<li>Memoria liturgica \u2013 il&nbsp;<strong>26<\/strong><strong>&nbsp;giugno<\/strong><\/li>\n<\/ul>\n\n\n\n<p>Suor Margherita Rutan, nata a Metz il 13 aprile 1736 entra tra le Figlie della Carit\u00e0 nel 1757. Dopo aver acquisito una grande esperienza nella cura dei malati in diversi altri ospedali, nel 1779, arriva, nell\u2019ospedale Saint-Eutrope dI Dax. In questo nuovo ospedale, appena terminato, Suor Margherita organizza il lavoro, fornisce i necessari adeguamenti, costruisce la cappella. Ma soprattutto, pone tutte le sue attenzioni ai malati, ai trovatelli. Condivise con le sei Suore della sua comunit\u00e0 gioie, pene e fatiche.<\/p>\n\n\n\n<p>La rivoluzione conduce all\u2019ospedale un nuovo direttore con nuove idee, poi un cappellano fedele alla rivoluzione. Le Suore si rifiutano di partecipare alla sua messa. Nonostante le difficolt\u00e0, continuano il loro servizio ai malati e ai soldati feriti.<\/p>\n\n\n\n<p>Come ad Angers, viene richiesto loro il giuramento rivoluzionario. Dopo una riflessione comunitaria, le Suore oppongono un netto rifiuto a questa richiesta, coscienti delle possibili conseguenze.<\/p>\n\n\n\n<p>I membri del comitato rivoluzionario che vogliono allontanare la Superiora dalle sue Suore, cercano un motivo per arrestarla. Un falso testimone permette di dire che Suor Margherita \u00e8 una ribelle, una fanatica che contesta i principi della rivoluzione, che cerca di condurre i soldati feriti a disertare e a raggiungere l\u2019armata realista della Vendea.<\/p>\n\n\n\n<p>Suor Margherita \u00e8 arrestata il 24 dicembre 1793 la vigilia di Natale. Nel silenzio della sua cella, celebra la nascita del Salvatore. Le settimane passano. Le notizie arrivano alla prigione: la ghigliottina \u00e8 installata sulla piazza di Poyanne, non lontano dalla prigione. Cinque Suore dell\u2019ospedale sono arrestate il 19 febbraio. l\u2019arresto, il 19 febbraio, di cinque Suore dell\u2019ospedale. Suor Monique rimane nell\u2019ospedale per ordine dei rivoluzionari, per continuare il servizio dei malati.<\/p>\n\n\n\n<p>Il 9 aprile, Suor Margherita Rutan \u00e8 processata e condannata a morte. L\u2019esecuzione della sentenza \u00e8 immediata. Legata schiena contro schiena al parroco Lannelongue che condivide il suo destino, Margherita, posseduta da una forza che la trascende, avanza con dignit\u00e0 fino ai piedi della ghigliottina, affidando a Maria il suo ingresso nella vita eterna.<\/p>\n\n\n\n<p>Le cinque Suore arrestate saranno liberate alla fine dell\u2019anno 1794 e tre di loro potranno riprendere il servizio presso i malati dell\u2019ospedale.<\/p>\n","protected":false},"featured_media":1033,"template":"","meta":{"_acf_changed":false,"_et_pb_use_builder":"","_et_pb_old_content":"","_et_gb_content_width":"","_links_to":"","_links_to_target":""},"origen":[],"class_list":["post-4007","familia","type-familia","status-publish","has-post-thumbnail","hentry"],"acf":[],"yoast_head":"<!-- This site is optimized with the Yoast SEO plugin v27.5 - https:\/\/yoast.com\/product\/yoast-seo-wordpress\/ -->\n<title>Suor Margherita Rutan dell&#039;ospedale di Dax - Filles de la Charit\u00e9<\/title>\n<meta name=\"robots\" content=\"index, follow, max-snippet:-1, max-image-preview:large, max-video-preview:-1\" \/>\n<link rel=\"canonical\" href=\"https:\/\/filles-de-la-charite.org\/it\/famiglia\/suor-margherita-rutan-allospedale-di-dax\/\" \/>\n<meta property=\"og:locale\" content=\"it_IT\" \/>\n<meta property=\"og:type\" content=\"article\" \/>\n<meta property=\"og:title\" content=\"Suor Margherita Rutan dell&#039;ospedale di Dax - Filles de la Charit\u00e9\" \/>\n<meta property=\"og:description\" content=\"Suor Margherita Rutan, nata a Metz il 13 aprile 1736 entra tra le Figlie della Carit\u00e0 nel 1757. Dopo aver acquisito una grande esperienza nella cura dei malati in diversi altri ospedali, nel 1779, arriva, nell\u2019ospedale Saint-Eutrope dI Dax. In questo nuovo ospedale, appena terminato, Suor Margherita organizza il lavoro, fornisce i necessari adeguamenti, costruisce [&hellip;]\" \/>\n<meta property=\"og:url\" content=\"https:\/\/filles-de-la-charite.org\/it\/famiglia\/suor-margherita-rutan-allospedale-di-dax\/\" \/>\n<meta property=\"og:site_name\" content=\"Filles de la Charit\u00e9\" \/>\n<meta property=\"article:modified_time\" content=\"2024-02-27T19:50:58+00:00\" \/>\n<meta property=\"og:image\" content=\"https:\/\/filles-de-la-charite.org\/wp-content\/uploads\/2023\/04\/M.Rutan_1-1.jpg\" \/>\n\t<meta property=\"og:image:width\" content=\"355\" \/>\n\t<meta property=\"og:image:height\" content=\"538\" \/>\n\t<meta property=\"og:image:type\" content=\"image\/jpeg\" \/>\n<meta name=\"twitter:card\" content=\"summary_large_image\" \/>\n<meta name=\"twitter:label1\" content=\"Tempo di lettura stimato\" \/>\n\t<meta name=\"twitter:data1\" content=\"2 minuti\" \/>\n<script type=\"application\/ld+json\" class=\"yoast-schema-graph\">{\"@context\":\"https:\\\/\\\/schema.org\",\"@graph\":[{\"@type\":\"WebPage\",\"@id\":\"https:\\\/\\\/filles-de-la-charite.org\\\/it\\\/famiglia\\\/suor-margherita-rutan-allospedale-di-dax\\\/\",\"url\":\"https:\\\/\\\/filles-de-la-charite.org\\\/it\\\/famiglia\\\/suor-margherita-rutan-allospedale-di-dax\\\/\",\"name\":\"Suor Margherita Rutan dell'ospedale di Dax - Filles de la Charit\u00e9\",\"isPartOf\":{\"@id\":\"https:\\\/\\\/filles-de-la-charite.org\\\/it\\\/#website\"},\"primaryImageOfPage\":{\"@id\":\"https:\\\/\\\/filles-de-la-charite.org\\\/it\\\/famiglia\\\/suor-margherita-rutan-allospedale-di-dax\\\/#primaryimage\"},\"image\":{\"@id\":\"https:\\\/\\\/filles-de-la-charite.org\\\/it\\\/famiglia\\\/suor-margherita-rutan-allospedale-di-dax\\\/#primaryimage\"},\"thumbnailUrl\":\"https:\\\/\\\/filles-de-la-charite.org\\\/wp-content\\\/uploads\\\/2023\\\/04\\\/M.Rutan_1-1.jpg\",\"datePublished\":\"2020-10-21T12:08:09+00:00\",\"dateModified\":\"2024-02-27T19:50:58+00:00\",\"breadcrumb\":{\"@id\":\"https:\\\/\\\/filles-de-la-charite.org\\\/it\\\/famiglia\\\/suor-margherita-rutan-allospedale-di-dax\\\/#breadcrumb\"},\"inLanguage\":\"it-IT\",\"potentialAction\":[{\"@type\":\"ReadAction\",\"target\":[\"https:\\\/\\\/filles-de-la-charite.org\\\/it\\\/famiglia\\\/suor-margherita-rutan-allospedale-di-dax\\\/\"]}]},{\"@type\":\"ImageObject\",\"inLanguage\":\"it-IT\",\"@id\":\"https:\\\/\\\/filles-de-la-charite.org\\\/it\\\/famiglia\\\/suor-margherita-rutan-allospedale-di-dax\\\/#primaryimage\",\"url\":\"https:\\\/\\\/filles-de-la-charite.org\\\/wp-content\\\/uploads\\\/2023\\\/04\\\/M.Rutan_1-1.jpg\",\"contentUrl\":\"https:\\\/\\\/filles-de-la-charite.org\\\/wp-content\\\/uploads\\\/2023\\\/04\\\/M.Rutan_1-1.jpg\",\"width\":355,\"height\":538},{\"@type\":\"BreadcrumbList\",\"@id\":\"https:\\\/\\\/filles-de-la-charite.org\\\/it\\\/famiglia\\\/suor-margherita-rutan-allospedale-di-dax\\\/#breadcrumb\",\"itemListElement\":[{\"@type\":\"ListItem\",\"position\":1,\"name\":\"La nostra famiglia\",\"item\":\"https:\\\/\\\/filles-de-la-charite.org\\\/it\\\/famiglia\\\/\"},{\"@type\":\"ListItem\",\"position\":2,\"name\":\"Le Beate Figlie della Carit\u00e0, martiri durante la Rivoluzione Francese\",\"item\":\"https:\\\/\\\/filles-de-la-charite.org\\\/it\\\/famiglia\\\/las-bienaventuradas-hijas-de-la-caridad-martires-durante-la-revolucion-francesa\\\/\"},{\"@type\":\"ListItem\",\"position\":3,\"name\":\"Suor Margherita Rutan dell&#8217;ospedale di Dax\"}]},{\"@type\":\"WebSite\",\"@id\":\"https:\\\/\\\/filles-de-la-charite.org\\\/it\\\/#website\",\"url\":\"https:\\\/\\\/filles-de-la-charite.org\\\/it\\\/\",\"name\":\"Hijas de la Caridad\",\"description\":\"L\u2019amour de J\u00e9sus nous presse \u00e0 prendre soin des personnes les plus d\u00e9munies\",\"publisher\":{\"@id\":\"https:\\\/\\\/filles-de-la-charite.org\\\/it\\\/#organization\"},\"potentialAction\":[{\"@type\":\"SearchAction\",\"target\":{\"@type\":\"EntryPoint\",\"urlTemplate\":\"https:\\\/\\\/filles-de-la-charite.org\\\/it\\\/?s={search_term_string}\"},\"query-input\":{\"@type\":\"PropertyValueSpecification\",\"valueRequired\":true,\"valueName\":\"search_term_string\"}}],\"inLanguage\":\"it-IT\"},{\"@type\":\"Organization\",\"@id\":\"https:\\\/\\\/filles-de-la-charite.org\\\/it\\\/#organization\",\"name\":\"Hijas de la Caridad\",\"url\":\"https:\\\/\\\/filles-de-la-charite.org\\\/it\\\/\",\"logo\":{\"@type\":\"ImageObject\",\"inLanguage\":\"it-IT\",\"@id\":\"https:\\\/\\\/filles-de-la-charite.org\\\/it\\\/#\\\/schema\\\/logo\\\/image\\\/\",\"url\":\"https:\\\/\\\/filles-de-la-charite.org\\\/wp-content\\\/uploads\\\/2023\\\/03\\\/isotipo-Hijas-de-la-Caridad.png\",\"contentUrl\":\"https:\\\/\\\/filles-de-la-charite.org\\\/wp-content\\\/uploads\\\/2023\\\/03\\\/isotipo-Hijas-de-la-Caridad.png\",\"width\":1417,\"height\":1417,\"caption\":\"Hijas de la Caridad\"},\"image\":{\"@id\":\"https:\\\/\\\/filles-de-la-charite.org\\\/it\\\/#\\\/schema\\\/logo\\\/image\\\/\"}}]}<\/script>\n<!-- \/ Yoast SEO plugin. -->","yoast_head_json":{"title":"Suor Margherita Rutan dell'ospedale di Dax - Filles de la Charit\u00e9","robots":{"index":"index","follow":"follow","max-snippet":"max-snippet:-1","max-image-preview":"max-image-preview:large","max-video-preview":"max-video-preview:-1"},"canonical":"https:\/\/filles-de-la-charite.org\/it\/famiglia\/suor-margherita-rutan-allospedale-di-dax\/","og_locale":"it_IT","og_type":"article","og_title":"Suor Margherita Rutan dell'ospedale di Dax - Filles de la Charit\u00e9","og_description":"Suor Margherita Rutan, nata a Metz il 13 aprile 1736 entra tra le Figlie della Carit\u00e0 nel 1757. Dopo aver acquisito una grande esperienza nella cura dei malati in diversi altri ospedali, nel 1779, arriva, nell\u2019ospedale Saint-Eutrope dI Dax. In questo nuovo ospedale, appena terminato, Suor Margherita organizza il lavoro, fornisce i necessari adeguamenti, costruisce [&hellip;]","og_url":"https:\/\/filles-de-la-charite.org\/it\/famiglia\/suor-margherita-rutan-allospedale-di-dax\/","og_site_name":"Filles de la Charit\u00e9","article_modified_time":"2024-02-27T19:50:58+00:00","og_image":[{"width":355,"height":538,"url":"https:\/\/filles-de-la-charite.org\/wp-content\/uploads\/2023\/04\/M.Rutan_1-1.jpg","type":"image\/jpeg"}],"twitter_card":"summary_large_image","twitter_misc":{"Tempo di lettura stimato":"2 minuti"},"schema":{"@context":"https:\/\/schema.org","@graph":[{"@type":"WebPage","@id":"https:\/\/filles-de-la-charite.org\/it\/famiglia\/suor-margherita-rutan-allospedale-di-dax\/","url":"https:\/\/filles-de-la-charite.org\/it\/famiglia\/suor-margherita-rutan-allospedale-di-dax\/","name":"Suor Margherita Rutan dell'ospedale di Dax - Filles de la Charit\u00e9","isPartOf":{"@id":"https:\/\/filles-de-la-charite.org\/it\/#website"},"primaryImageOfPage":{"@id":"https:\/\/filles-de-la-charite.org\/it\/famiglia\/suor-margherita-rutan-allospedale-di-dax\/#primaryimage"},"image":{"@id":"https:\/\/filles-de-la-charite.org\/it\/famiglia\/suor-margherita-rutan-allospedale-di-dax\/#primaryimage"},"thumbnailUrl":"https:\/\/filles-de-la-charite.org\/wp-content\/uploads\/2023\/04\/M.Rutan_1-1.jpg","datePublished":"2020-10-21T12:08:09+00:00","dateModified":"2024-02-27T19:50:58+00:00","breadcrumb":{"@id":"https:\/\/filles-de-la-charite.org\/it\/famiglia\/suor-margherita-rutan-allospedale-di-dax\/#breadcrumb"},"inLanguage":"it-IT","potentialAction":[{"@type":"ReadAction","target":["https:\/\/filles-de-la-charite.org\/it\/famiglia\/suor-margherita-rutan-allospedale-di-dax\/"]}]},{"@type":"ImageObject","inLanguage":"it-IT","@id":"https:\/\/filles-de-la-charite.org\/it\/famiglia\/suor-margherita-rutan-allospedale-di-dax\/#primaryimage","url":"https:\/\/filles-de-la-charite.org\/wp-content\/uploads\/2023\/04\/M.Rutan_1-1.jpg","contentUrl":"https:\/\/filles-de-la-charite.org\/wp-content\/uploads\/2023\/04\/M.Rutan_1-1.jpg","width":355,"height":538},{"@type":"BreadcrumbList","@id":"https:\/\/filles-de-la-charite.org\/it\/famiglia\/suor-margherita-rutan-allospedale-di-dax\/#breadcrumb","itemListElement":[{"@type":"ListItem","position":1,"name":"La nostra famiglia","item":"https:\/\/filles-de-la-charite.org\/it\/famiglia\/"},{"@type":"ListItem","position":2,"name":"Le Beate Figlie della Carit\u00e0, martiri durante la Rivoluzione Francese","item":"https:\/\/filles-de-la-charite.org\/it\/famiglia\/las-bienaventuradas-hijas-de-la-caridad-martires-durante-la-revolucion-francesa\/"},{"@type":"ListItem","position":3,"name":"Suor Margherita Rutan dell&#8217;ospedale di Dax"}]},{"@type":"WebSite","@id":"https:\/\/filles-de-la-charite.org\/it\/#website","url":"https:\/\/filles-de-la-charite.org\/it\/","name":"Hijas de la Caridad","description":"L\u2019amour de J\u00e9sus nous presse \u00e0 prendre soin des personnes les plus d\u00e9munies","publisher":{"@id":"https:\/\/filles-de-la-charite.org\/it\/#organization"},"potentialAction":[{"@type":"SearchAction","target":{"@type":"EntryPoint","urlTemplate":"https:\/\/filles-de-la-charite.org\/it\/?s={search_term_string}"},"query-input":{"@type":"PropertyValueSpecification","valueRequired":true,"valueName":"search_term_string"}}],"inLanguage":"it-IT"},{"@type":"Organization","@id":"https:\/\/filles-de-la-charite.org\/it\/#organization","name":"Hijas de la Caridad","url":"https:\/\/filles-de-la-charite.org\/it\/","logo":{"@type":"ImageObject","inLanguage":"it-IT","@id":"https:\/\/filles-de-la-charite.org\/it\/#\/schema\/logo\/image\/","url":"https:\/\/filles-de-la-charite.org\/wp-content\/uploads\/2023\/03\/isotipo-Hijas-de-la-Caridad.png","contentUrl":"https:\/\/filles-de-la-charite.org\/wp-content\/uploads\/2023\/03\/isotipo-Hijas-de-la-Caridad.png","width":1417,"height":1417,"caption":"Hijas de la Caridad"},"image":{"@id":"https:\/\/filles-de-la-charite.org\/it\/#\/schema\/logo\/image\/"}}]}},"_links":{"self":[{"href":"https:\/\/filles-de-la-charite.org\/it\/wp-json\/wp\/v2\/familia\/4007","targetHints":{"allow":["GET"]}}],"collection":[{"href":"https:\/\/filles-de-la-charite.org\/it\/wp-json\/wp\/v2\/familia"}],"about":[{"href":"https:\/\/filles-de-la-charite.org\/it\/wp-json\/wp\/v2\/types\/familia"}],"wp:featuredmedia":[{"embeddable":true,"href":"https:\/\/filles-de-la-charite.org\/it\/wp-json\/wp\/v2\/media\/1033"}],"wp:attachment":[{"href":"https:\/\/filles-de-la-charite.org\/it\/wp-json\/wp\/v2\/media?parent=4007"}],"wp:term":[{"taxonomy":"origen","embeddable":true,"href":"https:\/\/filles-de-la-charite.org\/it\/wp-json\/wp\/v2\/origen?post=4007"}],"curies":[{"name":"wp","href":"https:\/\/api.w.org\/{rel}","templated":true}]}}