{"id":4009,"date":"2020-10-21T12:19:02","date_gmt":"2020-10-21T10:19:02","guid":{"rendered":"https:\/\/hijascaridad.sjdigitaldemo.ovh\/familia\/suor-marie-anne-vaillot-e-suor-odile-baumgarten-allospedale-dangers\/"},"modified":"2024-02-27T20:45:34","modified_gmt":"2024-02-27T19:45:34","slug":"suor-marie-anne-vaillot-e-suor-odile-baumgarten-allospedale-dangers","status":"publish","type":"familia","link":"https:\/\/filles-de-la-charite.org\/it\/famiglia\/suor-marie-anne-vaillot-e-suor-odile-baumgarten-allospedale-dangers\/","title":{"rendered":"Suor Marie &#8211; Anne Vaillot e Suor Odile Baumgarten dell\u2019ospedale d\u2019Angers"},"content":{"rendered":"\n<ul class=\"wp-block-list\">\n<li>Fucilate il&nbsp;<strong>1<sup>\u00b0&nbsp;<\/sup>febbraio1794<\/strong>&nbsp;ad Angers<\/li>\n\n\n\n<li>Beatificate il&nbsp;<strong>19 febbraio 1984<\/strong>&nbsp;con 97 martiri d\u2019Angers<\/li>\n\n\n\n<li>Memoria liturgica \u2013 il &nbsp;<strong>1\u00b0 febbraio<\/strong><\/li>\n<\/ul>\n\n\n\n<p>Nel settembre 1791, le Suore dell\u2019ospedale d\u2019Angers constatano l\u2019impennata della persecuzione religiosa. Come il loro vescovo, molti sacerdoti rifiutano il giuramento richiesto. Scacciati dalla loro parrocchia, essi sono presto perseguitati. Un anno dopo, nel settembre 1792, quattrocento di loro incatenati, attraversano la citt\u00e0 d\u2019Angers. Sono condotti nella prigione!<\/p>\n\n\n\n<p>Nel 1793, i membri del Consiglio comunale si recano all\u2019ospedale per esigere dalle Suore il giuramento di Libert\u00e0-Uguaglianza. Con chiarezza, le Suore insistono sul servizio dei malati. A ciascuna \u00e8 lasciato un po\u2019 di tempo per riflettere. La Comunit\u00e0 si sforza di fare unit\u00e0. Ben presto i rivoluzionari si rendono conto che alcune Suore sono influenzate da tre di loro:<\/p>\n\n\n\n<p>Suor Antoinette Taillade, originaria di Cahors, \u00e8 la superiora della Comunit\u00e0. Ha 54 anni di et\u00e0 e 34 di vocazione. Le Suore apprezzano la sua prudente saggezza, la sua grande piet\u00e0 e la sua forza di carattere.<\/p>\n\n\n\n<p>Suor Marie-Anne Vaillot, originaria di Fontainebleau, ha 59 anni e 32 di vocazione. Con competenza, responsabilit\u00e0 e precisione gestisce l\u2019economato dell\u2019ospedale.<\/p>\n\n\n\n<p>Suor Odile Baumgarten, \u00e8 nata nel 1750 a Gondrexange in Lorena, entra tra le Figlie della Carit\u00e0 nel 1775. Si occupa della preparazione dei medicinali nella farmacia dell\u2019ospedale.<\/p>\n\n\n\n<p>Si prevede l\u2019arresto di queste tre Suore, che ha luogo la domenica 19 gennaio. Suor Antoinette Taillade, separata dalle sue due compagne, \u00e8 incarcerata ai Penitenti, Suor Marie-Anne e Suor Odile sono condotte nel monastero del Calvario. Sono impressionate dello stato di sporcizia e di miseria in cui vengono lasciati i prigionieri. In attesa della sentenza, le Suore ascoltano la sofferenza di queste madri incarcerate con i loro figli, si sforzano di alleviare il dolore e soprattutto di incoraggiare. La morte le circonda.<\/p>\n\n\n\n<p>Il 28 gennaio, le due Suore sono convocate dal tribunale rivoluzionario. Davanti alla violenza dei suoi giudici, Suor Marie-Anne non pu\u00f2 far altro che rispondere \u00abFate di me quello che vorrete\u00bb. Riconosciuta fanatica e ribelle, \u00e8 condannata: alla fucilazione. Suor Odile, dopo la lettura dell\u2019interrogatorio della sua Sorella, aggiunge \u00abLa mia coscienza non mi permette di giurare\u00bb. La sentenza fu la stessa: condanna alla fucilazione.<\/p>\n\n\n\n<p>Come gli altri detenuti, le Suore furono ricondotte nella loro cella. La mattina del 1\u00b0 febbraio, arriva in prigione un Commissario, fa l\u2019appello dei condannati, tra loro le due Suore. In un mattino freddo e umido, un lungo corteo di 200 donne, legate a due a due ad una corda centrale, si avviava dolorosamente al \u00abCampo dei martiri\u00bb.<\/p>\n\n\n\n<p>Per tre chilometri, le Suore pregano Maria di accompagnarle su questa strada. Di colpo, Suor Odile perde il Rosario che tiene sotto il vestito. Una guardia la vede, una mano appoggiata su un paracarro, chinarsi per raccoglierlo. Immediatamente, gli assesta un colpo con il calcio del fucile. Suor Odile vacilla. Suor Marie Anne la sostiene, teme che la gettino sul carro che trasportava i moribondi. La corona viene raccolta da una donna che, pi\u00f9 tardi, la consegner\u00e0 alle Suore dell\u2019ospedale.<\/p>\n\n\n\n<p>Al loro arrivo al Campo dei Martiri, alcuni prigionieri scoprono la presenza delle Suore e commossi chiedono per loro la grazia. Con loro stupore, il comandante del plotone d\u2019esecuzione s\u2019avanza e propone alle due Suore di essere risparmiate dicendo che hanno prestato giuramento. Fieramente Suor Marie Anne risponde: \u00abCittadino, non soltanto non vogliamo fare questo giuramento, ma neppure vogliamo che si creda che lo abbiamo fatto\u00bb.<\/p>\n\n\n\n<p>Allora si elev\u00f2 un canto! \u00abMaria, pongo la mia fiducia nel tuo soccorso\u00bb. I soldati puntano i fucili, i corpi stramazzano al suolo. Una fossa li accoglie. Un grande silenzio e la pace di Dio scende su questo campo di gloria.<\/p>\n\n\n\n<p>All\u2019ospedale, gli amministratori continuano a molestare le Suore. Ognuna prende la sua decisione, in piena libert\u00e0. Dieci Suore prestano il giuramento di Libert\u00e0-Uguaglianza per rimanere presso i malati. Le altre 17, avendo rifiutato, sono arrestate l\u201911 marzo e ritrovano in prigione Suor Antoinette Taillade. Qualche settimana pi\u00f9 tardi, in compagnia di altre religiose, sono condotte fino a Lorient per essere deportate nelle Cayenne. Per lunghi giorni rimangono in attesa. Il comandante dell\u2019Arsenal, dove sono incarcerate le Suore, vede le cure apportate ai marinai malati da queste Suore. Rifiuta che siano imbarcate sulla nave. Le Suore potranno ritornare nell\u2019ospedale di Angers verso il 1804.<\/p>\n","protected":false},"featured_media":1026,"template":"","meta":{"_acf_changed":false,"_et_pb_use_builder":"","_et_pb_old_content":"","_et_gb_content_width":"","_links_to":"","_links_to_target":""},"origen":[],"class_list":["post-4009","familia","type-familia","status-publish","has-post-thumbnail","hentry"],"acf":[],"yoast_head":"<!-- This site is optimized with the Yoast SEO plugin v27.5 - https:\/\/yoast.com\/product\/yoast-seo-wordpress\/ -->\n<title>Suor Marie - Anne Vaillot e Suor Odile Baumgarten dell\u2019ospedale d\u2019Angers - Filles de la Charit\u00e9<\/title>\n<meta name=\"robots\" content=\"index, follow, max-snippet:-1, max-image-preview:large, max-video-preview:-1\" \/>\n<link rel=\"canonical\" href=\"https:\/\/filles-de-la-charite.org\/it\/famiglia\/suor-marie-anne-vaillot-e-suor-odile-baumgarten-allospedale-dangers\/\" \/>\n<meta property=\"og:locale\" content=\"it_IT\" \/>\n<meta property=\"og:type\" content=\"article\" \/>\n<meta property=\"og:title\" content=\"Suor Marie - Anne Vaillot e Suor Odile Baumgarten dell\u2019ospedale d\u2019Angers - Filles de la Charit\u00e9\" \/>\n<meta property=\"og:description\" content=\"Nel settembre 1791, le Suore dell\u2019ospedale d\u2019Angers constatano l\u2019impennata della persecuzione religiosa. Come il loro vescovo, molti sacerdoti rifiutano il giuramento richiesto. Scacciati dalla loro parrocchia, essi sono presto perseguitati. Un anno dopo, nel settembre 1792, quattrocento di loro incatenati, attraversano la citt\u00e0 d\u2019Angers. Sono condotti nella prigione! Nel 1793, i membri del Consiglio comunale [&hellip;]\" \/>\n<meta property=\"og:url\" content=\"https:\/\/filles-de-la-charite.org\/it\/famiglia\/suor-marie-anne-vaillot-e-suor-odile-baumgarten-allospedale-dangers\/\" \/>\n<meta property=\"og:site_name\" content=\"Filles de la Charit\u00e9\" \/>\n<meta property=\"article:modified_time\" content=\"2024-02-27T19:45:34+00:00\" \/>\n<meta property=\"og:image\" content=\"https:\/\/filles-de-la-charite.org\/wp-content\/uploads\/2023\/04\/Angers-005_jpg-1.jpg\" \/>\n\t<meta property=\"og:image:width\" content=\"640\" \/>\n\t<meta property=\"og:image:height\" content=\"471\" \/>\n\t<meta property=\"og:image:type\" content=\"image\/jpeg\" \/>\n<meta name=\"twitter:card\" content=\"summary_large_image\" \/>\n<meta name=\"twitter:label1\" content=\"Tempo di lettura stimato\" \/>\n\t<meta name=\"twitter:data1\" content=\"4 minuti\" \/>\n<script type=\"application\/ld+json\" class=\"yoast-schema-graph\">{\"@context\":\"https:\\\/\\\/schema.org\",\"@graph\":[{\"@type\":\"WebPage\",\"@id\":\"https:\\\/\\\/filles-de-la-charite.org\\\/it\\\/famiglia\\\/suor-marie-anne-vaillot-e-suor-odile-baumgarten-allospedale-dangers\\\/\",\"url\":\"https:\\\/\\\/filles-de-la-charite.org\\\/it\\\/famiglia\\\/suor-marie-anne-vaillot-e-suor-odile-baumgarten-allospedale-dangers\\\/\",\"name\":\"Suor Marie - Anne Vaillot e Suor Odile Baumgarten dell\u2019ospedale d\u2019Angers - Filles de la Charit\u00e9\",\"isPartOf\":{\"@id\":\"https:\\\/\\\/filles-de-la-charite.org\\\/it\\\/#website\"},\"primaryImageOfPage\":{\"@id\":\"https:\\\/\\\/filles-de-la-charite.org\\\/it\\\/famiglia\\\/suor-marie-anne-vaillot-e-suor-odile-baumgarten-allospedale-dangers\\\/#primaryimage\"},\"image\":{\"@id\":\"https:\\\/\\\/filles-de-la-charite.org\\\/it\\\/famiglia\\\/suor-marie-anne-vaillot-e-suor-odile-baumgarten-allospedale-dangers\\\/#primaryimage\"},\"thumbnailUrl\":\"https:\\\/\\\/filles-de-la-charite.org\\\/wp-content\\\/uploads\\\/2023\\\/04\\\/Angers-005_jpg-1.jpg\",\"datePublished\":\"2020-10-21T10:19:02+00:00\",\"dateModified\":\"2024-02-27T19:45:34+00:00\",\"breadcrumb\":{\"@id\":\"https:\\\/\\\/filles-de-la-charite.org\\\/it\\\/famiglia\\\/suor-marie-anne-vaillot-e-suor-odile-baumgarten-allospedale-dangers\\\/#breadcrumb\"},\"inLanguage\":\"it-IT\",\"potentialAction\":[{\"@type\":\"ReadAction\",\"target\":[\"https:\\\/\\\/filles-de-la-charite.org\\\/it\\\/famiglia\\\/suor-marie-anne-vaillot-e-suor-odile-baumgarten-allospedale-dangers\\\/\"]}]},{\"@type\":\"ImageObject\",\"inLanguage\":\"it-IT\",\"@id\":\"https:\\\/\\\/filles-de-la-charite.org\\\/it\\\/famiglia\\\/suor-marie-anne-vaillot-e-suor-odile-baumgarten-allospedale-dangers\\\/#primaryimage\",\"url\":\"https:\\\/\\\/filles-de-la-charite.org\\\/wp-content\\\/uploads\\\/2023\\\/04\\\/Angers-005_jpg-1.jpg\",\"contentUrl\":\"https:\\\/\\\/filles-de-la-charite.org\\\/wp-content\\\/uploads\\\/2023\\\/04\\\/Angers-005_jpg-1.jpg\",\"width\":640,\"height\":471},{\"@type\":\"BreadcrumbList\",\"@id\":\"https:\\\/\\\/filles-de-la-charite.org\\\/it\\\/famiglia\\\/suor-marie-anne-vaillot-e-suor-odile-baumgarten-allospedale-dangers\\\/#breadcrumb\",\"itemListElement\":[{\"@type\":\"ListItem\",\"position\":1,\"name\":\"La nostra famiglia\",\"item\":\"https:\\\/\\\/filles-de-la-charite.org\\\/it\\\/famiglia\\\/\"},{\"@type\":\"ListItem\",\"position\":2,\"name\":\"Le Beate Figlie della Carit\u00e0, martiri durante la Rivoluzione Francese\",\"item\":\"https:\\\/\\\/filles-de-la-charite.org\\\/it\\\/famiglia\\\/las-bienaventuradas-hijas-de-la-caridad-martires-durante-la-revolucion-francesa\\\/\"},{\"@type\":\"ListItem\",\"position\":3,\"name\":\"Suor Marie &#8211; Anne Vaillot e Suor Odile Baumgarten dell\u2019ospedale d\u2019Angers\"}]},{\"@type\":\"WebSite\",\"@id\":\"https:\\\/\\\/filles-de-la-charite.org\\\/it\\\/#website\",\"url\":\"https:\\\/\\\/filles-de-la-charite.org\\\/it\\\/\",\"name\":\"Hijas de la Caridad\",\"description\":\"L\u2019amour de J\u00e9sus nous presse \u00e0 prendre soin des personnes les plus d\u00e9munies\",\"publisher\":{\"@id\":\"https:\\\/\\\/filles-de-la-charite.org\\\/it\\\/#organization\"},\"potentialAction\":[{\"@type\":\"SearchAction\",\"target\":{\"@type\":\"EntryPoint\",\"urlTemplate\":\"https:\\\/\\\/filles-de-la-charite.org\\\/it\\\/?s={search_term_string}\"},\"query-input\":{\"@type\":\"PropertyValueSpecification\",\"valueRequired\":true,\"valueName\":\"search_term_string\"}}],\"inLanguage\":\"it-IT\"},{\"@type\":\"Organization\",\"@id\":\"https:\\\/\\\/filles-de-la-charite.org\\\/it\\\/#organization\",\"name\":\"Hijas de la Caridad\",\"url\":\"https:\\\/\\\/filles-de-la-charite.org\\\/it\\\/\",\"logo\":{\"@type\":\"ImageObject\",\"inLanguage\":\"it-IT\",\"@id\":\"https:\\\/\\\/filles-de-la-charite.org\\\/it\\\/#\\\/schema\\\/logo\\\/image\\\/\",\"url\":\"https:\\\/\\\/filles-de-la-charite.org\\\/wp-content\\\/uploads\\\/2023\\\/03\\\/isotipo-Hijas-de-la-Caridad.png\",\"contentUrl\":\"https:\\\/\\\/filles-de-la-charite.org\\\/wp-content\\\/uploads\\\/2023\\\/03\\\/isotipo-Hijas-de-la-Caridad.png\",\"width\":1417,\"height\":1417,\"caption\":\"Hijas de la Caridad\"},\"image\":{\"@id\":\"https:\\\/\\\/filles-de-la-charite.org\\\/it\\\/#\\\/schema\\\/logo\\\/image\\\/\"}}]}<\/script>\n<!-- \/ Yoast SEO plugin. -->","yoast_head_json":{"title":"Suor Marie - Anne Vaillot e Suor Odile Baumgarten dell\u2019ospedale d\u2019Angers - Filles de la Charit\u00e9","robots":{"index":"index","follow":"follow","max-snippet":"max-snippet:-1","max-image-preview":"max-image-preview:large","max-video-preview":"max-video-preview:-1"},"canonical":"https:\/\/filles-de-la-charite.org\/it\/famiglia\/suor-marie-anne-vaillot-e-suor-odile-baumgarten-allospedale-dangers\/","og_locale":"it_IT","og_type":"article","og_title":"Suor Marie - Anne Vaillot e Suor Odile Baumgarten dell\u2019ospedale d\u2019Angers - Filles de la Charit\u00e9","og_description":"Nel settembre 1791, le Suore dell\u2019ospedale d\u2019Angers constatano l\u2019impennata della persecuzione religiosa. Come il loro vescovo, molti sacerdoti rifiutano il giuramento richiesto. Scacciati dalla loro parrocchia, essi sono presto perseguitati. Un anno dopo, nel settembre 1792, quattrocento di loro incatenati, attraversano la citt\u00e0 d\u2019Angers. Sono condotti nella prigione! Nel 1793, i membri del Consiglio comunale [&hellip;]","og_url":"https:\/\/filles-de-la-charite.org\/it\/famiglia\/suor-marie-anne-vaillot-e-suor-odile-baumgarten-allospedale-dangers\/","og_site_name":"Filles de la Charit\u00e9","article_modified_time":"2024-02-27T19:45:34+00:00","og_image":[{"width":640,"height":471,"url":"https:\/\/filles-de-la-charite.org\/wp-content\/uploads\/2023\/04\/Angers-005_jpg-1.jpg","type":"image\/jpeg"}],"twitter_card":"summary_large_image","twitter_misc":{"Tempo di lettura stimato":"4 minuti"},"schema":{"@context":"https:\/\/schema.org","@graph":[{"@type":"WebPage","@id":"https:\/\/filles-de-la-charite.org\/it\/famiglia\/suor-marie-anne-vaillot-e-suor-odile-baumgarten-allospedale-dangers\/","url":"https:\/\/filles-de-la-charite.org\/it\/famiglia\/suor-marie-anne-vaillot-e-suor-odile-baumgarten-allospedale-dangers\/","name":"Suor Marie - Anne Vaillot e Suor Odile Baumgarten dell\u2019ospedale d\u2019Angers - Filles de la Charit\u00e9","isPartOf":{"@id":"https:\/\/filles-de-la-charite.org\/it\/#website"},"primaryImageOfPage":{"@id":"https:\/\/filles-de-la-charite.org\/it\/famiglia\/suor-marie-anne-vaillot-e-suor-odile-baumgarten-allospedale-dangers\/#primaryimage"},"image":{"@id":"https:\/\/filles-de-la-charite.org\/it\/famiglia\/suor-marie-anne-vaillot-e-suor-odile-baumgarten-allospedale-dangers\/#primaryimage"},"thumbnailUrl":"https:\/\/filles-de-la-charite.org\/wp-content\/uploads\/2023\/04\/Angers-005_jpg-1.jpg","datePublished":"2020-10-21T10:19:02+00:00","dateModified":"2024-02-27T19:45:34+00:00","breadcrumb":{"@id":"https:\/\/filles-de-la-charite.org\/it\/famiglia\/suor-marie-anne-vaillot-e-suor-odile-baumgarten-allospedale-dangers\/#breadcrumb"},"inLanguage":"it-IT","potentialAction":[{"@type":"ReadAction","target":["https:\/\/filles-de-la-charite.org\/it\/famiglia\/suor-marie-anne-vaillot-e-suor-odile-baumgarten-allospedale-dangers\/"]}]},{"@type":"ImageObject","inLanguage":"it-IT","@id":"https:\/\/filles-de-la-charite.org\/it\/famiglia\/suor-marie-anne-vaillot-e-suor-odile-baumgarten-allospedale-dangers\/#primaryimage","url":"https:\/\/filles-de-la-charite.org\/wp-content\/uploads\/2023\/04\/Angers-005_jpg-1.jpg","contentUrl":"https:\/\/filles-de-la-charite.org\/wp-content\/uploads\/2023\/04\/Angers-005_jpg-1.jpg","width":640,"height":471},{"@type":"BreadcrumbList","@id":"https:\/\/filles-de-la-charite.org\/it\/famiglia\/suor-marie-anne-vaillot-e-suor-odile-baumgarten-allospedale-dangers\/#breadcrumb","itemListElement":[{"@type":"ListItem","position":1,"name":"La nostra famiglia","item":"https:\/\/filles-de-la-charite.org\/it\/famiglia\/"},{"@type":"ListItem","position":2,"name":"Le Beate Figlie della Carit\u00e0, martiri durante la Rivoluzione Francese","item":"https:\/\/filles-de-la-charite.org\/it\/famiglia\/las-bienaventuradas-hijas-de-la-caridad-martires-durante-la-revolucion-francesa\/"},{"@type":"ListItem","position":3,"name":"Suor Marie &#8211; Anne Vaillot e Suor Odile Baumgarten dell\u2019ospedale d\u2019Angers"}]},{"@type":"WebSite","@id":"https:\/\/filles-de-la-charite.org\/it\/#website","url":"https:\/\/filles-de-la-charite.org\/it\/","name":"Hijas de la Caridad","description":"L\u2019amour de J\u00e9sus nous presse \u00e0 prendre soin des personnes les plus d\u00e9munies","publisher":{"@id":"https:\/\/filles-de-la-charite.org\/it\/#organization"},"potentialAction":[{"@type":"SearchAction","target":{"@type":"EntryPoint","urlTemplate":"https:\/\/filles-de-la-charite.org\/it\/?s={search_term_string}"},"query-input":{"@type":"PropertyValueSpecification","valueRequired":true,"valueName":"search_term_string"}}],"inLanguage":"it-IT"},{"@type":"Organization","@id":"https:\/\/filles-de-la-charite.org\/it\/#organization","name":"Hijas de la Caridad","url":"https:\/\/filles-de-la-charite.org\/it\/","logo":{"@type":"ImageObject","inLanguage":"it-IT","@id":"https:\/\/filles-de-la-charite.org\/it\/#\/schema\/logo\/image\/","url":"https:\/\/filles-de-la-charite.org\/wp-content\/uploads\/2023\/03\/isotipo-Hijas-de-la-Caridad.png","contentUrl":"https:\/\/filles-de-la-charite.org\/wp-content\/uploads\/2023\/03\/isotipo-Hijas-de-la-Caridad.png","width":1417,"height":1417,"caption":"Hijas de la Caridad"},"image":{"@id":"https:\/\/filles-de-la-charite.org\/it\/#\/schema\/logo\/image\/"}}]}},"_links":{"self":[{"href":"https:\/\/filles-de-la-charite.org\/it\/wp-json\/wp\/v2\/familia\/4009","targetHints":{"allow":["GET"]}}],"collection":[{"href":"https:\/\/filles-de-la-charite.org\/it\/wp-json\/wp\/v2\/familia"}],"about":[{"href":"https:\/\/filles-de-la-charite.org\/it\/wp-json\/wp\/v2\/types\/familia"}],"wp:featuredmedia":[{"embeddable":true,"href":"https:\/\/filles-de-la-charite.org\/it\/wp-json\/wp\/v2\/media\/1026"}],"wp:attachment":[{"href":"https:\/\/filles-de-la-charite.org\/it\/wp-json\/wp\/v2\/media?parent=4009"}],"wp:term":[{"taxonomy":"origen","embeddable":true,"href":"https:\/\/filles-de-la-charite.org\/it\/wp-json\/wp\/v2\/origen?post=4009"}],"curies":[{"name":"wp","href":"https:\/\/api.w.org\/{rel}","templated":true}]}}