{"id":3461,"date":"2023-03-20T12:04:54","date_gmt":"2023-03-20T11:04:54","guid":{"rendered":"https:\/\/hijascaridad.sjdigitaldemo.ovh\/figlie-della-carita\/"},"modified":"2025-07-27T11:22:51","modified_gmt":"2025-07-27T09:22:51","slug":"figlie-della-carita","status":"publish","type":"page","link":"https:\/\/filles-de-la-charite.org\/it\/","title":{"rendered":"Figlie della Carit\u00e0"},"content":{"rendered":"<p><div class=\"et_d4_element et_pb_section et_pb_section_0 et_pb_section_video et_pb_preload et_pb_with_background  et_pb_css_mix_blend_mode et_section_regular et_block_section\" >\n\t\t\t\t\n\t\t\t\t\n\t\t\t\t<span class=\"et_pb_section_video_bg et_pb_section_video_bg_desktop_tablet  et_pb_allow_player_pause\">\n\t\t\t\t\t\n\t\t\t<video loop=\"loop\" autoplay playsinline muted  width=\"0\" height=\"100\">\n\t\t\t\t<source type=\"video\/mp4\" src=\"https:\/\/filles-de-la-charite.org\/wp-content\/uploads\/2023\/04\/TestHJ.mp4\" \/>\n\t\t\t\t<source type=\"video\/webm\" src=\"https:\/\/filles-de-la-charite.org\/wp-content\/uploads\/2023\/04\/TestHijasCaridad.webm\" \/>\n\t\t\t<\/video>\n\t\t\t\t<\/span>\n\t\t\t\t\n\t\t\t\t\n\t\t\t\t\n\t\t\t\t<div class=\"et_d4_element et_pb_row et_pb_row_0 et_pb_equal_columns  et_pb_css_mix_blend_mode et_block_row\">\n\t\t\t\t<div class=\"et_d4_element et_pb_column_4_4 et_pb_column et_pb_column_0  et_pb_css_mix_blend_mode et-last-child et_block_column\">\n\t\t\t\t\n\t\t\t\t\n\t\t\t\t\n\t\t\t\t\n\t\t\t\t<div class=\"et_pb_module et_d4_element et_pb_image et_pb_image_0\">\n\t\t\t\t\n\t\t\t\t\n\t\t\t\t\n\t\t\t\t\n\t\t\t\t<span class=\"et_pb_image_wrap \"><img loading=\"lazy\" decoding=\"async\" width=\"2835\" height=\"1417\" src=\"https:\/\/filles-de-la-charite.org\/wp-content\/uploads\/2023\/05\/logo-Figlie-della-Carita_hor.png\" alt=\"\" title=\"logo Figlie della Carit\u00e0_horz\" srcset=\"https:\/\/filles-de-la-charite.org\/wp-content\/uploads\/2023\/05\/logo-Figlie-della-Carita_hor.png 2835w, https:\/\/filles-de-la-charite.org\/wp-content\/uploads\/2023\/05\/logo-Figlie-della-Carita_hor-1280x640.png 1280w, https:\/\/filles-de-la-charite.org\/wp-content\/uploads\/2023\/05\/logo-Figlie-della-Carita_hor-980x490.png 980w, https:\/\/filles-de-la-charite.org\/wp-content\/uploads\/2023\/05\/logo-Figlie-della-Carita_hor-480x240.png 480w\" sizes=\"(min-width: 0px) and (max-width: 480px) 480px, (min-width: 481px) and (max-width: 980px) 980px, (min-width: 981px) and (max-width: 1280px) 1280px, (min-width: 1281px) 2835px, 100vw\" class=\"wp-image-373\" \/><\/span>\n\t\t\t<\/div><div class=\"et_pb_module et_d4_element et_pb_text et_pb_text_0  et_pb_text_align_center et_pb_bg_layout_light\">\n\t\t\t\t\n\t\t\t\t\n\t\t\t\t\n\t\t\t\t\n\t\t\t\t<div class=\"et_pb_text_inner\" data-et-multi-view=\"{&quot;schema&quot;:{&quot;content&quot;:{&quot;desktop&quot;:&quot;&lt;h2&gt;L\\u2019amore di Ges\\u00f9 ci sollecita a prenderci cura delle persone pi\\u00f9 bisognose\\u00a0&lt;\\\/h2&gt;&quot;,&quot;tablet&quot;:&quot;&lt;h2&gt;L&#039;amore di Ges\\u00f9 ci sollecita&lt;br \\\/&gt;a prenderci cura dei pi\\u00f9 bisognosi&lt;\\\/h2&gt;&quot;,&quot;phone&quot;:&quot;&lt;h2&gt;L&#039;amore di Ges\\u00f9 ci sollecita a prenderci cura dei pi\\u00f9 bisognosi&lt;\\\/h2&gt;&quot;},&quot;target&quot;:&quot;&quot;,&quot;hover_selector&quot;:&quot;&quot;},&quot;slug&quot;:&quot;et_pb_text&quot;}\" data-et-multi-view-load-tablet-hidden=\"true\" data-et-multi-view-load-phone-hidden=\"true\"><h2>L\u2019amore di Ges\u00f9 ci sollecita a prenderci cura delle persone pi\u00f9 bisognose\u00a0<\/h2><\/div>\n\t\t\t<\/div><div class=\"et_pb_module et_d4_element et_pb_text et_pb_text_1 et_animated  et_pb_text_align_center et_pb_bg_layout_light\">\n\t\t\t\t\n\t\t\t\t\n\t\t\t\t\n\t\t\t\t\n\t\t\t\t<div class=\"et_pb_text_inner\"><p><span>Figlie della Carit\u00e0, siamo serve delle persone povere e vulnerabili, impegnate a promuovere l\u2019amore e la giustizia nel mondo.<\/span><\/p><\/div>\n\t\t\t<\/div><div class=\"et_pb_button_module_wrapper et_pb_button_0_wrapper et_pb_button_alignment_center et_pb_module \">\n\t\t\t\t<a class=\"et_pb_button et_d4_element et_pb_button_0 et_animated et_pb_bg_layout_light et_block_module\" href=\"https:\/\/filles-de-la-charite.org\/it\/siamo\/\">Conoscerci<\/a>\n\t\t\t<\/div>\n\t\t\t<\/div>\n\t\t\t\t\n\t\t\t\t\n\t\t\t\t\n\t\t\t\t\n\t\t\t<\/div>\n\t\t\t\t\n\t\t\t\t\n\t\t\t<\/div><div class=\"et_d4_element et_pb_section et_pb_section_1 et_pb_with_background  et_pb_css_mix_blend_mode et_section_regular et_block_section\" >\n\t\t\t\t\n\t\t\t\t\n\t\t\t\t\n\t\t\t\t\n\t\t\t\t\n\t\t\t\t\n\t\t\t\t<div class=\"et_d4_element et_pb_row et_pb_row_1 et_pb_equal_columns et_pb_gutters1  et_pb_css_mix_blend_mode et_block_row\">\n\t\t\t\t<div class=\"et_d4_element et_pb_column_1_4 et_pb_column et_pb_column_1 et_animated et_clickable  et_pb_css_mix_blend_mode et_block_column\">\n\t\t\t\t\n\t\t\t\t\n\t\t\t\t\n\t\t\t\t\n\t\t\t\t<div class=\"et_pb_module et_d4_element et_pb_text et_pb_text_2  et_pb_text_align_center et_pb_bg_layout_light\">\n\t\t\t\t\n\t\t\t\t\n\t\t\t\t\n\t\t\t\t\n\t\t\t\t<div class=\"et_pb_text_inner\"><p>Dal 1633<\/p><\/div>\n\t\t\t<\/div><div class=\"et_pb_module et_d4_element et_pb_text et_pb_text_3  et_pb_text_align_center et_pb_bg_layout_light\">\n\t\t\t\t\n\t\t\t\t\n\t\t\t\t\n\t\t\t\t\n\t\t\t\t<div class=\"et_pb_text_inner\"><p>FARE MEMORIA<\/p><\/div>\n\t\t\t<\/div>\n\t\t\t<\/div><div class=\"et_d4_element et_pb_column_1_4 et_pb_column et_pb_column_2 et_animated et_clickable  et_pb_css_mix_blend_mode et_block_column\">\n\t\t\t\t\n\t\t\t\t\n\t\t\t\t\n\t\t\t\t\n\t\t\t\t<div class=\"et_pb_module et_d4_element et_pb_text et_pb_text_4  et_pb_text_align_center et_pb_bg_layout_light\">\n\t\t\t\t\n\t\t\t\t\n\t\t\t\t\n\t\t\t\t\n\t\t\t\t<div class=\"et_pb_text_inner\"><p>serviamo<\/p><\/div>\n\t\t\t<\/div><div class=\"et_pb_module et_d4_element et_pb_text et_pb_text_5  et_pb_text_align_center et_pb_bg_layout_light\">\n\t\t\t\t\n\t\t\t\t\n\t\t\t\t\n\t\t\t\t\n\t\t\t\t<div class=\"et_pb_text_inner\"><p>AGIRE<\/p><\/div>\n\t\t\t<\/div>\n\t\t\t<\/div><div class=\"et_d4_element et_pb_column_1_4 et_pb_column et_pb_column_3 et_animated et_clickable  et_pb_css_mix_blend_mode et_block_column\">\n\t\t\t\t\n\t\t\t\t\n\t\t\t\t\n\t\t\t\t\n\t\t\t\t<div class=\"et_pb_module et_d4_element et_pb_text et_pb_text_6  et_pb_text_align_center et_pb_bg_layout_light\">\n\t\t\t\t\n\t\t\t\t\n\t\t\t\t\n\t\t\t\t\n\t\t\t\t\n\t\t\t<\/div><div class=\"et_pb_module et_d4_element et_pb_text et_pb_text_7  et_pb_text_align_center et_pb_bg_layout_light\">\n\t\t\t\t\n\t\t\t\t\n\t\t\t\t\n\t\t\t\t\n\t\t\t\t<div class=\"et_pb_text_inner\"><p>con passione<\/p><\/div>\n\t\t\t<\/div><div class=\"et_pb_module et_d4_element et_pb_text et_pb_text_8  et_pb_text_align_center et_pb_bg_layout_light\">\n\t\t\t\t\n\t\t\t\t\n\t\t\t\t\n\t\t\t\t\n\t\t\t\t<div class=\"et_pb_text_inner\"><p>ESSERE<\/p><\/div>\n\t\t\t<\/div>\n\t\t\t<\/div><div class=\"et_d4_element et_pb_column_1_4 et_pb_column et_pb_column_4 et_animated et_clickable  et_pb_css_mix_blend_mode et-last-child et_block_column\">\n\t\t\t\t\n\t\t\t\t\n\t\t\t\t\n\t\t\t\t\n\t\t\t\t<div class=\"et_pb_module et_d4_element et_pb_text et_pb_text_9  et_pb_text_align_center et_pb_bg_layout_light\">\n\t\t\t\t\n\t\t\t\t\n\t\t\t\t\n\t\t\t\t\n\t\t\t\t<div class=\"et_pb_text_inner\"><p>nel mondo<\/p><\/div>\n\t\t\t<\/div><div class=\"et_pb_module et_d4_element et_pb_text et_pb_text_10  et_pb_text_align_center et_pb_bg_layout_light\">\n\t\t\t\t\n\t\t\t\t\n\t\t\t\t\n\t\t\t\t\n\t\t\t\t<div class=\"et_pb_text_inner\"><p>INCONTRARE<\/p><\/div>\n\t\t\t<\/div>\n\t\t\t<\/div>\n\t\t\t\t\n\t\t\t\t\n\t\t\t\t\n\t\t\t\t\n\t\t\t<\/div>\n\t\t\t\t\n\t\t\t\t\n\t\t\t<\/div><div class=\"et_d4_element et_pb_section et_pb_section_2 et_pb_with_background  et_pb_css_mix_blend_mode et_section_regular et_block_section\" >\n\t\t\t\t\n\t\t\t\t\n\t\t\t\t\n\t\t\t\t\n\t\t\t\t\n\t\t\t\t\n\t\t\t\t<div class=\"et_d4_element et_pb_row et_pb_row_2  et_pb_css_mix_blend_mode et_block_row\">\n\t\t\t\t<div class=\"et_d4_element et_pb_column_4_4 et_pb_column et_pb_column_5  et_pb_css_mix_blend_mode et-last-child et_block_column\">\n\t\t\t\t\n\t\t\t\t\n\t\t\t\t\n\t\t\t\t\n\t\t\t\t<div class=\"et_pb_module et_d4_element et_pb_text et_pb_text_11 et_animated  et_pb_text_align_left et_pb_bg_layout_light\">\n\t\t\t\t\n\t\t\t\t\n\t\t\t\t\n\t\t\t\t\n\t\t\t\t<div class=\"et_pb_text_inner\"><h2>Attualit\u00e0<\/h2><\/div>\n\t\t\t<\/div><div class=\"et_pb_module et_d4_element et_pb_divider et_pb_divider_0 et_animated et_pb_divider_position_center et_pb_space\"><div class=\"et_pb_divider_internal\"><\/div><\/div>\n\t\t\t<\/div>\n\t\t\t\t\n\t\t\t\t\n\t\t\t\t\n\t\t\t\t\n\t\t\t<\/div><div class=\"et_d4_element et_pb_row et_pb_row_3  et_pb_css_mix_blend_mode et_block_row\">\n\t\t\t\t<div class=\"et_d4_element et_pb_column_4_4 et_pb_column et_pb_column_6  et_pb_css_mix_blend_mode et-last-child et_block_column\">\n\t\t\t\t\n\t\t\t\t\n\t\t\t\t\n\t\t\t\t\n\t\t\t\t<div class=\"et_pb_with_border et_pb_module et_d4_element et_pb_blog_0 et_animated  et_pb_css_mix_blend_mode et_pb_blog_grid_wrapper et_pb_bg_layout_light\">\n\t\t\t\t\t<div class=\"et_pb_blog_grid clearfix \">\n\t\t\t\t\t\n\t\t\t\t\t\n\t\t\t\t\t\n\t\t\t\t\t\n\t\t\t\t\t<div class=\"et_pb_ajax_pagination_container\">\n\t\t\t\t\t\t<div class=\"et_pb_salvattore_content\" data-columns>\n\t\t\t<article id=\"post-49526\" class=\"et_pb_post clearfix et_pb_blog_item_0_0 post-49526 post type-post status-publish format-standard has-post-thumbnail hentry category-internazionale\">\n\n\t\t\t\t<div class=\"et_pb_image_container\"><a href=\"https:\/\/filles-de-la-charite.org\/it\/decreto-sobre-la-heroicidad-de-las-virtudes-de-sor-samulowska\/\" class=\"entry-featured-image-url\"><img loading=\"lazy\" decoding=\"async\" src=\"https:\/\/filles-de-la-charite.org\/wp-content\/uploads\/2026\/04\/Diseno-sin-titulo-17-6-400x250.png\" alt=\"Decreto sulle Virt\u00f9 Eroiche di Suor Samulowska\" class=\"\" srcset=\"https:\/\/filles-de-la-charite.org\/wp-content\/uploads\/2026\/04\/Diseno-sin-titulo-17-6.png 479w, https:\/\/filles-de-la-charite.org\/wp-content\/uploads\/2026\/04\/Diseno-sin-titulo-17-6-400x250.png 480w \" sizes=\"(max-width:479px) 479px, 100vw \"  width=\"400\" height=\"250\" \/><\/a><\/div>\n\t\t\t\t\t\t\t\t\t\t\t\t\t\t<h2 class=\"entry-title\">\n\t\t\t\t\t\t\t\t\t\t\t\t\t<a href=\"https:\/\/filles-de-la-charite.org\/it\/decreto-sobre-la-heroicidad-de-las-virtudes-de-sor-samulowska\/\">Decreto sulle Virt\u00f9 Eroiche di Suor Samulowska<\/a>\n\t\t\t\t\t\t\t\t\t\t\t<\/h2>\n\t\t\t\t\n\t\t\t\t\t<p class=\"post-meta\"><span class=\"published\">Apr 12, 2026<\/span> | <a href=\"https:\/\/filles-de-la-charite.org\/it\/category\/internazionale\/\" rel=\"tag\">Internazionale<\/a><\/p><div class=\"post-content\"><div class=\"post-content-inner\"><p>Il 23 marzo 2026 si \u00e8 conclusa la fase pi\u00f9 importante della causa della Serva di Dio, Suor Stanis\u0142awa Barbara Samulowska. In riconoscimento delle virt\u00f9 da lei praticate in modo eroico, il Santo Padre Leone XIV ha concesso il permesso di chiamare VENERABILE Suor Barbara Stanis\u0142awa Samulowska, Figlia della Carit\u00e0 di San Vincenzo de\u2019 Paoli. [&hellip;]<\/p>\n<\/div><\/div>\t\t\t\n\t\t\t<\/article>\n\t\t\t\t\n\t\t\t<article id=\"post-49483\" class=\"et_pb_post clearfix et_pb_blog_item_0_1 post-49483 post type-post status-publish format-standard has-post-thumbnail hentry category-chelmno-poznan-polonia-it category-cracovia-it category-provincia-de-eslovaquia-it\">\n\n\t\t\t\t<div class=\"et_pb_image_container\"><a href=\"https:\/\/filles-de-la-charite.org\/it\/bajo-la-proteccion-del-sagrado-corazon\/\" class=\"entry-featured-image-url\"><img loading=\"lazy\" decoding=\"async\" src=\"https:\/\/filles-de-la-charite.org\/wp-content\/uploads\/2026\/04\/IMG-20250211-WA0026-1-400x250.jpg\" alt=\"Sotto la Protezione del Sacro Cuore\" class=\"\" srcset=\"https:\/\/filles-de-la-charite.org\/wp-content\/uploads\/2026\/04\/IMG-20250211-WA0026-1.jpg 479w, https:\/\/filles-de-la-charite.org\/wp-content\/uploads\/2026\/04\/IMG-20250211-WA0026-1-400x250.jpg 480w \" sizes=\"(max-width:479px) 479px, 100vw \"  width=\"400\" height=\"250\" \/><\/a><\/div>\n\t\t\t\t\t\t\t\t\t\t\t\t\t\t<h2 class=\"entry-title\">\n\t\t\t\t\t\t\t\t\t\t\t\t\t<a href=\"https:\/\/filles-de-la-charite.org\/it\/bajo-la-proteccion-del-sagrado-corazon\/\">Sotto la Protezione del Sacro Cuore<\/a>\n\t\t\t\t\t\t\t\t\t\t\t<\/h2>\n\t\t\t\t\n\t\t\t\t\t<p class=\"post-meta\"><span class=\"published\">Apr 10, 2026<\/span> | <a href=\"https:\/\/filles-de-la-charite.org\/it\/category\/chelmno-poznan-polonia-it\/\" rel=\"tag\">Chelmno-Poznan - Pol\u00f4nia<\/a>, <a href=\"https:\/\/filles-de-la-charite.org\/it\/category\/cracovia-it\/\" rel=\"tag\">Cracovia<\/a>, <a href=\"https:\/\/filles-de-la-charite.org\/it\/category\/provincia-de-eslovaquia-it\/\" rel=\"tag\">Provincia di Slovacchia<\/a><\/p><div class=\"post-content\"><div class=\"post-content-inner\"><p>Nel 2026, la Chiesa cattolica romana in Ucraina si riunisce attorno al mistero del Sacro Cuore di Ges\u00f9 per contemplare il Suo amore, riparare i peccati e implorare il dono della pace e del rinnovamento spirituale per la nostra patria. Ogni parrocchia ha ricevuto un&#8217;immagine del Sacro Cuore di Ges\u00f9, che le famiglie accolgono nelle [&hellip;]<\/p>\n<\/div><\/div>\t\t\t\n\t\t\t<\/article>\n\t\t\t\t\n\t\t\t<article id=\"post-49302\" class=\"et_pb_post clearfix et_pb_blog_item_0_2 post-49302 post type-post status-publish format-standard has-post-thumbnail hentry category-internazionale\">\n\n\t\t\t\t<div class=\"et_pb_image_container\"><a href=\"https:\/\/filles-de-la-charite.org\/it\/comunicar-la-mision-en-el-continente-digital\/\" class=\"entry-featured-image-url\"><img loading=\"lazy\" decoding=\"async\" src=\"https:\/\/filles-de-la-charite.org\/wp-content\/uploads\/2026\/03\/athree23-study-3698155_1920-400x250.jpg\" alt=\"Comunicare la missione nel continente digitale\" class=\"\" srcset=\"https:\/\/filles-de-la-charite.org\/wp-content\/uploads\/2026\/03\/athree23-study-3698155_1920.jpg 479w, https:\/\/filles-de-la-charite.org\/wp-content\/uploads\/2026\/03\/athree23-study-3698155_1920-400x250.jpg 480w \" sizes=\"(max-width:479px) 479px, 100vw \"  width=\"400\" height=\"250\" \/><\/a><\/div>\n\t\t\t\t\t\t\t\t\t\t\t\t\t\t<h2 class=\"entry-title\">\n\t\t\t\t\t\t\t\t\t\t\t\t\t<a href=\"https:\/\/filles-de-la-charite.org\/it\/comunicar-la-mision-en-el-continente-digital\/\">Comunicare la missione nel continente digitale<\/a>\n\t\t\t\t\t\t\t\t\t\t\t<\/h2>\n\t\t\t\t\n\t\t\t\t\t<p class=\"post-meta\"><span class=\"published\">Mar 29, 2026<\/span> | <a href=\"https:\/\/filles-de-la-charite.org\/it\/category\/internazionale\/\" rel=\"tag\">Internazionale<\/a><\/p><div class=\"post-content\"><div class=\"post-content-inner\"><p>Dal 7 febbraio al 30 maggio 2026, la Compagnia delle Figlie della Carit\u00e0 propone un percorso di formazione destinato alle Suore chiamate ad assumere, nelle rispettive Province, la missione di animare la presenza della Compagnia sui social network. L\u2019iniziativa nasce dalla consapevolezza che l\u2019ambiente digitale \u00e8 oggi uno spazio importante di incontro, di condivisione e [&hellip;]<\/p>\n<\/div><\/div>\t\t\t\n\t\t\t<\/article>\n\t\t\t\t<\/div>\n\t\t\t\t\t<\/div>\n\t\t\t\t\t<\/div> \n\t\t\t\t<\/div><div class=\"et_pb_button_module_wrapper et_pb_button_1_wrapper et_pb_button_alignment_right et_pb_module \">\n\t\t\t\t<a class=\"et_pb_button et_d4_element et_pb_button_1 et_pb_bg_layout_light et_block_module\" href=\"https:\/\/filles-de-la-charite.org\/it\/notizie\/\">vedi altro<\/a>\n\t\t\t<\/div>\n\t\t\t<\/div>\n\t\t\t\t\n\t\t\t\t\n\t\t\t\t\n\t\t\t\t\n\t\t\t<\/div>\n\t\t\t\t\n\t\t\t\t\n\t\t\t<\/div><div class=\"et_d4_element et_pb_section et_pb_section_3  et_pb_css_mix_blend_mode et_section_regular et_block_section\" >\n\t\t\t\t\n\t\t\t\t\n\t\t\t\t\n\t\t\t\t\n\t\t\t\t\n\t\t\t\t\n\t\t\t\t<div class=\"et_d4_element et_pb_row et_pb_row_4  et_pb_css_mix_blend_mode et_block_row\">\n\t\t\t\t<div class=\"et_d4_element et_pb_column_1_2 et_pb_column et_pb_column_7  et_pb_css_mix_blend_mode et_block_column\">\n\t\t\t\t\n\t\t\t\t\n\t\t\t\t\n\t\t\t\t\n\t\t\t\t<div class=\"et_pb_module et_d4_element et_pb_text et_pb_text_12 et_animated  et_pb_text_align_left et_pb_bg_layout_light\">\n\t\t\t\t\n\t\t\t\t\n\t\t\t\t\n\t\t\t\t\n\t\t\t\t<div class=\"et_pb_text_inner\"><h2>Donne appassionate<br \/>per amare e servire...<\/h2><\/div>\n\t\t\t<\/div><div class=\"et_pb_module et_d4_element et_pb_text et_pb_text_13 et_animated  et_pb_text_align_left et_pb_bg_layout_light\">\n\t\t\t\t\n\t\t\t\t\n\t\t\t\t\n\t\t\t\t\n\t\t\t\t<div class=\"et_pb_text_inner\"><p>chiamate da Dio per condurre, secondo il Vangelo, una vita in comunione, attraverso la preghiera e il servizio.<\/p><\/div>\n\t\t\t<\/div><div class=\"et_pb_module et_d4_element et_pb_divider et_pb_divider_1 et_animated et_pb_divider_position_center et_pb_space\"><div class=\"et_pb_divider_internal\"><\/div><\/div><div class=\"et_pb_module et_d4_element et_pb_text et_pb_text_14 et_animated  et_pb_text_align_left et_pb_bg_layout_light\">\n\t\t\t\t\n\t\t\t\t\n\t\t\t\t\n\t\t\t\t\n\t\t\t\t<div class=\"et_pb_text_inner\"><p>Il Cristo \u00e8 la sorgente del nostro amore e del nostro dinamismo. Egli ci sollecita a metterci al servizio dei nostri fratelli e sorelle in situazione di precariet\u00e0. Scegliamo uno stile di vita sobrio, semplice, in comunit\u00e0. Ci sosteniamo a vicenda e condividiamo le nostre esperienze di vita e di fede.<\/p>\n<p>Trasmettiamo a coloro che soffrono la gioia e la speranza che noi stesse abbiamo ricevuto da Dio e cerchiamo, insieme a loro, di scoprire i segni della sua presenza nella loro vita. Maria \u00e8 la nostra maestra di vita spirituale e il nostro modello di serva. Sul suo esempio, ci sforziamo di essere umili, fraterne e comprensive nei confronti delle persone che incontriamo e serviamo.<\/p><\/div>\n\t\t\t<\/div>\n\t\t\t<\/div><div class=\"et_d4_element et_pb_column_1_2 et_pb_column et_pb_column_8  et_pb_css_mix_blend_mode et-last-child et_block_column\">\n\t\t\t\t\n\t\t\t\t\n\t\t\t\t\n\t\t\t\t\n\t\t\t\t<div class=\"et_pb_module et_d4_element et_pb_image et_pb_image_1 et_animated et-waypoint\">\n\t\t\t\t\n\t\t\t\t\n\t\t\t\t\n\t\t\t\t\n\t\t\t\t<span class=\"et_pb_image_wrap \"><img loading=\"lazy\" decoding=\"async\" width=\"2560\" height=\"1707\" src=\"https:\/\/filles-de-la-charite.org\/wp-content\/uploads\/2023\/03\/elfran-1603925576629-cathopic-1-scaled.jpg\" alt=\"\" title=\"elfran-1603925576629-cathopic (1)\" srcset=\"https:\/\/filles-de-la-charite.org\/wp-content\/uploads\/2023\/03\/elfran-1603925576629-cathopic-1-scaled.jpg 2560w, https:\/\/filles-de-la-charite.org\/wp-content\/uploads\/2023\/03\/elfran-1603925576629-cathopic-1-1280x854.jpg 1280w, https:\/\/filles-de-la-charite.org\/wp-content\/uploads\/2023\/03\/elfran-1603925576629-cathopic-1-980x653.jpg 980w, https:\/\/filles-de-la-charite.org\/wp-content\/uploads\/2023\/03\/elfran-1603925576629-cathopic-1-480x320.jpg 480w\" sizes=\"(min-width: 0px) and (max-width: 480px) 480px, (min-width: 481px) and (max-width: 980px) 980px, (min-width: 981px) and (max-width: 1280px) 1280px, (min-width: 1281px) 2560px, 100vw\" class=\"wp-image-45\" \/><\/span>\n\t\t\t<\/div>\n\t\t\t<\/div>\n\t\t\t\t\n\t\t\t\t\n\t\t\t\t\n\t\t\t\t\n\t\t\t<\/div>\n\t\t\t\t\n\t\t\t\t\n\t\t\t<\/div><div class=\"et_d4_element et_pb_section et_pb_section_4  et_pb_css_mix_blend_mode et_section_regular et_block_section\" >\n\t\t\t\t\n\t\t\t\t\n\t\t\t\t\n\t\t\t\t\n\t\t\t\t\n\t\t\t\t\n\t\t\t\t<div class=\"et_d4_element et_pb_row et_pb_row_5 et_pb_equal_columns  et_pb_css_mix_blend_mode et_block_row\">\n\t\t\t\t<div class=\"et_d4_element et_pb_column_1_3 et_pb_column et_pb_column_9 et_clickable  et_pb_css_mix_blend_mode et_block_column\">\n\t\t\t\t\n\t\t\t\t\n\t\t\t\t\n\t\t\t\t\n\t\t\t\t<div class=\"et_pb_module et_d4_element et_pb_text et_pb_text_15  et_pb_text_align_center et_pb_bg_layout_light\">\n\t\t\t\t\n\t\t\t\t\n\t\t\t\t\n\t\t\t\t\n\t\t\t\t<div class=\"et_pb_text_inner\"><p>Spiritualit\u00e0<\/p><\/div>\n\t\t\t<\/div>\n\t\t\t<\/div><div class=\"et_d4_element et_pb_column_1_3 et_pb_column et_pb_column_10 et_clickable  et_pb_css_mix_blend_mode et_block_column\">\n\t\t\t\t\n\t\t\t\t\n\t\t\t\t\n\t\t\t\t\n\t\t\t\t<div class=\"et_pb_module et_d4_element et_pb_text et_pb_text_16  et_pb_text_align_center et_pb_bg_layout_light\">\n\t\t\t\t\n\t\t\t\t\n\t\t\t\t\n\t\t\t\t\n\t\t\t\t<div class=\"et_pb_text_inner\"><p>Servizio<\/p><\/div>\n\t\t\t<\/div>\n\t\t\t<\/div><div class=\"et_d4_element et_pb_column_1_3 et_pb_column et_pb_column_11 et_clickable  et_pb_css_mix_blend_mode et-last-child et_block_column\">\n\t\t\t\t\n\t\t\t\t\n\t\t\t\t\n\t\t\t\t\n\t\t\t\t<div class=\"et_pb_module et_d4_element et_pb_text et_pb_text_17  et_pb_text_align_center et_pb_bg_layout_light\">\n\t\t\t\t\n\t\t\t\t\n\t\t\t\t\n\t\t\t\t\n\t\t\t\t<div class=\"et_pb_text_inner\"><p>Ispirazione<\/p><\/div>\n\t\t\t<\/div>\n\t\t\t<\/div>\n\t\t\t\t\n\t\t\t\t\n\t\t\t\t\n\t\t\t\t\n\t\t\t<\/div><div class=\"et_d4_element et_pb_row et_pb_row_6 et_pb_equal_columns  et_pb_css_mix_blend_mode et_block_row\">\n\t\t\t\t<div class=\"et_d4_element et_pb_column_1_3 et_pb_column et_pb_column_12 et_clickable  et_pb_css_mix_blend_mode et_block_column\">\n\t\t\t\t\n\t\t\t\t\n\t\t\t\t\n\t\t\t\t\n\t\t\t\t<div class=\"et_pb_module et_d4_element et_pb_text et_pb_text_18  et_pb_text_align_center et_pb_bg_layout_light\">\n\t\t\t\t\n\t\t\t\t\n\t\t\t\t\n\t\t\t\t\n\t\t\t\t<div class=\"et_pb_text_inner\"><p>Vita<\/p><\/div>\n\t\t\t<\/div>\n\t\t\t<\/div><div class=\"et_d4_element et_pb_column_1_3 et_pb_column et_pb_column_13 et_clickable  et_pb_css_mix_blend_mode et_block_column\">\n\t\t\t\t\n\t\t\t\t\n\t\t\t\t\n\t\t\t\t\n\t\t\t\t<div class=\"et_pb_module et_d4_element et_pb_text et_pb_text_19  et_pb_text_align_center et_pb_bg_layout_light\">\n\t\t\t\t\n\t\t\t\t\n\t\t\t\t\n\t\t\t\t\n\t\t\t\t<div class=\"et_pb_text_inner\"><p>Preghiera<\/p><\/div>\n\t\t\t<\/div>\n\t\t\t<\/div><div class=\"et_d4_element et_pb_column_1_3 et_pb_column et_pb_column_14 et_clickable  et_pb_css_mix_blend_mode et-last-child et_block_column\">\n\t\t\t\t\n\t\t\t\t\n\t\t\t\t\n\t\t\t\t\n\t\t\t\t<div class=\"et_pb_module et_d4_element et_pb_text et_pb_text_20  et_pb_text_align_center et_pb_bg_layout_light\">\n\t\t\t\t\n\t\t\t\t\n\t\t\t\t\n\t\t\t\t\n\t\t\t\t<div class=\"et_pb_text_inner\"><p>Eventi<\/p><\/div>\n\t\t\t<\/div>\n\t\t\t<\/div>\n\t\t\t\t\n\t\t\t\t\n\t\t\t\t\n\t\t\t\t\n\t\t\t<\/div>\n\t\t\t\t\n\t\t\t\t\n\t\t\t<\/div><div class=\"et_d4_element et_pb_section et_pb_section_5 et_pb_section_parallax et_pb_with_background  et_pb_css_mix_blend_mode et_section_regular et_block_section\" >\n\t\t\t\t\n\t\t\t\t<span class=\"et_parallax_bg_wrap et-pb-parallax-wrapper\"><span\n\t\t\t\t\t\tclass=\"et_parallax_bg et_parallax_bg--et_pb_section_5\"\n\t\t\t\t\t\tstyle=\"background-image: url(https:\/\/filles-de-la-charite.org\/wp-content\/uploads\/2023\/03\/travel-landscape-13.png);\"\n\t\t\t\t\t><\/span><\/span>\n\t\t\t\t\n\t\t\t\t\n\t\t\t\t\n\t\t\t\t\n\t\t\t\t<div class=\"et_d4_element et_pb_row et_pb_row_7 et_pb_row_fullwidth et_pb_gutters1  et_pb_css_mix_blend_mode et_block_row\">\n\t\t\t\t<div class=\"et_d4_element et_pb_column_4_4 et_pb_column et_pb_column_15  et_pb_css_mix_blend_mode et-last-child et_block_column\">\n\t\t\t\t\n\t\t\t\t\n\t\t\t\t\n\t\t\t\t\n\t\t\t\t<div class=\"et_pb_module et_d4_element et_pb_text et_pb_text_21 et_animated  et_pb_text_align_left et_pb_bg_layout_light\">\n\t\t\t\t\n\t\t\t\t\n\t\t\t\t\n\t\t\t\t\n\t\t\t\t<div class=\"et_pb_text_inner\"><h3>Che cosa aspetti?<\/h3><\/div>\n\t\t\t<\/div><div class=\"et_pb_button_module_wrapper et_pb_button_2_wrapper et_pb_button_alignment_center et_pb_module \">\n\t\t\t\t<a class=\"et_pb_button et_d4_element et_pb_button_2 et_hover_enabled et_pb_bg_layout_light et_block_module\" href=\"https:\/\/filles-de-la-charite.org\/it\/in-collaborazione-con\/\" data-icon=\"$\">VIENI Partecipa alla missione<\/a>\n\t\t\t<\/div><div class=\"et_pb_module et_d4_element et_pb_image et_pb_image_2 et_pb_image_sticky\">\n\t\t\t\t\n\t\t\t\t\n\t\t\t\t\n\t\t\t\t\n\t\t\t\t<span class=\"et_pb_image_wrap \"><img loading=\"lazy\" decoding=\"async\" width=\"1920\" height=\"631\" src=\"https:\/\/filles-de-la-charite.org\/wp-content\/uploads\/2023\/05\/unete-1.png\" alt=\"\" title=\"unire-1\" srcset=\"https:\/\/filles-de-la-charite.org\/wp-content\/uploads\/2023\/05\/unete-1.png 1920w, https:\/\/filles-de-la-charite.org\/wp-content\/uploads\/2023\/05\/unete-1-1280x421.png 1280w, https:\/\/filles-de-la-charite.org\/wp-content\/uploads\/2023\/05\/unete-1-980x322.png 980w, https:\/\/filles-de-la-charite.org\/wp-content\/uploads\/2023\/05\/unete-1-480x158.png 480w\" sizes=\"(min-width: 0px) and (max-width: 480px) 480px, (min-width: 481px) and (max-width: 980px) 980px, (min-width: 981px) and (max-width: 1280px) 1280px, (min-width: 1281px) 1920px, 100vw\" class=\"wp-image-2918\" \/><\/span>\n\t\t\t<\/div>\n\t\t\t<\/div>\n\t\t\t\t\n\t\t\t\t\n\t\t\t\t\n\t\t\t\t\n\t\t\t<\/div>\n\t\t\t\t\n\t\t\t\t\n\t\t\t<\/div><\/p>\n","protected":false},"excerpt":{"rendered":"","protected":false},"author":1,"featured_media":0,"parent":0,"menu_order":0,"comment_status":"closed","ping_status":"closed","template":"","meta":{"_acf_changed":false,"_et_pb_use_builder":"on","_et_pb_old_content":"","_et_gb_content_width":"","footnotes":"","_links_to":"","_links_to_target":""},"class_list":["post-3461","page","type-page","status-publish","hentry"],"acf":[],"yoast_head":"<!-- This site is optimized with the Yoast SEO plugin v27.5 - https:\/\/yoast.com\/product\/yoast-seo-wordpress\/ -->\n<title>Figlie della Carit\u00e0 - Filles de la Charit\u00e9<\/title>\n<meta name=\"robots\" content=\"index, follow, max-snippet:-1, max-image-preview:large, max-video-preview:-1\" \/>\n<link rel=\"canonical\" href=\"https:\/\/filles-de-la-charite.org\/it\/\" \/>\n<meta property=\"og:locale\" content=\"it_IT\" \/>\n<meta property=\"og:type\" content=\"article\" \/>\n<meta property=\"og:title\" content=\"Figlie della Carit\u00e0 - Filles de la Charit\u00e9\" \/>\n<meta property=\"og:url\" content=\"https:\/\/filles-de-la-charite.org\/it\/\" \/>\n<meta property=\"og:site_name\" content=\"Filles de la Charit\u00e9\" \/>\n<meta property=\"article:modified_time\" content=\"2025-07-27T09:22:51+00:00\" \/>\n<meta name=\"twitter:card\" content=\"summary_large_image\" \/>\n<meta name=\"twitter:label1\" content=\"Tempo di lettura stimato\" \/>\n\t<meta name=\"twitter:data1\" content=\"17 minuti\" \/>\n<script type=\"application\/ld+json\" class=\"yoast-schema-graph\">{\"@context\":\"https:\\\/\\\/schema.org\",\"@graph\":[{\"@type\":\"WebPage\",\"@id\":\"https:\\\/\\\/filles-de-la-charite.org\\\/it\\\/\",\"url\":\"https:\\\/\\\/filles-de-la-charite.org\\\/it\\\/\",\"name\":\"Figlie della Carit\u00e0 - Filles de la Charit\u00e9\",\"isPartOf\":{\"@id\":\"https:\\\/\\\/filles-de-la-charite.org\\\/it\\\/#website\"},\"datePublished\":\"2023-03-20T11:04:54+00:00\",\"dateModified\":\"2025-07-27T09:22:51+00:00\",\"inLanguage\":\"it-IT\",\"potentialAction\":[{\"@type\":\"ReadAction\",\"target\":[\"https:\\\/\\\/filles-de-la-charite.org\\\/it\\\/\"]}]},{\"@type\":\"WebSite\",\"@id\":\"https:\\\/\\\/filles-de-la-charite.org\\\/it\\\/#website\",\"url\":\"https:\\\/\\\/filles-de-la-charite.org\\\/it\\\/\",\"name\":\"Hijas de la Caridad\",\"description\":\"L\u2019amour de J\u00e9sus nous presse \u00e0 prendre soin des personnes les plus d\u00e9munies\",\"publisher\":{\"@id\":\"https:\\\/\\\/filles-de-la-charite.org\\\/it\\\/#organization\"},\"potentialAction\":[{\"@type\":\"SearchAction\",\"target\":{\"@type\":\"EntryPoint\",\"urlTemplate\":\"https:\\\/\\\/filles-de-la-charite.org\\\/it\\\/?s={search_term_string}\"},\"query-input\":{\"@type\":\"PropertyValueSpecification\",\"valueRequired\":true,\"valueName\":\"search_term_string\"}}],\"inLanguage\":\"it-IT\"},{\"@type\":\"Organization\",\"@id\":\"https:\\\/\\\/filles-de-la-charite.org\\\/it\\\/#organization\",\"name\":\"Hijas de la Caridad\",\"url\":\"https:\\\/\\\/filles-de-la-charite.org\\\/it\\\/\",\"logo\":{\"@type\":\"ImageObject\",\"inLanguage\":\"it-IT\",\"@id\":\"https:\\\/\\\/filles-de-la-charite.org\\\/it\\\/#\\\/schema\\\/logo\\\/image\\\/\",\"url\":\"https:\\\/\\\/filles-de-la-charite.org\\\/wp-content\\\/uploads\\\/2023\\\/03\\\/isotipo-Hijas-de-la-Caridad.png\",\"contentUrl\":\"https:\\\/\\\/filles-de-la-charite.org\\\/wp-content\\\/uploads\\\/2023\\\/03\\\/isotipo-Hijas-de-la-Caridad.png\",\"width\":1417,\"height\":1417,\"caption\":\"Hijas de la Caridad\"},\"image\":{\"@id\":\"https:\\\/\\\/filles-de-la-charite.org\\\/it\\\/#\\\/schema\\\/logo\\\/image\\\/\"}}]}<\/script>\n<!-- \/ Yoast SEO plugin. -->","yoast_head_json":{"title":"Figlie della Carit\u00e0 - Filles de la Charit\u00e9","robots":{"index":"index","follow":"follow","max-snippet":"max-snippet:-1","max-image-preview":"max-image-preview:large","max-video-preview":"max-video-preview:-1"},"canonical":"https:\/\/filles-de-la-charite.org\/it\/","og_locale":"it_IT","og_type":"article","og_title":"Figlie della Carit\u00e0 - Filles de la Charit\u00e9","og_url":"https:\/\/filles-de-la-charite.org\/it\/","og_site_name":"Filles de la Charit\u00e9","article_modified_time":"2025-07-27T09:22:51+00:00","twitter_card":"summary_large_image","twitter_misc":{"Tempo di lettura stimato":"17 minuti"},"schema":{"@context":"https:\/\/schema.org","@graph":[{"@type":"WebPage","@id":"https:\/\/filles-de-la-charite.org\/it\/","url":"https:\/\/filles-de-la-charite.org\/it\/","name":"Figlie della Carit\u00e0 - Filles de la Charit\u00e9","isPartOf":{"@id":"https:\/\/filles-de-la-charite.org\/it\/#website"},"datePublished":"2023-03-20T11:04:54+00:00","dateModified":"2025-07-27T09:22:51+00:00","inLanguage":"it-IT","potentialAction":[{"@type":"ReadAction","target":["https:\/\/filles-de-la-charite.org\/it\/"]}]},{"@type":"WebSite","@id":"https:\/\/filles-de-la-charite.org\/it\/#website","url":"https:\/\/filles-de-la-charite.org\/it\/","name":"Hijas de la Caridad","description":"L\u2019amour de J\u00e9sus nous presse \u00e0 prendre soin des personnes les plus d\u00e9munies","publisher":{"@id":"https:\/\/filles-de-la-charite.org\/it\/#organization"},"potentialAction":[{"@type":"SearchAction","target":{"@type":"EntryPoint","urlTemplate":"https:\/\/filles-de-la-charite.org\/it\/?s={search_term_string}"},"query-input":{"@type":"PropertyValueSpecification","valueRequired":true,"valueName":"search_term_string"}}],"inLanguage":"it-IT"},{"@type":"Organization","@id":"https:\/\/filles-de-la-charite.org\/it\/#organization","name":"Hijas de la Caridad","url":"https:\/\/filles-de-la-charite.org\/it\/","logo":{"@type":"ImageObject","inLanguage":"it-IT","@id":"https:\/\/filles-de-la-charite.org\/it\/#\/schema\/logo\/image\/","url":"https:\/\/filles-de-la-charite.org\/wp-content\/uploads\/2023\/03\/isotipo-Hijas-de-la-Caridad.png","contentUrl":"https:\/\/filles-de-la-charite.org\/wp-content\/uploads\/2023\/03\/isotipo-Hijas-de-la-Caridad.png","width":1417,"height":1417,"caption":"Hijas de la Caridad"},"image":{"@id":"https:\/\/filles-de-la-charite.org\/it\/#\/schema\/logo\/image\/"}}]}},"_links":{"self":[{"href":"https:\/\/filles-de-la-charite.org\/it\/wp-json\/wp\/v2\/pages\/3461","targetHints":{"allow":["GET"]}}],"collection":[{"href":"https:\/\/filles-de-la-charite.org\/it\/wp-json\/wp\/v2\/pages"}],"about":[{"href":"https:\/\/filles-de-la-charite.org\/it\/wp-json\/wp\/v2\/types\/page"}],"author":[{"embeddable":true,"href":"https:\/\/filles-de-la-charite.org\/it\/wp-json\/wp\/v2\/users\/1"}],"replies":[{"embeddable":true,"href":"https:\/\/filles-de-la-charite.org\/it\/wp-json\/wp\/v2\/comments?post=3461"}],"version-history":[{"count":64,"href":"https:\/\/filles-de-la-charite.org\/it\/wp-json\/wp\/v2\/pages\/3461\/revisions"}],"predecessor-version":[{"id":44751,"href":"https:\/\/filles-de-la-charite.org\/it\/wp-json\/wp\/v2\/pages\/3461\/revisions\/44751"}],"wp:attachment":[{"href":"https:\/\/filles-de-la-charite.org\/it\/wp-json\/wp\/v2\/media?parent=3461"}],"curies":[{"name":"wp","href":"https:\/\/api.w.org\/{rel}","templated":true}]}}