{"id":3462,"date":"2023-03-21T14:03:14","date_gmt":"2023-03-21T13:03:14","guid":{"rendered":"https:\/\/hijascaridad.sjdigitaldemo.ovh\/notizie\/"},"modified":"2026-05-19T08:59:18","modified_gmt":"2026-05-19T06:59:18","slug":"notizie","status":"publish","type":"page","link":"https:\/\/filles-de-la-charite.org\/it\/notizie\/","title":{"rendered":"News"},"content":{"rendered":"<div class=\"et_pb_section_0 et_pb_section et_section_regular et_block_section\">\n<div class=\"et_pb_row_0 et_pb_row et_block_row preset--module--divi-row--default\">\n<div class=\"et_pb_column_0 et_pb_column et_pb_column_4_4 et-last-child et_block_column et_pb_css_mix_blend_mode_passthrough\">\n<div class=\"et_pb_text_0 et_pb_text et_pb_bg_layout_light et_animated et_pb_module et_block_module\"><div class=\"et_pb_text_inner\"><h1>News<\/h1>\n<\/div><\/div>\n\n<div class=\"et_pb_divider_0 et_pb_divider et_pb_space et_pb_divider_position_center et_animated et_pb_module\"><div class=\"et_pb_divider_internal\"><\/div><\/div>\n<\/div>\n<\/div>\n\n<div class=\"et_pb_row_1 et_pb_row et_block_row preset--module--divi-row--default\">\n<div class=\"et_pb_column_1 et_pb_column et_pb_column_4_4 et-last-child et_block_column et_pb_css_mix_blend_mode_passthrough\">\n<div class=\"et_pb_blog_0 et_pb_blog et_pb_bg_layout_light et_pb_posts et_animated et_pb_module\"><div class=\"et_pb_ajax_pagination_container\"><div class=\"et_pb_posts et_grid_module\"><article class=\"et_pb_post et_pb_post_id_53395 clearfix et_pb_blog_item_0_0 post-53395 post type-post status-publish format-standard has-post-thumbnail hentry category-indonesia-it-2\"><div class=\"et_pb_image_container\"><a href=\"https:\/\/filles-de-la-charite.org\/it\/visita-de-la-superiora-general-a-indonesia\/\" class=\"entry-featured-image-url\"><img loading=\"lazy\" decoding=\"async\" src=\"https:\/\/filles-de-la-charite.org\/wp-content\/uploads\/2026\/08\/Thumbnail-web.jpeg\" width=\"400\" height=\"284\" alt=\"Visita della Superiora generale in Indonesia\" class=\"\" srcset=\"https:\/\/filles-de-la-charite.org\/wp-content\/uploads\/2026\/08\/Thumbnail-web.jpeg 479w, https:\/\/filles-de-la-charite.org\/wp-content\/uploads\/2026\/08\/Thumbnail-web-400x284.jpeg 480w\" sizes=\"(max-width:479px) 479px, 100vw\" \/><span data-icon=\"\ue050\" class=\"et_overlay et_pb_inline_icon\"><\/span><\/a><\/div><h2 class=\"entry-title\"><a href=\"https:\/\/filles-de-la-charite.org\/it\/visita-de-la-superiora-general-a-indonesia\/\">Visita della Superiora generale in Indonesia<\/a><\/h2><p class=\"post-meta\"><span class=\"published\">Ago 23, 2026<\/span> | <span class=\"entry-categories\"><a href=\"https:\/\/filles-de-la-charite.org\/it\/category\/indonesia-it-2\/\" rel=\"tag\">Indonesia<\/a><\/span><\/p><div class=\"post-content\"><div class=\"post-content-inner\"><p>Suor Fran\u00e7oise Petit, Superiora generale, accompagnata da Suor Anna Wiwiek, Consigliera generale, ha visitato la Provincia dell&#8217;Indonesia dall&#8217;1 al 10 agosto 2026. Siamo profondamente grate per questa visita. Ci ha dato nuova forza e ci ha rinnovate. Come sappiamo,&#8230;<\/p>\n<\/div><\/div><\/article><article class=\"et_pb_post et_pb_post_id_53276 clearfix et_pb_blog_item_0_1 post-53276 post type-post status-publish format-standard has-post-thumbnail hentry category-ecuador-it\"><div class=\"et_pb_image_container\"><a href=\"https:\/\/filles-de-la-charite.org\/it\/artesanas-de-paz-y-esperanza\/\" class=\"entry-featured-image-url\"><img loading=\"lazy\" decoding=\"async\" src=\"https:\/\/filles-de-la-charite.org\/wp-content\/uploads\/2026\/08\/WhatsApp-Image-2026-08-18-at-20.32.12-6.jpeg\" width=\"400\" height=\"284\" alt=\"ARTIGIANE DI PACE E DI SPERANZA\" class=\"\" srcset=\"https:\/\/filles-de-la-charite.org\/wp-content\/uploads\/2026\/08\/WhatsApp-Image-2026-08-18-at-20.32.12-6.jpeg 479w, https:\/\/filles-de-la-charite.org\/wp-content\/uploads\/2026\/08\/WhatsApp-Image-2026-08-18-at-20.32.12-6-400x284.jpeg 480w\" sizes=\"(max-width:479px) 479px, 100vw\" \/><span data-icon=\"\ue050\" class=\"et_overlay et_pb_inline_icon\"><\/span><\/a><\/div><h2 class=\"entry-title\"><a href=\"https:\/\/filles-de-la-charite.org\/it\/artesanas-de-paz-y-esperanza\/\">ARTIGIANE DI PACE E DI SPERANZA<\/a><\/h2><p class=\"post-meta\"><span class=\"published\">Ago 19, 2026<\/span> | <span class=\"entry-categories\"><a href=\"https:\/\/filles-de-la-charite.org\/it\/category\/ecuador-it\/\" rel=\"tag\">Ecuador<\/a><\/span><\/p><div class=\"post-content\"><div class=\"post-content-inner\"><p>La Provincia dell\u2019Ecuador ha vissuto un tempo di grazia con la visita della Superiora generale e della Consigliera generale Dal 29 giugno al 6 luglio, la Provincia dell\u2019Ecuador ha avuto la gioia di accogliere la nostra Superiora generale, Suor Fran\u00e7oise Petit,&#8230;<\/p>\n<\/div><\/div><\/article><article class=\"et_pb_post et_pb_post_id_53174 clearfix et_pb_blog_item_0_2 post-53174 post type-post status-publish format-standard has-post-thumbnail hentry category-eritrea\"><div class=\"et_pb_image_container\"><a href=\"https:\/\/filles-de-la-charite.org\/it\/el-hermoso-arbol-pequeno-pero-fuerte\/\" class=\"entry-featured-image-url\"><img loading=\"lazy\" decoding=\"async\" src=\"https:\/\/filles-de-la-charite.org\/wp-content\/uploads\/2026\/08\/WhatsApp-Image-2026-08-10-at-16.29.05-11.jpeg\" width=\"400\" height=\"284\" alt=\"IL BELLISSIMO ALBERO, PICCOLO MA FORTE\u00a0\" class=\"\" srcset=\"https:\/\/filles-de-la-charite.org\/wp-content\/uploads\/2026\/08\/WhatsApp-Image-2026-08-10-at-16.29.05-11.jpeg 479w, https:\/\/filles-de-la-charite.org\/wp-content\/uploads\/2026\/08\/WhatsApp-Image-2026-08-10-at-16.29.05-11-400x284.jpeg 480w\" sizes=\"(max-width:479px) 479px, 100vw\" \/><span data-icon=\"\ue050\" class=\"et_overlay et_pb_inline_icon\"><\/span><\/a><\/div><h2 class=\"entry-title\"><a href=\"https:\/\/filles-de-la-charite.org\/it\/el-hermoso-arbol-pequeno-pero-fuerte\/\">IL BELLISSIMO ALBERO, PICCOLO MA FORTE\u00a0<\/a><\/h2><p class=\"post-meta\"><span class=\"published\">Ago 14, 2026<\/span> | <span class=\"entry-categories\"><a href=\"https:\/\/filles-de-la-charite.org\/it\/category\/eritrea\/\" rel=\"tag\">Eritrea<\/a><\/span><\/p><div class=\"post-content\"><div class=\"post-content-inner\"><p>IL CENTRO STUDI VINCENZIANO PER L&#8217;AFRICA E IL MADAGASCAR Potreste aver sentito la notizia che sta sorgendo un Centro Studi Vincenziani in Africa. S\u00ec, avete sentito bene! Si trova presso ELEME, la Casa Provinciale e di Formazione delle Figlie della Carit\u00e0 della&#8230;<\/p>\n<\/div><\/div><\/article><article class=\"et_pb_post et_pb_post_id_53198 clearfix et_pb_blog_item_0_3 post-53198 post type-post status-publish format-standard has-post-thumbnail hentry category-chelmno-poznan-polonia-it\"><div class=\"et_pb_image_container\"><a href=\"https:\/\/filles-de-la-charite.org\/it\/vacaciones-vicencianas-con-dios\/\" class=\"entry-featured-image-url\"><img loading=\"lazy\" decoding=\"async\" src=\"https:\/\/filles-de-la-charite.org\/wp-content\/uploads\/2026\/08\/Wakacje-w-Ostrzycach-2026-2-scaled.jpg\" width=\"400\" height=\"284\" alt=\"Vacanze Vincenziane con Dio\" class=\"\" srcset=\"https:\/\/filles-de-la-charite.org\/wp-content\/uploads\/2026\/08\/Wakacje-w-Ostrzycach-2026-2-scaled.jpg 479w, https:\/\/filles-de-la-charite.org\/wp-content\/uploads\/2026\/08\/Wakacje-w-Ostrzycach-2026-2-400x284.jpg 480w\" sizes=\"(max-width:479px) 479px, 100vw\" \/><span data-icon=\"\ue050\" class=\"et_overlay et_pb_inline_icon\"><\/span><\/a><\/div><h2 class=\"entry-title\"><a href=\"https:\/\/filles-de-la-charite.org\/it\/vacaciones-vicencianas-con-dios\/\">Vacanze Vincenziane con Dio<\/a><\/h2><p class=\"post-meta\"><span class=\"published\">Ago 12, 2026<\/span> | <span class=\"entry-categories\"><a href=\"https:\/\/filles-de-la-charite.org\/it\/category\/chelmno-poznan-polonia-it\/\" rel=\"tag\">Chelmno-Poznan &#8211; Pol\u00f4nia<\/a><\/span><\/p><div class=\"post-content\"><div class=\"post-content-inner\"><p>In Polonia, nella Provincia di Che\u0142mno-Pozna\u0144, da oltre una decina d\u2019anni organizziamo per bambini e giovani le \u00abVacanze Vincenziane con Dio\u00bb. \u00c8 un tempo di formazione, di preghiera, di visite culturali e di momenti di gioia vissuti insieme a contatto con la natura&#8230;.<\/p>\n<\/div><\/div><\/article><article class=\"et_pb_post et_pb_post_id_53109 clearfix et_pb_blog_item_0_4 post-53109 post type-post status-publish format-standard has-post-thumbnail hentry category-mozambico-it\"><div class=\"et_pb_image_container\"><a href=\"https:\/\/filles-de-la-charite.org\/it\/un-si-renovado\/\" class=\"entry-featured-image-url\"><img loading=\"lazy\" decoding=\"async\" src=\"https:\/\/filles-de-la-charite.org\/wp-content\/uploads\/2026\/08\/WhatsApp-Image-2026-08-05-at-16.35.05-3.jpeg\" width=\"400\" height=\"284\" alt=\"\u00abIL S\u00cc RINNOVATO\u00bb\" class=\"\" srcset=\"https:\/\/filles-de-la-charite.org\/wp-content\/uploads\/2026\/08\/WhatsApp-Image-2026-08-05-at-16.35.05-3.jpeg 479w, https:\/\/filles-de-la-charite.org\/wp-content\/uploads\/2026\/08\/WhatsApp-Image-2026-08-05-at-16.35.05-3-400x284.jpeg 480w\" sizes=\"(max-width:479px) 479px, 100vw\" \/><span data-icon=\"\ue050\" class=\"et_overlay et_pb_inline_icon\"><\/span><\/a><\/div><h2 class=\"entry-title\"><a href=\"https:\/\/filles-de-la-charite.org\/it\/un-si-renovado\/\">\u00abIL S\u00cc RINNOVATO\u00bb<\/a><\/h2><p class=\"post-meta\"><span class=\"published\">Ago 10, 2026<\/span> | <span class=\"entry-categories\"><a href=\"https:\/\/filles-de-la-charite.org\/it\/category\/mozambico-it\/\" rel=\"tag\">Mozambico<\/a><\/span><\/p><div class=\"post-content\"><div class=\"post-content-inner\"><p>Visita di Suor Fran\u00e7oise Petit, Superiora generale, alla Provincia del Mozambico, dal 13 al 22 luglio 2026 L\u2019incontro con Suor Fran\u00e7oise Petit, Superiora generale, \u00e8 stato per tutte noi, giovani Suore della Provincia del Mozambico, un vero tempo di grazia, di&#8230;<\/p>\n<\/div><\/div><\/article><article class=\"et_pb_post et_pb_post_id_53040 clearfix et_pb_blog_item_0_5 post-53040 post type-post status-publish format-standard has-post-thumbnail hentry category-onu-it\"><div class=\"et_pb_image_container\"><a href=\"https:\/\/filles-de-la-charite.org\/it\/csw70-un-compromiso-renovado-con-la-justicia-y-la-dignidad-de-las-mujeres\/\" class=\"entry-featured-image-url\"><img loading=\"lazy\" decoding=\"async\" src=\"https:\/\/filles-de-la-charite.org\/wp-content\/uploads\/2026\/07\/ONU-2-copia.jpeg\" width=\"400\" height=\"284\" alt=\"CSW70: un rinnovato impegno per la giustizia e la dignit\u00e0 delle donne\" class=\"\" srcset=\"https:\/\/filles-de-la-charite.org\/wp-content\/uploads\/2026\/07\/ONU-2-copia.jpeg 479w, https:\/\/filles-de-la-charite.org\/wp-content\/uploads\/2026\/07\/ONU-2-copia-400x284.jpeg 480w\" sizes=\"(max-width:479px) 479px, 100vw\" \/><span data-icon=\"\ue050\" class=\"et_overlay et_pb_inline_icon\"><\/span><\/a><\/div><h2 class=\"entry-title\"><a href=\"https:\/\/filles-de-la-charite.org\/it\/csw70-un-compromiso-renovado-con-la-justicia-y-la-dignidad-de-las-mujeres\/\">CSW70: un rinnovato impegno per la giustizia e la dignit\u00e0 delle donne<\/a><\/h2><p class=\"post-meta\"><span class=\"published\">Lug 30, 2026<\/span> | <span class=\"entry-categories\"><a href=\"https:\/\/filles-de-la-charite.org\/it\/category\/onu-it\/\" rel=\"tag\">ONU<\/a><\/span><\/p><div class=\"post-content\"><div class=\"post-content-inner\"><p>In un contesto globale segnato da numerose sfide e profondi cambiamenti, la 70\u00aa sessione della Commissione sulla Condizione della Donna (CSW70), tenutasi presso la Sede delle Nazioni Unite a New York, ha riaffermato l&#8217;urgenza di rafforzare l&#8217;accesso alla giustizia,&#8230;<\/p>\n<\/div><\/div><\/article><article class=\"et_pb_post et_pb_post_id_52875 clearfix et_pb_blog_item_0_6 post-52875 post type-post status-publish format-standard has-post-thumbnail hentry category-nigeria-it\"><div class=\"et_pb_image_container\"><a href=\"https:\/\/filles-de-la-charite.org\/it\/la-visita-della-superiora-generale-in-burkina-faso\/\" class=\"entry-featured-image-url\"><img loading=\"lazy\" decoding=\"async\" src=\"https:\/\/filles-de-la-charite.org\/wp-content\/uploads\/2026\/06\/WhatsApp-Image-2026-06-26-at-10.05.18.jpeg\" width=\"400\" height=\"284\" alt=\"\u00a0La visita della Superiora generale in Burkina Faso\" class=\"\" srcset=\"https:\/\/filles-de-la-charite.org\/wp-content\/uploads\/2026\/06\/WhatsApp-Image-2026-06-26-at-10.05.18.jpeg 479w, https:\/\/filles-de-la-charite.org\/wp-content\/uploads\/2026\/06\/WhatsApp-Image-2026-06-26-at-10.05.18-400x284.jpeg 480w\" sizes=\"(max-width:479px) 479px, 100vw\" \/><span data-icon=\"\ue050\" class=\"et_overlay et_pb_inline_icon\"><\/span><\/a><\/div><h2 class=\"entry-title\"><a href=\"https:\/\/filles-de-la-charite.org\/it\/la-visita-della-superiora-generale-in-burkina-faso\/\">\u00a0La visita della Superiora generale in Burkina Faso<\/a><\/h2><p class=\"post-meta\"><span class=\"published\">Giu 29, 2026<\/span> | <span class=\"entry-categories\"><a href=\"https:\/\/filles-de-la-charite.org\/it\/category\/nigeria-it\/\" rel=\"tag\">Nigeria<\/a><\/span><\/p><div class=\"post-content\"><div class=\"post-content-inner\"><p>Suor Fran\u00e7oise Petit, Superiora generale delle Figlie della Carit\u00e0 di san Vincenzo de&#8217; Paoli, ha visitato il Burkina Faso dal 6 al 13 giugno 2026. Era accompagnata da Suor Theresa Eke, Consigliera generale per l&#8217;Africa e il Madagascar. All&#8217;aeroporto, sono state&#8230;<\/p>\n<\/div><\/div><\/article><article class=\"et_pb_post et_pb_post_id_52845 clearfix et_pb_blog_item_0_7 post-52845 post type-post status-publish format-standard has-post-thumbnail hentry category-europa\"><div class=\"et_pb_image_container\"><a href=\"https:\/\/filles-de-la-charite.org\/it\/sui-passi-della-chiamata\/\" class=\"entry-featured-image-url\"><img loading=\"lazy\" decoding=\"async\" src=\"https:\/\/filles-de-la-charite.org\/wp-content\/uploads\/2026\/06\/WhatsApp-Image-2026-06-23-at-10.25.41-5.jpeg\" width=\"400\" height=\"284\" alt=\"SUI PASSI DELLA CHIAMATA\" class=\"\" srcset=\"https:\/\/filles-de-la-charite.org\/wp-content\/uploads\/2026\/06\/WhatsApp-Image-2026-06-23-at-10.25.41-5.jpeg 479w, https:\/\/filles-de-la-charite.org\/wp-content\/uploads\/2026\/06\/WhatsApp-Image-2026-06-23-at-10.25.41-5-400x284.jpeg 480w\" sizes=\"(max-width:479px) 479px, 100vw\" \/><span data-icon=\"\ue050\" class=\"et_overlay et_pb_inline_icon\"><\/span><\/a><\/div><h2 class=\"entry-title\"><a href=\"https:\/\/filles-de-la-charite.org\/it\/sui-passi-della-chiamata\/\">SUI PASSI DELLA CHIAMATA<\/a><\/h2><p class=\"post-meta\"><span class=\"published\">Giu 27, 2026<\/span> | <span class=\"entry-categories\"><a href=\"https:\/\/filles-de-la-charite.org\/it\/category\/europa\/\" rel=\"tag\">Europa<\/a><\/span><\/p><div class=\"post-content\"><div class=\"post-content-inner\"><p>\u00abNon voi avete scelto me, ma io ho scelto voi\u00bb (Gv 15,16) Dall\u201911 al 15 giugno, cinque giovani provenienti della Spagna e dell\u2019Italia hanno vissuto a Quercianella, in Italia, un\u2019esperienza vocazionale all\u2019insegna dell\u2019ascolto, della preghiera e dalla fraternit\u00e0. Erano&#8230;<\/p>\n<\/div><\/div><\/article><article class=\"et_pb_post et_pb_post_id_52805 clearfix et_pb_blog_item_0_8 post-52805 post type-post status-publish format-standard has-post-thumbnail hentry category-espana-it\"><div class=\"et_pb_image_container\"><a href=\"https:\/\/filles-de-la-charite.org\/it\/alzate-lo-sguardo\/\" class=\"entry-featured-image-url\"><img loading=\"lazy\" decoding=\"async\" src=\"https:\/\/filles-de-la-charite.org\/wp-content\/uploads\/2026\/06\/ChatGPT-Image-26-jun-2026-19_41_05.png\" width=\"400\" height=\"284\" alt=\"Alzate lo sguardo\" class=\"\" srcset=\"https:\/\/filles-de-la-charite.org\/wp-content\/uploads\/2026\/06\/ChatGPT-Image-26-jun-2026-19_41_05.png 479w, https:\/\/filles-de-la-charite.org\/wp-content\/uploads\/2026\/06\/ChatGPT-Image-26-jun-2026-19_41_05-400x284.png 480w\" sizes=\"(max-width:479px) 479px, 100vw\" \/><span data-icon=\"\ue050\" class=\"et_overlay et_pb_inline_icon\"><\/span><\/a><\/div><h2 class=\"entry-title\"><a href=\"https:\/\/filles-de-la-charite.org\/it\/alzate-lo-sguardo\/\">Alzate lo sguardo<\/a><\/h2><p class=\"post-meta\"><span class=\"published\">Giu 27, 2026<\/span> | <span class=\"entry-categories\"><a href=\"https:\/\/filles-de-la-charite.org\/it\/category\/espana-it\/\" rel=\"tag\">Spagna<\/a><\/span><\/p><div class=\"post-content\"><div class=\"post-content-inner\"><p>La recente visita di Papa Leone XIV in Spagna, dal 6 al 12 giugno, \u00e8 stata un evento di comunione e di speranza, un invito a rinnovare la fede nel mondo. A Madrid, Barcellona e nelle Canarie, le Figlie della Carit\u00e0 e i membri della Famiglia vincenziana, tra cui la&#8230;<\/p>\n<\/div><\/div><\/article><\/div><div class=\"pagination clearfix\">\n\t<div class=\"alignleft\"><a href=\"https:\/\/filles-de-la-charite.org\/it\/wp-json\/wp\/v2\/pages\/3462\/page\/2\/?et_blog\" >&laquo; Articoli Precedenti<\/a><\/div>\n\t<div class=\"alignright\"><\/div>\n<\/div><\/div><\/div>\n<\/div>\n<\/div>\n<\/div>","protected":false},"excerpt":{"rendered":"","protected":false},"author":1,"featured_media":0,"parent":0,"menu_order":0,"comment_status":"closed","ping_status":"closed","template":"","meta":{"_acf_changed":false,"footnotes":"","_members_access_role":[],"_members_access_error":"","_links_to":"","_links_to_target":""},"class_list":["post-3462","page","type-page","status-publish","hentry"],"acf":[],"yoast_head":"<!-- This site is optimized with the Yoast SEO plugin v28.3 - https:\/\/yoast.com\/product\/yoast-seo-wordpress\/ -->\n<title>News - Filles de la Charit\u00e9<\/title>\n<meta name=\"robots\" content=\"index, follow, max-snippet:-1, max-image-preview:large, max-video-preview:-1\" \/>\n<link rel=\"canonical\" href=\"https:\/\/filles-de-la-charite.org\/it\/notizie\/\" \/>\n<meta property=\"og:locale\" content=\"it_IT\" \/>\n<meta property=\"og:type\" content=\"article\" \/>\n<meta property=\"og:title\" content=\"News - Filles de la Charit\u00e9\" \/>\n<meta property=\"og:url\" content=\"https:\/\/filles-de-la-charite.org\/it\/notizie\/\" \/>\n<meta property=\"og:site_name\" content=\"Filles de la Charit\u00e9\" \/>\n<meta property=\"article:modified_time\" content=\"2026-05-19T06:59:18+00:00\" \/>\n<meta name=\"twitter:card\" content=\"summary_large_image\" \/>\n<script type=\"application\/ld+json\" class=\"yoast-schema-graph\">{\"@context\":\"https:\\\/\\\/schema.org\",\"@graph\":[{\"@type\":\"WebPage\",\"@id\":\"https:\\\/\\\/filles-de-la-charite.org\\\/it\\\/notizie\\\/\",\"url\":\"https:\\\/\\\/filles-de-la-charite.org\\\/it\\\/notizie\\\/\",\"name\":\"News - Filles de la Charit\u00e9\",\"isPartOf\":{\"@id\":\"https:\\\/\\\/filles-de-la-charite.org\\\/it\\\/#website\"},\"datePublished\":\"2023-03-21T13:03:14+00:00\",\"dateModified\":\"2026-05-19T06:59:18+00:00\",\"inLanguage\":\"it-IT\",\"potentialAction\":[{\"@type\":\"ReadAction\",\"target\":[\"https:\\\/\\\/filles-de-la-charite.org\\\/it\\\/notizie\\\/\"]}]},{\"@type\":\"WebSite\",\"@id\":\"https:\\\/\\\/filles-de-la-charite.org\\\/it\\\/#website\",\"url\":\"https:\\\/\\\/filles-de-la-charite.org\\\/it\\\/\",\"name\":\"Hijas de la Caridad\",\"description\":\"L\u2019amour de J\u00e9sus nous presse \u00e0 prendre soin des personnes les plus d\u00e9munies\",\"publisher\":{\"@id\":\"https:\\\/\\\/filles-de-la-charite.org\\\/it\\\/#organization\"},\"potentialAction\":[{\"@type\":\"SearchAction\",\"target\":{\"@type\":\"EntryPoint\",\"urlTemplate\":\"https:\\\/\\\/filles-de-la-charite.org\\\/it\\\/?s={search_term_string}\"},\"query-input\":{\"@type\":\"PropertyValueSpecification\",\"valueRequired\":true,\"valueName\":\"search_term_string\"}}],\"inLanguage\":\"it-IT\"},{\"@type\":\"Organization\",\"@id\":\"https:\\\/\\\/filles-de-la-charite.org\\\/it\\\/#organization\",\"name\":\"Hijas de la Caridad\",\"url\":\"https:\\\/\\\/filles-de-la-charite.org\\\/it\\\/\",\"logo\":{\"@type\":\"ImageObject\",\"inLanguage\":\"it-IT\",\"@id\":\"https:\\\/\\\/filles-de-la-charite.org\\\/it\\\/#\\\/schema\\\/logo\\\/image\\\/\",\"url\":\"https:\\\/\\\/filles-de-la-charite.org\\\/wp-content\\\/uploads\\\/2023\\\/03\\\/isotipo-Hijas-de-la-Caridad.png\",\"contentUrl\":\"https:\\\/\\\/filles-de-la-charite.org\\\/wp-content\\\/uploads\\\/2023\\\/03\\\/isotipo-Hijas-de-la-Caridad.png\",\"width\":1417,\"height\":1417,\"caption\":\"Hijas de la Caridad\"},\"image\":{\"@id\":\"https:\\\/\\\/filles-de-la-charite.org\\\/it\\\/#\\\/schema\\\/logo\\\/image\\\/\"}}]}<\/script>\n<!-- \/ Yoast SEO plugin. -->","yoast_head_json":{"title":"News - Filles de la Charit\u00e9","robots":{"index":"index","follow":"follow","max-snippet":"max-snippet:-1","max-image-preview":"max-image-preview:large","max-video-preview":"max-video-preview:-1"},"canonical":"https:\/\/filles-de-la-charite.org\/it\/notizie\/","og_locale":"it_IT","og_type":"article","og_title":"News - Filles de la Charit\u00e9","og_url":"https:\/\/filles-de-la-charite.org\/it\/notizie\/","og_site_name":"Filles de la Charit\u00e9","article_modified_time":"2026-05-19T06:59:18+00:00","twitter_card":"summary_large_image","schema":{"@context":"https:\/\/schema.org","@graph":[{"@type":"WebPage","@id":"https:\/\/filles-de-la-charite.org\/it\/notizie\/","url":"https:\/\/filles-de-la-charite.org\/it\/notizie\/","name":"News - Filles de la Charit\u00e9","isPartOf":{"@id":"https:\/\/filles-de-la-charite.org\/it\/#website"},"datePublished":"2023-03-21T13:03:14+00:00","dateModified":"2026-05-19T06:59:18+00:00","inLanguage":"it-IT","potentialAction":[{"@type":"ReadAction","target":["https:\/\/filles-de-la-charite.org\/it\/notizie\/"]}]},{"@type":"WebSite","@id":"https:\/\/filles-de-la-charite.org\/it\/#website","url":"https:\/\/filles-de-la-charite.org\/it\/","name":"Hijas de la Caridad","description":"L\u2019amour de J\u00e9sus nous presse \u00e0 prendre soin des personnes les plus d\u00e9munies","publisher":{"@id":"https:\/\/filles-de-la-charite.org\/it\/#organization"},"potentialAction":[{"@type":"SearchAction","target":{"@type":"EntryPoint","urlTemplate":"https:\/\/filles-de-la-charite.org\/it\/?s={search_term_string}"},"query-input":{"@type":"PropertyValueSpecification","valueRequired":true,"valueName":"search_term_string"}}],"inLanguage":"it-IT"},{"@type":"Organization","@id":"https:\/\/filles-de-la-charite.org\/it\/#organization","name":"Hijas de la Caridad","url":"https:\/\/filles-de-la-charite.org\/it\/","logo":{"@type":"ImageObject","inLanguage":"it-IT","@id":"https:\/\/filles-de-la-charite.org\/it\/#\/schema\/logo\/image\/","url":"https:\/\/filles-de-la-charite.org\/wp-content\/uploads\/2023\/03\/isotipo-Hijas-de-la-Caridad.png","contentUrl":"https:\/\/filles-de-la-charite.org\/wp-content\/uploads\/2023\/03\/isotipo-Hijas-de-la-Caridad.png","width":1417,"height":1417,"caption":"Hijas de la Caridad"},"image":{"@id":"https:\/\/filles-de-la-charite.org\/it\/#\/schema\/logo\/image\/"}}]}},"_links":{"self":[{"href":"https:\/\/filles-de-la-charite.org\/it\/wp-json\/wp\/v2\/pages\/3462","targetHints":{"allow":["GET"]}}],"collection":[{"href":"https:\/\/filles-de-la-charite.org\/it\/wp-json\/wp\/v2\/pages"}],"about":[{"href":"https:\/\/filles-de-la-charite.org\/it\/wp-json\/wp\/v2\/types\/page"}],"author":[{"embeddable":true,"href":"https:\/\/filles-de-la-charite.org\/it\/wp-json\/wp\/v2\/users\/1"}],"replies":[{"embeddable":true,"href":"https:\/\/filles-de-la-charite.org\/it\/wp-json\/wp\/v2\/comments?post=3462"}],"version-history":[{"count":37,"href":"https:\/\/filles-de-la-charite.org\/it\/wp-json\/wp\/v2\/pages\/3462\/revisions"}],"predecessor-version":[{"id":52227,"href":"https:\/\/filles-de-la-charite.org\/it\/wp-json\/wp\/v2\/pages\/3462\/revisions\/52227"}],"wp:attachment":[{"href":"https:\/\/filles-de-la-charite.org\/it\/wp-json\/wp\/v2\/media?parent=3462"}],"curies":[{"name":"wp","href":"https:\/\/api.w.org\/{rel}","templated":true}]}}