{"id":3463,"date":"2023-04-11T14:53:01","date_gmt":"2023-04-11T12:53:01","guid":{"rendered":"https:\/\/hijascaridad.sjdigitaldemo.ovh\/la-nostra-storia\/"},"modified":"2026-04-10T18:34:28","modified_gmt":"2026-04-10T16:34:28","slug":"la-nostra-storia","status":"publish","type":"page","link":"https:\/\/filles-de-la-charite.org\/it\/siamo\/la-nostra-storia\/","title":{"rendered":"La nostra storia"},"content":{"rendered":"<p><div class=\"et_d4_element et_pb_section et_pb_section_0 et_pb_section_parallax et_pb_with_background  et_pb_css_mix_blend_mode et_section_regular et_block_section\" >\n\t\t\t\t\n\t\t\t\t<span class=\"et_parallax_bg_wrap et-pb-parallax-wrapper\"><span\n\t\t\t\t\t\tclass=\"et_parallax_bg et_parallax_bg--et_pb_section_0\"\n\t\t\t\t\t\tstyle=\"background-image: url(https:\/\/filles-de-la-charite.org\/wp-content\/uploads\/2023\/04\/864775512_Nineteenth-century-oil-painting-of-a-European-slum_512-v2-1-1.png);\"\n\t\t\t\t\t><\/span><span\n\t\t\t\t\t\tclass=\"et_parallax_gradient\"\n\t\t\t\t\t\tstyle=\"background-image: linear-gradient( , #ffffff 0%, rgba(249,249,249,0.5) 100% );\"\n\t\t\t\t\t><\/span><\/span>\n\t\t\t\t\n\t\t\t\t\n\t\t\t\t\n\t\t\t\t\n\t\t\t\t<div class=\"et_d4_element et_pb_row et_pb_row_0 et_pb_row_fullwidth et_pb_equal_columns et_pb_gutters1  et_pb_css_mix_blend_mode et_block_row\">\n\t\t\t\t<div class=\"et_d4_element et_pb_column_1_2 et_pb_column et_pb_column_0  et_pb_css_mix_blend_mode et_block_column\">\n\t\t\t\t\n\t\t\t\t\n\t\t\t\t\n\t\t\t\t\n\t\t\t\t<div class=\"et_pb_module et_d4_element et_pb_image et_pb_image_0\">\n\t\t\t\t\n\t\t\t\t\n\t\t\t\t\n\t\t\t\t\n\t\t\t\t<span class=\"et_pb_image_wrap \"><img loading=\"lazy\" decoding=\"async\" width=\"1640\" height=\"782\" src=\"https:\/\/filles-de-la-charite.org\/wp-content\/uploads\/2023\/07\/VicenteLuisa-1.png\" alt=\"\" title=\"VincentLouisa-1\" srcset=\"https:\/\/filles-de-la-charite.org\/wp-content\/uploads\/2023\/07\/VicenteLuisa-1.png 1640w, https:\/\/filles-de-la-charite.org\/wp-content\/uploads\/2023\/07\/VicenteLuisa-1-1280x610.png 1280w, https:\/\/filles-de-la-charite.org\/wp-content\/uploads\/2023\/07\/VicenteLuisa-1-980x467.png 980w, https:\/\/filles-de-la-charite.org\/wp-content\/uploads\/2023\/07\/VicenteLuisa-1-480x229.png 480w\" sizes=\"(min-width: 0px) and (max-width: 480px) 480px, (min-width: 481px) and (max-width: 980px) 980px, (min-width: 981px) and (max-width: 1280px) 1280px, (min-width: 1281px) 1640px, 100vw\" class=\"wp-image-26312\" \/><\/span>\n\t\t\t<\/div>\n\t\t\t<\/div><div class=\"et_d4_element et_pb_column_1_2 et_pb_column et_pb_column_1  et_pb_css_mix_blend_mode et-last-child et_block_column\">\n\t\t\t\t\n\t\t\t\t\n\t\t\t\t\n\t\t\t\t\n\t\t\t\t<div class=\"et_pb_module et_d4_element et_pb_text et_pb_text_0 et_animated  et_pb_text_align_left et_pb_bg_layout_dark\">\n\t\t\t\t\n\t\t\t\t\n\t\t\t\t\n\t\t\t\t\n\t\t\t\t<div class=\"et_pb_text_inner\" data-et-multi-view=\"{&quot;schema&quot;:{&quot;content&quot;:{&quot;desktop&quot;:&quot;&lt;h1&gt;La nostra storia&lt;\\\/h1&gt;\\n&lt;h2&gt;Amore e servizio per trasformare vite&lt;\\\/h2&gt;&quot;,&quot;tablet&quot;:&quot;&lt;h1&gt;storia&lt;\\\/h1&gt;\\n&lt;h2&gt;Amore e servizio per trasformare le vite&lt;\\\/h2&gt;&quot;},&quot;target&quot;:&quot;&quot;,&quot;hover_selector&quot;:&quot;&quot;},&quot;slug&quot;:&quot;et_pb_text&quot;}\" data-et-multi-view-load-tablet-hidden=\"true\"><h1>La nostra storia<\/h1>\n<h2>Amore e servizio per trasformare vite<\/h2><\/div>\n\t\t\t<\/div><div class=\"et_pb_module et_d4_element et_pb_divider et_pb_divider_0 et_animated et_pb_divider_position_center et_pb_space\"><div class=\"et_pb_divider_internal\"><\/div><\/div><div class=\"et_pb_module et_d4_element et_pb_text et_pb_text_1 et_animated  et_pb_text_align_left et_pb_bg_layout_dark\">\n\t\t\t\t\n\t\t\t\t\n\t\t\t\t\n\t\t\t\t\n\t\t\t\t<div class=\"et_pb_text_inner\"><p>Dalle umili origini\u2026 fino ad un raggio d\u2019azione internazionale grazie alla perseverante dedizione delle Suore verso le persone bisognose.<\/p><\/div>\n\t\t\t<\/div>\n\t\t\t<\/div>\n\t\t\t\t\n\t\t\t\t\n\t\t\t\t\n\t\t\t\t\n\t\t\t<\/div><div class=\"et_d4_element et_pb_row et_pb_row_1  et_pb_css_mix_blend_mode et_block_row\">\n\t\t\t\t<div class=\"et_d4_element et_pb_column_4_4 et_pb_column et_pb_column_2  et_pb_css_mix_blend_mode et-last-child et_block_column\">\n\t\t\t\t\n\t\t\t\t\n\t\t\t\t\n\t\t\t\t\n\t\t\t\t<div class=\"et_pb_module et_d4_element et_pb_image et_pb_image_1\">\n\t\t\t\t\n\t\t\t\t\n\t\t\t\t\n\t\t\t\t\n\t\t\t\t<span class=\"et_pb_image_wrap \"><img loading=\"lazy\" decoding=\"async\" width=\"1640\" height=\"782\" src=\"https:\/\/filles-de-la-charite.org\/wp-content\/uploads\/2023\/07\/VicenteLuisa-1.png\" alt=\"\" title=\"VincentLouisa-1\" srcset=\"https:\/\/filles-de-la-charite.org\/wp-content\/uploads\/2023\/07\/VicenteLuisa-1.png 1640w, https:\/\/filles-de-la-charite.org\/wp-content\/uploads\/2023\/07\/VicenteLuisa-1-1280x610.png 1280w, https:\/\/filles-de-la-charite.org\/wp-content\/uploads\/2023\/07\/VicenteLuisa-1-980x467.png 980w, https:\/\/filles-de-la-charite.org\/wp-content\/uploads\/2023\/07\/VicenteLuisa-1-480x229.png 480w\" sizes=\"(min-width: 0px) and (max-width: 480px) 480px, (min-width: 481px) and (max-width: 980px) 980px, (min-width: 981px) and (max-width: 1280px) 1280px, (min-width: 1281px) 1640px, 100vw\" class=\"wp-image-26312\" \/><\/span>\n\t\t\t<\/div>\n\t\t\t<\/div>\n\t\t\t\t\n\t\t\t\t\n\t\t\t\t\n\t\t\t\t\n\t\t\t<\/div>\n\t\t\t\t\n\t\t\t\t\n\t\t\t<\/div><div class=\"et_d4_element et_pb_section et_pb_section_1  et_pb_css_mix_blend_mode et_section_regular et_block_section\" >\n\t\t\t\t\n\t\t\t\t\n\t\t\t\t\n\t\t\t\t\n\t\t\t\t\n\t\t\t\t\n\t\t\t\t<div class=\"et_d4_element et_pb_row et_pb_row_2  et_pb_css_mix_blend_mode et_block_row\">\n\t\t\t\t<div class=\"et_d4_element et_pb_column_1_2 et_pb_column et_pb_column_3  et_pb_css_mix_blend_mode et_block_column\">\n\t\t\t\t\n\t\t\t\t\n\t\t\t\t\n\t\t\t\t\n\t\t\t\t<div class=\"et_pb_module et_d4_element et_pb_text et_pb_text_2 et_animated  et_pb_text_align_left et_pb_bg_layout_light\">\n\t\t\t\t\n\t\t\t\t\n\t\t\t\t\n\t\t\t\t\n\t\t\t\t<div class=\"et_pb_text_inner\"><h3><span>Gli Inizi<\/span><\/h3>\n<h1>Lo Spirito Santo all\u2019opera nei cuori<\/h1><\/div>\n\t\t\t<\/div><div class=\"et_pb_module et_d4_element et_pb_divider et_pb_divider_1 et_animated et_pb_divider_position_center et_pb_space\"><div class=\"et_pb_divider_internal\"><\/div><\/div><div class=\"et_pb_module et_d4_element et_pb_text et_pb_text_3 et_animated  et_pb_text_align_left et_pb_bg_layout_light\">\n\t\t\t\t\n\t\t\t\t\n\t\t\t\t\n\t\t\t\t\n\t\t\t\t<div class=\"et_pb_text_inner\"><p>La Compagnia delle Figlie della Carit\u00e0 \u00e8 nata in modo molto discreto, a immagine delle opere di Dio. Per aprire questo cammino, lo Spirito di Dio ha toccato il cuore di Vincenzo de Paoli, di Luisa de Marillac e di Margherita Naseau.<\/p><\/div>\n\t\t\t<\/div><div class=\"et_pb_module et_d4_element et_pb_text et_pb_text_4 et_animated  et_pb_text_align_left et_pb_bg_layout_light\">\n\t\t\t\t\n\t\t\t\t\n\t\t\t\t\n\t\t\t\t\n\t\t\t\t<div class=\"et_pb_text_inner\"><p><strong>Vincenzo de Paoli<\/strong>, fin dalla sua infanzia, ha visto la povert\u00e0 materiale e spirituale delle persone povere nelle campagne. Nel 1617, a Ch\u00e2tillon les Dombes, il suo incontro con una famiglia in estrema necessit\u00e0 lo ha spinto a radunare delle signore della borghesia locale e a fondare con loro \u00able Confraternite della Carit\u00e0\u00bb. Il suo obiettivo era quello di organizzare l'aiuto materiale e l'accompagnamento spirituale affinch\u00e9 le persone povere potessero prendere in mano la loro esistenza e accedere a una vita dignitosa.<br \/><strong>Luisa de Marillac<\/strong> ha conosciuto fin dall'infanzia la mancanza di affetto nella sua famiglia ed \u00e8 sempre stata sensibile alle difficolt\u00e0 degli altri. Su richiesta del signor Vincenzo, ha visitato le prime \u00abConfraternite della Carit\u00e0\u00bb. Ha svolto questa missione con cuore, coraggio e disponibilit\u00e0. Le sue capacit\u00e0 organizzative sono state di grande aiuto.<\/p><\/div>\n\t\t\t<\/div>\n\t\t\t<\/div><div class=\"et_d4_element et_pb_column_1_2 et_pb_column et_pb_column_4  et_pb_css_mix_blend_mode et-last-child et_block_column\">\n\t\t\t\t\n\t\t\t\t\n\t\t\t\t\n\t\t\t\t\n\t\t\t\t<div class=\"et_pb_module et_d4_element et_pb_image et_pb_image_2 et_animated et-waypoint\">\n\t\t\t\t\n\t\t\t\t\n\t\t\t\t\n\t\t\t\t\n\t\t\t\t<span class=\"et_pb_image_wrap \"><img loading=\"lazy\" decoding=\"async\" width=\"904\" height=\"1024\" src=\"https:\/\/filles-de-la-charite.org\/wp-content\/uploads\/2023\/04\/UnaTinta.png\" alt=\"\" title=\"UnaTinta\" srcset=\"https:\/\/filles-de-la-charite.org\/wp-content\/uploads\/2023\/04\/UnaTinta.png 904w, https:\/\/filles-de-la-charite.org\/wp-content\/uploads\/2023\/04\/UnaTinta-480x544.png 480w\" sizes=\"(min-width: 0px) and (max-width: 480px) 480px, (min-width: 481px) 904px, 100vw\" class=\"wp-image-1373\" \/><\/span>\n\t\t\t<\/div><div class=\"et_pb_module et_d4_element et_pb_text et_pb_text_5 et_animated  et_pb_text_align_left et_pb_bg_layout_light\">\n\t\t\t\t\n\t\t\t\t\n\t\t\t\t\n\t\t\t\t\n\t\t\t\t<div class=\"et_pb_text_inner\"><p>Vincenzo e Luisa, ben presto, si resero conto che le Dame delle Confraternite vivevano una grande tensione tra i loro ideali di servizio e le costrizioni sociali. A volte inviavano le proprie serve per portare cibo e vestiti ai bisognosi. Ma questo servizio non era adatto a loro: lo facevano per obbligo, non per amore! <br \/>Le barriere sociali erano un vero ostacolo: avrebbero dovuto rinunciare a servire i poveri?<\/p><\/div>\n\t\t\t<\/div>\n\t\t\t<\/div>\n\t\t\t\t\n\t\t\t\t\n\t\t\t\t\n\t\t\t\t\n\t\t\t<\/div><div class=\"et_d4_element et_pb_row et_pb_row_3  et_pb_css_mix_blend_mode et_block_row\">\n\t\t\t\t<div class=\"et_d4_element et_pb_column_1_2 et_pb_column et_pb_column_5  et_pb_css_mix_blend_mode et_block_column\">\n\t\t\t\t\n\t\t\t\t\n\t\t\t\t\n\t\t\t\t\n\t\t\t\t<div class=\"et_pb_module et_d4_element et_pb_image et_pb_image_3 et_animated et-waypoint\">\n\t\t\t\t\n\t\t\t\t\n\t\t\t\t\n\t\t\t\t\n\t\t\t\t<span class=\"et_pb_image_wrap \"><img loading=\"lazy\" decoding=\"async\" width=\"1600\" height=\"1109\" src=\"https:\/\/filles-de-la-charite.org\/wp-content\/uploads\/2023\/04\/San-Vicente-Paul-y-Santa-Luisa-Marillac.jpg\" alt=\"\" title=\"San-Vincenzo de Paoli e Santa Luisa de Marillac\" srcset=\"https:\/\/filles-de-la-charite.org\/wp-content\/uploads\/2023\/04\/San-Vicente-Paul-y-Santa-Luisa-Marillac.jpg 1600w, https:\/\/filles-de-la-charite.org\/wp-content\/uploads\/2023\/04\/San-Vicente-Paul-y-Santa-Luisa-Marillac-1280x887.jpg 1280w, https:\/\/filles-de-la-charite.org\/wp-content\/uploads\/2023\/04\/San-Vicente-Paul-y-Santa-Luisa-Marillac-980x679.jpg 980w, https:\/\/filles-de-la-charite.org\/wp-content\/uploads\/2023\/04\/San-Vicente-Paul-y-Santa-Luisa-Marillac-480x333.jpg 480w\" sizes=\"(min-width: 0px) and (max-width: 480px) 480px, (min-width: 481px) and (max-width: 980px) 980px, (min-width: 981px) and (max-width: 1280px) 1280px, (min-width: 1281px) 1600px, 100vw\" class=\"wp-image-1365\" \/><\/span>\n\t\t\t<\/div>\n\t\t\t<\/div><div class=\"et_d4_element et_pb_column_1_2 et_pb_column et_pb_column_6  et_pb_css_mix_blend_mode et-last-child et_block_column\">\n\t\t\t\t\n\t\t\t\t\n\t\t\t\t\n\t\t\t\t\n\t\t\t\t<div class=\"et_pb_module et_d4_element et_pb_text et_pb_text_6 et_animated  et_pb_text_align_left et_pb_bg_layout_light\">\n\t\t\t\t\n\t\t\t\t\n\t\t\t\t\n\t\t\t\t\n\t\t\t\t<div class=\"et_pb_text_inner\"><p>La Provvidenza vegliava e il suo nome era Marguerite Naseau! Era una contadina di 34 anni. Aveva imparato a leggere da sola ed era la maestra dei bambini del suo villaggio. Voleva servire Dio e, avendo sentito parlare del signor Vincenzo e della sua opera, nel 1630 venne a Parigi per offrirgli i suoi servizi.<br \/>Questi la affid\u00f2 a Luisa de Marillac che scopr\u00ec in lei le qualit\u00e0 di una vera serva. Altre umili contadine si unirono a loro. <br \/>Le difficolt\u00e0 incontrate dalle Dame erano risolte grazie a queste donne, esse stesse povere. Il servizio ai poveri poteva continuare.<\/p>\n<p>Tre vite che tutto, umanamente, poteva separare e che Dio ha unito perch\u00e9 nascesse la Compagnia delle Figlie della Carit\u00e0, il 29 novembre 1633.<\/p><\/div>\n\t\t\t<\/div>\n\t\t\t<\/div>\n\t\t\t\t\n\t\t\t\t\n\t\t\t\t\n\t\t\t\t\n\t\t\t<\/div>\n\t\t\t\t\n\t\t\t\t\n\t\t\t<\/div><div class=\"et_d4_element et_pb_section et_pb_section_2 et_pb_with_background et_pb_section_parallax  et_pb_css_mix_blend_mode et_section_regular et_block_section\" >\n\t\t\t\t\n\t\t\t\t\n\t\t\t\t\n\t\t\t\t\n\t\t\t\t\n\t\t\t\t\n\t\t\t\t<div class=\"et_d4_element et_pb_row et_pb_row_4  et_pb_css_mix_blend_mode et_block_row\">\n\t\t\t\t<div class=\"et_d4_element et_pb_column_4_4 et_pb_column et_pb_column_7  et_pb_css_mix_blend_mode et-last-child et_block_column\">\n\t\t\t\t\n\t\t\t\t\n\t\t\t\t\n\t\t\t\t\n\t\t\t\t<div class=\"et_pb_module et_d4_element et_pb_text et_pb_text_7 et_animated  et_pb_text_align_left et_pb_bg_layout_light\">\n\t\t\t\t\n\t\t\t\t\n\t\t\t\t\n\t\t\t\t\n\t\t\t\t<div class=\"et_pb_text_inner\"><h3>Siamo in cammino nel tempo<\/h3>\n<h1>Suscitare amore e speranza<\/h1><\/div>\n\t\t\t<\/div><div class=\"et_pb_module et_d4_element et_pb_divider et_pb_divider_2 et_animated et_pb_divider_position_center et_pb_space\"><div class=\"et_pb_divider_internal\"><\/div><\/div><div class=\"et_pb_module et_d4_element et_pb_text et_pb_text_8 et_animated  et_pb_text_align_center et_pb_bg_layout_light\">\n\t\t\t\t\n\t\t\t\t\n\t\t\t\t\n\t\t\t\t\n\t\t\t\t<div class=\"et_pb_text_inner\"><p>San Vincenzo ci ha insegnato che la nostra vita \u00e8 un servizio costante e ci ha invitato ad avere una continua fiducia nella Divina Provvidenza.<\/p><\/div>\n\t\t\t<\/div><div class=\"et_pb_module et_d4_element et_pb_text et_pb_text_9 et_animated  et_pb_text_align_center et_pb_bg_layout_light\">\n\t\t\t\t\n\t\t\t\t\n\t\t\t\t\n\t\t\t\t\n\t\t\t\t<div class=\"et_pb_text_inner\"><p>Leggendo la storia della Compagnia, constatiamo che molto presto le Suore hanno espresso il desiderio di ratificare il loro impegno attraverso i voti.<br \/>Noi emettiamo quattro voti: servizio dei poveri, castit\u00e0, povert\u00e0 e obbedienza. Sono voti annuali, sempre rinnovabili, secondo le nostre Costituzioni e gli Statuti e riconosciuti dalla Chiesa.<br \/>Fin dalle origini abbiamo risposto all'appello dei nostri fratelli e sorelle sofferenti. Abbiamo servito i poveri malati a casa e negli ospedali, gli schiavi delle galere, i soldati feriti, gli anziani e i malati di mente. Ci siamo presi cura degli orfani e abbiamo educato le ragazze in piccole scuole.<\/p><\/div>\n\t\t\t<\/div>\n\t\t\t<\/div>\n\t\t\t\t\n\t\t\t\t\n\t\t\t\t\n\t\t\t\t\n\t\t\t<\/div><div class=\"et_d4_element et_pb_row et_pb_row_5  et_pb_css_mix_blend_mode et_block_row\">\n\t\t\t\t<div class=\"et_d4_element et_pb_column_4_4 et_pb_column et_pb_column_8  et_pb_css_mix_blend_mode et-last-child et_block_column\">\n\t\t\t\t\n\t\t\t\t\n\t\t\t\t\n\t\t\t\t\n\t\t\t\t<div class=\"et_pb_module et_d4_element et_pb_gallery et_pb_gallery_0  et_pb_bg_layout_light et_pb_gallery_grid\">\n\t\t\t\t<div class=\"et_pb_gallery_items et_pb_grid_items et_post_gallery clearfix\" data-per_page=\"8\"><div class=\"et_pb_gallery_item et_pb_grid_item et_pb_bg_layout_light et_pb_css_mix_blend_mode et_pb_gallery_item_0_0\"><div class=\"et_pb_gallery_image landscape\">\n\t\t\t\t\t<a href=\"https:\/\/filles-de-la-charite.org\/wp-content\/uploads\/2023\/04\/1515012_641121739263961_715581987_n_historia.jpg\" title=\"\" data-rel=\"lightbox-image-0\" data-rl_title=\"\" data-rl_caption=\"\">\n\t\t\t\t\t<img loading=\"lazy\" decoding=\"async\" width=\"400\" height=\"284\" src=\"https:\/\/filles-de-la-charite.org\/wp-content\/uploads\/2023\/04\/1515012_641121739263961_715581987_n_historia-400x284.jpg\" srcset=\"https:\/\/filles-de-la-charite.org\/wp-content\/uploads\/2023\/04\/1515012_641121739263961_715581987_n_historia.jpg 479w, https:\/\/filles-de-la-charite.org\/wp-content\/uploads\/2023\/04\/1515012_641121739263961_715581987_n_historia-400x284.jpg 480w\" sizes=\"(max-width:479px) 479px, 100vw\" class=\"wp-image-1386\" \/>\n\t\t\t\t\t<span class=\"et_overlay\"><\/span>\n\t\t\t\t<\/a>\n\t\t\t\t<\/div><\/div><div class=\"et_pb_gallery_item et_pb_grid_item et_pb_bg_layout_light et_pb_css_mix_blend_mode et_pb_gallery_item_0_1\"><div class=\"et_pb_gallery_image landscape\">\n\t\t\t\t\t<a href=\"https:\/\/filles-de-la-charite.org\/wp-content\/uploads\/2023\/04\/10991233_845375838838549_5770475498400570806_n_historia.jpg\" title=\"\" data-rel=\"lightbox-image-1\" data-rl_title=\"\" data-rl_caption=\"\">\n\t\t\t\t\t<img loading=\"lazy\" decoding=\"async\" width=\"400\" height=\"284\" src=\"https:\/\/filles-de-la-charite.org\/wp-content\/uploads\/2023\/04\/10991233_845375838838549_5770475498400570806_n_historia-400x284.jpg\" srcset=\"https:\/\/filles-de-la-charite.org\/wp-content\/uploads\/2023\/04\/10991233_845375838838549_5770475498400570806_n_historia.jpg 479w, https:\/\/filles-de-la-charite.org\/wp-content\/uploads\/2023\/04\/10991233_845375838838549_5770475498400570806_n_historia-400x284.jpg 480w\" sizes=\"(max-width:479px) 479px, 100vw\" class=\"wp-image-1392\" \/>\n\t\t\t\t\t<span class=\"et_overlay\"><\/span>\n\t\t\t\t<\/a>\n\t\t\t\t<\/div><\/div><div class=\"et_pb_gallery_item et_pb_grid_item et_pb_bg_layout_light et_pb_css_mix_blend_mode et_pb_gallery_item_0_2\"><div class=\"et_pb_gallery_image landscape\">\n\t\t\t\t\t<a href=\"https:\/\/filles-de-la-charite.org\/wp-content\/uploads\/2023\/04\/11145159_954196451289820_5482945243022283131_n_historia.jpg\" title=\"\" data-rel=\"lightbox-image-2\" data-rl_title=\"\" data-rl_caption=\"\">\n\t\t\t\t\t<img loading=\"lazy\" decoding=\"async\" width=\"400\" height=\"284\" src=\"https:\/\/filles-de-la-charite.org\/wp-content\/uploads\/2023\/04\/11145159_954196451289820_5482945243022283131_n_historia-400x284.jpg\" srcset=\"https:\/\/filles-de-la-charite.org\/wp-content\/uploads\/2023\/04\/11145159_954196451289820_5482945243022283131_n_historia.jpg 479w, https:\/\/filles-de-la-charite.org\/wp-content\/uploads\/2023\/04\/11145159_954196451289820_5482945243022283131_n_historia-400x284.jpg 480w\" sizes=\"(max-width:479px) 479px, 100vw\" class=\"wp-image-1398\" \/>\n\t\t\t\t\t<span class=\"et_overlay\"><\/span>\n\t\t\t\t<\/a>\n\t\t\t\t<\/div><\/div><div class=\"et_pb_gallery_item et_pb_grid_item et_pb_bg_layout_light et_pb_css_mix_blend_mode et_pb_gallery_item_0_3\"><div class=\"et_pb_gallery_image landscape\">\n\t\t\t\t\t<a href=\"https:\/\/filles-de-la-charite.org\/wp-content\/uploads\/2023\/04\/12186646_970408866335245_1242733402762402047_o_historia.jpg\" title=\"\" data-rel=\"lightbox-image-3\" data-rl_title=\"\" data-rl_caption=\"\">\n\t\t\t\t\t<img loading=\"lazy\" decoding=\"async\" width=\"400\" height=\"284\" src=\"https:\/\/filles-de-la-charite.org\/wp-content\/uploads\/2023\/04\/12186646_970408866335245_1242733402762402047_o_historia-400x284.jpg\" srcset=\"https:\/\/filles-de-la-charite.org\/wp-content\/uploads\/2023\/04\/12186646_970408866335245_1242733402762402047_o_historia.jpg 479w, https:\/\/filles-de-la-charite.org\/wp-content\/uploads\/2023\/04\/12186646_970408866335245_1242733402762402047_o_historia-400x284.jpg 480w\" sizes=\"(max-width:479px) 479px, 100vw\" class=\"wp-image-1404\" \/>\n\t\t\t\t\t<span class=\"et_overlay\"><\/span>\n\t\t\t\t<\/a>\n\t\t\t\t<\/div><\/div><div class=\"et_pb_gallery_item et_pb_grid_item et_pb_bg_layout_light et_pb_css_mix_blend_mode et_pb_gallery_item_0_4\"><div class=\"et_pb_gallery_image landscape\">\n\t\t\t\t\t<a href=\"https:\/\/filles-de-la-charite.org\/wp-content\/uploads\/2023\/04\/12642843_1203408553021599_2382948055430038439_n_historia.jpg\" title=\"\" data-rel=\"lightbox-image-4\" data-rl_title=\"\" data-rl_caption=\"\">\n\t\t\t\t\t<img loading=\"lazy\" decoding=\"async\" width=\"400\" height=\"284\" src=\"https:\/\/filles-de-la-charite.org\/wp-content\/uploads\/2023\/04\/12642843_1203408553021599_2382948055430038439_n_historia-400x284.jpg\" srcset=\"https:\/\/filles-de-la-charite.org\/wp-content\/uploads\/2023\/04\/12642843_1203408553021599_2382948055430038439_n_historia.jpg 479w, https:\/\/filles-de-la-charite.org\/wp-content\/uploads\/2023\/04\/12642843_1203408553021599_2382948055430038439_n_historia-400x284.jpg 480w\" sizes=\"(max-width:479px) 479px, 100vw\" class=\"wp-image-1410\" \/>\n\t\t\t\t\t<span class=\"et_overlay\"><\/span>\n\t\t\t\t<\/a>\n\t\t\t\t<\/div><\/div><div class=\"et_pb_gallery_item et_pb_grid_item et_pb_bg_layout_light et_pb_css_mix_blend_mode et_pb_gallery_item_0_5\"><div class=\"et_pb_gallery_image landscape\">\n\t\t\t\t\t<a href=\"https:\/\/filles-de-la-charite.org\/wp-content\/uploads\/2023\/04\/30167503_632204190452528_38654646626041592_o_historia.jpg\" title=\"\" data-rel=\"lightbox-image-5\" data-rl_title=\"\" data-rl_caption=\"\">\n\t\t\t\t\t<img loading=\"lazy\" decoding=\"async\" width=\"400\" height=\"284\" src=\"https:\/\/filles-de-la-charite.org\/wp-content\/uploads\/2023\/04\/30167503_632204190452528_38654646626041592_o_historia-400x284.jpg\" srcset=\"https:\/\/filles-de-la-charite.org\/wp-content\/uploads\/2023\/04\/30167503_632204190452528_38654646626041592_o_historia.jpg 479w, https:\/\/filles-de-la-charite.org\/wp-content\/uploads\/2023\/04\/30167503_632204190452528_38654646626041592_o_historia-400x284.jpg 480w\" sizes=\"(max-width:479px) 479px, 100vw\" class=\"wp-image-1416\" \/>\n\t\t\t\t\t<span class=\"et_overlay\"><\/span>\n\t\t\t\t<\/a>\n\t\t\t\t<\/div><\/div><div class=\"et_pb_gallery_item et_pb_grid_item et_pb_bg_layout_light et_pb_css_mix_blend_mode et_pb_gallery_item_0_6\"><div class=\"et_pb_gallery_image landscape\">\n\t\t\t\t\t<a href=\"https:\/\/filles-de-la-charite.org\/wp-content\/uploads\/2023\/04\/38156582_708698186136461_1836707777330806784_n_historia.png\" title=\"\" data-rel=\"lightbox-image-6\" data-rl_title=\"\" data-rl_caption=\"\">\n\t\t\t\t\t<img loading=\"lazy\" decoding=\"async\" width=\"400\" height=\"284\" src=\"https:\/\/filles-de-la-charite.org\/wp-content\/uploads\/2023\/04\/38156582_708698186136461_1836707777330806784_n_historia-400x284.png\" srcset=\"https:\/\/filles-de-la-charite.org\/wp-content\/uploads\/2023\/04\/38156582_708698186136461_1836707777330806784_n_historia.png 479w, https:\/\/filles-de-la-charite.org\/wp-content\/uploads\/2023\/04\/38156582_708698186136461_1836707777330806784_n_historia-400x284.png 480w\" sizes=\"(max-width:479px) 479px, 100vw\" class=\"wp-image-1422\" \/>\n\t\t\t\t\t<span class=\"et_overlay\"><\/span>\n\t\t\t\t<\/a>\n\t\t\t\t<\/div><\/div><div class=\"et_pb_gallery_item et_pb_grid_item et_pb_bg_layout_light et_pb_css_mix_blend_mode et_pb_gallery_item_0_7\"><div class=\"et_pb_gallery_image landscape\">\n\t\t\t\t\t<a href=\"https:\/\/filles-de-la-charite.org\/wp-content\/uploads\/2023\/04\/38505830_717460798593533_8618134441027436544_n_historia.png\" title=\"\" data-rel=\"lightbox-image-7\" data-rl_title=\"\" data-rl_caption=\"\">\n\t\t\t\t\t<img loading=\"lazy\" decoding=\"async\" width=\"400\" height=\"284\" src=\"https:\/\/filles-de-la-charite.org\/wp-content\/uploads\/2023\/04\/38505830_717460798593533_8618134441027436544_n_historia-400x284.png\" srcset=\"https:\/\/filles-de-la-charite.org\/wp-content\/uploads\/2023\/04\/38505830_717460798593533_8618134441027436544_n_historia.png 479w, https:\/\/filles-de-la-charite.org\/wp-content\/uploads\/2023\/04\/38505830_717460798593533_8618134441027436544_n_historia-400x284.png 480w\" sizes=\"(max-width:479px) 479px, 100vw\" class=\"wp-image-1428\" \/>\n\t\t\t\t\t<span class=\"et_overlay\"><\/span>\n\t\t\t\t<\/a>\n\t\t\t\t<\/div><\/div><div class=\"et_pb_gallery_item et_pb_grid_item et_pb_bg_layout_light et_pb_css_mix_blend_mode et_pb_gallery_item_0_8\"><div class=\"et_pb_gallery_image landscape\">\n\t\t\t\t\t<a href=\"https:\/\/filles-de-la-charite.org\/wp-content\/uploads\/2023\/04\/38509211_715181118821501_7206537802190684160_n_historia.png\" title=\"\" data-rel=\"lightbox-image-8\" data-rl_title=\"\" data-rl_caption=\"\">\n\t\t\t\t\t<img loading=\"lazy\" decoding=\"async\" width=\"400\" height=\"284\" src=\"https:\/\/filles-de-la-charite.org\/wp-content\/uploads\/2023\/04\/38509211_715181118821501_7206537802190684160_n_historia-400x284.png\" srcset=\"https:\/\/filles-de-la-charite.org\/wp-content\/uploads\/2023\/04\/38509211_715181118821501_7206537802190684160_n_historia.png 479w, https:\/\/filles-de-la-charite.org\/wp-content\/uploads\/2023\/04\/38509211_715181118821501_7206537802190684160_n_historia-400x284.png 480w\" sizes=\"(max-width:479px) 479px, 100vw\" class=\"wp-image-1434\" \/>\n\t\t\t\t\t<span class=\"et_overlay\"><\/span>\n\t\t\t\t<\/a>\n\t\t\t\t<\/div><\/div><div class=\"et_pb_gallery_item et_pb_grid_item et_pb_bg_layout_light et_pb_css_mix_blend_mode et_pb_gallery_item_0_9\"><div class=\"et_pb_gallery_image landscape\">\n\t\t\t\t\t<a href=\"https:\/\/filles-de-la-charite.org\/wp-content\/uploads\/2023\/04\/38711271_715143122158634_4831181026464104448_n_historia.png\" title=\"\" data-rel=\"lightbox-image-9\" data-rl_title=\"\" data-rl_caption=\"\">\n\t\t\t\t\t<img loading=\"lazy\" decoding=\"async\" width=\"400\" height=\"284\" src=\"https:\/\/filles-de-la-charite.org\/wp-content\/uploads\/2023\/04\/38711271_715143122158634_4831181026464104448_n_historia-400x284.png\" srcset=\"https:\/\/filles-de-la-charite.org\/wp-content\/uploads\/2023\/04\/38711271_715143122158634_4831181026464104448_n_historia.png 479w, https:\/\/filles-de-la-charite.org\/wp-content\/uploads\/2023\/04\/38711271_715143122158634_4831181026464104448_n_historia-400x284.png 480w\" sizes=\"(max-width:479px) 479px, 100vw\" class=\"wp-image-1440\" \/>\n\t\t\t\t\t<span class=\"et_overlay\"><\/span>\n\t\t\t\t<\/a>\n\t\t\t\t<\/div><\/div><div class=\"et_pb_gallery_item et_pb_grid_item et_pb_bg_layout_light et_pb_css_mix_blend_mode et_pb_gallery_item_0_10\"><div class=\"et_pb_gallery_image landscape\">\n\t\t\t\t\t<a href=\"https:\/\/filles-de-la-charite.org\/wp-content\/uploads\/2023\/04\/38747462_717567728582840_6491090362000474112_n_historia.png\" title=\"\" data-rel=\"lightbox-image-10\" data-rl_title=\"\" data-rl_caption=\"\">\n\t\t\t\t\t<img loading=\"lazy\" decoding=\"async\" width=\"400\" height=\"284\" src=\"https:\/\/filles-de-la-charite.org\/wp-content\/uploads\/2023\/04\/38747462_717567728582840_6491090362000474112_n_historia-400x284.png\" srcset=\"https:\/\/filles-de-la-charite.org\/wp-content\/uploads\/2023\/04\/38747462_717567728582840_6491090362000474112_n_historia.png 479w, https:\/\/filles-de-la-charite.org\/wp-content\/uploads\/2023\/04\/38747462_717567728582840_6491090362000474112_n_historia-400x284.png 480w\" sizes=\"(max-width:479px) 479px, 100vw\" class=\"wp-image-1446\" \/>\n\t\t\t\t\t<span class=\"et_overlay\"><\/span>\n\t\t\t\t<\/a>\n\t\t\t\t<\/div><\/div><div class=\"et_pb_gallery_item et_pb_grid_item et_pb_bg_layout_light et_pb_css_mix_blend_mode et_pb_gallery_item_0_11\"><div class=\"et_pb_gallery_image landscape\">\n\t\t\t\t\t<a href=\"https:\/\/filles-de-la-charite.org\/wp-content\/uploads\/2023\/04\/38755339_717490238590589_8169772063284789248_n_historia.png\" title=\"\" data-rel=\"lightbox-image-11\" data-rl_title=\"\" data-rl_caption=\"\">\n\t\t\t\t\t<img loading=\"lazy\" decoding=\"async\" width=\"400\" height=\"284\" src=\"https:\/\/filles-de-la-charite.org\/wp-content\/uploads\/2023\/04\/38755339_717490238590589_8169772063284789248_n_historia-400x284.png\" srcset=\"https:\/\/filles-de-la-charite.org\/wp-content\/uploads\/2023\/04\/38755339_717490238590589_8169772063284789248_n_historia.png 479w, https:\/\/filles-de-la-charite.org\/wp-content\/uploads\/2023\/04\/38755339_717490238590589_8169772063284789248_n_historia-400x284.png 480w\" sizes=\"(max-width:479px) 479px, 100vw\" class=\"wp-image-1452\" \/>\n\t\t\t\t\t<span class=\"et_overlay\"><\/span>\n\t\t\t\t<\/a>\n\t\t\t\t<\/div><\/div><div class=\"et_pb_gallery_item et_pb_grid_item et_pb_bg_layout_light et_pb_css_mix_blend_mode et_pb_gallery_item_0_12\"><div class=\"et_pb_gallery_image landscape\">\n\t\t\t\t\t<a href=\"https:\/\/filles-de-la-charite.org\/wp-content\/uploads\/2023\/04\/38776717_715158442157102_5349598890649714688_n_historia.png\" title=\"\" data-rel=\"lightbox-image-12\" data-rl_title=\"\" data-rl_caption=\"\">\n\t\t\t\t\t<img loading=\"lazy\" decoding=\"async\" width=\"400\" height=\"284\" src=\"https:\/\/filles-de-la-charite.org\/wp-content\/uploads\/2023\/04\/38776717_715158442157102_5349598890649714688_n_historia-400x284.png\" srcset=\"https:\/\/filles-de-la-charite.org\/wp-content\/uploads\/2023\/04\/38776717_715158442157102_5349598890649714688_n_historia.png 479w, https:\/\/filles-de-la-charite.org\/wp-content\/uploads\/2023\/04\/38776717_715158442157102_5349598890649714688_n_historia-400x284.png 480w\" sizes=\"(max-width:479px) 479px, 100vw\" class=\"wp-image-1458\" \/>\n\t\t\t\t\t<span class=\"et_overlay\"><\/span>\n\t\t\t\t<\/a>\n\t\t\t\t<\/div><\/div><div class=\"et_pb_gallery_item et_pb_grid_item et_pb_bg_layout_light et_pb_css_mix_blend_mode et_pb_gallery_item_0_13\"><div class=\"et_pb_gallery_image landscape\">\n\t\t\t\t\t<a href=\"https:\/\/filles-de-la-charite.org\/wp-content\/uploads\/2023\/12\/3809_Malades_red-scaled.jpg\" title=\"\" data-rel=\"lightbox-image-13\" data-rl_title=\"\" data-rl_caption=\"\">\n\t\t\t\t\t<img loading=\"lazy\" decoding=\"async\" width=\"400\" height=\"284\" src=\"https:\/\/filles-de-la-charite.org\/wp-content\/uploads\/2023\/12\/3809_Malades_red-400x284.jpg\" srcset=\"https:\/\/filles-de-la-charite.org\/wp-content\/uploads\/2023\/12\/3809_Malades_red-scaled.jpg 479w, https:\/\/filles-de-la-charite.org\/wp-content\/uploads\/2023\/12\/3809_Malades_red-400x284.jpg 480w\" sizes=\"(max-width:479px) 479px, 100vw\" class=\"wp-image-31086\" \/>\n\t\t\t\t\t<span class=\"et_overlay\"><\/span>\n\t\t\t\t<\/a>\n\t\t\t\t<\/div><\/div><div class=\"et_pb_gallery_item et_pb_grid_item et_pb_bg_layout_light et_pb_css_mix_blend_mode et_pb_gallery_item_0_14\"><div class=\"et_pb_gallery_image landscape\">\n\t\t\t\t\t<a href=\"https:\/\/filles-de-la-charite.org\/wp-content\/uploads\/2023\/12\/3840_hopital_Pekin_red.jpg\" title=\"\" data-rel=\"lightbox-image-14\" data-rl_title=\"\" data-rl_caption=\"\">\n\t\t\t\t\t<img loading=\"lazy\" decoding=\"async\" width=\"400\" height=\"284\" src=\"https:\/\/filles-de-la-charite.org\/wp-content\/uploads\/2023\/12\/3840_hopital_Pekin_red-400x284.jpg\" srcset=\"https:\/\/filles-de-la-charite.org\/wp-content\/uploads\/2023\/12\/3840_hopital_Pekin_red.jpg 479w, https:\/\/filles-de-la-charite.org\/wp-content\/uploads\/2023\/12\/3840_hopital_Pekin_red-400x284.jpg 480w\" sizes=\"(max-width:479px) 479px, 100vw\" class=\"wp-image-31092\" \/>\n\t\t\t\t\t<span class=\"et_overlay\"><\/span>\n\t\t\t\t<\/a>\n\t\t\t\t<\/div><\/div><div class=\"et_pb_gallery_item et_pb_grid_item et_pb_bg_layout_light et_pb_css_mix_blend_mode et_pb_gallery_item_0_15\"><div class=\"et_pb_gallery_image landscape\">\n\t\t\t\t\t<a href=\"https:\/\/filles-de-la-charite.org\/wp-content\/uploads\/2023\/12\/3805_Visites2_red.jpg\" title=\"\" data-rel=\"lightbox-image-15\" data-rl_title=\"\" data-rl_caption=\"\">\n\t\t\t\t\t<img loading=\"lazy\" decoding=\"async\" width=\"400\" height=\"284\" src=\"https:\/\/filles-de-la-charite.org\/wp-content\/uploads\/2023\/12\/3805_Visites2_red-400x284.jpg\" srcset=\"https:\/\/filles-de-la-charite.org\/wp-content\/uploads\/2023\/12\/3805_Visites2_red.jpg 479w, https:\/\/filles-de-la-charite.org\/wp-content\/uploads\/2023\/12\/3805_Visites2_red-400x284.jpg 480w\" sizes=\"(max-width:479px) 479px, 100vw\" class=\"wp-image-31098\" \/>\n\t\t\t\t\t<span class=\"et_overlay\"><\/span>\n\t\t\t\t<\/a>\n\t\t\t\t<\/div><\/div><div class=\"et_pb_gallery_item et_pb_grid_item et_pb_bg_layout_light et_pb_css_mix_blend_mode et_pb_gallery_item_0_16\"><div class=\"et_pb_gallery_image landscape\">\n\t\t\t\t\t<a href=\"https:\/\/filles-de-la-charite.org\/wp-content\/uploads\/2023\/12\/3840-pharmacie_red.jpg\" title=\"\" data-rel=\"lightbox-image-16\" data-rl_title=\"\" data-rl_caption=\"\">\n\t\t\t\t\t<img loading=\"lazy\" decoding=\"async\" width=\"400\" height=\"284\" src=\"https:\/\/filles-de-la-charite.org\/wp-content\/uploads\/2023\/12\/3840-pharmacie_red-400x284.jpg\" srcset=\"https:\/\/filles-de-la-charite.org\/wp-content\/uploads\/2023\/12\/3840-pharmacie_red.jpg 479w, https:\/\/filles-de-la-charite.org\/wp-content\/uploads\/2023\/12\/3840-pharmacie_red-400x284.jpg 480w\" sizes=\"(max-width:479px) 479px, 100vw\" class=\"wp-image-31104\" \/>\n\t\t\t\t\t<span class=\"et_overlay\"><\/span>\n\t\t\t\t<\/a>\n\t\t\t\t<\/div><\/div><div class=\"et_pb_gallery_item et_pb_grid_item et_pb_bg_layout_light et_pb_css_mix_blend_mode et_pb_gallery_item_0_17\"><div class=\"et_pb_gallery_image landscape\">\n\t\t\t\t\t<a href=\"https:\/\/filles-de-la-charite.org\/wp-content\/uploads\/2023\/12\/3805_Taiwan_red.jpg\" title=\"\" data-rel=\"lightbox-image-17\" data-rl_title=\"\" data-rl_caption=\"\">\n\t\t\t\t\t<img loading=\"lazy\" decoding=\"async\" width=\"400\" height=\"284\" src=\"https:\/\/filles-de-la-charite.org\/wp-content\/uploads\/2023\/12\/3805_Taiwan_red-400x284.jpg\" srcset=\"https:\/\/filles-de-la-charite.org\/wp-content\/uploads\/2023\/12\/3805_Taiwan_red.jpg 479w, https:\/\/filles-de-la-charite.org\/wp-content\/uploads\/2023\/12\/3805_Taiwan_red-400x284.jpg 480w\" sizes=\"(max-width:479px) 479px, 100vw\" class=\"wp-image-31110\" \/>\n\t\t\t\t\t<span class=\"et_overlay\"><\/span>\n\t\t\t\t<\/a>\n\t\t\t\t<\/div><\/div><div class=\"et_pb_gallery_item et_pb_grid_item et_pb_bg_layout_light et_pb_css_mix_blend_mode et_pb_gallery_item_0_18\"><div class=\"et_pb_gallery_image landscape\">\n\t\t\t\t\t<a href=\"https:\/\/filles-de-la-charite.org\/wp-content\/uploads\/2023\/12\/3840_FDLC_Pekin_orphelinat_sd_red.jpg\" title=\"\" data-rel=\"lightbox-image-18\" data-rl_title=\"\" data-rl_caption=\"\">\n\t\t\t\t\t<img loading=\"lazy\" decoding=\"async\" width=\"400\" height=\"284\" src=\"https:\/\/filles-de-la-charite.org\/wp-content\/uploads\/2023\/12\/3840_FDLC_Pekin_orphelinat_sd_red-400x284.jpg\" srcset=\"https:\/\/filles-de-la-charite.org\/wp-content\/uploads\/2023\/12\/3840_FDLC_Pekin_orphelinat_sd_red.jpg 479w, https:\/\/filles-de-la-charite.org\/wp-content\/uploads\/2023\/12\/3840_FDLC_Pekin_orphelinat_sd_red-400x284.jpg 480w\" sizes=\"(max-width:479px) 479px, 100vw\" class=\"wp-image-31116\" \/>\n\t\t\t\t\t<span class=\"et_overlay\"><\/span>\n\t\t\t\t<\/a>\n\t\t\t\t<\/div><\/div><div class=\"et_pb_gallery_item et_pb_grid_item et_pb_bg_layout_light et_pb_css_mix_blend_mode et_pb_gallery_item_0_19\"><div class=\"et_pb_gallery_image landscape\">\n\t\t\t\t\t<a href=\"https:\/\/filles-de-la-charite.org\/wp-content\/uploads\/2023\/12\/3840_enfants-2_red.jpg\" title=\"\" data-rel=\"lightbox-image-19\" data-rl_title=\"\" data-rl_caption=\"\">\n\t\t\t\t\t<img loading=\"lazy\" decoding=\"async\" width=\"400\" height=\"284\" src=\"https:\/\/filles-de-la-charite.org\/wp-content\/uploads\/2023\/12\/3840_enfants-2_red-400x284.jpg\" srcset=\"https:\/\/filles-de-la-charite.org\/wp-content\/uploads\/2023\/12\/3840_enfants-2_red.jpg 479w, https:\/\/filles-de-la-charite.org\/wp-content\/uploads\/2023\/12\/3840_enfants-2_red-400x284.jpg 480w\" sizes=\"(max-width:479px) 479px, 100vw\" class=\"wp-image-31122\" \/>\n\t\t\t\t\t<span class=\"et_overlay\"><\/span>\n\t\t\t\t<\/a>\n\t\t\t\t<\/div><\/div><div class=\"et_pb_gallery_item et_pb_grid_item et_pb_bg_layout_light et_pb_css_mix_blend_mode et_pb_gallery_item_0_20\"><div class=\"et_pb_gallery_image landscape\">\n\t\t\t\t\t<a href=\"https:\/\/filles-de-la-charite.org\/wp-content\/uploads\/2023\/12\/3840_enfants-1_red.jpg\" title=\"\" data-rel=\"lightbox-image-20\" data-rl_title=\"\" data-rl_caption=\"\">\n\t\t\t\t\t<img loading=\"lazy\" decoding=\"async\" width=\"400\" height=\"284\" src=\"https:\/\/filles-de-la-charite.org\/wp-content\/uploads\/2023\/12\/3840_enfants-1_red-400x284.jpg\" srcset=\"https:\/\/filles-de-la-charite.org\/wp-content\/uploads\/2023\/12\/3840_enfants-1_red.jpg 479w, https:\/\/filles-de-la-charite.org\/wp-content\/uploads\/2023\/12\/3840_enfants-1_red-400x284.jpg 480w\" sizes=\"(max-width:479px) 479px, 100vw\" class=\"wp-image-31128\" \/>\n\t\t\t\t\t<span class=\"et_overlay\"><\/span>\n\t\t\t\t<\/a>\n\t\t\t\t<\/div><\/div><div class=\"et_pb_gallery_item et_pb_grid_item et_pb_bg_layout_light et_pb_css_mix_blend_mode et_pb_gallery_item_0_21\"><div class=\"et_pb_gallery_image landscape\">\n\t\t\t\t\t<a href=\"https:\/\/filles-de-la-charite.org\/wp-content\/uploads\/2023\/12\/3840_creche_red.jpg\" title=\"\" data-rel=\"lightbox-image-21\" data-rl_title=\"\" data-rl_caption=\"\">\n\t\t\t\t\t<img loading=\"lazy\" decoding=\"async\" width=\"400\" height=\"284\" src=\"https:\/\/filles-de-la-charite.org\/wp-content\/uploads\/2023\/12\/3840_creche_red-400x284.jpg\" srcset=\"https:\/\/filles-de-la-charite.org\/wp-content\/uploads\/2023\/12\/3840_creche_red.jpg 479w, https:\/\/filles-de-la-charite.org\/wp-content\/uploads\/2023\/12\/3840_creche_red-400x284.jpg 480w\" sizes=\"(max-width:479px) 479px, 100vw\" class=\"wp-image-31134\" \/>\n\t\t\t\t\t<span class=\"et_overlay\"><\/span>\n\t\t\t\t<\/a>\n\t\t\t\t<\/div><\/div><div class=\"et_pb_gallery_item et_pb_grid_item et_pb_bg_layout_light et_pb_css_mix_blend_mode et_pb_gallery_item_0_22\"><div class=\"et_pb_gallery_image landscape\">\n\t\t\t\t\t<a href=\"https:\/\/filles-de-la-charite.org\/wp-content\/uploads\/2023\/12\/3834_Tocantins-2_red.jpg\" title=\"\" data-rel=\"lightbox-image-22\" data-rl_title=\"\" data-rl_caption=\"\">\n\t\t\t\t\t<img loading=\"lazy\" decoding=\"async\" width=\"400\" height=\"284\" src=\"https:\/\/filles-de-la-charite.org\/wp-content\/uploads\/2023\/12\/3834_Tocantins-2_red-400x284.jpg\" srcset=\"https:\/\/filles-de-la-charite.org\/wp-content\/uploads\/2023\/12\/3834_Tocantins-2_red.jpg 479w, https:\/\/filles-de-la-charite.org\/wp-content\/uploads\/2023\/12\/3834_Tocantins-2_red-400x284.jpg 480w\" sizes=\"(max-width:479px) 479px, 100vw\" class=\"wp-image-31140\" \/>\n\t\t\t\t\t<span class=\"et_overlay\"><\/span>\n\t\t\t\t<\/a>\n\t\t\t\t<\/div><\/div><div class=\"et_pb_gallery_item et_pb_grid_item et_pb_bg_layout_light et_pb_css_mix_blend_mode et_pb_gallery_item_0_23\"><div class=\"et_pb_gallery_image landscape\">\n\t\t\t\t\t<a href=\"https:\/\/filles-de-la-charite.org\/wp-content\/uploads\/2023\/12\/3834_Missionnaires_Sacramenta_red.jpg\" title=\"\" data-rel=\"lightbox-image-23\" data-rl_title=\"\" data-rl_caption=\"\">\n\t\t\t\t\t<img loading=\"lazy\" decoding=\"async\" width=\"400\" height=\"284\" src=\"https:\/\/filles-de-la-charite.org\/wp-content\/uploads\/2023\/12\/3834_Missionnaires_Sacramenta_red-400x284.jpg\" srcset=\"https:\/\/filles-de-la-charite.org\/wp-content\/uploads\/2023\/12\/3834_Missionnaires_Sacramenta_red.jpg 479w, https:\/\/filles-de-la-charite.org\/wp-content\/uploads\/2023\/12\/3834_Missionnaires_Sacramenta_red-400x284.jpg 480w\" sizes=\"(max-width:479px) 479px, 100vw\" class=\"wp-image-31146\" \/>\n\t\t\t\t\t<span class=\"et_overlay\"><\/span>\n\t\t\t\t<\/a>\n\t\t\t\t<\/div><\/div><div class=\"et_pb_gallery_item et_pb_grid_item et_pb_bg_layout_light et_pb_css_mix_blend_mode et_pb_gallery_item_0_24\"><div class=\"et_pb_gallery_image landscape\">\n\t\t\t\t\t<a href=\"https:\/\/filles-de-la-charite.org\/wp-content\/uploads\/2023\/12\/3834_Mariana_red.jpg\" title=\"\" data-rel=\"lightbox-image-24\" data-rl_title=\"\" data-rl_caption=\"\">\n\t\t\t\t\t<img loading=\"lazy\" decoding=\"async\" width=\"400\" height=\"284\" src=\"https:\/\/filles-de-la-charite.org\/wp-content\/uploads\/2023\/12\/3834_Mariana_red-400x284.jpg\" srcset=\"https:\/\/filles-de-la-charite.org\/wp-content\/uploads\/2023\/12\/3834_Mariana_red.jpg 479w, https:\/\/filles-de-la-charite.org\/wp-content\/uploads\/2023\/12\/3834_Mariana_red-400x284.jpg 480w\" sizes=\"(max-width:479px) 479px, 100vw\" class=\"wp-image-31152\" \/>\n\t\t\t\t\t<span class=\"et_overlay\"><\/span>\n\t\t\t\t<\/a>\n\t\t\t\t<\/div><\/div><div class=\"et_pb_gallery_item et_pb_grid_item et_pb_bg_layout_light et_pb_css_mix_blend_mode et_pb_gallery_item_0_25\"><div class=\"et_pb_gallery_image landscape\">\n\t\t\t\t\t<a href=\"https:\/\/filles-de-la-charite.org\/wp-content\/uploads\/2023\/12\/3809_Espagne-pharmacie_red-scaled.jpg\" title=\"\" data-rel=\"lightbox-image-25\" data-rl_title=\"\" data-rl_caption=\"\">\n\t\t\t\t\t<img loading=\"lazy\" decoding=\"async\" width=\"400\" height=\"284\" src=\"https:\/\/filles-de-la-charite.org\/wp-content\/uploads\/2023\/12\/3809_Espagne-pharmacie_red-400x284.jpg\" srcset=\"https:\/\/filles-de-la-charite.org\/wp-content\/uploads\/2023\/12\/3809_Espagne-pharmacie_red-scaled.jpg 479w, https:\/\/filles-de-la-charite.org\/wp-content\/uploads\/2023\/12\/3809_Espagne-pharmacie_red-400x284.jpg 480w\" sizes=\"(max-width:479px) 479px, 100vw\" class=\"wp-image-31158\" \/>\n\t\t\t\t\t<span class=\"et_overlay\"><\/span>\n\t\t\t\t<\/a>\n\t\t\t\t<\/div><\/div><div class=\"et_pb_gallery_item et_pb_grid_item et_pb_bg_layout_light et_pb_css_mix_blend_mode et_pb_gallery_item_0_26\"><div class=\"et_pb_gallery_image landscape\">\n\t\t\t\t\t<a href=\"https:\/\/filles-de-la-charite.org\/wp-content\/uploads\/2023\/12\/3809_Espagne-hopital_red.jpg\" title=\"\" data-rel=\"lightbox-image-26\" data-rl_title=\"\" data-rl_caption=\"\">\n\t\t\t\t\t<img loading=\"lazy\" decoding=\"async\" width=\"400\" height=\"284\" src=\"https:\/\/filles-de-la-charite.org\/wp-content\/uploads\/2023\/12\/3809_Espagne-hopital_red-400x284.jpg\" srcset=\"https:\/\/filles-de-la-charite.org\/wp-content\/uploads\/2023\/12\/3809_Espagne-hopital_red.jpg 479w, https:\/\/filles-de-la-charite.org\/wp-content\/uploads\/2023\/12\/3809_Espagne-hopital_red-400x284.jpg 480w\" sizes=\"(max-width:479px) 479px, 100vw\" class=\"wp-image-31164\" \/>\n\t\t\t\t\t<span class=\"et_overlay\"><\/span>\n\t\t\t\t<\/a>\n\t\t\t\t<\/div><\/div><div class=\"et_pb_gallery_item et_pb_grid_item et_pb_bg_layout_light et_pb_css_mix_blend_mode et_pb_gallery_item_0_27\"><div class=\"et_pb_gallery_image landscape\">\n\t\t\t\t\t<a href=\"https:\/\/filles-de-la-charite.org\/wp-content\/uploads\/2023\/12\/3805_Soupe_red-scaled.jpg\" title=\"\" data-rel=\"lightbox-image-27\" data-rl_title=\"\" data-rl_caption=\"\">\n\t\t\t\t\t<img loading=\"lazy\" decoding=\"async\" width=\"400\" height=\"284\" src=\"https:\/\/filles-de-la-charite.org\/wp-content\/uploads\/2023\/12\/3805_Soupe_red-400x284.jpg\" srcset=\"https:\/\/filles-de-la-charite.org\/wp-content\/uploads\/2023\/12\/3805_Soupe_red-scaled.jpg 479w, https:\/\/filles-de-la-charite.org\/wp-content\/uploads\/2023\/12\/3805_Soupe_red-400x284.jpg 480w\" sizes=\"(max-width:479px) 479px, 100vw\" class=\"wp-image-31170\" \/>\n\t\t\t\t\t<span class=\"et_overlay\"><\/span>\n\t\t\t\t<\/a>\n\t\t\t\t<\/div><\/div><div class=\"et_pb_gallery_item et_pb_grid_item et_pb_bg_layout_light et_pb_css_mix_blend_mode et_pb_gallery_item_0_28\"><div class=\"et_pb_gallery_image landscape\">\n\t\t\t\t\t<a href=\"https:\/\/filles-de-la-charite.org\/wp-content\/uploads\/2023\/12\/3805_Personne-agee_red.jpg\" title=\"\" data-rel=\"lightbox-image-28\" data-rl_title=\"\" data-rl_caption=\"\">\n\t\t\t\t\t<img loading=\"lazy\" decoding=\"async\" width=\"400\" height=\"284\" src=\"https:\/\/filles-de-la-charite.org\/wp-content\/uploads\/2023\/12\/3805_Personne-agee_red-400x284.jpg\" srcset=\"https:\/\/filles-de-la-charite.org\/wp-content\/uploads\/2023\/12\/3805_Personne-agee_red.jpg 479w, https:\/\/filles-de-la-charite.org\/wp-content\/uploads\/2023\/12\/3805_Personne-agee_red-400x284.jpg 480w\" sizes=\"(max-width:479px) 479px, 100vw\" class=\"wp-image-31176\" \/>\n\t\t\t\t\t<span class=\"et_overlay\"><\/span>\n\t\t\t\t<\/a>\n\t\t\t\t<\/div><\/div><div class=\"et_pb_gallery_item et_pb_grid_item et_pb_bg_layout_light et_pb_css_mix_blend_mode et_pb_gallery_item_0_29\"><div class=\"et_pb_gallery_image landscape\">\n\t\t\t\t\t<a href=\"https:\/\/filles-de-la-charite.org\/wp-content\/uploads\/2023\/12\/3805_Soupe-populaire-Paris_red.jpg\" title=\"\" data-rel=\"lightbox-image-29\" data-rl_title=\"\" data-rl_caption=\"\">\n\t\t\t\t\t<img loading=\"lazy\" decoding=\"async\" width=\"400\" height=\"284\" src=\"https:\/\/filles-de-la-charite.org\/wp-content\/uploads\/2023\/12\/3805_Soupe-populaire-Paris_red-400x284.jpg\" srcset=\"https:\/\/filles-de-la-charite.org\/wp-content\/uploads\/2023\/12\/3805_Soupe-populaire-Paris_red.jpg 479w, https:\/\/filles-de-la-charite.org\/wp-content\/uploads\/2023\/12\/3805_Soupe-populaire-Paris_red-400x284.jpg 480w\" sizes=\"(max-width:479px) 479px, 100vw\" class=\"wp-image-31182\" \/>\n\t\t\t\t\t<span class=\"et_overlay\"><\/span>\n\t\t\t\t<\/a>\n\t\t\t\t<\/div><\/div><div class=\"et_pb_gallery_item et_pb_grid_item et_pb_bg_layout_light et_pb_css_mix_blend_mode et_pb_gallery_item_0_30\"><div class=\"et_pb_gallery_image landscape\">\n\t\t\t\t\t<a href=\"https:\/\/filles-de-la-charite.org\/wp-content\/uploads\/2023\/12\/3805_Soigner_red.jpg\" title=\"\" data-rel=\"lightbox-image-30\" data-rl_title=\"\" data-rl_caption=\"\">\n\t\t\t\t\t<img loading=\"lazy\" decoding=\"async\" width=\"400\" height=\"284\" src=\"https:\/\/filles-de-la-charite.org\/wp-content\/uploads\/2023\/12\/3805_Soigner_red-400x284.jpg\" srcset=\"https:\/\/filles-de-la-charite.org\/wp-content\/uploads\/2023\/12\/3805_Soigner_red.jpg 479w, https:\/\/filles-de-la-charite.org\/wp-content\/uploads\/2023\/12\/3805_Soigner_red-400x284.jpg 480w\" sizes=\"(max-width:479px) 479px, 100vw\" class=\"wp-image-31188\" \/>\n\t\t\t\t\t<span class=\"et_overlay\"><\/span>\n\t\t\t\t<\/a>\n\t\t\t\t<\/div><\/div><div class=\"et_pb_gallery_item et_pb_grid_item et_pb_bg_layout_light et_pb_css_mix_blend_mode et_pb_gallery_item_0_31\"><div class=\"et_pb_gallery_image landscape\">\n\t\t\t\t\t<a href=\"https:\/\/filles-de-la-charite.org\/wp-content\/uploads\/2023\/12\/3805_Portugal_red.jpg\" title=\"\" data-rel=\"lightbox-image-31\" data-rl_title=\"\" data-rl_caption=\"\">\n\t\t\t\t\t<img loading=\"lazy\" decoding=\"async\" width=\"400\" height=\"284\" src=\"https:\/\/filles-de-la-charite.org\/wp-content\/uploads\/2023\/12\/3805_Portugal_red-400x284.jpg\" srcset=\"https:\/\/filles-de-la-charite.org\/wp-content\/uploads\/2023\/12\/3805_Portugal_red.jpg 479w, https:\/\/filles-de-la-charite.org\/wp-content\/uploads\/2023\/12\/3805_Portugal_red-400x284.jpg 480w\" sizes=\"(max-width:479px) 479px, 100vw\" class=\"wp-image-31194\" \/>\n\t\t\t\t\t<span class=\"et_overlay\"><\/span>\n\t\t\t\t<\/a>\n\t\t\t\t<\/div><\/div><div class=\"et_pb_gallery_item et_pb_grid_item et_pb_bg_layout_light et_pb_css_mix_blend_mode et_pb_gallery_item_0_32\"><div class=\"et_pb_gallery_image landscape\">\n\t\t\t\t\t<a href=\"https:\/\/filles-de-la-charite.org\/wp-content\/uploads\/2023\/12\/3805_Nourrir_red.jpg\" title=\"\" data-rel=\"lightbox-image-32\" data-rl_title=\"\" data-rl_caption=\"\">\n\t\t\t\t\t<img loading=\"lazy\" decoding=\"async\" width=\"400\" height=\"284\" src=\"https:\/\/filles-de-la-charite.org\/wp-content\/uploads\/2023\/12\/3805_Nourrir_red-400x284.jpg\" srcset=\"https:\/\/filles-de-la-charite.org\/wp-content\/uploads\/2023\/12\/3805_Nourrir_red.jpg 479w, https:\/\/filles-de-la-charite.org\/wp-content\/uploads\/2023\/12\/3805_Nourrir_red-400x284.jpg 480w\" sizes=\"(max-width:479px) 479px, 100vw\" class=\"wp-image-31200\" \/>\n\t\t\t\t\t<span class=\"et_overlay\"><\/span>\n\t\t\t\t<\/a>\n\t\t\t\t<\/div><\/div><div class=\"et_pb_gallery_item et_pb_grid_item et_pb_bg_layout_light et_pb_css_mix_blend_mode et_pb_gallery_item_0_33\"><div class=\"et_pb_gallery_image landscape\">\n\t\t\t\t\t<a href=\"https:\/\/filles-de-la-charite.org\/wp-content\/uploads\/2023\/12\/3805_Mozambique_red.jpg\" title=\"\" data-rel=\"lightbox-image-33\" data-rl_title=\"\" data-rl_caption=\"\">\n\t\t\t\t\t<img loading=\"lazy\" decoding=\"async\" width=\"400\" height=\"284\" src=\"https:\/\/filles-de-la-charite.org\/wp-content\/uploads\/2023\/12\/3805_Mozambique_red-400x284.jpg\" srcset=\"https:\/\/filles-de-la-charite.org\/wp-content\/uploads\/2023\/12\/3805_Mozambique_red.jpg 479w, https:\/\/filles-de-la-charite.org\/wp-content\/uploads\/2023\/12\/3805_Mozambique_red-400x284.jpg 480w\" sizes=\"(max-width:479px) 479px, 100vw\" class=\"wp-image-31206\" \/>\n\t\t\t\t\t<span class=\"et_overlay\"><\/span>\n\t\t\t\t<\/a>\n\t\t\t\t<\/div><\/div><div class=\"et_pb_gallery_item et_pb_grid_item et_pb_bg_layout_light et_pb_css_mix_blend_mode et_pb_gallery_item_0_34\"><div class=\"et_pb_gallery_image landscape\">\n\t\t\t\t\t<a href=\"https:\/\/filles-de-la-charite.org\/wp-content\/uploads\/2023\/12\/3805_Missouri-USA_red.jpg\" title=\"\" data-rel=\"lightbox-image-34\" data-rl_title=\"\" data-rl_caption=\"\">\n\t\t\t\t\t<img loading=\"lazy\" decoding=\"async\" width=\"400\" height=\"284\" src=\"https:\/\/filles-de-la-charite.org\/wp-content\/uploads\/2023\/12\/3805_Missouri-USA_red-400x284.jpg\" srcset=\"https:\/\/filles-de-la-charite.org\/wp-content\/uploads\/2023\/12\/3805_Missouri-USA_red.jpg 479w, https:\/\/filles-de-la-charite.org\/wp-content\/uploads\/2023\/12\/3805_Missouri-USA_red-400x284.jpg 480w\" sizes=\"(max-width:479px) 479px, 100vw\" class=\"wp-image-31212\" \/>\n\t\t\t\t\t<span class=\"et_overlay\"><\/span>\n\t\t\t\t<\/a>\n\t\t\t\t<\/div><\/div><div class=\"et_pb_gallery_item et_pb_grid_item et_pb_bg_layout_light et_pb_css_mix_blend_mode et_pb_gallery_item_0_35\"><div class=\"et_pb_gallery_image landscape\">\n\t\t\t\t\t<a href=\"https:\/\/filles-de-la-charite.org\/wp-content\/uploads\/2023\/12\/3805_Maman_red.jpg\" title=\"\" data-rel=\"lightbox-image-35\" data-rl_title=\"\" data-rl_caption=\"\">\n\t\t\t\t\t<img loading=\"lazy\" decoding=\"async\" width=\"400\" height=\"284\" src=\"https:\/\/filles-de-la-charite.org\/wp-content\/uploads\/2023\/12\/3805_Maman_red-400x284.jpg\" srcset=\"https:\/\/filles-de-la-charite.org\/wp-content\/uploads\/2023\/12\/3805_Maman_red.jpg 479w, https:\/\/filles-de-la-charite.org\/wp-content\/uploads\/2023\/12\/3805_Maman_red-400x284.jpg 480w\" sizes=\"(max-width:479px) 479px, 100vw\" class=\"wp-image-31218\" \/>\n\t\t\t\t\t<span class=\"et_overlay\"><\/span>\n\t\t\t\t<\/a>\n\t\t\t\t<\/div><\/div><div class=\"et_pb_gallery_item et_pb_grid_item et_pb_bg_layout_light et_pb_css_mix_blend_mode et_pb_gallery_item_0_36\"><div class=\"et_pb_gallery_image landscape\">\n\t\t\t\t\t<a href=\"https:\/\/filles-de-la-charite.org\/wp-content\/uploads\/2023\/12\/3805_Malade1_red.jpg\" title=\"\" data-rel=\"lightbox-image-36\" data-rl_title=\"\" data-rl_caption=\"\">\n\t\t\t\t\t<img loading=\"lazy\" decoding=\"async\" width=\"400\" height=\"284\" src=\"https:\/\/filles-de-la-charite.org\/wp-content\/uploads\/2023\/12\/3805_Malade1_red-400x284.jpg\" srcset=\"https:\/\/filles-de-la-charite.org\/wp-content\/uploads\/2023\/12\/3805_Malade1_red.jpg 479w, https:\/\/filles-de-la-charite.org\/wp-content\/uploads\/2023\/12\/3805_Malade1_red-400x284.jpg 480w\" sizes=\"(max-width:479px) 479px, 100vw\" class=\"wp-image-31224\" \/>\n\t\t\t\t\t<span class=\"et_overlay\"><\/span>\n\t\t\t\t<\/a>\n\t\t\t\t<\/div><\/div><div class=\"et_pb_gallery_item et_pb_grid_item et_pb_bg_layout_light et_pb_css_mix_blend_mode et_pb_gallery_item_0_37\"><div class=\"et_pb_gallery_image landscape\">\n\t\t\t\t\t<a href=\"https:\/\/filles-de-la-charite.org\/wp-content\/uploads\/2023\/12\/3805_Malade-chez-soi_red.jpg\" title=\"\" data-rel=\"lightbox-image-37\" data-rl_title=\"\" data-rl_caption=\"\">\n\t\t\t\t\t<img loading=\"lazy\" decoding=\"async\" width=\"400\" height=\"284\" src=\"https:\/\/filles-de-la-charite.org\/wp-content\/uploads\/2023\/12\/3805_Malade-chez-soi_red-400x284.jpg\" srcset=\"https:\/\/filles-de-la-charite.org\/wp-content\/uploads\/2023\/12\/3805_Malade-chez-soi_red.jpg 479w, https:\/\/filles-de-la-charite.org\/wp-content\/uploads\/2023\/12\/3805_Malade-chez-soi_red-400x284.jpg 480w\" sizes=\"(max-width:479px) 479px, 100vw\" class=\"wp-image-31230\" \/>\n\t\t\t\t\t<span class=\"et_overlay\"><\/span>\n\t\t\t\t<\/a>\n\t\t\t\t<\/div><\/div><div class=\"et_pb_gallery_item et_pb_grid_item et_pb_bg_layout_light et_pb_css_mix_blend_mode et_pb_gallery_item_0_38\"><div class=\"et_pb_gallery_image landscape\">\n\t\t\t\t\t<a href=\"https:\/\/filles-de-la-charite.org\/wp-content\/uploads\/2023\/12\/3805_Malade_red.jpg\" title=\"\" data-rel=\"lightbox-image-38\" data-rl_title=\"\" data-rl_caption=\"\">\n\t\t\t\t\t<img loading=\"lazy\" decoding=\"async\" width=\"400\" height=\"284\" src=\"https:\/\/filles-de-la-charite.org\/wp-content\/uploads\/2023\/12\/3805_Malade_red-400x284.jpg\" srcset=\"https:\/\/filles-de-la-charite.org\/wp-content\/uploads\/2023\/12\/3805_Malade_red.jpg 479w, https:\/\/filles-de-la-charite.org\/wp-content\/uploads\/2023\/12\/3805_Malade_red-400x284.jpg 480w\" sizes=\"(max-width:479px) 479px, 100vw\" class=\"wp-image-31236\" \/>\n\t\t\t\t\t<span class=\"et_overlay\"><\/span>\n\t\t\t\t<\/a>\n\t\t\t\t<\/div><\/div><div class=\"et_pb_gallery_item et_pb_grid_item et_pb_bg_layout_light et_pb_css_mix_blend_mode et_pb_gallery_item_0_39\"><div class=\"et_pb_gallery_image landscape\">\n\t\t\t\t\t<a href=\"https:\/\/filles-de-la-charite.org\/wp-content\/uploads\/2023\/12\/3805_Famille_red.jpg\" title=\"\" data-rel=\"lightbox-image-39\" data-rl_title=\"\" data-rl_caption=\"\">\n\t\t\t\t\t<img loading=\"lazy\" decoding=\"async\" width=\"400\" height=\"284\" src=\"https:\/\/filles-de-la-charite.org\/wp-content\/uploads\/2023\/12\/3805_Famille_red-400x284.jpg\" srcset=\"https:\/\/filles-de-la-charite.org\/wp-content\/uploads\/2023\/12\/3805_Famille_red.jpg 479w, https:\/\/filles-de-la-charite.org\/wp-content\/uploads\/2023\/12\/3805_Famille_red-400x284.jpg 480w\" sizes=\"(max-width:479px) 479px, 100vw\" class=\"wp-image-31242\" \/>\n\t\t\t\t\t<span class=\"et_overlay\"><\/span>\n\t\t\t\t<\/a>\n\t\t\t\t<\/div><\/div><div class=\"et_pb_gallery_item et_pb_grid_item et_pb_bg_layout_light et_pb_css_mix_blend_mode et_pb_gallery_item_0_40\"><div class=\"et_pb_gallery_image landscape\">\n\t\t\t\t\t<a href=\"https:\/\/filles-de-la-charite.org\/wp-content\/uploads\/2023\/12\/3805_Dispensaire_red.jpg\" title=\"\" data-rel=\"lightbox-image-40\" data-rl_title=\"\" data-rl_caption=\"\">\n\t\t\t\t\t<img loading=\"lazy\" decoding=\"async\" width=\"400\" height=\"284\" src=\"https:\/\/filles-de-la-charite.org\/wp-content\/uploads\/2023\/12\/3805_Dispensaire_red-400x284.jpg\" srcset=\"https:\/\/filles-de-la-charite.org\/wp-content\/uploads\/2023\/12\/3805_Dispensaire_red.jpg 479w, https:\/\/filles-de-la-charite.org\/wp-content\/uploads\/2023\/12\/3805_Dispensaire_red-400x284.jpg 480w\" sizes=\"(max-width:479px) 479px, 100vw\" class=\"wp-image-31248\" \/>\n\t\t\t\t\t<span class=\"et_overlay\"><\/span>\n\t\t\t\t<\/a>\n\t\t\t\t<\/div><\/div><div class=\"et_pb_gallery_item et_pb_grid_item et_pb_bg_layout_light et_pb_css_mix_blend_mode et_pb_gallery_item_0_41\"><div class=\"et_pb_gallery_image landscape\">\n\t\t\t\t\t<a href=\"https:\/\/filles-de-la-charite.org\/wp-content\/uploads\/2023\/12\/3805_dans-la-rue_red.jpg\" title=\"\" data-rel=\"lightbox-image-41\" data-rl_title=\"\" data-rl_caption=\"\">\n\t\t\t\t\t<img loading=\"lazy\" decoding=\"async\" width=\"400\" height=\"284\" src=\"https:\/\/filles-de-la-charite.org\/wp-content\/uploads\/2023\/12\/3805_dans-la-rue_red-400x284.jpg\" srcset=\"https:\/\/filles-de-la-charite.org\/wp-content\/uploads\/2023\/12\/3805_dans-la-rue_red.jpg 479w, https:\/\/filles-de-la-charite.org\/wp-content\/uploads\/2023\/12\/3805_dans-la-rue_red-400x284.jpg 480w\" sizes=\"(max-width:479px) 479px, 100vw\" class=\"wp-image-31254\" \/>\n\t\t\t\t\t<span class=\"et_overlay\"><\/span>\n\t\t\t\t<\/a>\n\t\t\t\t<\/div><\/div><div class=\"et_pb_gallery_item et_pb_grid_item et_pb_bg_layout_light et_pb_css_mix_blend_mode et_pb_gallery_item_0_42\"><div class=\"et_pb_gallery_image landscape\">\n\t\t\t\t\t<a href=\"https:\/\/filles-de-la-charite.org\/wp-content\/uploads\/2023\/12\/3805_Kosovo_red-scaled.jpg\" title=\"\" data-rel=\"lightbox-image-42\" data-rl_title=\"\" data-rl_caption=\"\">\n\t\t\t\t\t<img loading=\"lazy\" decoding=\"async\" width=\"400\" height=\"284\" src=\"https:\/\/filles-de-la-charite.org\/wp-content\/uploads\/2023\/12\/3805_Kosovo_red-400x284.jpg\" srcset=\"https:\/\/filles-de-la-charite.org\/wp-content\/uploads\/2023\/12\/3805_Kosovo_red-scaled.jpg 479w, https:\/\/filles-de-la-charite.org\/wp-content\/uploads\/2023\/12\/3805_Kosovo_red-400x284.jpg 480w\" sizes=\"(max-width:479px) 479px, 100vw\" class=\"wp-image-31260\" \/>\n\t\t\t\t\t<span class=\"et_overlay\"><\/span>\n\t\t\t\t<\/a>\n\t\t\t\t<\/div><\/div><div class=\"et_pb_gallery_item et_pb_grid_item et_pb_bg_layout_light et_pb_css_mix_blend_mode et_pb_gallery_item_0_43\"><div class=\"et_pb_gallery_image landscape\">\n\t\t\t\t\t<a href=\"https:\/\/filles-de-la-charite.org\/wp-content\/uploads\/2023\/12\/3805_Belgique_red.jpg\" title=\"\" data-rel=\"lightbox-image-43\" data-rl_title=\"\" data-rl_caption=\"\">\n\t\t\t\t\t<img loading=\"lazy\" decoding=\"async\" width=\"400\" height=\"284\" src=\"https:\/\/filles-de-la-charite.org\/wp-content\/uploads\/2023\/12\/3805_Belgique_red-400x284.jpg\" srcset=\"https:\/\/filles-de-la-charite.org\/wp-content\/uploads\/2023\/12\/3805_Belgique_red.jpg 479w, https:\/\/filles-de-la-charite.org\/wp-content\/uploads\/2023\/12\/3805_Belgique_red-400x284.jpg 480w\" sizes=\"(max-width:479px) 479px, 100vw\" class=\"wp-image-31266\" \/>\n\t\t\t\t\t<span class=\"et_overlay\"><\/span>\n\t\t\t\t<\/a>\n\t\t\t\t<\/div><\/div><div class=\"et_pb_gallery_item et_pb_grid_item et_pb_bg_layout_light et_pb_css_mix_blend_mode et_pb_gallery_item_0_44\"><div class=\"et_pb_gallery_image landscape\">\n\t\t\t\t\t<a href=\"https:\/\/filles-de-la-charite.org\/wp-content\/uploads\/2023\/12\/3805_Creche-USA_red.jpg\" title=\"\" data-rel=\"lightbox-image-44\" data-rl_title=\"\" data-rl_caption=\"\">\n\t\t\t\t\t<img loading=\"lazy\" decoding=\"async\" width=\"400\" height=\"284\" src=\"https:\/\/filles-de-la-charite.org\/wp-content\/uploads\/2023\/12\/3805_Creche-USA_red-400x284.jpg\" srcset=\"https:\/\/filles-de-la-charite.org\/wp-content\/uploads\/2023\/12\/3805_Creche-USA_red.jpg 479w, https:\/\/filles-de-la-charite.org\/wp-content\/uploads\/2023\/12\/3805_Creche-USA_red-400x284.jpg 480w\" sizes=\"(max-width:479px) 479px, 100vw\" class=\"wp-image-31272\" \/>\n\t\t\t\t\t<span class=\"et_overlay\"><\/span>\n\t\t\t\t<\/a>\n\t\t\t\t<\/div><\/div><div class=\"et_pb_gallery_item et_pb_grid_item et_pb_bg_layout_light et_pb_css_mix_blend_mode et_pb_gallery_item_0_45\"><div class=\"et_pb_gallery_image landscape\">\n\t\t\t\t\t<a href=\"https:\/\/filles-de-la-charite.org\/wp-content\/uploads\/2023\/12\/3805_Algerie_red-scaled.jpg\" title=\"\" data-rel=\"lightbox-image-45\" data-rl_title=\"\" data-rl_caption=\"\">\n\t\t\t\t\t<img loading=\"lazy\" decoding=\"async\" width=\"400\" height=\"284\" src=\"https:\/\/filles-de-la-charite.org\/wp-content\/uploads\/2023\/12\/3805_Algerie_red-400x284.jpg\" srcset=\"https:\/\/filles-de-la-charite.org\/wp-content\/uploads\/2023\/12\/3805_Algerie_red-scaled.jpg 479w, https:\/\/filles-de-la-charite.org\/wp-content\/uploads\/2023\/12\/3805_Algerie_red-400x284.jpg 480w\" sizes=\"(max-width:479px) 479px, 100vw\" class=\"wp-image-31278\" \/>\n\t\t\t\t\t<span class=\"et_overlay\"><\/span>\n\t\t\t\t<\/a>\n\t\t\t\t<\/div><\/div><div class=\"et_pb_gallery_item et_pb_grid_item et_pb_bg_layout_light et_pb_css_mix_blend_mode et_pb_gallery_item_0_46\"><div class=\"et_pb_gallery_image landscape\">\n\t\t\t\t\t<a href=\"https:\/\/filles-de-la-charite.org\/wp-content\/uploads\/2023\/12\/3805_Creche-Paris_red.jpg\" title=\"\" data-rel=\"lightbox-image-46\" data-rl_title=\"\" data-rl_caption=\"\">\n\t\t\t\t\t<img loading=\"lazy\" decoding=\"async\" width=\"400\" height=\"284\" src=\"https:\/\/filles-de-la-charite.org\/wp-content\/uploads\/2023\/12\/3805_Creche-Paris_red-400x284.jpg\" srcset=\"https:\/\/filles-de-la-charite.org\/wp-content\/uploads\/2023\/12\/3805_Creche-Paris_red.jpg 479w, https:\/\/filles-de-la-charite.org\/wp-content\/uploads\/2023\/12\/3805_Creche-Paris_red-400x284.jpg 480w\" sizes=\"(max-width:479px) 479px, 100vw\" class=\"wp-image-31284\" \/>\n\t\t\t\t\t<span class=\"et_overlay\"><\/span>\n\t\t\t\t<\/a>\n\t\t\t\t<\/div><\/div><div class=\"et_pb_gallery_item et_pb_grid_item et_pb_bg_layout_light et_pb_css_mix_blend_mode et_pb_gallery_item_0_47\"><div class=\"et_pb_gallery_image landscape\">\n\t\t\t\t\t<a href=\"https:\/\/filles-de-la-charite.org\/wp-content\/uploads\/2023\/12\/3805_Chez-les-mineurs_red.jpg\" title=\"\" data-rel=\"lightbox-image-47\" data-rl_title=\"\" data-rl_caption=\"\">\n\t\t\t\t\t<img loading=\"lazy\" decoding=\"async\" width=\"400\" height=\"284\" src=\"https:\/\/filles-de-la-charite.org\/wp-content\/uploads\/2023\/12\/3805_Chez-les-mineurs_red-400x284.jpg\" srcset=\"https:\/\/filles-de-la-charite.org\/wp-content\/uploads\/2023\/12\/3805_Chez-les-mineurs_red.jpg 479w, https:\/\/filles-de-la-charite.org\/wp-content\/uploads\/2023\/12\/3805_Chez-les-mineurs_red-400x284.jpg 480w\" sizes=\"(max-width:479px) 479px, 100vw\" class=\"wp-image-31290\" \/>\n\t\t\t\t\t<span class=\"et_overlay\"><\/span>\n\t\t\t\t<\/a>\n\t\t\t\t<\/div><\/div><div class=\"et_pb_gallery_item et_pb_grid_item et_pb_bg_layout_light et_pb_css_mix_blend_mode et_pb_gallery_item_0_48\"><div class=\"et_pb_gallery_image landscape\">\n\t\t\t\t\t<a href=\"https:\/\/filles-de-la-charite.org\/wp-content\/uploads\/2023\/12\/3801_Visite1_red.jpg\" title=\"\" data-rel=\"lightbox-image-48\" data-rl_title=\"\" data-rl_caption=\"\">\n\t\t\t\t\t<img loading=\"lazy\" decoding=\"async\" width=\"400\" height=\"284\" src=\"https:\/\/filles-de-la-charite.org\/wp-content\/uploads\/2023\/12\/3801_Visite1_red-400x284.jpg\" srcset=\"https:\/\/filles-de-la-charite.org\/wp-content\/uploads\/2023\/12\/3801_Visite1_red.jpg 479w, https:\/\/filles-de-la-charite.org\/wp-content\/uploads\/2023\/12\/3801_Visite1_red-400x284.jpg 480w\" sizes=\"(max-width:479px) 479px, 100vw\" class=\"wp-image-31296\" \/>\n\t\t\t\t\t<span class=\"et_overlay\"><\/span>\n\t\t\t\t<\/a>\n\t\t\t\t<\/div><\/div><div class=\"et_pb_gallery_item et_pb_grid_item et_pb_bg_layout_light et_pb_css_mix_blend_mode et_pb_gallery_item_0_49\"><div class=\"et_pb_gallery_image landscape\">\n\t\t\t\t\t<a href=\"https:\/\/filles-de-la-charite.org\/wp-content\/uploads\/2023\/12\/3801_Vers-la-maison-des-pauvres_red.jpg\" title=\"\" data-rel=\"lightbox-image-49\" data-rl_title=\"\" data-rl_caption=\"\">\n\t\t\t\t\t<img loading=\"lazy\" decoding=\"async\" width=\"400\" height=\"284\" src=\"https:\/\/filles-de-la-charite.org\/wp-content\/uploads\/2023\/12\/3801_Vers-la-maison-des-pauvres_red-400x284.jpg\" srcset=\"https:\/\/filles-de-la-charite.org\/wp-content\/uploads\/2023\/12\/3801_Vers-la-maison-des-pauvres_red.jpg 479w, https:\/\/filles-de-la-charite.org\/wp-content\/uploads\/2023\/12\/3801_Vers-la-maison-des-pauvres_red-400x284.jpg 480w\" sizes=\"(max-width:479px) 479px, 100vw\" class=\"wp-image-31302\" \/>\n\t\t\t\t\t<span class=\"et_overlay\"><\/span>\n\t\t\t\t<\/a>\n\t\t\t\t<\/div><\/div><div class=\"et_pb_gallery_item et_pb_grid_item et_pb_bg_layout_light et_pb_css_mix_blend_mode et_pb_gallery_item_0_50\"><div class=\"et_pb_gallery_image landscape\">\n\t\t\t\t\t<a href=\"https:\/\/filles-de-la-charite.org\/wp-content\/uploads\/2023\/12\/3801_Soins-lepreux_red.jpg\" title=\"\" data-rel=\"lightbox-image-50\" data-rl_title=\"\" data-rl_caption=\"\">\n\t\t\t\t\t<img loading=\"lazy\" decoding=\"async\" width=\"400\" height=\"284\" src=\"https:\/\/filles-de-la-charite.org\/wp-content\/uploads\/2023\/12\/3801_Soins-lepreux_red-400x284.jpg\" srcset=\"https:\/\/filles-de-la-charite.org\/wp-content\/uploads\/2023\/12\/3801_Soins-lepreux_red.jpg 479w, https:\/\/filles-de-la-charite.org\/wp-content\/uploads\/2023\/12\/3801_Soins-lepreux_red-400x284.jpg 480w\" sizes=\"(max-width:479px) 479px, 100vw\" class=\"wp-image-31308\" \/>\n\t\t\t\t\t<span class=\"et_overlay\"><\/span>\n\t\t\t\t<\/a>\n\t\t\t\t<\/div><\/div><div class=\"et_pb_gallery_item et_pb_grid_item et_pb_bg_layout_light et_pb_css_mix_blend_mode et_pb_gallery_item_0_51\"><div class=\"et_pb_gallery_image landscape\">\n\t\t\t\t\t<a href=\"https:\/\/filles-de-la-charite.org\/wp-content\/uploads\/2023\/12\/3804_visite-des-pauvres-a-Guayaquil-2_red.jpg\" title=\"\" data-rel=\"lightbox-image-51\" data-rl_title=\"\" data-rl_caption=\"\">\n\t\t\t\t\t<img loading=\"lazy\" decoding=\"async\" width=\"400\" height=\"284\" src=\"https:\/\/filles-de-la-charite.org\/wp-content\/uploads\/2023\/12\/3804_visite-des-pauvres-a-Guayaquil-2_red-400x284.jpg\" srcset=\"https:\/\/filles-de-la-charite.org\/wp-content\/uploads\/2023\/12\/3804_visite-des-pauvres-a-Guayaquil-2_red.jpg 479w, https:\/\/filles-de-la-charite.org\/wp-content\/uploads\/2023\/12\/3804_visite-des-pauvres-a-Guayaquil-2_red-400x284.jpg 480w\" sizes=\"(max-width:479px) 479px, 100vw\" class=\"wp-image-31314\" \/>\n\t\t\t\t\t<span class=\"et_overlay\"><\/span>\n\t\t\t\t<\/a>\n\t\t\t\t<\/div><\/div><div class=\"et_pb_gallery_item et_pb_grid_item et_pb_bg_layout_light et_pb_css_mix_blend_mode et_pb_gallery_item_0_52\"><div class=\"et_pb_gallery_image landscape\">\n\t\t\t\t\t<a href=\"https:\/\/filles-de-la-charite.org\/wp-content\/uploads\/2023\/12\/3804_visite-des-pauvres-a-Guayaquil-1_red.jpg\" title=\"\" data-rel=\"lightbox-image-52\" data-rl_title=\"\" data-rl_caption=\"\">\n\t\t\t\t\t<img loading=\"lazy\" decoding=\"async\" width=\"400\" height=\"284\" src=\"https:\/\/filles-de-la-charite.org\/wp-content\/uploads\/2023\/12\/3804_visite-des-pauvres-a-Guayaquil-1_red-400x284.jpg\" srcset=\"https:\/\/filles-de-la-charite.org\/wp-content\/uploads\/2023\/12\/3804_visite-des-pauvres-a-Guayaquil-1_red.jpg 479w, https:\/\/filles-de-la-charite.org\/wp-content\/uploads\/2023\/12\/3804_visite-des-pauvres-a-Guayaquil-1_red-400x284.jpg 480w\" sizes=\"(max-width:479px) 479px, 100vw\" class=\"wp-image-31320\" \/>\n\t\t\t\t\t<span class=\"et_overlay\"><\/span>\n\t\t\t\t<\/a>\n\t\t\t\t<\/div><\/div><div class=\"et_pb_gallery_item et_pb_grid_item et_pb_bg_layout_light et_pb_css_mix_blend_mode et_pb_gallery_item_0_53\"><div class=\"et_pb_gallery_image landscape\">\n\t\t\t\t\t<a href=\"https:\/\/filles-de-la-charite.org\/wp-content\/uploads\/2023\/12\/3801_Visite_red.jpg\" title=\"\" data-rel=\"lightbox-image-53\" data-rl_title=\"\" data-rl_caption=\"\">\n\t\t\t\t\t<img loading=\"lazy\" decoding=\"async\" width=\"400\" height=\"284\" src=\"https:\/\/filles-de-la-charite.org\/wp-content\/uploads\/2023\/12\/3801_Visite_red-400x284.jpg\" srcset=\"https:\/\/filles-de-la-charite.org\/wp-content\/uploads\/2023\/12\/3801_Visite_red.jpg 479w, https:\/\/filles-de-la-charite.org\/wp-content\/uploads\/2023\/12\/3801_Visite_red-400x284.jpg 480w\" sizes=\"(max-width:479px) 479px, 100vw\" class=\"wp-image-31326\" \/>\n\t\t\t\t\t<span class=\"et_overlay\"><\/span>\n\t\t\t\t<\/a>\n\t\t\t\t<\/div><\/div><div class=\"et_pb_gallery_item et_pb_grid_item et_pb_bg_layout_light et_pb_css_mix_blend_mode et_pb_gallery_item_0_54\"><div class=\"et_pb_gallery_image landscape\">\n\t\t\t\t\t<a href=\"https:\/\/filles-de-la-charite.org\/wp-content\/uploads\/2023\/12\/3801_Vietnam_red.jpg\" title=\"\" data-rel=\"lightbox-image-54\" data-rl_title=\"\" data-rl_caption=\"\">\n\t\t\t\t\t<img loading=\"lazy\" decoding=\"async\" width=\"400\" height=\"284\" src=\"https:\/\/filles-de-la-charite.org\/wp-content\/uploads\/2023\/12\/3801_Vietnam_red-400x284.jpg\" srcset=\"https:\/\/filles-de-la-charite.org\/wp-content\/uploads\/2023\/12\/3801_Vietnam_red.jpg 479w, https:\/\/filles-de-la-charite.org\/wp-content\/uploads\/2023\/12\/3801_Vietnam_red-400x284.jpg 480w\" sizes=\"(max-width:479px) 479px, 100vw\" class=\"wp-image-31332\" \/>\n\t\t\t\t\t<span class=\"et_overlay\"><\/span>\n\t\t\t\t<\/a>\n\t\t\t\t<\/div><\/div><div class=\"et_pb_gallery_item et_pb_grid_item et_pb_bg_layout_light et_pb_css_mix_blend_mode et_pb_gallery_item_0_55\"><div class=\"et_pb_gallery_image landscape\">\n\t\t\t\t\t<a href=\"https:\/\/filles-de-la-charite.org\/wp-content\/uploads\/2023\/12\/3801_Rencontrer1_red.jpg\" title=\"\" data-rel=\"lightbox-image-55\" data-rl_title=\"\" data-rl_caption=\"\">\n\t\t\t\t\t<img loading=\"lazy\" decoding=\"async\" width=\"400\" height=\"284\" src=\"https:\/\/filles-de-la-charite.org\/wp-content\/uploads\/2023\/12\/3801_Rencontrer1_red-400x284.jpg\" srcset=\"https:\/\/filles-de-la-charite.org\/wp-content\/uploads\/2023\/12\/3801_Rencontrer1_red.jpg 479w, https:\/\/filles-de-la-charite.org\/wp-content\/uploads\/2023\/12\/3801_Rencontrer1_red-400x284.jpg 480w\" sizes=\"(max-width:479px) 479px, 100vw\" class=\"wp-image-31338\" \/>\n\t\t\t\t\t<span class=\"et_overlay\"><\/span>\n\t\t\t\t<\/a>\n\t\t\t\t<\/div><\/div><div class=\"et_pb_gallery_item et_pb_grid_item et_pb_bg_layout_light et_pb_css_mix_blend_mode et_pb_gallery_item_0_56\"><div class=\"et_pb_gallery_image landscape\">\n\t\t\t\t\t<a href=\"https:\/\/filles-de-la-charite.org\/wp-content\/uploads\/2023\/12\/3801_preparatifs_red-scaled.jpg\" title=\"\" data-rel=\"lightbox-image-56\" data-rl_title=\"\" data-rl_caption=\"\">\n\t\t\t\t\t<img loading=\"lazy\" decoding=\"async\" width=\"400\" height=\"284\" src=\"https:\/\/filles-de-la-charite.org\/wp-content\/uploads\/2023\/12\/3801_preparatifs_red-400x284.jpg\" srcset=\"https:\/\/filles-de-la-charite.org\/wp-content\/uploads\/2023\/12\/3801_preparatifs_red-scaled.jpg 479w, https:\/\/filles-de-la-charite.org\/wp-content\/uploads\/2023\/12\/3801_preparatifs_red-400x284.jpg 480w\" sizes=\"(max-width:479px) 479px, 100vw\" class=\"wp-image-31344\" \/>\n\t\t\t\t\t<span class=\"et_overlay\"><\/span>\n\t\t\t\t<\/a>\n\t\t\t\t<\/div><\/div><div class=\"et_pb_gallery_item et_pb_grid_item et_pb_bg_layout_light et_pb_css_mix_blend_mode et_pb_gallery_item_0_57\"><div class=\"et_pb_gallery_image landscape\">\n\t\t\t\t\t<a href=\"https:\/\/filles-de-la-charite.org\/wp-content\/uploads\/2023\/12\/3801_Rencontrer_red.jpg\" title=\"\" data-rel=\"lightbox-image-57\" data-rl_title=\"\" data-rl_caption=\"\">\n\t\t\t\t\t<img loading=\"lazy\" decoding=\"async\" width=\"400\" height=\"284\" src=\"https:\/\/filles-de-la-charite.org\/wp-content\/uploads\/2023\/12\/3801_Rencontrer_red-400x284.jpg\" srcset=\"https:\/\/filles-de-la-charite.org\/wp-content\/uploads\/2023\/12\/3801_Rencontrer_red.jpg 479w, https:\/\/filles-de-la-charite.org\/wp-content\/uploads\/2023\/12\/3801_Rencontrer_red-400x284.jpg 480w\" sizes=\"(max-width:479px) 479px, 100vw\" class=\"wp-image-31350\" \/>\n\t\t\t\t\t<span class=\"et_overlay\"><\/span>\n\t\t\t\t<\/a>\n\t\t\t\t<\/div><\/div><div class=\"et_pb_gallery_item et_pb_grid_item et_pb_bg_layout_light et_pb_css_mix_blend_mode et_pb_gallery_item_0_58\"><div class=\"et_pb_gallery_image landscape\">\n\t\t\t\t\t<a href=\"https:\/\/filles-de-la-charite.org\/wp-content\/uploads\/2023\/12\/3801_Pauvre_red.jpg\" title=\"\" data-rel=\"lightbox-image-58\" data-rl_title=\"\" data-rl_caption=\"\">\n\t\t\t\t\t<img loading=\"lazy\" decoding=\"async\" width=\"400\" height=\"284\" src=\"https:\/\/filles-de-la-charite.org\/wp-content\/uploads\/2023\/12\/3801_Pauvre_red-400x284.jpg\" srcset=\"https:\/\/filles-de-la-charite.org\/wp-content\/uploads\/2023\/12\/3801_Pauvre_red.jpg 479w, https:\/\/filles-de-la-charite.org\/wp-content\/uploads\/2023\/12\/3801_Pauvre_red-400x284.jpg 480w\" sizes=\"(max-width:479px) 479px, 100vw\" class=\"wp-image-31356\" \/>\n\t\t\t\t\t<span class=\"et_overlay\"><\/span>\n\t\t\t\t<\/a>\n\t\t\t\t<\/div><\/div><div class=\"et_pb_gallery_item et_pb_grid_item et_pb_bg_layout_light et_pb_css_mix_blend_mode et_pb_gallery_item_0_59\"><div class=\"et_pb_gallery_image landscape\">\n\t\t\t\t\t<a href=\"https:\/\/filles-de-la-charite.org\/wp-content\/uploads\/2023\/12\/3801_Parmi-les-pauvres_red.jpg\" title=\"\" data-rel=\"lightbox-image-59\" data-rl_title=\"\" data-rl_caption=\"\">\n\t\t\t\t\t<img loading=\"lazy\" decoding=\"async\" width=\"400\" height=\"284\" src=\"https:\/\/filles-de-la-charite.org\/wp-content\/uploads\/2023\/12\/3801_Parmi-les-pauvres_red-400x284.jpg\" srcset=\"https:\/\/filles-de-la-charite.org\/wp-content\/uploads\/2023\/12\/3801_Parmi-les-pauvres_red.jpg 479w, https:\/\/filles-de-la-charite.org\/wp-content\/uploads\/2023\/12\/3801_Parmi-les-pauvres_red-400x284.jpg 480w\" sizes=\"(max-width:479px) 479px, 100vw\" class=\"wp-image-31362\" \/>\n\t\t\t\t\t<span class=\"et_overlay\"><\/span>\n\t\t\t\t<\/a>\n\t\t\t\t<\/div><\/div><div class=\"et_pb_gallery_item et_pb_grid_item et_pb_bg_layout_light et_pb_css_mix_blend_mode et_pb_gallery_item_0_60\"><div class=\"et_pb_gallery_image landscape\">\n\t\t\t\t\t<a href=\"https:\/\/filles-de-la-charite.org\/wp-content\/uploads\/2023\/12\/3801_Paraguay_red.jpg\" title=\"\" data-rel=\"lightbox-image-60\" data-rl_title=\"\" data-rl_caption=\"\">\n\t\t\t\t\t<img loading=\"lazy\" decoding=\"async\" width=\"400\" height=\"284\" src=\"https:\/\/filles-de-la-charite.org\/wp-content\/uploads\/2023\/12\/3801_Paraguay_red-400x284.jpg\" srcset=\"https:\/\/filles-de-la-charite.org\/wp-content\/uploads\/2023\/12\/3801_Paraguay_red.jpg 479w, https:\/\/filles-de-la-charite.org\/wp-content\/uploads\/2023\/12\/3801_Paraguay_red-400x284.jpg 480w\" sizes=\"(max-width:479px) 479px, 100vw\" class=\"wp-image-31368\" \/>\n\t\t\t\t\t<span class=\"et_overlay\"><\/span>\n\t\t\t\t<\/a>\n\t\t\t\t<\/div><\/div><div class=\"et_pb_gallery_item et_pb_grid_item et_pb_bg_layout_light et_pb_css_mix_blend_mode et_pb_gallery_item_0_61\"><div class=\"et_pb_gallery_image landscape\">\n\t\t\t\t\t<a href=\"https:\/\/filles-de-la-charite.org\/wp-content\/uploads\/2023\/12\/3801_main-a-main_red.jpg\" title=\"\" data-rel=\"lightbox-image-61\" data-rl_title=\"\" data-rl_caption=\"\">\n\t\t\t\t\t<img loading=\"lazy\" decoding=\"async\" width=\"400\" height=\"284\" src=\"https:\/\/filles-de-la-charite.org\/wp-content\/uploads\/2023\/12\/3801_main-a-main_red-400x284.jpg\" srcset=\"https:\/\/filles-de-la-charite.org\/wp-content\/uploads\/2023\/12\/3801_main-a-main_red.jpg 479w, https:\/\/filles-de-la-charite.org\/wp-content\/uploads\/2023\/12\/3801_main-a-main_red-400x284.jpg 480w\" sizes=\"(max-width:479px) 479px, 100vw\" class=\"wp-image-31374\" \/>\n\t\t\t\t\t<span class=\"et_overlay\"><\/span>\n\t\t\t\t<\/a>\n\t\t\t\t<\/div><\/div><div class=\"et_pb_gallery_item et_pb_grid_item et_pb_bg_layout_light et_pb_css_mix_blend_mode et_pb_gallery_item_0_62\"><div class=\"et_pb_gallery_image landscape\">\n\t\t\t\t\t<a href=\"https:\/\/filles-de-la-charite.org\/wp-content\/uploads\/2023\/12\/3801_Mettre-a-l_abri_red.jpg\" title=\"\" data-rel=\"lightbox-image-62\" data-rl_title=\"\" data-rl_caption=\"\">\n\t\t\t\t\t<img loading=\"lazy\" decoding=\"async\" width=\"400\" height=\"284\" src=\"https:\/\/filles-de-la-charite.org\/wp-content\/uploads\/2023\/12\/3801_Mettre-a-l_abri_red-400x284.jpg\" srcset=\"https:\/\/filles-de-la-charite.org\/wp-content\/uploads\/2023\/12\/3801_Mettre-a-l_abri_red.jpg 479w, https:\/\/filles-de-la-charite.org\/wp-content\/uploads\/2023\/12\/3801_Mettre-a-l_abri_red-400x284.jpg 480w\" sizes=\"(max-width:479px) 479px, 100vw\" class=\"wp-image-31380\" \/>\n\t\t\t\t\t<span class=\"et_overlay\"><\/span>\n\t\t\t\t<\/a>\n\t\t\t\t<\/div><\/div><div class=\"et_pb_gallery_item et_pb_grid_item et_pb_bg_layout_light et_pb_css_mix_blend_mode et_pb_gallery_item_0_63\"><div class=\"et_pb_gallery_image landscape\">\n\t\t\t\t\t<a href=\"https:\/\/filles-de-la-charite.org\/wp-content\/uploads\/2023\/12\/3801_Les-Soeurs-arrivent_red.jpg\" title=\"\" data-rel=\"lightbox-image-63\" data-rl_title=\"\" data-rl_caption=\"\">\n\t\t\t\t\t<img loading=\"lazy\" decoding=\"async\" width=\"400\" height=\"284\" src=\"https:\/\/filles-de-la-charite.org\/wp-content\/uploads\/2023\/12\/3801_Les-Soeurs-arrivent_red-400x284.jpg\" srcset=\"https:\/\/filles-de-la-charite.org\/wp-content\/uploads\/2023\/12\/3801_Les-Soeurs-arrivent_red.jpg 479w, https:\/\/filles-de-la-charite.org\/wp-content\/uploads\/2023\/12\/3801_Les-Soeurs-arrivent_red-400x284.jpg 480w\" sizes=\"(max-width:479px) 479px, 100vw\" class=\"wp-image-31386\" \/>\n\t\t\t\t\t<span class=\"et_overlay\"><\/span>\n\t\t\t\t<\/a>\n\t\t\t\t<\/div><\/div><div class=\"et_pb_gallery_item et_pb_grid_item et_pb_bg_layout_light et_pb_css_mix_blend_mode et_pb_gallery_item_0_64\"><div class=\"et_pb_gallery_image landscape\">\n\t\t\t\t\t<a href=\"https:\/\/filles-de-la-charite.org\/wp-content\/uploads\/2023\/12\/3801_lepreux_red.jpg\" title=\"\" data-rel=\"lightbox-image-64\" data-rl_title=\"\" data-rl_caption=\"\">\n\t\t\t\t\t<img loading=\"lazy\" decoding=\"async\" width=\"400\" height=\"284\" src=\"https:\/\/filles-de-la-charite.org\/wp-content\/uploads\/2023\/12\/3801_lepreux_red-400x284.jpg\" srcset=\"https:\/\/filles-de-la-charite.org\/wp-content\/uploads\/2023\/12\/3801_lepreux_red.jpg 479w, https:\/\/filles-de-la-charite.org\/wp-content\/uploads\/2023\/12\/3801_lepreux_red-400x284.jpg 480w\" sizes=\"(max-width:479px) 479px, 100vw\" class=\"wp-image-31392\" \/>\n\t\t\t\t\t<span class=\"et_overlay\"><\/span>\n\t\t\t\t<\/a>\n\t\t\t\t<\/div><\/div><div class=\"et_pb_gallery_item et_pb_grid_item et_pb_bg_layout_light et_pb_css_mix_blend_mode et_pb_gallery_item_0_65\"><div class=\"et_pb_gallery_image landscape\">\n\t\t\t\t\t<a href=\"https:\/\/filles-de-la-charite.org\/wp-content\/uploads\/2023\/12\/3801_Japon_red.jpg\" title=\"\" data-rel=\"lightbox-image-65\" data-rl_title=\"\" data-rl_caption=\"\">\n\t\t\t\t\t<img loading=\"lazy\" decoding=\"async\" width=\"400\" height=\"284\" src=\"https:\/\/filles-de-la-charite.org\/wp-content\/uploads\/2023\/12\/3801_Japon_red-400x284.jpg\" srcset=\"https:\/\/filles-de-la-charite.org\/wp-content\/uploads\/2023\/12\/3801_Japon_red.jpg 479w, https:\/\/filles-de-la-charite.org\/wp-content\/uploads\/2023\/12\/3801_Japon_red-400x284.jpg 480w\" sizes=\"(max-width:479px) 479px, 100vw\" class=\"wp-image-31398\" \/>\n\t\t\t\t\t<span class=\"et_overlay\"><\/span>\n\t\t\t\t<\/a>\n\t\t\t\t<\/div><\/div><div class=\"et_pb_gallery_item et_pb_grid_item et_pb_bg_layout_light et_pb_css_mix_blend_mode et_pb_gallery_item_0_66\"><div class=\"et_pb_gallery_image landscape\">\n\t\t\t\t\t<a href=\"https:\/\/filles-de-la-charite.org\/wp-content\/uploads\/2023\/12\/3801_Japon1_red-scaled.jpg\" title=\"\" data-rel=\"lightbox-image-66\" data-rl_title=\"\" data-rl_caption=\"\">\n\t\t\t\t\t<img loading=\"lazy\" decoding=\"async\" width=\"400\" height=\"284\" src=\"https:\/\/filles-de-la-charite.org\/wp-content\/uploads\/2023\/12\/3801_Japon1_red-400x284.jpg\" srcset=\"https:\/\/filles-de-la-charite.org\/wp-content\/uploads\/2023\/12\/3801_Japon1_red-scaled.jpg 479w, https:\/\/filles-de-la-charite.org\/wp-content\/uploads\/2023\/12\/3801_Japon1_red-400x284.jpg 480w\" sizes=\"(max-width:479px) 479px, 100vw\" class=\"wp-image-31404\" \/>\n\t\t\t\t\t<span class=\"et_overlay\"><\/span>\n\t\t\t\t<\/a>\n\t\t\t\t<\/div><\/div><div class=\"et_pb_gallery_item et_pb_grid_item et_pb_bg_layout_light et_pb_css_mix_blend_mode et_pb_gallery_item_0_67\"><div class=\"et_pb_gallery_image landscape\">\n\t\t\t\t\t<a href=\"https:\/\/filles-de-la-charite.org\/wp-content\/uploads\/2023\/12\/3801_Japon-the_red.jpg\" title=\"\" data-rel=\"lightbox-image-67\" data-rl_title=\"\" data-rl_caption=\"\">\n\t\t\t\t\t<img loading=\"lazy\" decoding=\"async\" width=\"400\" height=\"284\" src=\"https:\/\/filles-de-la-charite.org\/wp-content\/uploads\/2023\/12\/3801_Japon-the_red-400x284.jpg\" srcset=\"https:\/\/filles-de-la-charite.org\/wp-content\/uploads\/2023\/12\/3801_Japon-the_red.jpg 479w, https:\/\/filles-de-la-charite.org\/wp-content\/uploads\/2023\/12\/3801_Japon-the_red-400x284.jpg 480w\" sizes=\"(max-width:479px) 479px, 100vw\" class=\"wp-image-31410\" \/>\n\t\t\t\t\t<span class=\"et_overlay\"><\/span>\n\t\t\t\t<\/a>\n\t\t\t\t<\/div><\/div><div class=\"et_pb_gallery_item et_pb_grid_item et_pb_bg_layout_light et_pb_css_mix_blend_mode et_pb_gallery_item_0_68\"><div class=\"et_pb_gallery_image landscape\">\n\t\t\t\t\t<a href=\"https:\/\/filles-de-la-charite.org\/wp-content\/uploads\/2023\/12\/3801_famille-grande_red.jpg\" title=\"\" data-rel=\"lightbox-image-68\" data-rl_title=\"\" data-rl_caption=\"\">\n\t\t\t\t\t<img loading=\"lazy\" decoding=\"async\" width=\"400\" height=\"284\" src=\"https:\/\/filles-de-la-charite.org\/wp-content\/uploads\/2023\/12\/3801_famille-grande_red-400x284.jpg\" srcset=\"https:\/\/filles-de-la-charite.org\/wp-content\/uploads\/2023\/12\/3801_famille-grande_red.jpg 479w, https:\/\/filles-de-la-charite.org\/wp-content\/uploads\/2023\/12\/3801_famille-grande_red-400x284.jpg 480w\" sizes=\"(max-width:479px) 479px, 100vw\" class=\"wp-image-31416\" \/>\n\t\t\t\t\t<span class=\"et_overlay\"><\/span>\n\t\t\t\t<\/a>\n\t\t\t\t<\/div><\/div><div class=\"et_pb_gallery_item et_pb_grid_item et_pb_bg_layout_light et_pb_css_mix_blend_mode et_pb_gallery_item_0_69\"><div class=\"et_pb_gallery_image landscape\">\n\t\t\t\t\t<a href=\"https:\/\/filles-de-la-charite.org\/wp-content\/uploads\/2023\/12\/3801_Etre-belle_red.jpg\" title=\"\" data-rel=\"lightbox-image-69\" data-rl_title=\"\" data-rl_caption=\"\">\n\t\t\t\t\t<img loading=\"lazy\" decoding=\"async\" width=\"400\" height=\"284\" src=\"https:\/\/filles-de-la-charite.org\/wp-content\/uploads\/2023\/12\/3801_Etre-belle_red-400x284.jpg\" srcset=\"https:\/\/filles-de-la-charite.org\/wp-content\/uploads\/2023\/12\/3801_Etre-belle_red.jpg 479w, https:\/\/filles-de-la-charite.org\/wp-content\/uploads\/2023\/12\/3801_Etre-belle_red-400x284.jpg 480w\" sizes=\"(max-width:479px) 479px, 100vw\" class=\"wp-image-31422\" \/>\n\t\t\t\t\t<span class=\"et_overlay\"><\/span>\n\t\t\t\t<\/a>\n\t\t\t\t<\/div><\/div><div class=\"et_pb_gallery_item et_pb_grid_item et_pb_bg_layout_light et_pb_css_mix_blend_mode et_pb_gallery_item_0_70\"><div class=\"et_pb_gallery_image landscape\">\n\t\t\t\t\t<a href=\"https:\/\/filles-de-la-charite.org\/wp-content\/uploads\/2023\/12\/3801_Famille_red.jpg\" title=\"\" data-rel=\"lightbox-image-70\" data-rl_title=\"\" data-rl_caption=\"\">\n\t\t\t\t\t<img loading=\"lazy\" decoding=\"async\" width=\"400\" height=\"284\" src=\"https:\/\/filles-de-la-charite.org\/wp-content\/uploads\/2023\/12\/3801_Famille_red-400x284.jpg\" srcset=\"https:\/\/filles-de-la-charite.org\/wp-content\/uploads\/2023\/12\/3801_Famille_red.jpg 479w, https:\/\/filles-de-la-charite.org\/wp-content\/uploads\/2023\/12\/3801_Famille_red-400x284.jpg 480w\" sizes=\"(max-width:479px) 479px, 100vw\" class=\"wp-image-31428\" \/>\n\t\t\t\t\t<span class=\"et_overlay\"><\/span>\n\t\t\t\t<\/a>\n\t\t\t\t<\/div><\/div><div class=\"et_pb_gallery_item et_pb_grid_item et_pb_bg_layout_light et_pb_css_mix_blend_mode et_pb_gallery_item_0_71\"><div class=\"et_pb_gallery_image landscape\">\n\t\t\t\t\t<a href=\"https:\/\/filles-de-la-charite.org\/wp-content\/uploads\/2023\/12\/3801_Enfant_red.jpg\" title=\"\" data-rel=\"lightbox-image-71\" data-rl_title=\"\" data-rl_caption=\"\">\n\t\t\t\t\t<img loading=\"lazy\" decoding=\"async\" width=\"400\" height=\"284\" src=\"https:\/\/filles-de-la-charite.org\/wp-content\/uploads\/2023\/12\/3801_Enfant_red-400x284.jpg\" srcset=\"https:\/\/filles-de-la-charite.org\/wp-content\/uploads\/2023\/12\/3801_Enfant_red.jpg 479w, https:\/\/filles-de-la-charite.org\/wp-content\/uploads\/2023\/12\/3801_Enfant_red-400x284.jpg 480w\" sizes=\"(max-width:479px) 479px, 100vw\" class=\"wp-image-31434\" \/>\n\t\t\t\t\t<span class=\"et_overlay\"><\/span>\n\t\t\t\t<\/a>\n\t\t\t\t<\/div><\/div><div class=\"et_pb_gallery_item et_pb_grid_item et_pb_bg_layout_light et_pb_css_mix_blend_mode et_pb_gallery_item_0_72\"><div class=\"et_pb_gallery_image landscape\">\n\t\t\t\t\t<a href=\"https:\/\/filles-de-la-charite.org\/wp-content\/uploads\/2023\/12\/3801_En-chemin1_red.jpg\" title=\"\" data-rel=\"lightbox-image-72\" data-rl_title=\"\" data-rl_caption=\"\">\n\t\t\t\t\t<img loading=\"lazy\" decoding=\"async\" width=\"400\" height=\"284\" src=\"https:\/\/filles-de-la-charite.org\/wp-content\/uploads\/2023\/12\/3801_En-chemin1_red-400x284.jpg\" srcset=\"https:\/\/filles-de-la-charite.org\/wp-content\/uploads\/2023\/12\/3801_En-chemin1_red.jpg 479w, https:\/\/filles-de-la-charite.org\/wp-content\/uploads\/2023\/12\/3801_En-chemin1_red-400x284.jpg 480w\" sizes=\"(max-width:479px) 479px, 100vw\" class=\"wp-image-31440\" \/>\n\t\t\t\t\t<span class=\"et_overlay\"><\/span>\n\t\t\t\t<\/a>\n\t\t\t\t<\/div><\/div><div class=\"et_pb_gallery_item et_pb_grid_item et_pb_bg_layout_light et_pb_css_mix_blend_mode et_pb_gallery_item_0_73\"><div class=\"et_pb_gallery_image landscape\">\n\t\t\t\t\t<a href=\"https:\/\/filles-de-la-charite.org\/wp-content\/uploads\/2023\/12\/3801_Chine_red.jpg\" title=\"\" data-rel=\"lightbox-image-73\" data-rl_title=\"\" data-rl_caption=\"\">\n\t\t\t\t\t<img loading=\"lazy\" decoding=\"async\" width=\"400\" height=\"284\" src=\"https:\/\/filles-de-la-charite.org\/wp-content\/uploads\/2023\/12\/3801_Chine_red-400x284.jpg\" srcset=\"https:\/\/filles-de-la-charite.org\/wp-content\/uploads\/2023\/12\/3801_Chine_red.jpg 479w, https:\/\/filles-de-la-charite.org\/wp-content\/uploads\/2023\/12\/3801_Chine_red-400x284.jpg 480w\" sizes=\"(max-width:479px) 479px, 100vw\" class=\"wp-image-31446\" \/>\n\t\t\t\t\t<span class=\"et_overlay\"><\/span>\n\t\t\t\t<\/a>\n\t\t\t\t<\/div><\/div><div class=\"et_pb_gallery_item et_pb_grid_item et_pb_bg_layout_light et_pb_css_mix_blend_mode et_pb_gallery_item_0_74\"><div class=\"et_pb_gallery_image landscape\">\n\t\t\t\t\t<a href=\"https:\/\/filles-de-la-charite.org\/wp-content\/uploads\/2023\/12\/3801_En-chemin_red.jpg\" title=\"\" data-rel=\"lightbox-image-74\" data-rl_title=\"\" data-rl_caption=\"\">\n\t\t\t\t\t<img loading=\"lazy\" decoding=\"async\" width=\"400\" height=\"284\" src=\"https:\/\/filles-de-la-charite.org\/wp-content\/uploads\/2023\/12\/3801_En-chemin_red-400x284.jpg\" srcset=\"https:\/\/filles-de-la-charite.org\/wp-content\/uploads\/2023\/12\/3801_En-chemin_red.jpg 479w, https:\/\/filles-de-la-charite.org\/wp-content\/uploads\/2023\/12\/3801_En-chemin_red-400x284.jpg 480w\" sizes=\"(max-width:479px) 479px, 100vw\" class=\"wp-image-31452\" \/>\n\t\t\t\t\t<span class=\"et_overlay\"><\/span>\n\t\t\t\t<\/a>\n\t\t\t\t<\/div><\/div><div class=\"et_pb_gallery_item et_pb_grid_item et_pb_bg_layout_light et_pb_css_mix_blend_mode et_pb_gallery_item_0_75\"><div class=\"et_pb_gallery_image landscape\">\n\t\t\t\t\t<a href=\"https:\/\/filles-de-la-charite.org\/wp-content\/uploads\/2023\/12\/3801_Chili_red.jpg\" title=\"\" data-rel=\"lightbox-image-75\" data-rl_title=\"\" data-rl_caption=\"\">\n\t\t\t\t\t<img loading=\"lazy\" decoding=\"async\" width=\"400\" height=\"284\" src=\"https:\/\/filles-de-la-charite.org\/wp-content\/uploads\/2023\/12\/3801_Chili_red-400x284.jpg\" srcset=\"https:\/\/filles-de-la-charite.org\/wp-content\/uploads\/2023\/12\/3801_Chili_red.jpg 479w, https:\/\/filles-de-la-charite.org\/wp-content\/uploads\/2023\/12\/3801_Chili_red-400x284.jpg 480w\" sizes=\"(max-width:479px) 479px, 100vw\" class=\"wp-image-31458\" \/>\n\t\t\t\t\t<span class=\"et_overlay\"><\/span>\n\t\t\t\t<\/a>\n\t\t\t\t<\/div><\/div><div class=\"et_pb_gallery_item et_pb_grid_item et_pb_bg_layout_light et_pb_css_mix_blend_mode et_pb_gallery_item_0_76\"><div class=\"et_pb_gallery_image landscape\">\n\t\t\t\t\t<a href=\"https:\/\/filles-de-la-charite.org\/wp-content\/uploads\/2023\/12\/3801_Chez-une-famille_red.jpg\" title=\"\" data-rel=\"lightbox-image-76\" data-rl_title=\"\" data-rl_caption=\"\">\n\t\t\t\t\t<img loading=\"lazy\" decoding=\"async\" width=\"400\" height=\"284\" src=\"https:\/\/filles-de-la-charite.org\/wp-content\/uploads\/2023\/12\/3801_Chez-une-famille_red-400x284.jpg\" srcset=\"https:\/\/filles-de-la-charite.org\/wp-content\/uploads\/2023\/12\/3801_Chez-une-famille_red.jpg 479w, https:\/\/filles-de-la-charite.org\/wp-content\/uploads\/2023\/12\/3801_Chez-une-famille_red-400x284.jpg 480w\" sizes=\"(max-width:479px) 479px, 100vw\" class=\"wp-image-31464\" \/>\n\t\t\t\t\t<span class=\"et_overlay\"><\/span>\n\t\t\t\t<\/a>\n\t\t\t\t<\/div><\/div><div class=\"et_pb_gallery_item et_pb_grid_item et_pb_bg_layout_light et_pb_css_mix_blend_mode et_pb_gallery_item_0_77\"><div class=\"et_pb_gallery_image landscape\">\n\t\t\t\t\t<a href=\"https:\/\/filles-de-la-charite.org\/wp-content\/uploads\/2023\/12\/3801_Chez-les-campagnards_red.jpg\" title=\"\" data-rel=\"lightbox-image-77\" data-rl_title=\"\" data-rl_caption=\"\">\n\t\t\t\t\t<img loading=\"lazy\" decoding=\"async\" width=\"400\" height=\"284\" src=\"https:\/\/filles-de-la-charite.org\/wp-content\/uploads\/2023\/12\/3801_Chez-les-campagnards_red-400x284.jpg\" srcset=\"https:\/\/filles-de-la-charite.org\/wp-content\/uploads\/2023\/12\/3801_Chez-les-campagnards_red.jpg 479w, https:\/\/filles-de-la-charite.org\/wp-content\/uploads\/2023\/12\/3801_Chez-les-campagnards_red-400x284.jpg 480w\" sizes=\"(max-width:479px) 479px, 100vw\" class=\"wp-image-31470\" \/>\n\t\t\t\t\t<span class=\"et_overlay\"><\/span>\n\t\t\t\t<\/a>\n\t\t\t\t<\/div><\/div><div class=\"et_pb_gallery_item et_pb_grid_item et_pb_bg_layout_light et_pb_css_mix_blend_mode et_pb_gallery_item_0_78\"><div class=\"et_pb_gallery_image landscape\">\n\t\t\t\t\t<a href=\"https:\/\/filles-de-la-charite.org\/wp-content\/uploads\/2023\/12\/3801_Avec-la-Soeur_red.jpg\" title=\"\" data-rel=\"lightbox-image-78\" data-rl_title=\"\" data-rl_caption=\"\">\n\t\t\t\t\t<img loading=\"lazy\" decoding=\"async\" width=\"400\" height=\"284\" src=\"https:\/\/filles-de-la-charite.org\/wp-content\/uploads\/2023\/12\/3801_Avec-la-Soeur_red-400x284.jpg\" srcset=\"https:\/\/filles-de-la-charite.org\/wp-content\/uploads\/2023\/12\/3801_Avec-la-Soeur_red.jpg 479w, https:\/\/filles-de-la-charite.org\/wp-content\/uploads\/2023\/12\/3801_Avec-la-Soeur_red-400x284.jpg 480w\" sizes=\"(max-width:479px) 479px, 100vw\" class=\"wp-image-31476\" \/>\n\t\t\t\t\t<span class=\"et_overlay\"><\/span>\n\t\t\t\t<\/a>\n\t\t\t\t<\/div><\/div><div class=\"et_pb_gallery_item et_pb_grid_item et_pb_bg_layout_light et_pb_css_mix_blend_mode et_pb_gallery_item_0_79\"><div class=\"et_pb_gallery_image landscape\">\n\t\t\t\t\t<a href=\"https:\/\/filles-de-la-charite.org\/wp-content\/uploads\/2023\/12\/3801_Amerique-du-SUud_red.jpg\" title=\"\" data-rel=\"lightbox-image-79\" data-rl_title=\"\" data-rl_caption=\"\">\n\t\t\t\t\t<img loading=\"lazy\" decoding=\"async\" width=\"400\" height=\"284\" src=\"https:\/\/filles-de-la-charite.org\/wp-content\/uploads\/2023\/12\/3801_Amerique-du-SUud_red-400x284.jpg\" srcset=\"https:\/\/filles-de-la-charite.org\/wp-content\/uploads\/2023\/12\/3801_Amerique-du-SUud_red.jpg 479w, https:\/\/filles-de-la-charite.org\/wp-content\/uploads\/2023\/12\/3801_Amerique-du-SUud_red-400x284.jpg 480w\" sizes=\"(max-width:479px) 479px, 100vw\" class=\"wp-image-31482\" \/>\n\t\t\t\t\t<span class=\"et_overlay\"><\/span>\n\t\t\t\t<\/a>\n\t\t\t\t<\/div><\/div><div class=\"et_pb_gallery_item et_pb_grid_item et_pb_bg_layout_light et_pb_css_mix_blend_mode et_pb_gallery_item_0_80\"><div class=\"et_pb_gallery_image landscape\">\n\t\t\t\t\t<a href=\"https:\/\/filles-de-la-charite.org\/wp-content\/uploads\/2023\/12\/3801_aller-vers_red.jpg\" title=\"\" data-rel=\"lightbox-image-80\" data-rl_title=\"\" data-rl_caption=\"\">\n\t\t\t\t\t<img loading=\"lazy\" decoding=\"async\" width=\"400\" height=\"284\" src=\"https:\/\/filles-de-la-charite.org\/wp-content\/uploads\/2023\/12\/3801_aller-vers_red-400x284.jpg\" srcset=\"https:\/\/filles-de-la-charite.org\/wp-content\/uploads\/2023\/12\/3801_aller-vers_red.jpg 479w, https:\/\/filles-de-la-charite.org\/wp-content\/uploads\/2023\/12\/3801_aller-vers_red-400x284.jpg 480w\" sizes=\"(max-width:479px) 479px, 100vw\" class=\"wp-image-31488\" \/>\n\t\t\t\t\t<span class=\"et_overlay\"><\/span>\n\t\t\t\t<\/a>\n\t\t\t\t<\/div><\/div><div class=\"et_pb_gallery_item et_pb_grid_item et_pb_bg_layout_light et_pb_css_mix_blend_mode et_pb_gallery_item_0_81\"><div class=\"et_pb_gallery_image landscape\">\n\t\t\t\t\t<a href=\"https:\/\/filles-de-la-charite.org\/wp-content\/uploads\/2023\/12\/3801_Amerique-latine_red-scaled.jpg\" title=\"\" data-rel=\"lightbox-image-81\" data-rl_title=\"\" data-rl_caption=\"\">\n\t\t\t\t\t<img loading=\"lazy\" decoding=\"async\" width=\"400\" height=\"284\" src=\"https:\/\/filles-de-la-charite.org\/wp-content\/uploads\/2023\/12\/3801_Amerique-latine_red-400x284.jpg\" srcset=\"https:\/\/filles-de-la-charite.org\/wp-content\/uploads\/2023\/12\/3801_Amerique-latine_red-scaled.jpg 479w, https:\/\/filles-de-la-charite.org\/wp-content\/uploads\/2023\/12\/3801_Amerique-latine_red-400x284.jpg 480w\" sizes=\"(max-width:479px) 479px, 100vw\" class=\"wp-image-31494\" \/>\n\t\t\t\t\t<span class=\"et_overlay\"><\/span>\n\t\t\t\t<\/a>\n\t\t\t\t<\/div><\/div><div class=\"et_pb_gallery_item et_pb_grid_item et_pb_bg_layout_light et_pb_css_mix_blend_mode et_pb_gallery_item_0_82\"><div class=\"et_pb_gallery_image landscape\">\n\t\t\t\t\t<a href=\"https:\/\/filles-de-la-charite.org\/wp-content\/uploads\/2023\/12\/3801_Aller-vers-les-pauvres_red.jpg\" title=\"\" data-rel=\"lightbox-image-82\" data-rl_title=\"\" data-rl_caption=\"\">\n\t\t\t\t\t<img loading=\"lazy\" decoding=\"async\" width=\"400\" height=\"284\" src=\"https:\/\/filles-de-la-charite.org\/wp-content\/uploads\/2023\/12\/3801_Aller-vers-les-pauvres_red-400x284.jpg\" srcset=\"https:\/\/filles-de-la-charite.org\/wp-content\/uploads\/2023\/12\/3801_Aller-vers-les-pauvres_red.jpg 479w, https:\/\/filles-de-la-charite.org\/wp-content\/uploads\/2023\/12\/3801_Aller-vers-les-pauvres_red-400x284.jpg 480w\" sizes=\"(max-width:479px) 479px, 100vw\" class=\"wp-image-31500\" \/>\n\t\t\t\t\t<span class=\"et_overlay\"><\/span>\n\t\t\t\t<\/a>\n\t\t\t\t<\/div><\/div><div class=\"et_pb_gallery_item et_pb_grid_item et_pb_bg_layout_light et_pb_css_mix_blend_mode et_pb_gallery_item_0_83\"><div class=\"et_pb_gallery_image landscape\">\n\t\t\t\t\t<a href=\"https:\/\/filles-de-la-charite.org\/wp-content\/uploads\/2023\/12\/3801_Accueil-un-enfants-lepreux_red.jpg\" title=\"\" data-rel=\"lightbox-image-83\" data-rl_title=\"\" data-rl_caption=\"\">\n\t\t\t\t\t<img loading=\"lazy\" decoding=\"async\" width=\"400\" height=\"284\" src=\"https:\/\/filles-de-la-charite.org\/wp-content\/uploads\/2023\/12\/3801_Accueil-un-enfants-lepreux_red-400x284.jpg\" srcset=\"https:\/\/filles-de-la-charite.org\/wp-content\/uploads\/2023\/12\/3801_Accueil-un-enfants-lepreux_red.jpg 479w, https:\/\/filles-de-la-charite.org\/wp-content\/uploads\/2023\/12\/3801_Accueil-un-enfants-lepreux_red-400x284.jpg 480w\" sizes=\"(max-width:479px) 479px, 100vw\" class=\"wp-image-31506\" \/>\n\t\t\t\t\t<span class=\"et_overlay\"><\/span>\n\t\t\t\t<\/a>\n\t\t\t\t<\/div><\/div><div class=\"et_pb_gallery_item et_pb_grid_item et_pb_bg_layout_light et_pb_css_mix_blend_mode et_pb_gallery_item_0_84\"><div class=\"et_pb_gallery_image landscape\">\n\t\t\t\t\t<a href=\"https:\/\/filles-de-la-charite.org\/wp-content\/uploads\/2023\/12\/3801_Amerique-du-sud_red.jpg\" title=\"\" data-rel=\"lightbox-image-84\" data-rl_title=\"\" data-rl_caption=\"\">\n\t\t\t\t\t<img loading=\"lazy\" decoding=\"async\" width=\"400\" height=\"284\" src=\"https:\/\/filles-de-la-charite.org\/wp-content\/uploads\/2023\/12\/3801_Amerique-du-sud_red-400x284.jpg\" srcset=\"https:\/\/filles-de-la-charite.org\/wp-content\/uploads\/2023\/12\/3801_Amerique-du-sud_red.jpg 479w, https:\/\/filles-de-la-charite.org\/wp-content\/uploads\/2023\/12\/3801_Amerique-du-sud_red-400x284.jpg 480w\" sizes=\"(max-width:479px) 479px, 100vw\" class=\"wp-image-31512\" \/>\n\t\t\t\t\t<span class=\"et_overlay\"><\/span>\n\t\t\t\t<\/a>\n\t\t\t\t<\/div><\/div><div class=\"et_pb_gallery_item et_pb_grid_item et_pb_bg_layout_light et_pb_css_mix_blend_mode et_pb_gallery_item_0_85\"><div class=\"et_pb_gallery_image landscape\">\n\t\t\t\t\t<a href=\"https:\/\/filles-de-la-charite.org\/wp-content\/uploads\/2023\/12\/3786_trajet-pour-la-leproserie_red.jpg\" title=\"\" data-rel=\"lightbox-image-85\" data-rl_title=\"\" data-rl_caption=\"\">\n\t\t\t\t\t<img loading=\"lazy\" decoding=\"async\" width=\"400\" height=\"284\" src=\"https:\/\/filles-de-la-charite.org\/wp-content\/uploads\/2023\/12\/3786_trajet-pour-la-leproserie_red-400x284.jpg\" srcset=\"https:\/\/filles-de-la-charite.org\/wp-content\/uploads\/2023\/12\/3786_trajet-pour-la-leproserie_red.jpg 479w, https:\/\/filles-de-la-charite.org\/wp-content\/uploads\/2023\/12\/3786_trajet-pour-la-leproserie_red-400x284.jpg 480w\" sizes=\"(max-width:479px) 479px, 100vw\" class=\"wp-image-31518\" \/>\n\t\t\t\t\t<span class=\"et_overlay\"><\/span>\n\t\t\t\t<\/a>\n\t\t\t\t<\/div><\/div><div class=\"et_pb_gallery_item et_pb_grid_item et_pb_bg_layout_light et_pb_css_mix_blend_mode et_pb_gallery_item_0_86\"><div class=\"et_pb_gallery_image landscape\">\n\t\t\t\t\t<a href=\"https:\/\/filles-de-la-charite.org\/wp-content\/uploads\/2023\/12\/3786_cueillette-du-the-pour-les-lepreux_red.jpg\" title=\"\" data-rel=\"lightbox-image-86\" data-rl_title=\"\" data-rl_caption=\"\">\n\t\t\t\t\t<img loading=\"lazy\" decoding=\"async\" width=\"400\" height=\"284\" src=\"https:\/\/filles-de-la-charite.org\/wp-content\/uploads\/2023\/12\/3786_cueillette-du-the-pour-les-lepreux_red-400x284.jpg\" srcset=\"https:\/\/filles-de-la-charite.org\/wp-content\/uploads\/2023\/12\/3786_cueillette-du-the-pour-les-lepreux_red.jpg 479w, https:\/\/filles-de-la-charite.org\/wp-content\/uploads\/2023\/12\/3786_cueillette-du-the-pour-les-lepreux_red-400x284.jpg 480w\" sizes=\"(max-width:479px) 479px, 100vw\" class=\"wp-image-31524\" \/>\n\t\t\t\t\t<span class=\"et_overlay\"><\/span>\n\t\t\t\t<\/a>\n\t\t\t\t<\/div><\/div><div class=\"et_pb_gallery_item et_pb_grid_item et_pb_bg_layout_light et_pb_css_mix_blend_mode et_pb_gallery_item_0_87\"><div class=\"et_pb_gallery_image landscape\">\n\t\t\t\t\t<a href=\"https:\/\/filles-de-la-charite.org\/wp-content\/uploads\/2023\/12\/3786_soeurs_avec_elephant_red.jpg\" title=\"\" data-rel=\"lightbox-image-87\" data-rl_title=\"\" data-rl_caption=\"\">\n\t\t\t\t\t<img loading=\"lazy\" decoding=\"async\" width=\"400\" height=\"284\" src=\"https:\/\/filles-de-la-charite.org\/wp-content\/uploads\/2023\/12\/3786_soeurs_avec_elephant_red-400x284.jpg\" srcset=\"https:\/\/filles-de-la-charite.org\/wp-content\/uploads\/2023\/12\/3786_soeurs_avec_elephant_red.jpg 479w, https:\/\/filles-de-la-charite.org\/wp-content\/uploads\/2023\/12\/3786_soeurs_avec_elephant_red-400x284.jpg 480w\" sizes=\"(max-width:479px) 479px, 100vw\" class=\"wp-image-31530\" \/>\n\t\t\t\t\t<span class=\"et_overlay\"><\/span>\n\t\t\t\t<\/a>\n\t\t\t\t<\/div><\/div><div class=\"et_pb_gallery_item et_pb_grid_item et_pb_bg_layout_light et_pb_css_mix_blend_mode et_pb_gallery_item_0_88\"><div class=\"et_pb_gallery_image landscape\">\n\t\t\t\t\t<a href=\"https:\/\/filles-de-la-charite.org\/wp-content\/uploads\/2023\/12\/3790_marque-page_red.jpg\" title=\"\" data-rel=\"lightbox-image-88\" data-rl_title=\"\" data-rl_caption=\"\">\n\t\t\t\t\t<img loading=\"lazy\" decoding=\"async\" width=\"400\" height=\"284\" src=\"https:\/\/filles-de-la-charite.org\/wp-content\/uploads\/2023\/12\/3790_marque-page_red-400x284.jpg\" srcset=\"https:\/\/filles-de-la-charite.org\/wp-content\/uploads\/2023\/12\/3790_marque-page_red.jpg 479w, https:\/\/filles-de-la-charite.org\/wp-content\/uploads\/2023\/12\/3790_marque-page_red-400x284.jpg 480w\" sizes=\"(max-width:479px) 479px, 100vw\" class=\"wp-image-31536\" \/>\n\t\t\t\t\t<span class=\"et_overlay\"><\/span>\n\t\t\t\t<\/a>\n\t\t\t\t<\/div><\/div><div class=\"et_pb_gallery_item et_pb_grid_item et_pb_bg_layout_light et_pb_css_mix_blend_mode et_pb_gallery_item_0_89\"><div class=\"et_pb_gallery_image landscape\">\n\t\t\t\t\t<a href=\"https:\/\/filles-de-la-charite.org\/wp-content\/uploads\/2023\/12\/3085_Texas-visite_red.jpg\" title=\"\" data-rel=\"lightbox-image-89\" data-rl_title=\"\" data-rl_caption=\"\">\n\t\t\t\t\t<img loading=\"lazy\" decoding=\"async\" width=\"400\" height=\"284\" src=\"https:\/\/filles-de-la-charite.org\/wp-content\/uploads\/2023\/12\/3085_Texas-visite_red-400x284.jpg\" srcset=\"https:\/\/filles-de-la-charite.org\/wp-content\/uploads\/2023\/12\/3085_Texas-visite_red.jpg 479w, https:\/\/filles-de-la-charite.org\/wp-content\/uploads\/2023\/12\/3085_Texas-visite_red-400x284.jpg 480w\" sizes=\"(max-width:479px) 479px, 100vw\" class=\"wp-image-31542\" \/>\n\t\t\t\t\t<span class=\"et_overlay\"><\/span>\n\t\t\t\t<\/a>\n\t\t\t\t<\/div><\/div><div class=\"et_pb_gallery_item et_pb_grid_item et_pb_bg_layout_light et_pb_css_mix_blend_mode et_pb_gallery_item_0_90\"><div class=\"et_pb_gallery_image landscape\">\n\t\t\t\t\t<a href=\"https:\/\/filles-de-la-charite.org\/wp-content\/uploads\/2023\/12\/3085_Repas1_red.jpg\" title=\"\" data-rel=\"lightbox-image-90\" data-rl_title=\"\" data-rl_caption=\"\">\n\t\t\t\t\t<img loading=\"lazy\" decoding=\"async\" width=\"400\" height=\"284\" src=\"https:\/\/filles-de-la-charite.org\/wp-content\/uploads\/2023\/12\/3085_Repas1_red-400x284.jpg\" srcset=\"https:\/\/filles-de-la-charite.org\/wp-content\/uploads\/2023\/12\/3085_Repas1_red.jpg 479w, https:\/\/filles-de-la-charite.org\/wp-content\/uploads\/2023\/12\/3085_Repas1_red-400x284.jpg 480w\" sizes=\"(max-width:479px) 479px, 100vw\" class=\"wp-image-31548\" \/>\n\t\t\t\t\t<span class=\"et_overlay\"><\/span>\n\t\t\t\t<\/a>\n\t\t\t\t<\/div><\/div><div class=\"et_pb_gallery_item et_pb_grid_item et_pb_bg_layout_light et_pb_css_mix_blend_mode et_pb_gallery_item_0_91\"><div class=\"et_pb_gallery_image landscape\">\n\t\t\t\t\t<a href=\"https:\/\/filles-de-la-charite.org\/wp-content\/uploads\/2023\/12\/3085_Suisse-dans-la-rue_red.jpg\" title=\"\" data-rel=\"lightbox-image-91\" data-rl_title=\"\" data-rl_caption=\"\">\n\t\t\t\t\t<img loading=\"lazy\" decoding=\"async\" width=\"400\" height=\"284\" src=\"https:\/\/filles-de-la-charite.org\/wp-content\/uploads\/2023\/12\/3085_Suisse-dans-la-rue_red-400x284.jpg\" srcset=\"https:\/\/filles-de-la-charite.org\/wp-content\/uploads\/2023\/12\/3085_Suisse-dans-la-rue_red.jpg 479w, https:\/\/filles-de-la-charite.org\/wp-content\/uploads\/2023\/12\/3085_Suisse-dans-la-rue_red-400x284.jpg 480w\" sizes=\"(max-width:479px) 479px, 100vw\" class=\"wp-image-31554\" \/>\n\t\t\t\t\t<span class=\"et_overlay\"><\/span>\n\t\t\t\t<\/a>\n\t\t\t\t<\/div><\/div><div class=\"et_pb_gallery_item et_pb_grid_item et_pb_bg_layout_light et_pb_css_mix_blend_mode et_pb_gallery_item_0_92\"><div class=\"et_pb_gallery_image landscape\">\n\t\t\t\t\t<a href=\"https:\/\/filles-de-la-charite.org\/wp-content\/uploads\/2023\/12\/3085_Soins-a-domicile_red.jpg\" title=\"\" data-rel=\"lightbox-image-92\" data-rl_title=\"\" data-rl_caption=\"\">\n\t\t\t\t\t<img loading=\"lazy\" decoding=\"async\" width=\"400\" height=\"284\" src=\"https:\/\/filles-de-la-charite.org\/wp-content\/uploads\/2023\/12\/3085_Soins-a-domicile_red-400x284.jpg\" srcset=\"https:\/\/filles-de-la-charite.org\/wp-content\/uploads\/2023\/12\/3085_Soins-a-domicile_red.jpg 479w, https:\/\/filles-de-la-charite.org\/wp-content\/uploads\/2023\/12\/3085_Soins-a-domicile_red-400x284.jpg 480w\" sizes=\"(max-width:479px) 479px, 100vw\" class=\"wp-image-31560\" \/>\n\t\t\t\t\t<span class=\"et_overlay\"><\/span>\n\t\t\t\t<\/a>\n\t\t\t\t<\/div><\/div><\/div><div class=\"et_pb_gallery_pagination\"><\/div><\/div>\n\t\t\t<\/div>\n\t\t\t\t\n\t\t\t\t\n\t\t\t\t\n\t\t\t\t\n\t\t\t<\/div>\n\t\t\t\t\n\t\t\t\t\n\t\t\t<\/div><div class=\"et_d4_element et_pb_section et_pb_section_3  et_pb_css_mix_blend_mode et_section_regular et_block_section\" >\n\t\t\t\t\n\t\t\t\t\n\t\t\t\t\n\t\t\t\t\n\t\t\t\t\n\t\t\t\t\n\t\t\t\t<div class=\"et_d4_element et_pb_row et_pb_row_6  et_pb_css_mix_blend_mode et_block_row\">\n\t\t\t\t<div class=\"et_d4_element et_pb_column_1_2 et_pb_column et_pb_column_9  et_pb_css_mix_blend_mode et_block_column\">\n\t\t\t\t\n\t\t\t\t\n\t\t\t\t\n\t\t\t\t\n\t\t\t\t<div class=\"et_pb_module et_d4_element et_pb_text et_pb_text_10 et_animated  et_pb_text_align_left et_pb_bg_layout_light\">\n\t\t\t\t\n\t\t\t\t\n\t\t\t\t\n\t\t\t\t\n\t\t\t\t<div class=\"et_pb_text_inner\"><h3><span>Fino ad oggi<\/span><\/h3>\n<h1><span>In ogni angolo del mondo<\/span><\/h1><\/div>\n\t\t\t<\/div><div class=\"et_pb_module et_d4_element et_pb_divider et_pb_divider_3 et_animated et_pb_divider_position_center et_pb_space\"><div class=\"et_pb_divider_internal\"><\/div><\/div><div class=\"et_pb_module et_d4_element et_pb_text et_pb_text_11 et_animated  et_pb_text_align_left et_pb_bg_layout_light\">\n\t\t\t\t\n\t\t\t\t\n\t\t\t\t\n\t\t\t\t\n\t\t\t\t<div class=\"et_pb_text_inner\"><p>La missione Ad Gentes \u00e8 al centro della nostra vocazione. Le Suore che si sentono chiamate sono disponibili ad andare ovunque siano inviate.<\/p><\/div>\n\t\t\t<\/div><div class=\"et_pb_module et_d4_element et_pb_text et_pb_text_12 et_animated  et_pb_text_align_left et_pb_bg_layout_light\">\n\t\t\t\t\n\t\t\t\t\n\t\t\t\t\n\t\t\t\t\n\t\t\t\t<div class=\"et_pb_text_inner\"><p>La Compagnia \u00e8 diventata presto internazionale.<br \/>Convinti che la Carit\u00e0 di Cristo non conosce frontiere, i nostri Fondatori hanno inviato delle Suore in Polonia. Oggi siamo presenti in 98 Paesi e ci sforziamo di rispondere con creativit\u00e0 e audacia agli appelli della Chiesa e dei nostri fratelli e sorelle in difficolt\u00e0, nel rispetto delle diverse culture.<\/p>\n<p>Attualmente siamo 10.595 Suore, di cui 423 in formazione iniziale fino ai voti. Siamo riunite in 44 Province e una Regione.<\/p><\/div>\n\t\t\t<\/div>\n\t\t\t<\/div><div class=\"et_d4_element et_pb_column_1_2 et_pb_column et_pb_column_10  et_pb_css_mix_blend_mode et-last-child et_block_column\">\n\t\t\t\t\n\t\t\t\t\n\t\t\t\t\n\t\t\t\t\n\t\t\t\t<div class=\"et_pb_module et_d4_element et_pb_image et_pb_image_4 et_animated et-waypoint\">\n\t\t\t\t\n\t\t\t\t\n\t\t\t\t\n\t\t\t\t\n\t\t\t\t<span class=\"et_pb_image_wrap \"><img loading=\"lazy\" decoding=\"async\" width=\"1299\" height=\"864\" src=\"https:\/\/filles-de-la-charite.org\/wp-content\/uploads\/2023\/04\/46969460_10157034635790799_4012703995222032384_n.jpg\" alt=\"\" title=\"46969460_10157034635790799_4012703995222032384_n\" srcset=\"https:\/\/filles-de-la-charite.org\/wp-content\/uploads\/2023\/04\/46969460_10157034635790799_4012703995222032384_n.jpg 1299w, https:\/\/filles-de-la-charite.org\/wp-content\/uploads\/2023\/04\/46969460_10157034635790799_4012703995222032384_n-1280x851.jpg 1280w, https:\/\/filles-de-la-charite.org\/wp-content\/uploads\/2023\/04\/46969460_10157034635790799_4012703995222032384_n-980x652.jpg 980w, https:\/\/filles-de-la-charite.org\/wp-content\/uploads\/2023\/04\/46969460_10157034635790799_4012703995222032384_n-480x319.jpg 480w\" sizes=\"(min-width: 0px) and (max-width: 480px) 480px, (min-width: 481px) and (max-width: 980px) 980px, (min-width: 981px) and (max-width: 1280px) 1280px, (min-width: 1281px) 1299px, 100vw\" class=\"wp-image-1464\" \/><\/span>\n\t\t\t<\/div>\n\t\t\t<\/div>\n\t\t\t\t\n\t\t\t\t\n\t\t\t\t\n\t\t\t\t\n\t\t\t<\/div><div class=\"et_d4_element et_pb_row et_pb_row_7  et_pb_css_mix_blend_mode et_block_row\">\n\t\t\t\t<div class=\"et_d4_element et_pb_column_4_4 et_pb_column et_pb_column_11  et_pb_css_mix_blend_mode et-last-child et_block_column\">\n\t\t\t\t\n\t\t\t\t\n\t\t\t\t\n\t\t\t\t\n\t\t\t\t<div class=\"et_pb_module et_d4_element et_pb_text et_pb_text_13 et_animated  et_pb_text_align_center et_pb_bg_layout_light\">\n\t\t\t\t\n\t\t\t\t\n\t\t\t\t\n\t\t\t\t\n\t\t\t\t<div class=\"et_pb_text_inner\"><p>Fedeli all'esempio e agli insegnamenti dei nostri Fondatori, continuiamo a manifestare amore e compassione a tutti i bisognosi.<\/p><\/div>\n\t\t\t<\/div>\n\t\t\t<\/div>\n\t\t\t\t\n\t\t\t\t\n\t\t\t\t\n\t\t\t\t\n\t\t\t<\/div>\n\t\t\t\t\n\t\t\t\t\n\t\t\t<\/div><div class=\"et_d4_element et_pb_section et_pb_section_4  et_pb_css_mix_blend_mode et_section_regular et_block_section\" >\n\t\t\t\t\n\t\t\t\t\n\t\t\t\t\n\t\t\t\t\n\t\t\t\t\n\t\t\t\t\n\t\t\t\t<div class=\"et_d4_element et_pb_row et_pb_row_8  et_pb_css_mix_blend_mode et_block_row\">\n\t\t\t\t<div class=\"et_d4_element et_pb_column_4_4 et_pb_column et_pb_column_12  et_pb_css_mix_blend_mode et-last-child et_block_column\">\n\t\t\t\t\n\t\t\t\t\n\t\t\t\t\n\t\t\t\t\n\t\t\t\t<div class=\"et_pb_module et_d4_element et_pb_text et_pb_text_14 et_animated  et_pb_text_align_center et_pb_bg_layout_light\">\n\t\t\t\t\n\t\t\t\t\n\t\t\t\t\n\t\t\t\t\n\t\t\t\t<div class=\"et_pb_text_inner\"><h1>Conoscere di pi\u00f9<\/h1><\/div>\n\t\t\t<\/div><div class=\"et_pb_module et_d4_element et_pb_divider et_pb_divider_4 et_animated et_pb_divider_position_center et_pb_space\"><div class=\"et_pb_divider_internal\"><\/div><\/div>\n\t\t\t<\/div>\n\t\t\t\t\n\t\t\t\t\n\t\t\t\t\n\t\t\t\t\n\t\t\t<\/div><div class=\"et_d4_element et_pb_row et_pb_row_9  et_pb_css_mix_blend_mode et_block_row\">\n\t\t\t\t<div class=\"et_d4_element et_pb_column_1_4 et_pb_column et_pb_column_13  et_pb_css_mix_blend_mode et_block_column\">\n\t\t\t\t\n\t\t\t\t\n\t\t\t\t\n\t\t\t\t\n\t\t\t\t<div class=\"et_pb_module et_d4_element et_pb_blurb et_pb_blurb_0 et_clickable  et_pb_text_align_center  et_pb_blurb_position_top et_block_module et_pb_bg_layout_light\">\n\t\t\t\t\n\t\t\t\t\n\t\t\t\t\n\t\t\t\t\n\t\t\t\t<div class=\"et_pb_blurb_content\">\n\t\t\t\t\t<div class=\"et_pb_main_blurb_image et_pb_css_mix_blend_mode\"><span class=\"et_pb_image_wrap\"><span class=\"et-waypoint et_pb_animation_top et_pb_animation_top_tablet et_pb_animation_top_phone et-pb-icon\">\ue089<\/span><\/span><\/div>\n\t\t\t\t\t<div class=\"et_pb_blurb_container\">\n\t\t\t\t\t\t<h4 class=\"et_pb_module_header\"><span>Chi siamo ?<\/span><\/h4>\n\t\t\t\t\t\t<div class=\"et_pb_blurb_description\"><p>Serve dei poveri che vivono in comunit\u00e0<\/p><\/div>\n\t\t\t\t\t<\/div>\n\t\t\t\t<\/div>\n\t\t\t<\/div>\n\t\t\t<\/div><div class=\"et_d4_element et_pb_column_1_4 et_pb_column et_pb_column_14  et_pb_css_mix_blend_mode et_block_column\">\n\t\t\t\t\n\t\t\t\t\n\t\t\t\t\n\t\t\t\t\n\t\t\t\t<div class=\"et_pb_module et_d4_element et_pb_blurb et_pb_blurb_1 et_clickable  et_pb_text_align_center  et_pb_blurb_position_top et_block_module et_pb_bg_layout_light\">\n\t\t\t\t\n\t\t\t\t\n\t\t\t\t\n\t\t\t\t\n\t\t\t\t<div class=\"et_pb_blurb_content\">\n\t\t\t\t\t<div class=\"et_pb_main_blurb_image et_pb_css_mix_blend_mode\"><span class=\"et_pb_image_wrap\"><span class=\"et-waypoint et_pb_animation_top et_pb_animation_top_tablet et_pb_animation_top_phone et-pb-icon\">\uf684<\/span><\/span><\/div>\n\t\t\t\t\t<div class=\"et_pb_blurb_container\">\n\t\t\t\t\t\t<h4 class=\"et_pb_module_header\"><span>Spiritualit\u00e0<\/span><\/h4>\n\t\t\t\t\t\t<div class=\"et_pb_blurb_description\"><p>Chiamate da Dio a una vita di preghiera e di servizio ai pi\u00f9 bisognosi<\/p><\/div>\n\t\t\t\t\t<\/div>\n\t\t\t\t<\/div>\n\t\t\t<\/div>\n\t\t\t<\/div><div class=\"et_d4_element et_pb_column_1_4 et_pb_column et_pb_column_15  et_pb_css_mix_blend_mode et_block_column\">\n\t\t\t\t\n\t\t\t\t\n\t\t\t\t\n\t\t\t\t\n\t\t\t\t<div class=\"et_pb_module et_d4_element et_pb_blurb et_pb_blurb_2 et_clickable  et_pb_text_align_center  et_pb_blurb_position_top et_block_module et_pb_bg_layout_light\">\n\t\t\t\t\n\t\t\t\t\n\t\t\t\t\n\t\t\t\t\n\t\t\t\t<div class=\"et_pb_blurb_content\">\n\t\t\t\t\t<div class=\"et_pb_main_blurb_image et_pb_css_mix_blend_mode\"><span class=\"et_pb_image_wrap\"><span class=\"et-waypoint et_pb_animation_top et_pb_animation_top_tablet et_pb_animation_top_phone et-pb-icon\">\uf0ac<\/span><\/span><\/div>\n\t\t\t\t\t<div class=\"et_pb_blurb_container\">\n\t\t\t\t\t\t<h4 class=\"et_pb_module_header\"><span>Presenza<\/span><\/h4>\n\t\t\t\t\t\t<div class=\"et_pb_blurb_description\"><p>Dove ci sono vite la cui dignit\u00e0 \u00e8 calpestata<span style=\"text-decoration: line-through;\"><\/span><\/p><\/div>\n\t\t\t\t\t<\/div>\n\t\t\t\t<\/div>\n\t\t\t<\/div>\n\t\t\t<\/div><div class=\"et_d4_element et_pb_column_1_4 et_pb_column et_pb_column_16  et_pb_css_mix_blend_mode et-last-child et_block_column\">\n\t\t\t\t\n\t\t\t\t\n\t\t\t\t\n\t\t\t\t\n\t\t\t\t<div class=\"et_pb_module et_d4_element et_pb_blurb et_pb_blurb_3 et_clickable  et_pb_text_align_center  et_pb_blurb_position_top et_block_module et_pb_bg_layout_light\">\n\t\t\t\t\n\t\t\t\t\n\t\t\t\t\n\t\t\t\t\n\t\t\t\t<div class=\"et_pb_blurb_content\">\n\t\t\t\t\t<div class=\"et_pb_main_blurb_image et_pb_css_mix_blend_mode\"><span class=\"et_pb_image_wrap\"><span class=\"et-waypoint et_pb_animation_top et_pb_animation_top_tablet et_pb_animation_top_phone et-pb-icon\">\uf06d<\/span><\/span><\/div>\n\t\t\t\t\t<div class=\"et_pb_blurb_container\">\n\t\t\t\t\t\t<h4 class=\"et_pb_module_header\"><span>Sorgente di ispirazione<\/span><\/h4>\n\t\t\t\t\t\t<div class=\"et_pb_blurb_description\"><p>Santi e beati delle Figlie della Carit\u00e0 e della Famiglia vincenziana<\/p><\/div>\n\t\t\t\t\t<\/div>\n\t\t\t\t<\/div>\n\t\t\t<\/div>\n\t\t\t<\/div>\n\t\t\t\t\n\t\t\t\t\n\t\t\t\t\n\t\t\t\t\n\t\t\t<\/div>\n\t\t\t\t\n\t\t\t\t\n\t\t\t<\/div><\/p>\n","protected":false},"excerpt":{"rendered":"","protected":false},"author":1,"featured_media":0,"parent":3564,"menu_order":0,"comment_status":"closed","ping_status":"closed","template":"","meta":{"_acf_changed":false,"_et_pb_use_builder":"on","_et_pb_old_content":"","_et_gb_content_width":"","footnotes":"","_links_to":"","_links_to_target":""},"class_list":["post-3463","page","type-page","status-publish","hentry"],"acf":[],"yoast_head":"<!-- This site is optimized with the Yoast SEO plugin v27.5 - https:\/\/yoast.com\/product\/yoast-seo-wordpress\/ -->\n<title>La nostra storia - Filles de la Charit\u00e9<\/title>\n<meta name=\"robots\" content=\"index, follow, max-snippet:-1, max-image-preview:large, max-video-preview:-1\" \/>\n<link rel=\"canonical\" href=\"https:\/\/filles-de-la-charite.org\/it\/siamo\/la-nostra-storia\/\" \/>\n<meta property=\"og:locale\" content=\"it_IT\" \/>\n<meta property=\"og:type\" content=\"article\" \/>\n<meta property=\"og:title\" content=\"La nostra storia - Filles de la Charit\u00e9\" \/>\n<meta property=\"og:url\" content=\"https:\/\/filles-de-la-charite.org\/it\/siamo\/la-nostra-storia\/\" \/>\n<meta property=\"og:site_name\" content=\"Filles de la Charit\u00e9\" \/>\n<meta property=\"article:modified_time\" content=\"2026-04-10T16:34:28+00:00\" \/>\n<meta name=\"twitter:card\" content=\"summary_large_image\" \/>\n<meta name=\"twitter:label1\" content=\"Tempo di lettura stimato\" \/>\n\t<meta name=\"twitter:data1\" content=\"16 minuti\" \/>\n<script type=\"application\/ld+json\" class=\"yoast-schema-graph\">{\"@context\":\"https:\\\/\\\/schema.org\",\"@graph\":[{\"@type\":\"WebPage\",\"@id\":\"https:\\\/\\\/filles-de-la-charite.org\\\/it\\\/siamo\\\/la-nostra-storia\\\/\",\"url\":\"https:\\\/\\\/filles-de-la-charite.org\\\/it\\\/siamo\\\/la-nostra-storia\\\/\",\"name\":\"La nostra storia - Filles de la Charit\u00e9\",\"isPartOf\":{\"@id\":\"https:\\\/\\\/filles-de-la-charite.org\\\/it\\\/#website\"},\"datePublished\":\"2023-04-11T12:53:01+00:00\",\"dateModified\":\"2026-04-10T16:34:28+00:00\",\"breadcrumb\":{\"@id\":\"https:\\\/\\\/filles-de-la-charite.org\\\/it\\\/siamo\\\/la-nostra-storia\\\/#breadcrumb\"},\"inLanguage\":\"it-IT\",\"potentialAction\":[{\"@type\":\"ReadAction\",\"target\":[\"https:\\\/\\\/filles-de-la-charite.org\\\/it\\\/siamo\\\/la-nostra-storia\\\/\"]}]},{\"@type\":\"BreadcrumbList\",\"@id\":\"https:\\\/\\\/filles-de-la-charite.org\\\/it\\\/siamo\\\/la-nostra-storia\\\/#breadcrumb\",\"itemListElement\":[{\"@type\":\"ListItem\",\"position\":1,\"name\":\"Siamo\",\"item\":\"https:\\\/\\\/filles-de-la-charite.org\\\/it\\\/siamo\\\/\"},{\"@type\":\"ListItem\",\"position\":2,\"name\":\"La nostra storia\"}]},{\"@type\":\"WebSite\",\"@id\":\"https:\\\/\\\/filles-de-la-charite.org\\\/it\\\/#website\",\"url\":\"https:\\\/\\\/filles-de-la-charite.org\\\/it\\\/\",\"name\":\"Hijas de la Caridad\",\"description\":\"L\u2019amour de J\u00e9sus nous presse \u00e0 prendre soin des personnes les plus d\u00e9munies\",\"publisher\":{\"@id\":\"https:\\\/\\\/filles-de-la-charite.org\\\/it\\\/#organization\"},\"potentialAction\":[{\"@type\":\"SearchAction\",\"target\":{\"@type\":\"EntryPoint\",\"urlTemplate\":\"https:\\\/\\\/filles-de-la-charite.org\\\/it\\\/?s={search_term_string}\"},\"query-input\":{\"@type\":\"PropertyValueSpecification\",\"valueRequired\":true,\"valueName\":\"search_term_string\"}}],\"inLanguage\":\"it-IT\"},{\"@type\":\"Organization\",\"@id\":\"https:\\\/\\\/filles-de-la-charite.org\\\/it\\\/#organization\",\"name\":\"Hijas de la Caridad\",\"url\":\"https:\\\/\\\/filles-de-la-charite.org\\\/it\\\/\",\"logo\":{\"@type\":\"ImageObject\",\"inLanguage\":\"it-IT\",\"@id\":\"https:\\\/\\\/filles-de-la-charite.org\\\/it\\\/#\\\/schema\\\/logo\\\/image\\\/\",\"url\":\"https:\\\/\\\/filles-de-la-charite.org\\\/wp-content\\\/uploads\\\/2023\\\/03\\\/isotipo-Hijas-de-la-Caridad.png\",\"contentUrl\":\"https:\\\/\\\/filles-de-la-charite.org\\\/wp-content\\\/uploads\\\/2023\\\/03\\\/isotipo-Hijas-de-la-Caridad.png\",\"width\":1417,\"height\":1417,\"caption\":\"Hijas de la Caridad\"},\"image\":{\"@id\":\"https:\\\/\\\/filles-de-la-charite.org\\\/it\\\/#\\\/schema\\\/logo\\\/image\\\/\"}}]}<\/script>\n<!-- \/ Yoast SEO plugin. -->","yoast_head_json":{"title":"La nostra storia - Filles de la Charit\u00e9","robots":{"index":"index","follow":"follow","max-snippet":"max-snippet:-1","max-image-preview":"max-image-preview:large","max-video-preview":"max-video-preview:-1"},"canonical":"https:\/\/filles-de-la-charite.org\/it\/siamo\/la-nostra-storia\/","og_locale":"it_IT","og_type":"article","og_title":"La nostra storia - Filles de la Charit\u00e9","og_url":"https:\/\/filles-de-la-charite.org\/it\/siamo\/la-nostra-storia\/","og_site_name":"Filles de la Charit\u00e9","article_modified_time":"2026-04-10T16:34:28+00:00","twitter_card":"summary_large_image","twitter_misc":{"Tempo di lettura stimato":"16 minuti"},"schema":{"@context":"https:\/\/schema.org","@graph":[{"@type":"WebPage","@id":"https:\/\/filles-de-la-charite.org\/it\/siamo\/la-nostra-storia\/","url":"https:\/\/filles-de-la-charite.org\/it\/siamo\/la-nostra-storia\/","name":"La nostra storia - Filles de la Charit\u00e9","isPartOf":{"@id":"https:\/\/filles-de-la-charite.org\/it\/#website"},"datePublished":"2023-04-11T12:53:01+00:00","dateModified":"2026-04-10T16:34:28+00:00","breadcrumb":{"@id":"https:\/\/filles-de-la-charite.org\/it\/siamo\/la-nostra-storia\/#breadcrumb"},"inLanguage":"it-IT","potentialAction":[{"@type":"ReadAction","target":["https:\/\/filles-de-la-charite.org\/it\/siamo\/la-nostra-storia\/"]}]},{"@type":"BreadcrumbList","@id":"https:\/\/filles-de-la-charite.org\/it\/siamo\/la-nostra-storia\/#breadcrumb","itemListElement":[{"@type":"ListItem","position":1,"name":"Siamo","item":"https:\/\/filles-de-la-charite.org\/it\/siamo\/"},{"@type":"ListItem","position":2,"name":"La nostra storia"}]},{"@type":"WebSite","@id":"https:\/\/filles-de-la-charite.org\/it\/#website","url":"https:\/\/filles-de-la-charite.org\/it\/","name":"Hijas de la Caridad","description":"L\u2019amour de J\u00e9sus nous presse \u00e0 prendre soin des personnes les plus d\u00e9munies","publisher":{"@id":"https:\/\/filles-de-la-charite.org\/it\/#organization"},"potentialAction":[{"@type":"SearchAction","target":{"@type":"EntryPoint","urlTemplate":"https:\/\/filles-de-la-charite.org\/it\/?s={search_term_string}"},"query-input":{"@type":"PropertyValueSpecification","valueRequired":true,"valueName":"search_term_string"}}],"inLanguage":"it-IT"},{"@type":"Organization","@id":"https:\/\/filles-de-la-charite.org\/it\/#organization","name":"Hijas de la Caridad","url":"https:\/\/filles-de-la-charite.org\/it\/","logo":{"@type":"ImageObject","inLanguage":"it-IT","@id":"https:\/\/filles-de-la-charite.org\/it\/#\/schema\/logo\/image\/","url":"https:\/\/filles-de-la-charite.org\/wp-content\/uploads\/2023\/03\/isotipo-Hijas-de-la-Caridad.png","contentUrl":"https:\/\/filles-de-la-charite.org\/wp-content\/uploads\/2023\/03\/isotipo-Hijas-de-la-Caridad.png","width":1417,"height":1417,"caption":"Hijas de la Caridad"},"image":{"@id":"https:\/\/filles-de-la-charite.org\/it\/#\/schema\/logo\/image\/"}}]}},"_links":{"self":[{"href":"https:\/\/filles-de-la-charite.org\/it\/wp-json\/wp\/v2\/pages\/3463","targetHints":{"allow":["GET"]}}],"collection":[{"href":"https:\/\/filles-de-la-charite.org\/it\/wp-json\/wp\/v2\/pages"}],"about":[{"href":"https:\/\/filles-de-la-charite.org\/it\/wp-json\/wp\/v2\/types\/page"}],"author":[{"embeddable":true,"href":"https:\/\/filles-de-la-charite.org\/it\/wp-json\/wp\/v2\/users\/1"}],"replies":[{"embeddable":true,"href":"https:\/\/filles-de-la-charite.org\/it\/wp-json\/wp\/v2\/comments?post=3463"}],"version-history":[{"count":68,"href":"https:\/\/filles-de-la-charite.org\/it\/wp-json\/wp\/v2\/pages\/3463\/revisions"}],"predecessor-version":[{"id":49615,"href":"https:\/\/filles-de-la-charite.org\/it\/wp-json\/wp\/v2\/pages\/3463\/revisions\/49615"}],"up":[{"embeddable":true,"href":"https:\/\/filles-de-la-charite.org\/it\/wp-json\/wp\/v2\/pages\/3564"}],"wp:attachment":[{"href":"https:\/\/filles-de-la-charite.org\/it\/wp-json\/wp\/v2\/media?parent=3463"}],"curies":[{"name":"wp","href":"https:\/\/api.w.org\/{rel}","templated":true}]}}