{"id":3478,"date":"2023-04-13T10:17:11","date_gmt":"2023-04-13T08:17:11","guid":{"rendered":"https:\/\/hijascaridad.sjdigitaldemo.ovh\/ci-ispirano\/"},"modified":"2024-04-24T16:08:20","modified_gmt":"2024-04-24T14:08:20","slug":"ci-ispirano","status":"publish","type":"page","link":"https:\/\/filles-de-la-charite.org\/it\/siamo\/ci-ispirano\/","title":{"rendered":"Ci ispirano"},"content":{"rendered":"<p><div class=\"et_d4_element et_pb_section et_pb_section_0 et_pb_section_parallax et_pb_with_background  et_pb_css_mix_blend_mode et_section_regular et_block_section\" >\n\t\t\t\t\n\t\t\t\t<span class=\"et_parallax_bg_wrap et-pb-parallax-wrapper\"><span\n\t\t\t\t\t\tclass=\"et_parallax_bg et_parallax_bg--et_pb_section_0\"\n\t\t\t\t\t\tstyle=\"background-image: url(https:\/\/filles-de-la-charite.org\/wp-content\/uploads\/2023\/03\/pancarta_vincent_louise3-3.png);\"\n\t\t\t\t\t><\/span><span\n\t\t\t\t\t\tclass=\"et_parallax_gradient\"\n\t\t\t\t\t\tstyle=\"background-image: linear-gradient( , #ffffff 0%, rgba(249,249,249,0.5) 100% );\"\n\t\t\t\t\t><\/span><\/span>\n\t\t\t\t\n\t\t\t\t\n\t\t\t\t\n\t\t\t\t\n\t\t\t\t<div class=\"et_d4_element et_pb_row et_pb_row_0 et_pb_row_fullwidth et_pb_equal_columns et_pb_gutters1  et_pb_css_mix_blend_mode et_block_row\">\n\t\t\t\t<div class=\"et_d4_element et_pb_column_1_4 et_pb_column et_pb_column_0  et_pb_css_mix_blend_mode et_block_column et_pb_column_empty\">\n\t\t\t\t\n\t\t\t\t\n\t\t\t\t\n\t\t\t\t\n\t\t\t\t\n\t\t\t<\/div><div class=\"et_d4_element et_pb_column_1_4 et_pb_column et_pb_column_1  et_pb_css_mix_blend_mode et_block_column et_pb_column_empty\">\n\t\t\t\t\n\t\t\t\t\n\t\t\t\t\n\t\t\t\t\n\t\t\t\t\n\t\t\t<\/div><div class=\"et_d4_element et_pb_column_1_2 et_pb_column et_pb_column_2  et_pb_css_mix_blend_mode et-last-child et_block_column\">\n\t\t\t\t\n\t\t\t\t\n\t\t\t\t\n\t\t\t\t\n\t\t\t\t<div class=\"et_pb_module et_d4_element et_pb_text et_pb_text_0 et_animated  et_pb_text_align_left et_pb_bg_layout_dark\">\n\t\t\t\t\n\t\t\t\t\n\t\t\t\t\n\t\t\t\t\n\t\t\t\t<div class=\"et_pb_text_inner\"><h1>LE NOSTRE FONTI DI ISPIRAZIONE<\/h1>\n<h2>Luce sul cammino<\/h2><\/div>\n\t\t\t<\/div><div class=\"et_pb_module et_d4_element et_pb_divider et_pb_divider_0 et_animated et_pb_divider_position_center et_pb_space\"><div class=\"et_pb_divider_internal\"><\/div><\/div><div class=\"et_pb_module et_d4_element et_pb_text et_pb_text_1 et_animated  et_pb_text_align_left et_pb_bg_layout_dark\">\n\t\t\t\t\n\t\t\t\t\n\t\t\t\t\n\t\t\t\t\n\t\t\t\t<div class=\"et_pb_text_inner\"><p><span style=\"font-weight: 400;\">I Santi e Beati della nostra Famiglia<\/span><\/p>\n<div id=\"gtx-trans\" style=\"position: absolute; left: 62px; top: -8.8px;\">\n<div class=\"gtx-trans-icon\"><\/div>\n<\/div><\/div>\n\t\t\t<\/div>\n\t\t\t<\/div>\n\t\t\t\t\n\t\t\t\t\n\t\t\t\t\n\t\t\t\t\n\t\t\t<\/div>\n\t\t\t\t\n\t\t\t\t\n\t\t\t<\/div><div class=\"et_d4_element et_pb_section et_pb_section_1  et_pb_css_mix_blend_mode et_section_regular et_block_section\" >\n\t\t\t\t\n\t\t\t\t\n\t\t\t\t\n\t\t\t\t\n\t\t\t\t\n\t\t\t\t\n\t\t\t\t<div class=\"et_d4_element et_pb_row et_pb_row_1  et_pb_css_mix_blend_mode et_block_row\">\n\t\t\t\t<div class=\"et_d4_element et_pb_column_1_3 et_pb_column et_pb_column_3  et_pb_css_mix_blend_mode et_block_column\">\n\t\t\t\t\n\t\t\t\t\n\t\t\t\t\n\t\t\t\t\n\t\t\t\t<div class=\"et_pb_module et_d4_element et_pb_text et_pb_text_2 et_animated  et_pb_text_align_left et_pb_bg_layout_light\">\n\t\t\t\t\n\t\t\t\t\n\t\t\t\t\n\t\t\t\t\n\t\t\t\t<div class=\"et_pb_text_inner\"><h1><span>La nostra Famiglia<\/span><\/h1><\/div>\n\t\t\t<\/div><div class=\"et_pb_module et_d4_element et_pb_divider et_pb_divider_1 et_animated et_pb_divider_position_center et_pb_space\"><div class=\"et_pb_divider_internal\"><\/div><\/div>\n\t\t\t<\/div><div class=\"et_d4_element et_pb_column_2_3 et_pb_column et_pb_column_4  et_pb_css_mix_blend_mode et-last-child et_block_column\">\n\t\t\t\t\n\t\t\t\t\n\t\t\t\t\n\t\t\t\t\n\t\t\t\t<div class=\"et_pb_module et_d4_element et_pb_text et_pb_text_3 et_animated  et_pb_text_align_left et_pb_bg_layout_light\">\n\t\t\t\t\n\t\t\t\t\n\t\t\t\t\n\t\t\t\t\n\t\t\t\t<div class=\"et_pb_text_inner\"><p>Queste donne e questi uomini coraggiosi e compassionevoli hanno lasciato un\u2019eredit\u00e0 di amore, di servizio e di dedizione a Dio e ai bisognosi.<br \/>Attraverso le loro vite e le loro azioni, hanno tracciato un solco e ci invitano a scavarlo con audacia e creativit\u00e0.<br \/>Attraverso queste pagine presentiamo la loro storia e le loro testimonianze.<\/p>\n<p>Possa questa lettura infiammare e alimentare in ciascuno lo stesso fuoco di fede e di carit\u00e0.<\/p><\/div>\n\t\t\t<\/div>\n\t\t\t<\/div>\n\t\t\t\t\n\t\t\t\t\n\t\t\t\t\n\t\t\t\t\n\t\t\t<\/div><div class=\"et_d4_element et_pb_row et_pb_row_2  et_pb_css_mix_blend_mode et_block_row\">\n\t\t\t\t<div class=\"et_d4_element et_pb_column_4_4 et_pb_column et_pb_column_5  et_pb_css_mix_blend_mode et-last-child et_block_column\">\n\t\t\t\t\n\t\t\t\t\n\t\t\t\t\n\t\t\t\t\n\t\t\t\t<div class=\"et_pb_with_border et_pb_module et_d4_element brbl_post_masonry brbl_post_masonry_0\">\n\t\t\t\t\n\t\t\t\t\n\t\t\t\t\n\t\t\t\t\n\t\t\t\t\n\t\t\t\t\n\t\t\t\t<div class=\"et_pb_module_inner\">\n\t\t\t\t\t<div class=\"brbl-module brbl-post-masonry \" data-options=\"{&quot;layout&quot;:&quot;masonry-2&quot;,&quot;blog_order&quot;:0,&quot;pagination_type&quot;:&quot;&quot;,&quot;loadmore_type&quot;:&quot;scroll&quot;}\">\r\n                <div class=\"brbl-blog-items brbl-blog brbl-blog-scroll-0\"><div class=\"brbl-blog-item brbl-blog-item-masonry-2-0\">\r\n        <article class=\"brbl-masonry-card brbl-post-masonry-2\">\r\n            <figure class=\"brbl-post-thumb\">\r\n\t\t\t\t<a href=\"https:\/\/filles-de-la-charite.org\/it\/famiglia\/san-vincenzo-de-paoli\/\">\r\n\t\t\t\t\t<div class=\"brbl-overlay\" data-icon=\"\"><\/div>\r\n\t\t\t\t\t<img decoding=\"async\" src=\"https:\/\/filles-de-la-charite.org\/wp-content\/uploads\/2023\/04\/st_vincent-37-1.jpg\" alt=\"\">\r\n\t\t\t\t\t\r\n\t\t\t\t<\/a>\r\n\t\t\t<\/figure>\r\n            \r\n            <div class=\"brbl-masonry-content\">\r\n\t\t\t\t<div class=\"brbl-blog-meta\">\r\n            \r\n            \r\n        <\/div>\r\n                <h3 class=\"brbl-post-title\">\r\n                <a href=\"https:\/\/filles-de-la-charite.org\/it\/famiglia\/san-vincenzo-de-paoli\/\">San Vincenzo de Paoli<\/a>\r\n            <\/h3>\r\n                \r\n                \r\n            <\/div>\r\n        <\/article>\r\n    <\/div><div class=\"brbl-blog-item brbl-blog-item-masonry-2-0\">\r\n        <article class=\"brbl-masonry-card brbl-post-masonry-2\">\r\n            <figure class=\"brbl-post-thumb\">\r\n\t\t\t\t<a href=\"https:\/\/filles-de-la-charite.org\/it\/famiglia\/santa-luisa-de-marillac\/\">\r\n\t\t\t\t\t<div class=\"brbl-overlay\" data-icon=\"\"><\/div>\r\n\t\t\t\t\t<img decoding=\"async\" src=\"https:\/\/filles-de-la-charite.org\/wp-content\/uploads\/2023\/04\/image12-1.jpg\" alt=\"\">\r\n\t\t\t\t\t\r\n\t\t\t\t<\/a>\r\n\t\t\t<\/figure>\r\n            \r\n            <div class=\"brbl-masonry-content\">\r\n\t\t\t\t<div class=\"brbl-blog-meta\">\r\n            \r\n            \r\n        <\/div>\r\n                <h3 class=\"brbl-post-title\">\r\n                <a href=\"https:\/\/filles-de-la-charite.org\/it\/famiglia\/santa-luisa-de-marillac\/\">Santa Luisa de Marillac<\/a>\r\n            <\/h3>\r\n                \r\n                \r\n            <\/div>\r\n        <\/article>\r\n    <\/div><div class=\"brbl-blog-item brbl-blog-item-masonry-2-0\">\r\n        <article class=\"brbl-masonry-card brbl-post-masonry-2\">\r\n            <figure class=\"brbl-post-thumb\">\r\n\t\t\t\t<a href=\"https:\/\/filles-de-la-charite.org\/it\/famiglia\/santa-caterina-laboure\/\">\r\n\t\t\t\t\t<div class=\"brbl-overlay\" data-icon=\"\"><\/div>\r\n\t\t\t\t\t<img decoding=\"async\" src=\"https:\/\/filles-de-la-charite.org\/wp-content\/uploads\/2023\/04\/image19-1.jpg\" alt=\"\">\r\n\t\t\t\t\t\r\n\t\t\t\t<\/a>\r\n\t\t\t<\/figure>\r\n            \r\n            <div class=\"brbl-masonry-content\">\r\n\t\t\t\t<div class=\"brbl-blog-meta\">\r\n            \r\n            \r\n        <\/div>\r\n                <h3 class=\"brbl-post-title\">\r\n                <a href=\"https:\/\/filles-de-la-charite.org\/it\/famiglia\/santa-caterina-laboure\/\">Santa Caterina Labour\u00e9<\/a>\r\n            <\/h3>\r\n                \r\n                \r\n            <\/div>\r\n        <\/article>\r\n    <\/div><div class=\"brbl-blog-item brbl-blog-item-masonry-2-0\">\r\n        <article class=\"brbl-masonry-card brbl-post-masonry-2\">\r\n            <figure class=\"brbl-post-thumb\">\r\n\t\t\t\t<a href=\"https:\/\/filles-de-la-charite.org\/it\/famiglia\/beata-giuseppina-nicoli\/\">\r\n\t\t\t\t\t<div class=\"brbl-overlay\" data-icon=\"\"><\/div>\r\n\t\t\t\t\t<img decoding=\"async\" src=\"https:\/\/filles-de-la-charite.org\/wp-content\/uploads\/2023\/04\/Giuseppina-Nicoli-1.png\" alt=\"\">\r\n\t\t\t\t\t\r\n\t\t\t\t<\/a>\r\n\t\t\t<\/figure>\r\n            \r\n            <div class=\"brbl-masonry-content\">\r\n\t\t\t\t<div class=\"brbl-blog-meta\">\r\n            \r\n            \r\n        <\/div>\r\n                <h3 class=\"brbl-post-title\">\r\n                <a href=\"https:\/\/filles-de-la-charite.org\/it\/famiglia\/beata-giuseppina-nicoli\/\">Beata Giuseppina Nicoli<\/a>\r\n            <\/h3>\r\n                \r\n                \r\n            <\/div>\r\n        <\/article>\r\n    <\/div><div class=\"brbl-blog-item brbl-blog-item-masonry-2-0\">\r\n        <article class=\"brbl-masonry-card brbl-post-masonry-2\">\r\n            <figure class=\"brbl-post-thumb\">\r\n\t\t\t\t<a href=\"https:\/\/filles-de-la-charite.org\/it\/famiglia\/santa-giovanna-antida-thouret\/\">\r\n\t\t\t\t\t<div class=\"brbl-overlay\" data-icon=\"\"><\/div>\r\n\t\t\t\t\t<img decoding=\"async\" src=\"https:\/\/filles-de-la-charite.org\/wp-content\/uploads\/2023\/04\/image3-1-1.jpg\" alt=\"\">\r\n\t\t\t\t\t\r\n\t\t\t\t<\/a>\r\n\t\t\t<\/figure>\r\n            \r\n            <div class=\"brbl-masonry-content\">\r\n\t\t\t\t<div class=\"brbl-blog-meta\">\r\n            \r\n            \r\n        <\/div>\r\n                <h3 class=\"brbl-post-title\">\r\n                <a href=\"https:\/\/filles-de-la-charite.org\/it\/famiglia\/santa-giovanna-antida-thouret\/\">Santa Giovanna Antida Thouret<\/a>\r\n            <\/h3>\r\n                \r\n                \r\n            <\/div>\r\n        <\/article>\r\n    <\/div><div class=\"brbl-blog-item brbl-blog-item-masonry-2-0\">\r\n        <article class=\"brbl-masonry-card brbl-post-masonry-2\">\r\n            <figure class=\"brbl-post-thumb\">\r\n\t\t\t\t<a href=\"https:\/\/filles-de-la-charite.org\/it\/famiglia\/beata-lindalva-justo-de-oliveira\/\">\r\n\t\t\t\t\t<div class=\"brbl-overlay\" data-icon=\"\"><\/div>\r\n\t\t\t\t\t<img decoding=\"async\" src=\"https:\/\/filles-de-la-charite.org\/wp-content\/uploads\/2023\/04\/Sr-Lindalva-1.jpg\" alt=\"\">\r\n\t\t\t\t\t\r\n\t\t\t\t<\/a>\r\n\t\t\t<\/figure>\r\n            \r\n            <div class=\"brbl-masonry-content\">\r\n\t\t\t\t<div class=\"brbl-blog-meta\">\r\n            \r\n            \r\n        <\/div>\r\n                <h3 class=\"brbl-post-title\">\r\n                <a href=\"https:\/\/filles-de-la-charite.org\/it\/famiglia\/beata-lindalva-justo-de-oliveira\/\">Beata Lindalva Justo de Oliveira<\/a>\r\n            <\/h3>\r\n                \r\n                \r\n            <\/div>\r\n        <\/article>\r\n    <\/div><div class=\"brbl-blog-item brbl-blog-item-masonry-2-0\">\r\n        <article class=\"brbl-masonry-card brbl-post-masonry-2\">\r\n            <figure class=\"brbl-post-thumb\">\r\n\t\t\t\t<a href=\"https:\/\/filles-de-la-charite.org\/it\/famiglia\/beata-marta-wiecka\/\">\r\n\t\t\t\t\t<div class=\"brbl-overlay\" data-icon=\"\"><\/div>\r\n\t\t\t\t\t<img decoding=\"async\" src=\"https:\/\/filles-de-la-charite.org\/wp-content\/uploads\/2023\/04\/Marta-Wiecka-1.png\" alt=\"\">\r\n\t\t\t\t\t\r\n\t\t\t\t<\/a>\r\n\t\t\t<\/figure>\r\n            \r\n            <div class=\"brbl-masonry-content\">\r\n\t\t\t\t<div class=\"brbl-blog-meta\">\r\n            \r\n            \r\n        <\/div>\r\n                <h3 class=\"brbl-post-title\">\r\n                <a href=\"https:\/\/filles-de-la-charite.org\/it\/famiglia\/beata-marta-wiecka\/\">Beata Marta Wiecka<\/a>\r\n            <\/h3>\r\n                \r\n                \r\n            <\/div>\r\n        <\/article>\r\n    <\/div><div class=\"brbl-blog-item brbl-blog-item-masonry-2-0\">\r\n        <article class=\"brbl-masonry-card brbl-post-masonry-2\">\r\n            <figure class=\"brbl-post-thumb\">\r\n\t\t\t\t<a href=\"https:\/\/filles-de-la-charite.org\/it\/famiglia\/le-beate-figlie-della-carita-martiri-durante-la-rivoluzione-francese\/\">\r\n\t\t\t\t\t<div class=\"brbl-overlay\" data-icon=\"\"><\/div>\r\n\t\t\t\t\t<img decoding=\"async\" src=\"https:\/\/filles-de-la-charite.org\/wp-content\/uploads\/2023\/04\/A-linterieur-3-1.png\" alt=\"\">\r\n\t\t\t\t\t\r\n\t\t\t\t<\/a>\r\n\t\t\t<\/figure>\r\n            \r\n            <div class=\"brbl-masonry-content\">\r\n\t\t\t\t<div class=\"brbl-blog-meta\">\r\n            \r\n            \r\n        <\/div>\r\n                <h3 class=\"brbl-post-title\">\r\n                <a href=\"https:\/\/filles-de-la-charite.org\/it\/famiglia\/le-beate-figlie-della-carita-martiri-durante-la-rivoluzione-francese\/\">Le Beate Figlie della Carit\u00e0, martiri durante la Rivoluzione Francese<\/a>\r\n            <\/h3>\r\n                \r\n                \r\n            <\/div>\r\n        <\/article>\r\n    <\/div><div class=\"brbl-blog-item brbl-blog-item-masonry-2-0\">\r\n        <article class=\"brbl-masonry-card brbl-post-masonry-2\">\r\n            <figure class=\"brbl-post-thumb\">\r\n\t\t\t\t<a href=\"https:\/\/filles-de-la-charite.org\/it\/famiglia\/suor-marie-anne-vaillot-e-suor-odile-baumgarten-allospedale-dangers\/\">\r\n\t\t\t\t\t<div class=\"brbl-overlay\" data-icon=\"\"><\/div>\r\n\t\t\t\t\t<img decoding=\"async\" src=\"https:\/\/filles-de-la-charite.org\/wp-content\/uploads\/2023\/04\/Angers-005_jpg-1.jpg\" alt=\"\">\r\n\t\t\t\t\t\r\n\t\t\t\t<\/a>\r\n\t\t\t<\/figure>\r\n            \r\n            <div class=\"brbl-masonry-content\">\r\n\t\t\t\t<div class=\"brbl-blog-meta\">\r\n            \r\n            \r\n        <\/div>\r\n                <h3 class=\"brbl-post-title\">\r\n                <a href=\"https:\/\/filles-de-la-charite.org\/it\/famiglia\/suor-marie-anne-vaillot-e-suor-odile-baumgarten-allospedale-dangers\/\">Suor Marie &#8211; Anne Vaillot e Suor Odile Baumgarten dell\u2019ospedale d\u2019Angers<\/a>\r\n            <\/h3>\r\n                \r\n                \r\n            <\/div>\r\n        <\/article>\r\n    <\/div><div class=\"brbl-blog-item brbl-blog-item-masonry-2-0\">\r\n        <article class=\"brbl-masonry-card brbl-post-masonry-2\">\r\n            <figure class=\"brbl-post-thumb\">\r\n\t\t\t\t<a href=\"https:\/\/filles-de-la-charite.org\/it\/famiglia\/suor-margherita-rutan-allospedale-di-dax\/\">\r\n\t\t\t\t\t<div class=\"brbl-overlay\" data-icon=\"\"><\/div>\r\n\t\t\t\t\t<img decoding=\"async\" src=\"https:\/\/filles-de-la-charite.org\/wp-content\/uploads\/2023\/04\/M.Rutan_1-1.jpg\" alt=\"\">\r\n\t\t\t\t\t\r\n\t\t\t\t<\/a>\r\n\t\t\t<\/figure>\r\n            \r\n            <div class=\"brbl-masonry-content\">\r\n\t\t\t\t<div class=\"brbl-blog-meta\">\r\n            \r\n            \r\n        <\/div>\r\n                <h3 class=\"brbl-post-title\">\r\n                <a href=\"https:\/\/filles-de-la-charite.org\/it\/famiglia\/suor-margherita-rutan-allospedale-di-dax\/\">Suor Margherita Rutan dell&#8217;ospedale di Dax<\/a>\r\n            <\/h3>\r\n                \r\n                \r\n            <\/div>\r\n        <\/article>\r\n    <\/div><div class=\"brbl-blog-item brbl-blog-item-masonry-2-0\">\r\n        <article class=\"brbl-masonry-card brbl-post-masonry-2\">\r\n            <figure class=\"brbl-post-thumb\">\r\n\t\t\t\t<a href=\"https:\/\/filles-de-la-charite.org\/it\/famiglia\/le-sorelle-marie-madeleine-fontaine-marie-francoise-lanel-therese-fantou-jeanne-gerard-della-casa-di-carita-darras\/\">\r\n\t\t\t\t\t<div class=\"brbl-overlay\" data-icon=\"\"><\/div>\r\n\t\t\t\t\t<img decoding=\"async\" src=\"https:\/\/filles-de-la-charite.org\/wp-content\/uploads\/2024\/03\/martires-arras-.png\" alt=\"\">\r\n\t\t\t\t\t\r\n\t\t\t\t<\/a>\r\n\t\t\t<\/figure>\r\n            \r\n            <div class=\"brbl-masonry-content\">\r\n\t\t\t\t<div class=\"brbl-blog-meta\">\r\n            \r\n            \r\n        <\/div>\r\n                <h3 class=\"brbl-post-title\">\r\n                <a href=\"https:\/\/filles-de-la-charite.org\/it\/famiglia\/le-sorelle-marie-madeleine-fontaine-marie-francoise-lanel-therese-fantou-jeanne-gerard-della-casa-di-carita-darras\/\">SUOR MARIE-MADELEINE FONTAINE, SUOR MARIE-FRAN\u00c7OISE LANEL, SUOR TH\u00c9R\u00c8SE FANTOU, SUOR JEANNE G\u00c9RARD D\u2019ARRAS<\/a>\r\n            <\/h3>\r\n                \r\n                \r\n            <\/div>\r\n        <\/article>\r\n    <\/div><div class=\"brbl-blog-item brbl-blog-item-masonry-2-0\">\r\n        <article class=\"brbl-masonry-card brbl-post-masonry-2\">\r\n            <figure class=\"brbl-post-thumb\">\r\n\t\t\t\t<a href=\"https:\/\/filles-de-la-charite.org\/it\/famiglia\/beata-rosalia-rendu\/\">\r\n\t\t\t\t\t<div class=\"brbl-overlay\" data-icon=\"\"><\/div>\r\n\t\t\t\t\t<img decoding=\"async\" src=\"https:\/\/filles-de-la-charite.org\/wp-content\/uploads\/2023\/04\/Rosalie-Rendu-1.png\" alt=\"\">\r\n\t\t\t\t\t\r\n\t\t\t\t<\/a>\r\n\t\t\t<\/figure>\r\n            \r\n            <div class=\"brbl-masonry-content\">\r\n\t\t\t\t<div class=\"brbl-blog-meta\">\r\n            \r\n            \r\n        <\/div>\r\n                <h3 class=\"brbl-post-title\">\r\n                <a href=\"https:\/\/filles-de-la-charite.org\/it\/famiglia\/beata-rosalia-rendu\/\">Beata Rosalia Rendu<\/a>\r\n            <\/h3>\r\n                \r\n                \r\n            <\/div>\r\n        <\/article>\r\n    <\/div><div class=\"brbl-blog-item brbl-blog-item-masonry-2-0\">\r\n        <article class=\"brbl-masonry-card brbl-post-masonry-2\">\r\n            <figure class=\"brbl-post-thumb\">\r\n\t\t\t\t<a href=\"https:\/\/filles-de-la-charite.org\/it\/famiglia\/santa-elisabetta-ann-seton\/\">\r\n\t\t\t\t\t<div class=\"brbl-overlay\" data-icon=\"\"><\/div>\r\n\t\t\t\t\t<img decoding=\"async\" src=\"https:\/\/filles-de-la-charite.org\/wp-content\/uploads\/2023\/04\/Seton-1.png\" alt=\"\">\r\n\t\t\t\t\t\r\n\t\t\t\t<\/a>\r\n\t\t\t<\/figure>\r\n            \r\n            <div class=\"brbl-masonry-content\">\r\n\t\t\t\t<div class=\"brbl-blog-meta\">\r\n            \r\n            \r\n        <\/div>\r\n                <h3 class=\"brbl-post-title\">\r\n                <a href=\"https:\/\/filles-de-la-charite.org\/it\/famiglia\/santa-elisabetta-ann-seton\/\">Santa Elizabeth Ann Seton<\/a>\r\n            <\/h3>\r\n                \r\n                \r\n            <\/div>\r\n        <\/article>\r\n    <\/div><div class=\"brbl-blog-item brbl-blog-item-masonry-2-0\">\r\n        <article class=\"brbl-masonry-card brbl-post-masonry-2\">\r\n            <figure class=\"brbl-post-thumb\">\r\n\t\t\t\t<a href=\"https:\/\/filles-de-la-charite.org\/it\/famiglia\/beato-federico-ozanam\/\">\r\n\t\t\t\t\t<div class=\"brbl-overlay\" data-icon=\"\"><\/div>\r\n\t\t\t\t\t<img decoding=\"async\" src=\"https:\/\/filles-de-la-charite.org\/wp-content\/uploads\/2023\/04\/Frederic-Ozanam-1.png\" alt=\"\">\r\n\t\t\t\t\t\r\n\t\t\t\t<\/a>\r\n\t\t\t<\/figure>\r\n            \r\n            <div class=\"brbl-masonry-content\">\r\n\t\t\t\t<div class=\"brbl-blog-meta\">\r\n            \r\n            \r\n        <\/div>\r\n                <h3 class=\"brbl-post-title\">\r\n                <a href=\"https:\/\/filles-de-la-charite.org\/it\/famiglia\/beato-federico-ozanam\/\">Beato Federico Ozanam<\/a>\r\n            <\/h3>\r\n                \r\n                \r\n            <\/div>\r\n        <\/article>\r\n    <\/div><div class=\"brbl-blog-item brbl-blog-item-masonry-2-0\">\r\n        <article class=\"brbl-masonry-card brbl-post-masonry-2\">\r\n            <figure class=\"brbl-post-thumb\">\r\n\t\t\t\t<a href=\"https:\/\/filles-de-la-charite.org\/it\/famiglia\/san-francesco-regis-clet\/\">\r\n\t\t\t\t\t<div class=\"brbl-overlay\" data-icon=\"\"><\/div>\r\n\t\t\t\t\t<img decoding=\"async\" src=\"https:\/\/filles-de-la-charite.org\/wp-content\/uploads\/2023\/04\/Francois-Regis-Clet-1.png\" alt=\"\">\r\n\t\t\t\t\t\r\n\t\t\t\t<\/a>\r\n\t\t\t<\/figure>\r\n            \r\n            <div class=\"brbl-masonry-content\">\r\n\t\t\t\t<div class=\"brbl-blog-meta\">\r\n            \r\n            \r\n        <\/div>\r\n                <h3 class=\"brbl-post-title\">\r\n                <a href=\"https:\/\/filles-de-la-charite.org\/it\/famiglia\/san-francesco-regis-clet\/\">San Francesco Regis Clet<\/a>\r\n            <\/h3>\r\n                \r\n                \r\n            <\/div>\r\n        <\/article>\r\n    <\/div><div class=\"brbl-blog-item brbl-blog-item-masonry-2-0\">\r\n        <article class=\"brbl-masonry-card brbl-post-masonry-2\">\r\n            <figure class=\"brbl-post-thumb\">\r\n\t\t\t\t<a href=\"https:\/\/filles-de-la-charite.org\/it\/famiglia\/bienheureux-ghebre-michael\/\">\r\n\t\t\t\t\t<div class=\"brbl-overlay\" data-icon=\"\"><\/div>\r\n\t\t\t\t\t<img decoding=\"async\" src=\"https:\/\/filles-de-la-charite.org\/wp-content\/uploads\/2023\/04\/Ghebre-Michael-1.png\" alt=\"\">\r\n\t\t\t\t\t\r\n\t\t\t\t<\/a>\r\n\t\t\t<\/figure>\r\n            \r\n            <div class=\"brbl-masonry-content\">\r\n\t\t\t\t<div class=\"brbl-blog-meta\">\r\n            \r\n            \r\n        <\/div>\r\n                <h3 class=\"brbl-post-title\">\r\n                <a href=\"https:\/\/filles-de-la-charite.org\/it\/famiglia\/bienheureux-ghebre-michael\/\">Beato GH\u00c9BR\u00c9-MICHA\u00cbL<\/a>\r\n            <\/h3>\r\n                \r\n                \r\n            <\/div>\r\n        <\/article>\r\n    <\/div><div class=\"brbl-blog-item brbl-blog-item-masonry-2-0\">\r\n        <article class=\"brbl-masonry-card brbl-post-masonry-2\">\r\n            <figure class=\"brbl-post-thumb\">\r\n\t\t\t\t<a href=\"https:\/\/filles-de-la-charite.org\/it\/famiglia\/san-giovanni-gabriele-perboyre\/\">\r\n\t\t\t\t\t<div class=\"brbl-overlay\" data-icon=\"\"><\/div>\r\n\t\t\t\t\t<img decoding=\"async\" src=\"https:\/\/filles-de-la-charite.org\/wp-content\/uploads\/2023\/04\/Perboyre-1.png\" alt=\"\">\r\n\t\t\t\t\t\r\n\t\t\t\t<\/a>\r\n\t\t\t<\/figure>\r\n            \r\n            <div class=\"brbl-masonry-content\">\r\n\t\t\t\t<div class=\"brbl-blog-meta\">\r\n            \r\n            \r\n        <\/div>\r\n                <h3 class=\"brbl-post-title\">\r\n                <a href=\"https:\/\/filles-de-la-charite.org\/it\/famiglia\/san-giovanni-gabriele-perboyre\/\">San Jean &#8211; Gabriel Perboyre<\/a>\r\n            <\/h3>\r\n                \r\n                \r\n            <\/div>\r\n        <\/article>\r\n    <\/div><div class=\"brbl-blog-item brbl-blog-item-masonry-2-0\">\r\n        <article class=\"brbl-masonry-card brbl-post-masonry-2\">\r\n            <figure class=\"brbl-post-thumb\">\r\n\t\t\t\t<a href=\"https:\/\/filles-de-la-charite.org\/it\/famiglia\/san-giustino-di-jacobis\/\">\r\n\t\t\t\t\t<div class=\"brbl-overlay\" data-icon=\"\"><\/div>\r\n\t\t\t\t\t<img decoding=\"async\" src=\"https:\/\/filles-de-la-charite.org\/wp-content\/uploads\/2023\/04\/image1-2.jpg\" alt=\"\">\r\n\t\t\t\t\t\r\n\t\t\t\t<\/a>\r\n\t\t\t<\/figure>\r\n            \r\n            <div class=\"brbl-masonry-content\">\r\n\t\t\t\t<div class=\"brbl-blog-meta\">\r\n            \r\n            \r\n        <\/div>\r\n                <h3 class=\"brbl-post-title\">\r\n                <a href=\"https:\/\/filles-de-la-charite.org\/it\/famiglia\/san-giustino-di-jacobis\/\">San Giustino de Jacobis<\/a>\r\n            <\/h3>\r\n                \r\n                \r\n            <\/div>\r\n        <\/article>\r\n    <\/div><div class=\"brbl-blog-item brbl-blog-item-masonry-2-0\">\r\n        <article class=\"brbl-masonry-card brbl-post-masonry-2\">\r\n            <figure class=\"brbl-post-thumb\">\r\n\t\t\t\t<a href=\"https:\/\/filles-de-la-charite.org\/it\/famiglia\/beato-marc-antoine-durando\/\">\r\n\t\t\t\t\t<div class=\"brbl-overlay\" data-icon=\"\"><\/div>\r\n\t\t\t\t\t<img decoding=\"async\" src=\"https:\/\/filles-de-la-charite.org\/wp-content\/uploads\/2023\/04\/Durando-1.jpg\" alt=\"\">\r\n\t\t\t\t\t\r\n\t\t\t\t<\/a>\r\n\t\t\t<\/figure>\r\n            \r\n            <div class=\"brbl-masonry-content\">\r\n\t\t\t\t<div class=\"brbl-blog-meta\">\r\n            \r\n            \r\n        <\/div>\r\n                <h3 class=\"brbl-post-title\">\r\n                <a href=\"https:\/\/filles-de-la-charite.org\/it\/famiglia\/beato-marc-antoine-durando\/\">Beato Marcantonio Durando<\/a>\r\n            <\/h3>\r\n                \r\n                \r\n            <\/div>\r\n        <\/article>\r\n    <\/div><div class=\"brbl-blog-item brbl-blog-item-masonry-2-0\">\r\n        <article class=\"brbl-masonry-card brbl-post-masonry-2\">\r\n            <figure class=\"brbl-post-thumb\">\r\n\t\t\t\t<a href=\"https:\/\/filles-de-la-charite.org\/it\/famiglia\/san-pier-giorgio-frassati\/\">\r\n\t\t\t\t\t<div class=\"brbl-overlay\" data-icon=\"\"><\/div>\r\n\t\t\t\t\t<img decoding=\"async\" src=\"https:\/\/filles-de-la-charite.org\/wp-content\/uploads\/2023\/04\/Pier-Giorgio-Frassati-1.png\" alt=\"\">\r\n\t\t\t\t\t\r\n\t\t\t\t<\/a>\r\n\t\t\t<\/figure>\r\n            \r\n            <div class=\"brbl-masonry-content\">\r\n\t\t\t\t<div class=\"brbl-blog-meta\">\r\n            \r\n            \r\n        <\/div>\r\n                <h3 class=\"brbl-post-title\">\r\n                <a href=\"https:\/\/filles-de-la-charite.org\/it\/famiglia\/san-pier-giorgio-frassati\/\">San Pier Giorgio Frassati<\/a>\r\n            <\/h3>\r\n                \r\n                \r\n            <\/div>\r\n        <\/article>\r\n    <\/div><div class=\"brbl-blog-item brbl-blog-item-masonry-2-0\">\r\n        <article class=\"brbl-masonry-card brbl-post-masonry-2\">\r\n            <figure class=\"brbl-post-thumb\">\r\n\t\t\t\t<a href=\"https:\/\/filles-de-la-charite.org\/it\/famiglia\/le-suore-martiri-del-xx-secolo\/\">\r\n\t\t\t\t\t<div class=\"brbl-overlay\" data-icon=\"\"><\/div>\r\n\t\t\t\t\t<img decoding=\"async\" src=\"https:\/\/filles-de-la-charite.org\/wp-content\/uploads\/2023\/04\/Soeurs-Martyres-du-20e-siecle-1.png\" alt=\"\">\r\n\t\t\t\t\t\r\n\t\t\t\t<\/a>\r\n\t\t\t<\/figure>\r\n            \r\n            <div class=\"brbl-masonry-content\">\r\n\t\t\t\t<div class=\"brbl-blog-meta\">\r\n            \r\n            \r\n        <\/div>\r\n                <h3 class=\"brbl-post-title\">\r\n                <a href=\"https:\/\/filles-de-la-charite.org\/it\/famiglia\/le-suore-martiri-del-xx-secolo\/\">Le Beate Martiri della fede del XX secolo in Spagna<\/a>\r\n            <\/h3>\r\n                \r\n                \r\n            <\/div>\r\n        <\/article>\r\n    <\/div><div class=\"brbl-blog-item brbl-blog-item-masonry-2-0\">\r\n        <article class=\"brbl-masonry-card brbl-post-masonry-2\">\r\n            <figure class=\"brbl-post-thumb\">\r\n\t\t\t\t<a href=\"https:\/\/filles-de-la-charite.org\/it\/famiglia\/testimoni-forti-e-coraggiosi-della-fede-spagna\/\">\r\n\t\t\t\t\t<div class=\"brbl-overlay\" data-icon=\"\"><\/div>\r\n\t\t\t\t\t<img decoding=\"async\" src=\"https:\/\/filles-de-la-charite.org\/wp-content\/uploads\/2023\/04\/martires-2.jpg\" alt=\"\">\r\n\t\t\t\t\t\r\n\t\t\t\t<\/a>\r\n\t\t\t<\/figure>\r\n            \r\n            <div class=\"brbl-masonry-content\">\r\n\t\t\t\t<div class=\"brbl-blog-meta\">\r\n            \r\n            \r\n        <\/div>\r\n                <h3 class=\"brbl-post-title\">\r\n                <a href=\"https:\/\/filles-de-la-charite.org\/it\/famiglia\/testimoni-forti-e-coraggiosi-della-fede-spagna\/\">Testimoni forti e coraggiose della fede \u2013 Spagna<\/a>\r\n            <\/h3>\r\n                \r\n                \r\n            <\/div>\r\n        <\/article>\r\n    <\/div><div class=\"brbl-blog-item brbl-blog-item-masonry-2-0\">\r\n        <article class=\"brbl-masonry-card brbl-post-masonry-2\">\r\n            <figure class=\"brbl-post-thumb\">\r\n\t\t\t\t<a href=\"https:\/\/filles-de-la-charite.org\/it\/famiglia\/beato-louis-joseph-francois-c-m-y-companeros-martires\/\">\r\n\t\t\t\t\t<div class=\"brbl-overlay\" data-icon=\"\"><\/div>\r\n\t\t\t\t\t<img decoding=\"async\" src=\"https:\/\/filles-de-la-charite.org\/wp-content\/uploads\/2024\/03\/Martyrs-french-revolution-CM-thumbnail-1.jpg\" alt=\"\">\r\n\t\t\t\t\t\r\n\t\t\t\t<\/a>\r\n\t\t\t<\/figure>\r\n            \r\n            <div class=\"brbl-masonry-content\">\r\n\t\t\t\t<div class=\"brbl-blog-meta\">\r\n            \r\n            \r\n        <\/div>\r\n                <h3 class=\"brbl-post-title\">\r\n                <a href=\"https:\/\/filles-de-la-charite.org\/it\/famiglia\/beato-louis-joseph-francois-c-m-y-companeros-martires\/\">Beati Luigi Giuseppe Fran\u00e7ois, C.M., e i compagni martiri<\/a>\r\n            <\/h3>\r\n                \r\n                \r\n            <\/div>\r\n        <\/article>\r\n    <\/div><\/div><nav class=\"brbl-pagination\" role=\"navigation\" aria-label=\"Pagination\"><\/nav>\r\n\t\t\t<\/div>\n\t\t\t\t<\/div>\n\t\t\t<\/div>\n\t\t\t<\/div>\n\t\t\t\t\n\t\t\t\t\n\t\t\t\t\n\t\t\t\t\n\t\t\t<\/div>\n\t\t\t\t\n\t\t\t\t\n\t\t\t<\/div><div class=\"et_d4_element et_pb_section et_pb_section_2  et_pb_css_mix_blend_mode et_section_regular et_block_section\" >\n\t\t\t\t\n\t\t\t\t\n\t\t\t\t\n\t\t\t\t\n\t\t\t\t\n\t\t\t\t\n\t\t\t\t<div class=\"et_d4_element et_pb_row et_pb_row_3  et_pb_css_mix_blend_mode et_block_row\">\n\t\t\t\t<div class=\"et_d4_element et_pb_column_4_4 et_pb_column et_pb_column_6  et_pb_css_mix_blend_mode et-last-child et_block_column\">\n\t\t\t\t\n\t\t\t\t\n\t\t\t\t\n\t\t\t\t\n\t\t\t\t<div class=\"et_pb_module et_d4_element et_pb_text et_pb_text_4 et_animated  et_pb_text_align_center et_pb_bg_layout_light\">\n\t\t\t\t\n\t\t\t\t\n\t\t\t\t\n\t\t\t\t\n\t\t\t\t<div class=\"et_pb_text_inner\"><h1>Conoscere di pi\u00f9<\/h1><\/div>\n\t\t\t<\/div><div class=\"et_pb_module et_d4_element et_pb_divider et_pb_divider_2 et_animated et_pb_divider_position_center et_pb_space\"><div class=\"et_pb_divider_internal\"><\/div><\/div>\n\t\t\t<\/div>\n\t\t\t\t\n\t\t\t\t\n\t\t\t\t\n\t\t\t\t\n\t\t\t<\/div><div class=\"et_d4_element et_pb_row et_pb_row_4  et_pb_css_mix_blend_mode et_block_row\">\n\t\t\t\t<div class=\"et_d4_element et_pb_column_1_4 et_pb_column et_pb_column_7  et_pb_css_mix_blend_mode et_block_column\">\n\t\t\t\t\n\t\t\t\t\n\t\t\t\t\n\t\t\t\t\n\t\t\t\t<div class=\"et_pb_module et_d4_element et_pb_blurb et_pb_blurb_0 et_clickable  et_pb_text_align_center  et_pb_blurb_position_top et_block_module et_pb_bg_layout_light\">\n\t\t\t\t\n\t\t\t\t\n\t\t\t\t\n\t\t\t\t\n\t\t\t\t<div class=\"et_pb_blurb_content\">\n\t\t\t\t\t<div class=\"et_pb_main_blurb_image et_pb_css_mix_blend_mode\"><span class=\"et_pb_image_wrap\"><span class=\"et-waypoint et_pb_animation_top et_pb_animation_top_tablet et_pb_animation_top_phone et-pb-icon\">\ue089<\/span><\/span><\/div>\n\t\t\t\t\t<div class=\"et_pb_blurb_container\">\n\t\t\t\t\t\t<h4 class=\"et_pb_module_header\"><span>Chi siamo ?<\/span><\/h4>\n\t\t\t\t\t\t<div class=\"et_pb_blurb_description\"><p>Serve dei poveri che vivono in comunit\u00e0<\/p><\/div>\n\t\t\t\t\t<\/div>\n\t\t\t\t<\/div>\n\t\t\t<\/div>\n\t\t\t<\/div><div class=\"et_d4_element et_pb_column_1_4 et_pb_column et_pb_column_8  et_pb_css_mix_blend_mode et_block_column\">\n\t\t\t\t\n\t\t\t\t\n\t\t\t\t\n\t\t\t\t\n\t\t\t\t<div class=\"et_pb_module et_d4_element et_pb_blurb et_pb_blurb_1 et_clickable  et_pb_text_align_center  et_pb_blurb_position_top et_block_module et_pb_bg_layout_light\">\n\t\t\t\t\n\t\t\t\t\n\t\t\t\t\n\t\t\t\t\n\t\t\t\t<div class=\"et_pb_blurb_content\">\n\t\t\t\t\t<div class=\"et_pb_main_blurb_image et_pb_css_mix_blend_mode\"><span class=\"et_pb_image_wrap\"><span class=\"et-waypoint et_pb_animation_top et_pb_animation_top_tablet et_pb_animation_top_phone et-pb-icon\">\uf5ad<\/span><\/span><\/div>\n\t\t\t\t\t<div class=\"et_pb_blurb_container\">\n\t\t\t\t\t\t<h4 class=\"et_pb_module_header\"><span>Storia<\/span><\/h4>\n\t\t\t\t\t\t<div class=\"et_pb_blurb_description\"><p>La Compagnia \u00e8 nata impercettibilmente, alla maniera delle cose di Dio<\/p><\/div>\n\t\t\t\t\t<\/div>\n\t\t\t\t<\/div>\n\t\t\t<\/div>\n\t\t\t<\/div><div class=\"et_d4_element et_pb_column_1_4 et_pb_column et_pb_column_9  et_pb_css_mix_blend_mode et_block_column\">\n\t\t\t\t\n\t\t\t\t\n\t\t\t\t\n\t\t\t\t\n\t\t\t\t<div class=\"et_pb_module et_d4_element et_pb_blurb et_pb_blurb_2 et_clickable  et_pb_text_align_center  et_pb_blurb_position_top et_block_module et_pb_bg_layout_light\">\n\t\t\t\t\n\t\t\t\t\n\t\t\t\t\n\t\t\t\t\n\t\t\t\t<div class=\"et_pb_blurb_content\">\n\t\t\t\t\t<div class=\"et_pb_main_blurb_image et_pb_css_mix_blend_mode\"><span class=\"et_pb_image_wrap\"><span class=\"et-waypoint et_pb_animation_top et_pb_animation_top_tablet et_pb_animation_top_phone et-pb-icon\">\uf684<\/span><\/span><\/div>\n\t\t\t\t\t<div class=\"et_pb_blurb_container\">\n\t\t\t\t\t\t<h4 class=\"et_pb_module_header\"><span>Spiritualit\u00e0<\/span><\/h4>\n\t\t\t\t\t\t<div class=\"et_pb_blurb_description\"><p>Chiamate da Dio a una vita di preghiera e di servizio ai pi\u00f9 bisognosi<\/p><\/div>\n\t\t\t\t\t<\/div>\n\t\t\t\t<\/div>\n\t\t\t<\/div>\n\t\t\t<\/div><div class=\"et_d4_element et_pb_column_1_4 et_pb_column et_pb_column_10  et_pb_css_mix_blend_mode et-last-child et_block_column\">\n\t\t\t\t\n\t\t\t\t\n\t\t\t\t\n\t\t\t\t\n\t\t\t\t<div class=\"et_pb_module et_d4_element et_pb_blurb et_pb_blurb_3 et_clickable  et_pb_text_align_center  et_pb_blurb_position_top et_block_module et_pb_bg_layout_light\">\n\t\t\t\t\n\t\t\t\t\n\t\t\t\t\n\t\t\t\t\n\t\t\t\t<div class=\"et_pb_blurb_content\">\n\t\t\t\t\t<div class=\"et_pb_main_blurb_image et_pb_css_mix_blend_mode\"><span class=\"et_pb_image_wrap\"><span class=\"et-waypoint et_pb_animation_top et_pb_animation_top_tablet et_pb_animation_top_phone et-pb-icon\">\uf0ac<\/span><\/span><\/div>\n\t\t\t\t\t<div class=\"et_pb_blurb_container\">\n\t\t\t\t\t\t<h4 class=\"et_pb_module_header\"><span>Presenza<\/span><\/h4>\n\t\t\t\t\t\t<div class=\"et_pb_blurb_description\"><p>Dove ci sono vite la cui dignit\u00e0 \u00e8 calpestata<span style=\"text-decoration: line-through;\"><\/span><\/p><\/div>\n\t\t\t\t\t<\/div>\n\t\t\t\t<\/div>\n\t\t\t<\/div>\n\t\t\t<\/div>\n\t\t\t\t\n\t\t\t\t\n\t\t\t\t\n\t\t\t\t\n\t\t\t<\/div>\n\t\t\t\t\n\t\t\t\t\n\t\t\t<\/div><\/p>\n","protected":false},"excerpt":{"rendered":"","protected":false},"author":1,"featured_media":0,"parent":3564,"menu_order":0,"comment_status":"closed","ping_status":"closed","template":"","meta":{"_acf_changed":false,"_et_pb_use_builder":"on","_et_pb_old_content":"","_et_gb_content_width":"","footnotes":"","_links_to":"","_links_to_target":""},"class_list":["post-3478","page","type-page","status-publish","hentry"],"acf":[],"yoast_head":"<!-- This site is optimized with the Yoast SEO plugin v27.5 - https:\/\/yoast.com\/product\/yoast-seo-wordpress\/ -->\n<title>Ci ispirano - Filles de la Charit\u00e9<\/title>\n<meta name=\"robots\" content=\"index, follow, max-snippet:-1, max-image-preview:large, max-video-preview:-1\" \/>\n<link rel=\"canonical\" href=\"https:\/\/filles-de-la-charite.org\/it\/siamo\/ci-ispirano\/\" \/>\n<meta property=\"og:locale\" content=\"it_IT\" \/>\n<meta property=\"og:type\" content=\"article\" \/>\n<meta property=\"og:title\" content=\"Ci ispirano - Filles de la Charit\u00e9\" \/>\n<meta property=\"og:url\" content=\"https:\/\/filles-de-la-charite.org\/it\/siamo\/ci-ispirano\/\" \/>\n<meta property=\"og:site_name\" content=\"Filles de la Charit\u00e9\" \/>\n<meta property=\"article:modified_time\" content=\"2024-04-24T14:08:20+00:00\" \/>\n<meta name=\"twitter:card\" content=\"summary_large_image\" \/>\n<meta name=\"twitter:label1\" content=\"Tempo di lettura stimato\" \/>\n\t<meta name=\"twitter:data1\" content=\"8 minuti\" \/>\n<script type=\"application\/ld+json\" class=\"yoast-schema-graph\">{\"@context\":\"https:\\\/\\\/schema.org\",\"@graph\":[{\"@type\":\"WebPage\",\"@id\":\"https:\\\/\\\/filles-de-la-charite.org\\\/it\\\/siamo\\\/ci-ispirano\\\/\",\"url\":\"https:\\\/\\\/filles-de-la-charite.org\\\/it\\\/siamo\\\/ci-ispirano\\\/\",\"name\":\"Ci ispirano - Filles de la Charit\u00e9\",\"isPartOf\":{\"@id\":\"https:\\\/\\\/filles-de-la-charite.org\\\/it\\\/#website\"},\"datePublished\":\"2023-04-13T08:17:11+00:00\",\"dateModified\":\"2024-04-24T14:08:20+00:00\",\"breadcrumb\":{\"@id\":\"https:\\\/\\\/filles-de-la-charite.org\\\/it\\\/siamo\\\/ci-ispirano\\\/#breadcrumb\"},\"inLanguage\":\"it-IT\",\"potentialAction\":[{\"@type\":\"ReadAction\",\"target\":[\"https:\\\/\\\/filles-de-la-charite.org\\\/it\\\/siamo\\\/ci-ispirano\\\/\"]}]},{\"@type\":\"BreadcrumbList\",\"@id\":\"https:\\\/\\\/filles-de-la-charite.org\\\/it\\\/siamo\\\/ci-ispirano\\\/#breadcrumb\",\"itemListElement\":[{\"@type\":\"ListItem\",\"position\":1,\"name\":\"Siamo\",\"item\":\"https:\\\/\\\/filles-de-la-charite.org\\\/it\\\/siamo\\\/\"},{\"@type\":\"ListItem\",\"position\":2,\"name\":\"Ci ispirano\"}]},{\"@type\":\"WebSite\",\"@id\":\"https:\\\/\\\/filles-de-la-charite.org\\\/it\\\/#website\",\"url\":\"https:\\\/\\\/filles-de-la-charite.org\\\/it\\\/\",\"name\":\"Hijas de la Caridad\",\"description\":\"L\u2019amour de J\u00e9sus nous presse \u00e0 prendre soin des personnes les plus d\u00e9munies\",\"publisher\":{\"@id\":\"https:\\\/\\\/filles-de-la-charite.org\\\/it\\\/#organization\"},\"potentialAction\":[{\"@type\":\"SearchAction\",\"target\":{\"@type\":\"EntryPoint\",\"urlTemplate\":\"https:\\\/\\\/filles-de-la-charite.org\\\/it\\\/?s={search_term_string}\"},\"query-input\":{\"@type\":\"PropertyValueSpecification\",\"valueRequired\":true,\"valueName\":\"search_term_string\"}}],\"inLanguage\":\"it-IT\"},{\"@type\":\"Organization\",\"@id\":\"https:\\\/\\\/filles-de-la-charite.org\\\/it\\\/#organization\",\"name\":\"Hijas de la Caridad\",\"url\":\"https:\\\/\\\/filles-de-la-charite.org\\\/it\\\/\",\"logo\":{\"@type\":\"ImageObject\",\"inLanguage\":\"it-IT\",\"@id\":\"https:\\\/\\\/filles-de-la-charite.org\\\/it\\\/#\\\/schema\\\/logo\\\/image\\\/\",\"url\":\"https:\\\/\\\/filles-de-la-charite.org\\\/wp-content\\\/uploads\\\/2023\\\/03\\\/isotipo-Hijas-de-la-Caridad.png\",\"contentUrl\":\"https:\\\/\\\/filles-de-la-charite.org\\\/wp-content\\\/uploads\\\/2023\\\/03\\\/isotipo-Hijas-de-la-Caridad.png\",\"width\":1417,\"height\":1417,\"caption\":\"Hijas de la Caridad\"},\"image\":{\"@id\":\"https:\\\/\\\/filles-de-la-charite.org\\\/it\\\/#\\\/schema\\\/logo\\\/image\\\/\"}}]}<\/script>\n<!-- \/ Yoast SEO plugin. -->","yoast_head_json":{"title":"Ci ispirano - Filles de la Charit\u00e9","robots":{"index":"index","follow":"follow","max-snippet":"max-snippet:-1","max-image-preview":"max-image-preview:large","max-video-preview":"max-video-preview:-1"},"canonical":"https:\/\/filles-de-la-charite.org\/it\/siamo\/ci-ispirano\/","og_locale":"it_IT","og_type":"article","og_title":"Ci ispirano - Filles de la Charit\u00e9","og_url":"https:\/\/filles-de-la-charite.org\/it\/siamo\/ci-ispirano\/","og_site_name":"Filles de la Charit\u00e9","article_modified_time":"2024-04-24T14:08:20+00:00","twitter_card":"summary_large_image","twitter_misc":{"Tempo di lettura stimato":"8 minuti"},"schema":{"@context":"https:\/\/schema.org","@graph":[{"@type":"WebPage","@id":"https:\/\/filles-de-la-charite.org\/it\/siamo\/ci-ispirano\/","url":"https:\/\/filles-de-la-charite.org\/it\/siamo\/ci-ispirano\/","name":"Ci ispirano - Filles de la Charit\u00e9","isPartOf":{"@id":"https:\/\/filles-de-la-charite.org\/it\/#website"},"datePublished":"2023-04-13T08:17:11+00:00","dateModified":"2024-04-24T14:08:20+00:00","breadcrumb":{"@id":"https:\/\/filles-de-la-charite.org\/it\/siamo\/ci-ispirano\/#breadcrumb"},"inLanguage":"it-IT","potentialAction":[{"@type":"ReadAction","target":["https:\/\/filles-de-la-charite.org\/it\/siamo\/ci-ispirano\/"]}]},{"@type":"BreadcrumbList","@id":"https:\/\/filles-de-la-charite.org\/it\/siamo\/ci-ispirano\/#breadcrumb","itemListElement":[{"@type":"ListItem","position":1,"name":"Siamo","item":"https:\/\/filles-de-la-charite.org\/it\/siamo\/"},{"@type":"ListItem","position":2,"name":"Ci ispirano"}]},{"@type":"WebSite","@id":"https:\/\/filles-de-la-charite.org\/it\/#website","url":"https:\/\/filles-de-la-charite.org\/it\/","name":"Hijas de la Caridad","description":"L\u2019amour de J\u00e9sus nous presse \u00e0 prendre soin des personnes les plus d\u00e9munies","publisher":{"@id":"https:\/\/filles-de-la-charite.org\/it\/#organization"},"potentialAction":[{"@type":"SearchAction","target":{"@type":"EntryPoint","urlTemplate":"https:\/\/filles-de-la-charite.org\/it\/?s={search_term_string}"},"query-input":{"@type":"PropertyValueSpecification","valueRequired":true,"valueName":"search_term_string"}}],"inLanguage":"it-IT"},{"@type":"Organization","@id":"https:\/\/filles-de-la-charite.org\/it\/#organization","name":"Hijas de la Caridad","url":"https:\/\/filles-de-la-charite.org\/it\/","logo":{"@type":"ImageObject","inLanguage":"it-IT","@id":"https:\/\/filles-de-la-charite.org\/it\/#\/schema\/logo\/image\/","url":"https:\/\/filles-de-la-charite.org\/wp-content\/uploads\/2023\/03\/isotipo-Hijas-de-la-Caridad.png","contentUrl":"https:\/\/filles-de-la-charite.org\/wp-content\/uploads\/2023\/03\/isotipo-Hijas-de-la-Caridad.png","width":1417,"height":1417,"caption":"Hijas de la Caridad"},"image":{"@id":"https:\/\/filles-de-la-charite.org\/it\/#\/schema\/logo\/image\/"}}]}},"_links":{"self":[{"href":"https:\/\/filles-de-la-charite.org\/it\/wp-json\/wp\/v2\/pages\/3478","targetHints":{"allow":["GET"]}}],"collection":[{"href":"https:\/\/filles-de-la-charite.org\/it\/wp-json\/wp\/v2\/pages"}],"about":[{"href":"https:\/\/filles-de-la-charite.org\/it\/wp-json\/wp\/v2\/types\/page"}],"author":[{"embeddable":true,"href":"https:\/\/filles-de-la-charite.org\/it\/wp-json\/wp\/v2\/users\/1"}],"replies":[{"embeddable":true,"href":"https:\/\/filles-de-la-charite.org\/it\/wp-json\/wp\/v2\/comments?post=3478"}],"version-history":[{"count":41,"href":"https:\/\/filles-de-la-charite.org\/it\/wp-json\/wp\/v2\/pages\/3478\/revisions"}],"predecessor-version":[{"id":34856,"href":"https:\/\/filles-de-la-charite.org\/it\/wp-json\/wp\/v2\/pages\/3478\/revisions\/34856"}],"up":[{"embeddable":true,"href":"https:\/\/filles-de-la-charite.org\/it\/wp-json\/wp\/v2\/pages\/3564"}],"wp:attachment":[{"href":"https:\/\/filles-de-la-charite.org\/it\/wp-json\/wp\/v2\/media?parent=3478"}],"curies":[{"name":"wp","href":"https:\/\/api.w.org\/{rel}","templated":true}]}}