{"id":8845,"date":"2023-05-12T14:10:08","date_gmt":"2023-05-12T12:10:08","guid":{"rendered":"https:\/\/hijascaridad.sjdigitaldemo.ovh\/area-privata\/"},"modified":"2024-05-24T10:20:57","modified_gmt":"2024-05-24T08:20:57","slug":"area-privata","status":"publish","type":"page","link":"https:\/\/filles-de-la-charite.org\/it\/area-privata\/","title":{"rendered":"Sezione privata"},"content":{"rendered":"<p><div class=\"et_d4_element et_pb_section et_pb_section_0 et_pb_with_background  et_pb_css_mix_blend_mode et_section_regular et_block_section\" >\n\t\t\t\t\n\t\t\t\t\n\t\t\t\t\n\t\t\t\t\n\t\t\t\t\n\t\t\t\t\n\t\t\t\t<div class=\"et_d4_element et_pb_row et_pb_row_0 et_pb_row_fullwidth et_pb_gutters1  et_pb_css_mix_blend_mode et_block_row\">\n\t\t\t\t<div class=\"et_d4_element et_pb_column_1_2 et_pb_column et_pb_column_0  et_pb_css_mix_blend_mode et_block_column\">\n\t\t\t\t\n\t\t\t\t\n\t\t\t\t\n\t\t\t\t\n\t\t\t\t<div class=\"et_pb_module et_d4_element et_pb_text et_pb_text_0 et_animated  et_pb_text_align_left et_pb_bg_layout_dark\">\n\t\t\t\t\n\t\t\t\t\n\t\t\t\t\n\t\t\t\t\n\t\t\t\t<div class=\"et_pb_text_inner\"><h1>Sezione privata<\/h1><\/div>\n\t\t\t<\/div><div class=\"et_pb_module et_d4_element et_pb_divider et_pb_divider_0 et_animated et_pb_divider_position_center et_pb_space\"><div class=\"et_pb_divider_internal\"><\/div><\/div>\n\t\t\t<\/div><div class=\"et_d4_element et_pb_column_1_2 et_pb_column et_pb_column_1  et_pb_css_mix_blend_mode et-last-child et_block_column et_pb_column_empty\">\n\t\t\t\t\n\t\t\t\t\n\t\t\t\t\n\t\t\t\t\n\t\t\t\t\n\t\t\t<\/div>\n\t\t\t\t\n\t\t\t\t\n\t\t\t\t\n\t\t\t\t\n\t\t\t<\/div>\n\t\t\t\t\n\t\t\t\t\n\t\t\t<\/div><div class=\"et_d4_element et_pb_section et_pb_section_1  et_pb_css_mix_blend_mode et_section_regular et_block_section\" >\n\t\t\t\t\n\t\t\t\t\n\t\t\t\t\n\t\t\t\t\n\t\t\t\t\n\t\t\t\t\n\t\t\t\t<div class=\"et_d4_element et_pb_row et_pb_row_1 et_pb_gutters2  et_pb_css_mix_blend_mode et_block_row\">\n\t\t\t\t<div class=\"et_d4_element et_pb_column_1_4 et_pb_column et_pb_column_2  et_pb_css_mix_blend_mode et_block_column\">\n\t\t\t\t\n\t\t\t\t\n\t\t\t\t\n\t\t\t\t\n\t\t\t\t<div class=\"et_pb_module et_d4_element et_pb_blurb et_pb_blurb_0 et_clickable  et_pb_text_align_left  et_pb_blurb_position_top et_block_module et_pb_bg_layout_light\">\n\t\t\t\t\n\t\t\t\t\n\t\t\t\t\n\t\t\t\t\n\t\t\t\t<div class=\"et_pb_blurb_content\">\n\t\t\t\t\t<div class=\"et_pb_main_blurb_image et_pb_css_mix_blend_mode\"><span class=\"et_pb_image_wrap et_pb_only_image_mode_wrap\"><img loading=\"lazy\" decoding=\"async\" width=\"990\" height=\"534\" src=\"https:\/\/filles-de-la-charite.org\/wp-content\/uploads\/2023\/07\/Vignette-txt-legaux-4.jpg\" alt=\"\" srcset=\"https:\/\/filles-de-la-charite.org\/wp-content\/uploads\/2023\/07\/Vignette-txt-legaux-4.jpg 990w, https:\/\/filles-de-la-charite.org\/wp-content\/uploads\/2023\/07\/Vignette-txt-legaux-4-980x529.jpg 980w, https:\/\/filles-de-la-charite.org\/wp-content\/uploads\/2023\/07\/Vignette-txt-legaux-4-480x259.jpg 480w\" sizes=\"(min-width: 0px) and (max-width: 480px) 480px, (min-width: 481px) and (max-width: 980px) 980px, (min-width: 981px) 990px, 100vw\" class=\"et-waypoint et_pb_animation_top et_pb_animation_top_tablet et_pb_animation_top_phone wp-image-26494\" \/><\/span><\/div>\n\t\t\t\t\t<div class=\"et_pb_blurb_container\">\n\t\t\t\t\t\t<h4 class=\"et_pb_module_header\"><span>Testi legali<\/span><\/h4>\n\t\t\t\t\t\t<div class=\"et_pb_blurb_description\"><p><span>Costituzioni<\/span>, <span>Documenti Inter-Assemblee<\/span><\/p>\n<div id=\"gtx-trans\" style=\"position: absolute; left: 308px; top: -8.8px;\">\n<div class=\"gtx-trans-icon\"><\/div>\n<\/div><\/div>\n\t\t\t\t\t<\/div>\n\t\t\t\t<\/div>\n\t\t\t<\/div>\n\t\t\t<\/div><div class=\"et_d4_element et_pb_column_1_4 et_pb_column et_pb_column_3  et_pb_css_mix_blend_mode et_block_column\">\n\t\t\t\t\n\t\t\t\t\n\t\t\t\t\n\t\t\t\t\n\t\t\t\t<div class=\"et_pb_module et_d4_element et_pb_blurb et_pb_blurb_1 et_clickable  et_pb_text_align_left  et_pb_blurb_position_top et_block_module et_pb_bg_layout_light\">\n\t\t\t\t\n\t\t\t\t\n\t\t\t\t\n\t\t\t\t\n\t\t\t\t<div class=\"et_pb_blurb_content\">\n\t\t\t\t\t<div class=\"et_pb_main_blurb_image et_pb_css_mix_blend_mode\"><span class=\"et_pb_image_wrap et_pb_only_image_mode_wrap\"><img loading=\"lazy\" decoding=\"async\" width=\"952\" height=\"534\" src=\"https:\/\/filles-de-la-charite.org\/wp-content\/uploads\/2023\/07\/Vignette-Les-Echos-3-1.jpg\" alt=\"\" srcset=\"https:\/\/filles-de-la-charite.org\/wp-content\/uploads\/2023\/07\/Vignette-Les-Echos-3-1.jpg 952w, https:\/\/filles-de-la-charite.org\/wp-content\/uploads\/2023\/07\/Vignette-Les-Echos-3-1-480x269.jpg 480w\" sizes=\"(min-width: 0px) and (max-width: 480px) 480px, (min-width: 481px) 952px, 100vw\" class=\"et-waypoint et_pb_animation_top et_pb_animation_top_tablet et_pb_animation_top_phone wp-image-26500\" \/><\/span><\/div>\n\t\t\t\t\t<div class=\"et_pb_blurb_container\">\n\t\t\t\t\t\t<h4 class=\"et_pb_module_header\"><span>Echi della Compagnia<\/span><\/h4>\n\t\t\t\t\t\t<div class=\"et_pb_blurb_description\"><p>Echi della Compagnia<\/p><\/div>\n\t\t\t\t\t<\/div>\n\t\t\t\t<\/div>\n\t\t\t<\/div>\n\t\t\t<\/div><div class=\"et_d4_element et_pb_column_1_4 et_pb_column et_pb_column_4  et_pb_css_mix_blend_mode et_block_column\">\n\t\t\t\t\n\t\t\t\t\n\t\t\t\t\n\t\t\t\t\n\t\t\t\t<div class=\"et_pb_module et_d4_element et_pb_blurb et_pb_blurb_2 et_clickable  et_pb_text_align_left  et_pb_blurb_position_top et_block_module et_pb_bg_layout_light\">\n\t\t\t\t\n\t\t\t\t\n\t\t\t\t\n\t\t\t\t\n\t\t\t\t<div class=\"et_pb_blurb_content\">\n\t\t\t\t\t<div class=\"et_pb_main_blurb_image et_pb_css_mix_blend_mode\"><span class=\"et_pb_image_wrap et_pb_only_image_mode_wrap\"><img loading=\"lazy\" decoding=\"async\" width=\"560\" height=\"315\" src=\"https:\/\/filles-de-la-charite.org\/wp-content\/uploads\/2023\/05\/San_Vincenzo_Documenti-560x315-1.jpg\" alt=\"\" srcset=\"https:\/\/filles-de-la-charite.org\/wp-content\/uploads\/2023\/05\/San_Vincenzo_Documenti-560x315-1.jpg 560w, https:\/\/filles-de-la-charite.org\/wp-content\/uploads\/2023\/05\/San_Vincenzo_Documenti-560x315-1-480x270.jpg 480w\" sizes=\"(min-width: 0px) and (max-width: 480px) 480px, (min-width: 481px) 560px, 100vw\" class=\"et-waypoint et_pb_animation_top et_pb_animation_top_tablet et_pb_animation_top_phone wp-image-7057\" \/><\/span><\/div>\n\t\t\t\t\t<div class=\"et_pb_blurb_container\">\n\t\t\t\t\t\t<h4 class=\"et_pb_module_header\"><span>Testi dei Fondatori<\/span><\/h4>\n\t\t\t\t\t\t<div class=\"et_pb_blurb_description\"><p>Corrispondenza e scritti di San Vincenzo e Santa Luisa<\/p><\/div>\n\t\t\t\t\t<\/div>\n\t\t\t\t<\/div>\n\t\t\t<\/div>\n\t\t\t<\/div><div class=\"et_d4_element et_pb_column_1_4 et_pb_column et_pb_column_5  et_pb_css_mix_blend_mode et-last-child et_block_column\">\n\t\t\t\t\n\t\t\t\t\n\t\t\t\t\n\t\t\t\t\n\t\t\t\t<div class=\"et_pb_module et_d4_element et_pb_blurb et_pb_blurb_3 et_clickable  et_pb_text_align_left  et_pb_blurb_position_top et_block_module et_pb_bg_layout_light\">\n\t\t\t\t\n\t\t\t\t\n\t\t\t\t\n\t\t\t\t\n\t\t\t\t<div class=\"et_pb_blurb_content\">\n\t\t\t\t\t<div class=\"et_pb_main_blurb_image et_pb_css_mix_blend_mode\"><span class=\"et_pb_image_wrap et_pb_only_image_mode_wrap\"><img loading=\"lazy\" decoding=\"async\" width=\"1456\" height=\"816\" src=\"https:\/\/filles-de-la-charite.org\/wp-content\/uploads\/2023\/07\/sjdigital_A_sleek_and_modern_image_capturing_a_contemporary_des_a5a87116-05b8-4cb7-aa7c-4bf054a5e5f6-1.png\" alt=\"\" srcset=\"https:\/\/filles-de-la-charite.org\/wp-content\/uploads\/2023\/07\/sjdigital_A_sleek_and_modern_image_capturing_a_contemporary_des_a5a87116-05b8-4cb7-aa7c-4bf054a5e5f6-1.png 1456w, https:\/\/filles-de-la-charite.org\/wp-content\/uploads\/2023\/07\/sjdigital_A_sleek_and_modern_image_capturing_a_contemporary_des_a5a87116-05b8-4cb7-aa7c-4bf054a5e5f6-1-1280x717.png 1280w, https:\/\/filles-de-la-charite.org\/wp-content\/uploads\/2023\/07\/sjdigital_A_sleek_and_modern_image_capturing_a_contemporary_des_a5a87116-05b8-4cb7-aa7c-4bf054a5e5f6-1-980x549.png 980w, https:\/\/filles-de-la-charite.org\/wp-content\/uploads\/2023\/07\/sjdigital_A_sleek_and_modern_image_capturing_a_contemporary_des_a5a87116-05b8-4cb7-aa7c-4bf054a5e5f6-1-480x269.png 480w\" sizes=\"(min-width: 0px) and (max-width: 480px) 480px, (min-width: 481px) and (max-width: 980px) 980px, (min-width: 981px) and (max-width: 1280px) 1280px, (min-width: 1281px) 1456px, 100vw\" class=\"et-waypoint et_pb_animation_top et_pb_animation_top_tablet et_pb_animation_top_phone wp-image-26414\" \/><\/span><\/div>\n\t\t\t\t\t<div class=\"et_pb_blurb_container\">\n\t\t\t\t\t\t<h4 class=\"et_pb_module_header\"><span>Testi contemporanei<\/span><\/h4>\n\t\t\t\t\t\t<div class=\"et_pb_blurb_description\"><p><span>Testi dei Superiori, Istruzioni sui Voti e altri testi pi\u00f9 recenti<\/span><\/p><\/div>\n\t\t\t\t\t<\/div>\n\t\t\t\t<\/div>\n\t\t\t<\/div>\n\t\t\t<\/div>\n\t\t\t\t\n\t\t\t\t\n\t\t\t\t\n\t\t\t\t\n\t\t\t<\/div><div class=\"et_d4_element et_pb_row et_pb_row_2  et_pb_css_mix_blend_mode et_block_row\">\n\t\t\t\t<div class=\"et_d4_element et_pb_column_4_4 et_pb_column et_pb_column_6  et_pb_css_mix_blend_mode et-last-child et_block_column\">\n\t\t\t\t\n\t\t\t\t\n\t\t\t\t\n\t\t\t\t\n\t\t\t\t<div class=\"et_pb_module et_d4_element et_pb_text et_pb_text_1  et_pb_text_align_left et_pb_bg_layout_light\">\n\t\t\t\t\n\t\t\t\t\n\t\t\t\t\n\t\t\t\t\n\t\t\t\t<div class=\"et_pb_text_inner\"><h2>Ricerca avanzata<\/h2><\/div>\n\t\t\t<\/div><div class=\"et_pb_module et_d4_element et_pb_code et_pb_code_0\">\n\t\t\t\t\n\t\t\t\t\n\t\t\t\t\n\t\t\t\t\n\t\t\t\t<div class=\"et_pb_code_inner\">        \n        <script type=\"text\/javascript\">\n            window.current_page = 1;\n        \n            function searchbox_ajax_response(page) {\n                page = page || 1;\n                window.current_page = page;\n                const langlist = {\"all\":\"Todos\",\"en\":\"English\",\"es\":\"Spanish\",\"fr\":\"French\",\"it\":\"Italian\",\"pl\":\"Polish\",\"pt-pt\":\"Portuguese, Portugal\"};\n                \/\/ init preloader\n                jQuery('.pagination').remove();\n                jQuery('.results-searchbox').html('<div class=\"preloader\">Buscando ...<\/div>');\n                \n                jQuery('.preloader').focus();\n\n                \/\/ get data\n                var form = jQuery('.files-search-form');\n                var data = form.serialize();\n                \/\/ a\u00f1ado la pagina actual\n                data += '&page=' + page;\n                data += '&action=search_file';\n                jQuery.ajax({\n                    url: 'https:\/\/filles-de-la-charite.org\/wp-admin\/admin-ajax.php',\n                    type: 'POST',\n                    data: data,\n                    success: show_searchbox_ajax_response\n                });\n            }\n\n            function show_searchbox_ajax_response(data, show_pagination = true) {\n                const langlist = {\"all\":\"Todos\",\"en\":\"English\",\"es\":\"Spanish\",\"fr\":\"French\",\"it\":\"Italian\",\"pl\":\"Polish\",\"pt-pt\":\"Portuguese, Portugal\"};\n                console.log(data);\n                data = JSON.parse(data);\n                let count = data.count;\n                \n                data = data.results;\n                console.log(data);\n\n                \/\/ borro el preloader\n                jQuery('.preloader').remove();\n                \/\/ if(page == 1){\n                    jQuery('.results-searchbox').html('');\n                    jQuery('.results-searchbox').append(\n                        '<div class=\"results-searchbox-count\">'+\n                            '<span>'+window.current_page +'\/' + Math.ceil(count \/ 15) + '<\/span>'+\n                            '<span><i class=\"fa fa-file\"><\/i> ' + count + '<\/span>'+\n                        '<\/div>'\n                    );\n                \/\/ } else {\n                \/\/     jQuery('.pagination').remove();\n                \/\/ }\n\n                \/\/ a\u00f1ado la paginacion de $this-post_per_page\n                let pagination = '';\n                let pages = Math.ceil(count \/ 15);\n                let max_links = 5;\n                \n                \/\/ si hay menos o igual resultados que una pagina, no muestro la paginacion\n                \/\/ if(pages > max_links && show_pagination != false){\n                if(pages > 1 && show_pagination != false){\n                    \/\/ si la window.current_page es mayor que la mitad de max_links, empiezo a contar desde la window.current_page - la mitad de max_links\n                    \n                    if( window.current_page > Math.ceil(max_links \/ 2) )\n                        var start = window.current_page - Math.ceil(max_links \/ 2);\n                    else\n                        var start = 1;\n\n                    \/\/ a\u00f1ado la primera pagina y los puntos suspensivos si hay mas de 5 paginas y la window.current_page es mayor que la mitad de max_links\n                    if( window.current_page >= max_links)\n                        pagination += '<button type=\"button\" onclick=\"searchbox_ajax_response(1)\" class=\"pagination-item ' + (1 == window.current_page ? 'current' : '') + '\">1<\/button> <span class=\"pagination-item\">...<\/span>';\n                    \n                    for (let i = start; i <= pages; i++){\n                        if(start + max_links < i) \/\/ si hay mas de 5 paginas, a\u00f1ado los puntos suspensivos y la ultima pagina\n                            break;\n                        pagination += ' <button type=\"button\" onclick=\"searchbox_ajax_response(' + i + ')\" class=\"pagination-item ' + (i == window.current_page ? 'current' : '') + '\">' + i + '<\/button>';\n                    }\n                    if(max_links < pages) \/\/ si hay mas de 5 paginas, a\u00f1ado los puntos suspensivos y la ultima pagina\n                        pagination += \n                            '<span class=\"pagination-item\">...<\/span>'+\n                            '<button type=\"button\" onclick=\"searchbox_ajax_response(' + pages + ')\" class=\"pagination-item ' + (pages == window.current_page ? 'current' : '') + '\">' + pages + '<\/button>';\n                }\n                \n                \/\/ muestro los resultados\n                \/\/ espero a que termine\n                window.icons = [];\n                jQuery.each(data, async function(index, element) {\n                    console.log(element);\n                \n                    let lang = langlist[element.lang];\n                    console.log(langlist, element.lang, lang);\n\n                    var tags = [];\n                    jQuery.each(element.tags, function(index, name) {\n                        tags.push('<span class=\"tag-item\"><i class=\"fas fa-tag\"><\/i> ' + name + '<\/span>');\n                    });\n\n                    element.icon = window.icons.includes(element.icon) ? element.icon : await checkImage(element.icon, '\/wp-content\/plugins\/download-manager\/assets\/file-type-icons\/unknown.svg');\n                    \n\n                    if(element.icon.includes('unknown') && element.mimeType.includes('pdf'))\n                        element.icon = '\/wp-content\/plugins\/download-manager\/assets\/file-type-icons\/pdf.svg';\n\n                    window.icons[element.icon] = element.icon;\n\n                    jQuery('.results-searchbox')\n                        .append(\n                            '<div class=\"result-searchbox-item\">' + \n                                \/\/'<!-- '+ JSON.stringify(element) +' -->' +\n                                \/\/ '<a class=\"result-searchbox-icon\" href=\"' + element.link + '\" target=\"_blank\">' +\n                                '<a class=\"result-searchbox-icon\" href=\"' + element.proxy + '\" target=\"_blank\">' +\n                                    '<img decoding=\"async\" src=\"' + element.icon + '\" alt=\"' + element.mimeType + '\" style=\"max-width: 50px; max-height: 50px;\">' +\n                                '<\/a>' +\n                                '<div class=\"result-searchbox-data\">' + \n                                    '<h4><a href=\"'+element.proxy+'\" target=\"_blank\">'+element.label+'<\/a><\/h4>' +\n                                    '<div class=\"result-searchbox-meta\">' + \n                                        '<span><img decoding=\"async\" src=\"\/wp-content\/plugins\/sitepress-multilingual-cms\/res\/flags\/' + element.lang + '.svg\" alt=\"' + element.lang + '\" style=\"max-width:20px; max-height:20px; border:1px solid silver;\"><\/span>' +\n                                        (element.size ? '<span class=\"tag-item\"><i class=\"fas fa-file\"><\/i> ' + element.size + '<\/span>' : '') +\n                                        '<span>' + tags.join(' ') + '<\/span>' + \n                                    '<\/div>' +\n                                    '<p>' + (element.content || '') + '<\/p>' + \n                                '<\/div>' +\n                                '<div class=\"result-searchbox-download\">' + \n                                    '<a rel=\"nofollow\" href=\"'+element.download+'\" data-downloadurl=\"' + element.download + '\" download=\"'+element.label+'\" target=\"_blank\"><i class=\"fas fa-download\"><\/i><\/a>'+\n                                    \/\/ Cambiar el enlace del icono del ojo para usar file_view\n                                    '<a rel=\"nofollow\" href=\"'+element.proxy+'\" target=\"_blank\"><i class=\"fas fa-eye\"><\/i><\/a>'+\n                                '<\/div>' + \n                            '<\/div>'\n                        );\n                    \n                    if (index == data.length - 1) {\n                        setTimeout(function(){\n                            jQuery('.results-searchbox').append('<div class=\"pagination\">' + pagination + '<\/div>');\n                        }, 500);\n                    }\n                });\n\n                \/\/ comprueba si la url existe, si no, ponemos un icono de error\n                function checkImage(url, url_default){\n                    return new Promise((resolve, reject) => {\n                        var img = new Image();\n                        img.src = url;\n                        img.onload = function(){\n                            resolve(url);\n                        };\n                        img.onerror = function(){\n                            resolve(url_default);\n                        };\n                    });\n                }\n\n            }\n\n            function delayed_searchbox_ajax_response() {\n                clearTimeout(window.delayed_searchbox);\n                window.delayed_searchbox = setTimeout(searchbox_ajax_response, 500);\n            }\n\n\n\n            \/\/ al terminar la carga precarga de los archivos mas recientes\n            jQuery(document).ready(function() {\n                show_searchbox_ajax_response(\"{\\\"count\\\":316, \\\"results\\\":[{\\\"label\\\":\\\"echo 2026 01 IT\\\",\\\"link\\\":\\\"https:\\\\\\\/\\\\\\\/filles-de-la-charite.org\\\\\\\/it\\\\\\\/download\\\\\\\/echo-2026-01-it\\\\\\\/\\\",\\\"lang\\\":\\\"it\\\",\\\"icon\\\":\\\"https:\\\\\\\/\\\\\\\/filles-de-la-charite.org\\\\\\\/wp-content\\\\\\\/plugins\\\\\\\/download-manager\\\\\\\/assets\\\\\\\/file-type-icons\\\\\\\/pdf.svg\\\",\\\"file\\\":\\\"\\\",\\\"url\\\":\\\"\\\",\\\"size\\\":\\\"1.88 MB\\\",\\\"download\\\":\\\"https:\\\\\\\/\\\\\\\/filles-de-la-charite.org\\\\\\\/it\\\\\\\/download\\\\\\\/echo-2026-01-it\\\\\\\/?wpdmdl=49283&refresh=69f347e598c9e1777551333\\\",\\\"proxy\\\":\\\"https:\\\\\\\/\\\\\\\/filles-de-la-charite.org\\\\\\\/wp-admin\\\\\\\/admin-ajax.php?action=file_view&post_id=49283\\\",\\\"mimeType\\\":\\\"pdf\\\",\\\"content\\\":\\\"Incontri con\\\\u2026 Echi della Compagnia \\\\u2013 Poste Italiane spa. \\\\u2013 Sped. Abb. Post. DL 353\\\\\\\/2003 (conv. in L. 27\\\\\\\/02\\\\\\\/2004 n. 46) art. 1, comma 1, DCB TO n. 1\\\\\\\/2026 - Ed. ALZANI & C. s.a.s. - Pinerolo Via Grandi 5 - Tel. 0121322657 - Stampa: Alzani Tipografia - Autorizzazione Tribunale di Pinerolo n. 4\\\\\\\/96 del 7\\\\\\\/6\\\\\\\/1996\\\\n\\\\n della Compagnia\\\\n\\\\n EcdellahiCompagnia\\\\n\\\\nARTIGIANI DI PACE E SPERANZA N\\\\u00b0 1 - 2026 \\\\n\\\\n ECHI\\\\n\\\\n Compagnia\\\\n\\\\n EDITORIALE\\\\n\\\\n2 Editoriale Suor Fran\\\\u00e7oise PETIT, Superiora generale 4 Verso l'Assemblea generale 2027\\\\n\\\\n 1 - LA PAROLA DEI SUPERIORI\\\\n\\\\n6 Lettera del 1\\\\u00b0 gennaio 2026 Suor Fran\\\\u00e7oise PETIT, Superiora generale 9 Lettera del 2 febbraio 2026 Suor Fran\\\\u00e7oise PETIT, Superiora generale \\\\n\\\\n 2. IMPARARE AI PIEDI DEL MAESTRO\\\\n\\\\n19 Ai piedi del Maestro Padre Jos\\\\u00e9 Antonio GONZALES, Direttore gene\\\",\\\"tags\\\":[\\\"Echi\\\"],\\\"debug\\\":[{\\\"_edit_lock\\\":[\\\"1774582005:18\\\"],\\\"_edit_last\\\":[\\\"18\\\"],\\\"_alp_processed\\\":[\\\"1774582815\\\"],\\\"copied_media_ids\\\":[\\\"a:0:{}\\\"],\\\"referenced_media_ids\\\":[\\\"a:0:{}\\\"],\\\"_wpml_word_count\\\":[\\\"23137\\\"],\\\"_wpml_location_migration_done\\\":[\\\"1\\\"],\\\"__wpdm_package_dir\\\":[\\\"\\\"],\\\"__wpdm_publish_date\\\":[\\\"\\\"],\\\"__wpdm_expire_date\\\":[\\\"\\\"],\\\"__wpdm_files\\\":[\\\"a:1:{i:1774581883604;s:19:\\\\\\\"Echo 2026 01 IT.pdf\\\\\\\";}\\\"],\\\"__wpdm_fileinfo\\\":[\\\"a:1:{i:1774581883604;a:2:{s:5:\\\\\\\"title\\\\\\\";s:19:\\\\\\\"Echo 2026 01 IT.pdf\\\\\\\";s:8:\\\\\\\"password\\\\\\\";s:0:\\\\\\\"\\\\\\\";}}\\\"],\\\"__wpdm_version\\\":[\\\"\\\"],\\\"__wpdm_link_label\\\":[\\\"\\\"],\\\"__wpdm_quota\\\":[\\\"\\\"],\\\"__wpdm_download_limit_per_user\\\":[\\\"0\\\"],\\\"__wpdm_view_count\\\":[\\\"\\\"],\\\"__wpdm_download_count\\\":[\\\"1\\\"],\\\"__wpdm_package_size\\\":[\\\"1.88 MB\\\"],\\\"__wpdm_access\\\":[\\\"a:1:{i:0;s:5:\\\\\\\"guest\\\\\\\";}\\\"],\\\"__wpdm_individual_file_download\\\":[\\\"-1\\\"],\\\"__wpdm_cache_zip\\\":[\\\"-1\\\"],\\\"__wpdm_template\\\":[\\\"link-template-default.php\\\"],\\\"__wpdm_page_template\\\":[\\\"sjd_single\\\"],\\\"__wpdm_terms_page\\\":[\\\"\\\"],\\\"__wpdm_terms_title\\\":[\\\"\\\"],\\\"__wpdm_terms_conditions\\\":[\\\"\\\"],\\\"__wpdm_terms_check_label\\\":[\\\"\\\"],\\\"__wpdm_password\\\":[\\\"\\\"],\\\"__wpdm_password_usage_limit\\\":[\\\"0\\\"],\\\"__wpdm_linkedin_message\\\":[\\\"\\\"],\\\"__wpdm_linkedin_url\\\":[\\\"\\\"],\\\"__wpdm_tweet_message\\\":[\\\"\\\"],\\\"__wpdm_gc_scopes_contacts\\\":[\\\"0\\\"],\\\"__wpdm_twitter_handle\\\":[\\\"\\\"],\\\"__wpdm_facebook_like\\\":[\\\"\\\"],\\\"__wpdm_email_lock_title\\\":[\\\"Subscribe To Download\\\"],\\\"__wpdm_email_lock_idl\\\":[\\\"0\\\"],\\\"__wpdm_email_lock_msg\\\":[\\\"\\\"],\\\"__wpdm_icon\\\":[\\\"https:\\\\\\\/\\\\\\\/filles-de-la-charite.org\\\\\\\/wp-content\\\\\\\/plugins\\\\\\\/download-manager\\\\\\\/assets\\\\\\\/file-type-icons\\\\\\\/pdf.svg\\\"],\\\"__wpdm_masterkey\\\":[\\\"7TF9x-uEHLLqT6g0VwUutoXRGBUZRJoS29grgRM2NJRCgyWYnJYo-nDtnrIlP9wo2nSF7yTWkI1l_kZz9jjW1GKVktu1RCzRuWV4lqRLwJM\\\"],\\\"_yoast_wpseo_primary_wpdmcategory\\\":[\\\"247\\\"],\\\"_yoast_wpseo_content_score\\\":[\\\"90\\\"],\\\"_yoast_wpseo_estimated-reading-time-minutes\\\":[\\\"0\\\"],\\\"_oembed_dcaa3ef0a7f8aa2cc3d367e403e90fb7\\\":[\\\"{{unknown}}\\\"],\\\"_et_builder_dynamic_assets_loading_attr_threshold\\\":[\\\"3\\\"],\\\"__wpdm_package_size_b\\\":[\\\"1968762\\\"]},{\\\"ID\\\":null,\\\"title\\\":null,\\\"description\\\":null,\\\"excerpt\\\":null,\\\"fileList\\\":{},\\\"post_status\\\":null,\\\"version\\\":null,\\\"publish_date\\\":null,\\\"publish_date_timestamp\\\":null,\\\"update_date\\\":null,\\\"update_date_timestamp\\\":null,\\\"avail_date\\\":null,\\\"expire_date\\\":null,\\\"link_label\\\":null,\\\"download_count\\\":null,\\\"view_count\\\":null,\\\"access\\\":null,\\\"author\\\":null,\\\"quota\\\":null,\\\"icon\\\":null,\\\"package_size\\\":null,\\\"package\\\":null,\\\"shortCodes\\\":{},\\\"packageData\\\":[],\\\"files\\\":null,\\\"restAPI\\\":null,\\\"templateDir\\\":\\\"\\\\\\\/var\\\\\\\/www\\\\\\\/vhosts\\\\\\\/filles-de-la-charite.org\\\\\\\/httpdocs\\\\\\\/wp-content\\\\\\\/plugins\\\\\\\/download-manager\\\\\\\/src\\\\\\\/Package\\\\\\\/views\\\\\\\/\\\",\\\"download_limit_per_user\\\":null}]},\\n{\\\"label\\\":\\\"echo 2025 06 IT\\\",\\\"link\\\":\\\"https:\\\\\\\/\\\\\\\/filles-de-la-charite.org\\\\\\\/it\\\\\\\/download\\\\\\\/echo-2025-06-it\\\\\\\/\\\",\\\"lang\\\":\\\"it\\\",\\\"icon\\\":\\\"https:\\\\\\\/\\\\\\\/filles-de-la-charite.org\\\\\\\/wp-content\\\\\\\/plugins\\\\\\\/download-manager\\\\\\\/assets\\\\\\\/file-type-icons\\\\\\\/pdf.svg\\\",\\\"file\\\":\\\"\\\",\\\"url\\\":\\\"\\\",\\\"size\\\":\\\"1.39 MB\\\",\\\"download\\\":\\\"https:\\\\\\\/\\\\\\\/filles-de-la-charite.org\\\\\\\/it\\\\\\\/download\\\\\\\/echo-2025-06-it\\\\\\\/?wpdmdl=49282&refresh=69f347e5996741777551333\\\",\\\"proxy\\\":\\\"https:\\\\\\\/\\\\\\\/filles-de-la-charite.org\\\\\\\/wp-admin\\\\\\\/admin-ajax.php?action=file_view&post_id=49282\\\",\\\"mimeType\\\":\\\"pdf\\\",\\\"content\\\":\\\"Bollettino bimestrale delle Figlie della Carit\\\\u00e0 di S. Vincenzo De Paoli\\\\n\\\\n Incontri con\\\\u2026 Echi della Compagnia \\\\u2013 Poste Italiane spa. \\\\u2013 Sped. Abb. Post. DL 353\\\\\\\/2003 (conv. in L. 27\\\\\\\/02\\\\\\\/2004 n. 46) art. 1, comma 1, DCB TO n. 6\\\\\\\/2025 - Ed. ALZANI & C. s.a.s. - Pinerolo Via Grandi 5 - Tel. 0121322657 - Stampa: Alzani Tipografia - Autorizzazione Tribunale di Pinerolo n. 4\\\\\\\/96 del 7\\\\\\\/6\\\\\\\/1996\\\\n\\\\n RINNOVARSI, CAMMINARE INSIEME CON I FONDATORI EcdellahiCompagnia\\\\n\\\\nN\\\\u00b0 6 - 2025 \\\\n\\\\n Giubileo 2025 \\\\u00abL'amore cristiano supera ogni barriera, Pellegrini di avvicina speranza i lontani,\\\\n\\\\n 1 - LA PAROLA DEI SUPERIORI accomuna gli estranei, rende familiari 320 Lettera del 27 novembre 2025 i nemici\\\\u00bb Suor Fran\\\\u00e7oise Petit, Superiora generale 325 Un Avvento con gli \\\\\\\"occhi aperti\\\\\\\" Papa Leone XIV Dilexi te \\\\u00a7 120 per\\\",\\\"tags\\\":[\\\"Echi\\\"],\\\"debug\\\":[{\\\"_edit_lock\\\":[\\\"1774581728:18\\\"],\\\"_edit_last\\\":[\\\"18\\\"],\\\"__wpdm_package_dir\\\":[\\\"\\\"],\\\"__wpdm_publish_date\\\":[\\\"\\\"],\\\"__wpdm_expire_date\\\":[\\\"\\\"],\\\"__wpdm_files\\\":[\\\"a:1:{i:1774581766917;s:20:\\\\\\\"Echo 2025 06 IT..pdf\\\\\\\";}\\\"],\\\"__wpdm_fileinfo\\\":[\\\"a:1:{i:1774581766917;a:4:{s:5:\\\\\\\"title\\\\\\\";s:20:\\\\\\\"Echo 2025 06 IT..pdf\\\\\\\";s:8:\\\\\\\"password\\\\\\\";s:0:\\\\\\\"\\\\\\\";s:7:\\\\\\\"version\\\\\\\";s:0:\\\\\\\"\\\\\\\";s:11:\\\\\\\"update_date\\\\\\\";s:0:\\\\\\\"\\\\\\\";}}\\\"],\\\"__wpdm_version\\\":[\\\"\\\"],\\\"__wpdm_link_label\\\":[\\\"\\\"],\\\"__wpdm_quota\\\":[\\\"\\\"],\\\"__wpdm_download_limit_per_user\\\":[\\\"0\\\"],\\\"__wpdm_view_count\\\":[\\\"\\\"],\\\"__wpdm_download_count\\\":[\\\"2\\\"],\\\"__wpdm_package_size\\\":[\\\"1.39 MB\\\"],\\\"__wpdm_access\\\":[\\\"a:1:{i:0;s:5:\\\\\\\"guest\\\\\\\";}\\\"],\\\"__wpdm_individual_file_download\\\":[\\\"-1\\\"],\\\"__wpdm_cache_zip\\\":[\\\"-1\\\"],\\\"__wpdm_template\\\":[\\\"link-template-default.php\\\"],\\\"__wpdm_page_template\\\":[\\\"sjd_single\\\"],\\\"__wpdm_terms_page\\\":[\\\"\\\"],\\\"__wpdm_terms_title\\\":[\\\"\\\"],\\\"__wpdm_terms_conditions\\\":[\\\"\\\"],\\\"__wpdm_terms_check_label\\\":[\\\"\\\"],\\\"__wpdm_password\\\":[\\\"\\\"],\\\"__wpdm_password_usage_limit\\\":[\\\"0\\\"],\\\"__wpdm_linkedin_message\\\":[\\\"\\\"],\\\"__wpdm_linkedin_url\\\":[\\\"\\\"],\\\"__wpdm_tweet_message\\\":[\\\"\\\"],\\\"__wpdm_gc_scopes_contacts\\\":[\\\"0\\\"],\\\"__wpdm_twitter_handle\\\":[\\\"\\\"],\\\"__wpdm_facebook_like\\\":[\\\"\\\"],\\\"__wpdm_email_lock_title\\\":[\\\"Subscribe To Download\\\"],\\\"__wpdm_email_lock_idl\\\":[\\\"0\\\"],\\\"__wpdm_email_lock_msg\\\":[\\\"\\\"],\\\"__wpdm_icon\\\":[\\\"https:\\\\\\\/\\\\\\\/filles-de-la-charite.org\\\\\\\/wp-content\\\\\\\/plugins\\\\\\\/download-manager\\\\\\\/assets\\\\\\\/file-type-icons\\\\\\\/pdf.svg\\\"],\\\"__wpdm_masterkey\\\":[\\\"8RutJ_XfC9G0HEIpbdSJ4zYHG-_lvTCof2DEH6fanMR3xZO6FKIYzJvq73lgmC3bG5nPSYXc7G_ZqWKHhUvSl7tG2Gsruk8O0_qJ9kzpplw\\\"],\\\"_alp_processed\\\":[\\\"1774582523\\\"],\\\"_last_translation_edit_mode\\\":[\\\"native-editor\\\"],\\\"_yoast_wpseo_primary_wpdmcategory\\\":[\\\"247\\\"],\\\"_yoast_wpseo_content_score\\\":[\\\"90\\\"],\\\"_yoast_wpseo_estimated-reading-time-minutes\\\":[\\\"0\\\"],\\\"_wpml_word_count\\\":[\\\"20786\\\"],\\\"_et_builder_dynamic_assets_loading_attr_threshold\\\":[\\\"3\\\"],\\\"__wpdm_package_size_b\\\":[\\\"1455339\\\"]},{\\\"ID\\\":null,\\\"title\\\":null,\\\"description\\\":null,\\\"excerpt\\\":null,\\\"fileList\\\":{},\\\"post_status\\\":null,\\\"version\\\":null,\\\"publish_date\\\":null,\\\"publish_date_timestamp\\\":null,\\\"update_date\\\":null,\\\"update_date_timestamp\\\":null,\\\"avail_date\\\":null,\\\"expire_date\\\":null,\\\"link_label\\\":null,\\\"download_count\\\":null,\\\"view_count\\\":null,\\\"access\\\":null,\\\"author\\\":null,\\\"quota\\\":null,\\\"icon\\\":null,\\\"package_size\\\":null,\\\"package\\\":null,\\\"shortCodes\\\":{},\\\"packageData\\\":[],\\\"files\\\":null,\\\"restAPI\\\":null,\\\"templateDir\\\":\\\"\\\\\\\/var\\\\\\\/www\\\\\\\/vhosts\\\\\\\/filles-de-la-charite.org\\\\\\\/httpdocs\\\\\\\/wp-content\\\\\\\/plugins\\\\\\\/download-manager\\\\\\\/src\\\\\\\/Package\\\\\\\/views\\\\\\\/\\\",\\\"download_limit_per_user\\\":null}]},\\n{\\\"label\\\":\\\"Lettera del 25 marzo 2026 (Suor Fran\\\\u00e7oise Petit)\\\",\\\"link\\\":\\\"https:\\\\\\\/\\\\\\\/filles-de-la-charite.org\\\\\\\/it\\\\\\\/download\\\\\\\/lettera-del-25-marzo-2026-suor-francoise-petit\\\\\\\/\\\",\\\"lang\\\":\\\"it\\\",\\\"icon\\\":\\\"https:\\\\\\\/\\\\\\\/filles-de-la-charite.org\\\\\\\/wp-content\\\\\\\/plugins\\\\\\\/download-manager\\\\\\\/assets\\\\\\\/file-type-icons\\\\\\\/pdf.svg\\\",\\\"file\\\":\\\"\\\",\\\"url\\\":\\\"\\\",\\\"size\\\":\\\"125.51 KB\\\",\\\"download\\\":\\\"https:\\\\\\\/\\\\\\\/filles-de-la-charite.org\\\\\\\/it\\\\\\\/download\\\\\\\/lettera-del-25-marzo-2026-suor-francoise-petit\\\\\\\/?wpdmdl=49229&refresh=69f347e59a0621777551333\\\",\\\"proxy\\\":\\\"https:\\\\\\\/\\\\\\\/filles-de-la-charite.org\\\\\\\/wp-admin\\\\\\\/admin-ajax.php?action=file_view&post_id=49229\\\",\\\"mimeType\\\":\\\"pdf\\\",\\\"content\\\":\\\"COMPAGNIE DES FILLES DE LA CHARIT\\\\u00c9 DE SAINT VINCENT DE PAUL\\\\n\\\\n 140, RUE DU BAC 75340 PARIS Cedex 07\\\\n\\\\n T\\\\u00e9l : 33 149 54 78 78\\\\n\\\\n Fax : 33 149 54 78 19 E-mail : secretairegene@cfdlc.org\\\\n\\\\n Parigi, 25 marzo 2026\\\\n\\\\nCare Sorelle,\\\\n\\\\n La grazia di nostro Signore Ges\\\\u00f9 Cristo sia sempre con noi!\\\\n\\\\nIn questo giorno dell'Annunciazione, giorno benedetto della Rinnovazione, abbiamo pregato con il salmo: \\\\u00abAllora ho detto, ecco io vengo\\\\u00bb (Sal 39, 8).\\\\n\\\\nL'avverbio \\\\u00aballora\\\\u00bb significa che la chiamata si colloca in un tempo preciso, quello in cui una risposta personale metter\\\\u00e0 radici: \\\\u00abHo detto, ecco io vengo\\\\u00bb.\\\\n\\\\nAllo stesso modo, \\\\u00e8 nella concretezza di un momento determinato che, ogni anno, sperimentiamo la novit\\\\u00e0 del nostro \\\\u00abs\\\\u00ec\\\\u00bb. Esso si fortifica grazie all'incontro fedele e personale con il Cristo \\\",\\\"tags\\\":[\\\"Suor Fran\\\\u00e7oise Petit\\\",\\\"Testi dei Superiori\\\"],\\\"debug\\\":[{\\\"_edit_lock\\\":[\\\"1774472368:5\\\"],\\\"_edit_last\\\":[\\\"5\\\"],\\\"_alp_processed\\\":[\\\"1774472801\\\"],\\\"copied_media_ids\\\":[\\\"a:0:{}\\\"],\\\"referenced_media_ids\\\":[\\\"a:0:{}\\\"],\\\"_wpml_word_count\\\":[\\\"1193\\\"],\\\"_wpml_location_migration_done\\\":[\\\"1\\\"],\\\"__wpdm_package_dir\\\":[\\\"\\\"],\\\"__wpdm_publish_date\\\":[\\\"\\\"],\\\"__wpdm_expire_date\\\":[\\\"\\\"],\\\"__wpdm_files\\\":[\\\"a:1:{i:1774472471549;s:56:\\\\\\\"Lettera del 25 marzo 2026 (Suor Fran\\\\u00e7oise Petit)-it.pdf\\\\\\\";}\\\"],\\\"__wpdm_fileinfo\\\":[\\\"a:1:{i:1774472471549;a:4:{s:5:\\\\\\\"title\\\\\\\";s:56:\\\\\\\"Lettera del 25 marzo 2026 (Suor Fran\\\\u00e7oise Petit)-it.pdf\\\\\\\";s:8:\\\\\\\"password\\\\\\\";s:0:\\\\\\\"\\\\\\\";s:13:\\\\\\\"license_price\\\\\\\";a:3:{s:6:\\\\\\\"single\\\\\\\";s:0:\\\\\\\"\\\\\\\";s:8:\\\\\\\"extended\\\\\\\";s:0:\\\\\\\"\\\\\\\";s:9:\\\\\\\"unlimited\\\\\\\";s:0:\\\\\\\"\\\\\\\";}s:5:\\\\\\\"price\\\\\\\";s:0:\\\\\\\"\\\\\\\";}}\\\"],\\\"__wpdm_version\\\":[\\\"\\\"],\\\"__wpdm_link_label\\\":[\\\"\\\"],\\\"__wpdm_quota\\\":[\\\"\\\"],\\\"__wpdm_download_limit_per_user\\\":[\\\"0\\\"],\\\"__wpdm_view_count\\\":[\\\"\\\"],\\\"__wpdm_download_count\\\":[\\\"1\\\"],\\\"__wpdm_package_size\\\":[\\\"125.51 KB\\\"],\\\"__wpdm_access\\\":[\\\"a:1:{i:0;s:5:\\\\\\\"guest\\\\\\\";}\\\"],\\\"__wpdm_individual_file_download\\\":[\\\"-1\\\"],\\\"__wpdm_cache_zip\\\":[\\\"-1\\\"],\\\"__wpdm_template\\\":[\\\"link-template-default.php\\\"],\\\"__wpdm_page_template\\\":[\\\"sjd_single\\\"],\\\"__wpdm_terms_page\\\":[\\\"\\\"],\\\"__wpdm_terms_title\\\":[\\\"\\\"],\\\"__wpdm_terms_conditions\\\":[\\\"\\\"],\\\"__wpdm_terms_check_label\\\":[\\\"\\\"],\\\"__wpdm_password\\\":[\\\"\\\"],\\\"__wpdm_password_usage_limit\\\":[\\\"0\\\"],\\\"__wpdm_linkedin_message\\\":[\\\"\\\"],\\\"__wpdm_linkedin_url\\\":[\\\"\\\"],\\\"__wpdm_tweet_message\\\":[\\\"\\\"],\\\"__wpdm_gc_scopes_contacts\\\":[\\\"0\\\"],\\\"__wpdm_twitter_handle\\\":[\\\"\\\"],\\\"__wpdm_facebook_like\\\":[\\\"\\\"],\\\"__wpdm_email_lock_title\\\":[\\\"Subscribe To Download\\\"],\\\"__wpdm_email_lock_idl\\\":[\\\"0\\\"],\\\"__wpdm_email_lock_msg\\\":[\\\"\\\"],\\\"__wpdm_icon\\\":[\\\"https:\\\\\\\/\\\\\\\/filles-de-la-charite.org\\\\\\\/wp-content\\\\\\\/plugins\\\\\\\/download-manager\\\\\\\/assets\\\\\\\/file-type-icons\\\\\\\/pdf.svg\\\"],\\\"__wpdm_product_code\\\":[\\\"\\\"],\\\"__wpdm_base_price\\\":[\\\"0.00\\\"],\\\"__wpdm_sales_price\\\":[\\\"0.00\\\"],\\\"__wpdm_sales_price_expire\\\":[\\\"\\\"],\\\"__wpdm_pay_as_you_want\\\":[\\\"0\\\"],\\\"__wpdm_license\\\":[\\\"a:3:{s:6:\\\\\\\"single\\\\\\\";a:1:{s:6:\\\\\\\"active\\\\\\\";s:1:\\\\\\\"1\\\\\\\";}s:8:\\\\\\\"extended\\\\\\\";a:1:{s:6:\\\\\\\"active\\\\\\\";s:1:\\\\\\\"0\\\\\\\";}s:9:\\\\\\\"unlimited\\\\\\\";a:1:{s:6:\\\\\\\"active\\\\\\\";s:1:\\\\\\\"0\\\\\\\";}}\\\"],\\\"__wpdm_assign_role\\\":[\\\"\\\"],\\\"__wpdm_discount\\\":[\\\"a:8:{s:15:\\\\\\\"wpdmpp_customer\\\\\\\";s:0:\\\\\\\"\\\\\\\";s:12:\\\\\\\"wpseo_editor\\\\\\\";s:0:\\\\\\\"\\\\\\\";s:13:\\\\\\\"wpseo_manager\\\\\\\";s:0:\\\\\\\"\\\\\\\";s:10:\\\\\\\"subscriber\\\\\\\";s:0:\\\\\\\"\\\\\\\";s:11:\\\\\\\"contributor\\\\\\\";s:0:\\\\\\\"\\\\\\\";s:6:\\\\\\\"author\\\\\\\";s:0:\\\\\\\"\\\\\\\";s:6:\\\\\\\"editor\\\\\\\";s:0:\\\\\\\"\\\\\\\";s:13:\\\\\\\"administrator\\\\\\\";s:0:\\\\\\\"\\\\\\\";}\\\"],\\\"__wpdm_masterkey\\\":[\\\"ayeOedg92Li3o9UyiqJ8scEIIg4pi6Xbg1zDm3lBX3FddI_hLU_sf5d8glj0P7SHBPVtV5tywk4iJLVqOtlro_je4h-fbzx0OHI6QKbdQXw\\\"],\\\"_yoast_wpseo_primary_wpdmcategory\\\":[\\\"867\\\"],\\\"_yoast_wpseo_content_score\\\":[\\\"90\\\"],\\\"_yoast_wpseo_estimated-reading-time-minutes\\\":[\\\"0\\\"],\\\"_et_builder_dynamic_assets_loading_attr_threshold\\\":[\\\"3\\\"],\\\"__wpdm_package_size_b\\\":[\\\"128524\\\"]},{\\\"ID\\\":null,\\\"title\\\":null,\\\"description\\\":null,\\\"excerpt\\\":null,\\\"fileList\\\":{},\\\"post_status\\\":null,\\\"version\\\":null,\\\"publish_date\\\":null,\\\"publish_date_timestamp\\\":null,\\\"update_date\\\":null,\\\"update_date_timestamp\\\":null,\\\"avail_date\\\":null,\\\"expire_date\\\":null,\\\"link_label\\\":null,\\\"download_count\\\":null,\\\"view_count\\\":null,\\\"access\\\":null,\\\"author\\\":null,\\\"quota\\\":null,\\\"icon\\\":null,\\\"package_size\\\":null,\\\"package\\\":null,\\\"shortCodes\\\":{},\\\"packageData\\\":[],\\\"files\\\":null,\\\"restAPI\\\":null,\\\"templateDir\\\":\\\"\\\\\\\/var\\\\\\\/www\\\\\\\/vhosts\\\\\\\/filles-de-la-charite.org\\\\\\\/httpdocs\\\\\\\/wp-content\\\\\\\/plugins\\\\\\\/download-manager\\\\\\\/src\\\\\\\/Package\\\\\\\/views\\\\\\\/\\\",\\\"download_limit_per_user\\\":null}]},\\n{\\\"label\\\":\\\"Lettera del 2 febbraio 2026 (Suor Fran\\\\u00e7oise Petit) IT\\\",\\\"link\\\":\\\"https:\\\\\\\/\\\\\\\/filles-de-la-charite.org\\\\\\\/it\\\\\\\/download\\\\\\\/lettera-del-2-febbraio-2026-suor-francoise-petit-it\\\\\\\/\\\",\\\"lang\\\":\\\"it\\\",\\\"icon\\\":\\\"https:\\\\\\\/\\\\\\\/filles-de-la-charite.org\\\\\\\/wp-content\\\\\\\/plugins\\\\\\\/download-manager\\\\\\\/assets\\\\\\\/file-type-icons\\\\\\\/pdf.svg\\\",\\\"file\\\":\\\"\\\",\\\"url\\\":\\\"\\\",\\\"size\\\":\\\"134.83 KB\\\",\\\"download\\\":\\\"https:\\\\\\\/\\\\\\\/filles-de-la-charite.org\\\\\\\/it\\\\\\\/download\\\\\\\/lettera-del-2-febbraio-2026-suor-francoise-petit-it\\\\\\\/?wpdmdl=48661&refresh=69f347e59ac851777551333\\\",\\\"proxy\\\":\\\"https:\\\\\\\/\\\\\\\/filles-de-la-charite.org\\\\\\\/wp-admin\\\\\\\/admin-ajax.php?action=file_view&post_id=48661\\\",\\\"mimeType\\\":\\\"pdf\\\",\\\"content\\\":\\\"COMPAGNIE DES FILLES DE LA CHARIT\\\\u00c9 DE SAINT VINCENT DE PAUL\\\\n\\\\n 140, RUE DU BAC 75340 PARIS Cedex 07\\\\n\\\\n T\\\\u00e9l : 33 149 54 78 78\\\\n\\\\n Fax : 33 149 54 78 19 E-mail : secretairegene@cfdlc.org\\\\n\\\\n Parigi, 2 febbraio 2026\\\\n\\\\nCare Sorelle,\\\\n\\\\nIn questo 2 febbraio, durante l'incontro con Padre Toma\\\\u017e, abbiamo ricordato anzitutto le questioni e le sfide che interpellano le Province e la Compagnia intera, segnate dalla situazione mondiale, piena di tante incertezze. Malgrado ci\\\\u00f2, abbiamo colto anche segni di speranza: la vostra fedelt\\\\u00e0 nel vivere il carisma in tutto il mondo, il vostro desiderio di raggiungere i pi\\\\u00f9 poveri, il vostro impegno a progredire, in particolare a livello spirituale, e il vostro amore per la Compagnia, con le sue differenze che sono fonte di arricchimento reciproco per ciascuna.\\\\n\\\\nIn\\\",\\\"tags\\\":[\\\"Suor Fran\\\\u00e7oise Petit\\\",\\\"Testi dei Superiori\\\"],\\\"debug\\\":[{\\\"_edit_lock\\\":[\\\"1770157690:5\\\"],\\\"_edit_last\\\":[\\\"5\\\"],\\\"_alp_processed\\\":[\\\"1770158012\\\"],\\\"copied_media_ids\\\":[\\\"a:0:{}\\\"],\\\"referenced_media_ids\\\":[\\\"a:0:{}\\\"],\\\"_wpml_word_count\\\":[\\\"3318\\\"],\\\"_wpml_location_migration_done\\\":[\\\"1\\\"],\\\"__wpdm_package_dir\\\":[\\\"\\\"],\\\"__wpdm_publish_date\\\":[\\\"\\\"],\\\"__wpdm_expire_date\\\":[\\\"\\\"],\\\"__wpdm_files\\\":[\\\"a:1:{i:1770157636506;s:58:\\\\\\\"Lettera del 2 febbraio 2026 (Suor Fran\\\\u00e7oise Petit)_IT.pdf\\\\\\\";}\\\"],\\\"__wpdm_fileinfo\\\":[\\\"a:1:{i:1770157636506;a:4:{s:5:\\\\\\\"title\\\\\\\";s:58:\\\\\\\"Lettera del 2 febbraio 2026 (Suor Fran\\\\u00e7oise Petit)_IT.pdf\\\\\\\";s:8:\\\\\\\"password\\\\\\\";s:0:\\\\\\\"\\\\\\\";s:13:\\\\\\\"license_price\\\\\\\";a:3:{s:6:\\\\\\\"single\\\\\\\";s:0:\\\\\\\"\\\\\\\";s:8:\\\\\\\"extended\\\\\\\";s:0:\\\\\\\"\\\\\\\";s:9:\\\\\\\"unlimited\\\\\\\";s:0:\\\\\\\"\\\\\\\";}s:5:\\\\\\\"price\\\\\\\";s:0:\\\\\\\"\\\\\\\";}}\\\"],\\\"__wpdm_version\\\":[\\\"\\\"],\\\"__wpdm_link_label\\\":[\\\"\\\"],\\\"__wpdm_quota\\\":[\\\"\\\"],\\\"__wpdm_download_limit_per_user\\\":[\\\"0\\\"],\\\"__wpdm_view_count\\\":[\\\"\\\"],\\\"__wpdm_download_count\\\":[\\\"2\\\"],\\\"__wpdm_package_size\\\":[\\\"134.83 KB\\\"],\\\"__wpdm_access\\\":[\\\"a:1:{i:0;s:5:\\\\\\\"guest\\\\\\\";}\\\"],\\\"__wpdm_individual_file_download\\\":[\\\"-1\\\"],\\\"__wpdm_cache_zip\\\":[\\\"-1\\\"],\\\"__wpdm_template\\\":[\\\"link-template-default.php\\\"],\\\"__wpdm_page_template\\\":[\\\"sjd_single\\\"],\\\"__wpdm_terms_page\\\":[\\\"\\\"],\\\"__wpdm_terms_title\\\":[\\\"\\\"],\\\"__wpdm_terms_conditions\\\":[\\\"\\\"],\\\"__wpdm_terms_check_label\\\":[\\\"\\\"],\\\"__wpdm_password\\\":[\\\"\\\"],\\\"__wpdm_password_usage_limit\\\":[\\\"0\\\"],\\\"__wpdm_linkedin_message\\\":[\\\"\\\"],\\\"__wpdm_linkedin_url\\\":[\\\"\\\"],\\\"__wpdm_tweet_message\\\":[\\\"\\\"],\\\"__wpdm_gc_scopes_contacts\\\":[\\\"0\\\"],\\\"__wpdm_twitter_handle\\\":[\\\"\\\"],\\\"__wpdm_facebook_like\\\":[\\\"\\\"],\\\"__wpdm_email_lock_title\\\":[\\\"Subscribe To Download\\\"],\\\"__wpdm_email_lock_idl\\\":[\\\"0\\\"],\\\"__wpdm_email_lock_msg\\\":[\\\"\\\"],\\\"__wpdm_icon\\\":[\\\"https:\\\\\\\/\\\\\\\/filles-de-la-charite.org\\\\\\\/wp-content\\\\\\\/plugins\\\\\\\/download-manager\\\\\\\/assets\\\\\\\/file-type-icons\\\\\\\/pdf.svg\\\"],\\\"__wpdm_product_code\\\":[\\\"\\\"],\\\"__wpdm_base_price\\\":[\\\"0.00\\\"],\\\"__wpdm_sales_price\\\":[\\\"0.00\\\"],\\\"__wpdm_sales_price_expire\\\":[\\\"\\\"],\\\"__wpdm_pay_as_you_want\\\":[\\\"0\\\"],\\\"__wpdm_license\\\":[\\\"a:3:{s:6:\\\\\\\"single\\\\\\\";a:1:{s:6:\\\\\\\"active\\\\\\\";s:1:\\\\\\\"1\\\\\\\";}s:8:\\\\\\\"extended\\\\\\\";a:1:{s:6:\\\\\\\"active\\\\\\\";s:1:\\\\\\\"0\\\\\\\";}s:9:\\\\\\\"unlimited\\\\\\\";a:1:{s:6:\\\\\\\"active\\\\\\\";s:1:\\\\\\\"0\\\\\\\";}}\\\"],\\\"__wpdm_assign_role\\\":[\\\"\\\"],\\\"__wpdm_discount\\\":[\\\"a:8:{s:15:\\\\\\\"wpdmpp_customer\\\\\\\";s:0:\\\\\\\"\\\\\\\";s:12:\\\\\\\"wpseo_editor\\\\\\\";s:0:\\\\\\\"\\\\\\\";s:13:\\\\\\\"wpseo_manager\\\\\\\";s:0:\\\\\\\"\\\\\\\";s:10:\\\\\\\"subscriber\\\\\\\";s:0:\\\\\\\"\\\\\\\";s:11:\\\\\\\"contributor\\\\\\\";s:0:\\\\\\\"\\\\\\\";s:6:\\\\\\\"author\\\\\\\";s:0:\\\\\\\"\\\\\\\";s:6:\\\\\\\"editor\\\\\\\";s:0:\\\\\\\"\\\\\\\";s:13:\\\\\\\"administrator\\\\\\\";s:0:\\\\\\\"\\\\\\\";}\\\"],\\\"__wpdm_masterkey\\\":[\\\"7szPlr6fCDaIX82hgieuWJbvDMQPBnBzrajvOu0o13aFQSeslYLFYPrUzJEKGLiDoD3KBbgdnyjuDQJlDcfTOq91WMrUAP0sg4XBGTsiVe8\\\"],\\\"_yoast_wpseo_primary_wpdmcategory\\\":[\\\"867\\\"],\\\"_yoast_wpseo_content_score\\\":[\\\"90\\\"],\\\"_yoast_wpseo_estimated-reading-time-minutes\\\":[\\\"0\\\"],\\\"_et_builder_dynamic_assets_loading_attr_threshold\\\":[\\\"3\\\"],\\\"__wpdm_package_size_b\\\":[\\\"138069\\\"]},{\\\"ID\\\":null,\\\"title\\\":null,\\\"description\\\":null,\\\"excerpt\\\":null,\\\"fileList\\\":{},\\\"post_status\\\":null,\\\"version\\\":null,\\\"publish_date\\\":null,\\\"publish_date_timestamp\\\":null,\\\"update_date\\\":null,\\\"update_date_timestamp\\\":null,\\\"avail_date\\\":null,\\\"expire_date\\\":null,\\\"link_label\\\":null,\\\"download_count\\\":null,\\\"view_count\\\":null,\\\"access\\\":null,\\\"author\\\":null,\\\"quota\\\":null,\\\"icon\\\":null,\\\"package_size\\\":null,\\\"package\\\":null,\\\"shortCodes\\\":{},\\\"packageData\\\":[],\\\"files\\\":null,\\\"restAPI\\\":null,\\\"templateDir\\\":\\\"\\\\\\\/var\\\\\\\/www\\\\\\\/vhosts\\\\\\\/filles-de-la-charite.org\\\\\\\/httpdocs\\\\\\\/wp-content\\\\\\\/plugins\\\\\\\/download-manager\\\\\\\/src\\\\\\\/Package\\\\\\\/views\\\\\\\/\\\",\\\"download_limit_per_user\\\":null}]},\\n{\\\"label\\\":\\\"echo 2025 05 IT\\\",\\\"link\\\":\\\"https:\\\\\\\/\\\\\\\/filles-de-la-charite.org\\\\\\\/it\\\\\\\/download\\\\\\\/echo-2025-05-it\\\\\\\/\\\",\\\"lang\\\":\\\"it\\\",\\\"icon\\\":\\\"https:\\\\\\\/\\\\\\\/filles-de-la-charite.org\\\\\\\/wp-content\\\\\\\/plugins\\\\\\\/download-manager\\\\\\\/assets\\\\\\\/file-type-icons\\\\\\\/pdf.svg\\\",\\\"file\\\":\\\"\\\",\\\"url\\\":\\\"\\\",\\\"size\\\":\\\"2.24 MB\\\",\\\"download\\\":\\\"https:\\\\\\\/\\\\\\\/filles-de-la-charite.org\\\\\\\/it\\\\\\\/download\\\\\\\/echo-2025-05-it\\\\\\\/?wpdmdl=48490&refresh=69f347e59b7521777551333\\\",\\\"proxy\\\":\\\"https:\\\\\\\/\\\\\\\/filles-de-la-charite.org\\\\\\\/wp-admin\\\\\\\/admin-ajax.php?action=file_view&post_id=48490\\\",\\\"mimeType\\\":\\\"pdf\\\",\\\"content\\\":\\\"Bollettino bimestrale delle Figlie della Carit\\\\u00e0 di S. Vincenzo De Paoli\\\\n\\\\n Incontri con\\\\u2026 Echi della Compagnia \\\\u2013 Poste Italiane spa. \\\\u2013 Sped. Abb. Post. DL 353\\\\\\\/2003 (conv. in L. 27\\\\\\\/02\\\\\\\/2004 n. 46) art. 1, comma 1, DCB TO n. 3\\\\\\\/2025 - Ed. ALZANI & C. s.a.s. - Pinerolo Via Grandi 5 - Tel. 0121322657 - Stampa: Alzani Tipografia - Autorizzazione Tribunale di Pinerolo n. 4\\\\\\\/96 del 7\\\\\\\/6\\\\\\\/1996\\\\n\\\\n RINNOVARSI, VARCARE, CON I FONDATORI EcdellahiCompagnia\\\\n\\\\nN\\\\u00b0 3 - 2025 \\\\n\\\\n Giubileo 2025 Consideriamo la nostra esistenza come un cammino Pellegrini di speranza alla sequela di Ges\\\\u00f9 con Maria\\\\n\\\\n 1 - VITA DELLA CHIESA Chiediamo al Signore di saperlo lodare ogni giorno, 130 Elezione di Papa Leone XIV l'8 maggio 2025 \\\\u00abcon la vita e con la lingua, 2 - LA PAROLA DEI SUPERIORI col cuore e con le labbra, con la vo\\\",\\\"tags\\\":[\\\"Echi\\\"],\\\"debug\\\":[{\\\"_edit_lock\\\":[\\\"1768680513:18\\\"],\\\"_edit_last\\\":[\\\"18\\\"],\\\"_alp_processed\\\":[\\\"1769109073\\\"],\\\"copied_media_ids\\\":[\\\"a:0:{}\\\"],\\\"referenced_media_ids\\\":[\\\"a:0:{}\\\"],\\\"_wpml_word_count\\\":[\\\"19720\\\"],\\\"_wpml_location_migration_done\\\":[\\\"1\\\"],\\\"__wpdm_package_dir\\\":[\\\"\\\"],\\\"__wpdm_publish_date\\\":[\\\"\\\"],\\\"__wpdm_expire_date\\\":[\\\"\\\"],\\\"__wpdm_files\\\":[\\\"a:2:{i:1768680530248;s:20:\\\\\\\"Echo 2025 05 IT..pdf\\\\\\\";i:1768680511102;s:35:\\\\\\\"1768680514wpdm_Echo 2025 03 IT..pdf\\\\\\\";}\\\"],\\\"__wpdm_fileinfo\\\":[\\\"a:2:{i:1768680530248;a:4:{s:5:\\\\\\\"title\\\\\\\";s:20:\\\\\\\"Echo 2025 05 IT..pdf\\\\\\\";s:8:\\\\\\\"password\\\\\\\";s:0:\\\\\\\"\\\\\\\";s:13:\\\\\\\"license_price\\\\\\\";a:3:{s:6:\\\\\\\"single\\\\\\\";s:0:\\\\\\\"\\\\\\\";s:8:\\\\\\\"extended\\\\\\\";s:0:\\\\\\\"\\\\\\\";s:9:\\\\\\\"unlimited\\\\\\\";s:0:\\\\\\\"\\\\\\\";}s:5:\\\\\\\"price\\\\\\\";s:0:\\\\\\\"\\\\\\\";}i:1768680511102;a:4:{s:5:\\\\\\\"title\\\\\\\";s:20:\\\\\\\"Echo 2025 03 IT..pdf\\\\\\\";s:8:\\\\\\\"password\\\\\\\";s:0:\\\\\\\"\\\\\\\";s:13:\\\\\\\"license_price\\\\\\\";a:3:{s:6:\\\\\\\"single\\\\\\\";s:0:\\\\\\\"\\\\\\\";s:8:\\\\\\\"extended\\\\\\\";s:0:\\\\\\\"\\\\\\\";s:9:\\\\\\\"unlimited\\\\\\\";s:0:\\\\\\\"\\\\\\\";}s:5:\\\\\\\"price\\\\\\\";s:0:\\\\\\\"\\\\\\\";}}\\\"],\\\"__wpdm_version\\\":[\\\"\\\"],\\\"__wpdm_link_label\\\":[\\\"\\\"],\\\"__wpdm_quota\\\":[\\\"\\\"],\\\"__wpdm_download_limit_per_user\\\":[\\\"0\\\"],\\\"__wpdm_view_count\\\":[\\\"\\\"],\\\"__wpdm_download_count\\\":[\\\"2\\\"],\\\"__wpdm_package_size\\\":[\\\"2.24 MB\\\"],\\\"__wpdm_access\\\":[\\\"a:1:{i:0;s:5:\\\\\\\"guest\\\\\\\";}\\\"],\\\"__wpdm_individual_file_download\\\":[\\\"-1\\\"],\\\"__wpdm_cache_zip\\\":[\\\"-1\\\"],\\\"__wpdm_template\\\":[\\\"link-template-default.php\\\"],\\\"__wpdm_page_template\\\":[\\\"sjd_single\\\"],\\\"__wpdm_terms_page\\\":[\\\"\\\"],\\\"__wpdm_terms_title\\\":[\\\"\\\"],\\\"__wpdm_terms_conditions\\\":[\\\"\\\"],\\\"__wpdm_terms_check_label\\\":[\\\"\\\"],\\\"__wpdm_password\\\":[\\\"\\\"],\\\"__wpdm_password_usage_limit\\\":[\\\"0\\\"],\\\"__wpdm_linkedin_message\\\":[\\\"\\\"],\\\"__wpdm_linkedin_url\\\":[\\\"\\\"],\\\"__wpdm_tweet_message\\\":[\\\"\\\"],\\\"__wpdm_gc_scopes_contacts\\\":[\\\"0\\\"],\\\"__wpdm_twitter_handle\\\":[\\\"\\\"],\\\"__wpdm_facebook_like\\\":[\\\"\\\"],\\\"__wpdm_email_lock_title\\\":[\\\"Subscribe To Download\\\"],\\\"__wpdm_email_lock_idl\\\":[\\\"0\\\"],\\\"__wpdm_email_lock_msg\\\":[\\\"\\\"],\\\"__wpdm_icon\\\":[\\\"https:\\\\\\\/\\\\\\\/filles-de-la-charite.org\\\\\\\/wp-content\\\\\\\/plugins\\\\\\\/download-manager\\\\\\\/assets\\\\\\\/file-type-icons\\\\\\\/pdf.svg\\\"],\\\"__wpdm_product_code\\\":[\\\"\\\"],\\\"__wpdm_base_price\\\":[\\\"0.00\\\"],\\\"__wpdm_sales_price\\\":[\\\"0.00\\\"],\\\"__wpdm_sales_price_expire\\\":[\\\"\\\"],\\\"__wpdm_pay_as_you_want\\\":[\\\"0\\\"],\\\"__wpdm_license\\\":[\\\"a:3:{s:6:\\\\\\\"single\\\\\\\";a:1:{s:6:\\\\\\\"active\\\\\\\";s:1:\\\\\\\"1\\\\\\\";}s:8:\\\\\\\"extended\\\\\\\";a:1:{s:6:\\\\\\\"active\\\\\\\";s:1:\\\\\\\"0\\\\\\\";}s:9:\\\\\\\"unlimited\\\\\\\";a:1:{s:6:\\\\\\\"active\\\\\\\";s:1:\\\\\\\"0\\\\\\\";}}\\\"],\\\"__wpdm_assign_role\\\":[\\\"\\\"],\\\"__wpdm_discount\\\":[\\\"a:8:{s:15:\\\\\\\"wpdmpp_customer\\\\\\\";s:0:\\\\\\\"\\\\\\\";s:12:\\\\\\\"wpseo_editor\\\\\\\";s:0:\\\\\\\"\\\\\\\";s:13:\\\\\\\"wpseo_manager\\\\\\\";s:0:\\\\\\\"\\\\\\\";s:10:\\\\\\\"subscriber\\\\\\\";s:0:\\\\\\\"\\\\\\\";s:11:\\\\\\\"contributor\\\\\\\";s:0:\\\\\\\"\\\\\\\";s:6:\\\\\\\"author\\\\\\\";s:0:\\\\\\\"\\\\\\\";s:6:\\\\\\\"editor\\\\\\\";s:0:\\\\\\\"\\\\\\\";s:13:\\\\\\\"administrator\\\\\\\";s:0:\\\\\\\"\\\\\\\";}\\\"],\\\"__wpdm_masterkey\\\":[\\\"iipBz8MHKUmjglcPmpKkXU3FBtkycvbFNXaIGnmZ13tseL7TZsXqdB3bjfonLZ1gvlhR_wH0jHKzYArZ8xj7SpLmXL2V7l2vqQvLxlEVY1A\\\"],\\\"_yoast_wpseo_primary_wpdmcategory\\\":[\\\"247\\\"],\\\"_yoast_wpseo_content_score\\\":[\\\"90\\\"],\\\"_yoast_wpseo_estimated-reading-time-minutes\\\":[\\\"0\\\"],\\\"_et_builder_dynamic_assets_loading_attr_threshold\\\":[\\\"3\\\"],\\\"__wpdm_package_size_b\\\":[\\\"2351309\\\"],\\\"_oembed_193fce40595baf9cf464def8ec40cbb4\\\":[\\\"<iframe title=\\\\\\\"Fino alla fine - Vincenzo de Paoli, Messaggero e Servo\\\\\\\" width=\\\\\\\"1080\\\\\\\" height=\\\\\\\"608\\\\\\\" src=\\\\\\\"https:\\\\\\\/\\\\\\\/www.youtube.com\\\\\\\/embed\\\\\\\/1-jv4i5arPY?start=2913&feature=oembed\\\\\\\"  allow=\\\\\\\"accelerometer; autoplay; clipboard-write; encrypted-media; gyroscope; picture-in-picture; web-share\\\\\\\" referrerpolicy=\\\\\\\"strict-origin-when-cross-origin\\\\\\\" allowfullscreen><\\\\\\\/iframe>\\\"],\\\"_oembed_time_193fce40595baf9cf464def8ec40cbb4\\\":[\\\"1769109069\\\"],\\\"__wpdm_zipped_file\\\":[\\\"\\\\\\\/var\\\\\\\/www\\\\\\\/vhosts\\\\\\\/filles-de-la-charite.org\\\\\\\/httpdocs\\\\\\\/wp-content\\\\\\\/uploads\\\\\\\/wpdm-cache\\\\\\\/echo-2025-05-IT-48490.zip\\\"]},{\\\"ID\\\":null,\\\"title\\\":null,\\\"description\\\":null,\\\"excerpt\\\":null,\\\"fileList\\\":{},\\\"post_status\\\":null,\\\"version\\\":null,\\\"publish_date\\\":null,\\\"publish_date_timestamp\\\":null,\\\"update_date\\\":null,\\\"update_date_timestamp\\\":null,\\\"avail_date\\\":null,\\\"expire_date\\\":null,\\\"link_label\\\":null,\\\"download_count\\\":null,\\\"view_count\\\":null,\\\"access\\\":null,\\\"author\\\":null,\\\"quota\\\":null,\\\"icon\\\":null,\\\"package_size\\\":null,\\\"package\\\":null,\\\"shortCodes\\\":{},\\\"packageData\\\":[],\\\"files\\\":null,\\\"restAPI\\\":null,\\\"templateDir\\\":\\\"\\\\\\\/var\\\\\\\/www\\\\\\\/vhosts\\\\\\\/filles-de-la-charite.org\\\\\\\/httpdocs\\\\\\\/wp-content\\\\\\\/plugins\\\\\\\/download-manager\\\\\\\/src\\\\\\\/Package\\\\\\\/views\\\\\\\/\\\",\\\"download_limit_per_user\\\":null}]},\\n{\\\"label\\\":\\\"Lettera del 1\\\\u00b0 gennaio 2026 (Suor Fran\\\\u00e7oise Petit)\\\",\\\"link\\\":\\\"https:\\\\\\\/\\\\\\\/filles-de-la-charite.org\\\\\\\/it\\\\\\\/download\\\\\\\/lettera-del-1-gennaio-2026-suor-francoise-petit\\\\\\\/\\\",\\\"lang\\\":\\\"it\\\",\\\"icon\\\":\\\"https:\\\\\\\/\\\\\\\/filles-de-la-charite.org\\\\\\\/wp-content\\\\\\\/plugins\\\\\\\/download-manager\\\\\\\/assets\\\\\\\/file-type-icons\\\\\\\/pdf.svg\\\",\\\"file\\\":\\\"\\\",\\\"url\\\":\\\"\\\",\\\"size\\\":\\\"95.07 KB\\\",\\\"download\\\":\\\"https:\\\\\\\/\\\\\\\/filles-de-la-charite.org\\\\\\\/it\\\\\\\/download\\\\\\\/lettera-del-1-gennaio-2026-suor-francoise-petit\\\\\\\/?wpdmdl=48302&refresh=69f347e59c4031777551333\\\",\\\"proxy\\\":\\\"https:\\\\\\\/\\\\\\\/filles-de-la-charite.org\\\\\\\/wp-admin\\\\\\\/admin-ajax.php?action=file_view&post_id=48302\\\",\\\"mimeType\\\":\\\"pdf\\\",\\\"content\\\":\\\"COMPAGNIE DES FILLES DE LA CHARIT\\\\u00c9 DE SAINT VINCENT DE PAUL\\\\n\\\\n 140, RUE DU BAC 75340 PARIS Cedex 07\\\\n\\\\n T\\\\u00e9l : 33 149 54 78 78\\\\n\\\\n Fax : 33 149 54 78 19 E-mail : secretairegene@cfdlc.org\\\\n\\\\n Parigi, 1\\\\u00b0 gennaio 2026\\\\n\\\\nCare Sorelle,\\\\n\\\\n\\\\u00abGloria a Dio nel pi\\\\u00f9 alto dei cieli e pace in terra agli uomini che egli ama\\\\u00bb (Lc 2, 14).\\\\n\\\\nIl passo del Vangelo proposto in questo 1\\\\u00b0 gennaio ci ricorda che siamo ancora nella gioia del tempo di Natale, mentre il racconto si estende dalla Sacra Famiglia all'umanit\\\\u00e0 intera.\\\\n\\\\nI pastori sono i primi a ricevere l'annuncio della nascita del Salvatore. Loro, gli emarginati, sul bordo della strada, probabilmente mal visti da chi li conosce, corrono in fretta verso Betlemme. Baster\\\\u00e0 loro aver visto il bambino per ripartire rapidamente e proclamare la Buona Novella che \\\",\\\"tags\\\":[\\\"Suor Fran\\\\u00e7oise Petit\\\",\\\"Testi dei Superiori\\\"],\\\"debug\\\":[{\\\"_edit_lock\\\":[\\\"1767374560:5\\\"],\\\"_edit_last\\\":[\\\"5\\\"],\\\"_alp_processed\\\":[\\\"1767375378\\\"],\\\"copied_media_ids\\\":[\\\"a:0:{}\\\"],\\\"referenced_media_ids\\\":[\\\"a:0:{}\\\"],\\\"_wpml_word_count\\\":[\\\"803\\\"],\\\"_wpml_location_migration_done\\\":[\\\"1\\\"],\\\"_wp_old_date\\\":[\\\"2026-01-02\\\"],\\\"__wpdm_package_dir\\\":[\\\"\\\"],\\\"__wpdm_publish_date\\\":[\\\"\\\"],\\\"__wpdm_expire_date\\\":[\\\"\\\"],\\\"__wpdm_files\\\":[\\\"a:1:{i:1767374663934;s:59:\\\\\\\"Lettera del 1\\\\u00b0 gennaio 2026 (Suor Fran\\\\u00e7oise Petit)_it.pdf\\\\\\\";}\\\"],\\\"__wpdm_fileinfo\\\":[\\\"a:1:{i:1767374663934;a:4:{s:5:\\\\\\\"title\\\\\\\";s:59:\\\\\\\"Lettera del 1\\\\u00b0 gennaio 2026 (Suor Fran\\\\u00e7oise Petit)_it.pdf\\\\\\\";s:8:\\\\\\\"password\\\\\\\";s:0:\\\\\\\"\\\\\\\";s:13:\\\\\\\"license_price\\\\\\\";a:3:{s:6:\\\\\\\"single\\\\\\\";s:0:\\\\\\\"\\\\\\\";s:8:\\\\\\\"extended\\\\\\\";s:0:\\\\\\\"\\\\\\\";s:9:\\\\\\\"unlimited\\\\\\\";s:0:\\\\\\\"\\\\\\\";}s:5:\\\\\\\"price\\\\\\\";s:0:\\\\\\\"\\\\\\\";}}\\\"],\\\"__wpdm_version\\\":[\\\"\\\"],\\\"__wpdm_link_label\\\":[\\\"\\\"],\\\"__wpdm_quota\\\":[\\\"\\\"],\\\"__wpdm_download_limit_per_user\\\":[\\\"0\\\"],\\\"__wpdm_view_count\\\":[\\\"\\\"],\\\"__wpdm_download_count\\\":[\\\"2\\\"],\\\"__wpdm_package_size\\\":[\\\"95.07 KB\\\"],\\\"__wpdm_access\\\":[\\\"a:1:{i:0;s:5:\\\\\\\"guest\\\\\\\";}\\\"],\\\"__wpdm_individual_file_download\\\":[\\\"-1\\\"],\\\"__wpdm_cache_zip\\\":[\\\"-1\\\"],\\\"__wpdm_template\\\":[\\\"link-template-default.php\\\"],\\\"__wpdm_page_template\\\":[\\\"sjd_single\\\"],\\\"__wpdm_terms_page\\\":[\\\"\\\"],\\\"__wpdm_terms_title\\\":[\\\"\\\"],\\\"__wpdm_terms_conditions\\\":[\\\"\\\"],\\\"__wpdm_terms_check_label\\\":[\\\"\\\"],\\\"__wpdm_password\\\":[\\\"\\\"],\\\"__wpdm_password_usage_limit\\\":[\\\"0\\\"],\\\"__wpdm_linkedin_message\\\":[\\\"\\\"],\\\"__wpdm_linkedin_url\\\":[\\\"\\\"],\\\"__wpdm_tweet_message\\\":[\\\"\\\"],\\\"__wpdm_gc_scopes_contacts\\\":[\\\"0\\\"],\\\"__wpdm_twitter_handle\\\":[\\\"\\\"],\\\"__wpdm_facebook_like\\\":[\\\"\\\"],\\\"__wpdm_email_lock_title\\\":[\\\"Subscribe To Download\\\"],\\\"__wpdm_email_lock_idl\\\":[\\\"0\\\"],\\\"__wpdm_email_lock_msg\\\":[\\\"\\\"],\\\"__wpdm_icon\\\":[\\\"https:\\\\\\\/\\\\\\\/filles-de-la-charite.org\\\\\\\/wp-content\\\\\\\/plugins\\\\\\\/download-manager\\\\\\\/assets\\\\\\\/file-type-icons\\\\\\\/pdf.svg\\\"],\\\"__wpdm_product_code\\\":[\\\"\\\"],\\\"__wpdm_base_price\\\":[\\\"0.00\\\"],\\\"__wpdm_sales_price\\\":[\\\"0.00\\\"],\\\"__wpdm_sales_price_expire\\\":[\\\"\\\"],\\\"__wpdm_pay_as_you_want\\\":[\\\"0\\\"],\\\"__wpdm_license\\\":[\\\"a:3:{s:6:\\\\\\\"single\\\\\\\";a:1:{s:6:\\\\\\\"active\\\\\\\";s:1:\\\\\\\"1\\\\\\\";}s:8:\\\\\\\"extended\\\\\\\";a:1:{s:6:\\\\\\\"active\\\\\\\";s:1:\\\\\\\"0\\\\\\\";}s:9:\\\\\\\"unlimited\\\\\\\";a:1:{s:6:\\\\\\\"active\\\\\\\";s:1:\\\\\\\"0\\\\\\\";}}\\\"],\\\"__wpdm_assign_role\\\":[\\\"\\\"],\\\"__wpdm_discount\\\":[\\\"a:8:{s:15:\\\\\\\"wpdmpp_customer\\\\\\\";s:0:\\\\\\\"\\\\\\\";s:12:\\\\\\\"wpseo_editor\\\\\\\";s:0:\\\\\\\"\\\\\\\";s:13:\\\\\\\"wpseo_manager\\\\\\\";s:0:\\\\\\\"\\\\\\\";s:10:\\\\\\\"subscriber\\\\\\\";s:0:\\\\\\\"\\\\\\\";s:11:\\\\\\\"contributor\\\\\\\";s:0:\\\\\\\"\\\\\\\";s:6:\\\\\\\"author\\\\\\\";s:0:\\\\\\\"\\\\\\\";s:6:\\\\\\\"editor\\\\\\\";s:0:\\\\\\\"\\\\\\\";s:13:\\\\\\\"administrator\\\\\\\";s:0:\\\\\\\"\\\\\\\";}\\\"],\\\"__wpdm_masterkey\\\":[\\\"DW1vYYdS35FCf_J8MKKxw7AADkMvkYY1ynrrIWMjjdbOnzSq1evLy6Hj0Hu6-Tc3RG7hFNQvCIWBzCDv_d7VpK193Ge1W_2uRHBT08OU3t0\\\"],\\\"_yoast_wpseo_primary_wpdmcategory\\\":[\\\"867\\\"],\\\"_yoast_wpseo_content_score\\\":[\\\"90\\\"],\\\"_yoast_wpseo_estimated-reading-time-minutes\\\":[\\\"0\\\"],\\\"_et_builder_dynamic_assets_loading_attr_threshold\\\":[\\\"3\\\"],\\\"__wpdm_package_size_b\\\":[\\\"97356\\\"]},{\\\"ID\\\":null,\\\"title\\\":null,\\\"description\\\":null,\\\"excerpt\\\":null,\\\"fileList\\\":{},\\\"post_status\\\":null,\\\"version\\\":null,\\\"publish_date\\\":null,\\\"publish_date_timestamp\\\":null,\\\"update_date\\\":null,\\\"update_date_timestamp\\\":null,\\\"avail_date\\\":null,\\\"expire_date\\\":null,\\\"link_label\\\":null,\\\"download_count\\\":null,\\\"view_count\\\":null,\\\"access\\\":null,\\\"author\\\":null,\\\"quota\\\":null,\\\"icon\\\":null,\\\"package_size\\\":null,\\\"package\\\":null,\\\"shortCodes\\\":{},\\\"packageData\\\":[],\\\"files\\\":null,\\\"restAPI\\\":null,\\\"templateDir\\\":\\\"\\\\\\\/var\\\\\\\/www\\\\\\\/vhosts\\\\\\\/filles-de-la-charite.org\\\\\\\/httpdocs\\\\\\\/wp-content\\\\\\\/plugins\\\\\\\/download-manager\\\\\\\/src\\\\\\\/Package\\\\\\\/views\\\\\\\/\\\",\\\"download_limit_per_user\\\":null}]},\\n{\\\"label\\\":\\\"Lettera del 27 novembre 2025 (Suor Fran\\\\u00e7oise Petit)\\\",\\\"link\\\":\\\"https:\\\\\\\/\\\\\\\/filles-de-la-charite.org\\\\\\\/it\\\\\\\/download\\\\\\\/lettera-del-27-novembre-2025-suor-francoise-petit\\\\\\\/\\\",\\\"lang\\\":\\\"it\\\",\\\"icon\\\":\\\"https:\\\\\\\/\\\\\\\/filles-de-la-charite.org\\\\\\\/wp-content\\\\\\\/plugins\\\\\\\/download-manager\\\\\\\/assets\\\\\\\/file-type-icons\\\\\\\/pdf.svg\\\",\\\"file\\\":\\\"\\\",\\\"url\\\":\\\"\\\",\\\"size\\\":\\\"114.09 KB\\\",\\\"download\\\":\\\"https:\\\\\\\/\\\\\\\/filles-de-la-charite.org\\\\\\\/it\\\\\\\/download\\\\\\\/lettera-del-27-novembre-2025-suor-francoise-petit\\\\\\\/?wpdmdl=47955&refresh=69f347e59cf271777551333\\\",\\\"proxy\\\":\\\"https:\\\\\\\/\\\\\\\/filles-de-la-charite.org\\\\\\\/wp-admin\\\\\\\/admin-ajax.php?action=file_view&post_id=47955\\\",\\\"mimeType\\\":\\\"pdf\\\",\\\"content\\\":\\\"COMPAGNIE DES FILLES DE LA CHARIT\\\\u00c9 DE SAINT VINCENT DE PAUL\\\\n\\\\n 140, RUE DU BAC 75340 PARIS Cedex 07\\\\n\\\\n T\\\\u00e9l : 33 149 54 78 78\\\\n\\\\n Fax : 33 149 54 78 19 E-mail : secretairegene@cfdlc.org\\\\n\\\\nCare Sorelle, Parigi, 27 novembre 2025 La grazia di nostro Signore Ges\\\\u00f9 Cristo sia sempre con noi!\\\\n\\\\nTutta la Compagnia \\\\u00e8 in festa, ma non solo lei! Tante persone conoscono la Medaglia, la vita di santa Caterina e le Comunit\\\\u00e0 delle Figlie della Carit\\\\u00e0 in tutti i Paesi in cui la Compagnia \\\\u00e8 presente. Queste tre giornate di celebrazione e di gioia condivisa, esprimono la comunione e ci\\\\u00f2 che ci unisce: la carit\\\\u00e0 di Ges\\\\u00f9 Cristo.\\\\n\\\\nIn effetti, questi tre giorni hanno ciascuno il proprio carattere, ma sono uniti dalla carit\\\\u00e0. \\\\u00c8 questo che possiamo celebrare e vivere insieme, nella Chiesa e con tutti gli alt\\\",\\\"tags\\\":[\\\"Suor Fran\\\\u00e7oise Petit\\\",\\\"Testi dei Superiori\\\"],\\\"debug\\\":[{\\\"_edit_lock\\\":[\\\"1764174513:5\\\"],\\\"_edit_last\\\":[\\\"5\\\"],\\\"_alp_processed\\\":[\\\"1767373494\\\"],\\\"copied_media_ids\\\":[\\\"a:0:{}\\\"],\\\"referenced_media_ids\\\":[\\\"a:0:{}\\\"],\\\"_wpml_word_count\\\":[\\\"1300\\\"],\\\"_wpml_location_migration_done\\\":[\\\"1\\\"],\\\"__wpdm_package_dir\\\":[\\\"\\\"],\\\"__wpdm_publish_date\\\":[\\\"\\\"],\\\"__wpdm_expire_date\\\":[\\\"\\\"],\\\"__wpdm_files\\\":[\\\"a:1:{i:1764174399928;s:59:\\\\\\\"Lettera del 27 novembre 2025 (Suor Fran\\\\u00e7oise Petit)_IT.pdf\\\\\\\";}\\\"],\\\"__wpdm_fileinfo\\\":[\\\"a:1:{i:1764174399928;a:4:{s:5:\\\\\\\"title\\\\\\\";s:59:\\\\\\\"Lettera del 27 novembre 2025 (Suor Fran\\\\u00e7oise Petit)_IT.pdf\\\\\\\";s:8:\\\\\\\"password\\\\\\\";s:0:\\\\\\\"\\\\\\\";s:13:\\\\\\\"license_price\\\\\\\";a:3:{s:6:\\\\\\\"single\\\\\\\";s:0:\\\\\\\"\\\\\\\";s:8:\\\\\\\"extended\\\\\\\";s:0:\\\\\\\"\\\\\\\";s:9:\\\\\\\"unlimited\\\\\\\";s:0:\\\\\\\"\\\\\\\";}s:5:\\\\\\\"price\\\\\\\";s:0:\\\\\\\"\\\\\\\";}}\\\"],\\\"__wpdm_version\\\":[\\\"\\\"],\\\"__wpdm_link_label\\\":[\\\"\\\"],\\\"__wpdm_quota\\\":[\\\"\\\"],\\\"__wpdm_download_limit_per_user\\\":[\\\"0\\\"],\\\"__wpdm_view_count\\\":[\\\"\\\"],\\\"__wpdm_download_count\\\":[\\\"\\\"],\\\"__wpdm_package_size\\\":[\\\"114.09 KB\\\"],\\\"__wpdm_access\\\":[\\\"a:1:{i:0;s:5:\\\\\\\"guest\\\\\\\";}\\\"],\\\"__wpdm_individual_file_download\\\":[\\\"-1\\\"],\\\"__wpdm_cache_zip\\\":[\\\"-1\\\"],\\\"__wpdm_template\\\":[\\\"link-template-default.php\\\"],\\\"__wpdm_page_template\\\":[\\\"sjd_single\\\"],\\\"__wpdm_terms_page\\\":[\\\"\\\"],\\\"__wpdm_terms_title\\\":[\\\"\\\"],\\\"__wpdm_terms_conditions\\\":[\\\"\\\"],\\\"__wpdm_terms_check_label\\\":[\\\"\\\"],\\\"__wpdm_password\\\":[\\\"\\\"],\\\"__wpdm_password_usage_limit\\\":[\\\"0\\\"],\\\"__wpdm_linkedin_message\\\":[\\\"\\\"],\\\"__wpdm_linkedin_url\\\":[\\\"\\\"],\\\"__wpdm_tweet_message\\\":[\\\"\\\"],\\\"__wpdm_gc_scopes_contacts\\\":[\\\"0\\\"],\\\"__wpdm_twitter_handle\\\":[\\\"\\\"],\\\"__wpdm_facebook_like\\\":[\\\"\\\"],\\\"__wpdm_email_lock_title\\\":[\\\"Subscribe To Download\\\"],\\\"__wpdm_email_lock_idl\\\":[\\\"0\\\"],\\\"__wpdm_email_lock_msg\\\":[\\\"\\\"],\\\"__wpdm_icon\\\":[\\\"https:\\\\\\\/\\\\\\\/filles-de-la-charite.org\\\\\\\/wp-content\\\\\\\/plugins\\\\\\\/download-manager\\\\\\\/assets\\\\\\\/file-type-icons\\\\\\\/pdf.svg\\\"],\\\"__wpdm_product_code\\\":[\\\"\\\"],\\\"__wpdm_base_price\\\":[\\\"0.00\\\"],\\\"__wpdm_sales_price\\\":[\\\"0.00\\\"],\\\"__wpdm_sales_price_expire\\\":[\\\"\\\"],\\\"__wpdm_pay_as_you_want\\\":[\\\"0\\\"],\\\"__wpdm_license\\\":[\\\"a:3:{s:6:\\\\\\\"single\\\\\\\";a:1:{s:6:\\\\\\\"active\\\\\\\";s:1:\\\\\\\"1\\\\\\\";}s:8:\\\\\\\"extended\\\\\\\";a:1:{s:6:\\\\\\\"active\\\\\\\";s:1:\\\\\\\"0\\\\\\\";}s:9:\\\\\\\"unlimited\\\\\\\";a:1:{s:6:\\\\\\\"active\\\\\\\";s:1:\\\\\\\"0\\\\\\\";}}\\\"],\\\"__wpdm_assign_role\\\":[\\\"\\\"],\\\"__wpdm_discount\\\":[\\\"a:8:{s:15:\\\\\\\"wpdmpp_customer\\\\\\\";s:0:\\\\\\\"\\\\\\\";s:12:\\\\\\\"wpseo_editor\\\\\\\";s:0:\\\\\\\"\\\\\\\";s:13:\\\\\\\"wpseo_manager\\\\\\\";s:0:\\\\\\\"\\\\\\\";s:10:\\\\\\\"subscriber\\\\\\\";s:0:\\\\\\\"\\\\\\\";s:11:\\\\\\\"contributor\\\\\\\";s:0:\\\\\\\"\\\\\\\";s:6:\\\\\\\"author\\\\\\\";s:0:\\\\\\\"\\\\\\\";s:6:\\\\\\\"editor\\\\\\\";s:0:\\\\\\\"\\\\\\\";s:13:\\\\\\\"administrator\\\\\\\";s:0:\\\\\\\"\\\\\\\";}\\\"],\\\"__wpdm_masterkey\\\":[\\\"jBkvWFEdIoIysMd7mqTWI4iohClQtGeB42WJKiGVKB0h3RskgnBCio_IOqOF_FryQx7c_9JulLc6nvxYZq5Jgibkq52G6op_Q7o03BljCcE\\\"],\\\"_yoast_wpseo_primary_wpdmcategory\\\":[\\\"861\\\"],\\\"_yoast_wpseo_content_score\\\":[\\\"90\\\"],\\\"_yoast_wpseo_estimated-reading-time-minutes\\\":[\\\"0\\\"],\\\"_et_builder_dynamic_assets_loading_attr_threshold\\\":[\\\"3\\\"],\\\"__wpdm_package_size_b\\\":[\\\"116828\\\"]},{\\\"ID\\\":null,\\\"title\\\":null,\\\"description\\\":null,\\\"excerpt\\\":null,\\\"fileList\\\":{},\\\"post_status\\\":null,\\\"version\\\":null,\\\"publish_date\\\":null,\\\"publish_date_timestamp\\\":null,\\\"update_date\\\":null,\\\"update_date_timestamp\\\":null,\\\"avail_date\\\":null,\\\"expire_date\\\":null,\\\"link_label\\\":null,\\\"download_count\\\":null,\\\"view_count\\\":null,\\\"access\\\":null,\\\"author\\\":null,\\\"quota\\\":null,\\\"icon\\\":null,\\\"package_size\\\":null,\\\"package\\\":null,\\\"shortCodes\\\":{},\\\"packageData\\\":[],\\\"files\\\":null,\\\"restAPI\\\":null,\\\"templateDir\\\":\\\"\\\\\\\/var\\\\\\\/www\\\\\\\/vhosts\\\\\\\/filles-de-la-charite.org\\\\\\\/httpdocs\\\\\\\/wp-content\\\\\\\/plugins\\\\\\\/download-manager\\\\\\\/src\\\\\\\/Package\\\\\\\/views\\\\\\\/\\\",\\\"download_limit_per_user\\\":null}]},\\n{\\\"label\\\":\\\"echo 2025 4 IT\\\",\\\"link\\\":\\\"https:\\\\\\\/\\\\\\\/filles-de-la-charite.org\\\\\\\/it\\\\\\\/download\\\\\\\/echo-2025-4-it\\\\\\\/\\\",\\\"lang\\\":\\\"it\\\",\\\"icon\\\":\\\"https:\\\\\\\/\\\\\\\/filles-de-la-charite.org\\\\\\\/wp-content\\\\\\\/plugins\\\\\\\/download-manager\\\\\\\/assets\\\\\\\/file-type-icons\\\\\\\/pdf.svg\\\",\\\"file\\\":\\\"\\\",\\\"url\\\":\\\"\\\",\\\"size\\\":\\\"1.08 MB\\\",\\\"download\\\":\\\"https:\\\\\\\/\\\\\\\/filles-de-la-charite.org\\\\\\\/it\\\\\\\/download\\\\\\\/echo-2025-4-it\\\\\\\/?wpdmdl=47527&refresh=69f347e59da3e1777551333\\\",\\\"proxy\\\":\\\"https:\\\\\\\/\\\\\\\/filles-de-la-charite.org\\\\\\\/wp-admin\\\\\\\/admin-ajax.php?action=file_view&post_id=47527\\\",\\\"mimeType\\\":\\\"pdf\\\",\\\"content\\\":\\\"Bollettino bimestrale delle Figlie della Carit\\\\u00e0 di S. Vincenzo De Paoli\\\\n\\\\n Incontri con\\\\u2026 Echi della Compagnia \\\\u2013 Poste Italiane spa. \\\\u2013 Sped. Abb. Post. DL 353\\\\\\\/2003 (conv. in L. 27\\\\\\\/02\\\\\\\/2004 n. 46) art. 1, comma 1, DCB TO n. 3\\\\\\\/2025 - Ed. ALZANI & C. s.a.s. - Pinerolo Via Grandi 5 - Tel. 0121322657 - Stampa: Alzani Tipografia - Autorizzazione Tribunale di Pinerolo n. 4\\\\\\\/96 del 7\\\\\\\/6\\\\\\\/1996\\\\n\\\\n RINNOVARSI, VARCARE, CAMMINARE INSIEME EcdellahiCompagnia\\\\n\\\\nN\\\\u00b0 4 - 2025 \\\\n\\\\n Giubileo 2025 Maria, risplende come icona di speranza Pellegrini di speranza per i suoi figli.\\\\n\\\\n 1 - LA PAROLA DEI SUPERIORI La Madre di Dio ci \\\\u00e8 data come un segno di Risurrezione... 194 Lettera del 15 agosto 2025 Suor Fran\\\\u00e7oise Petit, Superiora generale Maria era presente ai piedi della Croce 199 Nomina di Suor Fran\\\\u00e7oise Petit \\\",\\\"tags\\\":[\\\"Echi\\\"],\\\"debug\\\":[{\\\"_edit_lock\\\":[\\\"1761876490:18\\\"],\\\"_edit_last\\\":[\\\"18\\\"],\\\"_alp_processed\\\":[\\\"1761958685\\\"],\\\"copied_media_ids\\\":[\\\"a:0:{}\\\"],\\\"referenced_media_ids\\\":[\\\"a:0:{}\\\"],\\\"_wpml_word_count\\\":[\\\"24010\\\"],\\\"_wpml_location_migration_done\\\":[\\\"1\\\"],\\\"__wpdm_package_dir\\\":[\\\"\\\"],\\\"__wpdm_publish_date\\\":[\\\"\\\"],\\\"__wpdm_expire_date\\\":[\\\"\\\"],\\\"__wpdm_files\\\":[\\\"a:1:{i:1761876574675;s:34:\\\\\\\"1761876597wpdm_Echo 2025 04 IT.pdf\\\\\\\";}\\\"],\\\"__wpdm_fileinfo\\\":[\\\"a:1:{i:1761876574675;a:4:{s:5:\\\\\\\"title\\\\\\\";s:19:\\\\\\\"Echo 2025 04 IT.pdf\\\\\\\";s:8:\\\\\\\"password\\\\\\\";s:0:\\\\\\\"\\\\\\\";s:13:\\\\\\\"license_price\\\\\\\";a:3:{s:6:\\\\\\\"single\\\\\\\";s:0:\\\\\\\"\\\\\\\";s:8:\\\\\\\"extended\\\\\\\";s:0:\\\\\\\"\\\\\\\";s:9:\\\\\\\"unlimited\\\\\\\";s:0:\\\\\\\"\\\\\\\";}s:5:\\\\\\\"price\\\\\\\";s:0:\\\\\\\"\\\\\\\";}}\\\"],\\\"__wpdm_version\\\":[\\\"\\\"],\\\"__wpdm_link_label\\\":[\\\"\\\"],\\\"__wpdm_quota\\\":[\\\"\\\"],\\\"__wpdm_download_limit_per_user\\\":[\\\"0\\\"],\\\"__wpdm_view_count\\\":[\\\"\\\"],\\\"__wpdm_download_count\\\":[\\\"3\\\"],\\\"__wpdm_package_size\\\":[\\\"1.08 MB\\\"],\\\"__wpdm_access\\\":[\\\"a:1:{i:0;s:5:\\\\\\\"guest\\\\\\\";}\\\"],\\\"__wpdm_individual_file_download\\\":[\\\"-1\\\"],\\\"__wpdm_cache_zip\\\":[\\\"-1\\\"],\\\"__wpdm_template\\\":[\\\"link-template-default.php\\\"],\\\"__wpdm_page_template\\\":[\\\"sjd_single\\\"],\\\"__wpdm_terms_page\\\":[\\\"\\\"],\\\"__wpdm_terms_title\\\":[\\\"\\\"],\\\"__wpdm_terms_conditions\\\":[\\\"\\\"],\\\"__wpdm_terms_check_label\\\":[\\\"\\\"],\\\"__wpdm_password\\\":[\\\"\\\"],\\\"__wpdm_password_usage_limit\\\":[\\\"0\\\"],\\\"__wpdm_linkedin_message\\\":[\\\"\\\"],\\\"__wpdm_linkedin_url\\\":[\\\"\\\"],\\\"__wpdm_tweet_message\\\":[\\\"\\\"],\\\"__wpdm_gc_scopes_contacts\\\":[\\\"0\\\"],\\\"__wpdm_twitter_handle\\\":[\\\"\\\"],\\\"__wpdm_facebook_like\\\":[\\\"\\\"],\\\"__wpdm_email_lock_title\\\":[\\\"Subscribe To Download\\\"],\\\"__wpdm_email_lock_idl\\\":[\\\"0\\\"],\\\"__wpdm_email_lock_msg\\\":[\\\"\\\"],\\\"__wpdm_icon\\\":[\\\"https:\\\\\\\/\\\\\\\/filles-de-la-charite.org\\\\\\\/wp-content\\\\\\\/plugins\\\\\\\/download-manager\\\\\\\/assets\\\\\\\/file-type-icons\\\\\\\/pdf.svg\\\"],\\\"__wpdm_product_code\\\":[\\\"\\\"],\\\"__wpdm_base_price\\\":[\\\"0.00\\\"],\\\"__wpdm_sales_price\\\":[\\\"0.00\\\"],\\\"__wpdm_sales_price_expire\\\":[\\\"\\\"],\\\"__wpdm_pay_as_you_want\\\":[\\\"0\\\"],\\\"__wpdm_license\\\":[\\\"a:3:{s:6:\\\\\\\"single\\\\\\\";a:1:{s:6:\\\\\\\"active\\\\\\\";s:1:\\\\\\\"1\\\\\\\";}s:8:\\\\\\\"extended\\\\\\\";a:1:{s:6:\\\\\\\"active\\\\\\\";s:1:\\\\\\\"0\\\\\\\";}s:9:\\\\\\\"unlimited\\\\\\\";a:1:{s:6:\\\\\\\"active\\\\\\\";s:1:\\\\\\\"0\\\\\\\";}}\\\"],\\\"__wpdm_assign_role\\\":[\\\"\\\"],\\\"__wpdm_discount\\\":[\\\"a:8:{s:15:\\\\\\\"wpdmpp_customer\\\\\\\";s:0:\\\\\\\"\\\\\\\";s:12:\\\\\\\"wpseo_editor\\\\\\\";s:0:\\\\\\\"\\\\\\\";s:13:\\\\\\\"wpseo_manager\\\\\\\";s:0:\\\\\\\"\\\\\\\";s:10:\\\\\\\"subscriber\\\\\\\";s:0:\\\\\\\"\\\\\\\";s:11:\\\\\\\"contributor\\\\\\\";s:0:\\\\\\\"\\\\\\\";s:6:\\\\\\\"author\\\\\\\";s:0:\\\\\\\"\\\\\\\";s:6:\\\\\\\"editor\\\\\\\";s:0:\\\\\\\"\\\\\\\";s:13:\\\\\\\"administrator\\\\\\\";s:0:\\\\\\\"\\\\\\\";}\\\"],\\\"__wpdm_masterkey\\\":[\\\"dxgE2zUNMrjTOKo9pUKGhqmFLZvy7XgsfBFLmjOeAKewOAfuACz-GHIWGg3tHfuY5gX4PA_WNQTbzePvDGQKoqgv5SiNWs8Ba6PmnOlxJr0\\\"],\\\"_yoast_wpseo_primary_wpdmcategory\\\":[\\\"247\\\"],\\\"_yoast_wpseo_content_score\\\":[\\\"90\\\"],\\\"_yoast_wpseo_estimated-reading-time-minutes\\\":[\\\"0\\\"],\\\"_et_builder_dynamic_assets_loading_attr_threshold\\\":[\\\"3\\\"],\\\"__wpdm_package_size_b\\\":[\\\"1133481\\\"]},{\\\"ID\\\":null,\\\"title\\\":null,\\\"description\\\":null,\\\"excerpt\\\":null,\\\"fileList\\\":{},\\\"post_status\\\":null,\\\"version\\\":null,\\\"publish_date\\\":null,\\\"publish_date_timestamp\\\":null,\\\"update_date\\\":null,\\\"update_date_timestamp\\\":null,\\\"avail_date\\\":null,\\\"expire_date\\\":null,\\\"link_label\\\":null,\\\"download_count\\\":null,\\\"view_count\\\":null,\\\"access\\\":null,\\\"author\\\":null,\\\"quota\\\":null,\\\"icon\\\":null,\\\"package_size\\\":null,\\\"package\\\":null,\\\"shortCodes\\\":{},\\\"packageData\\\":[],\\\"files\\\":null,\\\"restAPI\\\":null,\\\"templateDir\\\":\\\"\\\\\\\/var\\\\\\\/www\\\\\\\/vhosts\\\\\\\/filles-de-la-charite.org\\\\\\\/httpdocs\\\\\\\/wp-content\\\\\\\/plugins\\\\\\\/download-manager\\\\\\\/src\\\\\\\/Package\\\\\\\/views\\\\\\\/\\\",\\\"download_limit_per_user\\\":null}]},\\n{\\\"label\\\":\\\"echo 2025 03 IT\\\",\\\"link\\\":\\\"https:\\\\\\\/\\\\\\\/filles-de-la-charite.org\\\\\\\/it\\\\\\\/download\\\\\\\/echo-2025-03-it\\\\\\\/\\\",\\\"lang\\\":\\\"it\\\",\\\"icon\\\":\\\"https:\\\\\\\/\\\\\\\/filles-de-la-charite.org\\\\\\\/wp-content\\\\\\\/plugins\\\\\\\/download-manager\\\\\\\/assets\\\\\\\/file-type-icons\\\\\\\/pdf.svg\\\",\\\"file\\\":\\\"\\\",\\\"url\\\":\\\"\\\",\\\"size\\\":\\\"1,007.65 KB\\\",\\\"download\\\":\\\"https:\\\\\\\/\\\\\\\/filles-de-la-charite.org\\\\\\\/it\\\\\\\/download\\\\\\\/echo-2025-03-it\\\\\\\/?wpdmdl=47526&refresh=69f347e59e67b1777551333\\\",\\\"proxy\\\":\\\"https:\\\\\\\/\\\\\\\/filles-de-la-charite.org\\\\\\\/wp-admin\\\\\\\/admin-ajax.php?action=file_view&post_id=47526\\\",\\\"mimeType\\\":\\\"pdf\\\",\\\"content\\\":\\\"Bollettino bimestrale delle Figlie della Carit\\\\u00e0 di S. Vincenzo De Paoli\\\\n\\\\n Incontri con\\\\u2026 Echi della Compagnia \\\\u2013 Poste Italiane spa. \\\\u2013 Sped. Abb. Post. DL 353\\\\\\\/2003 (conv. in L. 27\\\\\\\/02\\\\\\\/2004 n. 46) art. 1, comma 1, DCB TO n. 3\\\\\\\/2025 - Ed. ALZANI & C. s.a.s. - Pinerolo Via Grandi 5 - Tel. 0121322657 - Stampa: Alzani Tipografia - Autorizzazione Tribunale di Pinerolo n. 4\\\\\\\/96 del 7\\\\\\\/6\\\\\\\/1996\\\\n\\\\n RINNOVARSI, VARCARE, CON I FONDATORI EcdellahiCompagnia\\\\n\\\\nN\\\\u00b0 3 - 2025 \\\\n\\\\n Giubileo 2025 Consideriamo la nostra esistenza come un cammino Pellegrini di speranza alla sequela di Ges\\\\u00f9 con Maria\\\\n\\\\n 1 - VITA DELLA CHIESA Chiediamo al Signore di saperlo lodare ogni giorno, 130 Elezione di Papa Leone XIV l'8 maggio 2025 \\\\u00abcon la vita e con la lingua, 2 - LA PAROLA DEI SUPERIORI col cuore e con le labbra, con la vo\\\",\\\"tags\\\":[\\\"Echi\\\"],\\\"debug\\\":[{\\\"_edit_lock\\\":[\\\"1761876002:18\\\"],\\\"_edit_last\\\":[\\\"18\\\"],\\\"__wpdm_package_dir\\\":[\\\"\\\"],\\\"__wpdm_publish_date\\\":[\\\"\\\"],\\\"__wpdm_expire_date\\\":[\\\"\\\"],\\\"__wpdm_files\\\":[\\\"a:1:{i:1761875839529;s:35:\\\\\\\"1761875859wpdm_Echo 2025 03 IT..pdf\\\\\\\";}\\\"],\\\"__wpdm_fileinfo\\\":[\\\"a:1:{i:1761875839529;a:4:{s:5:\\\\\\\"title\\\\\\\";s:20:\\\\\\\"Echo 2025 03 IT..pdf\\\\\\\";s:8:\\\\\\\"password\\\\\\\";s:0:\\\\\\\"\\\\\\\";s:13:\\\\\\\"license_price\\\\\\\";a:3:{s:6:\\\\\\\"single\\\\\\\";s:0:\\\\\\\"\\\\\\\";s:8:\\\\\\\"extended\\\\\\\";s:0:\\\\\\\"\\\\\\\";s:9:\\\\\\\"unlimited\\\\\\\";s:0:\\\\\\\"\\\\\\\";}s:5:\\\\\\\"price\\\\\\\";s:0:\\\\\\\"\\\\\\\";}}\\\"],\\\"__wpdm_version\\\":[\\\"\\\"],\\\"__wpdm_link_label\\\":[\\\"\\\"],\\\"__wpdm_quota\\\":[\\\"\\\"],\\\"__wpdm_download_limit_per_user\\\":[\\\"0\\\"],\\\"__wpdm_view_count\\\":[\\\"1\\\"],\\\"__wpdm_download_count\\\":[\\\"13\\\"],\\\"__wpdm_package_size\\\":[\\\"1,007.65 KB\\\"],\\\"__wpdm_access\\\":[\\\"a:1:{i:0;s:5:\\\\\\\"guest\\\\\\\";}\\\"],\\\"__wpdm_individual_file_download\\\":[\\\"-1\\\"],\\\"__wpdm_cache_zip\\\":[\\\"-1\\\"],\\\"__wpdm_template\\\":[\\\"link-template-default.php\\\"],\\\"__wpdm_page_template\\\":[\\\"sjd_single\\\"],\\\"__wpdm_terms_page\\\":[\\\"\\\"],\\\"__wpdm_terms_title\\\":[\\\"\\\"],\\\"__wpdm_terms_conditions\\\":[\\\"\\\"],\\\"__wpdm_terms_check_label\\\":[\\\"\\\"],\\\"__wpdm_password\\\":[\\\"\\\"],\\\"__wpdm_password_usage_limit\\\":[\\\"0\\\"],\\\"__wpdm_linkedin_message\\\":[\\\"\\\"],\\\"__wpdm_linkedin_url\\\":[\\\"\\\"],\\\"__wpdm_tweet_message\\\":[\\\"\\\"],\\\"__wpdm_gc_scopes_contacts\\\":[\\\"0\\\"],\\\"__wpdm_twitter_handle\\\":[\\\"\\\"],\\\"__wpdm_facebook_like\\\":[\\\"\\\"],\\\"__wpdm_email_lock_title\\\":[\\\"Subscribe To Download\\\"],\\\"__wpdm_email_lock_idl\\\":[\\\"0\\\"],\\\"__wpdm_email_lock_msg\\\":[\\\"\\\"],\\\"__wpdm_icon\\\":[\\\"https:\\\\\\\/\\\\\\\/filles-de-la-charite.org\\\\\\\/wp-content\\\\\\\/plugins\\\\\\\/download-manager\\\\\\\/assets\\\\\\\/file-type-icons\\\\\\\/pdf.svg\\\"],\\\"__wpdm_product_code\\\":[\\\"\\\"],\\\"__wpdm_base_price\\\":[\\\"0.00\\\"],\\\"__wpdm_sales_price\\\":[\\\"0.00\\\"],\\\"__wpdm_sales_price_expire\\\":[\\\"\\\"],\\\"__wpdm_pay_as_you_want\\\":[\\\"0\\\"],\\\"__wpdm_license\\\":[\\\"a:3:{s:6:\\\\\\\"single\\\\\\\";a:1:{s:6:\\\\\\\"active\\\\\\\";s:1:\\\\\\\"1\\\\\\\";}s:8:\\\\\\\"extended\\\\\\\";a:1:{s:6:\\\\\\\"active\\\\\\\";s:1:\\\\\\\"0\\\\\\\";}s:9:\\\\\\\"unlimited\\\\\\\";a:1:{s:6:\\\\\\\"active\\\\\\\";s:1:\\\\\\\"0\\\\\\\";}}\\\"],\\\"__wpdm_assign_role\\\":[\\\"\\\"],\\\"__wpdm_discount\\\":[\\\"a:8:{s:15:\\\\\\\"wpdmpp_customer\\\\\\\";s:0:\\\\\\\"\\\\\\\";s:12:\\\\\\\"wpseo_editor\\\\\\\";s:0:\\\\\\\"\\\\\\\";s:13:\\\\\\\"wpseo_manager\\\\\\\";s:0:\\\\\\\"\\\\\\\";s:10:\\\\\\\"subscriber\\\\\\\";s:0:\\\\\\\"\\\\\\\";s:11:\\\\\\\"contributor\\\\\\\";s:0:\\\\\\\"\\\\\\\";s:6:\\\\\\\"author\\\\\\\";s:0:\\\\\\\"\\\\\\\";s:6:\\\\\\\"editor\\\\\\\";s:0:\\\\\\\"\\\\\\\";s:13:\\\\\\\"administrator\\\\\\\";s:0:\\\\\\\"\\\\\\\";}\\\"],\\\"__wpdm_masterkey\\\":[\\\"Wy2GNs5rMDCIn2F7wQoQgKqWUQLVJ3FceAH-ouQaOSJa5hT2lZHbl69gqNUK_dXpTQL6QkPQOWzlKMX251bgR0MtEtIWIvr3_olsyWpF4Qs\\\"],\\\"_alp_processed\\\":[\\\"1761877136\\\"],\\\"_yoast_wpseo_primary_wpdmcategory\\\":[\\\"247\\\"],\\\"_yoast_wpseo_content_score\\\":[\\\"90\\\"],\\\"_yoast_wpseo_estimated-reading-time-minutes\\\":[\\\"0\\\"],\\\"copied_media_ids\\\":[\\\"a:0:{}\\\"],\\\"referenced_media_ids\\\":[\\\"a:0:{}\\\"],\\\"_wpml_word_count\\\":[\\\"19720\\\"],\\\"_wpml_location_migration_done\\\":[\\\"1\\\"],\\\"_et_builder_dynamic_assets_loading_attr_threshold\\\":[\\\"3\\\"],\\\"__wpdm_package_size_b\\\":[\\\"1031834\\\"],\\\"_divi_dynamic_assets_cached_modules\\\":[\\\"a:2:{s:6:\\\\\\\"blocks\\\\\\\";a:0:{}s:10:\\\\\\\"shortcodes\\\\\\\";a:6:{i:0;s:13:\\\\\\\"et_pb_section\\\\\\\";i:1;s:9:\\\\\\\"et_pb_row\\\\\\\";i:2;s:12:\\\\\\\"et_pb_column\\\\\\\";i:3;s:11:\\\\\\\"et_pb_image\\\\\\\";i:4;s:10:\\\\\\\"et_pb_menu\\\\\\\";i:5;s:10:\\\\\\\"et_pb_text\\\\\\\";}}\\\"],\\\"_divi_dynamic_assets_canvases_used\\\":[\\\"a:5:{s:17:\\\\\\\"canvas_portal_ids\\\\\\\";a:0:{}s:14:\\\\\\\"appended_above\\\\\\\";a:0:{}s:14:\\\\\\\"appended_below\\\\\\\";a:0:{}s:19:\\\\\\\"interaction_targets\\\\\\\";a:0:{}s:19:\\\\\\\"all_canvas_metadata\\\\\\\";a:0:{}}\\\"]},{\\\"ID\\\":null,\\\"title\\\":null,\\\"description\\\":null,\\\"excerpt\\\":null,\\\"fileList\\\":{},\\\"post_status\\\":null,\\\"version\\\":null,\\\"publish_date\\\":null,\\\"publish_date_timestamp\\\":null,\\\"update_date\\\":null,\\\"update_date_timestamp\\\":null,\\\"avail_date\\\":null,\\\"expire_date\\\":null,\\\"link_label\\\":null,\\\"download_count\\\":null,\\\"view_count\\\":null,\\\"access\\\":null,\\\"author\\\":null,\\\"quota\\\":null,\\\"icon\\\":null,\\\"package_size\\\":null,\\\"package\\\":null,\\\"shortCodes\\\":{},\\\"packageData\\\":[],\\\"files\\\":null,\\\"restAPI\\\":null,\\\"templateDir\\\":\\\"\\\\\\\/var\\\\\\\/www\\\\\\\/vhosts\\\\\\\/filles-de-la-charite.org\\\\\\\/httpdocs\\\\\\\/wp-content\\\\\\\/plugins\\\\\\\/download-manager\\\\\\\/src\\\\\\\/Package\\\\\\\/views\\\\\\\/\\\",\\\"download_limit_per_user\\\":null}]},\\n{\\\"label\\\":\\\"echo 2025 02 IT\\\",\\\"link\\\":\\\"https:\\\\\\\/\\\\\\\/filles-de-la-charite.org\\\\\\\/it\\\\\\\/download\\\\\\\/echo-2025-02-it\\\\\\\/\\\",\\\"lang\\\":\\\"it\\\",\\\"icon\\\":\\\"https:\\\\\\\/\\\\\\\/filles-de-la-charite.org\\\\\\\/wp-content\\\\\\\/plugins\\\\\\\/download-manager\\\\\\\/assets\\\\\\\/file-type-icons\\\\\\\/pdf.svg\\\",\\\"file\\\":\\\"\\\",\\\"url\\\":\\\"\\\",\\\"size\\\":\\\"871.30 KB\\\",\\\"download\\\":\\\"https:\\\\\\\/\\\\\\\/filles-de-la-charite.org\\\\\\\/it\\\\\\\/download\\\\\\\/echo-2025-02-it\\\\\\\/?wpdmdl=47525&refresh=69f347e59f1f21777551333\\\",\\\"proxy\\\":\\\"https:\\\\\\\/\\\\\\\/filles-de-la-charite.org\\\\\\\/wp-admin\\\\\\\/admin-ajax.php?action=file_view&post_id=47525\\\",\\\"mimeType\\\":\\\"pdf\\\",\\\"content\\\":\\\"Bollettino bimestrale delle Figlie della Carit\\\\u00e0 di S. Vincenzo De Paoli\\\\n\\\\n Incontri con\\\\u2026 Echi della Compagnia \\\\u2013 Poste Italiane spa. \\\\u2013 Sped. Abb. Post. DL 353\\\\\\\/2003 (conv. in L. 27\\\\\\\/02\\\\\\\/2004 n. 46) art. 1, comma 1, DCB TO n. 2\\\\\\\/2025 - Ed. ALZANI & C. s.a.s. - Pinerolo Via Grandi 5 - Tel. 0121322657 - Stampa: Alzani Tipografia - Autorizzazione Tribunale di Pinerolo n. 4\\\\\\\/96 del 7\\\\\\\/6\\\\\\\/1996\\\\n\\\\n RINNOVARSI, CAMMINARE INSIEME EcdellahiCompagnia\\\\n\\\\nN\\\\u00b0 2 - 2025 \\\\n\\\\n Giubileo 2025 A Dio, caro papa Francesco!\\\\n\\\\n Pellegrini di Il 21 aprile 2025, luned\\\\u00ec di Pasqua, speranza Papa Francesco \\\\u00e8 morto\\\\n\\\\n 1 - LA PAROLA DEI SUPERIORI nel suo appartamento della residenza Santa Marta. Il giorno prima, nonostante la sua evidente stanchezza, 66 Lettera di Quaresima 2025 Padre Tomaz Mavric, Superiore generale Il Santo P\\\",\\\"tags\\\":[\\\"Echi\\\"],\\\"debug\\\":[{\\\"_edit_lock\\\":[\\\"1761875805:18\\\"],\\\"_edit_last\\\":[\\\"18\\\"],\\\"_alp_processed\\\":[\\\"1761958207\\\"],\\\"copied_media_ids\\\":[\\\"a:0:{}\\\"],\\\"referenced_media_ids\\\":[\\\"a:0:{}\\\"],\\\"_wpml_word_count\\\":[\\\"21085\\\"],\\\"_wpml_location_migration_done\\\":[\\\"1\\\"],\\\"__wpdm_package_dir\\\":[\\\"\\\"],\\\"__wpdm_publish_date\\\":[\\\"\\\"],\\\"__wpdm_expire_date\\\":[\\\"\\\"],\\\"__wpdm_files\\\":[\\\"a:1:{i:1761875712593;s:34:\\\\\\\"1761875735wpdm_Echo 2025 02 IT.pdf\\\\\\\";}\\\"],\\\"__wpdm_fileinfo\\\":[\\\"a:1:{i:1761875712593;a:4:{s:5:\\\\\\\"title\\\\\\\";s:19:\\\\\\\"Echo 2025 02 IT.pdf\\\\\\\";s:8:\\\\\\\"password\\\\\\\";s:0:\\\\\\\"\\\\\\\";s:13:\\\\\\\"license_price\\\\\\\";a:3:{s:6:\\\\\\\"single\\\\\\\";s:0:\\\\\\\"\\\\\\\";s:8:\\\\\\\"extended\\\\\\\";s:0:\\\\\\\"\\\\\\\";s:9:\\\\\\\"unlimited\\\\\\\";s:0:\\\\\\\"\\\\\\\";}s:5:\\\\\\\"price\\\\\\\";s:0:\\\\\\\"\\\\\\\";}}\\\"],\\\"__wpdm_version\\\":[\\\"\\\"],\\\"__wpdm_link_label\\\":[\\\"\\\"],\\\"__wpdm_quota\\\":[\\\"\\\"],\\\"__wpdm_download_limit_per_user\\\":[\\\"0\\\"],\\\"__wpdm_view_count\\\":[\\\"\\\"],\\\"__wpdm_download_count\\\":[\\\"2\\\"],\\\"__wpdm_package_size\\\":[\\\"871.30 KB\\\"],\\\"__wpdm_access\\\":[\\\"a:1:{i:0;s:5:\\\\\\\"guest\\\\\\\";}\\\"],\\\"__wpdm_individual_file_download\\\":[\\\"-1\\\"],\\\"__wpdm_cache_zip\\\":[\\\"-1\\\"],\\\"__wpdm_template\\\":[\\\"link-template-default.php\\\"],\\\"__wpdm_page_template\\\":[\\\"sjd_single\\\"],\\\"__wpdm_terms_page\\\":[\\\"\\\"],\\\"__wpdm_terms_title\\\":[\\\"\\\"],\\\"__wpdm_terms_conditions\\\":[\\\"\\\"],\\\"__wpdm_terms_check_label\\\":[\\\"\\\"],\\\"__wpdm_password\\\":[\\\"\\\"],\\\"__wpdm_password_usage_limit\\\":[\\\"0\\\"],\\\"__wpdm_linkedin_message\\\":[\\\"\\\"],\\\"__wpdm_linkedin_url\\\":[\\\"\\\"],\\\"__wpdm_tweet_message\\\":[\\\"\\\"],\\\"__wpdm_gc_scopes_contacts\\\":[\\\"0\\\"],\\\"__wpdm_twitter_handle\\\":[\\\"\\\"],\\\"__wpdm_facebook_like\\\":[\\\"\\\"],\\\"__wpdm_email_lock_title\\\":[\\\"Subscribe To Download\\\"],\\\"__wpdm_email_lock_idl\\\":[\\\"0\\\"],\\\"__wpdm_email_lock_msg\\\":[\\\"\\\"],\\\"__wpdm_icon\\\":[\\\"https:\\\\\\\/\\\\\\\/filles-de-la-charite.org\\\\\\\/wp-content\\\\\\\/plugins\\\\\\\/download-manager\\\\\\\/assets\\\\\\\/file-type-icons\\\\\\\/pdf.svg\\\"],\\\"__wpdm_product_code\\\":[\\\"\\\"],\\\"__wpdm_base_price\\\":[\\\"0.00\\\"],\\\"__wpdm_sales_price\\\":[\\\"0.00\\\"],\\\"__wpdm_sales_price_expire\\\":[\\\"\\\"],\\\"__wpdm_pay_as_you_want\\\":[\\\"0\\\"],\\\"__wpdm_license\\\":[\\\"a:3:{s:6:\\\\\\\"single\\\\\\\";a:1:{s:6:\\\\\\\"active\\\\\\\";s:1:\\\\\\\"1\\\\\\\";}s:8:\\\\\\\"extended\\\\\\\";a:1:{s:6:\\\\\\\"active\\\\\\\";s:1:\\\\\\\"0\\\\\\\";}s:9:\\\\\\\"unlimited\\\\\\\";a:1:{s:6:\\\\\\\"active\\\\\\\";s:1:\\\\\\\"0\\\\\\\";}}\\\"],\\\"__wpdm_assign_role\\\":[\\\"\\\"],\\\"__wpdm_discount\\\":[\\\"a:8:{s:15:\\\\\\\"wpdmpp_customer\\\\\\\";s:0:\\\\\\\"\\\\\\\";s:12:\\\\\\\"wpseo_editor\\\\\\\";s:0:\\\\\\\"\\\\\\\";s:13:\\\\\\\"wpseo_manager\\\\\\\";s:0:\\\\\\\"\\\\\\\";s:10:\\\\\\\"subscriber\\\\\\\";s:0:\\\\\\\"\\\\\\\";s:11:\\\\\\\"contributor\\\\\\\";s:0:\\\\\\\"\\\\\\\";s:6:\\\\\\\"author\\\\\\\";s:0:\\\\\\\"\\\\\\\";s:6:\\\\\\\"editor\\\\\\\";s:0:\\\\\\\"\\\\\\\";s:13:\\\\\\\"administrator\\\\\\\";s:0:\\\\\\\"\\\\\\\";}\\\"],\\\"__wpdm_masterkey\\\":[\\\"Yx0NGEfNPncbBfI9W3UEVubVFL4yUv-hV4QY4EBAYKjgq_C4RH2DxfqhNXctjoMLYEk-5uxtYDBGEbp_IqpXTAArSoe47jdW2tUc_A_CAks\\\"],\\\"_yoast_wpseo_primary_wpdmcategory\\\":[\\\"247\\\"],\\\"_yoast_wpseo_content_score\\\":[\\\"90\\\"],\\\"_yoast_wpseo_estimated-reading-time-minutes\\\":[\\\"0\\\"],\\\"_et_builder_dynamic_assets_loading_attr_threshold\\\":[\\\"3\\\"],\\\"__wpdm_package_size_b\\\":[\\\"892211\\\"]},{\\\"ID\\\":null,\\\"title\\\":null,\\\"description\\\":null,\\\"excerpt\\\":null,\\\"fileList\\\":{},\\\"post_status\\\":null,\\\"version\\\":null,\\\"publish_date\\\":null,\\\"publish_date_timestamp\\\":null,\\\"update_date\\\":null,\\\"update_date_timestamp\\\":null,\\\"avail_date\\\":null,\\\"expire_date\\\":null,\\\"link_label\\\":null,\\\"download_count\\\":null,\\\"view_count\\\":null,\\\"access\\\":null,\\\"author\\\":null,\\\"quota\\\":null,\\\"icon\\\":null,\\\"package_size\\\":null,\\\"package\\\":null,\\\"shortCodes\\\":{},\\\"packageData\\\":[],\\\"files\\\":null,\\\"restAPI\\\":null,\\\"templateDir\\\":\\\"\\\\\\\/var\\\\\\\/www\\\\\\\/vhosts\\\\\\\/filles-de-la-charite.org\\\\\\\/httpdocs\\\\\\\/wp-content\\\\\\\/plugins\\\\\\\/download-manager\\\\\\\/src\\\\\\\/Package\\\\\\\/views\\\\\\\/\\\",\\\"download_limit_per_user\\\":null}]},\\n{\\\"label\\\":\\\"echo 2025 01 IT\\\",\\\"link\\\":\\\"https:\\\\\\\/\\\\\\\/filles-de-la-charite.org\\\\\\\/it\\\\\\\/download\\\\\\\/echo-2025-01-it\\\\\\\/\\\",\\\"lang\\\":\\\"it\\\",\\\"icon\\\":\\\"https:\\\\\\\/\\\\\\\/filles-de-la-charite.org\\\\\\\/wp-content\\\\\\\/plugins\\\\\\\/download-manager\\\\\\\/assets\\\\\\\/file-type-icons\\\\\\\/pdf.svg\\\",\\\"file\\\":\\\"\\\",\\\"url\\\":\\\"\\\",\\\"size\\\":\\\"1.06 MB\\\",\\\"download\\\":\\\"https:\\\\\\\/\\\\\\\/filles-de-la-charite.org\\\\\\\/it\\\\\\\/download\\\\\\\/echo-2025-01-it\\\\\\\/?wpdmdl=47524&refresh=69f347e59fcae1777551333\\\",\\\"proxy\\\":\\\"https:\\\\\\\/\\\\\\\/filles-de-la-charite.org\\\\\\\/wp-admin\\\\\\\/admin-ajax.php?action=file_view&post_id=47524\\\",\\\"mimeType\\\":\\\"pdf\\\",\\\"content\\\":\\\"Bollettino bimestrale delle Figlie della Carit\\\\u00e0 di S. Vincenzo De Paoli\\\\n\\\\n Incontri con\\\\u2026 Echi della Compagnia \\\\u2013 Poste Italiane spa. \\\\u2013 Sped. Abb. Post. DL 353\\\\\\\/2003 (conv. in L. 27\\\\\\\/02\\\\\\\/2004 n. 46) art. 1, comma 1, DCB TO n. 1\\\\\\\/2025 - Ed. ALZANI & C. s.a.s. - Pinerolo Via Grandi 5 - Tel. 0121322657 - Stampa: Alzani Tipografia - Autorizzazione Tribunale di Pinerolo n. 4\\\\\\\/96 del 7\\\\\\\/6\\\\\\\/1996\\\\n\\\\n RINNOVARSI, CAMMINARE INSIEME EcdellahiCompagnia\\\\n\\\\nN\\\\u00b0 1 - 2025 \\\\n\\\\n Giubileo 2025 Affidiamo a Maria, Madre di Dio questo nuovo anno giubilaire ! Pellegrini di Come ai pastori, Maria ci mostra il Dio speranza che ci sorprende sempre, 1 - LA PAROLA DEI SUPERIORI che non viene nello splendore dei cieli, ma nella piccolezza di una mangiatoia. 2 Lettera del 27 dicembre 2024 Suor Fran\\\\u00e7oise Petit, Superiora genera\\\",\\\"tags\\\":[\\\"Echi\\\"],\\\"debug\\\":[{\\\"_edit_lock\\\":[\\\"1761875697:18\\\"],\\\"_edit_last\\\":[\\\"18\\\"],\\\"_alp_processed\\\":[\\\"1761877127\\\"],\\\"copied_media_ids\\\":[\\\"a:0:{}\\\"],\\\"referenced_media_ids\\\":[\\\"a:0:{}\\\"],\\\"_wpml_word_count\\\":[\\\"22367\\\"],\\\"_wpml_location_migration_done\\\":[\\\"1\\\"],\\\"__wpdm_package_dir\\\":[\\\"\\\"],\\\"__wpdm_publish_date\\\":[\\\"\\\"],\\\"__wpdm_expire_date\\\":[\\\"\\\"],\\\"__wpdm_files\\\":[\\\"a:1:{i:1761875631649;s:34:\\\\\\\"1761875654wpdm_Echo 2025 01 IT.pdf\\\\\\\";}\\\"],\\\"__wpdm_fileinfo\\\":[\\\"a:1:{i:1761875631649;a:4:{s:5:\\\\\\\"title\\\\\\\";s:19:\\\\\\\"Echo 2025 01 IT.pdf\\\\\\\";s:8:\\\\\\\"password\\\\\\\";s:0:\\\\\\\"\\\\\\\";s:13:\\\\\\\"license_price\\\\\\\";a:3:{s:6:\\\\\\\"single\\\\\\\";s:0:\\\\\\\"\\\\\\\";s:8:\\\\\\\"extended\\\\\\\";s:0:\\\\\\\"\\\\\\\";s:9:\\\\\\\"unlimited\\\\\\\";s:0:\\\\\\\"\\\\\\\";}s:5:\\\\\\\"price\\\\\\\";s:0:\\\\\\\"\\\\\\\";}}\\\"],\\\"__wpdm_version\\\":[\\\"\\\"],\\\"__wpdm_link_label\\\":[\\\"\\\"],\\\"__wpdm_quota\\\":[\\\"\\\"],\\\"__wpdm_download_limit_per_user\\\":[\\\"0\\\"],\\\"__wpdm_view_count\\\":[\\\"\\\"],\\\"__wpdm_download_count\\\":[\\\"3\\\"],\\\"__wpdm_package_size\\\":[\\\"1.06 MB\\\"],\\\"__wpdm_access\\\":[\\\"a:1:{i:0;s:5:\\\\\\\"guest\\\\\\\";}\\\"],\\\"__wpdm_individual_file_download\\\":[\\\"-1\\\"],\\\"__wpdm_cache_zip\\\":[\\\"-1\\\"],\\\"__wpdm_template\\\":[\\\"link-template-default.php\\\"],\\\"__wpdm_page_template\\\":[\\\"sjd_single\\\"],\\\"__wpdm_terms_page\\\":[\\\"\\\"],\\\"__wpdm_terms_title\\\":[\\\"\\\"],\\\"__wpdm_terms_conditions\\\":[\\\"\\\"],\\\"__wpdm_terms_check_label\\\":[\\\"\\\"],\\\"__wpdm_password\\\":[\\\"\\\"],\\\"__wpdm_password_usage_limit\\\":[\\\"0\\\"],\\\"__wpdm_linkedin_message\\\":[\\\"\\\"],\\\"__wpdm_linkedin_url\\\":[\\\"\\\"],\\\"__wpdm_tweet_message\\\":[\\\"\\\"],\\\"__wpdm_gc_scopes_contacts\\\":[\\\"0\\\"],\\\"__wpdm_twitter_handle\\\":[\\\"\\\"],\\\"__wpdm_facebook_like\\\":[\\\"\\\"],\\\"__wpdm_email_lock_title\\\":[\\\"Subscribe To Download\\\"],\\\"__wpdm_email_lock_idl\\\":[\\\"0\\\"],\\\"__wpdm_email_lock_msg\\\":[\\\"\\\"],\\\"__wpdm_icon\\\":[\\\"https:\\\\\\\/\\\\\\\/filles-de-la-charite.org\\\\\\\/wp-content\\\\\\\/plugins\\\\\\\/download-manager\\\\\\\/assets\\\\\\\/file-type-icons\\\\\\\/pdf.svg\\\"],\\\"__wpdm_product_code\\\":[\\\"\\\"],\\\"__wpdm_base_price\\\":[\\\"0.00\\\"],\\\"__wpdm_sales_price\\\":[\\\"0.00\\\"],\\\"__wpdm_sales_price_expire\\\":[\\\"\\\"],\\\"__wpdm_pay_as_you_want\\\":[\\\"0\\\"],\\\"__wpdm_license\\\":[\\\"a:3:{s:6:\\\\\\\"single\\\\\\\";a:1:{s:6:\\\\\\\"active\\\\\\\";s:1:\\\\\\\"1\\\\\\\";}s:8:\\\\\\\"extended\\\\\\\";a:1:{s:6:\\\\\\\"active\\\\\\\";s:1:\\\\\\\"0\\\\\\\";}s:9:\\\\\\\"unlimited\\\\\\\";a:1:{s:6:\\\\\\\"active\\\\\\\";s:1:\\\\\\\"0\\\\\\\";}}\\\"],\\\"__wpdm_assign_role\\\":[\\\"\\\"],\\\"__wpdm_discount\\\":[\\\"a:8:{s:15:\\\\\\\"wpdmpp_customer\\\\\\\";s:0:\\\\\\\"\\\\\\\";s:12:\\\\\\\"wpseo_editor\\\\\\\";s:0:\\\\\\\"\\\\\\\";s:13:\\\\\\\"wpseo_manager\\\\\\\";s:0:\\\\\\\"\\\\\\\";s:10:\\\\\\\"subscriber\\\\\\\";s:0:\\\\\\\"\\\\\\\";s:11:\\\\\\\"contributor\\\\\\\";s:0:\\\\\\\"\\\\\\\";s:6:\\\\\\\"author\\\\\\\";s:0:\\\\\\\"\\\\\\\";s:6:\\\\\\\"editor\\\\\\\";s:0:\\\\\\\"\\\\\\\";s:13:\\\\\\\"administrator\\\\\\\";s:0:\\\\\\\"\\\\\\\";}\\\"],\\\"__wpdm_masterkey\\\":[\\\"rYONK-jiQ5SQgnGzv96z3_uPcueNsRo3__XxTQPT2Dk6IOTez_xdh9Kpz2QpDl3uQzhd7eE_CNkcLzU5fKnu8EIPWS7dTqCOoql8_MzCmN8\\\"],\\\"_yoast_wpseo_primary_wpdmcategory\\\":[\\\"247\\\"],\\\"_yoast_wpseo_content_score\\\":[\\\"90\\\"],\\\"_yoast_wpseo_estimated-reading-time-minutes\\\":[\\\"0\\\"],\\\"_et_builder_dynamic_assets_loading_attr_threshold\\\":[\\\"3\\\"],\\\"__wpdm_package_size_b\\\":[\\\"1108598\\\"]},{\\\"ID\\\":null,\\\"title\\\":null,\\\"description\\\":null,\\\"excerpt\\\":null,\\\"fileList\\\":{},\\\"post_status\\\":null,\\\"version\\\":null,\\\"publish_date\\\":null,\\\"publish_date_timestamp\\\":null,\\\"update_date\\\":null,\\\"update_date_timestamp\\\":null,\\\"avail_date\\\":null,\\\"expire_date\\\":null,\\\"link_label\\\":null,\\\"download_count\\\":null,\\\"view_count\\\":null,\\\"access\\\":null,\\\"author\\\":null,\\\"quota\\\":null,\\\"icon\\\":null,\\\"package_size\\\":null,\\\"package\\\":null,\\\"shortCodes\\\":{},\\\"packageData\\\":[],\\\"files\\\":null,\\\"restAPI\\\":null,\\\"templateDir\\\":\\\"\\\\\\\/var\\\\\\\/www\\\\\\\/vhosts\\\\\\\/filles-de-la-charite.org\\\\\\\/httpdocs\\\\\\\/wp-content\\\\\\\/plugins\\\\\\\/download-manager\\\\\\\/src\\\\\\\/Package\\\\\\\/views\\\\\\\/\\\",\\\"download_limit_per_user\\\":null}]},\\n{\\\"label\\\":\\\"Sessione delle Suore tra i 25 e i 40 anni di vocazione. Suor Fran\\\\u00e7oise Petit.\\\",\\\"link\\\":\\\"https:\\\\\\\/\\\\\\\/filles-de-la-charite.org\\\\\\\/it\\\\\\\/download\\\\\\\/sessione-delle-suore-tra-i-25-e-i-40-anni-di-vocazione-suor-francoise-petit\\\\\\\/\\\",\\\"lang\\\":\\\"it\\\",\\\"icon\\\":\\\"https:\\\\\\\/\\\\\\\/filles-de-la-charite.org\\\\\\\/wp-content\\\\\\\/plugins\\\\\\\/download-manager\\\\\\\/assets\\\\\\\/file-type-icons\\\\\\\/pdf.svg\\\",\\\"file\\\":\\\"\\\",\\\"url\\\":\\\"\\\",\\\"size\\\":\\\"514.23 KB\\\",\\\"download\\\":\\\"https:\\\\\\\/\\\\\\\/filles-de-la-charite.org\\\\\\\/it\\\\\\\/download\\\\\\\/sessione-delle-suore-tra-i-25-e-i-40-anni-di-vocazione-suor-francoise-petit\\\\\\\/?wpdmdl=47028&refresh=69f347e5a07d51777551333\\\",\\\"proxy\\\":\\\"https:\\\\\\\/\\\\\\\/filles-de-la-charite.org\\\\\\\/wp-admin\\\\\\\/admin-ajax.php?action=file_view&post_id=47028\\\",\\\"mimeType\\\":\\\"pdf\\\",\\\"content\\\":\\\"1\\\\n\\\\n Cercare la speranza, essere segno di speranza\\\\n\\\\nBuongiorno,\\\\n\\\\nAvere l'opportunit\\\\u00e0 di trascorrere un'intera giornata con voi \\\\u00e8 per me una grande gioia che condivido con le Consigliere generali. Avete gi\\\\u00e0 ascoltato, visto e condiviso molto, ma sappiamo che avete un cuore aperto per continuare. Questo pomeriggio, le Consigliere condivideranno, ciascuna a suo modo, ci\\\\u00f2 di cui sono testimoni quando visitano le vostre Province.\\\\n\\\\nOggi, quindi, avrete una panoramica di tutta la Compagnia, una Compagnia piena di vita in tutti i continenti e che voi qui rappresentate. Grazie per tutto ci\\\\u00f2 che vivete nelle vostre Comunit\\\\u00e0, per il vostro servizio presso i nostri fratelli e sorelle poveri. La Sessione vi offre l'opportunit\\\\u00e0 di avere uno sguardo pi\\\\u00f9 ampio e di comprendere l'internazionalit\\\\u00e0 d\\\",\\\"tags\\\":[\\\"Suor Fran\\\\u00e7oise Petit\\\",\\\"Testi dei Superiori\\\"],\\\"debug\\\":[{\\\"_edit_lock\\\":[\\\"1759140801:5\\\"],\\\"_edit_last\\\":[\\\"5\\\"],\\\"__wpdm_package_dir\\\":[\\\"\\\"],\\\"__wpdm_publish_date\\\":[\\\"\\\"],\\\"__wpdm_expire_date\\\":[\\\"\\\"],\\\"__wpdm_files\\\":[\\\"a:1:{i:1759140882711;s:84:\\\\\\\"Sessione delle Suore tra i 25 e i 40 anni di vocazione. Suor Fran\\\\u00e7oise Petit_IT.pdf\\\\\\\";}\\\"],\\\"__wpdm_fileinfo\\\":[\\\"a:1:{i:1759140882711;a:4:{s:5:\\\\\\\"title\\\\\\\";s:84:\\\\\\\"Sessione delle Suore tra i 25 e i 40 anni di vocazione. Suor Fran\\\\u00e7oise Petit_IT.pdf\\\\\\\";s:8:\\\\\\\"password\\\\\\\";s:0:\\\\\\\"\\\\\\\";s:13:\\\\\\\"license_price\\\\\\\";a:3:{s:6:\\\\\\\"single\\\\\\\";s:0:\\\\\\\"\\\\\\\";s:8:\\\\\\\"extended\\\\\\\";s:0:\\\\\\\"\\\\\\\";s:9:\\\\\\\"unlimited\\\\\\\";s:0:\\\\\\\"\\\\\\\";}s:5:\\\\\\\"price\\\\\\\";s:0:\\\\\\\"\\\\\\\";}}\\\"],\\\"__wpdm_version\\\":[\\\"\\\"],\\\"__wpdm_link_label\\\":[\\\"\\\"],\\\"__wpdm_quota\\\":[\\\"\\\"],\\\"__wpdm_download_limit_per_user\\\":[\\\"0\\\"],\\\"__wpdm_view_count\\\":[\\\"\\\"],\\\"__wpdm_download_count\\\":[\\\"6\\\"],\\\"__wpdm_package_size\\\":[\\\"514.23 KB\\\"],\\\"__wpdm_access\\\":[\\\"a:1:{i:0;s:5:\\\\\\\"guest\\\\\\\";}\\\"],\\\"__wpdm_individual_file_download\\\":[\\\"-1\\\"],\\\"__wpdm_cache_zip\\\":[\\\"-1\\\"],\\\"__wpdm_template\\\":[\\\"link-template-default.php\\\"],\\\"__wpdm_page_template\\\":[\\\"sjd_single\\\"],\\\"__wpdm_terms_page\\\":[\\\"\\\"],\\\"__wpdm_terms_title\\\":[\\\"\\\"],\\\"__wpdm_terms_conditions\\\":[\\\"\\\"],\\\"__wpdm_terms_check_label\\\":[\\\"\\\"],\\\"__wpdm_password\\\":[\\\"\\\"],\\\"__wpdm_password_usage_limit\\\":[\\\"0\\\"],\\\"__wpdm_linkedin_message\\\":[\\\"\\\"],\\\"__wpdm_linkedin_url\\\":[\\\"\\\"],\\\"__wpdm_tweet_message\\\":[\\\"\\\"],\\\"__wpdm_gc_scopes_contacts\\\":[\\\"0\\\"],\\\"__wpdm_twitter_handle\\\":[\\\"\\\"],\\\"__wpdm_facebook_like\\\":[\\\"\\\"],\\\"__wpdm_email_lock_title\\\":[\\\"Subscribe To Download\\\"],\\\"__wpdm_email_lock_idl\\\":[\\\"0\\\"],\\\"__wpdm_email_lock_msg\\\":[\\\"\\\"],\\\"__wpdm_icon\\\":[\\\"https:\\\\\\\/\\\\\\\/filles-de-la-charite.org\\\\\\\/wp-content\\\\\\\/plugins\\\\\\\/download-manager\\\\\\\/assets\\\\\\\/file-type-icons\\\\\\\/pdf.svg\\\"],\\\"__wpdm_product_code\\\":[\\\"\\\"],\\\"__wpdm_base_price\\\":[\\\"0.00\\\"],\\\"__wpdm_sales_price\\\":[\\\"0.00\\\"],\\\"__wpdm_sales_price_expire\\\":[\\\"\\\"],\\\"__wpdm_pay_as_you_want\\\":[\\\"0\\\"],\\\"__wpdm_license\\\":[\\\"a:3:{s:6:\\\\\\\"single\\\\\\\";a:1:{s:6:\\\\\\\"active\\\\\\\";s:1:\\\\\\\"1\\\\\\\";}s:8:\\\\\\\"extended\\\\\\\";a:1:{s:6:\\\\\\\"active\\\\\\\";s:1:\\\\\\\"0\\\\\\\";}s:9:\\\\\\\"unlimited\\\\\\\";a:1:{s:6:\\\\\\\"active\\\\\\\";s:1:\\\\\\\"0\\\\\\\";}}\\\"],\\\"__wpdm_assign_role\\\":[\\\"\\\"],\\\"__wpdm_discount\\\":[\\\"a:8:{s:15:\\\\\\\"wpdmpp_customer\\\\\\\";s:0:\\\\\\\"\\\\\\\";s:12:\\\\\\\"wpseo_editor\\\\\\\";s:0:\\\\\\\"\\\\\\\";s:13:\\\\\\\"wpseo_manager\\\\\\\";s:0:\\\\\\\"\\\\\\\";s:10:\\\\\\\"subscriber\\\\\\\";s:0:\\\\\\\"\\\\\\\";s:11:\\\\\\\"contributor\\\\\\\";s:0:\\\\\\\"\\\\\\\";s:6:\\\\\\\"author\\\\\\\";s:0:\\\\\\\"\\\\\\\";s:6:\\\\\\\"editor\\\\\\\";s:0:\\\\\\\"\\\\\\\";s:13:\\\\\\\"administrator\\\\\\\";s:0:\\\\\\\"\\\\\\\";}\\\"],\\\"__wpdm_masterkey\\\":[\\\"qdOqQYv3mTtbXoBF021hied08az-FrIEdAzuKcnZiPHo9Q1R6C_MGznu1HEpc4okM4zDQC_NE4bgnrggvsMxHdSj57vUE-vsbJl1azSnfA8\\\"],\\\"_wpml_media_duplicate\\\":[\\\"1\\\"],\\\"_wpml_media_featured\\\":[\\\"1\\\"],\\\"_alp_processed\\\":[\\\"1759141805\\\"],\\\"_yoast_wpseo_primary_wpdmcategory\\\":[\\\"867\\\"],\\\"_yoast_wpseo_content_score\\\":[\\\"90\\\"],\\\"_yoast_wpseo_estimated-reading-time-minutes\\\":[\\\"0\\\"],\\\"_wpml_word_count\\\":[\\\"3742\\\"],\\\"_wpml_location_migration_done\\\":[\\\"1\\\"],\\\"_et_builder_dynamic_assets_loading_attr_threshold\\\":[\\\"3\\\"],\\\"__wpdm_package_size_b\\\":[\\\"526574\\\"]},{\\\"ID\\\":null,\\\"title\\\":null,\\\"description\\\":null,\\\"excerpt\\\":null,\\\"fileList\\\":{},\\\"post_status\\\":null,\\\"version\\\":null,\\\"publish_date\\\":null,\\\"publish_date_timestamp\\\":null,\\\"update_date\\\":null,\\\"update_date_timestamp\\\":null,\\\"avail_date\\\":null,\\\"expire_date\\\":null,\\\"link_label\\\":null,\\\"download_count\\\":null,\\\"view_count\\\":null,\\\"access\\\":null,\\\"author\\\":null,\\\"quota\\\":null,\\\"icon\\\":null,\\\"package_size\\\":null,\\\"package\\\":null,\\\"shortCodes\\\":{},\\\"packageData\\\":[],\\\"files\\\":null,\\\"restAPI\\\":null,\\\"templateDir\\\":\\\"\\\\\\\/var\\\\\\\/www\\\\\\\/vhosts\\\\\\\/filles-de-la-charite.org\\\\\\\/httpdocs\\\\\\\/wp-content\\\\\\\/plugins\\\\\\\/download-manager\\\\\\\/src\\\\\\\/Package\\\\\\\/views\\\\\\\/\\\",\\\"download_limit_per_user\\\":null}]},\\n{\\\"label\\\":\\\"Lettera del 15 agosto 2025 (Suor Fran\\\\u00e7oise Petit)\\\",\\\"link\\\":\\\"https:\\\\\\\/\\\\\\\/filles-de-la-charite.org\\\\\\\/it\\\\\\\/download\\\\\\\/lettera-del-15-agosto-2025-suor-francoise-petit\\\\\\\/\\\",\\\"lang\\\":\\\"it\\\",\\\"icon\\\":\\\"https:\\\\\\\/\\\\\\\/filles-de-la-charite.org\\\\\\\/wp-content\\\\\\\/plugins\\\\\\\/download-manager\\\\\\\/assets\\\\\\\/file-type-icons\\\\\\\/pdf.svg\\\",\\\"file\\\":\\\"\\\",\\\"url\\\":\\\"\\\",\\\"size\\\":\\\"107.36 KB\\\",\\\"download\\\":\\\"https:\\\\\\\/\\\\\\\/filles-de-la-charite.org\\\\\\\/it\\\\\\\/download\\\\\\\/lettera-del-15-agosto-2025-suor-francoise-petit\\\\\\\/?wpdmdl=45547&refresh=69f347e5a15661777551333\\\",\\\"proxy\\\":\\\"https:\\\\\\\/\\\\\\\/filles-de-la-charite.org\\\\\\\/wp-admin\\\\\\\/admin-ajax.php?action=file_view&post_id=45547\\\",\\\"mimeType\\\":\\\"pdf\\\",\\\"content\\\":\\\"COMPAGNIE DES FILLES DE LA CHARIT\\\\u00c9 DE SAINT VINCENT DE PAUL\\\\n\\\\n 140, RUE DU BAC 75340 PARIS Cedex 07\\\\n\\\\n T\\\\u00e9l : 33 149 54 78 78\\\\n\\\\n Fax : 33 149 54 78 19 E-mail : secretairegene@cfdlc.org\\\\n\\\\n Parigi, 15 agosto 2025\\\\n\\\\nCare Sorelle,\\\\n\\\\n La grazia di nostro Signore Ges\\\\u00f9 Cristo sia sempre con noi!\\\\n\\\\nOgni anno, in questo giorno dell'Assunzione, celebriamo Maria, colei che ci accompagna e alla quale, con tutto il popolo di Dio, chiediamo di intercedere per noi. \\\\u00c8 entrata nella gloria, quella che un giorno condivideremo tutte.\\\\n\\\\nMarie, una donna tra le altre eppure cos\\\\u00ec unica.\\\\n\\\\nIl Magnificat ci permette di contemplarla, credente, pienamente umana, Madre del Figlio di Dio.\\\\n\\\\n\\\\u00abMaria si mise in viaggio verso la montagna e raggiunse in fretta una citt\\\\u00e0 di Giuda\\\\u00bb (Lc 1,39).\\\\n\\\\nIl Vangelo ce lo dice. Maria \\\\u00e8 q\\\",\\\"tags\\\":[\\\"Suor Fran\\\\u00e7oise Petit\\\",\\\"Testi dei Superiori\\\"],\\\"debug\\\":[{\\\"_edit_lock\\\":[\\\"1755515155:5\\\"],\\\"_edit_last\\\":[\\\"5\\\"],\\\"__wpdm_package_dir\\\":[\\\"\\\"],\\\"__wpdm_publish_date\\\":[\\\"\\\"],\\\"__wpdm_expire_date\\\":[\\\"\\\"],\\\"__wpdm_files\\\":[\\\"a:1:{i:1755515227596;s:57:\\\\\\\"Lettera del 15 agosto 2025 (Suor Fran\\\\u00e7oise Petit)_IT.pdf\\\\\\\";}\\\"],\\\"__wpdm_fileinfo\\\":[\\\"a:1:{i:1755515227596;a:4:{s:5:\\\\\\\"title\\\\\\\";s:57:\\\\\\\"Lettera del 15 agosto 2025 (Suor Fran\\\\u00e7oise Petit)_IT.pdf\\\\\\\";s:8:\\\\\\\"password\\\\\\\";s:0:\\\\\\\"\\\\\\\";s:13:\\\\\\\"license_price\\\\\\\";a:3:{s:6:\\\\\\\"single\\\\\\\";s:0:\\\\\\\"\\\\\\\";s:8:\\\\\\\"extended\\\\\\\";s:0:\\\\\\\"\\\\\\\";s:9:\\\\\\\"unlimited\\\\\\\";s:0:\\\\\\\"\\\\\\\";}s:5:\\\\\\\"price\\\\\\\";s:0:\\\\\\\"\\\\\\\";}}\\\"],\\\"__wpdm_version\\\":[\\\"\\\"],\\\"__wpdm_link_label\\\":[\\\"\\\"],\\\"__wpdm_quota\\\":[\\\"\\\"],\\\"__wpdm_download_limit_per_user\\\":[\\\"0\\\"],\\\"__wpdm_view_count\\\":[\\\"\\\"],\\\"__wpdm_download_count\\\":[\\\"1\\\"],\\\"__wpdm_package_size\\\":[\\\"107.36 KB\\\"],\\\"__wpdm_access\\\":[\\\"a:1:{i:0;s:5:\\\\\\\"guest\\\\\\\";}\\\"],\\\"__wpdm_individual_file_download\\\":[\\\"-1\\\"],\\\"__wpdm_cache_zip\\\":[\\\"-1\\\"],\\\"__wpdm_template\\\":[\\\"link-template-default.php\\\"],\\\"__wpdm_page_template\\\":[\\\"sjd_single\\\"],\\\"__wpdm_terms_page\\\":[\\\"\\\"],\\\"__wpdm_terms_title\\\":[\\\"\\\"],\\\"__wpdm_terms_conditions\\\":[\\\"\\\"],\\\"__wpdm_terms_check_label\\\":[\\\"\\\"],\\\"__wpdm_password\\\":[\\\"\\\"],\\\"__wpdm_password_usage_limit\\\":[\\\"0\\\"],\\\"__wpdm_linkedin_message\\\":[\\\"\\\"],\\\"__wpdm_linkedin_url\\\":[\\\"\\\"],\\\"__wpdm_tweet_message\\\":[\\\"\\\"],\\\"__wpdm_gc_scopes_contacts\\\":[\\\"0\\\"],\\\"__wpdm_twitter_handle\\\":[\\\"\\\"],\\\"__wpdm_facebook_like\\\":[\\\"\\\"],\\\"__wpdm_email_lock_title\\\":[\\\"Subscribe To Download\\\"],\\\"__wpdm_email_lock_idl\\\":[\\\"0\\\"],\\\"__wpdm_email_lock_msg\\\":[\\\"\\\"],\\\"__wpdm_icon\\\":[\\\"https:\\\\\\\/\\\\\\\/filles-de-la-charite.org\\\\\\\/wp-content\\\\\\\/plugins\\\\\\\/download-manager\\\\\\\/assets\\\\\\\/file-type-icons\\\\\\\/pdf.svg\\\"],\\\"__wpdm_product_code\\\":[\\\"\\\"],\\\"__wpdm_base_price\\\":[\\\"0.00\\\"],\\\"__wpdm_sales_price\\\":[\\\"0.00\\\"],\\\"__wpdm_sales_price_expire\\\":[\\\"\\\"],\\\"__wpdm_pay_as_you_want\\\":[\\\"0\\\"],\\\"__wpdm_license\\\":[\\\"a:3:{s:6:\\\\\\\"single\\\\\\\";a:1:{s:6:\\\\\\\"active\\\\\\\";s:1:\\\\\\\"1\\\\\\\";}s:8:\\\\\\\"extended\\\\\\\";a:1:{s:6:\\\\\\\"active\\\\\\\";s:1:\\\\\\\"0\\\\\\\";}s:9:\\\\\\\"unlimited\\\\\\\";a:1:{s:6:\\\\\\\"active\\\\\\\";s:1:\\\\\\\"0\\\\\\\";}}\\\"],\\\"__wpdm_assign_role\\\":[\\\"\\\"],\\\"__wpdm_discount\\\":[\\\"a:8:{s:15:\\\\\\\"wpdmpp_customer\\\\\\\";s:0:\\\\\\\"\\\\\\\";s:12:\\\\\\\"wpseo_editor\\\\\\\";s:0:\\\\\\\"\\\\\\\";s:13:\\\\\\\"wpseo_manager\\\\\\\";s:0:\\\\\\\"\\\\\\\";s:10:\\\\\\\"subscriber\\\\\\\";s:0:\\\\\\\"\\\\\\\";s:11:\\\\\\\"contributor\\\\\\\";s:0:\\\\\\\"\\\\\\\";s:6:\\\\\\\"author\\\\\\\";s:0:\\\\\\\"\\\\\\\";s:6:\\\\\\\"editor\\\\\\\";s:0:\\\\\\\"\\\\\\\";s:13:\\\\\\\"administrator\\\\\\\";s:0:\\\\\\\"\\\\\\\";}\\\"],\\\"__wpdm_masterkey\\\":[\\\"REGZ6hMAQRCuprJiDlKzqb5VFZjug90lAOzutFvkas63Q6ldAnaxARy-VB9Fh3hIdXG7K4j2C8tvY_MkWox1VxwuSg1-s2uvtD-BBUHiQ3s\\\"],\\\"_wpml_media_duplicate\\\":[\\\"1\\\"],\\\"_wpml_media_featured\\\":[\\\"1\\\"],\\\"_alp_processed\\\":[\\\"1755515711\\\"],\\\"_last_translation_edit_mode\\\":[\\\"translation-editor\\\"],\\\"_yoast_wpseo_primary_wpdmcategory\\\":[\\\"\\\"],\\\"_yoast_wpseo_content_score\\\":[\\\"90\\\"],\\\"_yoast_wpseo_estimated-reading-time-minutes\\\":[\\\"0\\\"],\\\"_wpml_word_count\\\":[\\\"1517\\\"],\\\"_et_builder_dynamic_assets_loading_attr_threshold\\\":[\\\"3\\\"],\\\"__wpdm_package_size_b\\\":[\\\"109933\\\"]},{\\\"ID\\\":null,\\\"title\\\":null,\\\"description\\\":null,\\\"excerpt\\\":null,\\\"fileList\\\":{},\\\"post_status\\\":null,\\\"version\\\":null,\\\"publish_date\\\":null,\\\"publish_date_timestamp\\\":null,\\\"update_date\\\":null,\\\"update_date_timestamp\\\":null,\\\"avail_date\\\":null,\\\"expire_date\\\":null,\\\"link_label\\\":null,\\\"download_count\\\":null,\\\"view_count\\\":null,\\\"access\\\":null,\\\"author\\\":null,\\\"quota\\\":null,\\\"icon\\\":null,\\\"package_size\\\":null,\\\"package\\\":null,\\\"shortCodes\\\":{},\\\"packageData\\\":[],\\\"files\\\":null,\\\"restAPI\\\":null,\\\"templateDir\\\":\\\"\\\\\\\/var\\\\\\\/www\\\\\\\/vhosts\\\\\\\/filles-de-la-charite.org\\\\\\\/httpdocs\\\\\\\/wp-content\\\\\\\/plugins\\\\\\\/download-manager\\\\\\\/src\\\\\\\/Package\\\\\\\/views\\\\\\\/\\\",\\\"download_limit_per_user\\\":null}]},\\n{\\\"label\\\":\\\"Lettera del 9 maggio 2025 (Suor Fran\\\\u00e7oise Petit)\\\",\\\"link\\\":\\\"https:\\\\\\\/\\\\\\\/filles-de-la-charite.org\\\\\\\/it\\\\\\\/download\\\\\\\/lettera-del-9-maggio-2025-suor-francoise-petit\\\\\\\/\\\",\\\"lang\\\":\\\"it\\\",\\\"icon\\\":\\\"https:\\\\\\\/\\\\\\\/filles-de-la-charite.org\\\\\\\/wp-content\\\\\\\/plugins\\\\\\\/download-manager\\\\\\\/assets\\\\\\\/file-type-icons\\\\\\\/pdf.svg\\\",\\\"file\\\":\\\"\\\",\\\"url\\\":\\\"\\\",\\\"size\\\":\\\"116.43 KB\\\",\\\"download\\\":\\\"https:\\\\\\\/\\\\\\\/filles-de-la-charite.org\\\\\\\/it\\\\\\\/download\\\\\\\/lettera-del-9-maggio-2025-suor-francoise-petit\\\\\\\/?wpdmdl=42764&refresh=69f347e5a220a1777551333\\\",\\\"proxy\\\":\\\"https:\\\\\\\/\\\\\\\/filles-de-la-charite.org\\\\\\\/wp-admin\\\\\\\/admin-ajax.php?action=file_view&post_id=42764\\\",\\\"mimeType\\\":\\\"pdf\\\",\\\"content\\\":\\\"COMPAGNIE Parigi, 9 maggio 2025 DES FILLES DE LA CHARIT\\\\u00c9 DE SAINT VINCENT DE PAUL\\\\n\\\\n 140, RUE DU BAC 75340 PARIS Cedex 07\\\\n\\\\n T\\\\u00e9l : 33 149 54 78 78\\\\n\\\\n Fax : 33 149 54 78 19 E-mail : secretairegene@cfdlc.org\\\\n\\\\nCare Sorelle,\\\\n\\\\nLa grazia del nostro Signore Ges\\\\u00f9 Cristo sia sempre con noi!\\\\n\\\\nLa festa di santa Luisa \\\\u00e8 una buona occasione per dare seguito alla lettera del 26 aprile 2025 con la quale il nostro Superiore generale, Padre Toma\\\\u017e Mavri\\\\u010d, ha convocato l'XI Assemblea generale che si terr\\\\u00e0 a maggio 2027.\\\\n\\\\nCi invita a entrare con cuore aperto e pieno di fede nel processo delle Assemblee domestiche e provinciali.\\\\n\\\\nNel maggio 2024, l'Incontro Inter-Assemblee \\\\u00e8 stato in parte dedicato a mettere in comune le sfide e le questioni essenziali per il futuro delle Province e di tutta la Compagnia.\\\",\\\"tags\\\":[\\\"Suor Fran\\\\u00e7oise Petit\\\",\\\"Testi dei Superiori\\\"],\\\"debug\\\":[{\\\"_edit_lock\\\":[\\\"1746709586:5\\\"],\\\"_edit_last\\\":[\\\"5\\\"],\\\"__wpdm_package_dir\\\":[\\\"\\\"],\\\"__wpdm_publish_date\\\":[\\\"\\\"],\\\"__wpdm_expire_date\\\":[\\\"\\\"],\\\"__wpdm_files\\\":[\\\"a:1:{i:1746709576457;s:56:\\\\\\\"Lettera del 9 maggio 2025 (Suor Fran\\\\u00e7oise Petit)-it.pdf\\\\\\\";}\\\"],\\\"__wpdm_fileinfo\\\":[\\\"a:1:{i:1746709576457;a:2:{s:5:\\\\\\\"title\\\\\\\";s:56:\\\\\\\"Lettera del 9 maggio 2025 (Suor Fran\\\\u00e7oise Petit)-it.pdf\\\\\\\";s:8:\\\\\\\"password\\\\\\\";s:0:\\\\\\\"\\\\\\\";}}\\\"],\\\"__wpdm_version\\\":[\\\"\\\"],\\\"__wpdm_link_label\\\":[\\\"\\\"],\\\"__wpdm_quota\\\":[\\\"\\\"],\\\"__wpdm_download_limit_per_user\\\":[\\\"0\\\"],\\\"__wpdm_view_count\\\":[\\\"\\\"],\\\"__wpdm_download_count\\\":[\\\"1\\\"],\\\"__wpdm_package_size\\\":[\\\"116.43 KB\\\"],\\\"__wpdm_access\\\":[\\\"a:1:{i:0;s:5:\\\\\\\"guest\\\\\\\";}\\\"],\\\"__wpdm_individual_file_download\\\":[\\\"-1\\\"],\\\"__wpdm_cache_zip\\\":[\\\"-1\\\"],\\\"__wpdm_template\\\":[\\\"link-template-default.php\\\"],\\\"__wpdm_page_template\\\":[\\\"sjd_single\\\"],\\\"__wpdm_terms_page\\\":[\\\"\\\"],\\\"__wpdm_terms_title\\\":[\\\"\\\"],\\\"__wpdm_terms_conditions\\\":[\\\"\\\"],\\\"__wpdm_terms_check_label\\\":[\\\"\\\"],\\\"__wpdm_password\\\":[\\\"\\\"],\\\"__wpdm_password_usage_limit\\\":[\\\"0\\\"],\\\"__wpdm_linkedin_message\\\":[\\\"\\\"],\\\"__wpdm_linkedin_url\\\":[\\\"\\\"],\\\"__wpdm_tweet_message\\\":[\\\"\\\"],\\\"__wpdm_gc_scopes_contacts\\\":[\\\"0\\\"],\\\"__wpdm_twitter_handle\\\":[\\\"\\\"],\\\"__wpdm_facebook_like\\\":[\\\"\\\"],\\\"__wpdm_email_lock_title\\\":[\\\"Subscribe To Download\\\"],\\\"__wpdm_email_lock_idl\\\":[\\\"0\\\"],\\\"__wpdm_email_lock_msg\\\":[\\\"\\\"],\\\"__wpdm_icon\\\":[\\\"https:\\\\\\\/\\\\\\\/filles-de-la-charite.org\\\\\\\/wp-content\\\\\\\/plugins\\\\\\\/download-manager\\\\\\\/assets\\\\\\\/file-type-icons\\\\\\\/pdf.svg\\\"],\\\"__wpdm_masterkey\\\":[\\\"UJhxSLyEUmjYbsfgwYl67rphPr7vUvMNDqEincgM1OfSpJcpcyGArMDBGSBvv45kNVL5lTPrz8NlRsIma6iU0X_U8_tSEVyyHLGRconIa98\\\"],\\\"_wpml_media_duplicate\\\":[\\\"1\\\"],\\\"_wpml_media_featured\\\":[\\\"1\\\"],\\\"_alp_processed\\\":[\\\"1747062727\\\"],\\\"_yoast_wpseo_primary_wpdmcategory\\\":[\\\"867\\\"],\\\"_yoast_wpseo_content_score\\\":[\\\"90\\\"],\\\"_yoast_wpseo_estimated-reading-time-minutes\\\":[\\\"0\\\"],\\\"_wpml_word_count\\\":[\\\"927\\\"],\\\"_wpml_location_migration_done\\\":[\\\"1\\\"],\\\"_et_builder_dynamic_assets_loading_attr_threshold\\\":[\\\"3\\\"],\\\"__wpdm_package_size_b\\\":[\\\"119220\\\"]},{\\\"ID\\\":null,\\\"title\\\":null,\\\"description\\\":null,\\\"excerpt\\\":null,\\\"fileList\\\":{},\\\"post_status\\\":null,\\\"version\\\":null,\\\"publish_date\\\":null,\\\"publish_date_timestamp\\\":null,\\\"update_date\\\":null,\\\"update_date_timestamp\\\":null,\\\"avail_date\\\":null,\\\"expire_date\\\":null,\\\"link_label\\\":null,\\\"download_count\\\":null,\\\"view_count\\\":null,\\\"access\\\":null,\\\"author\\\":null,\\\"quota\\\":null,\\\"icon\\\":null,\\\"package_size\\\":null,\\\"package\\\":null,\\\"shortCodes\\\":{},\\\"packageData\\\":[],\\\"files\\\":null,\\\"restAPI\\\":null,\\\"templateDir\\\":\\\"\\\\\\\/var\\\\\\\/www\\\\\\\/vhosts\\\\\\\/filles-de-la-charite.org\\\\\\\/httpdocs\\\\\\\/wp-content\\\\\\\/plugins\\\\\\\/download-manager\\\\\\\/src\\\\\\\/Package\\\\\\\/views\\\\\\\/\\\",\\\"download_limit_per_user\\\":null}]},\\n{\\\"label\\\":\\\"echo 2024 06 IT\\\",\\\"link\\\":\\\"https:\\\\\\\/\\\\\\\/filles-de-la-charite.org\\\\\\\/it\\\\\\\/download\\\\\\\/echo-2024-06-it\\\\\\\/\\\",\\\"lang\\\":\\\"it\\\",\\\"icon\\\":\\\"https:\\\\\\\/\\\\\\\/filles-de-la-charite.org\\\\\\\/wp-content\\\\\\\/plugins\\\\\\\/download-manager\\\\\\\/assets\\\\\\\/file-type-icons\\\\\\\/pdf.svg\\\",\\\"file\\\":\\\"\\\",\\\"url\\\":\\\"\\\",\\\"size\\\":\\\"879.25 KB\\\",\\\"download\\\":\\\"https:\\\\\\\/\\\\\\\/filles-de-la-charite.org\\\\\\\/it\\\\\\\/download\\\\\\\/echo-2024-06-it\\\\\\\/?wpdmdl=42496&refresh=69f347e5a2ea81777551333\\\",\\\"proxy\\\":\\\"https:\\\\\\\/\\\\\\\/filles-de-la-charite.org\\\\\\\/wp-admin\\\\\\\/admin-ajax.php?action=file_view&post_id=42496\\\",\\\"mimeType\\\":\\\"pdf\\\",\\\"content\\\":\\\"Bollettino bimestrale delle Figlie della Carit\\\\u00e0 di S. Vincenzo De Paoli\\\\n\\\\n Incontri con\\\\u2026 Echi della Compagnia \\\\u2013 Poste Italiane spa. \\\\u2013 Sped. Abb. Post. DL 353\\\\\\\/2003 (conv. in L. 27\\\\\\\/02\\\\\\\/2004 n. 46) art. 1, comma 1, DCB TO n. 6\\\\\\\/2024 - Ed. ALZANI & C. s.a.s. - Pinerolo Via Grandi 5 - Tel. 0121322657 - Stampa: Alzani Tipografia - Autorizzazione Tribunale di Pinerolo n. 4\\\\\\\/96 del 7\\\\\\\/6\\\\\\\/1996\\\\n\\\\n RINNOVARSI, VARCARE, CAMMINARE INSIEME EcdellahiCompagnia\\\\n\\\\nN\\\\u00b0 6 - 2024 \\\\n\\\\n \\\\\\\"Porte\\\\\\\" \\\\u00abNon abbiate paura\\\\u2026 da varcare\\\\u2026 Lasciamoci riconciliare con Dio, e allora saremo riconciliati con noi stessi 1 - LA PAROLA DEI SUPERIORI e potremo riconciliarci tra di noi,\\\\n\\\\n322 Lettera del 25 ottobre 2024 anche con i nostri nemici. Suor Fran\\\\u00e7oise Petit, Superiora generale La misericordia di Dio pu\\\\u00f2 tutto, 326 Lettera\\\",\\\"tags\\\":[\\\"Echi\\\"],\\\"debug\\\":[{\\\"_wpml_word_count\\\":[\\\"{\\\\\\\"total\\\\\\\":20245,\\\\\\\"to_translate\\\\\\\":{\\\\\\\"en\\\\\\\":20245,\\\\\\\"fr\\\\\\\":20245,\\\\\\\"pl\\\\\\\":20245,\\\\\\\"pt-pt\\\\\\\":20245,\\\\\\\"es\\\\\\\":20245}}\\\"],\\\"_edit_lock\\\":[\\\"1743960702:17\\\"],\\\"_edit_last\\\":[\\\"17\\\"],\\\"_alp_processed\\\":[\\\"1743961707\\\"],\\\"_wpml_location_migration_done\\\":[\\\"1\\\"],\\\"__wpdm_package_dir\\\":[\\\"\\\"],\\\"__wpdm_publish_date\\\":[\\\"\\\"],\\\"__wpdm_expire_date\\\":[\\\"\\\"],\\\"__wpdm_files\\\":[\\\"a:1:{i:1743960758471;s:20:\\\\\\\"Echo 2024 06 IT..pdf\\\\\\\";}\\\"],\\\"__wpdm_fileinfo\\\":[\\\"a:1:{i:1743960758471;a:2:{s:5:\\\\\\\"title\\\\\\\";s:20:\\\\\\\"Echo 2024 06 IT..pdf\\\\\\\";s:8:\\\\\\\"password\\\\\\\";s:0:\\\\\\\"\\\\\\\";}}\\\"],\\\"__wpdm_version\\\":[\\\"\\\"],\\\"__wpdm_link_label\\\":[\\\"\\\"],\\\"__wpdm_quota\\\":[\\\"\\\"],\\\"__wpdm_download_limit_per_user\\\":[\\\"0\\\"],\\\"__wpdm_view_count\\\":[\\\"\\\"],\\\"__wpdm_download_count\\\":[\\\"7\\\"],\\\"__wpdm_package_size\\\":[\\\"879.25 KB\\\"],\\\"__wpdm_access\\\":[\\\"a:1:{i:0;s:5:\\\\\\\"guest\\\\\\\";}\\\"],\\\"__wpdm_individual_file_download\\\":[\\\"-1\\\"],\\\"__wpdm_cache_zip\\\":[\\\"-1\\\"],\\\"__wpdm_template\\\":[\\\"link-template-default.php\\\"],\\\"__wpdm_page_template\\\":[\\\"sjd_single\\\"],\\\"__wpdm_terms_page\\\":[\\\"\\\"],\\\"__wpdm_terms_title\\\":[\\\"\\\"],\\\"__wpdm_terms_conditions\\\":[\\\"\\\"],\\\"__wpdm_terms_check_label\\\":[\\\"\\\"],\\\"__wpdm_password\\\":[\\\"\\\"],\\\"__wpdm_password_usage_limit\\\":[\\\"0\\\"],\\\"__wpdm_linkedin_message\\\":[\\\"\\\"],\\\"__wpdm_linkedin_url\\\":[\\\"\\\"],\\\"__wpdm_tweet_message\\\":[\\\"\\\"],\\\"__wpdm_gc_scopes_contacts\\\":[\\\"0\\\"],\\\"__wpdm_twitter_handle\\\":[\\\"\\\"],\\\"__wpdm_facebook_like\\\":[\\\"\\\"],\\\"__wpdm_email_lock_title\\\":[\\\"Subscribe To Download\\\"],\\\"__wpdm_email_lock_idl\\\":[\\\"0\\\"],\\\"__wpdm_email_lock_msg\\\":[\\\"\\\"],\\\"__wpdm_icon\\\":[\\\"https:\\\\\\\/\\\\\\\/filles-de-la-charite.org\\\\\\\/wp-content\\\\\\\/plugins\\\\\\\/download-manager\\\\\\\/assets\\\\\\\/file-type-icons\\\\\\\/pdf.svg\\\"],\\\"__wpdm_masterkey\\\":[\\\"p2Yn1sWPv-im7m14OuO_Fc0uz5UDIANldZTwjYwGf3IYHia4ur-a8TihjK-l9LL8o6Sn5bcAJrrwghQcNlVFhnmRkFT6HakkfJ0nqz5Dc38\\\"],\\\"_wpml_media_duplicate\\\":[\\\"1\\\"],\\\"_wpml_media_featured\\\":[\\\"1\\\"],\\\"_yoast_wpseo_primary_wpdmcategory\\\":[\\\"247\\\"],\\\"_yoast_wpseo_estimated-reading-time-minutes\\\":[\\\"0\\\"],\\\"_et_builder_dynamic_assets_loading_attr_threshold\\\":[\\\"3\\\"],\\\"__wpdm_package_size_b\\\":[\\\"900351\\\"]},{\\\"ID\\\":null,\\\"title\\\":null,\\\"description\\\":null,\\\"excerpt\\\":null,\\\"fileList\\\":{},\\\"post_status\\\":null,\\\"version\\\":null,\\\"publish_date\\\":null,\\\"publish_date_timestamp\\\":null,\\\"update_date\\\":null,\\\"update_date_timestamp\\\":null,\\\"avail_date\\\":null,\\\"expire_date\\\":null,\\\"link_label\\\":null,\\\"download_count\\\":null,\\\"view_count\\\":null,\\\"access\\\":null,\\\"author\\\":null,\\\"quota\\\":null,\\\"icon\\\":null,\\\"package_size\\\":null,\\\"package\\\":null,\\\"shortCodes\\\":{},\\\"packageData\\\":[],\\\"files\\\":null,\\\"restAPI\\\":null,\\\"templateDir\\\":\\\"\\\\\\\/var\\\\\\\/www\\\\\\\/vhosts\\\\\\\/filles-de-la-charite.org\\\\\\\/httpdocs\\\\\\\/wp-content\\\\\\\/plugins\\\\\\\/download-manager\\\\\\\/src\\\\\\\/Package\\\\\\\/views\\\\\\\/\\\",\\\"download_limit_per_user\\\":null}]}\\n]}\", true);\n\n                \/\/ toggle sidenar .toggle-search-filter-sidebar\n                jQuery('.toggle-search-filter-sidebar').click(function() {\n                    \/\/ togle slide\n                    jQuery('.sidebar-searchbox').slideToggle();\n                });\n            });\n        <\/script>\n        <form role=\"search\" class=\"files-search-form search-form\" action=\"https:\/\/filles-de-la-charite.org\/it\/\" method=\"get\" onsubmit=\"return false;\">\n            <label class=\"input-searchbox\">\n                <button type=\"button\" class=\"toggle-search-filter-sidebar\"><i class=\"fas fa-filter\"><\/i><\/button>\n                <span class=\"screen-reader-text\">Search for:<\/span>\n                <input type=\"search\" class=\"search-field\" placeholder=\"Cerca  &hellip;\" value=\"\" name=\"sq\" \/>\n                <button class=\"search-submit\" onclick=\"searchbox_ajax_response()\"><i class=\"fas fa-search\"><\/i><\/button>\n\n                <select name=\"wpfts_orderby\" onchange=\"searchbox_ajax_response()\">\n                    <option value=\"relevance\" selected>Relevance<\/option>\n                    <option value=\"title\" >Titolo<\/option>\n                    <option value=\"date\" >Data<\/option>\n                    <option value=\"modified\" >Modified<\/option>\n                    <option value=\"rand\" >Random<\/option>\n                <\/select>\n                <select name=\"wpfts_order\" onchange=\"searchbox_ajax_response()\">\n                    <option value=\"ASC\" >Ascending<\/option>\n                    <option value=\"DESC\" selected>Descending<\/option>\n                <\/select>\n            <\/label>\n            \n            <div class=\"row-searchbox\">\n                <div class=\"sidebar-searchbox\">\n                    <div class=\"tags-searchbox\">\n                        <h3>Lingua<\/h3>\n                        <select name=\"wpfts_lang\" onchange=\"searchbox_ajax_response()\">\n                                                            <option value=\"all\" >Todos<\/option>\n                                                            <option value=\"en\" >English<\/option>\n                                                            <option value=\"es\" >Spanish<\/option>\n                                                            <option value=\"fr\" >French<\/option>\n                                                            <option value=\"it\" selected>Italian<\/option>\n                                                            <option value=\"pl\" >Polish<\/option>\n                                                            <option value=\"pt-pt\" >Portuguese, Portugal<\/option>\n                                                    <\/select>\n                    <\/div>\n                                        <div class=\"tags-searchbox\">\n                        <h3>Categorie<\/h3><ul><li><label><input type=\"checkbox\" name=\"wpfts_tags[]\" value=\"267\" onchange=\"searchbox_ajax_response()\" \/>Angolo di Preghiera (122)<\/label><ul><ul><li><label><input type=\"checkbox\" name=\"wpfts_tags[]\" value=\"272\" onchange=\"searchbox_ajax_response()\" \/>Anno liturgico (26)<\/label><\/li><li><label><input type=\"checkbox\" name=\"wpfts_tags[]\" value=\"268\" onchange=\"searchbox_ajax_response()\" \/>Chiesa (43)<\/label><\/li><li><label><input type=\"checkbox\" name=\"wpfts_tags[]\" value=\"269\" onchange=\"searchbox_ajax_response()\" \/>San Vincenzo de Paoli (7)<\/label><\/li><li><label><input type=\"checkbox\" name=\"wpfts_tags[]\" value=\"271\" onchange=\"searchbox_ajax_response()\" \/>Spiritualit\u00e0 vincenziana (37)<\/label><\/li><\/ul><\/ul><\/li><li><label><input type=\"checkbox\" name=\"wpfts_tags[]\" value=\"264\" onchange=\"searchbox_ajax_response()\" \/>Documenti legali (9)<\/label><ul><ul><li><label><input type=\"checkbox\" name=\"wpfts_tags[]\" value=\"266\" onchange=\"searchbox_ajax_response()\" \/>Costituzioni (3)<\/label><\/li><li><label><input type=\"checkbox\" name=\"wpfts_tags[]\" value=\"265\" onchange=\"searchbox_ajax_response()\" \/>Documenti Inter-Assemblee (6)<\/label><\/li><\/ul><\/ul><\/li><li><label><input type=\"checkbox\" name=\"wpfts_tags[]\" value=\"247\" onchange=\"searchbox_ajax_response()\" \/>Echi (127)<\/label><\/li><li><label><input type=\"checkbox\" name=\"wpfts_tags[]\" value=\"550\" onchange=\"searchbox_ajax_response()\" \/>Santa Luisa (1)<\/label><\/li><li><label><input type=\"checkbox\" name=\"wpfts_tags[]\" value=\"547\" onchange=\"searchbox_ajax_response()\" \/>Santa Luisa de Marillac (9)<\/label><\/li><li><label><input type=\"checkbox\" name=\"wpfts_tags[]\" value=\"242\" onchange=\"searchbox_ajax_response()\" \/>Testi contemporanei (4)<\/label><ul><ul><li><label><input type=\"checkbox\" name=\"wpfts_tags[]\" value=\"275\" onchange=\"searchbox_ajax_response()\" \/>Guide (2)<\/label><\/li><li><label><input type=\"checkbox\" name=\"wpfts_tags[]\" value=\"243\" onchange=\"searchbox_ajax_response()\" \/>Madre Suzanne Guillemin (2)<\/label><\/li><\/ul><\/ul><\/li><li><label><input type=\"checkbox\" name=\"wpfts_tags[]\" value=\"244\" onchange=\"searchbox_ajax_response()\" \/>Testi dei Fondatori (6)<\/label><ul><ul><li><label><input type=\"checkbox\" name=\"wpfts_tags[]\" value=\"245\" onchange=\"searchbox_ajax_response()\" \/>San Vincenzo (5)<\/label><\/li><\/ul><\/ul><\/li><li><label><input type=\"checkbox\" name=\"wpfts_tags[]\" value=\"861\" onchange=\"searchbox_ajax_response()\" \/>Testi dei Superiori (46)<\/label><ul><ul><li><label><input type=\"checkbox\" name=\"wpfts_tags[]\" value=\"867\" onchange=\"searchbox_ajax_response()\" \/>Suor Fran\u00e7oise Petit (46)<\/label><\/li><\/ul><\/ul><\/li><\/ul>                    <\/div>                <\/div>\n                <div class=\"results-searchbox\">\n                    <h3>Results<\/h3>\n                <\/div>\n            <\/div>\n        <\/form>\n        \n        <!-- A\u00f1adir el css desde buscador.css -->\n        <link rel=\"stylesheet\" href=\"https:\/\/filles-de-la-charite.org\/wp-content\/plugins\/buscador\/css\/buscador.css\">\n        <\/div>\n\t\t\t<\/div>\n\t\t\t<\/div>\n\t\t\t\t\n\t\t\t\t\n\t\t\t\t\n\t\t\t\t\n\t\t\t<\/div>\n\t\t\t\t\n\t\t\t\t\n\t\t\t<\/div><div class=\"et_d4_element et_pb_section et_pb_section_2 et_pb_section_parallax et_pb_with_background  et_pb_css_mix_blend_mode et_section_regular et_block_section\" >\n\t\t\t\t\n\t\t\t\t<span class=\"et_parallax_bg_wrap et-pb-parallax-wrapper\"><span\n\t\t\t\t\t\tclass=\"et_parallax_bg et_parallax_bg--et_pb_section_2\"\n\t\t\t\t\t\tstyle=\"background-image: url(https:\/\/filles-de-la-charite.org\/wp-content\/uploads\/2023\/07\/domund-carrera-2016240.jpg);\"\n\t\t\t\t\t><\/span><span\n\t\t\t\t\t\tclass=\"et_parallax_gradient\"\n\t\t\t\t\t\tstyle=\"background-image: linear-gradient( , #ffffff 0%, rgba(249,249,249,0.5) 100% );\"\n\t\t\t\t\t><\/span><\/span>\n\t\t\t\t\n\t\t\t\t\n\t\t\t\t\n\t\t\t\t\n\t\t\t\t<div class=\"et_d4_element et_pb_row et_pb_row_3  et_pb_css_mix_blend_mode et_block_row\">\n\t\t\t\t<div class=\"et_d4_element et_pb_column_4_4 et_pb_column et_pb_column_7  et_pb_css_mix_blend_mode et-last-child et_block_column\">\n\t\t\t\t\n\t\t\t\t\n\t\t\t\t\n\t\t\t\t\n\t\t\t\t<div class=\"et_pb_module et_d4_element et_pb_login et_pb_login_0 et_pb_newsletter clearfix  et_pb_text_align_left et_pb_bg_layout_dark et_pb_newsletter_description_no_content\">\n\t\t\t\t\n\t\t\t\t\n\t\t\t\t\n\t\t\t\t\n\t\t\t\t<div class=\"et_pb_newsletter_description\"><h2 class=\"et_pb_module_header\">Sezione privata<\/h2><div class=\"et_pb_newsletter_description_content\"><\/div><\/div>\n\t\t\t\t\n\t\t\t\t<div class=\"et_pb_newsletter_form et_pb_login_form\">\n\t\t\t\t\t<form action=\"https:\/\/filles-de-la-charite.org\/it\/wp-login.php\" method=\"post\">\n\t\t\t\t\t\t<p class=\"et_pb_contact_form_field\">\n\t\t\t\t\t\t\t<label class=\"et_pb_contact_form_label\" for=\"user_login_69f347e5ab7c8\" style=\"display: none;\">Nome Utente<\/label>\n\t\t\t\t\t\t\t<input id=\"user_login_69f347e5ab7c8\" placeholder=\"Nome Utente\" class=\"input\" type=\"text\" value=\"\" name=\"log\" \/>\n\t\t\t\t\t\t<\/p>\n\t\t\t\t\t\t<p class=\"et_pb_contact_form_field\">\n\t\t\t\t\t\t\t<label class=\"et_pb_contact_form_label\" for=\"user_pass_69f347e5ab7c8\" style=\"display: none;\">Password<\/label>\n\t\t\t\t\t\t\t<input id=\"user_pass_69f347e5ab7c8\" placeholder=\"Password\" class=\"input\" type=\"password\" value=\"\" name=\"pwd\" \/>\n\t\t\t\t\t\t<\/p>\n\t\t\t\t\t\t<p class=\"et_pb_forgot_password\"><a href=\"https:\/\/filles-de-la-charite.org\/it\/wp-login.php?action=lostpassword\">Hai dimenticato la password?<\/a><\/p>\n\t\t\t\t\t\t<p>\n\t\t\t\t\t\t\t<button type=\"submit\" name=\"et_builder_submit_button\" class=\"et_pb_newsletter_button et_pb_button\">Accedi<\/button>\n\t\t\t\t\t\t\t<input type=\"hidden\" name=\"redirect_to\" value=\"https:\/\/filles-de-la-charite.org\/it\/wp-json\/wp\/v2\/pages\/8845\" \/>\n\t\t\t\t\t\t<\/p>\n\t\t\t\t\t<\/form>\n\t\t\t\t<\/div>\n\t\t\t<\/div>\n\t\t\t<\/div>\n\t\t\t\t\n\t\t\t\t\n\t\t\t\t\n\t\t\t\t\n\t\t\t<\/div>\n\t\t\t\t\n\t\t\t\t\n\t\t\t<\/div><\/p>\n","protected":false},"excerpt":{"rendered":"","protected":false},"author":1,"featured_media":0,"parent":0,"menu_order":0,"comment_status":"closed","ping_status":"closed","template":"","meta":{"_acf_changed":false,"_et_pb_use_builder":"on","_et_pb_old_content":"","_et_gb_content_width":"","footnotes":"","_links_to":"","_links_to_target":""},"class_list":["post-8845","page","type-page","status-publish","hentry"],"acf":[],"yoast_head":"<!-- This site is optimized with the Yoast SEO plugin v27.5 - https:\/\/yoast.com\/product\/yoast-seo-wordpress\/ -->\n<title>Sezione privata - Filles de la Charit\u00e9<\/title>\n<meta name=\"robots\" content=\"index, follow, max-snippet:-1, max-image-preview:large, max-video-preview:-1\" \/>\n<link rel=\"canonical\" href=\"https:\/\/filles-de-la-charite.org\/it\/area-privata\/\" \/>\n<meta property=\"og:locale\" content=\"it_IT\" \/>\n<meta property=\"og:type\" content=\"article\" \/>\n<meta property=\"og:title\" content=\"Sezione privata - Filles de la Charit\u00e9\" \/>\n<meta property=\"og:url\" content=\"https:\/\/filles-de-la-charite.org\/it\/area-privata\/\" \/>\n<meta property=\"og:site_name\" content=\"Filles de la Charit\u00e9\" \/>\n<meta property=\"article:modified_time\" content=\"2024-05-24T08:20:57+00:00\" \/>\n<meta name=\"twitter:card\" content=\"summary_large_image\" \/>\n<meta name=\"twitter:label1\" content=\"Tempo di lettura stimato\" \/>\n\t<meta name=\"twitter:data1\" content=\"5 minuti\" \/>\n<script type=\"application\/ld+json\" class=\"yoast-schema-graph\">{\"@context\":\"https:\\\/\\\/schema.org\",\"@graph\":[{\"@type\":\"WebPage\",\"@id\":\"https:\\\/\\\/filles-de-la-charite.org\\\/it\\\/area-privata\\\/\",\"url\":\"https:\\\/\\\/filles-de-la-charite.org\\\/it\\\/area-privata\\\/\",\"name\":\"Sezione privata - Filles de la Charit\u00e9\",\"isPartOf\":{\"@id\":\"https:\\\/\\\/filles-de-la-charite.org\\\/it\\\/#website\"},\"datePublished\":\"2023-05-12T12:10:08+00:00\",\"dateModified\":\"2024-05-24T08:20:57+00:00\",\"inLanguage\":\"it-IT\",\"potentialAction\":[{\"@type\":\"ReadAction\",\"target\":[\"https:\\\/\\\/filles-de-la-charite.org\\\/it\\\/area-privata\\\/\"]}]},{\"@type\":\"WebSite\",\"@id\":\"https:\\\/\\\/filles-de-la-charite.org\\\/it\\\/#website\",\"url\":\"https:\\\/\\\/filles-de-la-charite.org\\\/it\\\/\",\"name\":\"Hijas de la Caridad\",\"description\":\"L\u2019amour de J\u00e9sus nous presse \u00e0 prendre soin des personnes les plus d\u00e9munies\",\"publisher\":{\"@id\":\"https:\\\/\\\/filles-de-la-charite.org\\\/it\\\/#organization\"},\"potentialAction\":[{\"@type\":\"SearchAction\",\"target\":{\"@type\":\"EntryPoint\",\"urlTemplate\":\"https:\\\/\\\/filles-de-la-charite.org\\\/it\\\/?s={search_term_string}\"},\"query-input\":{\"@type\":\"PropertyValueSpecification\",\"valueRequired\":true,\"valueName\":\"search_term_string\"}}],\"inLanguage\":\"it-IT\"},{\"@type\":\"Organization\",\"@id\":\"https:\\\/\\\/filles-de-la-charite.org\\\/it\\\/#organization\",\"name\":\"Hijas de la Caridad\",\"url\":\"https:\\\/\\\/filles-de-la-charite.org\\\/it\\\/\",\"logo\":{\"@type\":\"ImageObject\",\"inLanguage\":\"it-IT\",\"@id\":\"https:\\\/\\\/filles-de-la-charite.org\\\/it\\\/#\\\/schema\\\/logo\\\/image\\\/\",\"url\":\"https:\\\/\\\/filles-de-la-charite.org\\\/wp-content\\\/uploads\\\/2023\\\/03\\\/isotipo-Hijas-de-la-Caridad.png\",\"contentUrl\":\"https:\\\/\\\/filles-de-la-charite.org\\\/wp-content\\\/uploads\\\/2023\\\/03\\\/isotipo-Hijas-de-la-Caridad.png\",\"width\":1417,\"height\":1417,\"caption\":\"Hijas de la Caridad\"},\"image\":{\"@id\":\"https:\\\/\\\/filles-de-la-charite.org\\\/it\\\/#\\\/schema\\\/logo\\\/image\\\/\"}}]}<\/script>\n<!-- \/ Yoast SEO plugin. -->","yoast_head_json":{"title":"Sezione privata - Filles de la Charit\u00e9","robots":{"index":"index","follow":"follow","max-snippet":"max-snippet:-1","max-image-preview":"max-image-preview:large","max-video-preview":"max-video-preview:-1"},"canonical":"https:\/\/filles-de-la-charite.org\/it\/area-privata\/","og_locale":"it_IT","og_type":"article","og_title":"Sezione privata - Filles de la Charit\u00e9","og_url":"https:\/\/filles-de-la-charite.org\/it\/area-privata\/","og_site_name":"Filles de la Charit\u00e9","article_modified_time":"2024-05-24T08:20:57+00:00","twitter_card":"summary_large_image","twitter_misc":{"Tempo di lettura stimato":"5 minuti"},"schema":{"@context":"https:\/\/schema.org","@graph":[{"@type":"WebPage","@id":"https:\/\/filles-de-la-charite.org\/it\/area-privata\/","url":"https:\/\/filles-de-la-charite.org\/it\/area-privata\/","name":"Sezione privata - Filles de la Charit\u00e9","isPartOf":{"@id":"https:\/\/filles-de-la-charite.org\/it\/#website"},"datePublished":"2023-05-12T12:10:08+00:00","dateModified":"2024-05-24T08:20:57+00:00","inLanguage":"it-IT","potentialAction":[{"@type":"ReadAction","target":["https:\/\/filles-de-la-charite.org\/it\/area-privata\/"]}]},{"@type":"WebSite","@id":"https:\/\/filles-de-la-charite.org\/it\/#website","url":"https:\/\/filles-de-la-charite.org\/it\/","name":"Hijas de la Caridad","description":"L\u2019amour de J\u00e9sus nous presse \u00e0 prendre soin des personnes les plus d\u00e9munies","publisher":{"@id":"https:\/\/filles-de-la-charite.org\/it\/#organization"},"potentialAction":[{"@type":"SearchAction","target":{"@type":"EntryPoint","urlTemplate":"https:\/\/filles-de-la-charite.org\/it\/?s={search_term_string}"},"query-input":{"@type":"PropertyValueSpecification","valueRequired":true,"valueName":"search_term_string"}}],"inLanguage":"it-IT"},{"@type":"Organization","@id":"https:\/\/filles-de-la-charite.org\/it\/#organization","name":"Hijas de la Caridad","url":"https:\/\/filles-de-la-charite.org\/it\/","logo":{"@type":"ImageObject","inLanguage":"it-IT","@id":"https:\/\/filles-de-la-charite.org\/it\/#\/schema\/logo\/image\/","url":"https:\/\/filles-de-la-charite.org\/wp-content\/uploads\/2023\/03\/isotipo-Hijas-de-la-Caridad.png","contentUrl":"https:\/\/filles-de-la-charite.org\/wp-content\/uploads\/2023\/03\/isotipo-Hijas-de-la-Caridad.png","width":1417,"height":1417,"caption":"Hijas de la Caridad"},"image":{"@id":"https:\/\/filles-de-la-charite.org\/it\/#\/schema\/logo\/image\/"}}]}},"_links":{"self":[{"href":"https:\/\/filles-de-la-charite.org\/it\/wp-json\/wp\/v2\/pages\/8845","targetHints":{"allow":["GET"]}}],"collection":[{"href":"https:\/\/filles-de-la-charite.org\/it\/wp-json\/wp\/v2\/pages"}],"about":[{"href":"https:\/\/filles-de-la-charite.org\/it\/wp-json\/wp\/v2\/types\/page"}],"author":[{"embeddable":true,"href":"https:\/\/filles-de-la-charite.org\/it\/wp-json\/wp\/v2\/users\/1"}],"replies":[{"embeddable":true,"href":"https:\/\/filles-de-la-charite.org\/it\/wp-json\/wp\/v2\/comments?post=8845"}],"version-history":[{"count":44,"href":"https:\/\/filles-de-la-charite.org\/it\/wp-json\/wp\/v2\/pages\/8845\/revisions"}],"predecessor-version":[{"id":36283,"href":"https:\/\/filles-de-la-charite.org\/it\/wp-json\/wp\/v2\/pages\/8845\/revisions\/36283"}],"wp:attachment":[{"href":"https:\/\/filles-de-la-charite.org\/it\/wp-json\/wp\/v2\/media?parent=8845"}],"curies":[{"name":"wp","href":"https:\/\/api.w.org\/{rel}","templated":true}]}}