{"id":25472,"date":"2020-12-31T23:00:00","date_gmt":"2020-12-31T22:00:00","guid":{"rendered":"https:\/\/hijascaridad.sjdigitaldemo.ovh\/rincon-oracion\/santa-elizabeth-ann-seton\/"},"modified":"2020-12-31T23:00:00","modified_gmt":"2020-12-31T22:00:00","slug":"santa-elizabeth-ann-seton","status":"publish","type":"rincon-oracion","link":"https:\/\/filles-de-la-charite.org\/it\/rincon-oracion\/santa-elizabeth-ann-seton\/","title":{"rendered":"Santa Elizabeth Ann Seton"},"content":{"rendered":"\n<p>Duecento anni fa, il 4 gennaio, il Paradiso ha aperto le sue porte per accogliere Elizabeth Ann Seton, fondatrice delle Suore della Carit\u00e0 e prima santa di origine americana. &#8220;Santa Elisabetta Ann Seton, la prima cittadina nativa degli Stati Uniti ad essere canonizzata, offre un modello di vita cristiana per tutte le et\u00e0. La sua vita era vera, il suo cammino autentico anche per i credenti chiamati alla santit\u00e0&#8221;. <em>(Sr. Betty Ann McNeil, 15 giorni di preghiera con santa Elisabetta Ann Seton).<\/em><\/p>\n\n\n\n<figure class=\"wp-block-embed-youtube wp-block-embed is-type-video is-provider-youtube wp-embed-aspect-4-3 wp-has-aspect-ratio\"><div class=\"wp-block-embed__wrapper\">\n<iframe loading=\"lazy\" title=\"Genniao 2021 Santa Elizabeth Ann Seton IT\" width=\"1080\" height=\"810\" src=\"https:\/\/www.youtube.com\/embed\/9ctImWibpus?feature=oembed\"  allow=\"accelerometer; autoplay; clipboard-write; encrypted-media; gyroscope; picture-in-picture; web-share\" referrerpolicy=\"strict-origin-when-cross-origin\" allowfullscreen><\/iframe>\n<\/div><\/figure>\n","protected":false},"featured_media":2291,"template":"","meta":{"_acf_changed":false,"_et_pb_use_builder":"","_et_pb_old_content":"","_et_gb_content_width":"","_links_to":"","_links_to_target":""},"class_list":["post-25472","rincon-oracion","type-rincon-oracion","status-publish","has-post-thumbnail","hentry"],"acf":[],"yoast_head":"<!-- This site is optimized with the Yoast SEO plugin v27.5 - https:\/\/yoast.com\/product\/yoast-seo-wordpress\/ -->\n<title>Santa Elizabeth Ann Seton - Filles de la Charit\u00e9<\/title>\n<meta name=\"robots\" content=\"index, follow, max-snippet:-1, max-image-preview:large, max-video-preview:-1\" \/>\n<link rel=\"canonical\" href=\"https:\/\/filles-de-la-charite.org\/it\/rincon-oracion\/santa-elizabeth-ann-seton\/\" \/>\n<meta property=\"og:locale\" content=\"it_IT\" \/>\n<meta property=\"og:type\" content=\"article\" \/>\n<meta property=\"og:title\" content=\"Santa Elizabeth Ann Seton - Filles de la Charit\u00e9\" \/>\n<meta property=\"og:description\" content=\"Duecento anni fa, il 4 gennaio, il Paradiso ha aperto le sue porte per accogliere Elizabeth Ann Seton, fondatrice delle Suore della Carit\u00e0 e prima santa di origine americana. &#8220;Santa Elisabetta Ann Seton, la prima cittadina nativa degli Stati Uniti ad essere canonizzata, offre un modello di vita cristiana per tutte le et\u00e0. La sua [&hellip;]\" \/>\n<meta property=\"og:url\" content=\"https:\/\/filles-de-la-charite.org\/it\/rincon-oracion\/santa-elizabeth-ann-seton\/\" \/>\n<meta property=\"og:site_name\" content=\"Filles de la Charit\u00e9\" \/>\n<meta property=\"og:image\" content=\"https:\/\/filles-de-la-charite.org\/wp-content\/uploads\/2023\/04\/St.-Elizabeth-Ann-Seton-1024x576.jpg\" \/>\n\t<meta property=\"og:image:width\" content=\"1024\" \/>\n\t<meta property=\"og:image:height\" content=\"576\" \/>\n\t<meta property=\"og:image:type\" content=\"image\/jpeg\" \/>\n<meta name=\"twitter:card\" content=\"summary_large_image\" \/>\n<script type=\"application\/ld+json\" class=\"yoast-schema-graph\">{\"@context\":\"https:\\\/\\\/schema.org\",\"@graph\":[{\"@type\":\"WebPage\",\"@id\":\"https:\\\/\\\/filles-de-la-charite.org\\\/it\\\/rincon-oracion\\\/santa-elizabeth-ann-seton\\\/\",\"url\":\"https:\\\/\\\/filles-de-la-charite.org\\\/it\\\/rincon-oracion\\\/santa-elizabeth-ann-seton\\\/\",\"name\":\"Santa Elizabeth Ann Seton - Filles de la Charit\u00e9\",\"isPartOf\":{\"@id\":\"https:\\\/\\\/filles-de-la-charite.org\\\/it\\\/#website\"},\"primaryImageOfPage\":{\"@id\":\"https:\\\/\\\/filles-de-la-charite.org\\\/it\\\/rincon-oracion\\\/santa-elizabeth-ann-seton\\\/#primaryimage\"},\"image\":{\"@id\":\"https:\\\/\\\/filles-de-la-charite.org\\\/it\\\/rincon-oracion\\\/santa-elizabeth-ann-seton\\\/#primaryimage\"},\"thumbnailUrl\":\"https:\\\/\\\/filles-de-la-charite.org\\\/wp-content\\\/uploads\\\/2023\\\/04\\\/St.-Elizabeth-Ann-Seton.jpg\",\"datePublished\":\"2020-12-31T22:00:00+00:00\",\"inLanguage\":\"it-IT\",\"potentialAction\":[{\"@type\":\"ReadAction\",\"target\":[\"https:\\\/\\\/filles-de-la-charite.org\\\/it\\\/rincon-oracion\\\/santa-elizabeth-ann-seton\\\/\"]}]},{\"@type\":\"ImageObject\",\"inLanguage\":\"it-IT\",\"@id\":\"https:\\\/\\\/filles-de-la-charite.org\\\/it\\\/rincon-oracion\\\/santa-elizabeth-ann-seton\\\/#primaryimage\",\"url\":\"https:\\\/\\\/filles-de-la-charite.org\\\/wp-content\\\/uploads\\\/2023\\\/04\\\/St.-Elizabeth-Ann-Seton.jpg\",\"contentUrl\":\"https:\\\/\\\/filles-de-la-charite.org\\\/wp-content\\\/uploads\\\/2023\\\/04\\\/St.-Elizabeth-Ann-Seton.jpg\",\"width\":10240,\"height\":5760},{\"@type\":\"WebSite\",\"@id\":\"https:\\\/\\\/filles-de-la-charite.org\\\/it\\\/#website\",\"url\":\"https:\\\/\\\/filles-de-la-charite.org\\\/it\\\/\",\"name\":\"Hijas de la Caridad\",\"description\":\"L\u2019amour de J\u00e9sus nous presse \u00e0 prendre soin des personnes les plus d\u00e9munies\",\"publisher\":{\"@id\":\"https:\\\/\\\/filles-de-la-charite.org\\\/it\\\/#organization\"},\"potentialAction\":[{\"@type\":\"SearchAction\",\"target\":{\"@type\":\"EntryPoint\",\"urlTemplate\":\"https:\\\/\\\/filles-de-la-charite.org\\\/it\\\/?s={search_term_string}\"},\"query-input\":{\"@type\":\"PropertyValueSpecification\",\"valueRequired\":true,\"valueName\":\"search_term_string\"}}],\"inLanguage\":\"it-IT\"},{\"@type\":\"Organization\",\"@id\":\"https:\\\/\\\/filles-de-la-charite.org\\\/it\\\/#organization\",\"name\":\"Hijas de la Caridad\",\"url\":\"https:\\\/\\\/filles-de-la-charite.org\\\/it\\\/\",\"logo\":{\"@type\":\"ImageObject\",\"inLanguage\":\"it-IT\",\"@id\":\"https:\\\/\\\/filles-de-la-charite.org\\\/it\\\/#\\\/schema\\\/logo\\\/image\\\/\",\"url\":\"https:\\\/\\\/filles-de-la-charite.org\\\/wp-content\\\/uploads\\\/2023\\\/03\\\/isotipo-Hijas-de-la-Caridad.png\",\"contentUrl\":\"https:\\\/\\\/filles-de-la-charite.org\\\/wp-content\\\/uploads\\\/2023\\\/03\\\/isotipo-Hijas-de-la-Caridad.png\",\"width\":1417,\"height\":1417,\"caption\":\"Hijas de la Caridad\"},\"image\":{\"@id\":\"https:\\\/\\\/filles-de-la-charite.org\\\/it\\\/#\\\/schema\\\/logo\\\/image\\\/\"}}]}<\/script>\n<!-- \/ Yoast SEO plugin. -->","yoast_head_json":{"title":"Santa Elizabeth Ann Seton - Filles de la Charit\u00e9","robots":{"index":"index","follow":"follow","max-snippet":"max-snippet:-1","max-image-preview":"max-image-preview:large","max-video-preview":"max-video-preview:-1"},"canonical":"https:\/\/filles-de-la-charite.org\/it\/rincon-oracion\/santa-elizabeth-ann-seton\/","og_locale":"it_IT","og_type":"article","og_title":"Santa Elizabeth Ann Seton - Filles de la Charit\u00e9","og_description":"Duecento anni fa, il 4 gennaio, il Paradiso ha aperto le sue porte per accogliere Elizabeth Ann Seton, fondatrice delle Suore della Carit\u00e0 e prima santa di origine americana. &#8220;Santa Elisabetta Ann Seton, la prima cittadina nativa degli Stati Uniti ad essere canonizzata, offre un modello di vita cristiana per tutte le et\u00e0. La sua [&hellip;]","og_url":"https:\/\/filles-de-la-charite.org\/it\/rincon-oracion\/santa-elizabeth-ann-seton\/","og_site_name":"Filles de la Charit\u00e9","og_image":[{"width":1024,"height":576,"url":"https:\/\/filles-de-la-charite.org\/wp-content\/uploads\/2023\/04\/St.-Elizabeth-Ann-Seton-1024x576.jpg","type":"image\/jpeg"}],"twitter_card":"summary_large_image","schema":{"@context":"https:\/\/schema.org","@graph":[{"@type":"WebPage","@id":"https:\/\/filles-de-la-charite.org\/it\/rincon-oracion\/santa-elizabeth-ann-seton\/","url":"https:\/\/filles-de-la-charite.org\/it\/rincon-oracion\/santa-elizabeth-ann-seton\/","name":"Santa Elizabeth Ann Seton - Filles de la Charit\u00e9","isPartOf":{"@id":"https:\/\/filles-de-la-charite.org\/it\/#website"},"primaryImageOfPage":{"@id":"https:\/\/filles-de-la-charite.org\/it\/rincon-oracion\/santa-elizabeth-ann-seton\/#primaryimage"},"image":{"@id":"https:\/\/filles-de-la-charite.org\/it\/rincon-oracion\/santa-elizabeth-ann-seton\/#primaryimage"},"thumbnailUrl":"https:\/\/filles-de-la-charite.org\/wp-content\/uploads\/2023\/04\/St.-Elizabeth-Ann-Seton.jpg","datePublished":"2020-12-31T22:00:00+00:00","inLanguage":"it-IT","potentialAction":[{"@type":"ReadAction","target":["https:\/\/filles-de-la-charite.org\/it\/rincon-oracion\/santa-elizabeth-ann-seton\/"]}]},{"@type":"ImageObject","inLanguage":"it-IT","@id":"https:\/\/filles-de-la-charite.org\/it\/rincon-oracion\/santa-elizabeth-ann-seton\/#primaryimage","url":"https:\/\/filles-de-la-charite.org\/wp-content\/uploads\/2023\/04\/St.-Elizabeth-Ann-Seton.jpg","contentUrl":"https:\/\/filles-de-la-charite.org\/wp-content\/uploads\/2023\/04\/St.-Elizabeth-Ann-Seton.jpg","width":10240,"height":5760},{"@type":"WebSite","@id":"https:\/\/filles-de-la-charite.org\/it\/#website","url":"https:\/\/filles-de-la-charite.org\/it\/","name":"Hijas de la Caridad","description":"L\u2019amour de J\u00e9sus nous presse \u00e0 prendre soin des personnes les plus d\u00e9munies","publisher":{"@id":"https:\/\/filles-de-la-charite.org\/it\/#organization"},"potentialAction":[{"@type":"SearchAction","target":{"@type":"EntryPoint","urlTemplate":"https:\/\/filles-de-la-charite.org\/it\/?s={search_term_string}"},"query-input":{"@type":"PropertyValueSpecification","valueRequired":true,"valueName":"search_term_string"}}],"inLanguage":"it-IT"},{"@type":"Organization","@id":"https:\/\/filles-de-la-charite.org\/it\/#organization","name":"Hijas de la Caridad","url":"https:\/\/filles-de-la-charite.org\/it\/","logo":{"@type":"ImageObject","inLanguage":"it-IT","@id":"https:\/\/filles-de-la-charite.org\/it\/#\/schema\/logo\/image\/","url":"https:\/\/filles-de-la-charite.org\/wp-content\/uploads\/2023\/03\/isotipo-Hijas-de-la-Caridad.png","contentUrl":"https:\/\/filles-de-la-charite.org\/wp-content\/uploads\/2023\/03\/isotipo-Hijas-de-la-Caridad.png","width":1417,"height":1417,"caption":"Hijas de la Caridad"},"image":{"@id":"https:\/\/filles-de-la-charite.org\/it\/#\/schema\/logo\/image\/"}}]}},"_links":{"self":[{"href":"https:\/\/filles-de-la-charite.org\/it\/wp-json\/wp\/v2\/rincon-oracion\/25472","targetHints":{"allow":["GET"]}}],"collection":[{"href":"https:\/\/filles-de-la-charite.org\/it\/wp-json\/wp\/v2\/rincon-oracion"}],"about":[{"href":"https:\/\/filles-de-la-charite.org\/it\/wp-json\/wp\/v2\/types\/rincon-oracion"}],"wp:featuredmedia":[{"embeddable":true,"href":"https:\/\/filles-de-la-charite.org\/it\/wp-json\/wp\/v2\/media\/2291"}],"wp:attachment":[{"href":"https:\/\/filles-de-la-charite.org\/it\/wp-json\/wp\/v2\/media?parent=25472"}],"curies":[{"name":"wp","href":"https:\/\/api.w.org\/{rel}","templated":true}]}}