{"id":25615,"date":"2023-01-31T23:00:00","date_gmt":"2023-01-31T22:00:00","guid":{"rendered":"https:\/\/hijascaridad.sjdigitaldemo.ovh\/rincon-oracion\/santa-luisa-de-marillac-mistica-dello-spirito-santo\/"},"modified":"2023-01-31T23:00:00","modified_gmt":"2023-01-31T22:00:00","slug":"santa-luisa-de-marillac-mistica-dello-spirito-santo","status":"publish","type":"rincon-oracion","link":"https:\/\/filles-de-la-charite.org\/it\/rincon-oracion\/santa-luisa-de-marillac-mistica-dello-spirito-santo\/","title":{"rendered":"Santa Luisa de Marillac: mistica dello Spirito Santo"},"content":{"rendered":"\n<p>\u00abLa vita spirituale di santa Luisa \u00e8 caratterizzata soprattutto dalla sua costante accoglienza dello Spirito Santo. Con una delle sue intuizioni - che portano in se stesse il sigillo della loro autenticit\u00e0 - ella unisce la devozione al s\u00ec dell'Annunciazione, con la devozione alla festa della Pentecoste. Come la Vergine Maria, ricolma di grazia per la potenza dello Spirito Santo \u00e8 presente accanto agli apostoli fin dalle origini della Chiesa, cos\u00ec ella ha trovato nell'azione di Dio la sorgente della propria forza, ha sentito che la fedelt\u00e0 della Compagnia si sarebbe radicata nel \"fiat\" di Maria, suo modello e sua guida. Ha saputo far crescere negli altri lo spirito di preghiera di cui viveva, ad esempio di Maria\u00bb. <em>(San Giovanni Paolo II in occasione del IV Centenario della nascita di Santa Luisa)<\/em><\/p>\n\n\n\n<figure class=\"wp-block-embed aligncenter is-type-video is-provider-youtube wp-block-embed-youtube wp-embed-aspect-4-3 wp-has-aspect-ratio\"><div class=\"wp-block-embed__wrapper\">\n<iframe loading=\"lazy\" title=\"[Febbraio 2023] Santa Luisa de Marillac: mistica dello Spirito Santo IT\" width=\"1080\" height=\"810\" src=\"https:\/\/www.youtube.com\/embed\/a70nc_rXOso?feature=oembed\"  allow=\"accelerometer; autoplay; clipboard-write; encrypted-media; gyroscope; picture-in-picture; web-share\" referrerpolicy=\"strict-origin-when-cross-origin\" allowfullscreen><\/iframe>\n<\/div><\/figure>\n","protected":false},"featured_media":2482,"template":"","meta":{"_acf_changed":false,"_links_to":"","_links_to_target":""},"class_list":["post-25615","rincon-oracion","type-rincon-oracion","status-publish","has-post-thumbnail","hentry"],"acf":[],"yoast_head":"<!-- This site is optimized with the Yoast SEO plugin v27.5 - https:\/\/yoast.com\/product\/yoast-seo-wordpress\/ -->\n<title>Santa Luisa de Marillac: mistica dello Spirito Santo - Filles de la Charit\u00e9<\/title>\n<meta name=\"robots\" content=\"index, follow, max-snippet:-1, max-image-preview:large, max-video-preview:-1\" \/>\n<link rel=\"canonical\" href=\"https:\/\/filles-de-la-charite.org\/it\/rincon-oracion\/santa-luisa-de-marillac-mistica-dello-spirito-santo\/\" \/>\n<meta property=\"og:locale\" content=\"it_IT\" \/>\n<meta property=\"og:type\" content=\"article\" \/>\n<meta property=\"og:title\" content=\"Santa Luisa de Marillac: mistica dello Spirito Santo - Filles de la Charit\u00e9\" \/>\n<meta property=\"og:description\" content=\"\u00abLa vita spirituale di santa Luisa \u00e8 caratterizzata soprattutto dalla sua costante accoglienza dello Spirito Santo. Con una delle sue intuizioni &#8211; che portano in se stesse il sigillo della loro autenticit\u00e0 &#8211; ella unisce la devozione al s\u00ec dell&#8217;Annunciazione, con la devozione alla festa della Pentecoste. Come la Vergine Maria, ricolma di grazia per [&hellip;]\" \/>\n<meta property=\"og:url\" content=\"https:\/\/filles-de-la-charite.org\/it\/rincon-oracion\/santa-luisa-de-marillac-mistica-dello-spirito-santo\/\" \/>\n<meta property=\"og:site_name\" content=\"Filles de la Charit\u00e9\" \/>\n<meta property=\"og:image\" content=\"https:\/\/filles-de-la-charite.org\/wp-content\/uploads\/2023\/04\/Febrero-2023-Santa-Luisa-de-Marillac-mistica-Espiritu-Santo_ES-scaled-1.jpg\" \/>\n\t<meta property=\"og:image:width\" content=\"2560\" \/>\n\t<meta property=\"og:image:height\" content=\"1920\" \/>\n\t<meta property=\"og:image:type\" content=\"image\/jpeg\" \/>\n<meta name=\"twitter:card\" content=\"summary_large_image\" \/>\n<meta name=\"twitter:label1\" content=\"Tempo di lettura stimato\" \/>\n\t<meta name=\"twitter:data1\" content=\"1 minuto\" \/>\n<script type=\"application\/ld+json\" class=\"yoast-schema-graph\">{\"@context\":\"https:\\\/\\\/schema.org\",\"@graph\":[{\"@type\":\"WebPage\",\"@id\":\"https:\\\/\\\/filles-de-la-charite.org\\\/it\\\/rincon-oracion\\\/santa-luisa-de-marillac-mistica-dello-spirito-santo\\\/\",\"url\":\"https:\\\/\\\/filles-de-la-charite.org\\\/it\\\/rincon-oracion\\\/santa-luisa-de-marillac-mistica-dello-spirito-santo\\\/\",\"name\":\"Santa Luisa de Marillac: mistica dello Spirito Santo - Filles de la Charit\u00e9\",\"isPartOf\":{\"@id\":\"https:\\\/\\\/filles-de-la-charite.org\\\/it\\\/#website\"},\"primaryImageOfPage\":{\"@id\":\"https:\\\/\\\/filles-de-la-charite.org\\\/it\\\/rincon-oracion\\\/santa-luisa-de-marillac-mistica-dello-spirito-santo\\\/#primaryimage\"},\"image\":{\"@id\":\"https:\\\/\\\/filles-de-la-charite.org\\\/it\\\/rincon-oracion\\\/santa-luisa-de-marillac-mistica-dello-spirito-santo\\\/#primaryimage\"},\"thumbnailUrl\":\"https:\\\/\\\/filles-de-la-charite.org\\\/wp-content\\\/uploads\\\/2023\\\/04\\\/Febrero-2023-Santa-Luisa-de-Marillac-mistica-Espiritu-Santo_ES-scaled-1.jpg\",\"datePublished\":\"2023-01-31T22:00:00+00:00\",\"inLanguage\":\"it-IT\",\"potentialAction\":[{\"@type\":\"ReadAction\",\"target\":[\"https:\\\/\\\/filles-de-la-charite.org\\\/it\\\/rincon-oracion\\\/santa-luisa-de-marillac-mistica-dello-spirito-santo\\\/\"]}]},{\"@type\":\"ImageObject\",\"inLanguage\":\"it-IT\",\"@id\":\"https:\\\/\\\/filles-de-la-charite.org\\\/it\\\/rincon-oracion\\\/santa-luisa-de-marillac-mistica-dello-spirito-santo\\\/#primaryimage\",\"url\":\"https:\\\/\\\/filles-de-la-charite.org\\\/wp-content\\\/uploads\\\/2023\\\/04\\\/Febrero-2023-Santa-Luisa-de-Marillac-mistica-Espiritu-Santo_ES-scaled-1.jpg\",\"contentUrl\":\"https:\\\/\\\/filles-de-la-charite.org\\\/wp-content\\\/uploads\\\/2023\\\/04\\\/Febrero-2023-Santa-Luisa-de-Marillac-mistica-Espiritu-Santo_ES-scaled-1.jpg\",\"width\":2560,\"height\":1920},{\"@type\":\"WebSite\",\"@id\":\"https:\\\/\\\/filles-de-la-charite.org\\\/it\\\/#website\",\"url\":\"https:\\\/\\\/filles-de-la-charite.org\\\/it\\\/\",\"name\":\"Hijas de la Caridad\",\"description\":\"L\u2019amour de J\u00e9sus nous presse \u00e0 prendre soin des personnes les plus d\u00e9munies\",\"publisher\":{\"@id\":\"https:\\\/\\\/filles-de-la-charite.org\\\/it\\\/#organization\"},\"potentialAction\":[{\"@type\":\"SearchAction\",\"target\":{\"@type\":\"EntryPoint\",\"urlTemplate\":\"https:\\\/\\\/filles-de-la-charite.org\\\/it\\\/?s={search_term_string}\"},\"query-input\":{\"@type\":\"PropertyValueSpecification\",\"valueRequired\":true,\"valueName\":\"search_term_string\"}}],\"inLanguage\":\"it-IT\"},{\"@type\":\"Organization\",\"@id\":\"https:\\\/\\\/filles-de-la-charite.org\\\/it\\\/#organization\",\"name\":\"Hijas de la Caridad\",\"url\":\"https:\\\/\\\/filles-de-la-charite.org\\\/it\\\/\",\"logo\":{\"@type\":\"ImageObject\",\"inLanguage\":\"it-IT\",\"@id\":\"https:\\\/\\\/filles-de-la-charite.org\\\/it\\\/#\\\/schema\\\/logo\\\/image\\\/\",\"url\":\"https:\\\/\\\/filles-de-la-charite.org\\\/wp-content\\\/uploads\\\/2023\\\/03\\\/isotipo-Hijas-de-la-Caridad.png\",\"contentUrl\":\"https:\\\/\\\/filles-de-la-charite.org\\\/wp-content\\\/uploads\\\/2023\\\/03\\\/isotipo-Hijas-de-la-Caridad.png\",\"width\":1417,\"height\":1417,\"caption\":\"Hijas de la Caridad\"},\"image\":{\"@id\":\"https:\\\/\\\/filles-de-la-charite.org\\\/it\\\/#\\\/schema\\\/logo\\\/image\\\/\"}}]}<\/script>\n<!-- \/ Yoast SEO plugin. -->","yoast_head_json":{"title":"Santa Luisa de Marillac: mistica dello Spirito Santo - Filles de la Charit\u00e9","robots":{"index":"index","follow":"follow","max-snippet":"max-snippet:-1","max-image-preview":"max-image-preview:large","max-video-preview":"max-video-preview:-1"},"canonical":"https:\/\/filles-de-la-charite.org\/it\/rincon-oracion\/santa-luisa-de-marillac-mistica-dello-spirito-santo\/","og_locale":"it_IT","og_type":"article","og_title":"Santa Luisa de Marillac: mistica dello Spirito Santo - Filles de la Charit\u00e9","og_description":"\u00abLa vita spirituale di santa Luisa \u00e8 caratterizzata soprattutto dalla sua costante accoglienza dello Spirito Santo. Con una delle sue intuizioni &#8211; che portano in se stesse il sigillo della loro autenticit\u00e0 &#8211; ella unisce la devozione al s\u00ec dell&#8217;Annunciazione, con la devozione alla festa della Pentecoste. Come la Vergine Maria, ricolma di grazia per [&hellip;]","og_url":"https:\/\/filles-de-la-charite.org\/it\/rincon-oracion\/santa-luisa-de-marillac-mistica-dello-spirito-santo\/","og_site_name":"Filles de la Charit\u00e9","og_image":[{"width":2560,"height":1920,"url":"https:\/\/filles-de-la-charite.org\/wp-content\/uploads\/2023\/04\/Febrero-2023-Santa-Luisa-de-Marillac-mistica-Espiritu-Santo_ES-scaled-1.jpg","type":"image\/jpeg"}],"twitter_card":"summary_large_image","twitter_misc":{"Tempo di lettura stimato":"1 minuto"},"schema":{"@context":"https:\/\/schema.org","@graph":[{"@type":"WebPage","@id":"https:\/\/filles-de-la-charite.org\/it\/rincon-oracion\/santa-luisa-de-marillac-mistica-dello-spirito-santo\/","url":"https:\/\/filles-de-la-charite.org\/it\/rincon-oracion\/santa-luisa-de-marillac-mistica-dello-spirito-santo\/","name":"Santa Luisa de Marillac: mistica dello Spirito Santo - Filles de la Charit\u00e9","isPartOf":{"@id":"https:\/\/filles-de-la-charite.org\/it\/#website"},"primaryImageOfPage":{"@id":"https:\/\/filles-de-la-charite.org\/it\/rincon-oracion\/santa-luisa-de-marillac-mistica-dello-spirito-santo\/#primaryimage"},"image":{"@id":"https:\/\/filles-de-la-charite.org\/it\/rincon-oracion\/santa-luisa-de-marillac-mistica-dello-spirito-santo\/#primaryimage"},"thumbnailUrl":"https:\/\/filles-de-la-charite.org\/wp-content\/uploads\/2023\/04\/Febrero-2023-Santa-Luisa-de-Marillac-mistica-Espiritu-Santo_ES-scaled-1.jpg","datePublished":"2023-01-31T22:00:00+00:00","inLanguage":"it-IT","potentialAction":[{"@type":"ReadAction","target":["https:\/\/filles-de-la-charite.org\/it\/rincon-oracion\/santa-luisa-de-marillac-mistica-dello-spirito-santo\/"]}]},{"@type":"ImageObject","inLanguage":"it-IT","@id":"https:\/\/filles-de-la-charite.org\/it\/rincon-oracion\/santa-luisa-de-marillac-mistica-dello-spirito-santo\/#primaryimage","url":"https:\/\/filles-de-la-charite.org\/wp-content\/uploads\/2023\/04\/Febrero-2023-Santa-Luisa-de-Marillac-mistica-Espiritu-Santo_ES-scaled-1.jpg","contentUrl":"https:\/\/filles-de-la-charite.org\/wp-content\/uploads\/2023\/04\/Febrero-2023-Santa-Luisa-de-Marillac-mistica-Espiritu-Santo_ES-scaled-1.jpg","width":2560,"height":1920},{"@type":"WebSite","@id":"https:\/\/filles-de-la-charite.org\/it\/#website","url":"https:\/\/filles-de-la-charite.org\/it\/","name":"Hijas de la Caridad","description":"L\u2019amour de J\u00e9sus nous presse \u00e0 prendre soin des personnes les plus d\u00e9munies","publisher":{"@id":"https:\/\/filles-de-la-charite.org\/it\/#organization"},"potentialAction":[{"@type":"SearchAction","target":{"@type":"EntryPoint","urlTemplate":"https:\/\/filles-de-la-charite.org\/it\/?s={search_term_string}"},"query-input":{"@type":"PropertyValueSpecification","valueRequired":true,"valueName":"search_term_string"}}],"inLanguage":"it-IT"},{"@type":"Organization","@id":"https:\/\/filles-de-la-charite.org\/it\/#organization","name":"Hijas de la Caridad","url":"https:\/\/filles-de-la-charite.org\/it\/","logo":{"@type":"ImageObject","inLanguage":"it-IT","@id":"https:\/\/filles-de-la-charite.org\/it\/#\/schema\/logo\/image\/","url":"https:\/\/filles-de-la-charite.org\/wp-content\/uploads\/2023\/03\/isotipo-Hijas-de-la-Caridad.png","contentUrl":"https:\/\/filles-de-la-charite.org\/wp-content\/uploads\/2023\/03\/isotipo-Hijas-de-la-Caridad.png","width":1417,"height":1417,"caption":"Hijas de la Caridad"},"image":{"@id":"https:\/\/filles-de-la-charite.org\/it\/#\/schema\/logo\/image\/"}}]}},"_links":{"self":[{"href":"https:\/\/filles-de-la-charite.org\/it\/wp-json\/wp\/v2\/rincon-oracion\/25615","targetHints":{"allow":["GET"]}}],"collection":[{"href":"https:\/\/filles-de-la-charite.org\/it\/wp-json\/wp\/v2\/rincon-oracion"}],"about":[{"href":"https:\/\/filles-de-la-charite.org\/it\/wp-json\/wp\/v2\/types\/rincon-oracion"}],"wp:featuredmedia":[{"embeddable":true,"href":"https:\/\/filles-de-la-charite.org\/it\/wp-json\/wp\/v2\/media\/2482"}],"wp:attachment":[{"href":"https:\/\/filles-de-la-charite.org\/it\/wp-json\/wp\/v2\/media?parent=25615"}],"curies":[{"name":"wp","href":"https:\/\/api.w.org\/{rel}","templated":true}]}}