{"id":34998,"date":"2024-04-01T15:59:09","date_gmt":"2024-04-01T13:59:09","guid":{"rendered":"https:\/\/hijascaridad.sjdigitaldemo.ovh\/?post_type=rincon-oracion&#038;p=34998"},"modified":"2024-05-10T16:04:56","modified_gmt":"2024-05-10T14:04:56","slug":"resta-con-noi-gesu-risorto","status":"publish","type":"rincon-oracion","link":"https:\/\/filles-de-la-charite.org\/it\/rincon-oracion\/resta-con-noi-gesu-risorto\/","title":{"rendered":"RESTA CON NOI, GESU RISORTO!"},"content":{"rendered":"\n<p>La Risurrezione \u00e8 il fatto centrale della Fede Cristiana. Inizia con la sconfitta, la crocifissione, e il dolore, ma finisce nel trionfo. Le religioni \u201callegre\u201d possono funzionare nei giorni in cui non c\u2019\u00e8 morte, dolore o sofferenza, ma ci \u00e8 voluto l\u2019Amore di Dio, che tocca le tragedie della nostra vita, per convincerci che in Lui, anche noi, possiamo avere la nostra Pasqua dopo il nostro Venerd\u00ec Santo. (Fulton J. Sheen) (31 marzo 1956). Sulla Pasqua<\/p>\n\n\n\n<figure class=\"wp-block-embed is-type-video is-provider-youtube wp-block-embed-youtube wp-embed-aspect-16-9 wp-has-aspect-ratio\"><div class=\"wp-block-embed__wrapper\">\n<iframe loading=\"lazy\" title=\"RESTA CON NOI, GESU RISORTO! IT\" width=\"1080\" height=\"608\" src=\"https:\/\/www.youtube.com\/embed\/yUu0E-bxMFA?feature=oembed\"  allow=\"accelerometer; autoplay; clipboard-write; encrypted-media; gyroscope; picture-in-picture; web-share\" referrerpolicy=\"strict-origin-when-cross-origin\" allowfullscreen><\/iframe>\n<\/div><\/figure>\n","protected":false},"featured_media":34958,"template":"","meta":{"_acf_changed":false,"_links_to":"","_links_to_target":""},"class_list":["post-34998","rincon-oracion","type-rincon-oracion","status-publish","has-post-thumbnail","hentry"],"acf":[],"yoast_head":"<!-- This site is optimized with the Yoast SEO plugin v27.5 - https:\/\/yoast.com\/product\/yoast-seo-wordpress\/ -->\n<title>RESTA CON NOI, GESU RISORTO! - Filles de la Charit\u00e9<\/title>\n<meta name=\"robots\" content=\"index, follow, max-snippet:-1, max-image-preview:large, max-video-preview:-1\" \/>\n<link rel=\"canonical\" href=\"https:\/\/filles-de-la-charite.org\/it\/rincon-oracion\/resta-con-noi-gesu-risorto\/\" \/>\n<meta property=\"og:locale\" content=\"it_IT\" \/>\n<meta property=\"og:type\" content=\"article\" \/>\n<meta property=\"og:title\" content=\"RESTA CON NOI, GESU RISORTO! - Filles de la Charit\u00e9\" \/>\n<meta property=\"og:description\" content=\"La Risurrezione \u00e8 il fatto centrale della Fede Cristiana. Inizia con la sconfitta, la crocifissione, e il dolore, ma finisce nel trionfo. Le religioni \u201callegre\u201d possono funzionare nei giorni in cui non c\u2019\u00e8 morte, dolore o sofferenza, ma ci \u00e8 voluto l\u2019Amore di Dio, che tocca le tragedie della nostra vita, per convincerci che in [&hellip;]\" \/>\n<meta property=\"og:url\" content=\"https:\/\/filles-de-la-charite.org\/it\/rincon-oracion\/resta-con-noi-gesu-risorto\/\" \/>\n<meta property=\"og:site_name\" content=\"Filles de la Charit\u00e9\" \/>\n<meta property=\"article:modified_time\" content=\"2024-05-10T14:04:56+00:00\" \/>\n<meta property=\"og:image\" content=\"https:\/\/filles-de-la-charite.org\/wp-content\/uploads\/2024\/05\/RESTA-CON-NOI-GESU-RISORTO-IT-scaled.jpg\" \/>\n\t<meta property=\"og:image:width\" content=\"2560\" \/>\n\t<meta property=\"og:image:height\" content=\"1440\" \/>\n\t<meta property=\"og:image:type\" content=\"image\/jpeg\" \/>\n<meta name=\"twitter:card\" content=\"summary_large_image\" \/>\n<meta name=\"twitter:label1\" content=\"Tempo di lettura stimato\" \/>\n\t<meta name=\"twitter:data1\" content=\"1 minuto\" \/>\n<script type=\"application\/ld+json\" class=\"yoast-schema-graph\">{\"@context\":\"https:\\\/\\\/schema.org\",\"@graph\":[{\"@type\":\"WebPage\",\"@id\":\"https:\\\/\\\/filles-de-la-charite.org\\\/it\\\/rincon-oracion\\\/resta-con-noi-gesu-risorto\\\/\",\"url\":\"https:\\\/\\\/filles-de-la-charite.org\\\/it\\\/rincon-oracion\\\/resta-con-noi-gesu-risorto\\\/\",\"name\":\"RESTA CON NOI, GESU RISORTO! - Filles de la Charit\u00e9\",\"isPartOf\":{\"@id\":\"https:\\\/\\\/filles-de-la-charite.org\\\/it\\\/#website\"},\"primaryImageOfPage\":{\"@id\":\"https:\\\/\\\/filles-de-la-charite.org\\\/it\\\/rincon-oracion\\\/resta-con-noi-gesu-risorto\\\/#primaryimage\"},\"image\":{\"@id\":\"https:\\\/\\\/filles-de-la-charite.org\\\/it\\\/rincon-oracion\\\/resta-con-noi-gesu-risorto\\\/#primaryimage\"},\"thumbnailUrl\":\"https:\\\/\\\/filles-de-la-charite.org\\\/wp-content\\\/uploads\\\/2024\\\/05\\\/RESTA-CON-NOI-GESU-RISORTO-IT-scaled.jpg\",\"datePublished\":\"2024-04-01T13:59:09+00:00\",\"dateModified\":\"2024-05-10T14:04:56+00:00\",\"inLanguage\":\"it-IT\",\"potentialAction\":[{\"@type\":\"ReadAction\",\"target\":[\"https:\\\/\\\/filles-de-la-charite.org\\\/it\\\/rincon-oracion\\\/resta-con-noi-gesu-risorto\\\/\"]}]},{\"@type\":\"ImageObject\",\"inLanguage\":\"it-IT\",\"@id\":\"https:\\\/\\\/filles-de-la-charite.org\\\/it\\\/rincon-oracion\\\/resta-con-noi-gesu-risorto\\\/#primaryimage\",\"url\":\"https:\\\/\\\/filles-de-la-charite.org\\\/wp-content\\\/uploads\\\/2024\\\/05\\\/RESTA-CON-NOI-GESU-RISORTO-IT-scaled.jpg\",\"contentUrl\":\"https:\\\/\\\/filles-de-la-charite.org\\\/wp-content\\\/uploads\\\/2024\\\/05\\\/RESTA-CON-NOI-GESU-RISORTO-IT-scaled.jpg\",\"width\":2560,\"height\":1440},{\"@type\":\"WebSite\",\"@id\":\"https:\\\/\\\/filles-de-la-charite.org\\\/it\\\/#website\",\"url\":\"https:\\\/\\\/filles-de-la-charite.org\\\/it\\\/\",\"name\":\"Hijas de la Caridad\",\"description\":\"L\u2019amour de J\u00e9sus nous presse \u00e0 prendre soin des personnes les plus d\u00e9munies\",\"publisher\":{\"@id\":\"https:\\\/\\\/filles-de-la-charite.org\\\/it\\\/#organization\"},\"potentialAction\":[{\"@type\":\"SearchAction\",\"target\":{\"@type\":\"EntryPoint\",\"urlTemplate\":\"https:\\\/\\\/filles-de-la-charite.org\\\/it\\\/?s={search_term_string}\"},\"query-input\":{\"@type\":\"PropertyValueSpecification\",\"valueRequired\":true,\"valueName\":\"search_term_string\"}}],\"inLanguage\":\"it-IT\"},{\"@type\":\"Organization\",\"@id\":\"https:\\\/\\\/filles-de-la-charite.org\\\/it\\\/#organization\",\"name\":\"Hijas de la Caridad\",\"url\":\"https:\\\/\\\/filles-de-la-charite.org\\\/it\\\/\",\"logo\":{\"@type\":\"ImageObject\",\"inLanguage\":\"it-IT\",\"@id\":\"https:\\\/\\\/filles-de-la-charite.org\\\/it\\\/#\\\/schema\\\/logo\\\/image\\\/\",\"url\":\"https:\\\/\\\/filles-de-la-charite.org\\\/wp-content\\\/uploads\\\/2023\\\/03\\\/isotipo-Hijas-de-la-Caridad.png\",\"contentUrl\":\"https:\\\/\\\/filles-de-la-charite.org\\\/wp-content\\\/uploads\\\/2023\\\/03\\\/isotipo-Hijas-de-la-Caridad.png\",\"width\":1417,\"height\":1417,\"caption\":\"Hijas de la Caridad\"},\"image\":{\"@id\":\"https:\\\/\\\/filles-de-la-charite.org\\\/it\\\/#\\\/schema\\\/logo\\\/image\\\/\"}}]}<\/script>\n<!-- \/ Yoast SEO plugin. -->","yoast_head_json":{"title":"RESTA CON NOI, GESU RISORTO! - Filles de la Charit\u00e9","robots":{"index":"index","follow":"follow","max-snippet":"max-snippet:-1","max-image-preview":"max-image-preview:large","max-video-preview":"max-video-preview:-1"},"canonical":"https:\/\/filles-de-la-charite.org\/it\/rincon-oracion\/resta-con-noi-gesu-risorto\/","og_locale":"it_IT","og_type":"article","og_title":"RESTA CON NOI, GESU RISORTO! - Filles de la Charit\u00e9","og_description":"La Risurrezione \u00e8 il fatto centrale della Fede Cristiana. Inizia con la sconfitta, la crocifissione, e il dolore, ma finisce nel trionfo. Le religioni \u201callegre\u201d possono funzionare nei giorni in cui non c\u2019\u00e8 morte, dolore o sofferenza, ma ci \u00e8 voluto l\u2019Amore di Dio, che tocca le tragedie della nostra vita, per convincerci che in [&hellip;]","og_url":"https:\/\/filles-de-la-charite.org\/it\/rincon-oracion\/resta-con-noi-gesu-risorto\/","og_site_name":"Filles de la Charit\u00e9","article_modified_time":"2024-05-10T14:04:56+00:00","og_image":[{"width":2560,"height":1440,"url":"https:\/\/filles-de-la-charite.org\/wp-content\/uploads\/2024\/05\/RESTA-CON-NOI-GESU-RISORTO-IT-scaled.jpg","type":"image\/jpeg"}],"twitter_card":"summary_large_image","twitter_misc":{"Tempo di lettura stimato":"1 minuto"},"schema":{"@context":"https:\/\/schema.org","@graph":[{"@type":"WebPage","@id":"https:\/\/filles-de-la-charite.org\/it\/rincon-oracion\/resta-con-noi-gesu-risorto\/","url":"https:\/\/filles-de-la-charite.org\/it\/rincon-oracion\/resta-con-noi-gesu-risorto\/","name":"RESTA CON NOI, GESU RISORTO! - Filles de la Charit\u00e9","isPartOf":{"@id":"https:\/\/filles-de-la-charite.org\/it\/#website"},"primaryImageOfPage":{"@id":"https:\/\/filles-de-la-charite.org\/it\/rincon-oracion\/resta-con-noi-gesu-risorto\/#primaryimage"},"image":{"@id":"https:\/\/filles-de-la-charite.org\/it\/rincon-oracion\/resta-con-noi-gesu-risorto\/#primaryimage"},"thumbnailUrl":"https:\/\/filles-de-la-charite.org\/wp-content\/uploads\/2024\/05\/RESTA-CON-NOI-GESU-RISORTO-IT-scaled.jpg","datePublished":"2024-04-01T13:59:09+00:00","dateModified":"2024-05-10T14:04:56+00:00","inLanguage":"it-IT","potentialAction":[{"@type":"ReadAction","target":["https:\/\/filles-de-la-charite.org\/it\/rincon-oracion\/resta-con-noi-gesu-risorto\/"]}]},{"@type":"ImageObject","inLanguage":"it-IT","@id":"https:\/\/filles-de-la-charite.org\/it\/rincon-oracion\/resta-con-noi-gesu-risorto\/#primaryimage","url":"https:\/\/filles-de-la-charite.org\/wp-content\/uploads\/2024\/05\/RESTA-CON-NOI-GESU-RISORTO-IT-scaled.jpg","contentUrl":"https:\/\/filles-de-la-charite.org\/wp-content\/uploads\/2024\/05\/RESTA-CON-NOI-GESU-RISORTO-IT-scaled.jpg","width":2560,"height":1440},{"@type":"WebSite","@id":"https:\/\/filles-de-la-charite.org\/it\/#website","url":"https:\/\/filles-de-la-charite.org\/it\/","name":"Hijas de la Caridad","description":"L\u2019amour de J\u00e9sus nous presse \u00e0 prendre soin des personnes les plus d\u00e9munies","publisher":{"@id":"https:\/\/filles-de-la-charite.org\/it\/#organization"},"potentialAction":[{"@type":"SearchAction","target":{"@type":"EntryPoint","urlTemplate":"https:\/\/filles-de-la-charite.org\/it\/?s={search_term_string}"},"query-input":{"@type":"PropertyValueSpecification","valueRequired":true,"valueName":"search_term_string"}}],"inLanguage":"it-IT"},{"@type":"Organization","@id":"https:\/\/filles-de-la-charite.org\/it\/#organization","name":"Hijas de la Caridad","url":"https:\/\/filles-de-la-charite.org\/it\/","logo":{"@type":"ImageObject","inLanguage":"it-IT","@id":"https:\/\/filles-de-la-charite.org\/it\/#\/schema\/logo\/image\/","url":"https:\/\/filles-de-la-charite.org\/wp-content\/uploads\/2023\/03\/isotipo-Hijas-de-la-Caridad.png","contentUrl":"https:\/\/filles-de-la-charite.org\/wp-content\/uploads\/2023\/03\/isotipo-Hijas-de-la-Caridad.png","width":1417,"height":1417,"caption":"Hijas de la Caridad"},"image":{"@id":"https:\/\/filles-de-la-charite.org\/it\/#\/schema\/logo\/image\/"}}]}},"_links":{"self":[{"href":"https:\/\/filles-de-la-charite.org\/it\/wp-json\/wp\/v2\/rincon-oracion\/34998","targetHints":{"allow":["GET"]}}],"collection":[{"href":"https:\/\/filles-de-la-charite.org\/it\/wp-json\/wp\/v2\/rincon-oracion"}],"about":[{"href":"https:\/\/filles-de-la-charite.org\/it\/wp-json\/wp\/v2\/types\/rincon-oracion"}],"wp:featuredmedia":[{"embeddable":true,"href":"https:\/\/filles-de-la-charite.org\/it\/wp-json\/wp\/v2\/media\/34958"}],"wp:attachment":[{"href":"https:\/\/filles-de-la-charite.org\/it\/wp-json\/wp\/v2\/media?parent=34998"}],"curies":[{"name":"wp","href":"https:\/\/api.w.org\/{rel}","templated":true}]}}