{"id":30482,"date":"2023-10-30T09:37:46","date_gmt":"2023-10-30T08:37:46","guid":{"rendered":"https:\/\/hijascaridad.sjdigitaldemo.ovh\/service\/i-bambini\/"},"modified":"2024-02-25T18:00:58","modified_gmt":"2024-02-25T17:00:58","slug":"i-bambini","status":"publish","type":"service","link":"https:\/\/filles-de-la-charite.org\/it\/service\/i-bambini\/","title":{"rendered":"Bambini"},"content":{"rendered":"\n<h4 class=\"wp-block-heading\">Per santa Luisa de Marillac, nostra Fondatrice, la cura dei bambini era uno dei servizi pi\u00f9 importanti delle Figlie della Carit\u00e0.  <\/h4>\n\n\n\n<p>La sua esperienza personale le ha insegnato quanto sia importante la presenza di persone affettuose e premurose nella vita dei bambini, soprattutto di quelli orfani, abbandonati o che subiscono le conseguenze della separazione dei loro genitori.<\/p>\n\n\n\n<p>I bambini hanno bisogno di attenzione, cura e consigli per crescere sani e progredire.<br>In effetti, le carenze affettive dell&#8217;infanzia hanno conseguenze per tutta la vita.<br>In molte regioni, i bambini non hanno pi\u00f9 diritto alla loro infanzia. Senza famiglia e molto poveri, devono lavorare e spesso sono sfruttati da coloro che dovrebbero rispettarli e aiutarli.<\/p>\n\n\n\n<p>I bambini, a volte molto piccoli, diventano violenti e fanno uso di droghe perch\u00e9 sovente non hanno accesso ad altre possibilit\u00e0. Per questo motivo e perch\u00e9 sono i pi\u00f9 deboli della societ\u00e0 dobbiamo servirli per primi.<\/p>\n\n\n\n<p>Contribuiamo al benessere dei bambini in diversi modi:<\/p>\n\n\n\n<ul class=\"wp-block-list\">\n<li>nelle scuole dell\u2019infanzia e primarie<\/li>\n\n\n\n<li>attraverso la custodia dei bambini, l&#8217;assistenza alle adozioni e la ricerca di famiglie affidatarie<\/li>\n\n\n\n<li>combattendo la malnutrizione<\/li>\n\n\n\n<li>attraverso programmi di sostegno per genitori e famiglie<\/li>\n<\/ul>\n","protected":false},"featured_media":1927,"template":"","meta":{"_acf_changed":false,"_et_pb_use_builder":"","_et_pb_old_content":"","_et_gb_content_width":"","_links_to":"","_links_to_target":""},"class_list":["post-30482","service","type-service","status-publish","has-post-thumbnail","hentry"],"acf":[],"yoast_head":"<!-- This site is optimized with the Yoast SEO plugin v27.5 - https:\/\/yoast.com\/product\/yoast-seo-wordpress\/ -->\n<title>Bambini - Filles de la Charit\u00e9<\/title>\n<meta name=\"robots\" content=\"index, follow, max-snippet:-1, max-image-preview:large, max-video-preview:-1\" \/>\n<link rel=\"canonical\" href=\"https:\/\/filles-de-la-charite.org\/it\/service\/i-bambini\/\" \/>\n<meta property=\"og:locale\" content=\"it_IT\" \/>\n<meta property=\"og:type\" content=\"article\" \/>\n<meta property=\"og:title\" content=\"Bambini - Filles de la Charit\u00e9\" \/>\n<meta property=\"og:description\" content=\"Per santa Luisa de Marillac, nostra Fondatrice, la cura dei bambini era uno dei servizi pi\u00f9 importanti delle Figlie della Carit\u00e0. La sua esperienza personale le ha insegnato quanto sia importante la presenza di persone affettuose e premurose nella vita dei bambini, soprattutto di quelli orfani, abbandonati o che subiscono le conseguenze della separazione dei [&hellip;]\" \/>\n<meta property=\"og:url\" content=\"https:\/\/filles-de-la-charite.org\/it\/service\/i-bambini\/\" \/>\n<meta property=\"og:site_name\" content=\"Filles de la Charit\u00e9\" \/>\n<meta property=\"article:modified_time\" content=\"2024-02-25T17:00:58+00:00\" \/>\n<meta property=\"og:image\" content=\"https:\/\/filles-de-la-charite.org\/wp-content\/uploads\/2023\/04\/Ninos.jpg\" \/>\n\t<meta property=\"og:image:width\" content=\"1920\" \/>\n\t<meta property=\"og:image:height\" content=\"1280\" \/>\n\t<meta property=\"og:image:type\" content=\"image\/jpeg\" \/>\n<meta name=\"twitter:card\" content=\"summary_large_image\" \/>\n<meta name=\"twitter:label1\" content=\"Tempo di lettura stimato\" \/>\n\t<meta name=\"twitter:data1\" content=\"1 minuto\" \/>\n<script type=\"application\/ld+json\" class=\"yoast-schema-graph\">{\"@context\":\"https:\\\/\\\/schema.org\",\"@graph\":[{\"@type\":\"WebPage\",\"@id\":\"https:\\\/\\\/filles-de-la-charite.org\\\/it\\\/service\\\/i-bambini\\\/\",\"url\":\"https:\\\/\\\/filles-de-la-charite.org\\\/it\\\/service\\\/i-bambini\\\/\",\"name\":\"Bambini - Filles de la Charit\u00e9\",\"isPartOf\":{\"@id\":\"https:\\\/\\\/filles-de-la-charite.org\\\/it\\\/#website\"},\"primaryImageOfPage\":{\"@id\":\"https:\\\/\\\/filles-de-la-charite.org\\\/it\\\/service\\\/i-bambini\\\/#primaryimage\"},\"image\":{\"@id\":\"https:\\\/\\\/filles-de-la-charite.org\\\/it\\\/service\\\/i-bambini\\\/#primaryimage\"},\"thumbnailUrl\":\"https:\\\/\\\/filles-de-la-charite.org\\\/wp-content\\\/uploads\\\/2023\\\/04\\\/Ninos.jpg\",\"datePublished\":\"2023-10-30T08:37:46+00:00\",\"dateModified\":\"2024-02-25T17:00:58+00:00\",\"breadcrumb\":{\"@id\":\"https:\\\/\\\/filles-de-la-charite.org\\\/it\\\/service\\\/i-bambini\\\/#breadcrumb\"},\"inLanguage\":\"it-IT\",\"potentialAction\":[{\"@type\":\"ReadAction\",\"target\":[\"https:\\\/\\\/filles-de-la-charite.org\\\/it\\\/service\\\/i-bambini\\\/\"]}]},{\"@type\":\"ImageObject\",\"inLanguage\":\"it-IT\",\"@id\":\"https:\\\/\\\/filles-de-la-charite.org\\\/it\\\/service\\\/i-bambini\\\/#primaryimage\",\"url\":\"https:\\\/\\\/filles-de-la-charite.org\\\/wp-content\\\/uploads\\\/2023\\\/04\\\/Ninos.jpg\",\"contentUrl\":\"https:\\\/\\\/filles-de-la-charite.org\\\/wp-content\\\/uploads\\\/2023\\\/04\\\/Ninos.jpg\",\"width\":1920,\"height\":1280},{\"@type\":\"BreadcrumbList\",\"@id\":\"https:\\\/\\\/filles-de-la-charite.org\\\/it\\\/service\\\/i-bambini\\\/#breadcrumb\",\"itemListElement\":[{\"@type\":\"ListItem\",\"position\":1,\"name\":\"Services\",\"item\":\"https:\\\/\\\/filles-de-la-charite.org\\\/it\\\/service\\\/\"},{\"@type\":\"ListItem\",\"position\":2,\"name\":\"Bambini\"}]},{\"@type\":\"WebSite\",\"@id\":\"https:\\\/\\\/filles-de-la-charite.org\\\/it\\\/#website\",\"url\":\"https:\\\/\\\/filles-de-la-charite.org\\\/it\\\/\",\"name\":\"Hijas de la Caridad\",\"description\":\"L\u2019amour de J\u00e9sus nous presse \u00e0 prendre soin des personnes les plus d\u00e9munies\",\"publisher\":{\"@id\":\"https:\\\/\\\/filles-de-la-charite.org\\\/it\\\/#organization\"},\"potentialAction\":[{\"@type\":\"SearchAction\",\"target\":{\"@type\":\"EntryPoint\",\"urlTemplate\":\"https:\\\/\\\/filles-de-la-charite.org\\\/it\\\/?s={search_term_string}\"},\"query-input\":{\"@type\":\"PropertyValueSpecification\",\"valueRequired\":true,\"valueName\":\"search_term_string\"}}],\"inLanguage\":\"it-IT\"},{\"@type\":\"Organization\",\"@id\":\"https:\\\/\\\/filles-de-la-charite.org\\\/it\\\/#organization\",\"name\":\"Hijas de la Caridad\",\"url\":\"https:\\\/\\\/filles-de-la-charite.org\\\/it\\\/\",\"logo\":{\"@type\":\"ImageObject\",\"inLanguage\":\"it-IT\",\"@id\":\"https:\\\/\\\/filles-de-la-charite.org\\\/it\\\/#\\\/schema\\\/logo\\\/image\\\/\",\"url\":\"https:\\\/\\\/filles-de-la-charite.org\\\/wp-content\\\/uploads\\\/2023\\\/03\\\/isotipo-Hijas-de-la-Caridad.png\",\"contentUrl\":\"https:\\\/\\\/filles-de-la-charite.org\\\/wp-content\\\/uploads\\\/2023\\\/03\\\/isotipo-Hijas-de-la-Caridad.png\",\"width\":1417,\"height\":1417,\"caption\":\"Hijas de la Caridad\"},\"image\":{\"@id\":\"https:\\\/\\\/filles-de-la-charite.org\\\/it\\\/#\\\/schema\\\/logo\\\/image\\\/\"}}]}<\/script>\n<!-- \/ Yoast SEO plugin. -->","yoast_head_json":{"title":"Bambini - Filles de la Charit\u00e9","robots":{"index":"index","follow":"follow","max-snippet":"max-snippet:-1","max-image-preview":"max-image-preview:large","max-video-preview":"max-video-preview:-1"},"canonical":"https:\/\/filles-de-la-charite.org\/it\/service\/i-bambini\/","og_locale":"it_IT","og_type":"article","og_title":"Bambini - Filles de la Charit\u00e9","og_description":"Per santa Luisa de Marillac, nostra Fondatrice, la cura dei bambini era uno dei servizi pi\u00f9 importanti delle Figlie della Carit\u00e0. La sua esperienza personale le ha insegnato quanto sia importante la presenza di persone affettuose e premurose nella vita dei bambini, soprattutto di quelli orfani, abbandonati o che subiscono le conseguenze della separazione dei [&hellip;]","og_url":"https:\/\/filles-de-la-charite.org\/it\/service\/i-bambini\/","og_site_name":"Filles de la Charit\u00e9","article_modified_time":"2024-02-25T17:00:58+00:00","og_image":[{"width":1920,"height":1280,"url":"https:\/\/filles-de-la-charite.org\/wp-content\/uploads\/2023\/04\/Ninos.jpg","type":"image\/jpeg"}],"twitter_card":"summary_large_image","twitter_misc":{"Tempo di lettura stimato":"1 minuto"},"schema":{"@context":"https:\/\/schema.org","@graph":[{"@type":"WebPage","@id":"https:\/\/filles-de-la-charite.org\/it\/service\/i-bambini\/","url":"https:\/\/filles-de-la-charite.org\/it\/service\/i-bambini\/","name":"Bambini - Filles de la Charit\u00e9","isPartOf":{"@id":"https:\/\/filles-de-la-charite.org\/it\/#website"},"primaryImageOfPage":{"@id":"https:\/\/filles-de-la-charite.org\/it\/service\/i-bambini\/#primaryimage"},"image":{"@id":"https:\/\/filles-de-la-charite.org\/it\/service\/i-bambini\/#primaryimage"},"thumbnailUrl":"https:\/\/filles-de-la-charite.org\/wp-content\/uploads\/2023\/04\/Ninos.jpg","datePublished":"2023-10-30T08:37:46+00:00","dateModified":"2024-02-25T17:00:58+00:00","breadcrumb":{"@id":"https:\/\/filles-de-la-charite.org\/it\/service\/i-bambini\/#breadcrumb"},"inLanguage":"it-IT","potentialAction":[{"@type":"ReadAction","target":["https:\/\/filles-de-la-charite.org\/it\/service\/i-bambini\/"]}]},{"@type":"ImageObject","inLanguage":"it-IT","@id":"https:\/\/filles-de-la-charite.org\/it\/service\/i-bambini\/#primaryimage","url":"https:\/\/filles-de-la-charite.org\/wp-content\/uploads\/2023\/04\/Ninos.jpg","contentUrl":"https:\/\/filles-de-la-charite.org\/wp-content\/uploads\/2023\/04\/Ninos.jpg","width":1920,"height":1280},{"@type":"BreadcrumbList","@id":"https:\/\/filles-de-la-charite.org\/it\/service\/i-bambini\/#breadcrumb","itemListElement":[{"@type":"ListItem","position":1,"name":"Services","item":"https:\/\/filles-de-la-charite.org\/it\/service\/"},{"@type":"ListItem","position":2,"name":"Bambini"}]},{"@type":"WebSite","@id":"https:\/\/filles-de-la-charite.org\/it\/#website","url":"https:\/\/filles-de-la-charite.org\/it\/","name":"Hijas de la Caridad","description":"L\u2019amour de J\u00e9sus nous presse \u00e0 prendre soin des personnes les plus d\u00e9munies","publisher":{"@id":"https:\/\/filles-de-la-charite.org\/it\/#organization"},"potentialAction":[{"@type":"SearchAction","target":{"@type":"EntryPoint","urlTemplate":"https:\/\/filles-de-la-charite.org\/it\/?s={search_term_string}"},"query-input":{"@type":"PropertyValueSpecification","valueRequired":true,"valueName":"search_term_string"}}],"inLanguage":"it-IT"},{"@type":"Organization","@id":"https:\/\/filles-de-la-charite.org\/it\/#organization","name":"Hijas de la Caridad","url":"https:\/\/filles-de-la-charite.org\/it\/","logo":{"@type":"ImageObject","inLanguage":"it-IT","@id":"https:\/\/filles-de-la-charite.org\/it\/#\/schema\/logo\/image\/","url":"https:\/\/filles-de-la-charite.org\/wp-content\/uploads\/2023\/03\/isotipo-Hijas-de-la-Caridad.png","contentUrl":"https:\/\/filles-de-la-charite.org\/wp-content\/uploads\/2023\/03\/isotipo-Hijas-de-la-Caridad.png","width":1417,"height":1417,"caption":"Hijas de la Caridad"},"image":{"@id":"https:\/\/filles-de-la-charite.org\/it\/#\/schema\/logo\/image\/"}}]}},"_links":{"self":[{"href":"https:\/\/filles-de-la-charite.org\/it\/wp-json\/wp\/v2\/service\/30482","targetHints":{"allow":["GET"]}}],"collection":[{"href":"https:\/\/filles-de-la-charite.org\/it\/wp-json\/wp\/v2\/service"}],"about":[{"href":"https:\/\/filles-de-la-charite.org\/it\/wp-json\/wp\/v2\/types\/service"}],"wp:featuredmedia":[{"embeddable":true,"href":"https:\/\/filles-de-la-charite.org\/it\/wp-json\/wp\/v2\/media\/1927"}],"wp:attachment":[{"href":"https:\/\/filles-de-la-charite.org\/it\/wp-json\/wp\/v2\/media?parent=30482"}],"curies":[{"name":"wp","href":"https:\/\/api.w.org\/{rel}","templated":true}]}}