{"id":30553,"date":"2023-10-30T16:05:58","date_gmt":"2023-10-30T15:05:58","guid":{"rendered":"https:\/\/hijascaridad.sjdigitaldemo.ovh\/service\/promozione-delle-donne\/"},"modified":"2024-02-25T18:08:26","modified_gmt":"2024-02-25T17:08:26","slug":"promozione-delle-donne","status":"publish","type":"service","link":"https:\/\/filles-de-la-charite.org\/it\/service\/promozione-delle-donne\/","title":{"rendered":"Donne"},"content":{"rendered":"\n<h4 class=\"wp-block-heading\">Le donne sono uguali agli uomini in dignit\u00e0, perch\u00e9 ogni persona \u00e8 immagine di Dio. Per Ges\u00f9 questo era evidente e affrontava i tab\u00f9 religiosi del suo tempo, parlava con le donne, permetteva loro di avvicinarsi a lui, di toccarlo e di seguirlo.<\/h4>\n\n\n\n<p>Le donne hanno una missione importante e speciale nella costruzione della societ\u00e0 e del Regno di Dio. La loro particolarit\u00e0 e i loro doni devono essere riconosciuti da tutti e valorizzati perch\u00e9 sono necessari per tutti.<\/p>\n\n\n\n<p>Le donne rappresentano il 50% della popolazione. Eppure, in molte culture e societ\u00e0, sono sottovalutate e maltrattate. A volte sono il gruppo sociale pi\u00f9 vulnerabile.<br>Discepole di Ges\u00f9, siamo impegnate nella promozione delle donne.<br>Lavoriamo con loro per eliminare le disuguaglianze:<\/p>\n\n\n\n<ul class=\"wp-block-list\">\n<li>sponsorizzando progetti per renderle autonome<\/li>\n\n\n\n<li>offrendo loro un alloggio sicuro<\/li>\n\n\n\n<li>proponendo loro alternative alla trappola della prostituzione<\/li>\n\n\n\n<li>cercando con esse di promuovere il ruolo delle donne<\/li>\n<\/ul>\n","protected":false},"featured_media":35494,"template":"","meta":{"_acf_changed":false,"_et_pb_use_builder":"","_et_pb_old_content":"","_et_gb_content_width":"","_links_to":"","_links_to_target":""},"class_list":["post-30553","service","type-service","status-publish","has-post-thumbnail","hentry"],"acf":[],"yoast_head":"<!-- This site is optimized with the Yoast SEO plugin v27.5 - https:\/\/yoast.com\/product\/yoast-seo-wordpress\/ -->\n<title>Donne - Filles de la Charit\u00e9<\/title>\n<meta name=\"robots\" content=\"index, follow, max-snippet:-1, max-image-preview:large, max-video-preview:-1\" \/>\n<link rel=\"canonical\" href=\"https:\/\/filles-de-la-charite.org\/it\/service\/promozione-delle-donne\/\" \/>\n<meta property=\"og:locale\" content=\"it_IT\" \/>\n<meta property=\"og:type\" content=\"article\" \/>\n<meta property=\"og:title\" content=\"Donne - Filles de la Charit\u00e9\" \/>\n<meta property=\"og:description\" content=\"Le donne sono uguali agli uomini in dignit\u00e0, perch\u00e9 ogni persona \u00e8 immagine di Dio. Per Ges\u00f9 questo era evidente e affrontava i tab\u00f9 religiosi del suo tempo, parlava con le donne, permetteva loro di avvicinarsi a lui, di toccarlo e di seguirlo. Le donne hanno una missione importante e speciale nella costruzione della societ\u00e0 [&hellip;]\" \/>\n<meta property=\"og:url\" content=\"https:\/\/filles-de-la-charite.org\/it\/service\/promozione-delle-donne\/\" \/>\n<meta property=\"og:site_name\" content=\"Filles de la Charit\u00e9\" \/>\n<meta property=\"article:modified_time\" content=\"2024-02-25T17:08:26+00:00\" \/>\n<meta property=\"og:image\" content=\"https:\/\/filles-de-la-charite.org\/wp-content\/uploads\/2024\/05\/para-la-web-SERVIMOS-MUJER2.jpg\" \/>\n\t<meta property=\"og:image:width\" content=\"926\" \/>\n\t<meta property=\"og:image:height\" content=\"694\" \/>\n\t<meta property=\"og:image:type\" content=\"image\/jpeg\" \/>\n<meta name=\"twitter:card\" content=\"summary_large_image\" \/>\n<meta name=\"twitter:label1\" content=\"Tempo di lettura stimato\" \/>\n\t<meta name=\"twitter:data1\" content=\"1 minuto\" \/>\n<script type=\"application\/ld+json\" class=\"yoast-schema-graph\">{\"@context\":\"https:\\\/\\\/schema.org\",\"@graph\":[{\"@type\":\"WebPage\",\"@id\":\"https:\\\/\\\/filles-de-la-charite.org\\\/it\\\/service\\\/promozione-delle-donne\\\/\",\"url\":\"https:\\\/\\\/filles-de-la-charite.org\\\/it\\\/service\\\/promozione-delle-donne\\\/\",\"name\":\"Donne - Filles de la Charit\u00e9\",\"isPartOf\":{\"@id\":\"https:\\\/\\\/filles-de-la-charite.org\\\/it\\\/#website\"},\"primaryImageOfPage\":{\"@id\":\"https:\\\/\\\/filles-de-la-charite.org\\\/it\\\/service\\\/promozione-delle-donne\\\/#primaryimage\"},\"image\":{\"@id\":\"https:\\\/\\\/filles-de-la-charite.org\\\/it\\\/service\\\/promozione-delle-donne\\\/#primaryimage\"},\"thumbnailUrl\":\"https:\\\/\\\/filles-de-la-charite.org\\\/wp-content\\\/uploads\\\/2024\\\/05\\\/para-la-web-SERVIMOS-MUJER2.jpg\",\"datePublished\":\"2023-10-30T15:05:58+00:00\",\"dateModified\":\"2024-02-25T17:08:26+00:00\",\"breadcrumb\":{\"@id\":\"https:\\\/\\\/filles-de-la-charite.org\\\/it\\\/service\\\/promozione-delle-donne\\\/#breadcrumb\"},\"inLanguage\":\"it-IT\",\"potentialAction\":[{\"@type\":\"ReadAction\",\"target\":[\"https:\\\/\\\/filles-de-la-charite.org\\\/it\\\/service\\\/promozione-delle-donne\\\/\"]}]},{\"@type\":\"ImageObject\",\"inLanguage\":\"it-IT\",\"@id\":\"https:\\\/\\\/filles-de-la-charite.org\\\/it\\\/service\\\/promozione-delle-donne\\\/#primaryimage\",\"url\":\"https:\\\/\\\/filles-de-la-charite.org\\\/wp-content\\\/uploads\\\/2024\\\/05\\\/para-la-web-SERVIMOS-MUJER2.jpg\",\"contentUrl\":\"https:\\\/\\\/filles-de-la-charite.org\\\/wp-content\\\/uploads\\\/2024\\\/05\\\/para-la-web-SERVIMOS-MUJER2.jpg\",\"width\":926,\"height\":694},{\"@type\":\"BreadcrumbList\",\"@id\":\"https:\\\/\\\/filles-de-la-charite.org\\\/it\\\/service\\\/promozione-delle-donne\\\/#breadcrumb\",\"itemListElement\":[{\"@type\":\"ListItem\",\"position\":1,\"name\":\"Services\",\"item\":\"https:\\\/\\\/filles-de-la-charite.org\\\/it\\\/service\\\/\"},{\"@type\":\"ListItem\",\"position\":2,\"name\":\"Donne\"}]},{\"@type\":\"WebSite\",\"@id\":\"https:\\\/\\\/filles-de-la-charite.org\\\/it\\\/#website\",\"url\":\"https:\\\/\\\/filles-de-la-charite.org\\\/it\\\/\",\"name\":\"Hijas de la Caridad\",\"description\":\"L\u2019amour de J\u00e9sus nous presse \u00e0 prendre soin des personnes les plus d\u00e9munies\",\"publisher\":{\"@id\":\"https:\\\/\\\/filles-de-la-charite.org\\\/it\\\/#organization\"},\"potentialAction\":[{\"@type\":\"SearchAction\",\"target\":{\"@type\":\"EntryPoint\",\"urlTemplate\":\"https:\\\/\\\/filles-de-la-charite.org\\\/it\\\/?s={search_term_string}\"},\"query-input\":{\"@type\":\"PropertyValueSpecification\",\"valueRequired\":true,\"valueName\":\"search_term_string\"}}],\"inLanguage\":\"it-IT\"},{\"@type\":\"Organization\",\"@id\":\"https:\\\/\\\/filles-de-la-charite.org\\\/it\\\/#organization\",\"name\":\"Hijas de la Caridad\",\"url\":\"https:\\\/\\\/filles-de-la-charite.org\\\/it\\\/\",\"logo\":{\"@type\":\"ImageObject\",\"inLanguage\":\"it-IT\",\"@id\":\"https:\\\/\\\/filles-de-la-charite.org\\\/it\\\/#\\\/schema\\\/logo\\\/image\\\/\",\"url\":\"https:\\\/\\\/filles-de-la-charite.org\\\/wp-content\\\/uploads\\\/2023\\\/03\\\/isotipo-Hijas-de-la-Caridad.png\",\"contentUrl\":\"https:\\\/\\\/filles-de-la-charite.org\\\/wp-content\\\/uploads\\\/2023\\\/03\\\/isotipo-Hijas-de-la-Caridad.png\",\"width\":1417,\"height\":1417,\"caption\":\"Hijas de la Caridad\"},\"image\":{\"@id\":\"https:\\\/\\\/filles-de-la-charite.org\\\/it\\\/#\\\/schema\\\/logo\\\/image\\\/\"}}]}<\/script>\n<!-- \/ Yoast SEO plugin. -->","yoast_head_json":{"title":"Donne - Filles de la Charit\u00e9","robots":{"index":"index","follow":"follow","max-snippet":"max-snippet:-1","max-image-preview":"max-image-preview:large","max-video-preview":"max-video-preview:-1"},"canonical":"https:\/\/filles-de-la-charite.org\/it\/service\/promozione-delle-donne\/","og_locale":"it_IT","og_type":"article","og_title":"Donne - Filles de la Charit\u00e9","og_description":"Le donne sono uguali agli uomini in dignit\u00e0, perch\u00e9 ogni persona \u00e8 immagine di Dio. Per Ges\u00f9 questo era evidente e affrontava i tab\u00f9 religiosi del suo tempo, parlava con le donne, permetteva loro di avvicinarsi a lui, di toccarlo e di seguirlo. Le donne hanno una missione importante e speciale nella costruzione della societ\u00e0 [&hellip;]","og_url":"https:\/\/filles-de-la-charite.org\/it\/service\/promozione-delle-donne\/","og_site_name":"Filles de la Charit\u00e9","article_modified_time":"2024-02-25T17:08:26+00:00","og_image":[{"width":926,"height":694,"url":"https:\/\/filles-de-la-charite.org\/wp-content\/uploads\/2024\/05\/para-la-web-SERVIMOS-MUJER2.jpg","type":"image\/jpeg"}],"twitter_card":"summary_large_image","twitter_misc":{"Tempo di lettura stimato":"1 minuto"},"schema":{"@context":"https:\/\/schema.org","@graph":[{"@type":"WebPage","@id":"https:\/\/filles-de-la-charite.org\/it\/service\/promozione-delle-donne\/","url":"https:\/\/filles-de-la-charite.org\/it\/service\/promozione-delle-donne\/","name":"Donne - Filles de la Charit\u00e9","isPartOf":{"@id":"https:\/\/filles-de-la-charite.org\/it\/#website"},"primaryImageOfPage":{"@id":"https:\/\/filles-de-la-charite.org\/it\/service\/promozione-delle-donne\/#primaryimage"},"image":{"@id":"https:\/\/filles-de-la-charite.org\/it\/service\/promozione-delle-donne\/#primaryimage"},"thumbnailUrl":"https:\/\/filles-de-la-charite.org\/wp-content\/uploads\/2024\/05\/para-la-web-SERVIMOS-MUJER2.jpg","datePublished":"2023-10-30T15:05:58+00:00","dateModified":"2024-02-25T17:08:26+00:00","breadcrumb":{"@id":"https:\/\/filles-de-la-charite.org\/it\/service\/promozione-delle-donne\/#breadcrumb"},"inLanguage":"it-IT","potentialAction":[{"@type":"ReadAction","target":["https:\/\/filles-de-la-charite.org\/it\/service\/promozione-delle-donne\/"]}]},{"@type":"ImageObject","inLanguage":"it-IT","@id":"https:\/\/filles-de-la-charite.org\/it\/service\/promozione-delle-donne\/#primaryimage","url":"https:\/\/filles-de-la-charite.org\/wp-content\/uploads\/2024\/05\/para-la-web-SERVIMOS-MUJER2.jpg","contentUrl":"https:\/\/filles-de-la-charite.org\/wp-content\/uploads\/2024\/05\/para-la-web-SERVIMOS-MUJER2.jpg","width":926,"height":694},{"@type":"BreadcrumbList","@id":"https:\/\/filles-de-la-charite.org\/it\/service\/promozione-delle-donne\/#breadcrumb","itemListElement":[{"@type":"ListItem","position":1,"name":"Services","item":"https:\/\/filles-de-la-charite.org\/it\/service\/"},{"@type":"ListItem","position":2,"name":"Donne"}]},{"@type":"WebSite","@id":"https:\/\/filles-de-la-charite.org\/it\/#website","url":"https:\/\/filles-de-la-charite.org\/it\/","name":"Hijas de la Caridad","description":"L\u2019amour de J\u00e9sus nous presse \u00e0 prendre soin des personnes les plus d\u00e9munies","publisher":{"@id":"https:\/\/filles-de-la-charite.org\/it\/#organization"},"potentialAction":[{"@type":"SearchAction","target":{"@type":"EntryPoint","urlTemplate":"https:\/\/filles-de-la-charite.org\/it\/?s={search_term_string}"},"query-input":{"@type":"PropertyValueSpecification","valueRequired":true,"valueName":"search_term_string"}}],"inLanguage":"it-IT"},{"@type":"Organization","@id":"https:\/\/filles-de-la-charite.org\/it\/#organization","name":"Hijas de la Caridad","url":"https:\/\/filles-de-la-charite.org\/it\/","logo":{"@type":"ImageObject","inLanguage":"it-IT","@id":"https:\/\/filles-de-la-charite.org\/it\/#\/schema\/logo\/image\/","url":"https:\/\/filles-de-la-charite.org\/wp-content\/uploads\/2023\/03\/isotipo-Hijas-de-la-Caridad.png","contentUrl":"https:\/\/filles-de-la-charite.org\/wp-content\/uploads\/2023\/03\/isotipo-Hijas-de-la-Caridad.png","width":1417,"height":1417,"caption":"Hijas de la Caridad"},"image":{"@id":"https:\/\/filles-de-la-charite.org\/it\/#\/schema\/logo\/image\/"}}]}},"_links":{"self":[{"href":"https:\/\/filles-de-la-charite.org\/it\/wp-json\/wp\/v2\/service\/30553","targetHints":{"allow":["GET"]}}],"collection":[{"href":"https:\/\/filles-de-la-charite.org\/it\/wp-json\/wp\/v2\/service"}],"about":[{"href":"https:\/\/filles-de-la-charite.org\/it\/wp-json\/wp\/v2\/types\/service"}],"wp:featuredmedia":[{"embeddable":true,"href":"https:\/\/filles-de-la-charite.org\/it\/wp-json\/wp\/v2\/media\/35494"}],"wp:attachment":[{"href":"https:\/\/filles-de-la-charite.org\/it\/wp-json\/wp\/v2\/media?parent=30553"}],"curies":[{"name":"wp","href":"https:\/\/api.w.org\/{rel}","templated":true}]}}