{"id":7938,"date":"2020-10-06T13:32:08","date_gmt":"2020-10-06T11:32:08","guid":{"rendered":"https:\/\/hijascaridad.sjdigitaldemo.ovh\/vida-entregada\/la-mia-vocazione-e-di-servire-con-gioia\/"},"modified":"2023-05-23T11:01:26","modified_gmt":"2023-05-23T09:01:26","slug":"la-mia-vocazione-e-di-servire-con-gioia","status":"publish","type":"vida-entregada","link":"https:\/\/filles-de-la-charite.org\/it\/vida-entregada\/la-mia-vocazione-e-di-servire-con-gioia\/","title":{"rendered":"La mia vocazione \u00e8 di servire con gioia"},"content":{"rendered":"\n<div class=\"wp-block-image\"><figure class=\"alignleft\"><img decoding=\"async\" src=\"https:\/\/www.filles-de-la-charite.org\/wp-content\/uploads\/OLD\/2016\/06\/IMG-20200724-WA0010.jpg\" alt=\"\" class=\"wp-image-41171\"\/><\/figure><\/div>\n\n\n\n<p>La mia vocazione \u00e8 iniziata in tenera et\u00e0 in una famiglia cristiana e cattolica nella piccola citt\u00e0 di Catarina, all'interno del Cear\u00e1, in Brasile. Grazie all'esempio dei miei genitori e alla fedele testimonianza della mia nonna materna, Maria Ezequiel Domingues (deceduta), la mia famiglia si \u00e8 affezionata alle cose di Dio, in particolare alla devozione alla Madonna: il rosario che vedevamo recitare ogni giorno dalla nonna, il ringraziamento prima e dopo i pasti, la preghiera prima di andare a dormire e al risveglio, l'abitudine di chiedere le benedizioni dei genitori e degli anziani con rispetto e obbedienza. Queste pratiche infondevano i valori cristiani e la carit\u00e0 verso i bisognosi che la famiglia osservava nei gesti di nostra madre, affinavano il nostro senso di generosit\u00e0.<\/p>\n\n\n\n<p>Dopo la mia prima Comunione, ho continuato a partecipare agli incontri di preghiera e sono diventata catechista. Mi sentivo felice, realizzata in questa missione, e sempre desiderosa di andare oltre. Dopo la cresima, ho sentito chiaramente la chiamata alla vita consacrata e lo Spirito Santo mi ha dato il coraggio di parlare, di annunciare le meraviglie del Signore con gioia e senza paura. Lo zelo missionario, l'atteggiamento profetico dei sacerdoti, la Chiesa rinnovata, le parrocchie vibranti, i giovani impegnati e animati erano e sono tuttora il sogno di Dio, trovando un'eco nel mio cuore e sostenendo la mia vocazione.<\/p>\n\n\n\n<div class=\"wp-block-image\"><figure class=\"alignright\"><img decoding=\"async\" src=\"https:\/\/www.filles-de-la-charite.org\/wp-content\/uploads\/OLD\/2016\/06\/2-1.jpg\" alt=\"\" class=\"wp-image-41161\"\/><\/figure><\/div>\n\n\n\n<p>Poich\u00e9 era comune nelle piccole citt\u00e0 del Brasile che i giovani emigrassero dalla loro patria per studiare e trovare un lavoro in altri stati, anch'io lasciai la mia patria per Recife, dove mia zia, suor Ester, mi aveva trovato un posto per studiare insieme ad altri giovani pensionanti della scuola Maria Teresa, sotto la direzione di suor Irene Jacob e di altre Figlie della Carit\u00e0, alle quali sono molto grata per tutto ci\u00f2 che ho ricevuto e imparato da loro. Durante questo periodo ho cercato le Suore responsabili della pastorale vocazionale e ho partecipato alle sessioni da loro organizzate. Quando ho finito il corso, sono stata ammessa al Postulato l'11 febbraio 1988. \u00c8 stata una delle pi\u00f9 grandi gioie della mia vita. Suor Diva Pinto Freire, che ha sempre avuto fiducia nella mia vocazione, mi ha accolto e mi ha introdotto alla Comunit\u00e0. Oggi, a 94 anni, \u00e8 ancora lucida e continua a servire e a insegnare il lavoro manuale ai bambini poveri che ha sempre amato.<\/p>\n\n\n\n<p>Il 16 luglio 1989, festa della Madonna del Carmelo, sono entrata in seminario. A breve Il mio gruppo festegger\u00e0 i 31 anni di vocazione. Le mie compagne sono Suor Maria de Jesus Santiago, Josefa Luiz Ribeiro e Rita de C\u00e1ssia Cerqueira. La beata Lindalva Justo de Oliveira, la cui canonizzazione \u00e8 in corso, era nel nostro gruppo vocazionale; ho avuto il privilegio di vivere con lei nel Seminario dove abbiamo trascorso un tempo di profondo silenzio e di preghiera. Suor Lindalva era matura nella sua fede, riflessiva, consapevole della sua decisione e impegnata nel servizio. Dopo il seminario, sono stata inviata in missione in Salvador, a Bahia, nella Comunit\u00e0 dell'Istituto Nostra Signora di La Salette, dove ho trascorso 13 anni, e che ancora oggi continua ad essere una colonna portante della formazione permanente, soprattutto nei valori della vita fraterna, dell'amicizia, dell'obbedienza ai superiori e della vera gioia della missione. In mezzo alle difficolt\u00e0, mi viene dato il coraggio di perseverare senza mai stancarmi. Rimango fedele al processo di conversione, confidando nella bont\u00e0 di Dio che mi mantiene forte nella fede e sostenuta nel grande dono della mia vocazione.<\/p>\n\n\n\n<div class=\"wp-block-image\"><figure class=\"alignleft\"><img decoding=\"async\" src=\"https:\/\/www.filles-de-la-charite.org\/wp-content\/uploads\/OLD\/2016\/06\/3.jpeg\" alt=\"\" class=\"wp-image-41162\"\/><\/figure><\/div>\n\n\n\n<p>Oggi, la mia comunit\u00e0 (Scuola di San Jos\u00e9) si trova in una zona portuale dove i pescatori si guadagnano da vivere; c'\u00e8 disoccupazione, fame e ogni tipo di dipendenza. \u00c8 in questo contesto di vulnerabilit\u00e0 che svolgo il mio servizio di evangelizzazione, di assistenza sociale e di collaborazione per la formazione umana e cristiana dei bambini e delle loro famiglie, con l'aiuto delle mie Consorelle, dei Vincenziani e dei volontari della nostra parrocchia. Nella scuola lavoro nel coordinamento pedagogico, nella pastorale scolastica e nella catechesi della prima Comunione. Nelle parrocchie siamo molto ben accolte e accettate dai laici che si fidano del nostro lavoro nella comunit\u00e0 educativa e nell'ambiente sociale in cui operiamo. Nonostante le molte difficolt\u00e0 che affrontiamo, ci sforziamo di essere testimoni di Dio per il popolo, che a sua volta rispetta le Figlie della Carit\u00e0 che hanno iniziato una missione qui pi\u00f9 di 80 anni fa.<\/p>\n\n\n\n<p>In questo periodo di pandemia, che ha portato a crisi e sfide globali, stiamo distribuendo settimanalmente alle famiglie cibo, frutta e verdura oltre alle mascherine; stiamo anche insegnando loro la migliore prevenzione per evitare la contaminazione da Covid-19.<\/p>\n\n\n\n<p>Ogni giorno \u00e8 una nuova sfida, ma Dio ci sorprende con la sua infinita misericordia, rinnovando il nostro amore incondizionato al suo servizio.<\/p>\n\n\n\n<p>Voglio ringraziare profondamente Nostro Signore per la vita, la missione e la vocazione che mi ha dato.<\/p>\n\n\n\n<p><em>Suor Maria Dej\u00e2nia Domingues de Oliveira DC - Provincia di Recife- Brasile<\/em><\/p>\n","protected":false},"featured_media":1681,"template":"","meta":{"_acf_changed":false,"_links_to":"","_links_to_target":""},"class_list":["post-7938","vida-entregada","type-vida-entregada","status-publish","has-post-thumbnail","hentry"],"acf":[],"yoast_head":"<!-- This site is optimized with the Yoast SEO plugin v27.5 - https:\/\/yoast.com\/product\/yoast-seo-wordpress\/ -->\n<title>La mia vocazione \u00e8 di servire con gioia - Filles de la Charit\u00e9<\/title>\n<meta name=\"robots\" content=\"index, follow, max-snippet:-1, max-image-preview:large, max-video-preview:-1\" \/>\n<link rel=\"canonical\" href=\"https:\/\/filles-de-la-charite.org\/it\/vida-entregada\/la-mia-vocazione-e-di-servire-con-gioia\/\" \/>\n<meta property=\"og:locale\" content=\"it_IT\" \/>\n<meta property=\"og:type\" content=\"article\" \/>\n<meta property=\"og:title\" content=\"La mia vocazione \u00e8 di servire con gioia - Filles de la Charit\u00e9\" \/>\n<meta property=\"og:description\" content=\"La mia vocazione \u00e8 iniziata in tenera et\u00e0 in una famiglia cristiana e cattolica nella piccola citt\u00e0 di Catarina, all&#8217;interno del Cear\u00e1, in Brasile. Grazie all&#8217;esempio dei miei genitori e alla fedele testimonianza della mia nonna materna, Maria Ezequiel Domingues (deceduta), la mia famiglia si \u00e8 affezionata alle cose di Dio, in particolare alla devozione [&hellip;]\" \/>\n<meta property=\"og:url\" content=\"https:\/\/filles-de-la-charite.org\/it\/vida-entregada\/la-mia-vocazione-e-di-servire-con-gioia\/\" \/>\n<meta property=\"og:site_name\" content=\"Filles de la Charit\u00e9\" \/>\n<meta property=\"article:modified_time\" content=\"2023-05-23T09:01:26+00:00\" \/>\n<meta property=\"og:image\" content=\"https:\/\/filles-de-la-charite.org\/wp-content\/uploads\/2023\/04\/1-1.jpg\" \/>\n\t<meta property=\"og:image:width\" content=\"1105\" \/>\n\t<meta property=\"og:image:height\" content=\"1080\" \/>\n\t<meta property=\"og:image:type\" content=\"image\/jpeg\" \/>\n<meta name=\"twitter:card\" content=\"summary_large_image\" \/>\n<meta name=\"twitter:label1\" content=\"Tempo di lettura stimato\" \/>\n\t<meta name=\"twitter:data1\" content=\"4 minuti\" \/>\n<script type=\"application\/ld+json\" class=\"yoast-schema-graph\">{\"@context\":\"https:\\\/\\\/schema.org\",\"@graph\":[{\"@type\":\"WebPage\",\"@id\":\"https:\\\/\\\/filles-de-la-charite.org\\\/it\\\/vida-entregada\\\/la-mia-vocazione-e-di-servire-con-gioia\\\/\",\"url\":\"https:\\\/\\\/filles-de-la-charite.org\\\/it\\\/vida-entregada\\\/la-mia-vocazione-e-di-servire-con-gioia\\\/\",\"name\":\"La mia vocazione \u00e8 di servire con gioia - Filles de la Charit\u00e9\",\"isPartOf\":{\"@id\":\"https:\\\/\\\/filles-de-la-charite.org\\\/it\\\/#website\"},\"primaryImageOfPage\":{\"@id\":\"https:\\\/\\\/filles-de-la-charite.org\\\/it\\\/vida-entregada\\\/la-mia-vocazione-e-di-servire-con-gioia\\\/#primaryimage\"},\"image\":{\"@id\":\"https:\\\/\\\/filles-de-la-charite.org\\\/it\\\/vida-entregada\\\/la-mia-vocazione-e-di-servire-con-gioia\\\/#primaryimage\"},\"thumbnailUrl\":\"https:\\\/\\\/filles-de-la-charite.org\\\/wp-content\\\/uploads\\\/2023\\\/04\\\/1-1.jpg\",\"datePublished\":\"2020-10-06T11:32:08+00:00\",\"dateModified\":\"2023-05-23T09:01:26+00:00\",\"breadcrumb\":{\"@id\":\"https:\\\/\\\/filles-de-la-charite.org\\\/it\\\/vida-entregada\\\/la-mia-vocazione-e-di-servire-con-gioia\\\/#breadcrumb\"},\"inLanguage\":\"it-IT\",\"potentialAction\":[{\"@type\":\"ReadAction\",\"target\":[\"https:\\\/\\\/filles-de-la-charite.org\\\/it\\\/vida-entregada\\\/la-mia-vocazione-e-di-servire-con-gioia\\\/\"]}]},{\"@type\":\"ImageObject\",\"inLanguage\":\"it-IT\",\"@id\":\"https:\\\/\\\/filles-de-la-charite.org\\\/it\\\/vida-entregada\\\/la-mia-vocazione-e-di-servire-con-gioia\\\/#primaryimage\",\"url\":\"https:\\\/\\\/filles-de-la-charite.org\\\/wp-content\\\/uploads\\\/2023\\\/04\\\/1-1.jpg\",\"contentUrl\":\"https:\\\/\\\/filles-de-la-charite.org\\\/wp-content\\\/uploads\\\/2023\\\/04\\\/1-1.jpg\",\"width\":1105,\"height\":1080},{\"@type\":\"BreadcrumbList\",\"@id\":\"https:\\\/\\\/filles-de-la-charite.org\\\/it\\\/vida-entregada\\\/la-mia-vocazione-e-di-servire-con-gioia\\\/#breadcrumb\",\"itemListElement\":[{\"@type\":\"ListItem\",\"position\":1,\"name\":\"Given lifes\",\"item\":\"https:\\\/\\\/filles-de-la-charite.org\\\/it\\\/vida-entregada\\\/\"},{\"@type\":\"ListItem\",\"position\":2,\"name\":\"La mia vocazione \u00e8 di servire con gioia\"}]},{\"@type\":\"WebSite\",\"@id\":\"https:\\\/\\\/filles-de-la-charite.org\\\/it\\\/#website\",\"url\":\"https:\\\/\\\/filles-de-la-charite.org\\\/it\\\/\",\"name\":\"Hijas de la Caridad\",\"description\":\"L\u2019amour de J\u00e9sus nous presse \u00e0 prendre soin des personnes les plus d\u00e9munies\",\"publisher\":{\"@id\":\"https:\\\/\\\/filles-de-la-charite.org\\\/it\\\/#organization\"},\"potentialAction\":[{\"@type\":\"SearchAction\",\"target\":{\"@type\":\"EntryPoint\",\"urlTemplate\":\"https:\\\/\\\/filles-de-la-charite.org\\\/it\\\/?s={search_term_string}\"},\"query-input\":{\"@type\":\"PropertyValueSpecification\",\"valueRequired\":true,\"valueName\":\"search_term_string\"}}],\"inLanguage\":\"it-IT\"},{\"@type\":\"Organization\",\"@id\":\"https:\\\/\\\/filles-de-la-charite.org\\\/it\\\/#organization\",\"name\":\"Hijas de la Caridad\",\"url\":\"https:\\\/\\\/filles-de-la-charite.org\\\/it\\\/\",\"logo\":{\"@type\":\"ImageObject\",\"inLanguage\":\"it-IT\",\"@id\":\"https:\\\/\\\/filles-de-la-charite.org\\\/it\\\/#\\\/schema\\\/logo\\\/image\\\/\",\"url\":\"https:\\\/\\\/filles-de-la-charite.org\\\/wp-content\\\/uploads\\\/2023\\\/03\\\/isotipo-Hijas-de-la-Caridad.png\",\"contentUrl\":\"https:\\\/\\\/filles-de-la-charite.org\\\/wp-content\\\/uploads\\\/2023\\\/03\\\/isotipo-Hijas-de-la-Caridad.png\",\"width\":1417,\"height\":1417,\"caption\":\"Hijas de la Caridad\"},\"image\":{\"@id\":\"https:\\\/\\\/filles-de-la-charite.org\\\/it\\\/#\\\/schema\\\/logo\\\/image\\\/\"}}]}<\/script>\n<!-- \/ Yoast SEO plugin. -->","yoast_head_json":{"title":"La mia vocazione \u00e8 di servire con gioia - Filles de la Charit\u00e9","robots":{"index":"index","follow":"follow","max-snippet":"max-snippet:-1","max-image-preview":"max-image-preview:large","max-video-preview":"max-video-preview:-1"},"canonical":"https:\/\/filles-de-la-charite.org\/it\/vida-entregada\/la-mia-vocazione-e-di-servire-con-gioia\/","og_locale":"it_IT","og_type":"article","og_title":"La mia vocazione \u00e8 di servire con gioia - Filles de la Charit\u00e9","og_description":"La mia vocazione \u00e8 iniziata in tenera et\u00e0 in una famiglia cristiana e cattolica nella piccola citt\u00e0 di Catarina, all&#8217;interno del Cear\u00e1, in Brasile. Grazie all&#8217;esempio dei miei genitori e alla fedele testimonianza della mia nonna materna, Maria Ezequiel Domingues (deceduta), la mia famiglia si \u00e8 affezionata alle cose di Dio, in particolare alla devozione [&hellip;]","og_url":"https:\/\/filles-de-la-charite.org\/it\/vida-entregada\/la-mia-vocazione-e-di-servire-con-gioia\/","og_site_name":"Filles de la Charit\u00e9","article_modified_time":"2023-05-23T09:01:26+00:00","og_image":[{"width":1105,"height":1080,"url":"https:\/\/filles-de-la-charite.org\/wp-content\/uploads\/2023\/04\/1-1.jpg","type":"image\/jpeg"}],"twitter_card":"summary_large_image","twitter_misc":{"Tempo di lettura stimato":"4 minuti"},"schema":{"@context":"https:\/\/schema.org","@graph":[{"@type":"WebPage","@id":"https:\/\/filles-de-la-charite.org\/it\/vida-entregada\/la-mia-vocazione-e-di-servire-con-gioia\/","url":"https:\/\/filles-de-la-charite.org\/it\/vida-entregada\/la-mia-vocazione-e-di-servire-con-gioia\/","name":"La mia vocazione \u00e8 di servire con gioia - Filles de la Charit\u00e9","isPartOf":{"@id":"https:\/\/filles-de-la-charite.org\/it\/#website"},"primaryImageOfPage":{"@id":"https:\/\/filles-de-la-charite.org\/it\/vida-entregada\/la-mia-vocazione-e-di-servire-con-gioia\/#primaryimage"},"image":{"@id":"https:\/\/filles-de-la-charite.org\/it\/vida-entregada\/la-mia-vocazione-e-di-servire-con-gioia\/#primaryimage"},"thumbnailUrl":"https:\/\/filles-de-la-charite.org\/wp-content\/uploads\/2023\/04\/1-1.jpg","datePublished":"2020-10-06T11:32:08+00:00","dateModified":"2023-05-23T09:01:26+00:00","breadcrumb":{"@id":"https:\/\/filles-de-la-charite.org\/it\/vida-entregada\/la-mia-vocazione-e-di-servire-con-gioia\/#breadcrumb"},"inLanguage":"it-IT","potentialAction":[{"@type":"ReadAction","target":["https:\/\/filles-de-la-charite.org\/it\/vida-entregada\/la-mia-vocazione-e-di-servire-con-gioia\/"]}]},{"@type":"ImageObject","inLanguage":"it-IT","@id":"https:\/\/filles-de-la-charite.org\/it\/vida-entregada\/la-mia-vocazione-e-di-servire-con-gioia\/#primaryimage","url":"https:\/\/filles-de-la-charite.org\/wp-content\/uploads\/2023\/04\/1-1.jpg","contentUrl":"https:\/\/filles-de-la-charite.org\/wp-content\/uploads\/2023\/04\/1-1.jpg","width":1105,"height":1080},{"@type":"BreadcrumbList","@id":"https:\/\/filles-de-la-charite.org\/it\/vida-entregada\/la-mia-vocazione-e-di-servire-con-gioia\/#breadcrumb","itemListElement":[{"@type":"ListItem","position":1,"name":"Given lifes","item":"https:\/\/filles-de-la-charite.org\/it\/vida-entregada\/"},{"@type":"ListItem","position":2,"name":"La mia vocazione \u00e8 di servire con gioia"}]},{"@type":"WebSite","@id":"https:\/\/filles-de-la-charite.org\/it\/#website","url":"https:\/\/filles-de-la-charite.org\/it\/","name":"Hijas de la Caridad","description":"L\u2019amour de J\u00e9sus nous presse \u00e0 prendre soin des personnes les plus d\u00e9munies","publisher":{"@id":"https:\/\/filles-de-la-charite.org\/it\/#organization"},"potentialAction":[{"@type":"SearchAction","target":{"@type":"EntryPoint","urlTemplate":"https:\/\/filles-de-la-charite.org\/it\/?s={search_term_string}"},"query-input":{"@type":"PropertyValueSpecification","valueRequired":true,"valueName":"search_term_string"}}],"inLanguage":"it-IT"},{"@type":"Organization","@id":"https:\/\/filles-de-la-charite.org\/it\/#organization","name":"Hijas de la Caridad","url":"https:\/\/filles-de-la-charite.org\/it\/","logo":{"@type":"ImageObject","inLanguage":"it-IT","@id":"https:\/\/filles-de-la-charite.org\/it\/#\/schema\/logo\/image\/","url":"https:\/\/filles-de-la-charite.org\/wp-content\/uploads\/2023\/03\/isotipo-Hijas-de-la-Caridad.png","contentUrl":"https:\/\/filles-de-la-charite.org\/wp-content\/uploads\/2023\/03\/isotipo-Hijas-de-la-Caridad.png","width":1417,"height":1417,"caption":"Hijas de la Caridad"},"image":{"@id":"https:\/\/filles-de-la-charite.org\/it\/#\/schema\/logo\/image\/"}}]}},"_links":{"self":[{"href":"https:\/\/filles-de-la-charite.org\/it\/wp-json\/wp\/v2\/vida-entregada\/7938","targetHints":{"allow":["GET"]}}],"collection":[{"href":"https:\/\/filles-de-la-charite.org\/it\/wp-json\/wp\/v2\/vida-entregada"}],"about":[{"href":"https:\/\/filles-de-la-charite.org\/it\/wp-json\/wp\/v2\/types\/vida-entregada"}],"wp:featuredmedia":[{"embeddable":true,"href":"https:\/\/filles-de-la-charite.org\/it\/wp-json\/wp\/v2\/media\/1681"}],"wp:attachment":[{"href":"https:\/\/filles-de-la-charite.org\/it\/wp-json\/wp\/v2\/media?parent=7938"}],"curies":[{"name":"wp","href":"https:\/\/api.w.org\/{rel}","templated":true}]}}