{"id":7940,"date":"2020-10-06T14:08:33","date_gmt":"2020-10-06T12:08:33","guid":{"rendered":"https:\/\/hijascaridad.sjdigitaldemo.ovh\/vida-entregada\/vita-donata-a-dio-per-il-servizio-ai-poveri\/"},"modified":"2023-05-23T11:39:37","modified_gmt":"2023-05-23T09:39:37","slug":"vita-donata-a-dio-per-il-servizio-ai-poveri","status":"publish","type":"vida-entregada","link":"https:\/\/filles-de-la-charite.org\/it\/vida-entregada\/vita-donata-a-dio-per-il-servizio-ai-poveri\/","title":{"rendered":"Vita donata a Dio per il servizio ai Poveri"},"content":{"rendered":"\n<div class=\"wp-block-image is-style-default\"><figure class=\"alignleft size-full is-resized\"><img loading=\"lazy\" decoding=\"async\" src=\"https:\/\/filles-de-la-charite.org\/wp-content\/uploads\/2023\/04\/1-2.jpg\" alt=\"\" class=\"wp-image-56160\" width=\"350\" height=\"513\"\/><\/figure><\/div>\n\n\n\n<p>Ho sentito la chiamata molto presto: il giorno della mia prima comunione. Avevo 7 anni e sentivo che la mia vita era destinata solo a Cristo. Dio si \u00e8 rivelato attraverso gli eventi: crescere in una famiglia molto unita dove si vivevano valori morali e religiosi, la guerra, la sconfitta, l'occupazione tedesca e la scoperta dell'orrore dei campi nazisti ... come non essere segnati da tanta sofferenza...<\/p>\n\n\n\n<p>Ho frequentato una scuola per infermieri e mi sono resa conto che dopo tutti questi segni, Dio stava aspettando la mia risposta. Con l'aiuto di un sacerdote, ho deciso di entrare nelle Figlie della Carit\u00e0. Sapevo che l\u00ec avrei potuto servire i poveri e vivere con Cristo. Dopo un periodo di formazione, sono stata inviata in missione.<\/p>\n\n\n\n<div class=\"wp-block-image\"><figure class=\"alignright\"><img decoding=\"async\" src=\"https:\/\/www.filles-de-la-charite.org\/wp-content\/uploads\/OLD\/2016\/06\/2-2.jpg\" alt=\"\" class=\"wp-image-41357\"\/><\/figure><\/div>\n\n\n\n<p>Nella mia prima casa eravamo 12 suore. La vita di comunit\u00e0 non era come un fiume lungo e tranquillo, ma tra noi c'era amore fraterno. L'amore di Dio e dei poveri ci ha unite e ha nutrito i nostri tempi di preghiera. In questo quartiere di Parigi ho incontrato davvero la povert\u00e0. Rivedo ancora questa donna in una piccola stanza con 3 bambini, costretta ad appendere le sedie e piegare il tavolo di notte per mettere i materassi sul pavimento dove poter dormire. Non posso nemmeno dimenticare la piccola Dani\u00e8le, ricoverata in ospedale dopo essere stata avvelenata da una stufa a carbone (a causa di suo padre che l'amava ma era ferocemente ostile ai suoi progressi) durante il ritiro della Prima Comunione.<\/p>\n\n\n\n<p>Molti cambiamenti sono avvenuti nella mia vita e ovunque ho trovato persone povere. Dio mi ha fatto capire come avrei potuto arricchire questi incontri. Si dovrebbe andare oltre l'aiuto, il servizio e le parole di conforto, andare oltre e aiutare queste persone povere ad essere responsabili della propria vita. Io li andavo a trovare e mi accoglievano e, colmata la distanza che ci separava, si sviluppava una certa semplicit\u00e0, cos\u00ec che potessero parlare di cose per loro importanti.<\/p>\n\n\n\n<div class=\"wp-block-image\"><figure class=\"alignleft\"><img decoding=\"async\" src=\"https:\/\/www.filles-de-la-charite.org\/wp-content\/uploads\/OLD\/2016\/06\/3-1.jpg\" alt=\"\" class=\"wp-image-41358\"\/><\/figure><\/div>\n\n\n\n<p>Pi\u00f9 tardi, ho risposto a un appello per andare ad aiutare nel campo di Sakeo in Thailandia dove si erano rifugiati i Khmer Rossi. Una notte, mentre vegliavo, ho potuto parlare con Ven che ci aiutava nella tenda dove erano ospitati i malati. Fuggito con 18 membri della sua famiglia, era arrivato da solo al campo, tutti gli altri erano morti per fame, maltrattamenti o giustiziati; l'ultima era stata sua moglie che si era persa nella foresta. Ho ricevuto questa confidenza come un vero dono e ci penso spesso soprattutto nei momenti difficili. Eravamo diverse suore, provenienti da diverse parti. Cosa stavamo facendo di pi\u00f9 dei \u201cMedici senza Frontiere\u201d con cui stavamo collaborando? Apparentemente niente di pi\u00f9; era la nostra appartenenza a questo Dio a cui avevamo dato la nostra vita che ci motivava.<\/p>\n\n\n\n<p>Successivamente, sono stata inviata a una comunit\u00e0 di H.L.M. annessa alla \"S.A.P.P.E.L.\", Associazione nata per evangelizzare il quarto mondo, in questo contesto abbiamo organizzato ritiri pensati per un piccolo gruppo di persone in situazioni precarie.<\/p>\n\n\n\n<div class=\"wp-block-image\"><figure class=\"aligncenter\"><img decoding=\"async\" src=\"https:\/\/www.filles-de-la-charite.org\/wp-content\/uploads\/OLD\/2016\/06\/4.jpg\" alt=\"\" class=\"wp-image-41359\"\/><\/figure><\/div>\n\n\n\n<p>Quando \u00e8 stato lanciato un appello per offrire la terapia del gioco ai bambini del Kosovo che erano profondamente angosciati per i massacri e che avevano vissuto per diverse settimane in una foresta sotto la neve, ho risposto. Ho accettato perch\u00e9, nonostante la mia et\u00e0 avanzata, ho una stretta affinit\u00e0 con i bambini e ho mantenuto il mio gusto per il gioco. I giochi servivano come nostro linguaggio e loro terapia. Le risate sono scoppiate immediatamente quando le scatole sono state capovolte nel gioco del \"disordine tutto\" e molto velocemente i piccoli hanno cantato \"sai come piantare il cavolo\" (una canzone popolare francese).<\/p>\n\n\n\n<div class=\"wp-block-image\"><figure class=\"alignright\"><img decoding=\"async\" src=\"https:\/\/www.filles-de-la-charite.org\/wp-content\/uploads\/OLD\/2016\/06\/5-1.jpg\" alt=\"\" class=\"wp-image-41360\"\/><\/figure><\/div>\n\n\n\n<p>\u00c8 stato su mia richiesta che la Compagnia mi ha inviata in Ruanda. Ho soggiornato per sei anni in questo paese molto povero ma incantevole. C'\u00e8 un detto: \"Dio venne a riposare l\u00ec di notte\". L\u00ec, ero per lo pi\u00f9 l'autista che portava i malati di notte e talvolta portava i morti a casa in modo che questi poveri potessero seppellirli intorno alle loro case, il costo della permanenza in ospedale era troppo costoso per loro. Mi hanno chiamato \"umuk\u00e9curu\" che significa \"la nonna\", un titolo di riconoscimento. Ho avuto la gioia di vedere fiorire vocazioni di giovani ruandesi che ora sono suore, coraggiose di cuore e molto vicine ai poveri e che restarono gioiose nonostante i terribili massacri che sarebbero avvenuti pochi anni dopo.<\/p>\n\n\n\n<div class=\"wp-block-image\"><figure class=\"aligncenter\"><img decoding=\"async\" src=\"https:\/\/www.filles-de-la-charite.org\/wp-content\/uploads\/OLD\/2016\/06\/6.jpeg\" alt=\"\" class=\"wp-image-41361\"\/><\/figure><\/div>\n\n\n\n<p>L'ultimo posto in cui sono stata mandata \u00e8 stata all'Associazione cattolica \"Depaul\" per servire la gente di strada. Ero una semplice volontaria in mezzo ad altri, e svolgevo compiti umili come fare il bucato, preparare le docce e servire il caff\u00e8 a uomini e donne che vivono per strada. Con loro avevamo una relazione semplice. Erano \"i nostri padroni\", che servivamo come ci chiedevano, a volte ricevendo parole dure o offensive, ma a volte anche amichevoli, persino gentili.<\/p>\n\n\n\n<div class=\"wp-block-image\"><figure class=\"alignleft\"><img decoding=\"async\" src=\"https:\/\/www.filles-de-la-charite.org\/wp-content\/uploads\/OLD\/2016\/06\/7.jpg\" alt=\"\" class=\"wp-image-41362\"\/><\/figure><\/div>\n\n\n\n<p>Adesso sono nell'ultima fase della mia vita. L'ora dell'incontro si avvicina, oltre ogni immaginazione. Certo, ho qualche apprensione, ma so che Lui sar\u00e0 l\u00ec ...Cosa posso dire? Molto semplicemente: GRAZIE per l'incommensurabile felicit\u00e0 nonostante i tempi difficili, anche quelli molto difficili, quando c'era il vuoto e ho trascurato Dio. Eppure Lui era l\u00ec, in attesa \"del ritorno del figlio prodigo\".<\/p>\n\n\n\n<p><em>Sr Marie-Ren\u00e9e Leli\u00e8vre Provincia Belgio-Francia-Svizzera<\/em><\/p>\n","protected":false},"featured_media":1708,"template":"","meta":{"_acf_changed":false,"_links_to":"","_links_to_target":""},"class_list":["post-7940","vida-entregada","type-vida-entregada","status-publish","has-post-thumbnail","hentry"],"acf":[],"yoast_head":"<!-- This site is optimized with the Yoast SEO plugin v27.5 - https:\/\/yoast.com\/product\/yoast-seo-wordpress\/ -->\n<title>Vita donata a Dio per il servizio ai Poveri - Filles de la Charit\u00e9<\/title>\n<meta name=\"robots\" content=\"index, follow, max-snippet:-1, max-image-preview:large, max-video-preview:-1\" \/>\n<link rel=\"canonical\" href=\"https:\/\/filles-de-la-charite.org\/it\/vida-entregada\/vita-donata-a-dio-per-il-servizio-ai-poveri\/\" \/>\n<meta property=\"og:locale\" content=\"it_IT\" \/>\n<meta property=\"og:type\" content=\"article\" \/>\n<meta property=\"og:title\" content=\"Vita donata a Dio per il servizio ai Poveri - Filles de la Charit\u00e9\" \/>\n<meta property=\"og:description\" content=\"Ho sentito la chiamata molto presto: il giorno della mia prima comunione. Avevo 7 anni e sentivo che la mia vita era destinata solo a Cristo. Dio si \u00e8 rivelato attraverso gli eventi: crescere in una famiglia molto unita dove si vivevano valori morali e religiosi, la guerra, la sconfitta, l&#8217;occupazione tedesca e la scoperta [&hellip;]\" \/>\n<meta property=\"og:url\" content=\"https:\/\/filles-de-la-charite.org\/it\/vida-entregada\/vita-donata-a-dio-per-il-servizio-ai-poveri\/\" \/>\n<meta property=\"og:site_name\" content=\"Filles de la Charit\u00e9\" \/>\n<meta property=\"article:modified_time\" content=\"2023-05-23T09:39:37+00:00\" \/>\n<meta property=\"og:image\" content=\"https:\/\/filles-de-la-charite.org\/wp-content\/uploads\/2023\/04\/1-2-e1605894436156.jpg\" \/>\n\t<meta property=\"og:image:width\" content=\"699\" \/>\n\t<meta property=\"og:image:height\" content=\"486\" \/>\n\t<meta property=\"og:image:type\" content=\"image\/jpeg\" \/>\n<meta name=\"twitter:card\" content=\"summary_large_image\" \/>\n<meta name=\"twitter:label1\" content=\"Tempo di lettura stimato\" \/>\n\t<meta name=\"twitter:data1\" content=\"4 minuti\" \/>\n<script type=\"application\/ld+json\" class=\"yoast-schema-graph\">{\"@context\":\"https:\\\/\\\/schema.org\",\"@graph\":[{\"@type\":\"WebPage\",\"@id\":\"https:\\\/\\\/filles-de-la-charite.org\\\/it\\\/vida-entregada\\\/vita-donata-a-dio-per-il-servizio-ai-poveri\\\/\",\"url\":\"https:\\\/\\\/filles-de-la-charite.org\\\/it\\\/vida-entregada\\\/vita-donata-a-dio-per-il-servizio-ai-poveri\\\/\",\"name\":\"Vita donata a Dio per il servizio ai Poveri - Filles de la Charit\u00e9\",\"isPartOf\":{\"@id\":\"https:\\\/\\\/filles-de-la-charite.org\\\/it\\\/#website\"},\"primaryImageOfPage\":{\"@id\":\"https:\\\/\\\/filles-de-la-charite.org\\\/it\\\/vida-entregada\\\/vita-donata-a-dio-per-il-servizio-ai-poveri\\\/#primaryimage\"},\"image\":{\"@id\":\"https:\\\/\\\/filles-de-la-charite.org\\\/it\\\/vida-entregada\\\/vita-donata-a-dio-per-il-servizio-ai-poveri\\\/#primaryimage\"},\"thumbnailUrl\":\"https:\\\/\\\/filles-de-la-charite.org\\\/wp-content\\\/uploads\\\/2023\\\/04\\\/1-2-e1605894436156.jpg\",\"datePublished\":\"2020-10-06T12:08:33+00:00\",\"dateModified\":\"2023-05-23T09:39:37+00:00\",\"breadcrumb\":{\"@id\":\"https:\\\/\\\/filles-de-la-charite.org\\\/it\\\/vida-entregada\\\/vita-donata-a-dio-per-il-servizio-ai-poveri\\\/#breadcrumb\"},\"inLanguage\":\"it-IT\",\"potentialAction\":[{\"@type\":\"ReadAction\",\"target\":[\"https:\\\/\\\/filles-de-la-charite.org\\\/it\\\/vida-entregada\\\/vita-donata-a-dio-per-il-servizio-ai-poveri\\\/\"]}]},{\"@type\":\"ImageObject\",\"inLanguage\":\"it-IT\",\"@id\":\"https:\\\/\\\/filles-de-la-charite.org\\\/it\\\/vida-entregada\\\/vita-donata-a-dio-per-il-servizio-ai-poveri\\\/#primaryimage\",\"url\":\"https:\\\/\\\/filles-de-la-charite.org\\\/wp-content\\\/uploads\\\/2023\\\/04\\\/1-2-e1605894436156.jpg\",\"contentUrl\":\"https:\\\/\\\/filles-de-la-charite.org\\\/wp-content\\\/uploads\\\/2023\\\/04\\\/1-2-e1605894436156.jpg\",\"width\":699,\"height\":486},{\"@type\":\"BreadcrumbList\",\"@id\":\"https:\\\/\\\/filles-de-la-charite.org\\\/it\\\/vida-entregada\\\/vita-donata-a-dio-per-il-servizio-ai-poveri\\\/#breadcrumb\",\"itemListElement\":[{\"@type\":\"ListItem\",\"position\":1,\"name\":\"Given lifes\",\"item\":\"https:\\\/\\\/filles-de-la-charite.org\\\/it\\\/vida-entregada\\\/\"},{\"@type\":\"ListItem\",\"position\":2,\"name\":\"Vita donata a Dio per il servizio ai Poveri\"}]},{\"@type\":\"WebSite\",\"@id\":\"https:\\\/\\\/filles-de-la-charite.org\\\/it\\\/#website\",\"url\":\"https:\\\/\\\/filles-de-la-charite.org\\\/it\\\/\",\"name\":\"Hijas de la Caridad\",\"description\":\"L\u2019amour de J\u00e9sus nous presse \u00e0 prendre soin des personnes les plus d\u00e9munies\",\"publisher\":{\"@id\":\"https:\\\/\\\/filles-de-la-charite.org\\\/it\\\/#organization\"},\"potentialAction\":[{\"@type\":\"SearchAction\",\"target\":{\"@type\":\"EntryPoint\",\"urlTemplate\":\"https:\\\/\\\/filles-de-la-charite.org\\\/it\\\/?s={search_term_string}\"},\"query-input\":{\"@type\":\"PropertyValueSpecification\",\"valueRequired\":true,\"valueName\":\"search_term_string\"}}],\"inLanguage\":\"it-IT\"},{\"@type\":\"Organization\",\"@id\":\"https:\\\/\\\/filles-de-la-charite.org\\\/it\\\/#organization\",\"name\":\"Hijas de la Caridad\",\"url\":\"https:\\\/\\\/filles-de-la-charite.org\\\/it\\\/\",\"logo\":{\"@type\":\"ImageObject\",\"inLanguage\":\"it-IT\",\"@id\":\"https:\\\/\\\/filles-de-la-charite.org\\\/it\\\/#\\\/schema\\\/logo\\\/image\\\/\",\"url\":\"https:\\\/\\\/filles-de-la-charite.org\\\/wp-content\\\/uploads\\\/2023\\\/03\\\/isotipo-Hijas-de-la-Caridad.png\",\"contentUrl\":\"https:\\\/\\\/filles-de-la-charite.org\\\/wp-content\\\/uploads\\\/2023\\\/03\\\/isotipo-Hijas-de-la-Caridad.png\",\"width\":1417,\"height\":1417,\"caption\":\"Hijas de la Caridad\"},\"image\":{\"@id\":\"https:\\\/\\\/filles-de-la-charite.org\\\/it\\\/#\\\/schema\\\/logo\\\/image\\\/\"}}]}<\/script>\n<!-- \/ Yoast SEO plugin. -->","yoast_head_json":{"title":"Vita donata a Dio per il servizio ai Poveri - Filles de la Charit\u00e9","robots":{"index":"index","follow":"follow","max-snippet":"max-snippet:-1","max-image-preview":"max-image-preview:large","max-video-preview":"max-video-preview:-1"},"canonical":"https:\/\/filles-de-la-charite.org\/it\/vida-entregada\/vita-donata-a-dio-per-il-servizio-ai-poveri\/","og_locale":"it_IT","og_type":"article","og_title":"Vita donata a Dio per il servizio ai Poveri - Filles de la Charit\u00e9","og_description":"Ho sentito la chiamata molto presto: il giorno della mia prima comunione. Avevo 7 anni e sentivo che la mia vita era destinata solo a Cristo. Dio si \u00e8 rivelato attraverso gli eventi: crescere in una famiglia molto unita dove si vivevano valori morali e religiosi, la guerra, la sconfitta, l&#8217;occupazione tedesca e la scoperta [&hellip;]","og_url":"https:\/\/filles-de-la-charite.org\/it\/vida-entregada\/vita-donata-a-dio-per-il-servizio-ai-poveri\/","og_site_name":"Filles de la Charit\u00e9","article_modified_time":"2023-05-23T09:39:37+00:00","og_image":[{"width":699,"height":486,"url":"https:\/\/filles-de-la-charite.org\/wp-content\/uploads\/2023\/04\/1-2-e1605894436156.jpg","type":"image\/jpeg"}],"twitter_card":"summary_large_image","twitter_misc":{"Tempo di lettura stimato":"4 minuti"},"schema":{"@context":"https:\/\/schema.org","@graph":[{"@type":"WebPage","@id":"https:\/\/filles-de-la-charite.org\/it\/vida-entregada\/vita-donata-a-dio-per-il-servizio-ai-poveri\/","url":"https:\/\/filles-de-la-charite.org\/it\/vida-entregada\/vita-donata-a-dio-per-il-servizio-ai-poveri\/","name":"Vita donata a Dio per il servizio ai Poveri - Filles de la Charit\u00e9","isPartOf":{"@id":"https:\/\/filles-de-la-charite.org\/it\/#website"},"primaryImageOfPage":{"@id":"https:\/\/filles-de-la-charite.org\/it\/vida-entregada\/vita-donata-a-dio-per-il-servizio-ai-poveri\/#primaryimage"},"image":{"@id":"https:\/\/filles-de-la-charite.org\/it\/vida-entregada\/vita-donata-a-dio-per-il-servizio-ai-poveri\/#primaryimage"},"thumbnailUrl":"https:\/\/filles-de-la-charite.org\/wp-content\/uploads\/2023\/04\/1-2-e1605894436156.jpg","datePublished":"2020-10-06T12:08:33+00:00","dateModified":"2023-05-23T09:39:37+00:00","breadcrumb":{"@id":"https:\/\/filles-de-la-charite.org\/it\/vida-entregada\/vita-donata-a-dio-per-il-servizio-ai-poveri\/#breadcrumb"},"inLanguage":"it-IT","potentialAction":[{"@type":"ReadAction","target":["https:\/\/filles-de-la-charite.org\/it\/vida-entregada\/vita-donata-a-dio-per-il-servizio-ai-poveri\/"]}]},{"@type":"ImageObject","inLanguage":"it-IT","@id":"https:\/\/filles-de-la-charite.org\/it\/vida-entregada\/vita-donata-a-dio-per-il-servizio-ai-poveri\/#primaryimage","url":"https:\/\/filles-de-la-charite.org\/wp-content\/uploads\/2023\/04\/1-2-e1605894436156.jpg","contentUrl":"https:\/\/filles-de-la-charite.org\/wp-content\/uploads\/2023\/04\/1-2-e1605894436156.jpg","width":699,"height":486},{"@type":"BreadcrumbList","@id":"https:\/\/filles-de-la-charite.org\/it\/vida-entregada\/vita-donata-a-dio-per-il-servizio-ai-poveri\/#breadcrumb","itemListElement":[{"@type":"ListItem","position":1,"name":"Given lifes","item":"https:\/\/filles-de-la-charite.org\/it\/vida-entregada\/"},{"@type":"ListItem","position":2,"name":"Vita donata a Dio per il servizio ai Poveri"}]},{"@type":"WebSite","@id":"https:\/\/filles-de-la-charite.org\/it\/#website","url":"https:\/\/filles-de-la-charite.org\/it\/","name":"Hijas de la Caridad","description":"L\u2019amour de J\u00e9sus nous presse \u00e0 prendre soin des personnes les plus d\u00e9munies","publisher":{"@id":"https:\/\/filles-de-la-charite.org\/it\/#organization"},"potentialAction":[{"@type":"SearchAction","target":{"@type":"EntryPoint","urlTemplate":"https:\/\/filles-de-la-charite.org\/it\/?s={search_term_string}"},"query-input":{"@type":"PropertyValueSpecification","valueRequired":true,"valueName":"search_term_string"}}],"inLanguage":"it-IT"},{"@type":"Organization","@id":"https:\/\/filles-de-la-charite.org\/it\/#organization","name":"Hijas de la Caridad","url":"https:\/\/filles-de-la-charite.org\/it\/","logo":{"@type":"ImageObject","inLanguage":"it-IT","@id":"https:\/\/filles-de-la-charite.org\/it\/#\/schema\/logo\/image\/","url":"https:\/\/filles-de-la-charite.org\/wp-content\/uploads\/2023\/03\/isotipo-Hijas-de-la-Caridad.png","contentUrl":"https:\/\/filles-de-la-charite.org\/wp-content\/uploads\/2023\/03\/isotipo-Hijas-de-la-Caridad.png","width":1417,"height":1417,"caption":"Hijas de la Caridad"},"image":{"@id":"https:\/\/filles-de-la-charite.org\/it\/#\/schema\/logo\/image\/"}}]}},"_links":{"self":[{"href":"https:\/\/filles-de-la-charite.org\/it\/wp-json\/wp\/v2\/vida-entregada\/7940","targetHints":{"allow":["GET"]}}],"collection":[{"href":"https:\/\/filles-de-la-charite.org\/it\/wp-json\/wp\/v2\/vida-entregada"}],"about":[{"href":"https:\/\/filles-de-la-charite.org\/it\/wp-json\/wp\/v2\/types\/vida-entregada"}],"wp:featuredmedia":[{"embeddable":true,"href":"https:\/\/filles-de-la-charite.org\/it\/wp-json\/wp\/v2\/media\/1708"}],"wp:attachment":[{"href":"https:\/\/filles-de-la-charite.org\/it\/wp-json\/wp\/v2\/media?parent=7940"}],"curies":[{"name":"wp","href":"https:\/\/api.w.org\/{rel}","templated":true}]}}