{"version":"1.0","provider_name":"Filles de la Charit\u00e9","provider_url":"https:\/\/filles-de-la-charite.org\/pl\/","title":"Dokument Mi\u0119dzykonwentowy 2021 - 2027 - Filles de la Charit\u00e9","type":"rich","width":600,"height":338,"html":"<blockquote class=\"wp-embedded-content\" data-secret=\"Loh5PtYBtm\"><a href=\"https:\/\/filles-de-la-charite.org\/pl\/rincon-oracion\/dokument-miedzykonwentowy-2021-2027\/\">Dokument Mi\u0119dzykonwentowy 2021 &#8211; 2027<\/a><\/blockquote><iframe sandbox=\"allow-scripts\" security=\"restricted\" src=\"https:\/\/filles-de-la-charite.org\/pl\/rincon-oracion\/dokument-miedzykonwentowy-2021-2027\/embed\/#?secret=Loh5PtYBtm\" width=\"600\" height=\"338\" title=\"&#8222;Dokument Mi\u0119dzykonwentowy 2021 &#8211; 2027&#8221; &#8212; Filles de la Charit\u00e9\" data-secret=\"Loh5PtYBtm\" frameborder=\"0\" marginwidth=\"0\" marginheight=\"0\" scrolling=\"no\" class=\"wp-embedded-content\"><\/iframe><script type=\"text\/javascript\">\n\/* <![CDATA[ *\/\n\/*! This file is auto-generated *\/\n!function(d,l){\"use strict\";l.querySelector&&d.addEventListener&&\"undefined\"!=typeof URL&&(d.wp=d.wp||{},d.wp.receiveEmbedMessage||(d.wp.receiveEmbedMessage=function(e){var t=e.data;if((t||t.secret||t.message||t.value)&&!\/[^a-zA-Z0-9]\/.test(t.secret)){for(var s,r,n,a=l.querySelectorAll('iframe[data-secret=\"'+t.secret+'\"]'),o=l.querySelectorAll('blockquote[data-secret=\"'+t.secret+'\"]'),c=new RegExp(\"^https?:$\",\"i\"),i=0;i<o.length;i++)o[i].style.display=\"none\";for(i=0;i<a.length;i++)s=a[i],e.source===s.contentWindow&&(s.removeAttribute(\"style\"),\"height\"===t.message?(1e3<(r=parseInt(t.value,10))?r=1e3:~~r<200&&(r=200),s.height=r):\"link\"===t.message&&(r=new URL(s.getAttribute(\"src\")),n=new URL(t.value),c.test(n.protocol))&&n.host===r.host&&l.activeElement===s&&(d.top.location.href=t.value))}},d.addEventListener(\"message\",d.wp.receiveEmbedMessage,!1),l.addEventListener(\"DOMContentLoaded\",function(){for(var e,t,s=l.querySelectorAll(\"iframe.wp-embedded-content\"),r=0;r<s.length;r++)(t=(e=s[r]).getAttribute(\"data-secret\"))||(t=Math.random().toString(36).substring(2,12),e.src+=\"#?secret=\"+t,e.setAttribute(\"data-secret\",t)),e.contentWindow.postMessage({message:\"ready\",secret:t},\"*\")},!1)))}(window,document);\n\/\/# sourceURL=https:\/\/filles-de-la-charite.org\/wp-includes\/js\/wp-embed.min.js\n\/* ]]> *\/\n<\/script>\n","thumbnail_url":"https:\/\/filles-de-la-charite.org\/wp-content\/uploads\/2023\/06\/Czerwiec-2022-2021-27-Dokument-Miedzykonwentowy_PL-scaled-1.jpg","thumbnail_width":2560,"thumbnail_height":1440,"description":"K\u0105cik Modlitwy w tym miesi\u0105cu jest proponowany jako modlitewne towarzyszenie dla Si\u00f3str Mi\u0142osierdzia, kt\u00f3re staraj\u0105 si\u0119 tchn\u0105\u0107 \u017cycie w Dokument Mi\u0119dzykonwentowy. Niech B\u00f3g kieruje naszymi s\u0142owami, my\u015blami i czynami! \u201eTeraz jest ten czas, by zbiera\u0107 owoce Konwentu Generalnego, by je sobie przyswoi\u0107 i wprowadzi\u0107 w czyn&#8230; zale\u017cnie od kontekstu\u201d. (S. Fran\u00e7oise PETIT, 25 marca 2022. [&hellip;]"}