{"version":"1.0","provider_name":"Filles de la Charit\u00e9","provider_url":"https:\/\/filles-de-la-charite.org\/pl\/","title":"B\u0142ogos\u0142awiona Marta Wiecka - Filles de la Charit\u00e9","type":"rich","width":600,"height":338,"html":"<blockquote class=\"wp-embedded-content\" data-secret=\"NmpI6TzN7g\"><a href=\"https:\/\/filles-de-la-charite.org\/pl\/rodzina\/blogoslawiona-marta-wiecka\/\">B\u0142ogos\u0142awiona Marta Wiecka<\/a><\/blockquote><iframe sandbox=\"allow-scripts\" security=\"restricted\" src=\"https:\/\/filles-de-la-charite.org\/pl\/rodzina\/blogoslawiona-marta-wiecka\/embed\/#?secret=NmpI6TzN7g\" width=\"600\" height=\"338\" title=\"&#8222;B\u0142ogos\u0142awiona Marta Wiecka&#8221; &#8212; Filles de la Charit\u00e9\" data-secret=\"NmpI6TzN7g\" frameborder=\"0\" marginwidth=\"0\" marginheight=\"0\" scrolling=\"no\" class=\"wp-embedded-content\"><\/iframe><script type=\"text\/javascript\">\n\/* <![CDATA[ *\/\n\/*! This file is auto-generated *\/\n!function(d,l){\"use strict\";l.querySelector&&d.addEventListener&&\"undefined\"!=typeof URL&&(d.wp=d.wp||{},d.wp.receiveEmbedMessage||(d.wp.receiveEmbedMessage=function(e){var t=e.data;if((t||t.secret||t.message||t.value)&&!\/[^a-zA-Z0-9]\/.test(t.secret)){for(var s,r,n,a=l.querySelectorAll('iframe[data-secret=\"'+t.secret+'\"]'),o=l.querySelectorAll('blockquote[data-secret=\"'+t.secret+'\"]'),c=new RegExp(\"^https?:$\",\"i\"),i=0;i<o.length;i++)o[i].style.display=\"none\";for(i=0;i<a.length;i++)s=a[i],e.source===s.contentWindow&&(s.removeAttribute(\"style\"),\"height\"===t.message?(1e3<(r=parseInt(t.value,10))?r=1e3:~~r<200&&(r=200),s.height=r):\"link\"===t.message&&(r=new URL(s.getAttribute(\"src\")),n=new URL(t.value),c.test(n.protocol))&&n.host===r.host&&l.activeElement===s&&(d.top.location.href=t.value))}},d.addEventListener(\"message\",d.wp.receiveEmbedMessage,!1),l.addEventListener(\"DOMContentLoaded\",function(){for(var e,t,s=l.querySelectorAll(\"iframe.wp-embedded-content\"),r=0;r<s.length;r++)(t=(e=s[r]).getAttribute(\"data-secret\"))||(t=Math.random().toString(36).substring(2,12),e.src+=\"#?secret=\"+t,e.setAttribute(\"data-secret\",t)),e.contentWindow.postMessage({message:\"ready\",secret:t},\"*\")},!1)))}(window,document);\n\/\/# sourceURL=https:\/\/filles-de-la-charite.org\/wp-includes\/js\/wp-embed.min.js\n\/* ]]> *\/\n<\/script>\n","thumbnail_url":"https:\/\/filles-de-la-charite.org\/wp-content\/uploads\/2023\/04\/Marta-Wiecka-1.png","thumbnail_width":302,"thumbnail_height":391,"description":"Kr\u00f3tkie by\u0142o \u017cycie S. Marty Wieckiej, bo trwa\u0142o zaledwie trzydzie\u015bci lat, ale czas ten wystarczy\u0142, by jej dusza wznios\u0142a si\u0119 na wy\u017cyny \u015bwi\u0119to\u015bci. By\u0142a prawdziw\u0105 Siostr\u0105 Mi\u0142osierdzia \u2013 ca\u0142kowicie oddana Bogu, s\u0142u\u017cy\u0142a ludziom chorym i cierpi\u0105cym, w wincenty\u0144skim duchu pokory, prostoty i mi\u0142o\u015bci. 1874, 12 lipca Narodziny w Nowym Wiecu 1892, 12 sierpnia Wst\u0105pienie do [&hellip;]"}