{"version":"1.0","provider_name":"Filles de la Charit\u00e9","provider_url":"https:\/\/filles-de-la-charite.org\/pl\/","title":"Uchod\u017acy i migranci - Filles de la Charit\u00e9","type":"rich","width":600,"height":338,"html":"<blockquote class=\"wp-embedded-content\" data-secret=\"5F6EbD07RT\"><a href=\"https:\/\/filles-de-la-charite.org\/pl\/service\/migranci-i-uchodzcy\/\">Uchod\u017acy i migranci<\/a><\/blockquote><iframe sandbox=\"allow-scripts\" security=\"restricted\" src=\"https:\/\/filles-de-la-charite.org\/pl\/service\/migranci-i-uchodzcy\/embed\/#?secret=5F6EbD07RT\" width=\"600\" height=\"338\" title=\"&#8222;Uchod\u017acy i migranci&#8221; &#8212; Filles de la Charit\u00e9\" data-secret=\"5F6EbD07RT\" frameborder=\"0\" marginwidth=\"0\" marginheight=\"0\" scrolling=\"no\" class=\"wp-embedded-content\"><\/iframe><script type=\"text\/javascript\">\n\/* <![CDATA[ *\/\n\/*! This file is auto-generated *\/\n!function(d,l){\"use strict\";l.querySelector&&d.addEventListener&&\"undefined\"!=typeof URL&&(d.wp=d.wp||{},d.wp.receiveEmbedMessage||(d.wp.receiveEmbedMessage=function(e){var t=e.data;if((t||t.secret||t.message||t.value)&&!\/[^a-zA-Z0-9]\/.test(t.secret)){for(var s,r,n,a=l.querySelectorAll('iframe[data-secret=\"'+t.secret+'\"]'),o=l.querySelectorAll('blockquote[data-secret=\"'+t.secret+'\"]'),c=new RegExp(\"^https?:$\",\"i\"),i=0;i<o.length;i++)o[i].style.display=\"none\";for(i=0;i<a.length;i++)s=a[i],e.source===s.contentWindow&&(s.removeAttribute(\"style\"),\"height\"===t.message?(1e3<(r=parseInt(t.value,10))?r=1e3:~~r<200&&(r=200),s.height=r):\"link\"===t.message&&(r=new URL(s.getAttribute(\"src\")),n=new URL(t.value),c.test(n.protocol))&&n.host===r.host&&l.activeElement===s&&(d.top.location.href=t.value))}},d.addEventListener(\"message\",d.wp.receiveEmbedMessage,!1),l.addEventListener(\"DOMContentLoaded\",function(){for(var e,t,s=l.querySelectorAll(\"iframe.wp-embedded-content\"),r=0;r<s.length;r++)(t=(e=s[r]).getAttribute(\"data-secret\"))||(t=Math.random().toString(36).substring(2,12),e.src+=\"#?secret=\"+t,e.setAttribute(\"data-secret\",t)),e.contentWindow.postMessage({message:\"ready\",secret:t},\"*\")},!1)))}(window,document);\n\/\/# sourceURL=https:\/\/filles-de-la-charite.org\/wp-includes\/js\/wp-embed.min.js\n\/* ]]> *\/\n<\/script>\n","thumbnail_url":"https:\/\/filles-de-la-charite.org\/wp-content\/uploads\/2023\/04\/migrantes.jpg","thumbnail_width":1920,"thumbnail_height":1440,"description":"W czasach naszych Za\u0142o\u017cycieli tysi\u0105ce ludzi w ka\u017cdym wieku i wszystkich klas spo\u0142ecznych przybywa\u0142o do Pary\u017ca, zmuszeni do ucieczki przez wojny. Ksi\u0105dz Wincenty robi\u0142 wszystko, co w jego mocy, aby im ul\u017cy\u0107 w cierpieniu i okaza\u0107 ca\u0142\u0105 sw\u0105 czu\u0142o\u015b\u0107. W naszych czasach g\u0142\u00f3d, kl\u0119ski \u017cywio\u0142owe, totalitarne i skorumpowane re\u017cimy oraz globalne konflikty przyczyni\u0142y si\u0119 do [&hellip;]"}