{"version":"1.0","provider_name":"Filles de la Charit\u00e9","provider_url":"https:\/\/filles-de-la-charite.org\/pl\/","title":"Wi\u0119\u017aniowie - Filles de la Charit\u00e9","type":"rich","width":600,"height":338,"html":"<blockquote class=\"wp-embedded-content\" data-secret=\"Dzr6mamR5e\"><a href=\"https:\/\/filles-de-la-charite.org\/pl\/service\/wiezniowie-wolnosci\/\">Wi\u0119\u017aniowie<\/a><\/blockquote><iframe sandbox=\"allow-scripts\" security=\"restricted\" src=\"https:\/\/filles-de-la-charite.org\/pl\/service\/wiezniowie-wolnosci\/embed\/#?secret=Dzr6mamR5e\" width=\"600\" height=\"338\" title=\"&#8222;Wi\u0119\u017aniowie&#8221; &#8212; Filles de la Charit\u00e9\" data-secret=\"Dzr6mamR5e\" frameborder=\"0\" marginwidth=\"0\" marginheight=\"0\" scrolling=\"no\" class=\"wp-embedded-content\"><\/iframe><script type=\"text\/javascript\">\n\/* <![CDATA[ *\/\n\/*! This file is auto-generated *\/\n!function(d,l){\"use strict\";l.querySelector&&d.addEventListener&&\"undefined\"!=typeof URL&&(d.wp=d.wp||{},d.wp.receiveEmbedMessage||(d.wp.receiveEmbedMessage=function(e){var t=e.data;if((t||t.secret||t.message||t.value)&&!\/[^a-zA-Z0-9]\/.test(t.secret)){for(var s,r,n,a=l.querySelectorAll('iframe[data-secret=\"'+t.secret+'\"]'),o=l.querySelectorAll('blockquote[data-secret=\"'+t.secret+'\"]'),c=new RegExp(\"^https?:$\",\"i\"),i=0;i<o.length;i++)o[i].style.display=\"none\";for(i=0;i<a.length;i++)s=a[i],e.source===s.contentWindow&&(s.removeAttribute(\"style\"),\"height\"===t.message?(1e3<(r=parseInt(t.value,10))?r=1e3:~~r<200&&(r=200),s.height=r):\"link\"===t.message&&(r=new URL(s.getAttribute(\"src\")),n=new URL(t.value),c.test(n.protocol))&&n.host===r.host&&l.activeElement===s&&(d.top.location.href=t.value))}},d.addEventListener(\"message\",d.wp.receiveEmbedMessage,!1),l.addEventListener(\"DOMContentLoaded\",function(){for(var e,t,s=l.querySelectorAll(\"iframe.wp-embedded-content\"),r=0;r<s.length;r++)(t=(e=s[r]).getAttribute(\"data-secret\"))||(t=Math.random().toString(36).substring(2,12),e.src+=\"#?secret=\"+t,e.setAttribute(\"data-secret\",t)),e.contentWindow.postMessage({message:\"ready\",secret:t},\"*\")},!1)))}(window,document);\n\/\/# sourceURL=https:\/\/filles-de-la-charite.org\/wp-includes\/js\/wp-embed.min.js\n\/* ]]> *\/\n<\/script>\n","thumbnail_url":"https:\/\/filles-de-la-charite.org\/wp-content\/uploads\/2023\/04\/carcel.jpeg","thumbnail_width":1920,"thumbnail_height":1440,"description":"\u015aw. Wincenty a Paulo by\u0142 generalnym kapelanem galer w Pary\u017cu. \u201eCi ludzie byli traktowani jak zwierz\u0119ta\u201d \u2013m\u00f3wi\u0142. Nie mieli \u017cadnego wsparcia i byli pozbawieni wszelkich kontakt\u00f3w. \u015aw. Wincenty walczy\u0142 z nadu\u017cyciami, kt\u00f3rych byli ofiarami, uzyskuj\u0105c dla nich bardziej humanitarne traktowanie. Pos\u0142a\u0142 do nich Siostry Mi\u0142osierdzia, aby zapewnia\u0142y im \u017cywno\u015b\u0107, opiek\u0119 i duchow\u0105 pociech\u0119. Ten projekt, [&hellip;]"}