{"version":"1.0","provider_name":"Filles de la Charit\u00e9","provider_url":"https:\/\/filles-de-la-charite.org\/pl\/","title":"Zmar\u0142a Siostra Juana Elizondo - Filles de la Charit\u00e9","type":"rich","width":600,"height":338,"html":"<blockquote class=\"wp-embedded-content\" data-secret=\"LtODtL0qqp\"><a href=\"https:\/\/filles-de-la-charite.org\/pl\/zmarla-siostra-juana-elizondo\/\">Zmar\u0142a Siostra Juana Elizondo<\/a><\/blockquote><iframe sandbox=\"allow-scripts\" security=\"restricted\" src=\"https:\/\/filles-de-la-charite.org\/pl\/zmarla-siostra-juana-elizondo\/embed\/#?secret=LtODtL0qqp\" width=\"600\" height=\"338\" title=\"&#8222;Zmar\u0142a Siostra Juana Elizondo&#8221; &#8212; Filles de la Charit\u00e9\" data-secret=\"LtODtL0qqp\" frameborder=\"0\" marginwidth=\"0\" marginheight=\"0\" scrolling=\"no\" class=\"wp-embedded-content\"><\/iframe><script type=\"text\/javascript\">\n\/* <![CDATA[ *\/\n\/*! This file is auto-generated *\/\n!function(d,l){\"use strict\";l.querySelector&&d.addEventListener&&\"undefined\"!=typeof URL&&(d.wp=d.wp||{},d.wp.receiveEmbedMessage||(d.wp.receiveEmbedMessage=function(e){var t=e.data;if((t||t.secret||t.message||t.value)&&!\/[^a-zA-Z0-9]\/.test(t.secret)){for(var s,r,n,a=l.querySelectorAll('iframe[data-secret=\"'+t.secret+'\"]'),o=l.querySelectorAll('blockquote[data-secret=\"'+t.secret+'\"]'),c=new RegExp(\"^https?:$\",\"i\"),i=0;i<o.length;i++)o[i].style.display=\"none\";for(i=0;i<a.length;i++)s=a[i],e.source===s.contentWindow&&(s.removeAttribute(\"style\"),\"height\"===t.message?(1e3<(r=parseInt(t.value,10))?r=1e3:~~r<200&&(r=200),s.height=r):\"link\"===t.message&&(r=new URL(s.getAttribute(\"src\")),n=new URL(t.value),c.test(n.protocol))&&n.host===r.host&&l.activeElement===s&&(d.top.location.href=t.value))}},d.addEventListener(\"message\",d.wp.receiveEmbedMessage,!1),l.addEventListener(\"DOMContentLoaded\",function(){for(var e,t,s=l.querySelectorAll(\"iframe.wp-embedded-content\"),r=0;r<s.length;r++)(t=(e=s[r]).getAttribute(\"data-secret\"))||(t=Math.random().toString(36).substring(2,12),e.src+=\"#?secret=\"+t,e.setAttribute(\"data-secret\",t)),e.contentWindow.postMessage({message:\"ready\",secret:t},\"*\")},!1)))}(window,document);\n\/\/# sourceURL=https:\/\/filles-de-la-charite.org\/wp-includes\/js\/wp-embed.min.js\n\/* ]]> *\/\n<\/script>\n","thumbnail_url":"https:\/\/filles-de-la-charite.org\/wp-content\/uploads\/2023\/06\/Diapositiva4-scaled-2.jpg","thumbnail_width":2560,"thumbnail_height":1440,"description":"Dowiedzia\u0142y\u015bmy si\u0119, \u017ce w niedziel\u0119 24 lipca 2022 roku, w mie\u015bcie San Sebastian, zmar\u0142a Siostra Juana ELIZONDO, prze\u017cywszy 96 lat, 71 lat powo\u0142ania. Dzi\u0119kujemy Bogu za jej pi\u0119kne \u017cycie, za jej bezgraniczne oddanie si\u0119 Chrystusowi i za niestrudzone po\u015bwi\u0119cenie si\u0119 s\u0142u\u017cbie Zgromadzeniu, w spos\u00f3b szczeg\u00f3lny pe\u0142ni\u0105c misj\u0119 Prze\u0142o\u017conej Generalnej w ci\u0105gu 12 lat. Modlimy si\u0119 [&hellip;]"}