{"id":4063,"date":"2020-10-21T09:49:00","date_gmt":"2020-10-21T07:49:00","guid":{"rendered":"https:\/\/hijascaridad.sjdigitaldemo.ovh\/familia\/swieta-katarzyna-laboure\/"},"modified":"2024-03-12T17:45:37","modified_gmt":"2024-03-12T16:45:37","slug":"swieta-katarzyna-laboure","status":"publish","type":"familia","link":"https:\/\/filles-de-la-charite.org\/pl\/rodzina\/swieta-katarzyna-laboure\/","title":{"rendered":"\u015awi\u0119ta Katarzyna Labour\u00e9"},"content":{"rendered":"\n<p><strong>Katarzyna Labour\u00e9 by\u0142a bardzo zwyczajn\u0105 kobiet\u0105, \u015bwi\u0119t\u0105 blisk\u0105 ka\u017cdemu z nas. Jej \u017cycie by\u0142o jednocze\u015bnie nadzwyczaj proste i nadzwyczaj godne uwagi. Odznacza\u0142a si\u0119 prawdziw\u0105 pasj\u0105 do Boga, Naj\u015bwi\u0119tszej Panny, \u015bw. Wincentego i Ubogich. Mia\u0142a osobowo\u015b\u0107 wyj\u0105tkowo bogat\u0105 w swej prostocie i pokorze.<\/strong><\/p>\n\n\n\n<figure class=\"wp-block-table\"><table><tbody><tr><td><strong>1806, 2 maja<\/strong><\/td><td>Narodziny w Fain-les-Moutiers<\/td><\/tr><tr><td><strong>1815<\/strong><\/td><td>\u015amier\u0107 matki<\/td><\/tr><tr><td><strong>1830, 21 kwietnia<\/strong><\/td><td>Wej\u015bcie do Seminarium (nowicjatu) Si\u00f3str Mi\u0142osierdzia w Pary\u017cu<\/td><\/tr><tr><td><strong>1830, 18 lipca,<\/strong><\/td><td>G\u0142\u00f3wne objawienia Matki Bo\u017cej<\/td><\/tr><tr><td><strong>&nbsp;i 27 listopada<\/strong><\/td><td><\/td><\/tr><tr><td><strong>1831<\/strong><\/td><td>Pocz\u0105tek s\u0142u\u017cby w Przytu\u0142ku w Enghien (Pary\u017c) w\u015br\u00f3d ubogich os\u00f3b w podesz\u0142ym wieku<\/td><\/tr><tr><td><strong>1876, 31 grudnia<\/strong><\/td><td>\u015amier\u0107<\/td><\/tr><tr><td><strong>1933<\/strong><\/td><td>Przeniesienie jej nienaruszonego cia\u0142a do Kaplicy Domu Macierzystego<\/td><\/tr><tr><td><strong>1933, 22 maja<\/strong><\/td><td>Beatyfikacja<\/td><\/tr><tr><td><strong>1947, 27 lipca<\/strong><\/td><td>Kanonizowana przez papie\u017ca Piusa XII<\/td><\/tr><tr><td><strong>28 listopada<\/strong><\/td><td>Wspomnienie liturgiczne<\/td><\/tr><\/tbody><\/table><\/figure>\n\n\n\n<p>Katarzyna by\u0142a wiejsk\u0105 dziewczyn\u0105 z Burgundii, \u00f3sm\u0105 w\u015br\u00f3d dziesi\u0119ciorga rodze\u0144stwa. Osierocona w wieku 9 lat, za matk\u0119 obra\u0142a sobie Maryj\u0119, Matk\u0119 Niebiesk\u0105. Ten dzieci\u0119cy akt wiary sta\u0142 si\u0119 fundamentalnym wydarzeniem w jej uprzywilejowanej relacji z \u201eNiebem\u201d.<\/p>\n\n\n\n<p>Dnia 25 stycznia 1818 r. Katarzyna przyj\u0119\u0142a po raz pierwszy Komuni\u0119 \u015bw. w ko\u015bciele w Moutiers-Saint-Jean i przeobrazi\u0142a si\u0119 w \u201emistyczk\u0119\u201d, jak zauwa\u017cy\u0142a jej m\u0142odsza siostra Tonina. 12-letnia Katarzyna by\u0142a pierwsz\u0105 wsp\u00f3\u0142pracownic\u0105 ojca w pracy w gospodarstwie. By\u0142a niestrudzona w obowi\u0105zkach, kt\u00f3re na ni\u0105 spad\u0142y, co wzmocni\u0142o jej temperament i odporno\u015b\u0107 na zm\u0119czenie. Ka\u017cdego dnia po\u015bwi\u0119ca\u0142a wiele czasu na modlitw\u0119. Tak planowa\u0142a czas, \u017ce codziennie, jeszcze przed rozpocz\u0119ciem pracy, uczestniczy\u0142a we Mszy \u015bw. w Moutiers-Saint-Jean. Maj\u0105c 13 lat by\u0142a na r\u00f3wni \u201eosob\u0105 kontemplacji\u201d jak i \u201epani\u0105 domu\u201d.<\/p>\n\n\n\n<p>W wieku ok. 15-16 lat mia\u0142a przedziwny sen, jeden z tych sn\u00f3w, kt\u00f3re Ewangelia nazywa proroczymi, kt\u00f3rych znaczenie staje si\u0119 ja\u015bniejsze dopiero z biegiem czasu. Katarzyn\u0119 odwiedzi\u0142 \u015bw. Wincenty a Paulo, kt\u00f3ry zaprosi\u0142 j\u0105 do p\u00f3j\u015bcia za sob\u0105.<\/p>\n\n\n\n<p>Gdy mia\u0142a 18 lat oznajmi\u0142a ojcu o pragnieniu wst\u0105pienia do Si\u00f3str Mi\u0142osierdzia. Ten odm\u00f3wi\u0142 i z nadziej\u0105 zmiany plan\u00f3w c\u00f3rki wys\u0142a\u0142 j\u0105 do Pary\u017ca, do pomocy w kuchni i restauracji prowadzonej przez jej brata. Dopiero po czterech latach ojciec ostatecznie przysta\u0142 na pro\u015bb\u0119 Katarzyny, zezwalaj\u0105c na p\u00f3j\u015bcie za g\u0142osem powo\u0142ania.<\/p>\n\n\n\n<p>W kwietniu 1830 r. Katarzyna zosta\u0142a przyj\u0119ta do Seminarium w Domu Macierzystym przy ul. du Bac w Pary\u017cu. Mia\u0142a ona wielkie nabo\u017ce\u0144stwo do \u015bw. Wincentego, a z modlitwy czerpa\u0142a si\u0142\u0119, cierpliwo\u015b\u0107 i \u015bwiat\u0142o. Radosna i u\u015bmiechni\u0119ta, Katarzyna skupi\u0142a ca\u0142\u0105 swoj\u0105 uwag\u0119 na drugim cz\u0142owieku i na skuteczno\u015bci w codziennej s\u0142u\u017cbie.<\/p>\n\n\n\n<p>Na pocz\u0105tku pobytu w Seminarium S. Katarzyna mia\u0142a wizje bardzo osobiste (serca \u015bw. Wincentego oraz Jezusa w Eucharystii), aby nast\u0119pnie otrzyma\u0107 dwa objawienia maryjne \u2013 z 18 lipca i 27 listopada 1830 r. \u2013 stanowi\u0105ce przes\u0142anie o charakterze ewangelizacyjnym dla ca\u0142ego Ko\u015bcio\u0142a i \u015bwiata. Te dwa objawienia by\u0142y \u015bci\u015ble ze sob\u0105 zwi\u0105zane: pierwsze by\u0142o przygotowaniem drugiego, maj\u0105cego niezwykle donios\u0142e znaczenie, gdy\u017c Maryja przekaza\u0142a w\u00f3wczas \u015bwiatu Medalik. Za pomoc\u0105 tego znaku objawi\u0142a tajemnic\u0119 swego Niepokalanego Pocz\u0119cia, a przez symbole na rewersie Medalika ukaza\u0142a sw\u00f3j \u015bcis\u0142y zwi\u0105zek z tajemnic\u0105 Wcielenia i Odkupienia.<\/p>\n\n\n\n<p>Dla S. Katarzyny B\u00f3g nie by\u0142 ide\u0105, lecz obecno\u015bci\u0105: Jezusem, Bogiem wcielonym, kt\u00f3ry zamieszka\u0142 w\u015br\u00f3d ludzi, w\u015br\u00f3d Ubogich. 5 lutego 1831 r. zosta\u0142a pos\u0142ana do s\u0142u\u017cby starcom w przytu\u0142ku Enghien, a tak\u017ce Ubogim z dzielnicy, nieszcz\u0119\u015bliwym, smutnym, zepchni\u0119tym na margines\u2026 Przez 45 lat niestrudzonej s\u0142u\u017cby S. Katarzyna by\u0142a dla nich wszystkich przystani\u0105 pokoju, opiekuj\u0105c si\u0119 osobami starszymi z niezwyk\u0142\u0105 dobroci\u0105 i uprzedzaj\u0105c\u0105 grzeczno\u015bci\u0105, zw\u0142aszcza wobec najbardziej nieprzyjemnych. Jednakow\u0105 trosk\u0105 otacza\u0142a chorych oraz tych, kt\u00f3rym towarzyszy\u0142a w ich agonii. W ka\u017cdym rozpoznawa\u0142a oblicze Chrystusa. By\u0142a \u201ewizjonerk\u0105\u201d, ale przede wszystkim by\u0142a \u201ewierz\u0105c\u0105\u201d, czego heroiczne dowody dawa\u0142a w niespodziewanych i trudnych sytuacjach, zw\u0142aszcza podczas Komuny Paryskiej: \u201eWszystko dla Boga\u201d.<\/p>\n\n\n\n<p>S. Katarzyna zmar\u0142a 31 grudnia 1876 r. W pierwszych dniach nast\u0119pnego roku zosta\u0142a pochowana w grobowcu pod domem w Reuilly. W 1933 r., w roku beatyfikacji, jej cia\u0142o zosta\u0142o przeniesione do kaplicy przy ul. du Bac i z\u0142o\u017cone pod o\u0142tarzem Matki Bo\u017cej z kul\u0105 ziemsk\u0105. Siedemdziesi\u0105t lat po \u015bmierci Ko\u015bci\u00f3\u0142 og\u0142osi\u0142 j\u0105 \u015bwi\u0119t\u0105.<\/p>\n\n\n\n<p>\u015aw. Katarzyna jawi si\u0119 jako pierwszy \u015bwiadek nowego rodzaju \u015bwi\u0119to\u015bci, bez ludzkiej chwa\u0142y i triumfu, kt\u00f3r\u0105 Duch \u015awi\u0119ty zacz\u0105\u0142 wzbudza\u0107 na wsp\u00f3\u0142czesne czasy.<\/p>\n\n\n\n<p><\/p>\n","protected":false},"featured_media":985,"template":"","meta":{"_acf_changed":false,"_et_pb_use_builder":"","_et_pb_old_content":"","_et_gb_content_width":"","_links_to":"","_links_to_target":""},"origen":[],"class_list":["post-4063","familia","type-familia","status-publish","has-post-thumbnail","hentry"],"acf":[],"yoast_head":"<!-- This site is optimized with the Yoast SEO plugin v27.5 - https:\/\/yoast.com\/product\/yoast-seo-wordpress\/ -->\n<title>\u015awi\u0119ta Katarzyna Labour\u00e9 - Filles de la Charit\u00e9<\/title>\n<meta name=\"robots\" content=\"index, follow, max-snippet:-1, max-image-preview:large, max-video-preview:-1\" \/>\n<link rel=\"canonical\" href=\"https:\/\/filles-de-la-charite.org\/pl\/rodzina\/swieta-katarzyna-laboure\/\" \/>\n<meta property=\"og:locale\" content=\"pl_PL\" \/>\n<meta property=\"og:type\" content=\"article\" \/>\n<meta property=\"og:title\" content=\"\u015awi\u0119ta Katarzyna Labour\u00e9 - Filles de la Charit\u00e9\" \/>\n<meta property=\"og:description\" content=\"Katarzyna Labour\u00e9 by\u0142a bardzo zwyczajn\u0105 kobiet\u0105, \u015bwi\u0119t\u0105 blisk\u0105 ka\u017cdemu z nas. Jej \u017cycie by\u0142o jednocze\u015bnie nadzwyczaj proste i nadzwyczaj godne uwagi. Odznacza\u0142a si\u0119 prawdziw\u0105 pasj\u0105 do Boga, Naj\u015bwi\u0119tszej Panny, \u015bw. Wincentego i Ubogich. Mia\u0142a osobowo\u015b\u0107 wyj\u0105tkowo bogat\u0105 w swej prostocie i pokorze. 1806, 2 maja Narodziny w Fain-les-Moutiers 1815 \u015amier\u0107 matki 1830, 21 kwietnia Wej\u015bcie [&hellip;]\" \/>\n<meta property=\"og:url\" content=\"https:\/\/filles-de-la-charite.org\/pl\/rodzina\/swieta-katarzyna-laboure\/\" \/>\n<meta property=\"og:site_name\" content=\"Filles de la Charit\u00e9\" \/>\n<meta property=\"article:modified_time\" content=\"2024-03-12T16:45:37+00:00\" \/>\n<meta property=\"og:image\" content=\"https:\/\/filles-de-la-charite.org\/wp-content\/uploads\/2023\/04\/image19-1.jpg\" \/>\n\t<meta property=\"og:image:width\" content=\"366\" \/>\n\t<meta property=\"og:image:height\" content=\"508\" \/>\n\t<meta property=\"og:image:type\" content=\"image\/jpeg\" \/>\n<meta name=\"twitter:card\" content=\"summary_large_image\" \/>\n<meta name=\"twitter:label1\" content=\"Szacowany czas czytania\" \/>\n\t<meta name=\"twitter:data1\" content=\"4 minuty\" \/>\n<script type=\"application\/ld+json\" class=\"yoast-schema-graph\">{\"@context\":\"https:\\\/\\\/schema.org\",\"@graph\":[{\"@type\":\"WebPage\",\"@id\":\"https:\\\/\\\/filles-de-la-charite.org\\\/pl\\\/rodzina\\\/swieta-katarzyna-laboure\\\/\",\"url\":\"https:\\\/\\\/filles-de-la-charite.org\\\/pl\\\/rodzina\\\/swieta-katarzyna-laboure\\\/\",\"name\":\"\u015awi\u0119ta Katarzyna Labour\u00e9 - Filles de la Charit\u00e9\",\"isPartOf\":{\"@id\":\"https:\\\/\\\/filles-de-la-charite.org\\\/pl\\\/#website\"},\"primaryImageOfPage\":{\"@id\":\"https:\\\/\\\/filles-de-la-charite.org\\\/pl\\\/rodzina\\\/swieta-katarzyna-laboure\\\/#primaryimage\"},\"image\":{\"@id\":\"https:\\\/\\\/filles-de-la-charite.org\\\/pl\\\/rodzina\\\/swieta-katarzyna-laboure\\\/#primaryimage\"},\"thumbnailUrl\":\"https:\\\/\\\/filles-de-la-charite.org\\\/wp-content\\\/uploads\\\/2023\\\/04\\\/image19-1.jpg\",\"datePublished\":\"2020-10-21T07:49:00+00:00\",\"dateModified\":\"2024-03-12T16:45:37+00:00\",\"breadcrumb\":{\"@id\":\"https:\\\/\\\/filles-de-la-charite.org\\\/pl\\\/rodzina\\\/swieta-katarzyna-laboure\\\/#breadcrumb\"},\"inLanguage\":\"pl-PL\",\"potentialAction\":[{\"@type\":\"ReadAction\",\"target\":[\"https:\\\/\\\/filles-de-la-charite.org\\\/pl\\\/rodzina\\\/swieta-katarzyna-laboure\\\/\"]}]},{\"@type\":\"ImageObject\",\"inLanguage\":\"pl-PL\",\"@id\":\"https:\\\/\\\/filles-de-la-charite.org\\\/pl\\\/rodzina\\\/swieta-katarzyna-laboure\\\/#primaryimage\",\"url\":\"https:\\\/\\\/filles-de-la-charite.org\\\/wp-content\\\/uploads\\\/2023\\\/04\\\/image19-1.jpg\",\"contentUrl\":\"https:\\\/\\\/filles-de-la-charite.org\\\/wp-content\\\/uploads\\\/2023\\\/04\\\/image19-1.jpg\",\"width\":366,\"height\":508},{\"@type\":\"BreadcrumbList\",\"@id\":\"https:\\\/\\\/filles-de-la-charite.org\\\/pl\\\/rodzina\\\/swieta-katarzyna-laboure\\\/#breadcrumb\",\"itemListElement\":[{\"@type\":\"ListItem\",\"position\":1,\"name\":\"Nasza rodzina\",\"item\":\"https:\\\/\\\/filles-de-la-charite.org\\\/pl\\\/rodzina\\\/\"},{\"@type\":\"ListItem\",\"position\":2,\"name\":\"\u015awi\u0119ta Katarzyna Labour\u00e9\"}]},{\"@type\":\"WebSite\",\"@id\":\"https:\\\/\\\/filles-de-la-charite.org\\\/pl\\\/#website\",\"url\":\"https:\\\/\\\/filles-de-la-charite.org\\\/pl\\\/\",\"name\":\"Hijas de la Caridad\",\"description\":\"L\u2019amour de J\u00e9sus nous presse \u00e0 prendre soin des personnes les plus d\u00e9munies\",\"publisher\":{\"@id\":\"https:\\\/\\\/filles-de-la-charite.org\\\/pl\\\/#organization\"},\"potentialAction\":[{\"@type\":\"SearchAction\",\"target\":{\"@type\":\"EntryPoint\",\"urlTemplate\":\"https:\\\/\\\/filles-de-la-charite.org\\\/pl\\\/?s={search_term_string}\"},\"query-input\":{\"@type\":\"PropertyValueSpecification\",\"valueRequired\":true,\"valueName\":\"search_term_string\"}}],\"inLanguage\":\"pl-PL\"},{\"@type\":\"Organization\",\"@id\":\"https:\\\/\\\/filles-de-la-charite.org\\\/pl\\\/#organization\",\"name\":\"Hijas de la Caridad\",\"url\":\"https:\\\/\\\/filles-de-la-charite.org\\\/pl\\\/\",\"logo\":{\"@type\":\"ImageObject\",\"inLanguage\":\"pl-PL\",\"@id\":\"https:\\\/\\\/filles-de-la-charite.org\\\/pl\\\/#\\\/schema\\\/logo\\\/image\\\/\",\"url\":\"https:\\\/\\\/filles-de-la-charite.org\\\/wp-content\\\/uploads\\\/2023\\\/03\\\/isotipo-Hijas-de-la-Caridad.png\",\"contentUrl\":\"https:\\\/\\\/filles-de-la-charite.org\\\/wp-content\\\/uploads\\\/2023\\\/03\\\/isotipo-Hijas-de-la-Caridad.png\",\"width\":1417,\"height\":1417,\"caption\":\"Hijas de la Caridad\"},\"image\":{\"@id\":\"https:\\\/\\\/filles-de-la-charite.org\\\/pl\\\/#\\\/schema\\\/logo\\\/image\\\/\"}}]}<\/script>\n<!-- \/ Yoast SEO plugin. -->","yoast_head_json":{"title":"\u015awi\u0119ta Katarzyna Labour\u00e9 - Filles de la Charit\u00e9","robots":{"index":"index","follow":"follow","max-snippet":"max-snippet:-1","max-image-preview":"max-image-preview:large","max-video-preview":"max-video-preview:-1"},"canonical":"https:\/\/filles-de-la-charite.org\/pl\/rodzina\/swieta-katarzyna-laboure\/","og_locale":"pl_PL","og_type":"article","og_title":"\u015awi\u0119ta Katarzyna Labour\u00e9 - Filles de la Charit\u00e9","og_description":"Katarzyna Labour\u00e9 by\u0142a bardzo zwyczajn\u0105 kobiet\u0105, \u015bwi\u0119t\u0105 blisk\u0105 ka\u017cdemu z nas. Jej \u017cycie by\u0142o jednocze\u015bnie nadzwyczaj proste i nadzwyczaj godne uwagi. Odznacza\u0142a si\u0119 prawdziw\u0105 pasj\u0105 do Boga, Naj\u015bwi\u0119tszej Panny, \u015bw. Wincentego i Ubogich. Mia\u0142a osobowo\u015b\u0107 wyj\u0105tkowo bogat\u0105 w swej prostocie i pokorze. 1806, 2 maja Narodziny w Fain-les-Moutiers 1815 \u015amier\u0107 matki 1830, 21 kwietnia Wej\u015bcie [&hellip;]","og_url":"https:\/\/filles-de-la-charite.org\/pl\/rodzina\/swieta-katarzyna-laboure\/","og_site_name":"Filles de la Charit\u00e9","article_modified_time":"2024-03-12T16:45:37+00:00","og_image":[{"width":366,"height":508,"url":"https:\/\/filles-de-la-charite.org\/wp-content\/uploads\/2023\/04\/image19-1.jpg","type":"image\/jpeg"}],"twitter_card":"summary_large_image","twitter_misc":{"Szacowany czas czytania":"4 minuty"},"schema":{"@context":"https:\/\/schema.org","@graph":[{"@type":"WebPage","@id":"https:\/\/filles-de-la-charite.org\/pl\/rodzina\/swieta-katarzyna-laboure\/","url":"https:\/\/filles-de-la-charite.org\/pl\/rodzina\/swieta-katarzyna-laboure\/","name":"\u015awi\u0119ta Katarzyna Labour\u00e9 - Filles de la Charit\u00e9","isPartOf":{"@id":"https:\/\/filles-de-la-charite.org\/pl\/#website"},"primaryImageOfPage":{"@id":"https:\/\/filles-de-la-charite.org\/pl\/rodzina\/swieta-katarzyna-laboure\/#primaryimage"},"image":{"@id":"https:\/\/filles-de-la-charite.org\/pl\/rodzina\/swieta-katarzyna-laboure\/#primaryimage"},"thumbnailUrl":"https:\/\/filles-de-la-charite.org\/wp-content\/uploads\/2023\/04\/image19-1.jpg","datePublished":"2020-10-21T07:49:00+00:00","dateModified":"2024-03-12T16:45:37+00:00","breadcrumb":{"@id":"https:\/\/filles-de-la-charite.org\/pl\/rodzina\/swieta-katarzyna-laboure\/#breadcrumb"},"inLanguage":"pl-PL","potentialAction":[{"@type":"ReadAction","target":["https:\/\/filles-de-la-charite.org\/pl\/rodzina\/swieta-katarzyna-laboure\/"]}]},{"@type":"ImageObject","inLanguage":"pl-PL","@id":"https:\/\/filles-de-la-charite.org\/pl\/rodzina\/swieta-katarzyna-laboure\/#primaryimage","url":"https:\/\/filles-de-la-charite.org\/wp-content\/uploads\/2023\/04\/image19-1.jpg","contentUrl":"https:\/\/filles-de-la-charite.org\/wp-content\/uploads\/2023\/04\/image19-1.jpg","width":366,"height":508},{"@type":"BreadcrumbList","@id":"https:\/\/filles-de-la-charite.org\/pl\/rodzina\/swieta-katarzyna-laboure\/#breadcrumb","itemListElement":[{"@type":"ListItem","position":1,"name":"Nasza rodzina","item":"https:\/\/filles-de-la-charite.org\/pl\/rodzina\/"},{"@type":"ListItem","position":2,"name":"\u015awi\u0119ta Katarzyna Labour\u00e9"}]},{"@type":"WebSite","@id":"https:\/\/filles-de-la-charite.org\/pl\/#website","url":"https:\/\/filles-de-la-charite.org\/pl\/","name":"Hijas de la Caridad","description":"L\u2019amour de J\u00e9sus nous presse \u00e0 prendre soin des personnes les plus d\u00e9munies","publisher":{"@id":"https:\/\/filles-de-la-charite.org\/pl\/#organization"},"potentialAction":[{"@type":"SearchAction","target":{"@type":"EntryPoint","urlTemplate":"https:\/\/filles-de-la-charite.org\/pl\/?s={search_term_string}"},"query-input":{"@type":"PropertyValueSpecification","valueRequired":true,"valueName":"search_term_string"}}],"inLanguage":"pl-PL"},{"@type":"Organization","@id":"https:\/\/filles-de-la-charite.org\/pl\/#organization","name":"Hijas de la Caridad","url":"https:\/\/filles-de-la-charite.org\/pl\/","logo":{"@type":"ImageObject","inLanguage":"pl-PL","@id":"https:\/\/filles-de-la-charite.org\/pl\/#\/schema\/logo\/image\/","url":"https:\/\/filles-de-la-charite.org\/wp-content\/uploads\/2023\/03\/isotipo-Hijas-de-la-Caridad.png","contentUrl":"https:\/\/filles-de-la-charite.org\/wp-content\/uploads\/2023\/03\/isotipo-Hijas-de-la-Caridad.png","width":1417,"height":1417,"caption":"Hijas de la Caridad"},"image":{"@id":"https:\/\/filles-de-la-charite.org\/pl\/#\/schema\/logo\/image\/"}}]}},"_links":{"self":[{"href":"https:\/\/filles-de-la-charite.org\/pl\/wp-json\/wp\/v2\/familia\/4063","targetHints":{"allow":["GET"]}}],"collection":[{"href":"https:\/\/filles-de-la-charite.org\/pl\/wp-json\/wp\/v2\/familia"}],"about":[{"href":"https:\/\/filles-de-la-charite.org\/pl\/wp-json\/wp\/v2\/types\/familia"}],"wp:featuredmedia":[{"embeddable":true,"href":"https:\/\/filles-de-la-charite.org\/pl\/wp-json\/wp\/v2\/media\/985"}],"wp:attachment":[{"href":"https:\/\/filles-de-la-charite.org\/pl\/wp-json\/wp\/v2\/media?parent=4063"}],"wp:term":[{"taxonomy":"origen","embeddable":true,"href":"https:\/\/filles-de-la-charite.org\/pl\/wp-json\/wp\/v2\/origen?post=4063"}],"curies":[{"name":"wp","href":"https:\/\/api.w.org\/{rel}","templated":true}]}}