{"id":4064,"date":"2020-10-21T09:52:18","date_gmt":"2020-10-21T07:52:18","guid":{"rendered":"https:\/\/hijascaridad.sjdigitaldemo.ovh\/familia\/blogoslawiona-jozefina-nicoli\/"},"modified":"2024-05-23T17:26:16","modified_gmt":"2024-05-23T15:26:16","slug":"blogoslawiona-jozefina-nicoli","status":"publish","type":"familia","link":"https:\/\/filles-de-la-charite.org\/pl\/rodzina\/blogoslawiona-jozefina-nicoli\/","title":{"rendered":"B\u0142ogos\u0142awiona J\u00f3zefina Nicoli"},"content":{"rendered":"\n<p><strong>Mi\u0142osierdzie by\u0142o regu\u0142\u0105 jej \u017cycia, my\u015bli, s\u0142\u00f3w i czyn\u00f3w. \u017by\u0142a w pokorze, zanurzona w mi\u0142o\u015bci Chrystusa, przenikaj\u0105ca misterium prawdy o tym, \u017ce mi\u0142osierdzie wzgl\u0119dem Ubogich jest aktem mi\u0142o\u015bci wzgl\u0119dem Boga.<\/strong><\/p>\n\n\n\n<figure class=\"wp-block-table\"><table><tbody><tr><td><strong>1863, 18 listopada<\/strong><\/td><td>Narodziny<\/td><\/tr><tr><td><strong>1884<\/strong><\/td><td>Wst\u0105pienie do Zgromadzenia Si\u00f3str Mi\u0142osierdzia<\/td><\/tr><tr><td><strong>1885, 1 stycznia<\/strong><\/td><td>Przybycie do Cagliari<\/td><\/tr><tr><td><strong>1893<\/strong><\/td><td>Pocz\u0105tek gru\u017alicy p\u0142uc<\/td><\/tr><tr><td><strong>1910<\/strong><\/td><td>Ekonomka Prowincjalna, nast\u0119pnie Dyrektorka Seminarium (nowicjatu) w Turynie<\/td><\/tr><tr><td><strong>1914, 7 sierpnia<\/strong><\/td><td>Powr\u00f3t na Sardyni\u0119<\/td><\/tr><tr><td><strong>1924, 31 grudnia<\/strong><\/td><td>\u015amier\u0107 w Cagliari<\/td><\/tr><tr><td><strong>2008, 3 lutego<\/strong><\/td><td>Beatyfikowana przez papie\u017ca Benedykta XVI w Cagliari<\/td><\/tr><tr><td><strong>3 lutego<\/strong><\/td><td>Wspomnienie liturgiczne<\/td><\/tr><\/tbody><\/table><\/figure>\n\n\n\n<p>J\u00f3zefina Nicoli urodzi\u0142a si\u0119 18 listopada 1863 r. w Casatisma, niedaleko Pawi. Jej ojciec by\u0142 s\u0119dzi\u0105, a matka c\u00f3rk\u0105 adwokata. Pi\u0105ta z dziesi\u0119ciorga dzieci, J\u00f3zefina kochana by\u0142a przez wszystkich. W Pawi, uzyska\u0142a dyplom nauczycielki, z pragnieniem po\u015bwi\u0119cenia si\u0119 nauczaniu ubogich dzieci.<\/p>\n\n\n\n<p>W 1884 r. wst\u0105pi\u0142a do Zgromadzenia Si\u00f3str Mi\u0142osierdzia w Turynie. W 1885 r., po uko\u0144czeniu formacji w Seminarium, przyby\u0142a do Cagliari (Sardynia) i z entuzjazmem w\u0142\u0105czy\u0142a si\u0119 w swoj\u0105 now\u0105 misj\u0119. Nie oszcz\u0119dza\u0142a si\u0119, chocia\u017c mia\u0142a s\u0142abe zdrowie. W wieku trzydziestu lat zachorowa\u0142a na gru\u017alic\u0119 p\u0142uc, na kt\u00f3r\u0105 cierpia\u0142a a\u017c do \u015bmierci.<\/p>\n\n\n\n<p>W 1899 roku zosta\u0142a mianowana prze\u0142o\u017con\u0105 sieroci\u0144ca w Sassari. Promieniowa\u0142a tam swoim, dojrza\u0142ym przez do\u015bwiadczenie, kobiecym dynamizmem. Nada\u0142a rozmach Stowarzyszeniu Dzieci Maryi, zgromadzi\u0142a Panie Mi\u0142osierdzia i doradza\u0142a im jak s\u0142u\u017cy\u0107 Ubogim. Zach\u0119ca\u0142a do uczestniczenia w katechizacji, gromadz\u0105c w ka\u017cd\u0105 niedziel\u0119 ok. 800 ch\u0142opc\u00f3w i dziewcz\u0105t. Za\u0142o\u017cy\u0142a, przede wszystkim, Szko\u0142\u0119 Religii dla studentek, aby przygotowa\u0107 je do bycia dobrymi chrze\u015bcijankami. Wraz z towarzyszkami, rozpoczyna pomaga\u0107 wi\u0119\u017aniom.<\/p>\n\n\n\n<p>W 1910 roku mianowano j\u0105 Ekonomk\u0105 Prowincjaln\u0105. Nie bez cierpienia, wyjecha\u0142a z Sardynii do Turynu. P\u00f3\u0142tora roku p\u00f3\u017aniej zosta\u0142a mianowana Dyrektork\u0105 Seminarium. Ze wzgl\u0119du na stan zdrowia, powr\u00f3ci\u0142a ponownie do Sassari. Rozpocz\u0105\u0142 si\u0119 wtedy dla niej czas wewn\u0119trznej udr\u0119ki. Nieporozumienia i oczernianie ze strony w\u0142adz sieroci\u0144ca zmusi\u0142y prze\u0142o\u017conych do przeniesienia jej do innej wsp\u00f3lnoty.<\/p>\n\n\n\n<p>7 sierpnia 1914 roku, Opatrzno\u015b\u0107 doprowadzi\u0142a j\u0105 do ostatniego etapu jej \u017cycia, do przedszkola Marina w Cagliari. W 1915 r. W\u0142ochy przyst\u0105pi\u0142y do wojny. Siostra Nicoli odkrywa\u0142a moralne i duchowe ub\u00f3stwo zaniedbanych dzielnic. Zainteresowa\u0142a si\u0119 m\u0142odymi dziewczynami, z kt\u00f3rych wiele pracowa\u0142o w fabrykach tytoniu i po\u0142\u0105czy\u0142a je w Dziele Rekolekcji Duchowych. Aby odwiedza\u0107 Ubogich w ich domach, stworzy\u0142a \u201eMa\u0142e Panie Mi\u0142osierdzia\u201d. Wraz z nimi, w 1917 r., otworzy\u0142a punkty przyj\u0119\u0107, gdzie udzielano pomocy niedo\u017cywionych dzieciom, sierotom wojennym, chorym na gru\u017alic\u0119.<\/p>\n\n\n\n<p>Ale przede wszystkim s\u0142awa Siostry Nicoli zwi\u0105zana jest z \u201ech\u0142opcami z koszykami\u201d, znanymi w mie\u015bcie ze swoich narz\u0119dzi pracy. Chodzi o porzucone dzieci, kt\u00f3re sta\u0142y si\u0119 jej najwi\u0119ksz\u0105 trosk\u0105. Siostra Nicoli podchodzi\u0142a do nich z delikatno\u015bci\u0105 dobrej matki. Przygotowywa\u0142a ich do zawodu. Wychowywa\u0142a ich w wierze, zawar\u0142a z nimi pewne \u201eporozumienie wychowawcze\u201d.<\/p>\n\n\n\n<p>W 1924 r., w ostatnim roku jej \u017cycia, spotka\u0142o j\u0105 oszczerstwo, kt\u00f3re przyjmowa\u0142a w milczeniu, a\u017c do chwili, gdy dyrektor administracji uzna\u0142 sw\u00f3j b\u0142\u0105d. Na \u0142o\u017cu \u015bmierci z ca\u0142ego serca mu przebaczy\u0142a. Zmar\u0142a 31 grudnia 1924 r. w Cagliari.<\/p>\n","protected":false},"featured_media":992,"template":"","meta":{"_acf_changed":false,"_links_to":"","_links_to_target":""},"origen":[],"class_list":["post-4064","familia","type-familia","status-publish","has-post-thumbnail","hentry"],"acf":[],"yoast_head":"<!-- This site is optimized with the Yoast SEO plugin v27.5 - https:\/\/yoast.com\/product\/yoast-seo-wordpress\/ -->\n<title>B\u0142ogos\u0142awiona J\u00f3zefina Nicoli - Filles de la Charit\u00e9<\/title>\n<meta name=\"robots\" content=\"index, follow, max-snippet:-1, max-image-preview:large, max-video-preview:-1\" \/>\n<link rel=\"canonical\" href=\"https:\/\/filles-de-la-charite.org\/pl\/rodzina\/blogoslawiona-jozefina-nicoli\/\" \/>\n<meta property=\"og:locale\" content=\"pl_PL\" \/>\n<meta property=\"og:type\" content=\"article\" \/>\n<meta property=\"og:title\" content=\"B\u0142ogos\u0142awiona J\u00f3zefina Nicoli - Filles de la Charit\u00e9\" \/>\n<meta property=\"og:description\" content=\"Mi\u0142osierdzie by\u0142o regu\u0142\u0105 jej \u017cycia, my\u015bli, s\u0142\u00f3w i czyn\u00f3w. \u017by\u0142a w pokorze, zanurzona w mi\u0142o\u015bci Chrystusa, przenikaj\u0105ca misterium prawdy o tym, \u017ce mi\u0142osierdzie wzgl\u0119dem Ubogich jest aktem mi\u0142o\u015bci wzgl\u0119dem Boga. 1863, 18 listopada Narodziny 1884 Wst\u0105pienie do Zgromadzenia Si\u00f3str Mi\u0142osierdzia 1885, 1 stycznia Przybycie do Cagliari 1893 Pocz\u0105tek gru\u017alicy p\u0142uc 1910 Ekonomka Prowincjalna, nast\u0119pnie Dyrektorka [&hellip;]\" \/>\n<meta property=\"og:url\" content=\"https:\/\/filles-de-la-charite.org\/pl\/rodzina\/blogoslawiona-jozefina-nicoli\/\" \/>\n<meta property=\"og:site_name\" content=\"Filles de la Charit\u00e9\" \/>\n<meta property=\"article:modified_time\" content=\"2024-05-23T15:26:16+00:00\" \/>\n<meta property=\"og:image\" content=\"https:\/\/filles-de-la-charite.org\/wp-content\/uploads\/2023\/04\/Giuseppina-Nicoli-1.png\" \/>\n\t<meta property=\"og:image:width\" content=\"404\" \/>\n\t<meta property=\"og:image:height\" content=\"383\" \/>\n\t<meta property=\"og:image:type\" content=\"image\/png\" \/>\n<meta name=\"twitter:card\" content=\"summary_large_image\" \/>\n<meta name=\"twitter:label1\" content=\"Szacowany czas czytania\" \/>\n\t<meta name=\"twitter:data1\" content=\"3 minuty\" \/>\n<script type=\"application\/ld+json\" class=\"yoast-schema-graph\">{\"@context\":\"https:\\\/\\\/schema.org\",\"@graph\":[{\"@type\":\"WebPage\",\"@id\":\"https:\\\/\\\/filles-de-la-charite.org\\\/pl\\\/rodzina\\\/blogoslawiona-jozefina-nicoli\\\/\",\"url\":\"https:\\\/\\\/filles-de-la-charite.org\\\/pl\\\/rodzina\\\/blogoslawiona-jozefina-nicoli\\\/\",\"name\":\"B\u0142ogos\u0142awiona J\u00f3zefina Nicoli - Filles de la Charit\u00e9\",\"isPartOf\":{\"@id\":\"https:\\\/\\\/filles-de-la-charite.org\\\/pl\\\/#website\"},\"primaryImageOfPage\":{\"@id\":\"https:\\\/\\\/filles-de-la-charite.org\\\/pl\\\/rodzina\\\/blogoslawiona-jozefina-nicoli\\\/#primaryimage\"},\"image\":{\"@id\":\"https:\\\/\\\/filles-de-la-charite.org\\\/pl\\\/rodzina\\\/blogoslawiona-jozefina-nicoli\\\/#primaryimage\"},\"thumbnailUrl\":\"https:\\\/\\\/filles-de-la-charite.org\\\/wp-content\\\/uploads\\\/2023\\\/04\\\/Giuseppina-Nicoli-1.png\",\"datePublished\":\"2020-10-21T07:52:18+00:00\",\"dateModified\":\"2024-05-23T15:26:16+00:00\",\"breadcrumb\":{\"@id\":\"https:\\\/\\\/filles-de-la-charite.org\\\/pl\\\/rodzina\\\/blogoslawiona-jozefina-nicoli\\\/#breadcrumb\"},\"inLanguage\":\"pl-PL\",\"potentialAction\":[{\"@type\":\"ReadAction\",\"target\":[\"https:\\\/\\\/filles-de-la-charite.org\\\/pl\\\/rodzina\\\/blogoslawiona-jozefina-nicoli\\\/\"]}]},{\"@type\":\"ImageObject\",\"inLanguage\":\"pl-PL\",\"@id\":\"https:\\\/\\\/filles-de-la-charite.org\\\/pl\\\/rodzina\\\/blogoslawiona-jozefina-nicoli\\\/#primaryimage\",\"url\":\"https:\\\/\\\/filles-de-la-charite.org\\\/wp-content\\\/uploads\\\/2023\\\/04\\\/Giuseppina-Nicoli-1.png\",\"contentUrl\":\"https:\\\/\\\/filles-de-la-charite.org\\\/wp-content\\\/uploads\\\/2023\\\/04\\\/Giuseppina-Nicoli-1.png\",\"width\":404,\"height\":383},{\"@type\":\"BreadcrumbList\",\"@id\":\"https:\\\/\\\/filles-de-la-charite.org\\\/pl\\\/rodzina\\\/blogoslawiona-jozefina-nicoli\\\/#breadcrumb\",\"itemListElement\":[{\"@type\":\"ListItem\",\"position\":1,\"name\":\"Nasza rodzina\",\"item\":\"https:\\\/\\\/filles-de-la-charite.org\\\/pl\\\/rodzina\\\/\"},{\"@type\":\"ListItem\",\"position\":2,\"name\":\"B\u0142ogos\u0142awiona J\u00f3zefina Nicoli\"}]},{\"@type\":\"WebSite\",\"@id\":\"https:\\\/\\\/filles-de-la-charite.org\\\/pl\\\/#website\",\"url\":\"https:\\\/\\\/filles-de-la-charite.org\\\/pl\\\/\",\"name\":\"Hijas de la Caridad\",\"description\":\"L\u2019amour de J\u00e9sus nous presse \u00e0 prendre soin des personnes les plus d\u00e9munies\",\"publisher\":{\"@id\":\"https:\\\/\\\/filles-de-la-charite.org\\\/pl\\\/#organization\"},\"potentialAction\":[{\"@type\":\"SearchAction\",\"target\":{\"@type\":\"EntryPoint\",\"urlTemplate\":\"https:\\\/\\\/filles-de-la-charite.org\\\/pl\\\/?s={search_term_string}\"},\"query-input\":{\"@type\":\"PropertyValueSpecification\",\"valueRequired\":true,\"valueName\":\"search_term_string\"}}],\"inLanguage\":\"pl-PL\"},{\"@type\":\"Organization\",\"@id\":\"https:\\\/\\\/filles-de-la-charite.org\\\/pl\\\/#organization\",\"name\":\"Hijas de la Caridad\",\"url\":\"https:\\\/\\\/filles-de-la-charite.org\\\/pl\\\/\",\"logo\":{\"@type\":\"ImageObject\",\"inLanguage\":\"pl-PL\",\"@id\":\"https:\\\/\\\/filles-de-la-charite.org\\\/pl\\\/#\\\/schema\\\/logo\\\/image\\\/\",\"url\":\"https:\\\/\\\/filles-de-la-charite.org\\\/wp-content\\\/uploads\\\/2023\\\/03\\\/isotipo-Hijas-de-la-Caridad.png\",\"contentUrl\":\"https:\\\/\\\/filles-de-la-charite.org\\\/wp-content\\\/uploads\\\/2023\\\/03\\\/isotipo-Hijas-de-la-Caridad.png\",\"width\":1417,\"height\":1417,\"caption\":\"Hijas de la Caridad\"},\"image\":{\"@id\":\"https:\\\/\\\/filles-de-la-charite.org\\\/pl\\\/#\\\/schema\\\/logo\\\/image\\\/\"}}]}<\/script>\n<!-- \/ Yoast SEO plugin. -->","yoast_head_json":{"title":"B\u0142ogos\u0142awiona J\u00f3zefina Nicoli - Filles de la Charit\u00e9","robots":{"index":"index","follow":"follow","max-snippet":"max-snippet:-1","max-image-preview":"max-image-preview:large","max-video-preview":"max-video-preview:-1"},"canonical":"https:\/\/filles-de-la-charite.org\/pl\/rodzina\/blogoslawiona-jozefina-nicoli\/","og_locale":"pl_PL","og_type":"article","og_title":"B\u0142ogos\u0142awiona J\u00f3zefina Nicoli - Filles de la Charit\u00e9","og_description":"Mi\u0142osierdzie by\u0142o regu\u0142\u0105 jej \u017cycia, my\u015bli, s\u0142\u00f3w i czyn\u00f3w. \u017by\u0142a w pokorze, zanurzona w mi\u0142o\u015bci Chrystusa, przenikaj\u0105ca misterium prawdy o tym, \u017ce mi\u0142osierdzie wzgl\u0119dem Ubogich jest aktem mi\u0142o\u015bci wzgl\u0119dem Boga. 1863, 18 listopada Narodziny 1884 Wst\u0105pienie do Zgromadzenia Si\u00f3str Mi\u0142osierdzia 1885, 1 stycznia Przybycie do Cagliari 1893 Pocz\u0105tek gru\u017alicy p\u0142uc 1910 Ekonomka Prowincjalna, nast\u0119pnie Dyrektorka [&hellip;]","og_url":"https:\/\/filles-de-la-charite.org\/pl\/rodzina\/blogoslawiona-jozefina-nicoli\/","og_site_name":"Filles de la Charit\u00e9","article_modified_time":"2024-05-23T15:26:16+00:00","og_image":[{"width":404,"height":383,"url":"https:\/\/filles-de-la-charite.org\/wp-content\/uploads\/2023\/04\/Giuseppina-Nicoli-1.png","type":"image\/png"}],"twitter_card":"summary_large_image","twitter_misc":{"Szacowany czas czytania":"3 minuty"},"schema":{"@context":"https:\/\/schema.org","@graph":[{"@type":"WebPage","@id":"https:\/\/filles-de-la-charite.org\/pl\/rodzina\/blogoslawiona-jozefina-nicoli\/","url":"https:\/\/filles-de-la-charite.org\/pl\/rodzina\/blogoslawiona-jozefina-nicoli\/","name":"B\u0142ogos\u0142awiona J\u00f3zefina Nicoli - Filles de la Charit\u00e9","isPartOf":{"@id":"https:\/\/filles-de-la-charite.org\/pl\/#website"},"primaryImageOfPage":{"@id":"https:\/\/filles-de-la-charite.org\/pl\/rodzina\/blogoslawiona-jozefina-nicoli\/#primaryimage"},"image":{"@id":"https:\/\/filles-de-la-charite.org\/pl\/rodzina\/blogoslawiona-jozefina-nicoli\/#primaryimage"},"thumbnailUrl":"https:\/\/filles-de-la-charite.org\/wp-content\/uploads\/2023\/04\/Giuseppina-Nicoli-1.png","datePublished":"2020-10-21T07:52:18+00:00","dateModified":"2024-05-23T15:26:16+00:00","breadcrumb":{"@id":"https:\/\/filles-de-la-charite.org\/pl\/rodzina\/blogoslawiona-jozefina-nicoli\/#breadcrumb"},"inLanguage":"pl-PL","potentialAction":[{"@type":"ReadAction","target":["https:\/\/filles-de-la-charite.org\/pl\/rodzina\/blogoslawiona-jozefina-nicoli\/"]}]},{"@type":"ImageObject","inLanguage":"pl-PL","@id":"https:\/\/filles-de-la-charite.org\/pl\/rodzina\/blogoslawiona-jozefina-nicoli\/#primaryimage","url":"https:\/\/filles-de-la-charite.org\/wp-content\/uploads\/2023\/04\/Giuseppina-Nicoli-1.png","contentUrl":"https:\/\/filles-de-la-charite.org\/wp-content\/uploads\/2023\/04\/Giuseppina-Nicoli-1.png","width":404,"height":383},{"@type":"BreadcrumbList","@id":"https:\/\/filles-de-la-charite.org\/pl\/rodzina\/blogoslawiona-jozefina-nicoli\/#breadcrumb","itemListElement":[{"@type":"ListItem","position":1,"name":"Nasza rodzina","item":"https:\/\/filles-de-la-charite.org\/pl\/rodzina\/"},{"@type":"ListItem","position":2,"name":"B\u0142ogos\u0142awiona J\u00f3zefina Nicoli"}]},{"@type":"WebSite","@id":"https:\/\/filles-de-la-charite.org\/pl\/#website","url":"https:\/\/filles-de-la-charite.org\/pl\/","name":"Hijas de la Caridad","description":"L\u2019amour de J\u00e9sus nous presse \u00e0 prendre soin des personnes les plus d\u00e9munies","publisher":{"@id":"https:\/\/filles-de-la-charite.org\/pl\/#organization"},"potentialAction":[{"@type":"SearchAction","target":{"@type":"EntryPoint","urlTemplate":"https:\/\/filles-de-la-charite.org\/pl\/?s={search_term_string}"},"query-input":{"@type":"PropertyValueSpecification","valueRequired":true,"valueName":"search_term_string"}}],"inLanguage":"pl-PL"},{"@type":"Organization","@id":"https:\/\/filles-de-la-charite.org\/pl\/#organization","name":"Hijas de la Caridad","url":"https:\/\/filles-de-la-charite.org\/pl\/","logo":{"@type":"ImageObject","inLanguage":"pl-PL","@id":"https:\/\/filles-de-la-charite.org\/pl\/#\/schema\/logo\/image\/","url":"https:\/\/filles-de-la-charite.org\/wp-content\/uploads\/2023\/03\/isotipo-Hijas-de-la-Caridad.png","contentUrl":"https:\/\/filles-de-la-charite.org\/wp-content\/uploads\/2023\/03\/isotipo-Hijas-de-la-Caridad.png","width":1417,"height":1417,"caption":"Hijas de la Caridad"},"image":{"@id":"https:\/\/filles-de-la-charite.org\/pl\/#\/schema\/logo\/image\/"}}]}},"_links":{"self":[{"href":"https:\/\/filles-de-la-charite.org\/pl\/wp-json\/wp\/v2\/familia\/4064","targetHints":{"allow":["GET"]}}],"collection":[{"href":"https:\/\/filles-de-la-charite.org\/pl\/wp-json\/wp\/v2\/familia"}],"about":[{"href":"https:\/\/filles-de-la-charite.org\/pl\/wp-json\/wp\/v2\/types\/familia"}],"wp:featuredmedia":[{"embeddable":true,"href":"https:\/\/filles-de-la-charite.org\/pl\/wp-json\/wp\/v2\/media\/992"}],"wp:attachment":[{"href":"https:\/\/filles-de-la-charite.org\/pl\/wp-json\/wp\/v2\/media?parent=4064"}],"wp:term":[{"taxonomy":"origen","embeddable":true,"href":"https:\/\/filles-de-la-charite.org\/pl\/wp-json\/wp\/v2\/origen?post=4064"}],"curies":[{"name":"wp","href":"https:\/\/api.w.org\/{rel}","templated":true}]}}