{"id":4065,"date":"2020-10-21T10:00:11","date_gmt":"2020-10-21T08:00:11","guid":{"rendered":"https:\/\/hijascaridad.sjdigitaldemo.ovh\/familia\/swieta-joanna-antyda-thouret\/"},"modified":"2024-02-19T11:27:18","modified_gmt":"2024-02-19T10:27:18","slug":"swieta-joanna-antyda-thouret","status":"publish","type":"familia","link":"https:\/\/filles-de-la-charite.org\/pl\/rodzina\/swieta-joanna-antyda-thouret\/","title":{"rendered":"\u015awi\u0119ta Joanna Antyda Thouret"},"content":{"rendered":"\n<p><strong>\u017bycie Joanny Antydy Thouret by\u0142o przygod\u0105 pe\u0142n\u0105 pasji s\u0142u\u017cenia Ubogim, \u201ecierpi\u0105cym cz\u0142onkom Jezusa Chrystusa\u201d, przygod\u0105 naznaczon\u0105 jednocze\u015bnie wydarzeniami Rewolucji Francuskiej.<\/strong><\/p>\n\n\n\n<figure class=\"wp-block-table\"><table><tbody><tr><td><strong>1765, 27 listopada<\/strong><\/td><td>Narodziny<\/td><\/tr><tr><td><strong>1787<\/strong><\/td><td>Wst\u0105pienie do Zgromadzenia Si\u00f3str Mi\u0142osierdzia<\/td><\/tr><tr><td><strong>1799, 11 kwietnia<\/strong><\/td><td>Za\u0142o\u017cenie Si\u00f3str Mi\u0142osierdzia z Besan\u00e7on<\/td><\/tr><tr><td><strong>1826, 24 sierpnia<\/strong><\/td><td>\u015amier\u0107 w Neapolu<\/td><\/tr><tr><td><strong>1926, 23 maja<\/strong><\/td><td>Beatyfikowana papie\u017ca przez Piusa XI<\/td><\/tr><tr><td><strong>1934, 14 stycznia<\/strong><\/td><td>Kanonizowana papie\u017ca przez Piusa XI<\/td><\/tr><tr><td><strong>23 maja<\/strong><\/td><td>Wspomnienie liturgiczne<\/td><\/tr><\/tbody><\/table><\/figure>\n\n\n\n<p>Joanna Antyda urodzi\u0142a si\u0119 17 listopada 1765 r. w Sancey-le-Long niedaleko Besan\u00e7on we Francji. By\u0142a pi\u0105tym dzieckiem w rodzinie rolnik\u00f3w mieszkaj\u0105cych w chrze\u015bcija\u0144skim regionie Franche-Comt\u00e9. W wieku 22 lat wst\u0105pi\u0142a do Zgromadzenia Si\u00f3str Mi\u0142osierdzia \u015bw. Wincentego a Paulo, by s\u0142u\u017cy\u0107 Ubogim, najpierw w Langres, a nast\u0119pnie w Pary\u017cu.<\/p>\n\n\n\n<p>Podczas Rewolucji Francuskiej Zgromadzenie Si\u00f3str Mi\u0142osierdzia oraz wiele innych zakon\u00f3w i zgromadze\u0144 uleg\u0142o rozproszeniu, a Siostry by\u0142y zmuszone powr\u00f3ci\u0107 do swych dom\u00f3w rodzinnych. R\u00f3wnie\u017c Joanna Antyda w maju 1794 r. powr\u00f3ci\u0142a do Sancey.<\/p>\n\n\n\n<p>Dnia 15 sierpnia 1795 r. uda\u0142a si\u0119 do Szwajcarii wraz ze wsp\u00f3lnot\u0105 \u201eSi\u00f3str od Rekolekcji Chrze\u015bcija\u0144skich\u201d za\u0142o\u017con\u0105 przez Ks. Antoniego Sylwestra Receveur. Podczas Rewolucji Francuskiej Wsp\u00f3lnota przez 12 lat tu\u0142a\u0142a si\u0119 po Europie. Po pewnym czasie Joanna Antyda od\u0142\u0105czy\u0142a si\u0119 od nich i w poszukiwaniu znaku od Boga, po samotnej, licz\u0105cej ponad 600 km podr\u00f3\u017cy, 24 czerwca 1797 r., przyby\u0142a do szwajcarskiego Landeron, w pobli\u017cu Neuch\u00e2tel. Tam dotar\u0142 do niej apel dw\u00f3ch francuskich kap\u0142an\u00f3w, prosz\u0105cych o powr\u00f3t do Besan\u00e7on, dla zaopiekowania si\u0119 chorymi i potrzebuj\u0105cymi nauczania dzie\u0107mi.<\/p>\n\n\n\n<p>11 kwietnia 1799 r., wraz z dwiema m\u0142odymi kobietami, za\u0142o\u017cy\u0142a w Besan\u00e7on bezp\u0142atn\u0105 szko\u0142\u0119 dla dziewcz\u0105t i kuchni\u0119 dla ubogich. Ludzie nazywali je \u201eSiostrami od kuchni i szk\u00f3\u0142ek\u201d.<\/p>\n\n\n\n<p>Od maja do wrze\u015bnia 1802 r. Joanna Antyda opracowywa\u0142a Regu\u0142\u0119 \u017bycia dla rodz\u0105cej si\u0119 Wsp\u00f3lnoty. Wraz z kilkoma Siostrami poci\u0105gni\u0119tymi przez idea\u0142 jej \u017cycia, otwiera\u0142a nowe szko\u0142y i miejsca dla opieki nad chorymi, dok\u0105d posy\u0142a\u0142a swoje towarzyszki. 23 wrze\u015bnia 1802 r. zosta\u0142a poproszona o podj\u0119cie s\u0142u\u017cby wi\u0119\u017aniom w Bellevaux. Wykorzysta\u0142a w tej pos\u0142udze sw\u00f3j talent wychowawczy, zapewni\u0142a wi\u0119\u017aniom wy\u017cywienie, a jednocze\u015bnie zorganizowa\u0142a prac\u0119, pozwalaj\u0105c im w ten spos\u00f3b zarabia\u0107. W 1807 r. w Pary\u017cu Wsp\u00f3lnota otrzyma\u0142a oficjaln\u0105 nazw\u0119 \u201eSi\u00f3str Mi\u0142osierdzia z Besan\u00e7on\u201d.<\/p>\n\n\n\n<p>W maju 1810 r. poproszono o przybycie cz\u0142onki\u0144 Instytutu do Thonon przy wschodniej granicy Francji, a nieco p\u00f3\u017aniej do Neapolu, dok\u0105d Za\u0142o\u017cycielka uda\u0142a si\u0119 z o\u015bmioma Siostrami. Wzi\u0119\u0142y w\u00f3wczas pod opiek\u0119 Szpital dla Nieuleczalnie Chorych, a na terenie klasztoru, w kt\u00f3rym zamieszka\u0142y, otworzy\u0142y aptek\u0119. Nigdy te\u017c nie przesta\u0142y odwiedza\u0107 chorych i ubogich w ich domach.<\/p>\n\n\n\n<p>Konstytucje Instytutu zatwierdzi\u0142 Papie\u017c Pius VII dnia 23 lipca 1819 r. Nada\u0142 Wsp\u00f3lnocie nazw\u0119 \u201eSiostry Mi\u0142osierdzia pod patronatem \u015bw. Wincentego a Paulo\u201d.&nbsp; Tego zatwierdzenia nie uzna\u0142 jednak biskup Besan\u00e7on i zabroni\u0142 Joannie Antydzie kontaktowania si\u0119 z domami na terenie jego diecezji. Spowodowa\u0142o to roz\u0142am w Instytucie, co narazi\u0142o Za\u0142o\u017cycielk\u0119 na wiele niesprawiedliwych upokorze\u0144 i cierpie\u0144. Znosi\u0142a to ze spokojem w przekonaniu, \u017ce codzienne krzy\u017ce s\u0105 wyrazem Bo\u017cej mi\u0142o\u015bci. Zach\u0119ca\u0142a swoje Siostry, aby dochowa\u0142y wierno\u015bci Stolicy Apostolskiej i wytrwa\u0142y w s\u0142u\u017cbie Ubogim i we wzajemnej mi\u0142o\u015bci. Nieustannie zabiega\u0142a o przywr\u00f3cenie jedno\u015bci Instytutu i niezmiennie ufa\u0142a Bo\u017cej Opatrzno\u015bci.<\/p>\n\n\n\n<p>Zmar\u0142a w Neapolu dnia 24 sierpnia 1826 r.<\/p>\n\n\n\n<p>Wsp\u00f3lnota za\u0142o\u017cona przez Joann\u0119 Antyd\u0119 liczy dzisiaj 4.000 cz\u0142onki\u0144 na pi\u0119ciu kontynentach, prowadz\u0105cych r\u00f3\u017cnorodne dzie\u0142a w s\u0142u\u017cbie Ubogim. \u017bycie wsp\u00f3lnotowe, Eucharystia i Misterium Paschalne s\u0105 nadal, podobnie jak by\u0142y dla Joanny Antydy, podstaw\u0105 \u017cycia cz\u0142onki\u0144 Zgromadzenia.<\/p>\n\n\n\n<p>Wi\u0119cej informacji (w j\u0119zyku w\u0142oskim, francuskim, angielskim i hiszpa\u0144skim) na stronie: <a href=\"http:\/\/www.suoredellacarita.org\/\">www.suoredellacarita.org<\/a><\/p>\n","protected":false},"featured_media":999,"template":"","meta":{"_acf_changed":false,"_et_pb_use_builder":"","_et_pb_old_content":"","_et_gb_content_width":"","_links_to":"","_links_to_target":""},"origen":[],"class_list":["post-4065","familia","type-familia","status-publish","has-post-thumbnail","hentry"],"acf":[],"yoast_head":"<!-- This site is optimized with the Yoast SEO plugin v27.4 - https:\/\/yoast.com\/product\/yoast-seo-wordpress\/ -->\n<title>\u015awi\u0119ta Joanna Antyda Thouret - Filles de la Charit\u00e9<\/title>\n<meta name=\"robots\" content=\"index, follow, max-snippet:-1, max-image-preview:large, max-video-preview:-1\" \/>\n<link rel=\"canonical\" href=\"https:\/\/filles-de-la-charite.org\/pl\/rodzina\/swieta-joanna-antyda-thouret\/\" \/>\n<meta property=\"og:locale\" content=\"pl_PL\" \/>\n<meta property=\"og:type\" content=\"article\" \/>\n<meta property=\"og:title\" content=\"\u015awi\u0119ta Joanna Antyda Thouret - Filles de la Charit\u00e9\" \/>\n<meta property=\"og:description\" content=\"\u017bycie Joanny Antydy Thouret by\u0142o przygod\u0105 pe\u0142n\u0105 pasji s\u0142u\u017cenia Ubogim, \u201ecierpi\u0105cym cz\u0142onkom Jezusa Chrystusa\u201d, przygod\u0105 naznaczon\u0105 jednocze\u015bnie wydarzeniami Rewolucji Francuskiej. 1765, 27 listopada Narodziny 1787 Wst\u0105pienie do Zgromadzenia Si\u00f3str Mi\u0142osierdzia 1799, 11 kwietnia Za\u0142o\u017cenie Si\u00f3str Mi\u0142osierdzia z Besan\u00e7on 1826, 24 sierpnia \u015amier\u0107 w Neapolu 1926, 23 maja Beatyfikowana papie\u017ca przez Piusa XI 1934, 14 stycznia [&hellip;]\" \/>\n<meta property=\"og:url\" content=\"https:\/\/filles-de-la-charite.org\/pl\/rodzina\/swieta-joanna-antyda-thouret\/\" \/>\n<meta property=\"og:site_name\" content=\"Filles de la Charit\u00e9\" \/>\n<meta property=\"article:modified_time\" content=\"2024-02-19T10:27:18+00:00\" \/>\n<meta property=\"og:image\" content=\"https:\/\/filles-de-la-charite.org\/wp-content\/uploads\/2023\/04\/image3-1-1.jpg\" \/>\n\t<meta property=\"og:image:width\" content=\"418\" \/>\n\t<meta property=\"og:image:height\" content=\"555\" \/>\n\t<meta property=\"og:image:type\" content=\"image\/jpeg\" \/>\n<meta name=\"twitter:card\" content=\"summary_large_image\" \/>\n<meta name=\"twitter:label1\" content=\"Szacowany czas czytania\" \/>\n\t<meta name=\"twitter:data1\" content=\"3 minuty\" \/>\n<script type=\"application\/ld+json\" class=\"yoast-schema-graph\">{\"@context\":\"https:\\\/\\\/schema.org\",\"@graph\":[{\"@type\":\"WebPage\",\"@id\":\"https:\\\/\\\/filles-de-la-charite.org\\\/pl\\\/rodzina\\\/swieta-joanna-antyda-thouret\\\/\",\"url\":\"https:\\\/\\\/filles-de-la-charite.org\\\/pl\\\/rodzina\\\/swieta-joanna-antyda-thouret\\\/\",\"name\":\"\u015awi\u0119ta Joanna Antyda Thouret - Filles de la Charit\u00e9\",\"isPartOf\":{\"@id\":\"https:\\\/\\\/filles-de-la-charite.org\\\/pl\\\/#website\"},\"primaryImageOfPage\":{\"@id\":\"https:\\\/\\\/filles-de-la-charite.org\\\/pl\\\/rodzina\\\/swieta-joanna-antyda-thouret\\\/#primaryimage\"},\"image\":{\"@id\":\"https:\\\/\\\/filles-de-la-charite.org\\\/pl\\\/rodzina\\\/swieta-joanna-antyda-thouret\\\/#primaryimage\"},\"thumbnailUrl\":\"https:\\\/\\\/filles-de-la-charite.org\\\/wp-content\\\/uploads\\\/2023\\\/04\\\/image3-1-1.jpg\",\"datePublished\":\"2020-10-21T08:00:11+00:00\",\"dateModified\":\"2024-02-19T10:27:18+00:00\",\"breadcrumb\":{\"@id\":\"https:\\\/\\\/filles-de-la-charite.org\\\/pl\\\/rodzina\\\/swieta-joanna-antyda-thouret\\\/#breadcrumb\"},\"inLanguage\":\"pl-PL\",\"potentialAction\":[{\"@type\":\"ReadAction\",\"target\":[\"https:\\\/\\\/filles-de-la-charite.org\\\/pl\\\/rodzina\\\/swieta-joanna-antyda-thouret\\\/\"]}]},{\"@type\":\"ImageObject\",\"inLanguage\":\"pl-PL\",\"@id\":\"https:\\\/\\\/filles-de-la-charite.org\\\/pl\\\/rodzina\\\/swieta-joanna-antyda-thouret\\\/#primaryimage\",\"url\":\"https:\\\/\\\/filles-de-la-charite.org\\\/wp-content\\\/uploads\\\/2023\\\/04\\\/image3-1-1.jpg\",\"contentUrl\":\"https:\\\/\\\/filles-de-la-charite.org\\\/wp-content\\\/uploads\\\/2023\\\/04\\\/image3-1-1.jpg\",\"width\":418,\"height\":555},{\"@type\":\"BreadcrumbList\",\"@id\":\"https:\\\/\\\/filles-de-la-charite.org\\\/pl\\\/rodzina\\\/swieta-joanna-antyda-thouret\\\/#breadcrumb\",\"itemListElement\":[{\"@type\":\"ListItem\",\"position\":1,\"name\":\"Nasza rodzina\",\"item\":\"https:\\\/\\\/filles-de-la-charite.org\\\/pl\\\/rodzina\\\/\"},{\"@type\":\"ListItem\",\"position\":2,\"name\":\"\u015awi\u0119ta Joanna Antyda Thouret\"}]},{\"@type\":\"WebSite\",\"@id\":\"https:\\\/\\\/filles-de-la-charite.org\\\/pl\\\/#website\",\"url\":\"https:\\\/\\\/filles-de-la-charite.org\\\/pl\\\/\",\"name\":\"Hijas de la Caridad\",\"description\":\"L\u2019amour de J\u00e9sus nous presse \u00e0 prendre soin des personnes les plus d\u00e9munies\",\"publisher\":{\"@id\":\"https:\\\/\\\/filles-de-la-charite.org\\\/pl\\\/#organization\"},\"potentialAction\":[{\"@type\":\"SearchAction\",\"target\":{\"@type\":\"EntryPoint\",\"urlTemplate\":\"https:\\\/\\\/filles-de-la-charite.org\\\/pl\\\/?s={search_term_string}\"},\"query-input\":{\"@type\":\"PropertyValueSpecification\",\"valueRequired\":true,\"valueName\":\"search_term_string\"}}],\"inLanguage\":\"pl-PL\"},{\"@type\":\"Organization\",\"@id\":\"https:\\\/\\\/filles-de-la-charite.org\\\/pl\\\/#organization\",\"name\":\"Hijas de la Caridad\",\"url\":\"https:\\\/\\\/filles-de-la-charite.org\\\/pl\\\/\",\"logo\":{\"@type\":\"ImageObject\",\"inLanguage\":\"pl-PL\",\"@id\":\"https:\\\/\\\/filles-de-la-charite.org\\\/pl\\\/#\\\/schema\\\/logo\\\/image\\\/\",\"url\":\"https:\\\/\\\/filles-de-la-charite.org\\\/wp-content\\\/uploads\\\/2023\\\/03\\\/isotipo-Hijas-de-la-Caridad.png\",\"contentUrl\":\"https:\\\/\\\/filles-de-la-charite.org\\\/wp-content\\\/uploads\\\/2023\\\/03\\\/isotipo-Hijas-de-la-Caridad.png\",\"width\":1417,\"height\":1417,\"caption\":\"Hijas de la Caridad\"},\"image\":{\"@id\":\"https:\\\/\\\/filles-de-la-charite.org\\\/pl\\\/#\\\/schema\\\/logo\\\/image\\\/\"}}]}<\/script>\n<!-- \/ Yoast SEO plugin. -->","yoast_head_json":{"title":"\u015awi\u0119ta Joanna Antyda Thouret - Filles de la Charit\u00e9","robots":{"index":"index","follow":"follow","max-snippet":"max-snippet:-1","max-image-preview":"max-image-preview:large","max-video-preview":"max-video-preview:-1"},"canonical":"https:\/\/filles-de-la-charite.org\/pl\/rodzina\/swieta-joanna-antyda-thouret\/","og_locale":"pl_PL","og_type":"article","og_title":"\u015awi\u0119ta Joanna Antyda Thouret - Filles de la Charit\u00e9","og_description":"\u017bycie Joanny Antydy Thouret by\u0142o przygod\u0105 pe\u0142n\u0105 pasji s\u0142u\u017cenia Ubogim, \u201ecierpi\u0105cym cz\u0142onkom Jezusa Chrystusa\u201d, przygod\u0105 naznaczon\u0105 jednocze\u015bnie wydarzeniami Rewolucji Francuskiej. 1765, 27 listopada Narodziny 1787 Wst\u0105pienie do Zgromadzenia Si\u00f3str Mi\u0142osierdzia 1799, 11 kwietnia Za\u0142o\u017cenie Si\u00f3str Mi\u0142osierdzia z Besan\u00e7on 1826, 24 sierpnia \u015amier\u0107 w Neapolu 1926, 23 maja Beatyfikowana papie\u017ca przez Piusa XI 1934, 14 stycznia [&hellip;]","og_url":"https:\/\/filles-de-la-charite.org\/pl\/rodzina\/swieta-joanna-antyda-thouret\/","og_site_name":"Filles de la Charit\u00e9","article_modified_time":"2024-02-19T10:27:18+00:00","og_image":[{"width":418,"height":555,"url":"https:\/\/filles-de-la-charite.org\/wp-content\/uploads\/2023\/04\/image3-1-1.jpg","type":"image\/jpeg"}],"twitter_card":"summary_large_image","twitter_misc":{"Szacowany czas czytania":"3 minuty"},"schema":{"@context":"https:\/\/schema.org","@graph":[{"@type":"WebPage","@id":"https:\/\/filles-de-la-charite.org\/pl\/rodzina\/swieta-joanna-antyda-thouret\/","url":"https:\/\/filles-de-la-charite.org\/pl\/rodzina\/swieta-joanna-antyda-thouret\/","name":"\u015awi\u0119ta Joanna Antyda Thouret - Filles de la Charit\u00e9","isPartOf":{"@id":"https:\/\/filles-de-la-charite.org\/pl\/#website"},"primaryImageOfPage":{"@id":"https:\/\/filles-de-la-charite.org\/pl\/rodzina\/swieta-joanna-antyda-thouret\/#primaryimage"},"image":{"@id":"https:\/\/filles-de-la-charite.org\/pl\/rodzina\/swieta-joanna-antyda-thouret\/#primaryimage"},"thumbnailUrl":"https:\/\/filles-de-la-charite.org\/wp-content\/uploads\/2023\/04\/image3-1-1.jpg","datePublished":"2020-10-21T08:00:11+00:00","dateModified":"2024-02-19T10:27:18+00:00","breadcrumb":{"@id":"https:\/\/filles-de-la-charite.org\/pl\/rodzina\/swieta-joanna-antyda-thouret\/#breadcrumb"},"inLanguage":"pl-PL","potentialAction":[{"@type":"ReadAction","target":["https:\/\/filles-de-la-charite.org\/pl\/rodzina\/swieta-joanna-antyda-thouret\/"]}]},{"@type":"ImageObject","inLanguage":"pl-PL","@id":"https:\/\/filles-de-la-charite.org\/pl\/rodzina\/swieta-joanna-antyda-thouret\/#primaryimage","url":"https:\/\/filles-de-la-charite.org\/wp-content\/uploads\/2023\/04\/image3-1-1.jpg","contentUrl":"https:\/\/filles-de-la-charite.org\/wp-content\/uploads\/2023\/04\/image3-1-1.jpg","width":418,"height":555},{"@type":"BreadcrumbList","@id":"https:\/\/filles-de-la-charite.org\/pl\/rodzina\/swieta-joanna-antyda-thouret\/#breadcrumb","itemListElement":[{"@type":"ListItem","position":1,"name":"Nasza rodzina","item":"https:\/\/filles-de-la-charite.org\/pl\/rodzina\/"},{"@type":"ListItem","position":2,"name":"\u015awi\u0119ta Joanna Antyda Thouret"}]},{"@type":"WebSite","@id":"https:\/\/filles-de-la-charite.org\/pl\/#website","url":"https:\/\/filles-de-la-charite.org\/pl\/","name":"Hijas de la Caridad","description":"L\u2019amour de J\u00e9sus nous presse \u00e0 prendre soin des personnes les plus d\u00e9munies","publisher":{"@id":"https:\/\/filles-de-la-charite.org\/pl\/#organization"},"potentialAction":[{"@type":"SearchAction","target":{"@type":"EntryPoint","urlTemplate":"https:\/\/filles-de-la-charite.org\/pl\/?s={search_term_string}"},"query-input":{"@type":"PropertyValueSpecification","valueRequired":true,"valueName":"search_term_string"}}],"inLanguage":"pl-PL"},{"@type":"Organization","@id":"https:\/\/filles-de-la-charite.org\/pl\/#organization","name":"Hijas de la Caridad","url":"https:\/\/filles-de-la-charite.org\/pl\/","logo":{"@type":"ImageObject","inLanguage":"pl-PL","@id":"https:\/\/filles-de-la-charite.org\/pl\/#\/schema\/logo\/image\/","url":"https:\/\/filles-de-la-charite.org\/wp-content\/uploads\/2023\/03\/isotipo-Hijas-de-la-Caridad.png","contentUrl":"https:\/\/filles-de-la-charite.org\/wp-content\/uploads\/2023\/03\/isotipo-Hijas-de-la-Caridad.png","width":1417,"height":1417,"caption":"Hijas de la Caridad"},"image":{"@id":"https:\/\/filles-de-la-charite.org\/pl\/#\/schema\/logo\/image\/"}}]}},"_links":{"self":[{"href":"https:\/\/filles-de-la-charite.org\/pl\/wp-json\/wp\/v2\/familia\/4065","targetHints":{"allow":["GET"]}}],"collection":[{"href":"https:\/\/filles-de-la-charite.org\/pl\/wp-json\/wp\/v2\/familia"}],"about":[{"href":"https:\/\/filles-de-la-charite.org\/pl\/wp-json\/wp\/v2\/types\/familia"}],"wp:featuredmedia":[{"embeddable":true,"href":"https:\/\/filles-de-la-charite.org\/pl\/wp-json\/wp\/v2\/media\/999"}],"wp:attachment":[{"href":"https:\/\/filles-de-la-charite.org\/pl\/wp-json\/wp\/v2\/media?parent=4065"}],"wp:term":[{"taxonomy":"origen","embeddable":true,"href":"https:\/\/filles-de-la-charite.org\/pl\/wp-json\/wp\/v2\/origen?post=4065"}],"curies":[{"name":"wp","href":"https:\/\/api.w.org\/{rel}","templated":true}]}}