{"id":4068,"date":"2020-10-21T11:57:27","date_gmt":"2020-10-21T09:57:27","guid":{"rendered":"https:\/\/hijascaridad.sjdigitaldemo.ovh\/familia\/blogoslawiona-marta-wiecka\/"},"modified":"2024-02-19T11:12:57","modified_gmt":"2024-02-19T10:12:57","slug":"blogoslawiona-marta-wiecka","status":"publish","type":"familia","link":"https:\/\/filles-de-la-charite.org\/pl\/rodzina\/blogoslawiona-marta-wiecka\/","title":{"rendered":"B\u0142ogos\u0142awiona Marta Wiecka"},"content":{"rendered":"\n<p><strong>Kr\u00f3tkie by\u0142o \u017cycie S. Marty Wieckiej, bo trwa\u0142o zaledwie trzydzie\u015bci lat, ale czas ten wystarczy\u0142, by jej dusza wznios\u0142a si\u0119 na wy\u017cyny \u015bwi\u0119to\u015bci. By\u0142a prawdziw\u0105 Siostr\u0105 Mi\u0142osierdzia \u2013 ca\u0142kowicie oddana Bogu, s\u0142u\u017cy\u0142a ludziom chorym i cierpi\u0105cym, w wincenty\u0144skim duchu pokory, prostoty i mi\u0142o\u015bci.<\/strong><\/p>\n\n\n\n<figure class=\"wp-block-table\"><table><tbody><tr><td><strong>1874, 12 lipca<\/strong><\/td><td>Narodziny w Nowym Wiecu<\/td><\/tr><tr><td><strong>1892, 12 sierpnia<\/strong><\/td><td>Wst\u0105pienie do Zgromadzenia Si\u00f3str Mi\u0142osierdzia<\/td><\/tr><tr><td><strong>1893, 21 kwietnia<\/strong><\/td><td>Pos\u0142anie na pierwsz\u0105 plac\u00f3wk\u0119 do Lwowa<\/td><\/tr><tr><td><strong>1897, 15 sierpnia<\/strong><\/td><td>\u015aluby \u015bwi\u0119te<\/td><\/tr><tr><td><strong>1904, 30 maja<\/strong><\/td><td>\u015amier\u0107 w \u015aniatynie<\/td><\/tr><tr><td><strong>2008, 24 maja<\/strong><\/td><td>Beatyfikacja we Lwowie<\/td><\/tr><tr><td><strong>30 maja<\/strong><\/td><td>Wspomnienie liturgiczne<\/td><\/tr><\/tbody><\/table><\/figure>\n\n\n\n<p>Marta Wiecka urodzi\u0142a si\u0119 12 stycznia 1874 r. we wsi Nowy Wiec na Pomorzu, jako c\u00f3rka w\u0142a\u015bciciela ziemskiego Marcelego Wieckiego herbu Leliwa i Pauliny z Kamrowskich. By\u0142a trzecim spo\u015br\u00f3d trzyna\u015bciorga rodze\u0144stwa. Ochrzczona w dniu 18 stycznia 1874 r. w ko\u015bciele filialnym w Szczodrowie otrzyma\u0142a imiona Marta Anna.<\/p>\n\n\n\n<p>W jej rodzinie panowa\u0142a atmosfera g\u0142\u0119boko religijna i patriotyczna, jakby na przek\u00f3r wysi\u0142kom niemieckiego zaborcy, kt\u00f3ry d\u0105\u017cy\u0142 do zgermanizowania ludno\u015bci \u017cyj\u0105cej na terenie zaboru pruskiego. W obliczu narastaj\u0105cego nacjonalizmu pruskiego okre\u015blanego mianem kulturkampfu czyli walki o kultur\u0119, dom rodzinny Wieckich, jak wiele innych, sta\u0142 si\u0119 ostoj\u0105 wiary i \u015bwiadomo\u015bci narodowej. W rodzinie Marty na porz\u0105dku dziennym by\u0142a wsp\u00f3lna modlitwa, czytanie pobo\u017cnej lektury, jak i dzielenie si\u0119 tre\u015bci\u0105 niedzielnych kaza\u0144.<\/p>\n\n\n\n<p>W wieku dw\u00f3ch lat ma\u0142a Marta zachorowa\u0142a tak ci\u0119\u017cko, \u017ce grozi\u0142a jej \u015bmier\u0107. Ca\u0142kowita poprawa zdrowia nast\u0105pi\u0142a po usilnej modlitwie do Matki Bo\u017cej z&nbsp;Piaseczna. Wydarzenie to, odebrane w rodzinie Wieckich jako cud, nie pozosta\u0142o bez wp\u0142ywu na p\u00f3\u017aniejszy, jak\u017ce za\u017cy\u0142y i dzieci\u0119cy stosunek Marty do Matki Bo\u017cej. Przez ca\u0142e \u017cycie ucieka\u0142a si\u0119 do Niej we wszystkich swych potrzebach i jak sama twierdzi\u0142a, Maryja nigdy jej niczego nie odm\u00f3wi\u0142a.<\/p>\n\n\n\n<p>Ma\u0142a Marta ch\u0119tnie pomaga\u0142a matce w domowych zaj\u0119ciach. S\u0105siedzi podziwiali dziewczynk\u0119 za jej pobo\u017cno\u015b\u0107, prawy charakter, dobro\u0107 serca, a przede wszystkim za wielk\u0105 pogod\u0119 ducha, kt\u00f3ra udziela\u0142a si\u0119 otoczeniu. Rodzina i s\u0105siedzi znali Mart\u0119 r\u00f3wnie\u017c jako gorliw\u0105 czcicielk\u0119 \u015bw. Jana Nepomucena. To z jej inicjatywy, tu\u017c przy drodze biegn\u0105cej obok rodzinnego domu, stan\u0119\u0142a jego figura, przy kt\u00f3rej cz\u0119sto widziano Mart\u0119 zatopion\u0105 w modlitwie. Przez ca\u0142e \u017cycie piel\u0119gnowa\u0142a nabo\u017ce\u0144stwo do \u015bw. Jana Nepomucena, kt\u00f3re rozbudzi\u0142 w jej dzieci\u0119cej duszy ksi\u0105dz katecheta.<\/p>\n\n\n\n<p>W dniu 3 pa\u017adziernika 1886 r. Marta przyj\u0119\u0142a Pierwsz\u0105 Komuni\u0119 \u015awi\u0119t\u0105. Odt\u0105d w centrum jej \u017cycia by\u0142 Jezus Eucharystyczny. Kiedy tylko mog\u0142a, sz\u0142a na Msz\u0119 \u015bw. do oddalonego o 12 km ko\u015bcio\u0142a parafialnego w Skarszewach. Tak\u017ce w domu cz\u0119sto po\u015bwi\u0119ca\u0142a sw\u00f3j czas na modlitw\u0119. W tym okresie, ze wzgl\u0119du na cz\u0119ste choroby matki, do Marty nale\u017ca\u0142a opieka nad m\u0142odszym rodze\u0144stwem, kt\u00f3re nazywa\u0142o j\u0105 swoj\u0105 \u201cdrug\u0105 mam\u0105\u201d.<\/p>\n\n\n\n<p>Maj\u0105c 16 lat, podj\u0119\u0142a decyzj\u0119 o wst\u0105pieniu do Zgromadzenia Si\u00f3str Mi\u0142osierdzia (Szarytek). Pojecha\u0142a wi\u0119c do pobliskiego Che\u0142mna, prosz\u0105c o przyj\u0119cie. Ku swojemu rozczarowaniu us\u0142ysza\u0142a, \u017ce jest za m\u0142oda i przyjdzie jej poczeka\u0107 jeszcze dwa lata.<\/p>\n\n\n\n<p>Gdy sko\u0144czy\u0142a osiemna\u015bcie lat po\u017cegna\u0142a na zawsze dom rodzinny i najbli\u017cszych. Uda\u0142a si\u0119 do odleg\u0142ego Krakowa, by tam rozpocz\u0105\u0107 s\u0142u\u017cb\u0119 Chrystusowi jako Szarytka. Wybra\u0142a Krak\u00f3w, gdy\u017c wraz z ni\u0105 chcia\u0142a p\u00f3j\u015b\u0107 do Zgromadzenia jej kole\u017canka Monika Gdaniec, a Siostry z Che\u0142mna odm\u00f3wi\u0142y przyj\u0119cia Moniki ze wzgl\u0119du na ograniczenia narzucone im przez zaborc\u0119. W Krakowie natomiast przyj\u0119to je obie.<\/p>\n\n\n\n<p>26 kwietnia 1892 r. Marta zosta\u0142a przyj\u0119ta do postulatu w Domu Centralnym w Krakowie przy ulicy Warszawskiej 8, a po paru miesi\u0105cach, 12 sierpnia rozpocz\u0119\u0142a kolejny etap formacji \u2013 Seminarium (nowicjat). Tu, przez osiem miesi\u0119cy poznawa\u0142a idea\u0142 Si\u00f3str Mi\u0142osierdzia, kt\u00f3rym mia\u0142a \u017cy\u0107 przez p\u00f3\u017aniejsze lata.<\/p>\n\n\n\n<p>Dnia 21 kwietnia 1893 r. S. Marta otrzyma\u0142a str\u00f3j Siostry Mi\u0142osierdzia. Jej pierwsz\u0105 plac\u00f3wk\u0105 by\u0142 Szpital Powszechny we Lwowie. Bardzo szybko zyska\u0142a opini\u0119 siostry, kt\u00f3ra kocha chorych i s\u0142u\u017cy im z wielkim po\u015bwi\u0119ceniem. Po p\u00f3\u0142torarocznym pobycie we Lwowie, dnia 15 listopada 1894 r. zosta\u0142a przeniesiona do szpitala w Podhajcach. Tu r\u00f3wnie\u017c przez kolejnych pi\u0119\u0107 lat ofiarnie wype\u0142nia\u0142a misj\u0119 Siostry Mi\u0142osierdzia jako pe\u0142na dobroci piel\u0119gniarka.<\/p>\n\n\n\n<p>Dnia 15 sierpnia 1897 r. z\u0142o\u017cy\u0142a po raz pierwszy \u015bwi\u0119te \u015bluby, przypiecz\u0119towuj\u0105c niejako swe ca\u0142kowite oddanie si\u0119 Bogu, celem s\u0142u\u017cenia najubo\u017cszym.<\/p>\n\n\n\n<p>W roku 1899 S. Marta przyby\u0142a do Wsp\u00f3lnoty Si\u00f3str w Bochni. Prze\u0142o\u017con\u0105 tamtejszego Domu by\u0142a w\u00f3wczas S. Maria Chab\u0142o. Mia\u0142a ona wkr\u00f3tce spe\u0142ni\u0107 wa\u017cn\u0105 rol\u0119 \u201eadwokata\u201d S. Marty. Na tamten czas datuje si\u0119 wizj\u0119 Jezusa na Krzy\u017cu, kt\u00f3r\u0105 mia\u0142a S. Marta. Jezus zach\u0119ci\u0142 j\u0105 do cierpliwego znoszenia przeciwno\u015bci i obieca\u0142, \u017ce wkr\u00f3tce zabierze j\u0105 do siebie. To do\u015bwiadczenie zwi\u0119kszy\u0142o oddanie S. Marty pe\u0142nionej s\u0142u\u017cbie i obudzi\u0142o t\u0119sknot\u0119 za Niebem.<\/p>\n\n\n\n<p>Nied\u0142ugo po tym wydarzeniu przysz\u0142o S. Marcie prze\u017cy\u0107 bardzo trudne chwile. Zdemoralizowany cz\u0142owiek po wyj\u015bciu ze szpitala, kieruj\u0105c si\u0119 zazdro\u015bci\u0105, rozg\u0142osi\u0142 \u017ce S. Marta jest w ci\u0105\u017cy z\u00a0jednym z\u00a0pacjent\u00f3w \u2013 studentem, krewnym proboszcza. Oskar\u017cona musia\u0142a \u017cy\u0107 pod brzemieniem plotek i z\u0142o\u015bliwo\u015bci ze strony mieszka\u0144c\u00f3w miasta. Jednak stanowcza postawa Prze\u0142o\u017conej sprawi\u0142a, \u017ce S. Marta zosta\u0142a w Bochni, aby okaza\u0142a si\u0119 jej niewinno\u015b\u0107. W tym czasie nie zaprzesta\u0142a pe\u0142nienia normalnych obowi\u0105zk\u00f3w z\u00a0t\u0105 sam\u0105 co zawsze dobroci\u0105 i us\u0142u\u017cno\u015bci\u0105. Mimo, \u017ce wiele wycierpia\u0142a, potrafi\u0142a w ciszy znie\u015b\u0107 to pos\u0105dzenie, zdaj\u0105c si\u0119 ca\u0142kowicie na Boga.<\/p>\n\n\n\n<p>Po zako\u0144czeniu sprawy boche\u0144skiej, w kt\u00f3rej uznano niewinno\u015b\u0107 S. Marty, zosta\u0142a ona skierowana do pracy w szpitalu w \u015aniatyniu. Tam r\u00f3wnie\u017c pracowa\u0142a w szpitalu, natomiast miejscowy proboszcz (podobnie jak by\u0142o w Podhajcach) posy\u0142a\u0142 do niej swoich parafian z rozmaitymi problemami i sprawami duchowymi, kt\u00f3re skutecznie rozwi\u0105zywa\u0142a dla dobra ich duszy. By\u0142a osob\u0105, kt\u00f3ra nie zamyka\u0142a si\u0119 w granicach obowi\u0105zku, lecz ch\u0119tnie spieszy\u0142a z pomoc\u0105 wsz\u0119dzie tam, gdzie na t\u0119 pomoc czekano.<\/p>\n\n\n\n<p>S. Marta bardzo kocha\u0142a swe powo\u0142anie i zawsze emanowa\u0142a z niej rado\u015b\u0107 oraz zadowolenie z wykonywanej w\u015br\u00f3d chorych pos\u0142ugi. U\u015bmiechni\u0119ta, pe\u0142na cierpliwo\u015bci i niezwyk\u0142ej dobroci nios\u0142a ulg\u0119 nie tylko cierpi\u0105cemu cia\u0142u, ale zabiega\u0142a te\u017c o zdrowie ducha powierzonych jej chorych. Umia\u0142a znale\u017a\u0107 czas, by uczy\u0107 ich katechizmu, przygotowywa\u0107 do sakrament\u00f3w \u015bwi\u0119tych i przyk\u0142ada\u0142a du\u017c\u0105 wag\u0119 do wsp\u00f3lnej z nimi modlitwy. Bywa\u0142o, \u017ce do kaplicy szpitalnej przychodzi\u0142o oko\u0142o czterdziestu chorych, by wraz z ni\u0105 uczestniczy\u0107 w drodze krzy\u017cowej.<\/p>\n\n\n\n<p>Mia\u0142a niezwyk\u0142y dar jednania dusz z Bogiem, na jej oddziale nikt nie umiera\u0142 bez sakramentu pojednania, a zdarza\u0142o si\u0119 niejednokrotnie, \u017ce nawet przebywaj\u0105cy pod jej opiek\u0105 \u017bydzi prosili o chrzest. Dla S. Marty ka\u017cdy cierpi\u0105cy cz\u0142owiek by\u0142 jednakowo wa\u017cny, bez wzgl\u0119du na to, czy by\u0142 to Polak, Ukrainiec czy \u017byd, grekokatolik, prawos\u0142awny czy katolik. Wszystkim s\u0142u\u017cy\u0142a z t\u0105 sam\u0105 mi\u0142o\u015bci\u0105. Si\u0142\u0119 do s\u0142u\u017cby czerpa\u0142a z modlitwy.<\/p>\n\n\n\n<p>Podobnie jak ca\u0142e \u017cycie S. Marty obfitowa\u0142o w czyny mi\u0142o\u015bci, tak r\u00f3wnie\u017c jej \u015bmier\u0107 sta\u0142a si\u0119 aktem, kt\u00f3rego \u017ar\u00f3d\u0142em by\u0142a autentyczna mi\u0142o\u015b\u0107 do Boga i bli\u017aniego. \u015awiadoma niebezpiecze\u0144stwa dobrowolnie podj\u0119\u0142a si\u0119 dezynfekcji pomieszczenia po chorej na tyfus plamisty, chocia\u017c by\u0142 do tego zobowi\u0105zany inny pracownik \u2013 m\u0142ody ojciec rodziny. Nazajutrz pojawi\u0142y si\u0119 pierwsze objawy choroby. Podczas ostatniego tygodnia w szpitalu czyniono wszelkie wysi\u0142ki, aby j\u0105 wyleczy\u0107. W jej intencji gor\u0105co modli\u0142a si\u0119 rzesza ludzi, \u0142\u0105cznie z przedstawicielami gminy \u017cydowskiej, kt\u00f3rzy w miejscowej synagodze prosili o jej uzdrowienie. Jej g\u0142\u0119bok\u0105 modlitw\u0119 po przyj\u0119ciu Wiatyku \u015bwiadkowie uznali za ekstaz\u0119. Zmar\u0142a spokojnie dnia 30 maja 1904 r. w \u015aniatynie.<\/p>\n\n\n\n<p>Ju\u017c w chwili \u015bmierci zebrani przy jej \u0142\u00f3\u017cku byli przekonani, \u017ce \u017cegnaj\u0105 niezwyk\u0142\u0105 siostr\u0119, a p\u00f3\u017aniejsze lata przynios\u0142y tego potwierdzenie. Na gr\u00f3b S. Marty przychodzili wszyscy, niezale\u017cnie od wieku, wyznania i narodowo\u015bci. Przychodzili i przychodz\u0105 a\u017c do dnia dzisiejszego przekonani, \u017ce \u201eMatuszka\u201d pomaga im we wszystkich sprawach, z kt\u00f3rymi si\u0119 do niej zwracaj\u0105.<\/p>\n\n\n\n<p><em>Wi\u0119cej o \u017cyciu b\u0142. Marty Wieckiej na stronie: <\/em><a href=\"http:\/\/www.martawiecka.pl\/\" target=\"_blank\" rel=\"noreferrer noopener\">www.martawiecka.pl<\/a><\/p>\n","protected":false},"featured_media":1013,"template":"","meta":{"_acf_changed":false,"_links_to":"","_links_to_target":""},"origen":[],"class_list":["post-4068","familia","type-familia","status-publish","has-post-thumbnail","hentry"],"acf":[],"yoast_head":"<!-- This site is optimized with the Yoast SEO plugin v27.5 - https:\/\/yoast.com\/product\/yoast-seo-wordpress\/ -->\n<title>B\u0142ogos\u0142awiona Marta Wiecka - Filles de la Charit\u00e9<\/title>\n<meta name=\"robots\" content=\"index, follow, max-snippet:-1, max-image-preview:large, max-video-preview:-1\" \/>\n<link rel=\"canonical\" href=\"https:\/\/filles-de-la-charite.org\/pl\/rodzina\/blogoslawiona-marta-wiecka\/\" \/>\n<meta property=\"og:locale\" content=\"pl_PL\" \/>\n<meta property=\"og:type\" content=\"article\" \/>\n<meta property=\"og:title\" content=\"B\u0142ogos\u0142awiona Marta Wiecka - Filles de la Charit\u00e9\" \/>\n<meta property=\"og:description\" content=\"Kr\u00f3tkie by\u0142o \u017cycie S. Marty Wieckiej, bo trwa\u0142o zaledwie trzydzie\u015bci lat, ale czas ten wystarczy\u0142, by jej dusza wznios\u0142a si\u0119 na wy\u017cyny \u015bwi\u0119to\u015bci. By\u0142a prawdziw\u0105 Siostr\u0105 Mi\u0142osierdzia \u2013 ca\u0142kowicie oddana Bogu, s\u0142u\u017cy\u0142a ludziom chorym i cierpi\u0105cym, w wincenty\u0144skim duchu pokory, prostoty i mi\u0142o\u015bci. 1874, 12 lipca Narodziny w Nowym Wiecu 1892, 12 sierpnia Wst\u0105pienie do [&hellip;]\" \/>\n<meta property=\"og:url\" content=\"https:\/\/filles-de-la-charite.org\/pl\/rodzina\/blogoslawiona-marta-wiecka\/\" \/>\n<meta property=\"og:site_name\" content=\"Filles de la Charit\u00e9\" \/>\n<meta property=\"article:modified_time\" content=\"2024-02-19T10:12:57+00:00\" \/>\n<meta property=\"og:image\" content=\"https:\/\/filles-de-la-charite.org\/wp-content\/uploads\/2023\/04\/Marta-Wiecka-1.png\" \/>\n\t<meta property=\"og:image:width\" content=\"302\" \/>\n\t<meta property=\"og:image:height\" content=\"391\" \/>\n\t<meta property=\"og:image:type\" content=\"image\/png\" \/>\n<meta name=\"twitter:card\" content=\"summary_large_image\" \/>\n<meta name=\"twitter:label1\" content=\"Szacowany czas czytania\" \/>\n\t<meta name=\"twitter:data1\" content=\"7 minut\" \/>\n<script type=\"application\/ld+json\" class=\"yoast-schema-graph\">{\"@context\":\"https:\\\/\\\/schema.org\",\"@graph\":[{\"@type\":\"WebPage\",\"@id\":\"https:\\\/\\\/filles-de-la-charite.org\\\/pl\\\/rodzina\\\/blogoslawiona-marta-wiecka\\\/\",\"url\":\"https:\\\/\\\/filles-de-la-charite.org\\\/pl\\\/rodzina\\\/blogoslawiona-marta-wiecka\\\/\",\"name\":\"B\u0142ogos\u0142awiona Marta Wiecka - Filles de la Charit\u00e9\",\"isPartOf\":{\"@id\":\"https:\\\/\\\/filles-de-la-charite.org\\\/pl\\\/#website\"},\"primaryImageOfPage\":{\"@id\":\"https:\\\/\\\/filles-de-la-charite.org\\\/pl\\\/rodzina\\\/blogoslawiona-marta-wiecka\\\/#primaryimage\"},\"image\":{\"@id\":\"https:\\\/\\\/filles-de-la-charite.org\\\/pl\\\/rodzina\\\/blogoslawiona-marta-wiecka\\\/#primaryimage\"},\"thumbnailUrl\":\"https:\\\/\\\/filles-de-la-charite.org\\\/wp-content\\\/uploads\\\/2023\\\/04\\\/Marta-Wiecka-1.png\",\"datePublished\":\"2020-10-21T09:57:27+00:00\",\"dateModified\":\"2024-02-19T10:12:57+00:00\",\"breadcrumb\":{\"@id\":\"https:\\\/\\\/filles-de-la-charite.org\\\/pl\\\/rodzina\\\/blogoslawiona-marta-wiecka\\\/#breadcrumb\"},\"inLanguage\":\"pl-PL\",\"potentialAction\":[{\"@type\":\"ReadAction\",\"target\":[\"https:\\\/\\\/filles-de-la-charite.org\\\/pl\\\/rodzina\\\/blogoslawiona-marta-wiecka\\\/\"]}]},{\"@type\":\"ImageObject\",\"inLanguage\":\"pl-PL\",\"@id\":\"https:\\\/\\\/filles-de-la-charite.org\\\/pl\\\/rodzina\\\/blogoslawiona-marta-wiecka\\\/#primaryimage\",\"url\":\"https:\\\/\\\/filles-de-la-charite.org\\\/wp-content\\\/uploads\\\/2023\\\/04\\\/Marta-Wiecka-1.png\",\"contentUrl\":\"https:\\\/\\\/filles-de-la-charite.org\\\/wp-content\\\/uploads\\\/2023\\\/04\\\/Marta-Wiecka-1.png\",\"width\":302,\"height\":391},{\"@type\":\"BreadcrumbList\",\"@id\":\"https:\\\/\\\/filles-de-la-charite.org\\\/pl\\\/rodzina\\\/blogoslawiona-marta-wiecka\\\/#breadcrumb\",\"itemListElement\":[{\"@type\":\"ListItem\",\"position\":1,\"name\":\"Nasza rodzina\",\"item\":\"https:\\\/\\\/filles-de-la-charite.org\\\/pl\\\/rodzina\\\/\"},{\"@type\":\"ListItem\",\"position\":2,\"name\":\"B\u0142ogos\u0142awiona Marta Wiecka\"}]},{\"@type\":\"WebSite\",\"@id\":\"https:\\\/\\\/filles-de-la-charite.org\\\/pl\\\/#website\",\"url\":\"https:\\\/\\\/filles-de-la-charite.org\\\/pl\\\/\",\"name\":\"Hijas de la Caridad\",\"description\":\"L\u2019amour de J\u00e9sus nous presse \u00e0 prendre soin des personnes les plus d\u00e9munies\",\"publisher\":{\"@id\":\"https:\\\/\\\/filles-de-la-charite.org\\\/pl\\\/#organization\"},\"potentialAction\":[{\"@type\":\"SearchAction\",\"target\":{\"@type\":\"EntryPoint\",\"urlTemplate\":\"https:\\\/\\\/filles-de-la-charite.org\\\/pl\\\/?s={search_term_string}\"},\"query-input\":{\"@type\":\"PropertyValueSpecification\",\"valueRequired\":true,\"valueName\":\"search_term_string\"}}],\"inLanguage\":\"pl-PL\"},{\"@type\":\"Organization\",\"@id\":\"https:\\\/\\\/filles-de-la-charite.org\\\/pl\\\/#organization\",\"name\":\"Hijas de la Caridad\",\"url\":\"https:\\\/\\\/filles-de-la-charite.org\\\/pl\\\/\",\"logo\":{\"@type\":\"ImageObject\",\"inLanguage\":\"pl-PL\",\"@id\":\"https:\\\/\\\/filles-de-la-charite.org\\\/pl\\\/#\\\/schema\\\/logo\\\/image\\\/\",\"url\":\"https:\\\/\\\/filles-de-la-charite.org\\\/wp-content\\\/uploads\\\/2023\\\/03\\\/isotipo-Hijas-de-la-Caridad.png\",\"contentUrl\":\"https:\\\/\\\/filles-de-la-charite.org\\\/wp-content\\\/uploads\\\/2023\\\/03\\\/isotipo-Hijas-de-la-Caridad.png\",\"width\":1417,\"height\":1417,\"caption\":\"Hijas de la Caridad\"},\"image\":{\"@id\":\"https:\\\/\\\/filles-de-la-charite.org\\\/pl\\\/#\\\/schema\\\/logo\\\/image\\\/\"}}]}<\/script>\n<!-- \/ Yoast SEO plugin. -->","yoast_head_json":{"title":"B\u0142ogos\u0142awiona Marta Wiecka - Filles de la Charit\u00e9","robots":{"index":"index","follow":"follow","max-snippet":"max-snippet:-1","max-image-preview":"max-image-preview:large","max-video-preview":"max-video-preview:-1"},"canonical":"https:\/\/filles-de-la-charite.org\/pl\/rodzina\/blogoslawiona-marta-wiecka\/","og_locale":"pl_PL","og_type":"article","og_title":"B\u0142ogos\u0142awiona Marta Wiecka - Filles de la Charit\u00e9","og_description":"Kr\u00f3tkie by\u0142o \u017cycie S. Marty Wieckiej, bo trwa\u0142o zaledwie trzydzie\u015bci lat, ale czas ten wystarczy\u0142, by jej dusza wznios\u0142a si\u0119 na wy\u017cyny \u015bwi\u0119to\u015bci. By\u0142a prawdziw\u0105 Siostr\u0105 Mi\u0142osierdzia \u2013 ca\u0142kowicie oddana Bogu, s\u0142u\u017cy\u0142a ludziom chorym i cierpi\u0105cym, w wincenty\u0144skim duchu pokory, prostoty i mi\u0142o\u015bci. 1874, 12 lipca Narodziny w Nowym Wiecu 1892, 12 sierpnia Wst\u0105pienie do [&hellip;]","og_url":"https:\/\/filles-de-la-charite.org\/pl\/rodzina\/blogoslawiona-marta-wiecka\/","og_site_name":"Filles de la Charit\u00e9","article_modified_time":"2024-02-19T10:12:57+00:00","og_image":[{"width":302,"height":391,"url":"https:\/\/filles-de-la-charite.org\/wp-content\/uploads\/2023\/04\/Marta-Wiecka-1.png","type":"image\/png"}],"twitter_card":"summary_large_image","twitter_misc":{"Szacowany czas czytania":"7 minut"},"schema":{"@context":"https:\/\/schema.org","@graph":[{"@type":"WebPage","@id":"https:\/\/filles-de-la-charite.org\/pl\/rodzina\/blogoslawiona-marta-wiecka\/","url":"https:\/\/filles-de-la-charite.org\/pl\/rodzina\/blogoslawiona-marta-wiecka\/","name":"B\u0142ogos\u0142awiona Marta Wiecka - Filles de la Charit\u00e9","isPartOf":{"@id":"https:\/\/filles-de-la-charite.org\/pl\/#website"},"primaryImageOfPage":{"@id":"https:\/\/filles-de-la-charite.org\/pl\/rodzina\/blogoslawiona-marta-wiecka\/#primaryimage"},"image":{"@id":"https:\/\/filles-de-la-charite.org\/pl\/rodzina\/blogoslawiona-marta-wiecka\/#primaryimage"},"thumbnailUrl":"https:\/\/filles-de-la-charite.org\/wp-content\/uploads\/2023\/04\/Marta-Wiecka-1.png","datePublished":"2020-10-21T09:57:27+00:00","dateModified":"2024-02-19T10:12:57+00:00","breadcrumb":{"@id":"https:\/\/filles-de-la-charite.org\/pl\/rodzina\/blogoslawiona-marta-wiecka\/#breadcrumb"},"inLanguage":"pl-PL","potentialAction":[{"@type":"ReadAction","target":["https:\/\/filles-de-la-charite.org\/pl\/rodzina\/blogoslawiona-marta-wiecka\/"]}]},{"@type":"ImageObject","inLanguage":"pl-PL","@id":"https:\/\/filles-de-la-charite.org\/pl\/rodzina\/blogoslawiona-marta-wiecka\/#primaryimage","url":"https:\/\/filles-de-la-charite.org\/wp-content\/uploads\/2023\/04\/Marta-Wiecka-1.png","contentUrl":"https:\/\/filles-de-la-charite.org\/wp-content\/uploads\/2023\/04\/Marta-Wiecka-1.png","width":302,"height":391},{"@type":"BreadcrumbList","@id":"https:\/\/filles-de-la-charite.org\/pl\/rodzina\/blogoslawiona-marta-wiecka\/#breadcrumb","itemListElement":[{"@type":"ListItem","position":1,"name":"Nasza rodzina","item":"https:\/\/filles-de-la-charite.org\/pl\/rodzina\/"},{"@type":"ListItem","position":2,"name":"B\u0142ogos\u0142awiona Marta Wiecka"}]},{"@type":"WebSite","@id":"https:\/\/filles-de-la-charite.org\/pl\/#website","url":"https:\/\/filles-de-la-charite.org\/pl\/","name":"Hijas de la Caridad","description":"L\u2019amour de J\u00e9sus nous presse \u00e0 prendre soin des personnes les plus d\u00e9munies","publisher":{"@id":"https:\/\/filles-de-la-charite.org\/pl\/#organization"},"potentialAction":[{"@type":"SearchAction","target":{"@type":"EntryPoint","urlTemplate":"https:\/\/filles-de-la-charite.org\/pl\/?s={search_term_string}"},"query-input":{"@type":"PropertyValueSpecification","valueRequired":true,"valueName":"search_term_string"}}],"inLanguage":"pl-PL"},{"@type":"Organization","@id":"https:\/\/filles-de-la-charite.org\/pl\/#organization","name":"Hijas de la Caridad","url":"https:\/\/filles-de-la-charite.org\/pl\/","logo":{"@type":"ImageObject","inLanguage":"pl-PL","@id":"https:\/\/filles-de-la-charite.org\/pl\/#\/schema\/logo\/image\/","url":"https:\/\/filles-de-la-charite.org\/wp-content\/uploads\/2023\/03\/isotipo-Hijas-de-la-Caridad.png","contentUrl":"https:\/\/filles-de-la-charite.org\/wp-content\/uploads\/2023\/03\/isotipo-Hijas-de-la-Caridad.png","width":1417,"height":1417,"caption":"Hijas de la Caridad"},"image":{"@id":"https:\/\/filles-de-la-charite.org\/pl\/#\/schema\/logo\/image\/"}}]}},"_links":{"self":[{"href":"https:\/\/filles-de-la-charite.org\/pl\/wp-json\/wp\/v2\/familia\/4068","targetHints":{"allow":["GET"]}}],"collection":[{"href":"https:\/\/filles-de-la-charite.org\/pl\/wp-json\/wp\/v2\/familia"}],"about":[{"href":"https:\/\/filles-de-la-charite.org\/pl\/wp-json\/wp\/v2\/types\/familia"}],"wp:featuredmedia":[{"embeddable":true,"href":"https:\/\/filles-de-la-charite.org\/pl\/wp-json\/wp\/v2\/media\/1013"}],"wp:attachment":[{"href":"https:\/\/filles-de-la-charite.org\/pl\/wp-json\/wp\/v2\/media?parent=4068"}],"wp:term":[{"taxonomy":"origen","embeddable":true,"href":"https:\/\/filles-de-la-charite.org\/pl\/wp-json\/wp\/v2\/origen?post=4068"}],"curies":[{"name":"wp","href":"https:\/\/api.w.org\/{rel}","templated":true}]}}