{"id":4069,"date":"2020-10-21T12:16:43","date_gmt":"2020-10-21T10:16:43","guid":{"rendered":"https:\/\/hijascaridad.sjdigitaldemo.ovh\/familia\/blogoslawione-siostry-milosierdzia-meczenniczki-z-czasow-rewolucji-francuskiej\/"},"modified":"2024-02-19T11:33:21","modified_gmt":"2024-02-19T10:33:21","slug":"blogoslawione-siostry-milosierdzia-meczenniczki-z-czasow-rewolucji-francuskiej","status":"publish","type":"familia","link":"https:\/\/filles-de-la-charite.org\/pl\/rodzina\/blogoslawione-siostry-milosierdzia-meczenniczki-z-czasow-rewolucji-francuskiej\/","title":{"rendered":"B\u0142ogos\u0142awione Siostry Mi\u0142osierdzia, m\u0119czenniczki z czas\u00f3w Rewolucji Francuskiej"},"content":{"rendered":"\n<p>B\u0142ogos\u0142awione Siostry Mi\u0142osierdzia, Siostry m\u0119czenniczki w czasie Rewolucji Francuskiej, \u017cy\u0142y tym, co aposto\u0142 Pawe\u0142 napisa\u0142 do Rzymian (8, 35-39): <em>\u201eKt\u00f3\u017c nas mo\u017ce od\u0142\u0105czy\u0107 od mi\u0142o\u015bci Chrystusa?\u2026 ani \u015bmier\u0107, ani \u017cycie\u2026 ani tera\u017aniejszo\u015b\u0107, ani przysz\u0142o\u015b\u0107\u2026 ani \u017cadne inne stworzenie, nic nie mo\u017ce nas od\u0142\u0105czy\u0107 od mi\u0142o\u015bci Bo\u017cej, kt\u00f3ra jest w Chrystusie Jezusie, Panu naszym.\u201d<\/em><\/p>\n\n\n\n<p>Rewolucja Francuska, kt\u00f3ra rozpocz\u0119\u0142a si\u0119 w lipcu 1789 roku, chcia\u0142a przynie\u015b\u0107 ludziom popraw\u0119 warunk\u00f3w \u017cycia i do swojego programu w\u0142\u0105czy\u0142a trzy s\u0142owa: &#8222;Wolno\u015b\u0107, r\u00f3wno\u015b\u0107 i braterstwo&#8221;. Ju\u017c w sierpniu 1789 r. rewolucjoni\u015bci przeg\u0142osowali zniesienie wszystkich przywilej\u00f3w, jakimi cieszy\u0142a si\u0119 szlachta i du\u017ca liczba cz\u0142onk\u00f3w Ko\u015bcio\u0142a.<\/p>\n\n\n\n<p>Aby zapewni\u0107 \u017cycie Ko\u015bcio\u0142owi, po pozbawieniu go zasob\u00f3w, kt\u00f3rymi si\u0119 cieszy\u0142, rewolucjoni\u015bci opracowali Konstytucj\u0119 Cywiln\u0105 Kleu i poprosili wszystkich kap\u0142an\u00f3w o jej przestrzeganie. Zobowi\u0105zali ich do z\u0142o\u017cenia przysi\u0119gi. Wielu ksi\u0119\u017cy postrzega\u0142o t\u0119 konstytucj\u0119 jako zerwanie z Rzymem i odmawia\u0142o z\u0142o\u017cenia przysi\u0119gi, kt\u00f3r\u0105 uwa\u017cali za schizmatyck\u0105. Ksi\u0119\u017cy tzw. niezaprzysi\u0119\u017conych poszukiwano, st\u0105d byli oni zmuszeni do ucieczki za granic\u0119 lub ukrywania si\u0119, aby unikn\u0105\u0107 wi\u0119zienia, \u015bmierci lub deportacji. Wielu chrze\u015bcijan odmawia\u0142o uczestniczenia we Mszach \u015bw. sprawowanych przez zaprzysi\u0119\u017conych kap\u0142an\u00f3w. Z nara\u017ceniem wolno\u015bci i \u017cycia ukrywali tych ksi\u0119\u017cy, kt\u00f3rzy potajemnie kontynuowali swoj\u0105 pos\u0142ug\u0119 duszpastersk\u0105.<\/p>\n\n\n\n<p>Rewolucjoni\u015bci zaatakowali wtedy wszystkich tych, kt\u00f3rzy w ich oczach symbolizowali monarchi\u0119 i przywileje. Mno\u017c\u0105 si\u0119 aresztowania. W sierpniu 1792 roku kr\u00f3l zosta\u0142 uwi\u0119ziony wraz z rodzin\u0105, a wszystkie zakony zosta\u0142y zlikwidowane. \u015amier\u0107 kr\u00f3la Ludwika XVI, zgilotynowanego 21 stycznia 1793 r., by\u0142a punktem zwrotnym: wydarzenia przyspieszy\u0142y i sprowokowa\u0142y eksplozj\u0119 przemocy, a Terror rozprzestrzeni\u0142 si\u0119 na ca\u0142y kraj.<\/p>\n\n\n\n<p>Przysi\u0119ga przynale\u017cno\u015bci do rewolucji, przysi\u0119ga wolno\u015bci-r\u00f3wno\u015bci, jest narzucana wszystkim by\u0142ym cz\u0142onkom zakon\u00f3w, kt\u00f3rzy pe\u0142ni\u0105 s\u0142u\u017cb\u0119 op\u0142acan\u0105 przez pa\u0144stwo. Z\u0142o\u017cenie tej przysi\u0119gi jest postrzegane przez wielu jako zerwanie z Ko\u015bcio\u0142em, a ci, kt\u00f3rzy j\u0105 odrzucaj\u0105, s\u0105 uwa\u017cani za kontrrewolucjonist\u00f3w.<\/p>\n\n\n\n<p>Podobnie jak wiele innych si\u00f3str zakonnych, Siostry Mi\u0142osierdzia, kt\u00f3re s\u0142u\u017c\u0105 ubogim w Domach Mi\u0142osierdzia lub szpitalach, zostan\u0105 wezwane do z\u0142o\u017cenia tej przysi\u0119gi. Staj\u0105 przed dylematem: pozostanie wiernym Ko\u015bcio\u0142owi poprzez odmow\u0119 z\u0142o\u017cenia przysi\u0119gi b\u0119dzie skutkowa\u0142o wydaleniem ze szpitala. W takim razie, kto b\u0119dzie opiekowa\u0142 si\u0119 chorymi? Za\u015b pozostawanie blisko chorych z\u0142o\u017cywszy przysi\u0119g\u0119 czy\u017c nie oznacza odci\u0119cia si\u0119 od Ko\u015bcio\u0142a i od wiary chrze\u015bcija\u0144skiej?<\/p>\n\n\n\n<p>9 kwietnia 1792 r. prze\u0142o\u017cona generalna Si\u00f3str Mi\u0142osierdzia, Siostra Antoinette Deleau, przes\u0142a\u0142a Siostrom kilka wskaz\u00f3wek, kt\u00f3re mia\u0142y pokierowa\u0107 ich refleksj\u0105:<br><\/p>\n\n\n\n<p><em>\u201eProsz\u0119 was, aby\u015bcie nie porzuca\u0142y s\u0142u\u017cby Ubogim, o ile nie jeste\u015bcie do tego zmuszone\u2026 Aby m\u00f3c nadal s\u0142u\u017cy\u0107 Ubogim, poddajcie si\u0119 wszystkiemu, czego mo\u017cna uczciwie wymaga\u0107 od was w obecnych okoliczno\u015bciach, byleby nie by\u0142o nic <strong>przeciwko religii, Ko\u015bcio\u0142owi i sumieniu<\/strong>.\u201d<\/em><\/p>\n\n\n\n<p>Postawa rewolucjonist\u00f3w r\u00f3\u017cni si\u0119 w zale\u017cno\u015bci od regionu. Niekt\u00f3re domy zakonne nie b\u0119d\u0105 niepokojone, inne b\u0119d\u0105 cierpie\u0107 wiele udr\u0119k. W niekt\u00f3rych regionach Siostry by\u0142y wi\u0119zione przez wiele miesi\u0119cy. W Angers, Dax i Arras Siostry Mi\u0142osierdzia zostan\u0105 poprowadzone do za\u015bwiadczenia swoim \u017cyciem o przywi\u0105zaniu do Jezusa Chrystusa.<\/p>\n","protected":false},"featured_media":1020,"template":"","meta":{"_acf_changed":false,"_et_pb_use_builder":"","_et_pb_old_content":"","_et_gb_content_width":"","_links_to":"","_links_to_target":""},"origen":[],"class_list":["post-4069","familia","type-familia","status-publish","has-post-thumbnail","hentry"],"acf":[],"yoast_head":"<!-- This site is optimized with the Yoast SEO plugin v27.5 - https:\/\/yoast.com\/product\/yoast-seo-wordpress\/ -->\n<title>B\u0142ogos\u0142awione Siostry Mi\u0142osierdzia, m\u0119czenniczki z czas\u00f3w Rewolucji Francuskiej - Filles de la Charit\u00e9<\/title>\n<meta name=\"robots\" content=\"index, follow, max-snippet:-1, max-image-preview:large, max-video-preview:-1\" \/>\n<link rel=\"canonical\" href=\"https:\/\/filles-de-la-charite.org\/pl\/rodzina\/blogoslawione-siostry-milosierdzia-meczenniczki-z-czasow-rewolucji-francuskiej\/\" \/>\n<meta property=\"og:locale\" content=\"pl_PL\" \/>\n<meta property=\"og:type\" content=\"article\" \/>\n<meta property=\"og:title\" content=\"B\u0142ogos\u0142awione Siostry Mi\u0142osierdzia, m\u0119czenniczki z czas\u00f3w Rewolucji Francuskiej - Filles de la Charit\u00e9\" \/>\n<meta property=\"og:description\" content=\"B\u0142ogos\u0142awione Siostry Mi\u0142osierdzia, Siostry m\u0119czenniczki w czasie Rewolucji Francuskiej, \u017cy\u0142y tym, co aposto\u0142 Pawe\u0142 napisa\u0142 do Rzymian (8, 35-39): \u201eKt\u00f3\u017c nas mo\u017ce od\u0142\u0105czy\u0107 od mi\u0142o\u015bci Chrystusa?\u2026 ani \u015bmier\u0107, ani \u017cycie\u2026 ani tera\u017aniejszo\u015b\u0107, ani przysz\u0142o\u015b\u0107\u2026 ani \u017cadne inne stworzenie, nic nie mo\u017ce nas od\u0142\u0105czy\u0107 od mi\u0142o\u015bci Bo\u017cej, kt\u00f3ra jest w Chrystusie Jezusie, Panu naszym.\u201d Rewolucja Francuska, [&hellip;]\" \/>\n<meta property=\"og:url\" content=\"https:\/\/filles-de-la-charite.org\/pl\/rodzina\/blogoslawione-siostry-milosierdzia-meczenniczki-z-czasow-rewolucji-francuskiej\/\" \/>\n<meta property=\"og:site_name\" content=\"Filles de la Charit\u00e9\" \/>\n<meta property=\"article:modified_time\" content=\"2024-02-19T10:33:21+00:00\" \/>\n<meta property=\"og:image\" content=\"https:\/\/filles-de-la-charite.org\/wp-content\/uploads\/2023\/04\/A-linterieur-3-1.png\" \/>\n\t<meta property=\"og:image:width\" content=\"235\" \/>\n\t<meta property=\"og:image:height\" content=\"345\" \/>\n\t<meta property=\"og:image:type\" content=\"image\/png\" \/>\n<meta name=\"twitter:card\" content=\"summary_large_image\" \/>\n<meta name=\"twitter:label1\" content=\"Szacowany czas czytania\" \/>\n\t<meta name=\"twitter:data1\" content=\"3 minuty\" \/>\n<script type=\"application\/ld+json\" class=\"yoast-schema-graph\">{\"@context\":\"https:\\\/\\\/schema.org\",\"@graph\":[{\"@type\":\"WebPage\",\"@id\":\"https:\\\/\\\/filles-de-la-charite.org\\\/pl\\\/rodzina\\\/blogoslawione-siostry-milosierdzia-meczenniczki-z-czasow-rewolucji-francuskiej\\\/\",\"url\":\"https:\\\/\\\/filles-de-la-charite.org\\\/pl\\\/rodzina\\\/blogoslawione-siostry-milosierdzia-meczenniczki-z-czasow-rewolucji-francuskiej\\\/\",\"name\":\"B\u0142ogos\u0142awione Siostry Mi\u0142osierdzia, m\u0119czenniczki z czas\u00f3w Rewolucji Francuskiej - Filles de la Charit\u00e9\",\"isPartOf\":{\"@id\":\"https:\\\/\\\/filles-de-la-charite.org\\\/pl\\\/#website\"},\"primaryImageOfPage\":{\"@id\":\"https:\\\/\\\/filles-de-la-charite.org\\\/pl\\\/rodzina\\\/blogoslawione-siostry-milosierdzia-meczenniczki-z-czasow-rewolucji-francuskiej\\\/#primaryimage\"},\"image\":{\"@id\":\"https:\\\/\\\/filles-de-la-charite.org\\\/pl\\\/rodzina\\\/blogoslawione-siostry-milosierdzia-meczenniczki-z-czasow-rewolucji-francuskiej\\\/#primaryimage\"},\"thumbnailUrl\":\"https:\\\/\\\/filles-de-la-charite.org\\\/wp-content\\\/uploads\\\/2023\\\/04\\\/A-linterieur-3-1.png\",\"datePublished\":\"2020-10-21T10:16:43+00:00\",\"dateModified\":\"2024-02-19T10:33:21+00:00\",\"breadcrumb\":{\"@id\":\"https:\\\/\\\/filles-de-la-charite.org\\\/pl\\\/rodzina\\\/blogoslawione-siostry-milosierdzia-meczenniczki-z-czasow-rewolucji-francuskiej\\\/#breadcrumb\"},\"inLanguage\":\"pl-PL\",\"potentialAction\":[{\"@type\":\"ReadAction\",\"target\":[\"https:\\\/\\\/filles-de-la-charite.org\\\/pl\\\/rodzina\\\/blogoslawione-siostry-milosierdzia-meczenniczki-z-czasow-rewolucji-francuskiej\\\/\"]}]},{\"@type\":\"ImageObject\",\"inLanguage\":\"pl-PL\",\"@id\":\"https:\\\/\\\/filles-de-la-charite.org\\\/pl\\\/rodzina\\\/blogoslawione-siostry-milosierdzia-meczenniczki-z-czasow-rewolucji-francuskiej\\\/#primaryimage\",\"url\":\"https:\\\/\\\/filles-de-la-charite.org\\\/wp-content\\\/uploads\\\/2023\\\/04\\\/A-linterieur-3-1.png\",\"contentUrl\":\"https:\\\/\\\/filles-de-la-charite.org\\\/wp-content\\\/uploads\\\/2023\\\/04\\\/A-linterieur-3-1.png\",\"width\":235,\"height\":345},{\"@type\":\"BreadcrumbList\",\"@id\":\"https:\\\/\\\/filles-de-la-charite.org\\\/pl\\\/rodzina\\\/blogoslawione-siostry-milosierdzia-meczenniczki-z-czasow-rewolucji-francuskiej\\\/#breadcrumb\",\"itemListElement\":[{\"@type\":\"ListItem\",\"position\":1,\"name\":\"Nasza rodzina\",\"item\":\"https:\\\/\\\/filles-de-la-charite.org\\\/pl\\\/rodzina\\\/\"},{\"@type\":\"ListItem\",\"position\":2,\"name\":\"B\u0142ogos\u0142awione Siostry Mi\u0142osierdzia, m\u0119czenniczki z czas\u00f3w Rewolucji Francuskiej\"}]},{\"@type\":\"WebSite\",\"@id\":\"https:\\\/\\\/filles-de-la-charite.org\\\/pl\\\/#website\",\"url\":\"https:\\\/\\\/filles-de-la-charite.org\\\/pl\\\/\",\"name\":\"Hijas de la Caridad\",\"description\":\"L\u2019amour de J\u00e9sus nous presse \u00e0 prendre soin des personnes les plus d\u00e9munies\",\"publisher\":{\"@id\":\"https:\\\/\\\/filles-de-la-charite.org\\\/pl\\\/#organization\"},\"potentialAction\":[{\"@type\":\"SearchAction\",\"target\":{\"@type\":\"EntryPoint\",\"urlTemplate\":\"https:\\\/\\\/filles-de-la-charite.org\\\/pl\\\/?s={search_term_string}\"},\"query-input\":{\"@type\":\"PropertyValueSpecification\",\"valueRequired\":true,\"valueName\":\"search_term_string\"}}],\"inLanguage\":\"pl-PL\"},{\"@type\":\"Organization\",\"@id\":\"https:\\\/\\\/filles-de-la-charite.org\\\/pl\\\/#organization\",\"name\":\"Hijas de la Caridad\",\"url\":\"https:\\\/\\\/filles-de-la-charite.org\\\/pl\\\/\",\"logo\":{\"@type\":\"ImageObject\",\"inLanguage\":\"pl-PL\",\"@id\":\"https:\\\/\\\/filles-de-la-charite.org\\\/pl\\\/#\\\/schema\\\/logo\\\/image\\\/\",\"url\":\"https:\\\/\\\/filles-de-la-charite.org\\\/wp-content\\\/uploads\\\/2023\\\/03\\\/isotipo-Hijas-de-la-Caridad.png\",\"contentUrl\":\"https:\\\/\\\/filles-de-la-charite.org\\\/wp-content\\\/uploads\\\/2023\\\/03\\\/isotipo-Hijas-de-la-Caridad.png\",\"width\":1417,\"height\":1417,\"caption\":\"Hijas de la Caridad\"},\"image\":{\"@id\":\"https:\\\/\\\/filles-de-la-charite.org\\\/pl\\\/#\\\/schema\\\/logo\\\/image\\\/\"}}]}<\/script>\n<!-- \/ Yoast SEO plugin. -->","yoast_head_json":{"title":"B\u0142ogos\u0142awione Siostry Mi\u0142osierdzia, m\u0119czenniczki z czas\u00f3w Rewolucji Francuskiej - Filles de la Charit\u00e9","robots":{"index":"index","follow":"follow","max-snippet":"max-snippet:-1","max-image-preview":"max-image-preview:large","max-video-preview":"max-video-preview:-1"},"canonical":"https:\/\/filles-de-la-charite.org\/pl\/rodzina\/blogoslawione-siostry-milosierdzia-meczenniczki-z-czasow-rewolucji-francuskiej\/","og_locale":"pl_PL","og_type":"article","og_title":"B\u0142ogos\u0142awione Siostry Mi\u0142osierdzia, m\u0119czenniczki z czas\u00f3w Rewolucji Francuskiej - Filles de la Charit\u00e9","og_description":"B\u0142ogos\u0142awione Siostry Mi\u0142osierdzia, Siostry m\u0119czenniczki w czasie Rewolucji Francuskiej, \u017cy\u0142y tym, co aposto\u0142 Pawe\u0142 napisa\u0142 do Rzymian (8, 35-39): \u201eKt\u00f3\u017c nas mo\u017ce od\u0142\u0105czy\u0107 od mi\u0142o\u015bci Chrystusa?\u2026 ani \u015bmier\u0107, ani \u017cycie\u2026 ani tera\u017aniejszo\u015b\u0107, ani przysz\u0142o\u015b\u0107\u2026 ani \u017cadne inne stworzenie, nic nie mo\u017ce nas od\u0142\u0105czy\u0107 od mi\u0142o\u015bci Bo\u017cej, kt\u00f3ra jest w Chrystusie Jezusie, Panu naszym.\u201d Rewolucja Francuska, [&hellip;]","og_url":"https:\/\/filles-de-la-charite.org\/pl\/rodzina\/blogoslawione-siostry-milosierdzia-meczenniczki-z-czasow-rewolucji-francuskiej\/","og_site_name":"Filles de la Charit\u00e9","article_modified_time":"2024-02-19T10:33:21+00:00","og_image":[{"width":235,"height":345,"url":"https:\/\/filles-de-la-charite.org\/wp-content\/uploads\/2023\/04\/A-linterieur-3-1.png","type":"image\/png"}],"twitter_card":"summary_large_image","twitter_misc":{"Szacowany czas czytania":"3 minuty"},"schema":{"@context":"https:\/\/schema.org","@graph":[{"@type":"WebPage","@id":"https:\/\/filles-de-la-charite.org\/pl\/rodzina\/blogoslawione-siostry-milosierdzia-meczenniczki-z-czasow-rewolucji-francuskiej\/","url":"https:\/\/filles-de-la-charite.org\/pl\/rodzina\/blogoslawione-siostry-milosierdzia-meczenniczki-z-czasow-rewolucji-francuskiej\/","name":"B\u0142ogos\u0142awione Siostry Mi\u0142osierdzia, m\u0119czenniczki z czas\u00f3w Rewolucji Francuskiej - Filles de la Charit\u00e9","isPartOf":{"@id":"https:\/\/filles-de-la-charite.org\/pl\/#website"},"primaryImageOfPage":{"@id":"https:\/\/filles-de-la-charite.org\/pl\/rodzina\/blogoslawione-siostry-milosierdzia-meczenniczki-z-czasow-rewolucji-francuskiej\/#primaryimage"},"image":{"@id":"https:\/\/filles-de-la-charite.org\/pl\/rodzina\/blogoslawione-siostry-milosierdzia-meczenniczki-z-czasow-rewolucji-francuskiej\/#primaryimage"},"thumbnailUrl":"https:\/\/filles-de-la-charite.org\/wp-content\/uploads\/2023\/04\/A-linterieur-3-1.png","datePublished":"2020-10-21T10:16:43+00:00","dateModified":"2024-02-19T10:33:21+00:00","breadcrumb":{"@id":"https:\/\/filles-de-la-charite.org\/pl\/rodzina\/blogoslawione-siostry-milosierdzia-meczenniczki-z-czasow-rewolucji-francuskiej\/#breadcrumb"},"inLanguage":"pl-PL","potentialAction":[{"@type":"ReadAction","target":["https:\/\/filles-de-la-charite.org\/pl\/rodzina\/blogoslawione-siostry-milosierdzia-meczenniczki-z-czasow-rewolucji-francuskiej\/"]}]},{"@type":"ImageObject","inLanguage":"pl-PL","@id":"https:\/\/filles-de-la-charite.org\/pl\/rodzina\/blogoslawione-siostry-milosierdzia-meczenniczki-z-czasow-rewolucji-francuskiej\/#primaryimage","url":"https:\/\/filles-de-la-charite.org\/wp-content\/uploads\/2023\/04\/A-linterieur-3-1.png","contentUrl":"https:\/\/filles-de-la-charite.org\/wp-content\/uploads\/2023\/04\/A-linterieur-3-1.png","width":235,"height":345},{"@type":"BreadcrumbList","@id":"https:\/\/filles-de-la-charite.org\/pl\/rodzina\/blogoslawione-siostry-milosierdzia-meczenniczki-z-czasow-rewolucji-francuskiej\/#breadcrumb","itemListElement":[{"@type":"ListItem","position":1,"name":"Nasza rodzina","item":"https:\/\/filles-de-la-charite.org\/pl\/rodzina\/"},{"@type":"ListItem","position":2,"name":"B\u0142ogos\u0142awione Siostry Mi\u0142osierdzia, m\u0119czenniczki z czas\u00f3w Rewolucji Francuskiej"}]},{"@type":"WebSite","@id":"https:\/\/filles-de-la-charite.org\/pl\/#website","url":"https:\/\/filles-de-la-charite.org\/pl\/","name":"Hijas de la Caridad","description":"L\u2019amour de J\u00e9sus nous presse \u00e0 prendre soin des personnes les plus d\u00e9munies","publisher":{"@id":"https:\/\/filles-de-la-charite.org\/pl\/#organization"},"potentialAction":[{"@type":"SearchAction","target":{"@type":"EntryPoint","urlTemplate":"https:\/\/filles-de-la-charite.org\/pl\/?s={search_term_string}"},"query-input":{"@type":"PropertyValueSpecification","valueRequired":true,"valueName":"search_term_string"}}],"inLanguage":"pl-PL"},{"@type":"Organization","@id":"https:\/\/filles-de-la-charite.org\/pl\/#organization","name":"Hijas de la Caridad","url":"https:\/\/filles-de-la-charite.org\/pl\/","logo":{"@type":"ImageObject","inLanguage":"pl-PL","@id":"https:\/\/filles-de-la-charite.org\/pl\/#\/schema\/logo\/image\/","url":"https:\/\/filles-de-la-charite.org\/wp-content\/uploads\/2023\/03\/isotipo-Hijas-de-la-Caridad.png","contentUrl":"https:\/\/filles-de-la-charite.org\/wp-content\/uploads\/2023\/03\/isotipo-Hijas-de-la-Caridad.png","width":1417,"height":1417,"caption":"Hijas de la Caridad"},"image":{"@id":"https:\/\/filles-de-la-charite.org\/pl\/#\/schema\/logo\/image\/"}}]}},"_links":{"self":[{"href":"https:\/\/filles-de-la-charite.org\/pl\/wp-json\/wp\/v2\/familia\/4069","targetHints":{"allow":["GET"]}}],"collection":[{"href":"https:\/\/filles-de-la-charite.org\/pl\/wp-json\/wp\/v2\/familia"}],"about":[{"href":"https:\/\/filles-de-la-charite.org\/pl\/wp-json\/wp\/v2\/types\/familia"}],"wp:featuredmedia":[{"embeddable":true,"href":"https:\/\/filles-de-la-charite.org\/pl\/wp-json\/wp\/v2\/media\/1020"}],"wp:attachment":[{"href":"https:\/\/filles-de-la-charite.org\/pl\/wp-json\/wp\/v2\/media?parent=4069"}],"wp:term":[{"taxonomy":"origen","embeddable":true,"href":"https:\/\/filles-de-la-charite.org\/pl\/wp-json\/wp\/v2\/origen?post=4069"}],"curies":[{"name":"wp","href":"https:\/\/api.w.org\/{rel}","templated":true}]}}