{"id":4070,"date":"2020-10-21T12:19:02","date_gmt":"2020-10-21T10:19:02","guid":{"rendered":"https:\/\/hijascaridad.sjdigitaldemo.ovh\/familia\/s-maria-anna-vaillot-i-s-otylia-baumgarten-z-angers\/"},"modified":"2024-02-19T11:39:47","modified_gmt":"2024-02-19T10:39:47","slug":"s-maria-anna-vaillot-i-s-otylia-baumgarten-z-angers","status":"publish","type":"familia","link":"https:\/\/filles-de-la-charite.org\/pl\/rodzina\/s-maria-anna-vaillot-i-s-otylia-baumgarten-z-angers\/","title":{"rendered":"S. Maria Anna Vaillot i S. Otylia Baumgarten z Angers"},"content":{"rendered":"\n<ul class=\"wp-block-list\">\n<li><strong>1 lutego 1794<\/strong> \u2013 \u015amier\u0107 przez rozstrzelanie w Angers<\/li>\n\n\n\n<li><strong>19 lutego 1984<\/strong> \u2013 Beatyfikowane przez papie\u017ca Jana Paw\u0142a II (wraz z 97 m\u0119czennikami z Angers)<\/li>\n\n\n\n<li><strong>1 lutego<\/strong><strong> \u2013 <\/strong>Wspomnienie liturgiczne<\/li>\n<\/ul>\n\n\n\n<p><strong>Maria Anna Vaillot <\/strong>urodzi\u0142a si\u0119 13 maja 1734 r. w Fontainebleau (Francja) i tego samego dnia zosta\u0142a ochrzczona. Po miesi\u0105cu zmar\u0142 jej ojciec. Matka zapewni\u0142a jej chrze\u015bcija\u0144skie wychowanie. Pozostawa\u0142a w \u015bcis\u0142ym kontakcie z Siostrami Mi\u0142osierdzia, kt\u00f3re od 1646 r. opiekowa\u0142y si\u0119 ubogimi chorymi. Ju\u017c wtedy m\u00f3wiono, \u017ce Maria Anna przy\u0142\u0105czy si\u0119 do nich. Sta\u0142o si\u0119 to jednak dopiero w jej dwudziestym si\u00f3dmym roku \u017cycia. Od 25 wrze\u015bnia 1761 r. rozpocz\u0119\u0142a w Pary\u017cu proces formacji. Po roku skierowano j\u0105 do pracy w Szpitalu \u015awi\u0119tego Ludwika w Fontenay. W 1777 r. wraz z siostr\u0105 Otyli\u0105 Baumgarten przyby\u0142a do Szpitala \u015awi\u0119tego Jana w Angers, gdzie w imi\u0119 wierno\u015bci Ko\u015bcio\u0142owi mia\u0142a odda\u0107 \u017cycie.<\/p>\n\n\n\n<p><strong>Otylia Baumgarten <\/strong>urodzi\u0142a si\u0119 15 listopada 1750 r. w Gondrexange (Francja) w rodzinie m\u0142ynarza. Ojciec ju\u017c w dzieci\u0144stwie opowiada\u0142 jej o \u015bw. Wincentym i o za\u0142o\u017conym przez niego Zgromadzeniu Misji. Z Siostrami Mi\u0142osierdzia spotka\u0142a si\u0119 po raz pierwszy w Vic-sur-Seille. Zachwycona ich \u017cyciem i prac\u0105 w\u015br\u00f3d ubogich zapragn\u0119\u0142a przy\u0142\u0105czy\u0107 si\u0119 do nich. Zosta\u0142a przyj\u0119ta i 4 sierpnia 1774 r. w Pary\u017cu rozpocz\u0119\u0142a przygotowanie do \u017cycia w Zgromadzeniu. Po kr\u00f3tkim pobycie w Brest, w 1777 roku pos\u0142ano j\u0105 do Szpitala \u015aw. Jana w Angers. Przed ponad wiekiem, gdy w 1649 r. Siostry podejmowa\u0142y prac\u0119 w tym szpitalu, \u015bw. Wincenty m\u00f3wi\u0142 im: <em>Przybywacie do Angers dla uczczenia naszego Pana i Jego Naj\u015bwi\u0119tszej Matki. Starajcie si\u0119 troskliwie opiekowa\u0107 chorymi. Zach\u0119cajcie ich do odprawienia dobrej spowiedzi, aby po powrocie do zdrowia \u017cyli prawdziwie po chrze\u015bcija\u0144sku albo, je\u017celi taka b\u0119dzie wola Boga, aby umierali <\/em>w <em>\u0142<\/em><em>asce Bo\u017cej. Wszystko, co b\u0119dziecie czyni\u0107, czy\u0144cie <\/em>z <em>mi\u0142o\u015bci do naszego Pana. <\/em>Tradycja tego wezwania pozosta\u0142a w \u015bwiadomo\u015bci wszystkich si\u00f3str, tak\u017ce tych, kt\u00f3re nie zna\u0142y ju\u017c Za\u0142o\u017cyciela. To zapewnia\u0142o im wdzi\u0119czno\u015b\u0107 ubogich chorych, a tak\u017ce mieszka\u0144c\u00f3w miasta i jego w\u0142adz. Wszyscy podziwiali ich po\u015bwi\u0119cenie. Wiedzieli, \u017ce we wszystkim kieruj\u0105 si\u0119 mi\u0142o\u015bci\u0105 Jezusa ukrzy\u017cowanego. W takim klimacie podejmowa\u0142a prac\u0119 w szpitalu siostra Otylia.<\/p>\n\n\n\n<p>W 1789 r., gdy wybuch\u0142a rewolucja francuska, r\u00f3wnie\u017c do Angers dociera\u0142y pi\u0119kne has\u0142a g\u0142osz\u0105ce wolno\u015b\u0107, r\u00f3wno\u015b\u0107 i braterstwo. Wszyscy z rado\u015bci\u0105 przyjmowali Deklaracj\u0119 Praw Cz\u0142owieka i Obywatela. Wkr\u00f3tce jednak pojawi\u0142y si\u0119 nowe has\u0142a. Na miejscu prawdziwego Boga stawiano b\u00f3stwo racjonalizmu. Rozpocz\u0119\u0142y si\u0119 prze\u015bladowania religijne. Ci, kt\u00f3rzy dochowywali wierno\u015bci Ko\u015bcio\u0142owi i papie\u017cowi nara\u017cali si\u0119 na konfiskat\u0119 d\u00f3br, na wygnanie, a nawet na \u015bmier\u0107. Wtedy zbuntowa\u0142a si\u0119 Vandea. Jej mieszka\u0144cy wierni katolickiej wierze podj\u0119li walk\u0119 w obronie swoich przekona\u0144 pod sztandarem, na kt\u00f3rym umie\u015bcili obraz Serca Jezusowego. W\u0142adze rewolucyjne nie zawaha\u0142y si\u0119 przed ludob\u00f3jstwem. Vandea zosta\u0142a zr\u00f3wnana z ziemi\u0105, a jej mieszka\u0144cy wymordowani.<\/p>\n\n\n\n<p>W Wielki Pi\u0105tek 1792 r. Konwent Narodowy wyda\u0142 dekret o likwidacji zgromadze\u0144 zakonnych zajmuj\u0105cych si\u0119 nauczaniem i opiek\u0105 nad chorymi. \u201cDemokratyczne pa\u0144stwo\u201d nie uczyni\u0142o jednak nic, aby zatroszczy\u0107 si\u0119 o chorych i ubogich. Prze\u0142o\u017cona Generalna Zgromadzenia pisa\u0142a wtedy do Si\u00f3str pracuj\u0105cych w Angers: <em>Prosz\u0119 was, moje drogie c\u00f3rki, aby\u015bcie nie przestawa\u0142y s\u0142u\u017cy\u0107 ubogim chorym, je\u017celi nie zostaniecie do tego zmuszone. Nie tra\u0107cie odwagi. Umacniajcie swoj\u0105 wiar\u0119 i nadziej\u0119. Trwajcie na modlitwie. To jest wszystko, co obecnie mo\u017cemy robi\u0107.<\/em><\/p>\n\n\n\n<p>Pos\u0142uszne temu wezwaniu Siostry kontynuowa\u0142y swoje pos\u0142ugiwanie. W dniu 3 wrze\u015bnia do szpitala przybyli urz\u0119dnicy i domagali si\u0119, aby podporz\u0105dkowa\u0142y si\u0119 wymaganiom w\u0142adz rewolucyjnych i z\u0142o\u017cy\u0142y przysi\u0119g\u0119 wierno\u015bci konstytucji cywilnej. R\u00f3wnie\u017c administratorzy szpitala przekonywali do poddania si\u0119 przedstawionym \u017c\u0105daniom. Siostry jednak wiedzia\u0142y, \u017ce oznacza\u0142oby to sprzeniewierzenie si\u0119 Ko\u015bcio\u0142owi i papie\u017cowi, a wi\u0119c zerwanie wi\u0119zi z Chrystusem. Zdecydowanie odm\u00f3wi\u0142y.<\/p>\n\n\n\n<p>Przez pewien czas w\u0142adze nie reagowa\u0142y. Jednak 19 stycznia 1794 r. aresztowano i umieszczono w wi\u0119zieniu prze\u0142o\u017con\u0105 S. Antonin\u0119 oraz siostry Mari\u0119 Ann\u0119 Vaillot i Otyli\u0119 Baumgarten. Prze\u0142o\u017con\u0105 po paru dniach przeniesiono do innego wi\u0119zienia, natomiast pozosta\u0142e dwie 1 lutego wyprowadzono na plac i do\u0142\u0105czono do 200 innych wi\u0119\u017ani\u00f3w. Wszystkich w kajdanach prowadzono na miejsce wykonania wyroku \u015bmierci.<\/p>\n\n\n\n<p>W drodze Siostry wzajemnie zach\u0119ca\u0142y si\u0119 do wytrwania w wierze i podnosi\u0142y na duchu innych. Intonowa\u0142y modlitwy i \u015bpiewy. Ju\u017c na miejscu ka\u017ani powtarza\u0142y wezwania: <em>\u015awi\u0119ta Maryjo, Kr\u00f3lowo m\u0119czennik\u00f3w, m\u00f3dl si\u0119 za nami. <\/em>Zebrani na placu wznosili okrzyki: Co <em>za wstyd, Siostry ze szpitala skazano na \u015bmier\u0107. <\/em>Komendant stra\u017cy jeszcze raz podj\u0105\u0142 pr\u00f3b\u0119 uwolnienia Si\u00f3str i namawia\u0142 je do z\u0142o\u017cenia przysi\u0119gi, ale one kategorycznie odm\u00f3wi\u0142y. Nad przygotowan\u0105 wsp\u00f3ln\u0105 mogi\u0142\u0105 pad\u0142y pierwsze strza\u0142y. Siostry obj\u0119\u0142y si\u0119 i tak podzieli\u0142y los innych skazanych. Podzieli\u0142y los swoich wsp\u00f3\u0142si\u00f3str z Arras i karmelitanek z Compiegne zamordowanych w tym samym roku.<\/p>\n","protected":false},"featured_media":1027,"template":"","meta":{"_acf_changed":false,"_et_pb_use_builder":"","_et_pb_old_content":"","_et_gb_content_width":"","_links_to":"","_links_to_target":""},"origen":[],"class_list":["post-4070","familia","type-familia","status-publish","has-post-thumbnail","hentry"],"acf":[],"yoast_head":"<!-- This site is optimized with the Yoast SEO plugin v27.5 - https:\/\/yoast.com\/product\/yoast-seo-wordpress\/ -->\n<title>S. Maria Anna Vaillot i S. Otylia Baumgarten z Angers - Filles de la Charit\u00e9<\/title>\n<meta name=\"robots\" content=\"index, follow, max-snippet:-1, max-image-preview:large, max-video-preview:-1\" \/>\n<link rel=\"canonical\" href=\"https:\/\/filles-de-la-charite.org\/pl\/rodzina\/s-maria-anna-vaillot-i-s-otylia-baumgarten-z-angers\/\" \/>\n<meta property=\"og:locale\" content=\"pl_PL\" \/>\n<meta property=\"og:type\" content=\"article\" \/>\n<meta property=\"og:title\" content=\"S. Maria Anna Vaillot i S. Otylia Baumgarten z Angers - Filles de la Charit\u00e9\" \/>\n<meta property=\"og:description\" content=\"Maria Anna Vaillot urodzi\u0142a si\u0119 13 maja 1734 r. w Fontainebleau (Francja) i tego samego dnia zosta\u0142a ochrzczona. Po miesi\u0105cu zmar\u0142 jej ojciec. Matka zapewni\u0142a jej chrze\u015bcija\u0144skie wychowanie. Pozostawa\u0142a w \u015bcis\u0142ym kontakcie z Siostrami Mi\u0142osierdzia, kt\u00f3re od 1646 r. opiekowa\u0142y si\u0119 ubogimi chorymi. Ju\u017c wtedy m\u00f3wiono, \u017ce Maria Anna przy\u0142\u0105czy si\u0119 do nich. Sta\u0142o si\u0119 [&hellip;]\" \/>\n<meta property=\"og:url\" content=\"https:\/\/filles-de-la-charite.org\/pl\/rodzina\/s-maria-anna-vaillot-i-s-otylia-baumgarten-z-angers\/\" \/>\n<meta property=\"og:site_name\" content=\"Filles de la Charit\u00e9\" \/>\n<meta property=\"article:modified_time\" content=\"2024-02-19T10:39:47+00:00\" \/>\n<meta property=\"og:image\" content=\"https:\/\/filles-de-la-charite.org\/wp-content\/uploads\/2023\/04\/Angers-005_jpg-1.jpg\" \/>\n\t<meta property=\"og:image:width\" content=\"640\" \/>\n\t<meta property=\"og:image:height\" content=\"471\" \/>\n\t<meta property=\"og:image:type\" content=\"image\/jpeg\" \/>\n<meta name=\"twitter:card\" content=\"summary_large_image\" \/>\n<meta name=\"twitter:label1\" content=\"Szacowany czas czytania\" \/>\n\t<meta name=\"twitter:data1\" content=\"4 minuty\" \/>\n<script type=\"application\/ld+json\" class=\"yoast-schema-graph\">{\"@context\":\"https:\\\/\\\/schema.org\",\"@graph\":[{\"@type\":\"WebPage\",\"@id\":\"https:\\\/\\\/filles-de-la-charite.org\\\/pl\\\/rodzina\\\/s-maria-anna-vaillot-i-s-otylia-baumgarten-z-angers\\\/\",\"url\":\"https:\\\/\\\/filles-de-la-charite.org\\\/pl\\\/rodzina\\\/s-maria-anna-vaillot-i-s-otylia-baumgarten-z-angers\\\/\",\"name\":\"S. Maria Anna Vaillot i S. Otylia Baumgarten z Angers - Filles de la Charit\u00e9\",\"isPartOf\":{\"@id\":\"https:\\\/\\\/filles-de-la-charite.org\\\/pl\\\/#website\"},\"primaryImageOfPage\":{\"@id\":\"https:\\\/\\\/filles-de-la-charite.org\\\/pl\\\/rodzina\\\/s-maria-anna-vaillot-i-s-otylia-baumgarten-z-angers\\\/#primaryimage\"},\"image\":{\"@id\":\"https:\\\/\\\/filles-de-la-charite.org\\\/pl\\\/rodzina\\\/s-maria-anna-vaillot-i-s-otylia-baumgarten-z-angers\\\/#primaryimage\"},\"thumbnailUrl\":\"https:\\\/\\\/filles-de-la-charite.org\\\/wp-content\\\/uploads\\\/2023\\\/04\\\/Angers-005_jpg-1.jpg\",\"datePublished\":\"2020-10-21T10:19:02+00:00\",\"dateModified\":\"2024-02-19T10:39:47+00:00\",\"breadcrumb\":{\"@id\":\"https:\\\/\\\/filles-de-la-charite.org\\\/pl\\\/rodzina\\\/s-maria-anna-vaillot-i-s-otylia-baumgarten-z-angers\\\/#breadcrumb\"},\"inLanguage\":\"pl-PL\",\"potentialAction\":[{\"@type\":\"ReadAction\",\"target\":[\"https:\\\/\\\/filles-de-la-charite.org\\\/pl\\\/rodzina\\\/s-maria-anna-vaillot-i-s-otylia-baumgarten-z-angers\\\/\"]}]},{\"@type\":\"ImageObject\",\"inLanguage\":\"pl-PL\",\"@id\":\"https:\\\/\\\/filles-de-la-charite.org\\\/pl\\\/rodzina\\\/s-maria-anna-vaillot-i-s-otylia-baumgarten-z-angers\\\/#primaryimage\",\"url\":\"https:\\\/\\\/filles-de-la-charite.org\\\/wp-content\\\/uploads\\\/2023\\\/04\\\/Angers-005_jpg-1.jpg\",\"contentUrl\":\"https:\\\/\\\/filles-de-la-charite.org\\\/wp-content\\\/uploads\\\/2023\\\/04\\\/Angers-005_jpg-1.jpg\",\"width\":640,\"height\":471},{\"@type\":\"BreadcrumbList\",\"@id\":\"https:\\\/\\\/filles-de-la-charite.org\\\/pl\\\/rodzina\\\/s-maria-anna-vaillot-i-s-otylia-baumgarten-z-angers\\\/#breadcrumb\",\"itemListElement\":[{\"@type\":\"ListItem\",\"position\":1,\"name\":\"Nasza rodzina\",\"item\":\"https:\\\/\\\/filles-de-la-charite.org\\\/pl\\\/rodzina\\\/\"},{\"@type\":\"ListItem\",\"position\":2,\"name\":\"B\u0142ogos\u0142awione Siostry Mi\u0142osierdzia, m\u0119czenniczki z czas\u00f3w Rewolucji Francuskiej\",\"item\":\"https:\\\/\\\/filles-de-la-charite.org\\\/pl\\\/rodzina\\\/las-bienaventuradas-hijas-de-la-caridad-martires-durante-la-revolucion-francesa\\\/\"},{\"@type\":\"ListItem\",\"position\":3,\"name\":\"S. Maria Anna Vaillot i S. Otylia Baumgarten z Angers\"}]},{\"@type\":\"WebSite\",\"@id\":\"https:\\\/\\\/filles-de-la-charite.org\\\/pl\\\/#website\",\"url\":\"https:\\\/\\\/filles-de-la-charite.org\\\/pl\\\/\",\"name\":\"Hijas de la Caridad\",\"description\":\"L\u2019amour de J\u00e9sus nous presse \u00e0 prendre soin des personnes les plus d\u00e9munies\",\"publisher\":{\"@id\":\"https:\\\/\\\/filles-de-la-charite.org\\\/pl\\\/#organization\"},\"potentialAction\":[{\"@type\":\"SearchAction\",\"target\":{\"@type\":\"EntryPoint\",\"urlTemplate\":\"https:\\\/\\\/filles-de-la-charite.org\\\/pl\\\/?s={search_term_string}\"},\"query-input\":{\"@type\":\"PropertyValueSpecification\",\"valueRequired\":true,\"valueName\":\"search_term_string\"}}],\"inLanguage\":\"pl-PL\"},{\"@type\":\"Organization\",\"@id\":\"https:\\\/\\\/filles-de-la-charite.org\\\/pl\\\/#organization\",\"name\":\"Hijas de la Caridad\",\"url\":\"https:\\\/\\\/filles-de-la-charite.org\\\/pl\\\/\",\"logo\":{\"@type\":\"ImageObject\",\"inLanguage\":\"pl-PL\",\"@id\":\"https:\\\/\\\/filles-de-la-charite.org\\\/pl\\\/#\\\/schema\\\/logo\\\/image\\\/\",\"url\":\"https:\\\/\\\/filles-de-la-charite.org\\\/wp-content\\\/uploads\\\/2023\\\/03\\\/isotipo-Hijas-de-la-Caridad.png\",\"contentUrl\":\"https:\\\/\\\/filles-de-la-charite.org\\\/wp-content\\\/uploads\\\/2023\\\/03\\\/isotipo-Hijas-de-la-Caridad.png\",\"width\":1417,\"height\":1417,\"caption\":\"Hijas de la Caridad\"},\"image\":{\"@id\":\"https:\\\/\\\/filles-de-la-charite.org\\\/pl\\\/#\\\/schema\\\/logo\\\/image\\\/\"}}]}<\/script>\n<!-- \/ Yoast SEO plugin. -->","yoast_head_json":{"title":"S. Maria Anna Vaillot i S. Otylia Baumgarten z Angers - Filles de la Charit\u00e9","robots":{"index":"index","follow":"follow","max-snippet":"max-snippet:-1","max-image-preview":"max-image-preview:large","max-video-preview":"max-video-preview:-1"},"canonical":"https:\/\/filles-de-la-charite.org\/pl\/rodzina\/s-maria-anna-vaillot-i-s-otylia-baumgarten-z-angers\/","og_locale":"pl_PL","og_type":"article","og_title":"S. Maria Anna Vaillot i S. Otylia Baumgarten z Angers - Filles de la Charit\u00e9","og_description":"Maria Anna Vaillot urodzi\u0142a si\u0119 13 maja 1734 r. w Fontainebleau (Francja) i tego samego dnia zosta\u0142a ochrzczona. Po miesi\u0105cu zmar\u0142 jej ojciec. Matka zapewni\u0142a jej chrze\u015bcija\u0144skie wychowanie. Pozostawa\u0142a w \u015bcis\u0142ym kontakcie z Siostrami Mi\u0142osierdzia, kt\u00f3re od 1646 r. opiekowa\u0142y si\u0119 ubogimi chorymi. Ju\u017c wtedy m\u00f3wiono, \u017ce Maria Anna przy\u0142\u0105czy si\u0119 do nich. Sta\u0142o si\u0119 [&hellip;]","og_url":"https:\/\/filles-de-la-charite.org\/pl\/rodzina\/s-maria-anna-vaillot-i-s-otylia-baumgarten-z-angers\/","og_site_name":"Filles de la Charit\u00e9","article_modified_time":"2024-02-19T10:39:47+00:00","og_image":[{"width":640,"height":471,"url":"https:\/\/filles-de-la-charite.org\/wp-content\/uploads\/2023\/04\/Angers-005_jpg-1.jpg","type":"image\/jpeg"}],"twitter_card":"summary_large_image","twitter_misc":{"Szacowany czas czytania":"4 minuty"},"schema":{"@context":"https:\/\/schema.org","@graph":[{"@type":"WebPage","@id":"https:\/\/filles-de-la-charite.org\/pl\/rodzina\/s-maria-anna-vaillot-i-s-otylia-baumgarten-z-angers\/","url":"https:\/\/filles-de-la-charite.org\/pl\/rodzina\/s-maria-anna-vaillot-i-s-otylia-baumgarten-z-angers\/","name":"S. Maria Anna Vaillot i S. Otylia Baumgarten z Angers - Filles de la Charit\u00e9","isPartOf":{"@id":"https:\/\/filles-de-la-charite.org\/pl\/#website"},"primaryImageOfPage":{"@id":"https:\/\/filles-de-la-charite.org\/pl\/rodzina\/s-maria-anna-vaillot-i-s-otylia-baumgarten-z-angers\/#primaryimage"},"image":{"@id":"https:\/\/filles-de-la-charite.org\/pl\/rodzina\/s-maria-anna-vaillot-i-s-otylia-baumgarten-z-angers\/#primaryimage"},"thumbnailUrl":"https:\/\/filles-de-la-charite.org\/wp-content\/uploads\/2023\/04\/Angers-005_jpg-1.jpg","datePublished":"2020-10-21T10:19:02+00:00","dateModified":"2024-02-19T10:39:47+00:00","breadcrumb":{"@id":"https:\/\/filles-de-la-charite.org\/pl\/rodzina\/s-maria-anna-vaillot-i-s-otylia-baumgarten-z-angers\/#breadcrumb"},"inLanguage":"pl-PL","potentialAction":[{"@type":"ReadAction","target":["https:\/\/filles-de-la-charite.org\/pl\/rodzina\/s-maria-anna-vaillot-i-s-otylia-baumgarten-z-angers\/"]}]},{"@type":"ImageObject","inLanguage":"pl-PL","@id":"https:\/\/filles-de-la-charite.org\/pl\/rodzina\/s-maria-anna-vaillot-i-s-otylia-baumgarten-z-angers\/#primaryimage","url":"https:\/\/filles-de-la-charite.org\/wp-content\/uploads\/2023\/04\/Angers-005_jpg-1.jpg","contentUrl":"https:\/\/filles-de-la-charite.org\/wp-content\/uploads\/2023\/04\/Angers-005_jpg-1.jpg","width":640,"height":471},{"@type":"BreadcrumbList","@id":"https:\/\/filles-de-la-charite.org\/pl\/rodzina\/s-maria-anna-vaillot-i-s-otylia-baumgarten-z-angers\/#breadcrumb","itemListElement":[{"@type":"ListItem","position":1,"name":"Nasza rodzina","item":"https:\/\/filles-de-la-charite.org\/pl\/rodzina\/"},{"@type":"ListItem","position":2,"name":"B\u0142ogos\u0142awione Siostry Mi\u0142osierdzia, m\u0119czenniczki z czas\u00f3w Rewolucji Francuskiej","item":"https:\/\/filles-de-la-charite.org\/pl\/rodzina\/las-bienaventuradas-hijas-de-la-caridad-martires-durante-la-revolucion-francesa\/"},{"@type":"ListItem","position":3,"name":"S. Maria Anna Vaillot i S. Otylia Baumgarten z Angers"}]},{"@type":"WebSite","@id":"https:\/\/filles-de-la-charite.org\/pl\/#website","url":"https:\/\/filles-de-la-charite.org\/pl\/","name":"Hijas de la Caridad","description":"L\u2019amour de J\u00e9sus nous presse \u00e0 prendre soin des personnes les plus d\u00e9munies","publisher":{"@id":"https:\/\/filles-de-la-charite.org\/pl\/#organization"},"potentialAction":[{"@type":"SearchAction","target":{"@type":"EntryPoint","urlTemplate":"https:\/\/filles-de-la-charite.org\/pl\/?s={search_term_string}"},"query-input":{"@type":"PropertyValueSpecification","valueRequired":true,"valueName":"search_term_string"}}],"inLanguage":"pl-PL"},{"@type":"Organization","@id":"https:\/\/filles-de-la-charite.org\/pl\/#organization","name":"Hijas de la Caridad","url":"https:\/\/filles-de-la-charite.org\/pl\/","logo":{"@type":"ImageObject","inLanguage":"pl-PL","@id":"https:\/\/filles-de-la-charite.org\/pl\/#\/schema\/logo\/image\/","url":"https:\/\/filles-de-la-charite.org\/wp-content\/uploads\/2023\/03\/isotipo-Hijas-de-la-Caridad.png","contentUrl":"https:\/\/filles-de-la-charite.org\/wp-content\/uploads\/2023\/03\/isotipo-Hijas-de-la-Caridad.png","width":1417,"height":1417,"caption":"Hijas de la Caridad"},"image":{"@id":"https:\/\/filles-de-la-charite.org\/pl\/#\/schema\/logo\/image\/"}}]}},"_links":{"self":[{"href":"https:\/\/filles-de-la-charite.org\/pl\/wp-json\/wp\/v2\/familia\/4070","targetHints":{"allow":["GET"]}}],"collection":[{"href":"https:\/\/filles-de-la-charite.org\/pl\/wp-json\/wp\/v2\/familia"}],"about":[{"href":"https:\/\/filles-de-la-charite.org\/pl\/wp-json\/wp\/v2\/types\/familia"}],"wp:featuredmedia":[{"embeddable":true,"href":"https:\/\/filles-de-la-charite.org\/pl\/wp-json\/wp\/v2\/media\/1027"}],"wp:attachment":[{"href":"https:\/\/filles-de-la-charite.org\/pl\/wp-json\/wp\/v2\/media?parent=4070"}],"wp:term":[{"taxonomy":"origen","embeddable":true,"href":"https:\/\/filles-de-la-charite.org\/pl\/wp-json\/wp\/v2\/origen?post=4070"}],"curies":[{"name":"wp","href":"https:\/\/api.w.org\/{rel}","templated":true}]}}