{"id":4072,"date":"2020-10-21T14:20:48","date_gmt":"2020-10-21T12:20:48","guid":{"rendered":"https:\/\/hijascaridad.sjdigitaldemo.ovh\/familia\/s-maria-magdalena-fontaine-s-maria-franciszka-lanel-s-teresa-fantou-s-joanna-gerard-z-arras\/"},"modified":"2024-02-19T11:35:39","modified_gmt":"2024-02-19T10:35:39","slug":"s-maria-magdalena-fontaine-s-maria-franciszka-lanel-s-teresa-fantou-s-joanna-gerard-z-arras","status":"publish","type":"familia","link":"https:\/\/filles-de-la-charite.org\/pl\/rodzina\/s-maria-magdalena-fontaine-s-maria-franciszka-lanel-s-teresa-fantou-s-joanna-gerard-z-arras\/","title":{"rendered":"S. Maria Magdalena Fontaine, S. Maria Franciszka Lanel, S. Teresa Fantou, S. Joanna G\u00e9rard z Arras"},"content":{"rendered":"\n<ul class=\"wp-block-list\">\n<li><strong>26 czerwca 1794 \u2013 <\/strong>\u015amier\u0107 na gilotynie w Cambrai<\/li>\n\n\n\n<li><strong>13 czerwca 1920 \u2013 <\/strong>Beatyfikacja<\/li>\n\n\n\n<li><strong>26 czerwca \u2013 <\/strong>Wspomnienie liturgiczne<\/li>\n<\/ul>\n\n\n\n<p><strong>Maria Magdalena Fontaine <\/strong>urodzi\u0142a si\u0119 22 kwietnia 1723 r. w Entrepagny (Francja). Do Zgromadzenia zosta\u0142a przyj\u0119ta 9 lipca 1748 r.&nbsp;<strong>Maria Teresa Lanel <\/strong>urodzi\u0142a si\u0119 24 sierpnia w miasteczku Eu (Francja). Do Si\u00f3str Mi\u0142osierdzia wst\u0105pi\u0142a 10 kwietnia 1764 r.&nbsp;<strong>Teresa Fantou <\/strong>urodzi\u0142a si\u0119 29 lipca 1747 r. w Miniac-Morvan (Francja). Seminarium (nowicjat) w Zgromadzeniu Si\u00f3str Mi\u0142osierdzia rozpocz\u0119\u0142a 28 listopada 1771 r. w Pary\u017cu.&nbsp;<strong>Joanna Gerard <\/strong>urodzona 23 pa\u017adziernika 1752 r. w Cumieres (Francja), wst\u0105pi\u0142a do Si\u00f3str 11 wrze\u015bnia 1776 r.<\/p>\n\n\n\n<p>Jeszcze za \u017cycia \u015bw. Wincentego a Paulo i \u015bw. Ludwiki de Marillac, we wrze\u015bniu 1656 r. Siostry Mi\u0142osierdzia podj\u0119\u0142y prac\u0119 w Arras (Francja). Obs\u0142ugiwa\u0142y chorych w miejscowym szpitalu, prowadzi\u0142y bezp\u0142atn\u0105 szko\u0142\u0119 dla ubogich dziewcz\u0105t, rozdziela\u0142y \u017cywno\u015b\u0107 i odzienie oraz odwiedza\u0142y chorych w ich domach rodzinnych. Mieszka\u0144cy miasta okazywali im wdzi\u0119czno\u015b\u0107 i szacunek. Na pocz\u0105tku rewolucji pozostawiono je w spokoju, pozwolono im pozosta\u0107 w domu i spe\u0142nia\u0107 pos\u0142annictwo. Mieszka\u0142y tam w\u00f3wczas Siostry: Maria Magdalena Fontanie jako prze\u0142o\u017cona, oraz Maria Teresa Lanel, Teresa Fantou, Joanna Gerard, Joanna Fabre i Ludwika Micheaux.<\/p>\n\n\n\n<p>W miar\u0119 jak nasila\u0142 si\u0119 terror rewolucyjny, zagro\u017cenie wzrasta\u0142o. Wtedy siostry Joanna Fabre i Ludwika Micheaux skorzysta\u0142y z pomocy pewnego kupca i uda\u0142y si\u0119 do Polski. Po rewolucji wr\u00f3ci\u0142y do Arras i do ko\u0144ca \u017cycia rozpami\u0119tywa\u0142y m\u0119cze\u0144stwo swoich wsp\u00f3\u0142si\u00f3str.<\/p>\n\n\n\n<p>Niebezpiecze\u0144stwo, jakie zagra\u017ca\u0142o Siostrom by\u0142o tym wi\u0119ksze, \u017ce Arras by\u0142o miastem rodzinnym Robespierre\u2019a i \u017ce mieszka\u0142o tam wielu jego najbardziej zaufanych bojownik\u00f3w. W dniu 15 wrze\u015bnia 1793 r. przybyli do domu Si\u00f3str urz\u0119dnicy rewolucyjni. Przeprowadzili gruntown\u0105 rewizj\u0119 we wszystkich pomieszczeniach. Poniewa\u017c Siostry odm\u00f3wi\u0142y z\u0142o\u017cenia przysi\u0119gi, zakazano im spe\u0142niania wszelkich pos\u0142ug i jako podejrzane zamkni\u0119to w areszcie domowym. Po pewnym czasie przeniesiono je do prawdziwego wi\u0119zienia, a ich dom mia\u0142 s\u0142u\u017cy\u0107 miastu jako \u201eDom Ludzko\u015bci\u201d.<\/p>\n\n\n\n<p>Oskar\u017cone fa\u0142szywie o przechowywanie ulotek antyrewolucyjnych zosta\u0142y skazane na \u015bmier\u0107. W obawie przed wyst\u0105pieniami ludu, kt\u00f3ry stawa\u0142 w ich obronie, pod os\u0142on\u0105 nocy i z zachowaniem wszelkich \u015brodk\u00f3w ostro\u017cno\u015bci przeniesiono Siostry do wi\u0119zienia w Cambrai. W oczekiwaniu na wykonanie wyroku podtrzymywa\u0142y na duchu innych uwi\u0119zionych. Siostra Maria Magdalena Fontanie m\u00f3wi\u0142a wtedy: <em>Nie obawiajcie si\u0119. Nie umrzecie. My b\u0119dziemy ostatnimi ofiarami.<\/em><\/p>\n\n\n\n<p>Ta zapowied\u017a spe\u0142ni\u0142a si\u0119, bo po miesi\u0105cu upad\u0142 rz\u0105d Robespierre\u2019a, a on sam po nieudanej pr\u00f3bie samob\u00f3jstwa zosta\u0142 stracony na gilotynie.<\/p>\n\n\n\n<p>Tymczasem 26 czerwca 1794 r. cztery Siostry wyprowadzono na miejsce strace\u0144. Jeszcze w ostatniej chwili urz\u0119dnik trybuna\u0142u rewolucyjnego proponowa\u0142 im z\u0142o\u017cenie przysi\u0119gi dla ratowania \u017cycia. Wszystkie jednak potwierdzi\u0142y, \u017ce sumienie nie pozwala im na to i wol\u0105 ponie\u015b\u0107 \u015bmier\u0107. Gdy kr\u0119powano im r\u0119ce na plecach, okaza\u0142o si\u0119, \u017ce ka\u017cda w zaci\u015bni\u0119tych d\u0142oniach trzyma r\u00f3\u017caniec. Brutalnie odebrano im ten skarb i okr\u0119cono ka\u017cdej wok\u00f3\u0142 g\u0142owy.<\/p>\n\n\n\n<p>Mo\u017cna wi\u0119c powiedzie\u0107, \u017ce sz\u0142y na \u015bmier\u0107 z koronami na g\u0142owach na wz\u00f3r dziewic z pierwszych wiek\u00f3w chrze\u015bcija\u0144stwa, kt\u00f3re na miejsce strace\u0144 prowadzono z wie\u0144cami kwiat\u00f3w.<\/p>\n","protected":false},"featured_media":34404,"template":"","meta":{"_acf_changed":false,"_links_to":"","_links_to_target":""},"origen":[],"class_list":["post-4072","familia","type-familia","status-publish","has-post-thumbnail","hentry"],"acf":[],"yoast_head":"<!-- This site is optimized with the Yoast SEO plugin v27.5 - https:\/\/yoast.com\/product\/yoast-seo-wordpress\/ -->\n<title>S. Maria Magdalena Fontaine, S. Maria Franciszka Lanel, S. Teresa Fantou, S. Joanna G\u00e9rard z Arras - Filles de la Charit\u00e9<\/title>\n<meta name=\"robots\" content=\"index, follow, max-snippet:-1, max-image-preview:large, max-video-preview:-1\" \/>\n<link rel=\"canonical\" href=\"https:\/\/filles-de-la-charite.org\/pl\/rodzina\/s-maria-magdalena-fontaine-s-maria-franciszka-lanel-s-teresa-fantou-s-joanna-gerard-z-arras\/\" \/>\n<meta property=\"og:locale\" content=\"pl_PL\" \/>\n<meta property=\"og:type\" content=\"article\" \/>\n<meta property=\"og:title\" content=\"S. Maria Magdalena Fontaine, S. Maria Franciszka Lanel, S. Teresa Fantou, S. Joanna G\u00e9rard z Arras - Filles de la Charit\u00e9\" \/>\n<meta property=\"og:description\" content=\"Maria Magdalena Fontaine urodzi\u0142a si\u0119 22 kwietnia 1723 r. w Entrepagny (Francja). Do Zgromadzenia zosta\u0142a przyj\u0119ta 9 lipca 1748 r.&nbsp;Maria Teresa Lanel urodzi\u0142a si\u0119 24 sierpnia w miasteczku Eu (Francja). Do Si\u00f3str Mi\u0142osierdzia wst\u0105pi\u0142a 10 kwietnia 1764 r.&nbsp;Teresa Fantou urodzi\u0142a si\u0119 29 lipca 1747 r. w Miniac-Morvan (Francja). Seminarium (nowicjat) w Zgromadzeniu Si\u00f3str Mi\u0142osierdzia rozpocz\u0119\u0142a [&hellip;]\" \/>\n<meta property=\"og:url\" content=\"https:\/\/filles-de-la-charite.org\/pl\/rodzina\/s-maria-magdalena-fontaine-s-maria-franciszka-lanel-s-teresa-fantou-s-joanna-gerard-z-arras\/\" \/>\n<meta property=\"og:site_name\" content=\"Filles de la Charit\u00e9\" \/>\n<meta property=\"article:modified_time\" content=\"2024-02-19T10:35:39+00:00\" \/>\n<meta property=\"og:image\" content=\"https:\/\/filles-de-la-charite.org\/wp-content\/uploads\/2024\/03\/martires-arras--1024x621.png\" \/>\n\t<meta property=\"og:image:width\" content=\"1024\" \/>\n\t<meta property=\"og:image:height\" content=\"621\" \/>\n\t<meta property=\"og:image:type\" content=\"image\/png\" \/>\n<meta name=\"twitter:card\" content=\"summary_large_image\" \/>\n<meta name=\"twitter:label1\" content=\"Szacowany czas czytania\" \/>\n\t<meta name=\"twitter:data1\" content=\"3 minuty\" \/>\n<script type=\"application\/ld+json\" class=\"yoast-schema-graph\">{\"@context\":\"https:\\\/\\\/schema.org\",\"@graph\":[{\"@type\":\"WebPage\",\"@id\":\"https:\\\/\\\/filles-de-la-charite.org\\\/pl\\\/rodzina\\\/s-maria-magdalena-fontaine-s-maria-franciszka-lanel-s-teresa-fantou-s-joanna-gerard-z-arras\\\/\",\"url\":\"https:\\\/\\\/filles-de-la-charite.org\\\/pl\\\/rodzina\\\/s-maria-magdalena-fontaine-s-maria-franciszka-lanel-s-teresa-fantou-s-joanna-gerard-z-arras\\\/\",\"name\":\"S. Maria Magdalena Fontaine, S. Maria Franciszka Lanel, S. Teresa Fantou, S. Joanna G\u00e9rard z Arras - Filles de la Charit\u00e9\",\"isPartOf\":{\"@id\":\"https:\\\/\\\/filles-de-la-charite.org\\\/pl\\\/#website\"},\"primaryImageOfPage\":{\"@id\":\"https:\\\/\\\/filles-de-la-charite.org\\\/pl\\\/rodzina\\\/s-maria-magdalena-fontaine-s-maria-franciszka-lanel-s-teresa-fantou-s-joanna-gerard-z-arras\\\/#primaryimage\"},\"image\":{\"@id\":\"https:\\\/\\\/filles-de-la-charite.org\\\/pl\\\/rodzina\\\/s-maria-magdalena-fontaine-s-maria-franciszka-lanel-s-teresa-fantou-s-joanna-gerard-z-arras\\\/#primaryimage\"},\"thumbnailUrl\":\"https:\\\/\\\/filles-de-la-charite.org\\\/wp-content\\\/uploads\\\/2024\\\/03\\\/martires-arras-.png\",\"datePublished\":\"2020-10-21T12:20:48+00:00\",\"dateModified\":\"2024-02-19T10:35:39+00:00\",\"breadcrumb\":{\"@id\":\"https:\\\/\\\/filles-de-la-charite.org\\\/pl\\\/rodzina\\\/s-maria-magdalena-fontaine-s-maria-franciszka-lanel-s-teresa-fantou-s-joanna-gerard-z-arras\\\/#breadcrumb\"},\"inLanguage\":\"pl-PL\",\"potentialAction\":[{\"@type\":\"ReadAction\",\"target\":[\"https:\\\/\\\/filles-de-la-charite.org\\\/pl\\\/rodzina\\\/s-maria-magdalena-fontaine-s-maria-franciszka-lanel-s-teresa-fantou-s-joanna-gerard-z-arras\\\/\"]}]},{\"@type\":\"ImageObject\",\"inLanguage\":\"pl-PL\",\"@id\":\"https:\\\/\\\/filles-de-la-charite.org\\\/pl\\\/rodzina\\\/s-maria-magdalena-fontaine-s-maria-franciszka-lanel-s-teresa-fantou-s-joanna-gerard-z-arras\\\/#primaryimage\",\"url\":\"https:\\\/\\\/filles-de-la-charite.org\\\/wp-content\\\/uploads\\\/2024\\\/03\\\/martires-arras-.png\",\"contentUrl\":\"https:\\\/\\\/filles-de-la-charite.org\\\/wp-content\\\/uploads\\\/2024\\\/03\\\/martires-arras-.png\",\"width\":1408,\"height\":854},{\"@type\":\"BreadcrumbList\",\"@id\":\"https:\\\/\\\/filles-de-la-charite.org\\\/pl\\\/rodzina\\\/s-maria-magdalena-fontaine-s-maria-franciszka-lanel-s-teresa-fantou-s-joanna-gerard-z-arras\\\/#breadcrumb\",\"itemListElement\":[{\"@type\":\"ListItem\",\"position\":1,\"name\":\"Nasza rodzina\",\"item\":\"https:\\\/\\\/filles-de-la-charite.org\\\/pl\\\/rodzina\\\/\"},{\"@type\":\"ListItem\",\"position\":2,\"name\":\"B\u0142ogos\u0142awione Siostry Mi\u0142osierdzia, m\u0119czenniczki z czas\u00f3w Rewolucji Francuskiej\",\"item\":\"https:\\\/\\\/filles-de-la-charite.org\\\/pl\\\/rodzina\\\/las-bienaventuradas-hijas-de-la-caridad-martires-durante-la-revolucion-francesa\\\/\"},{\"@type\":\"ListItem\",\"position\":3,\"name\":\"S. Maria Magdalena Fontaine, S. Maria Franciszka Lanel, S. Teresa Fantou, S. Joanna G\u00e9rard z Arras\"}]},{\"@type\":\"WebSite\",\"@id\":\"https:\\\/\\\/filles-de-la-charite.org\\\/pl\\\/#website\",\"url\":\"https:\\\/\\\/filles-de-la-charite.org\\\/pl\\\/\",\"name\":\"Hijas de la Caridad\",\"description\":\"L\u2019amour de J\u00e9sus nous presse \u00e0 prendre soin des personnes les plus d\u00e9munies\",\"publisher\":{\"@id\":\"https:\\\/\\\/filles-de-la-charite.org\\\/pl\\\/#organization\"},\"potentialAction\":[{\"@type\":\"SearchAction\",\"target\":{\"@type\":\"EntryPoint\",\"urlTemplate\":\"https:\\\/\\\/filles-de-la-charite.org\\\/pl\\\/?s={search_term_string}\"},\"query-input\":{\"@type\":\"PropertyValueSpecification\",\"valueRequired\":true,\"valueName\":\"search_term_string\"}}],\"inLanguage\":\"pl-PL\"},{\"@type\":\"Organization\",\"@id\":\"https:\\\/\\\/filles-de-la-charite.org\\\/pl\\\/#organization\",\"name\":\"Hijas de la Caridad\",\"url\":\"https:\\\/\\\/filles-de-la-charite.org\\\/pl\\\/\",\"logo\":{\"@type\":\"ImageObject\",\"inLanguage\":\"pl-PL\",\"@id\":\"https:\\\/\\\/filles-de-la-charite.org\\\/pl\\\/#\\\/schema\\\/logo\\\/image\\\/\",\"url\":\"https:\\\/\\\/filles-de-la-charite.org\\\/wp-content\\\/uploads\\\/2023\\\/03\\\/isotipo-Hijas-de-la-Caridad.png\",\"contentUrl\":\"https:\\\/\\\/filles-de-la-charite.org\\\/wp-content\\\/uploads\\\/2023\\\/03\\\/isotipo-Hijas-de-la-Caridad.png\",\"width\":1417,\"height\":1417,\"caption\":\"Hijas de la Caridad\"},\"image\":{\"@id\":\"https:\\\/\\\/filles-de-la-charite.org\\\/pl\\\/#\\\/schema\\\/logo\\\/image\\\/\"}}]}<\/script>\n<!-- \/ Yoast SEO plugin. -->","yoast_head_json":{"title":"S. Maria Magdalena Fontaine, S. Maria Franciszka Lanel, S. Teresa Fantou, S. Joanna G\u00e9rard z Arras - Filles de la Charit\u00e9","robots":{"index":"index","follow":"follow","max-snippet":"max-snippet:-1","max-image-preview":"max-image-preview:large","max-video-preview":"max-video-preview:-1"},"canonical":"https:\/\/filles-de-la-charite.org\/pl\/rodzina\/s-maria-magdalena-fontaine-s-maria-franciszka-lanel-s-teresa-fantou-s-joanna-gerard-z-arras\/","og_locale":"pl_PL","og_type":"article","og_title":"S. Maria Magdalena Fontaine, S. Maria Franciszka Lanel, S. Teresa Fantou, S. Joanna G\u00e9rard z Arras - Filles de la Charit\u00e9","og_description":"Maria Magdalena Fontaine urodzi\u0142a si\u0119 22 kwietnia 1723 r. w Entrepagny (Francja). Do Zgromadzenia zosta\u0142a przyj\u0119ta 9 lipca 1748 r.&nbsp;Maria Teresa Lanel urodzi\u0142a si\u0119 24 sierpnia w miasteczku Eu (Francja). Do Si\u00f3str Mi\u0142osierdzia wst\u0105pi\u0142a 10 kwietnia 1764 r.&nbsp;Teresa Fantou urodzi\u0142a si\u0119 29 lipca 1747 r. w Miniac-Morvan (Francja). Seminarium (nowicjat) w Zgromadzeniu Si\u00f3str Mi\u0142osierdzia rozpocz\u0119\u0142a [&hellip;]","og_url":"https:\/\/filles-de-la-charite.org\/pl\/rodzina\/s-maria-magdalena-fontaine-s-maria-franciszka-lanel-s-teresa-fantou-s-joanna-gerard-z-arras\/","og_site_name":"Filles de la Charit\u00e9","article_modified_time":"2024-02-19T10:35:39+00:00","og_image":[{"width":1024,"height":621,"url":"https:\/\/filles-de-la-charite.org\/wp-content\/uploads\/2024\/03\/martires-arras--1024x621.png","type":"image\/png"}],"twitter_card":"summary_large_image","twitter_misc":{"Szacowany czas czytania":"3 minuty"},"schema":{"@context":"https:\/\/schema.org","@graph":[{"@type":"WebPage","@id":"https:\/\/filles-de-la-charite.org\/pl\/rodzina\/s-maria-magdalena-fontaine-s-maria-franciszka-lanel-s-teresa-fantou-s-joanna-gerard-z-arras\/","url":"https:\/\/filles-de-la-charite.org\/pl\/rodzina\/s-maria-magdalena-fontaine-s-maria-franciszka-lanel-s-teresa-fantou-s-joanna-gerard-z-arras\/","name":"S. Maria Magdalena Fontaine, S. Maria Franciszka Lanel, S. Teresa Fantou, S. Joanna G\u00e9rard z Arras - Filles de la Charit\u00e9","isPartOf":{"@id":"https:\/\/filles-de-la-charite.org\/pl\/#website"},"primaryImageOfPage":{"@id":"https:\/\/filles-de-la-charite.org\/pl\/rodzina\/s-maria-magdalena-fontaine-s-maria-franciszka-lanel-s-teresa-fantou-s-joanna-gerard-z-arras\/#primaryimage"},"image":{"@id":"https:\/\/filles-de-la-charite.org\/pl\/rodzina\/s-maria-magdalena-fontaine-s-maria-franciszka-lanel-s-teresa-fantou-s-joanna-gerard-z-arras\/#primaryimage"},"thumbnailUrl":"https:\/\/filles-de-la-charite.org\/wp-content\/uploads\/2024\/03\/martires-arras-.png","datePublished":"2020-10-21T12:20:48+00:00","dateModified":"2024-02-19T10:35:39+00:00","breadcrumb":{"@id":"https:\/\/filles-de-la-charite.org\/pl\/rodzina\/s-maria-magdalena-fontaine-s-maria-franciszka-lanel-s-teresa-fantou-s-joanna-gerard-z-arras\/#breadcrumb"},"inLanguage":"pl-PL","potentialAction":[{"@type":"ReadAction","target":["https:\/\/filles-de-la-charite.org\/pl\/rodzina\/s-maria-magdalena-fontaine-s-maria-franciszka-lanel-s-teresa-fantou-s-joanna-gerard-z-arras\/"]}]},{"@type":"ImageObject","inLanguage":"pl-PL","@id":"https:\/\/filles-de-la-charite.org\/pl\/rodzina\/s-maria-magdalena-fontaine-s-maria-franciszka-lanel-s-teresa-fantou-s-joanna-gerard-z-arras\/#primaryimage","url":"https:\/\/filles-de-la-charite.org\/wp-content\/uploads\/2024\/03\/martires-arras-.png","contentUrl":"https:\/\/filles-de-la-charite.org\/wp-content\/uploads\/2024\/03\/martires-arras-.png","width":1408,"height":854},{"@type":"BreadcrumbList","@id":"https:\/\/filles-de-la-charite.org\/pl\/rodzina\/s-maria-magdalena-fontaine-s-maria-franciszka-lanel-s-teresa-fantou-s-joanna-gerard-z-arras\/#breadcrumb","itemListElement":[{"@type":"ListItem","position":1,"name":"Nasza rodzina","item":"https:\/\/filles-de-la-charite.org\/pl\/rodzina\/"},{"@type":"ListItem","position":2,"name":"B\u0142ogos\u0142awione Siostry Mi\u0142osierdzia, m\u0119czenniczki z czas\u00f3w Rewolucji Francuskiej","item":"https:\/\/filles-de-la-charite.org\/pl\/rodzina\/las-bienaventuradas-hijas-de-la-caridad-martires-durante-la-revolucion-francesa\/"},{"@type":"ListItem","position":3,"name":"S. Maria Magdalena Fontaine, S. Maria Franciszka Lanel, S. Teresa Fantou, S. Joanna G\u00e9rard z Arras"}]},{"@type":"WebSite","@id":"https:\/\/filles-de-la-charite.org\/pl\/#website","url":"https:\/\/filles-de-la-charite.org\/pl\/","name":"Hijas de la Caridad","description":"L\u2019amour de J\u00e9sus nous presse \u00e0 prendre soin des personnes les plus d\u00e9munies","publisher":{"@id":"https:\/\/filles-de-la-charite.org\/pl\/#organization"},"potentialAction":[{"@type":"SearchAction","target":{"@type":"EntryPoint","urlTemplate":"https:\/\/filles-de-la-charite.org\/pl\/?s={search_term_string}"},"query-input":{"@type":"PropertyValueSpecification","valueRequired":true,"valueName":"search_term_string"}}],"inLanguage":"pl-PL"},{"@type":"Organization","@id":"https:\/\/filles-de-la-charite.org\/pl\/#organization","name":"Hijas de la Caridad","url":"https:\/\/filles-de-la-charite.org\/pl\/","logo":{"@type":"ImageObject","inLanguage":"pl-PL","@id":"https:\/\/filles-de-la-charite.org\/pl\/#\/schema\/logo\/image\/","url":"https:\/\/filles-de-la-charite.org\/wp-content\/uploads\/2023\/03\/isotipo-Hijas-de-la-Caridad.png","contentUrl":"https:\/\/filles-de-la-charite.org\/wp-content\/uploads\/2023\/03\/isotipo-Hijas-de-la-Caridad.png","width":1417,"height":1417,"caption":"Hijas de la Caridad"},"image":{"@id":"https:\/\/filles-de-la-charite.org\/pl\/#\/schema\/logo\/image\/"}}]}},"_links":{"self":[{"href":"https:\/\/filles-de-la-charite.org\/pl\/wp-json\/wp\/v2\/familia\/4072","targetHints":{"allow":["GET"]}}],"collection":[{"href":"https:\/\/filles-de-la-charite.org\/pl\/wp-json\/wp\/v2\/familia"}],"about":[{"href":"https:\/\/filles-de-la-charite.org\/pl\/wp-json\/wp\/v2\/types\/familia"}],"wp:featuredmedia":[{"embeddable":true,"href":"https:\/\/filles-de-la-charite.org\/pl\/wp-json\/wp\/v2\/media\/34404"}],"wp:attachment":[{"href":"https:\/\/filles-de-la-charite.org\/pl\/wp-json\/wp\/v2\/media?parent=4072"}],"wp:term":[{"taxonomy":"origen","embeddable":true,"href":"https:\/\/filles-de-la-charite.org\/pl\/wp-json\/wp\/v2\/origen?post=4072"}],"curies":[{"name":"wp","href":"https:\/\/api.w.org\/{rel}","templated":true}]}}