{"id":4073,"date":"2020-10-21T14:24:44","date_gmt":"2020-10-21T12:24:44","guid":{"rendered":"https:\/\/hijascaridad.sjdigitaldemo.ovh\/familia\/blogoslawiona-rozalia-rendu\/"},"modified":"2024-05-23T17:27:22","modified_gmt":"2024-05-23T15:27:22","slug":"blogoslawiona-rozalia-rendu","status":"publish","type":"familia","link":"https:\/\/filles-de-la-charite.org\/pl\/rodzina\/blogoslawiona-rozalia-rendu\/","title":{"rendered":"B\u0142ogos\u0142awiona Rozalia Rendu"},"content":{"rendered":"\n<p><strong>Joanna Maria Rendu (Siostra Rozalia), c\u00f3rka Antoniego Rendu i Marii Anny Laracine, urodzi\u0142a si\u0119 9 wrze\u015bnia 1786 r. w Confort, w osadzie Lancrans, Departament Ain w po\u0142udniowo-wschodniej Francji, blisko granicy szwajcarskiej. Ca\u0142e swoje \u017cycie jako Siostra Mi\u0142osierdzia \u2013 53 lata \u2013 sp\u0119dzi\u0142a w dzielnicy Mouffetard, jednej z najbiedniejszych w Pary\u017cu.<\/strong><\/p>\n\n\n\n<figure class=\"wp-block-table\"><table><tbody><tr><td><strong>1786<\/strong><\/td><td>Narodziny<\/td><\/tr><tr><td><strong>1802<\/strong><\/td><td>Wst\u0105pienie do Zgromadzenia Si\u00f3str Mi\u0142osierdzia<\/td><\/tr><tr><td><strong>1803<\/strong><\/td><td>Uko\u0144czenie seminarium i pos\u0142anie do s\u0142u\u017cby w Domu Saint-Martin<\/td><\/tr><tr><td><strong>1807<\/strong><\/td><td>\u015aluby \u015awi\u0119te<\/td><\/tr><tr><td><strong>1815<\/strong><\/td><td>Prze\u0142o\u017cona (Siostra S\u0142u\u017cebna) w Domu Saint-Martin<\/td><\/tr><tr><td><strong>1830<\/strong><\/td><td>Wybuch Rewolucji; przyj\u0119cie postulantek do domu przy ul. l\u2019\u00c9p\u00e9e-de-Bois<\/td><\/tr><tr><td><strong>1831<\/strong><\/td><td>Udzielenie schronienia w domu Si\u00f3str arcybiskupowi de Qu\u00e9len i grupie ksi\u0119\u017cy<\/td><\/tr><tr><td><strong>1833<\/strong><\/td><td>Pocz\u0105tek wspierania pierwszych cz\u0142onk\u00f3w Konferencji \u015bw. Wincentego a Paulo<\/td><\/tr><tr><td><strong>1840<\/strong><\/td><td>Wsp\u00f3\u0142praca z powo\u0142an\u0105 na nowo grup\u0105 Pa\u0144 Mi\u0142osierdzia; rozw\u00f3j dzie\u0142<\/td><\/tr><tr><td><strong>1848<\/strong><\/td><td>Wybuch kolejnej Rewolucji, dom Si\u00f3str miejscem azylu i szpitalem polowym<\/td><\/tr><tr><td><strong>1852<\/strong><\/td><td>Krzy\u017c Legii Honorowej przyznany S. Rozalii przez Napoleona III<\/td><\/tr><tr><td><strong>1853<\/strong><\/td><td>Pocz\u0105tek utraty wzroku, pogorszenie stanu zdrowia<\/td><\/tr><tr><td><strong>1856, <br>7 lutego<\/strong><\/td><td>\u015amier\u0107; ok. 50 tys. ludzi z wszystkich warstw spo\u0142ecznych bierze udzia\u0142 w pogrzebie<\/td><\/tr><tr><td><strong>1953<\/strong><\/td><td>Otwarcie w Pary\u017cu procesu beatyfikacyjnego na szczeblu diecezjalnym<\/td><\/tr><tr><td><strong>2003<\/strong><\/td><td>Beatyfikowana przez papie\u017ca Jana Paw\u0142a II<\/td><\/tr><tr><td><strong>7 lutego<\/strong><\/td><td>Wspomnienie liturgiczne<\/td><\/tr><\/tbody><\/table><\/figure>\n\n\n\n<p>25 maja 1802 r. Siostra Rozalia rozpocz\u0119\u0142a Seminarium (nowicjat) w Domu Macierzystym Si\u00f3str Mi\u0142osierdzia \u015bw. Wincentego a Paulo, przy ul. Vieux-Colombier w Pary\u017cu. W wysi\u0142kach podyktowanych pragnieniem dania z siebie wszystkiego na nowo obranej drodze, podupad\u0142a na zdrowiu, dlatego pos\u0142ano j\u0105 do Domu Si\u00f3str w dzielnicy Mouffetard, w nadziei, \u017ce zmiana \u015brodowiska pomo\u017ce jej odzyska\u0107 si\u0142y.<\/p>\n\n\n\n<p>Pierwsza w dzia\u0142aniu, pobo\u017cno\u015bci i s\u0142u\u017cbie, kt\u00f3ra j\u0105 rozpala\u0142a, S. Rozalia nie mog\u0142aby znale\u017a\u0107 lepszego miejsca, w kt\u00f3rym wykorzysta\u0142aby sw\u00f3j zapa\u0142. Choroba, n\u0119dza i szkodliwe powietrze slums\u00f3w by\u0142y \u201echlebem powszednim\u201d mieszka\u0144c\u00f3w dzielnicy walcz\u0105cych o przetrwanie. S. Rozalia pojawi\u0142a si\u0119 niczym kwiat w\u015br\u00f3d ludzi, kt\u00f3rzy bardzo szybko stali si\u0119 jej \u201eukochanymi Ubogimi\u201d.<\/p>\n\n\n\n<p>Na pocz\u0105tku towarzyszy\u0142a Siostrom odwiedzaj\u0105cym chorych i ubogich w ich domach. Dawa\u0142a tak\u017ce nieodp\u0142atne lekcje katechizmu i czytania ma\u0142ym dziewczynkom. Poniewa\u017c sprawdzi\u0142a si\u0119 na drodze powo\u0142ania, w 1807 r. z\u0142o\u017cy\u0142a po praz pierwszy \u015aluby \u015bwi\u0119te. Wkr\u00f3tce ujawni\u0142a si\u0119 ca\u0142a jej pobo\u017cno\u015b\u0107, naturalna zdolno\u015b\u0107 do bycia autorytetem, pokora, wsp\u00f3\u0142czucie i umiej\u0119tno\u015bci organizacyjne. Tak wi\u0119c w 1815 r. zosta\u0142a mianowana Siostr\u0105 S\u0142u\u017cebn\u0105, czyli prze\u0142o\u017con\u0105 Wsp\u00f3lnoty.<\/p>\n\n\n\n<p>B\u0119d\u0105c odpowiedzialn\u0105 za swoj\u0105 Wsp\u00f3lnot\u0119, Siostra Rozalia otrzyma\u0142a misj\u0119 towarzyszenia i wspierania ka\u017cdej z Si\u00f3str, formowania nowo przyby\u0142ych, animowania \u017cycia wsp\u00f3lnotowego. Wywi\u0105zywa\u0142a si\u0119 z tego z najwi\u0119ksz\u0105 staranno\u015bci\u0105, przekazuj\u0105c sw\u0105 mi\u0142o\u015b\u0107 i rado\u015b\u0107 s\u0142u\u017cenia.<\/p>\n\n\n\n<p>Z up\u0142ywem lat, zawsze uwa\u017cna na pojawiaj\u0105ce nowe formy biedy, S. Rozalia rozwin\u0119\u0142a dzie\u0142a prowadzone przez Wsp\u00f3lnot\u0119: nauczanie, wizyty w domach chorych, darmow\u0105 przychodni\u0119, \u017c\u0142obek i ochronk\u0119 dla tych dzieci, kt\u00f3re nie osi\u0105gn\u0119\u0142y jeszcze wieku szkolnego, pracowni\u0119 nauki zawodu oraz centrum socjalne dla starszych dziewcz\u0105t. Jednocze\u015bnie dociera\u0142a do os\u00f3b, z kt\u00f3rymi pragn\u0119\u0142a dzieli\u0107 wincenty\u0144sk\u0105 misj\u0119.<\/p>\n\n\n\n<p>S. Rozalia by\u0142a \u201edobr\u0105 matk\u0105 wszystkich\u201d, bez wzgl\u0119du na przekonania religijne i polityczne czy status spo\u0142eczny. Jedn\u0105 r\u0119k\u0105 przyjmowa\u0142a dary od ludzi zamo\u017cnych, aby drug\u0105 r\u0119k\u0105 rozda\u0107 je Ubogim. Bogatym dawa\u0142a rado\u015b\u0107 z mo\u017cliwo\u015bci czynienia dobra. W rozm\u00f3wnicy domu przy ul. l\u2019\u00c9p\u00e9e-de-Bois cz\u0119sto mo\u017cna by\u0142o widzie\u0107 S. Rozali\u0119 razem z jej \u201eukochanymi Ubogimi\u201d, jak r\u00f3wnie\u017c z biskupami, ksi\u0119\u017cmi, m\u0119\u017cami stanu, wp\u0142ywowymi kobietami czy studentami. W\u015br\u00f3d tych ostatnich by\u0142 Fryderyk Ozanam oraz pierwsi cz\u0142onkowie Konferencji \u015bw. Wincentego a Paulo. Z mi\u0142o\u015bci\u0105 i szacunkiem, Siostra Rozalia wraz z Siostrami towarzyszy\u0142a tym m\u0142odym szlachetnym ludziom oraz innym studentom. Zaleca\u0142a cierpliwo\u015b\u0107, pob\u0142a\u017cliwo\u015b\u0107 i uprzejmo\u015b\u0107:&nbsp;\u201eKochajcie Ubogich i nie oskar\u017cajcie ich zbytnio\u2026 pami\u0119tajcie, \u017ce Ubogi jest bardziej wra\u017cliwy na wasz spos\u00f3b zachowania si\u0119, ni\u017c na otrzyman\u0105 pomoc\u201d.<\/p>\n\n\n\n<p>Przede wszystkim jednak uczy\u0142a w\u0142asnym przyk\u0142adem. Ka\u017cdego dnia, bez wzgl\u0119du na pogod\u0119, przemierza\u0142a ulice i uliczki prowadz\u0105ce do Panteonu, od po\u0142udniowej strony wzg\u00f3rza \u015bw. Genowefy\u2026 Z r\u00f3\u017ca\u0144cem w r\u0119ku i ci\u0119\u017ckim koszem na ramieniu, przyspiesza\u0142a kroku, poniewa\u017c wiedzia\u0142a, \u017ce Ubodzy czekaj\u0105! Opowiada\u0142a Bogu o rodzinie prze\u017cywaj\u0105cej trudno\u015bci, poniewa\u017c ojciec nie mo\u017ce znale\u017a\u0107 pracy, o starcu, kt\u00f3ry o ma\u0142o nie umar\u0142 samotnie na poddaszu: \u201eNigdy nie odprawiam rozmy\u015blania lepiej, ni\u017c wtedy, gdy jestem na ulicy\u201d \u2013 mawia\u0142a.<\/p>\n\n\n\n<p>Wiara S. Rozalii, mocna jak ska\u0142a i przejrzysta jak \u017ar\u00f3d\u0142o, objawia\u0142a jej Jezusa Chrystusa w ka\u017cdej okoliczno\u015bci. Jej \u017cycie modlitwy by\u0142o bardzo intensywne, jak stwierdzi\u0142a jedna z Si\u00f3str, \u201e\u017cy\u0142a ona nieustannie w obecno\u015bci Bo\u017cej; je\u015bli mia\u0142a jak\u0105\u015b trudn\u0105 misj\u0119 do spe\u0142nienia, by\u0142y\u015bmy pewne, \u017ce p\u00f3jdzie do Kaplicy lub do biura, gdzie b\u0119dzie si\u0119 modli\u0107 w postawie kl\u0119cz\u0105cej\u201d.<\/p>\n\n\n\n<p>Wraz ze swoj\u0105 Wsp\u00f3lnot\u0105 i licznym gronem wsp\u00f3\u0142pracownik\u00f3w niestrudzenie piel\u0119gnowa\u0142a, karmi\u0142a, odwiedza\u0142a, pociesza\u0142a\u2026 Obdarzona wielk\u0105 wra\u017cliwo\u015bci\u0105, wsp\u00f3\u0142czu\u0142a ka\u017cdemu cierpieniu. M\u00f3wi\u0142a: \u201eJest co\u015b, co mnie dusi i co odbiera mi wszelki apetyt\u2026 jest to my\u015bl, \u017ce tylu rodzinom brakuje chleba\u201d\u2026 By\u0142a gotowa na podj\u0119cie wszystkiego z inteligencj\u0105 i \u015bmia\u0142o\u015bci\u0105, aby tylko us\u0142u\u017cy\u0107 Ubogim. Nic jej nie mog\u0142o powstrzyma\u0107, gdy trzeba by\u0142o cz\u0142owieka podnie\u015b\u0107 z jego n\u0119dzy.<\/p>\n\n\n\n<p>S. Rozalia nie przeciwstawia\u0142a si\u0119 ustalonemu porz\u0105dkowi, nie namawia nikogo do buntu. Aby walczy\u0107 z niesprawiedliwo\u015bci\u0105 i n\u0119dz\u0105, budzi\u0142a sumienie tych, kt\u00f3rzy mieli w\u0142adz\u0119 lub pieni\u0105dze, pracowa\u0142a nad nauczaniem dzieci i m\u0142odzie\u017cy z biednych rodzin, i aby niezw\u0142ocznie odpowiedzie\u0107 na piln\u0105 potrzeb\u0119, zach\u0119ca\u0142a do dzielenia si\u0119 \u2013 \u201eorganizowa\u0142a mi\u0142osierdzie\u201d.<\/p>\n\n\n\n<p>Podczas rewolucji w roku 1830 i 1848, S. Rozalia razem ze swymi Siostrami opatrywa\u0142a rannych z obu stron barykady, zar\u00f3wno powsta\u0144c\u00f3w jak i \u017co\u0142nierzy. Wszyscy, kt\u00f3rym grozi\u0142o niebezpiecze\u0144stwo, znajdywali schronienie przy ul. l\u2019\u00c9p\u00e9e-de-Bois. Dom Si\u00f3str sta\u0142 si\u0119 miejscem azylu i szpitalem polowym.<\/p>\n\n\n\n<p>Ostatnie lata S. Rozalii naznaczone by\u0142y cierpieniem z powodu pogarszaj\u0105cego si\u0119 stanu zdrowia I stopniowej utraty wzroku. Nie mog\u0142a ju\u017c regularnie odwiedza\u0107 swoich \u201eukochanych Ubogich\u201d, jednak dobra opinia o niej stale wzrasta\u0142a. Cesarz Napoleon III nagrodzi\u0142 j\u0105 wojskowym Krzy\u017cem Legii Honorowej, odznaczeniem, kt\u00f3re w ca\u0142ej historii Francji otrzyma\u0142y dot\u0105d tylko cztery kobiety.<\/p>\n\n\n\n<p>S. Rozalia, jako \u201ezwyczajna Siostra Mi\u0142osierdzia\u201d do\u015bwiadczy\u0142a w swoim \u017cyciu prawdy s\u0142\u00f3w \u015bw. Wincentego, kt\u00f3re wypowiedzia\u0142 w 1660 r.: \u201e\u2026jest rzeczywi\u015bcie wielk\u0105 tajemnic\u0105 \u017cycia duchowego opu\u015bci\u0107 dla Boga wszystko co kochamy, poprzez oddanie si\u0119 temu, czego On pragnie\u2026 M\u00f3dlcie si\u0119 za mnie.\u201d I w\u0142a\u015bnie tej zwyczajnej Siostrze Mi\u0142osierdzia oddano ho\u0142d podczas pogrzebu, kt\u00f3ry mia\u0142 miejsce 9 lutego 1856 r., a w kt\u00f3rym wzi\u0119\u0142o udzia\u0142 ok. 50 tys. os\u00f3b ze wszystkich warstw spo\u0142ecznych, ka\u017cdego ugrupowania politycznego i religijnego. Od tamtego czasu na grobie S. Rozalii na Cmentarzu Montparnasse s\u0105 zawsze \u015bwie\u017ce kwiaty.<\/p>\n","protected":false},"featured_media":1048,"template":"","meta":{"_acf_changed":false,"_links_to":"","_links_to_target":""},"origen":[],"class_list":["post-4073","familia","type-familia","status-publish","has-post-thumbnail","hentry"],"acf":[],"yoast_head":"<!-- This site is optimized with the Yoast SEO plugin v27.5 - https:\/\/yoast.com\/product\/yoast-seo-wordpress\/ -->\n<title>B\u0142ogos\u0142awiona Rozalia Rendu - Filles de la Charit\u00e9<\/title>\n<meta name=\"robots\" content=\"index, follow, max-snippet:-1, max-image-preview:large, max-video-preview:-1\" \/>\n<link rel=\"canonical\" href=\"https:\/\/filles-de-la-charite.org\/pl\/rodzina\/blogoslawiona-rozalia-rendu\/\" \/>\n<meta property=\"og:locale\" content=\"pl_PL\" \/>\n<meta property=\"og:type\" content=\"article\" \/>\n<meta property=\"og:title\" content=\"B\u0142ogos\u0142awiona Rozalia Rendu - Filles de la Charit\u00e9\" \/>\n<meta property=\"og:description\" content=\"Joanna Maria Rendu (Siostra Rozalia), c\u00f3rka Antoniego Rendu i Marii Anny Laracine, urodzi\u0142a si\u0119 9 wrze\u015bnia 1786 r. w Confort, w osadzie Lancrans, Departament Ain w po\u0142udniowo-wschodniej Francji, blisko granicy szwajcarskiej. Ca\u0142e swoje \u017cycie jako Siostra Mi\u0142osierdzia \u2013 53 lata \u2013 sp\u0119dzi\u0142a w dzielnicy Mouffetard, jednej z najbiedniejszych w Pary\u017cu. 1786 Narodziny 1802 Wst\u0105pienie do [&hellip;]\" \/>\n<meta property=\"og:url\" content=\"https:\/\/filles-de-la-charite.org\/pl\/rodzina\/blogoslawiona-rozalia-rendu\/\" \/>\n<meta property=\"og:site_name\" content=\"Filles de la Charit\u00e9\" \/>\n<meta property=\"article:modified_time\" content=\"2024-05-23T15:27:22+00:00\" \/>\n<meta property=\"og:image\" content=\"https:\/\/filles-de-la-charite.org\/wp-content\/uploads\/2023\/04\/Rosalie-Rendu-1.png\" \/>\n\t<meta property=\"og:image:width\" content=\"287\" \/>\n\t<meta property=\"og:image:height\" content=\"414\" \/>\n\t<meta property=\"og:image:type\" content=\"image\/png\" \/>\n<meta name=\"twitter:card\" content=\"summary_large_image\" \/>\n<meta name=\"twitter:label1\" content=\"Szacowany czas czytania\" \/>\n\t<meta name=\"twitter:data1\" content=\"5 minut\" \/>\n<script type=\"application\/ld+json\" class=\"yoast-schema-graph\">{\"@context\":\"https:\\\/\\\/schema.org\",\"@graph\":[{\"@type\":\"WebPage\",\"@id\":\"https:\\\/\\\/filles-de-la-charite.org\\\/pl\\\/rodzina\\\/blogoslawiona-rozalia-rendu\\\/\",\"url\":\"https:\\\/\\\/filles-de-la-charite.org\\\/pl\\\/rodzina\\\/blogoslawiona-rozalia-rendu\\\/\",\"name\":\"B\u0142ogos\u0142awiona Rozalia Rendu - Filles de la Charit\u00e9\",\"isPartOf\":{\"@id\":\"https:\\\/\\\/filles-de-la-charite.org\\\/pl\\\/#website\"},\"primaryImageOfPage\":{\"@id\":\"https:\\\/\\\/filles-de-la-charite.org\\\/pl\\\/rodzina\\\/blogoslawiona-rozalia-rendu\\\/#primaryimage\"},\"image\":{\"@id\":\"https:\\\/\\\/filles-de-la-charite.org\\\/pl\\\/rodzina\\\/blogoslawiona-rozalia-rendu\\\/#primaryimage\"},\"thumbnailUrl\":\"https:\\\/\\\/filles-de-la-charite.org\\\/wp-content\\\/uploads\\\/2023\\\/04\\\/Rosalie-Rendu-1.png\",\"datePublished\":\"2020-10-21T12:24:44+00:00\",\"dateModified\":\"2024-05-23T15:27:22+00:00\",\"breadcrumb\":{\"@id\":\"https:\\\/\\\/filles-de-la-charite.org\\\/pl\\\/rodzina\\\/blogoslawiona-rozalia-rendu\\\/#breadcrumb\"},\"inLanguage\":\"pl-PL\",\"potentialAction\":[{\"@type\":\"ReadAction\",\"target\":[\"https:\\\/\\\/filles-de-la-charite.org\\\/pl\\\/rodzina\\\/blogoslawiona-rozalia-rendu\\\/\"]}]},{\"@type\":\"ImageObject\",\"inLanguage\":\"pl-PL\",\"@id\":\"https:\\\/\\\/filles-de-la-charite.org\\\/pl\\\/rodzina\\\/blogoslawiona-rozalia-rendu\\\/#primaryimage\",\"url\":\"https:\\\/\\\/filles-de-la-charite.org\\\/wp-content\\\/uploads\\\/2023\\\/04\\\/Rosalie-Rendu-1.png\",\"contentUrl\":\"https:\\\/\\\/filles-de-la-charite.org\\\/wp-content\\\/uploads\\\/2023\\\/04\\\/Rosalie-Rendu-1.png\",\"width\":287,\"height\":414},{\"@type\":\"BreadcrumbList\",\"@id\":\"https:\\\/\\\/filles-de-la-charite.org\\\/pl\\\/rodzina\\\/blogoslawiona-rozalia-rendu\\\/#breadcrumb\",\"itemListElement\":[{\"@type\":\"ListItem\",\"position\":1,\"name\":\"Nasza rodzina\",\"item\":\"https:\\\/\\\/filles-de-la-charite.org\\\/pl\\\/rodzina\\\/\"},{\"@type\":\"ListItem\",\"position\":2,\"name\":\"B\u0142ogos\u0142awiona Rozalia Rendu\"}]},{\"@type\":\"WebSite\",\"@id\":\"https:\\\/\\\/filles-de-la-charite.org\\\/pl\\\/#website\",\"url\":\"https:\\\/\\\/filles-de-la-charite.org\\\/pl\\\/\",\"name\":\"Hijas de la Caridad\",\"description\":\"L\u2019amour de J\u00e9sus nous presse \u00e0 prendre soin des personnes les plus d\u00e9munies\",\"publisher\":{\"@id\":\"https:\\\/\\\/filles-de-la-charite.org\\\/pl\\\/#organization\"},\"potentialAction\":[{\"@type\":\"SearchAction\",\"target\":{\"@type\":\"EntryPoint\",\"urlTemplate\":\"https:\\\/\\\/filles-de-la-charite.org\\\/pl\\\/?s={search_term_string}\"},\"query-input\":{\"@type\":\"PropertyValueSpecification\",\"valueRequired\":true,\"valueName\":\"search_term_string\"}}],\"inLanguage\":\"pl-PL\"},{\"@type\":\"Organization\",\"@id\":\"https:\\\/\\\/filles-de-la-charite.org\\\/pl\\\/#organization\",\"name\":\"Hijas de la Caridad\",\"url\":\"https:\\\/\\\/filles-de-la-charite.org\\\/pl\\\/\",\"logo\":{\"@type\":\"ImageObject\",\"inLanguage\":\"pl-PL\",\"@id\":\"https:\\\/\\\/filles-de-la-charite.org\\\/pl\\\/#\\\/schema\\\/logo\\\/image\\\/\",\"url\":\"https:\\\/\\\/filles-de-la-charite.org\\\/wp-content\\\/uploads\\\/2023\\\/03\\\/isotipo-Hijas-de-la-Caridad.png\",\"contentUrl\":\"https:\\\/\\\/filles-de-la-charite.org\\\/wp-content\\\/uploads\\\/2023\\\/03\\\/isotipo-Hijas-de-la-Caridad.png\",\"width\":1417,\"height\":1417,\"caption\":\"Hijas de la Caridad\"},\"image\":{\"@id\":\"https:\\\/\\\/filles-de-la-charite.org\\\/pl\\\/#\\\/schema\\\/logo\\\/image\\\/\"}}]}<\/script>\n<!-- \/ Yoast SEO plugin. -->","yoast_head_json":{"title":"B\u0142ogos\u0142awiona Rozalia Rendu - Filles de la Charit\u00e9","robots":{"index":"index","follow":"follow","max-snippet":"max-snippet:-1","max-image-preview":"max-image-preview:large","max-video-preview":"max-video-preview:-1"},"canonical":"https:\/\/filles-de-la-charite.org\/pl\/rodzina\/blogoslawiona-rozalia-rendu\/","og_locale":"pl_PL","og_type":"article","og_title":"B\u0142ogos\u0142awiona Rozalia Rendu - Filles de la Charit\u00e9","og_description":"Joanna Maria Rendu (Siostra Rozalia), c\u00f3rka Antoniego Rendu i Marii Anny Laracine, urodzi\u0142a si\u0119 9 wrze\u015bnia 1786 r. w Confort, w osadzie Lancrans, Departament Ain w po\u0142udniowo-wschodniej Francji, blisko granicy szwajcarskiej. Ca\u0142e swoje \u017cycie jako Siostra Mi\u0142osierdzia \u2013 53 lata \u2013 sp\u0119dzi\u0142a w dzielnicy Mouffetard, jednej z najbiedniejszych w Pary\u017cu. 1786 Narodziny 1802 Wst\u0105pienie do [&hellip;]","og_url":"https:\/\/filles-de-la-charite.org\/pl\/rodzina\/blogoslawiona-rozalia-rendu\/","og_site_name":"Filles de la Charit\u00e9","article_modified_time":"2024-05-23T15:27:22+00:00","og_image":[{"width":287,"height":414,"url":"https:\/\/filles-de-la-charite.org\/wp-content\/uploads\/2023\/04\/Rosalie-Rendu-1.png","type":"image\/png"}],"twitter_card":"summary_large_image","twitter_misc":{"Szacowany czas czytania":"5 minut"},"schema":{"@context":"https:\/\/schema.org","@graph":[{"@type":"WebPage","@id":"https:\/\/filles-de-la-charite.org\/pl\/rodzina\/blogoslawiona-rozalia-rendu\/","url":"https:\/\/filles-de-la-charite.org\/pl\/rodzina\/blogoslawiona-rozalia-rendu\/","name":"B\u0142ogos\u0142awiona Rozalia Rendu - Filles de la Charit\u00e9","isPartOf":{"@id":"https:\/\/filles-de-la-charite.org\/pl\/#website"},"primaryImageOfPage":{"@id":"https:\/\/filles-de-la-charite.org\/pl\/rodzina\/blogoslawiona-rozalia-rendu\/#primaryimage"},"image":{"@id":"https:\/\/filles-de-la-charite.org\/pl\/rodzina\/blogoslawiona-rozalia-rendu\/#primaryimage"},"thumbnailUrl":"https:\/\/filles-de-la-charite.org\/wp-content\/uploads\/2023\/04\/Rosalie-Rendu-1.png","datePublished":"2020-10-21T12:24:44+00:00","dateModified":"2024-05-23T15:27:22+00:00","breadcrumb":{"@id":"https:\/\/filles-de-la-charite.org\/pl\/rodzina\/blogoslawiona-rozalia-rendu\/#breadcrumb"},"inLanguage":"pl-PL","potentialAction":[{"@type":"ReadAction","target":["https:\/\/filles-de-la-charite.org\/pl\/rodzina\/blogoslawiona-rozalia-rendu\/"]}]},{"@type":"ImageObject","inLanguage":"pl-PL","@id":"https:\/\/filles-de-la-charite.org\/pl\/rodzina\/blogoslawiona-rozalia-rendu\/#primaryimage","url":"https:\/\/filles-de-la-charite.org\/wp-content\/uploads\/2023\/04\/Rosalie-Rendu-1.png","contentUrl":"https:\/\/filles-de-la-charite.org\/wp-content\/uploads\/2023\/04\/Rosalie-Rendu-1.png","width":287,"height":414},{"@type":"BreadcrumbList","@id":"https:\/\/filles-de-la-charite.org\/pl\/rodzina\/blogoslawiona-rozalia-rendu\/#breadcrumb","itemListElement":[{"@type":"ListItem","position":1,"name":"Nasza rodzina","item":"https:\/\/filles-de-la-charite.org\/pl\/rodzina\/"},{"@type":"ListItem","position":2,"name":"B\u0142ogos\u0142awiona Rozalia Rendu"}]},{"@type":"WebSite","@id":"https:\/\/filles-de-la-charite.org\/pl\/#website","url":"https:\/\/filles-de-la-charite.org\/pl\/","name":"Hijas de la Caridad","description":"L\u2019amour de J\u00e9sus nous presse \u00e0 prendre soin des personnes les plus d\u00e9munies","publisher":{"@id":"https:\/\/filles-de-la-charite.org\/pl\/#organization"},"potentialAction":[{"@type":"SearchAction","target":{"@type":"EntryPoint","urlTemplate":"https:\/\/filles-de-la-charite.org\/pl\/?s={search_term_string}"},"query-input":{"@type":"PropertyValueSpecification","valueRequired":true,"valueName":"search_term_string"}}],"inLanguage":"pl-PL"},{"@type":"Organization","@id":"https:\/\/filles-de-la-charite.org\/pl\/#organization","name":"Hijas de la Caridad","url":"https:\/\/filles-de-la-charite.org\/pl\/","logo":{"@type":"ImageObject","inLanguage":"pl-PL","@id":"https:\/\/filles-de-la-charite.org\/pl\/#\/schema\/logo\/image\/","url":"https:\/\/filles-de-la-charite.org\/wp-content\/uploads\/2023\/03\/isotipo-Hijas-de-la-Caridad.png","contentUrl":"https:\/\/filles-de-la-charite.org\/wp-content\/uploads\/2023\/03\/isotipo-Hijas-de-la-Caridad.png","width":1417,"height":1417,"caption":"Hijas de la Caridad"},"image":{"@id":"https:\/\/filles-de-la-charite.org\/pl\/#\/schema\/logo\/image\/"}}]}},"_links":{"self":[{"href":"https:\/\/filles-de-la-charite.org\/pl\/wp-json\/wp\/v2\/familia\/4073","targetHints":{"allow":["GET"]}}],"collection":[{"href":"https:\/\/filles-de-la-charite.org\/pl\/wp-json\/wp\/v2\/familia"}],"about":[{"href":"https:\/\/filles-de-la-charite.org\/pl\/wp-json\/wp\/v2\/types\/familia"}],"wp:featuredmedia":[{"embeddable":true,"href":"https:\/\/filles-de-la-charite.org\/pl\/wp-json\/wp\/v2\/media\/1048"}],"wp:attachment":[{"href":"https:\/\/filles-de-la-charite.org\/pl\/wp-json\/wp\/v2\/media?parent=4073"}],"wp:term":[{"taxonomy":"origen","embeddable":true,"href":"https:\/\/filles-de-la-charite.org\/pl\/wp-json\/wp\/v2\/origen?post=4073"}],"curies":[{"name":"wp","href":"https:\/\/api.w.org\/{rel}","templated":true}]}}