{"id":4075,"date":"2020-10-21T14:36:59","date_gmt":"2020-10-21T12:36:59","guid":{"rendered":"https:\/\/hijascaridad.sjdigitaldemo.ovh\/familia\/swieta-elzbieta-anna-seton\/"},"modified":"2024-02-19T11:51:22","modified_gmt":"2024-02-19T10:51:22","slug":"swieta-elzbieta-anna-seton","status":"publish","type":"familia","link":"https:\/\/filles-de-la-charite.org\/pl\/rodzina\/swieta-elzbieta-anna-seton\/","title":{"rendered":"\u015awi\u0119ta El\u017cbieta Anna Seton"},"content":{"rendered":"\n<p>\u015aw. El\u017cbieta Anna Seton jest pierwsz\u0105 kanonizowan\u0105 \u015bwi\u0119t\u0105 urodzon\u0105 w Stanach Zjednoczonych. By\u0142a Za\u0142o\u017cycielk\u0105 ameryka\u0144skich Si\u00f3str Mi\u0142osierdzia \u015bw. J\u00f3zefa i jest uznawana za pionierk\u0119 szkolnictwa katolickiego, kt\u00f3ra utorowa\u0142a drog\u0119 systemowi katolickich szk\u00f3\u0142 parafialnych w Stanach Zjednoczonych.<\/p>\n\n\n\n<figure class=\"wp-block-table\"><table><tbody><tr><td><strong>1774, 28 sierpnia<\/strong><\/td><td>Narodziny<\/td><\/tr><tr><td><strong>1794, 25 stycznia<\/strong><\/td><td>Ma\u0142\u017ce\u0144stwo z Williamem Magee Seton<\/td><\/tr><tr><td><strong>1803, 27 grudnia<\/strong><\/td><td>Wdowa<\/td><\/tr><tr><td><strong>1805, 14 marca<\/strong><\/td><td>Wyznanie wiary w Ko\u015bciele katolickim<\/td><\/tr><tr><td><strong>1809, 31 lipca<\/strong><\/td><td>Za\u0142o\u017cenie Si\u00f3str Mi\u0142osierdzia \u015bw. J\u00f3zefa<\/td><\/tr><tr><td><strong>1810<\/strong><\/td><td>Za\u0142o\u017cenie Szko\u0142y im. \u015bw. J\u00f3zefa i Akademii dla dziewcz\u0105t<\/td><\/tr><tr><td><strong>1821, 4 stycznia &nbsp;<\/strong><\/td><td>\u015amier\u0107 w Emmitsburgu, Maryland<\/td><\/tr><tr><td><strong>1963, 17 marca<\/strong><\/td><td>Beatyfikowana przez papie\u017ca Jana XXIII<\/td><\/tr><tr><td><strong>1975, 14 wrze\u015bnia<\/strong><\/td><td>Kanonizowana przez papie\u017ca Paw\u0142a VI<\/td><\/tr><tr><td><strong>4 stycznia<\/strong><\/td><td>Wspomnienie liturgiczne<\/td><\/tr><\/tbody><\/table><\/figure>\n\n\n\n<p>El\u017cbieta Anna przysz\u0142a na \u015bwiat 28 sierpnia 1774 r. w Nowym Jorku b\u0105d\u017a w kt\u00f3rej\u015b z s\u0105siednich miejscowo\u015bci, jako c\u00f3rka Katarzyny Charlton i Ryszarda Bailey, pobo\u017cnych cz\u0142onk\u00f3w Ko\u015bcio\u0142a Episkopalnego, w kt\u00f3rym by\u0142a ochrzczona i w tej wierze wychowywana. Jej ojciec, szanowany chirurg i lekarz, zosta\u0142 pierwszym Inspektorem Zdrowia Portu Nowy Jork, a p\u00f3\u017aniej profesorem anatomii College\u2019u Kr\u00f3lewskiego (Uniwersytet Kolumbijski). El\u017cbieta wychowywa\u0142a si\u0119 w Nowym Jorku i w New Rochelle. 25 stycznia 1794 r. wysz\u0142a za m\u0105\u017c za Williama Magee Seton, syna bogatej rodziny armatorskiej. M\u0142odzi zamieszkali na Manhattanie. Ich ma\u0142\u017ce\u0144stwo zosta\u0142o pob\u0142ogos\u0142awione trzema c\u00f3rkami i dwoma synami.<\/p>\n\n\n\n<p>Niestety, William bardzo szybko zapad\u0142 na gru\u017alic\u0119. W towarzystwie El\u017cbiety i najstarszej c\u00f3rki Anny Marii, uda\u0142 si\u0119 w podr\u00f3\u017c statkiem do W\u0142och z nadziej\u0105, \u017ce w cieplejszym klimacie odzyska zdrowie. Umar\u0142 jednak w Pizie 27 grudnia 1803 r., zostawiaj\u0105c El\u017cbiet\u0119 w wieku 29 lat wdow\u0105 z pi\u0119ciorgiem dzieci.El\u017cbieta Anna przysz\u0142a na \u015bwiat 28 sierpnia 1774 r. w Nowym Jorku b\u0105d\u017a w kt\u00f3rej\u015b z s\u0105siednich miejscowo\u015bci, jako c\u00f3rka Katarzyny Charlton i Ryszarda Bailey, pobo\u017cnych cz\u0142onk\u00f3w Ko\u015bcio\u0142a Episkopalnego, w kt\u00f3rym by\u0142a ochrzczona i w tej wierze wychowywana. Jej ojciec, szanowany chirurg i lekarz, zosta\u0142 pierwszym Inspektorem Zdrowia Portu Nowy Jork, a p\u00f3\u017aniej profesorem anatomii College\u2019u Kr\u00f3lewskiego (Uniwersytet Kolumbijski). El\u017cbieta wychowywa\u0142a si\u0119 w Nowym Jorku i w New Rochelle. 25 stycznia 1794 r. wysz\u0142a za m\u0105\u017c za Williama Magee Seton, syna bogatej rodziny armatorskiej. M\u0142odzi zamieszkali na Manhattanie. Ich ma\u0142\u017ce\u0144stwo zosta\u0142o pob\u0142ogos\u0142awione trzema c\u00f3rkami i dwoma synami.<\/p>\n\n\n\n<p>Bliscy przyjaciele i wsp\u00f3\u0142pracownicy El\u017cbiety i Williama \u2013 rodzina Felicchi z Livorno we W\u0142oszech \u2013 udzielili jej \u017cyczliwej go\u015bciny i wsparcia. Z natury g\u0142\u0119boka duchowo El\u017cbieta by\u0142a pod wra\u017ceniem wyraz\u00f3w pobo\u017cno\u015bci tej katolickiej rodziny, prosi\u0142a wi\u0119c przyjaci\u00f3\u0142 o przybli\u017cenie jej prawd ich wiary.<\/p>\n\n\n\n<p>W rok po swym powrocie do Nowego Jorku El\u017cbieta zosta\u0142a przyj\u0119ta do Ko\u015bcio\u0142a katolickiego.&nbsp; Nawr\u00f3cenie wiele j\u0105 kosztowa\u0142o, gdy\u017c odsun\u0119\u0142a si\u0119 od niej rodzina i przyjaciele. Dla wdowy wychowuj\u0105cej pi\u0119cioro dzieci, podejmuj\u0105cej wysi\u0142ki utrzymania ich pomimo braku \u015brodk\u00f3w finansowych (ze wzgl\u0119du na bankructwo firmy przed \u015bmierci\u0105 Williama) nasta\u0142y lata pe\u0142ne trudno\u015bci, w kt\u00f3rych zabrak\u0142o r\u00f3wnie\u017c wsparcia ze strony rodziny i przyjaci\u00f3\u0142.<\/p>\n\n\n\n<p>Latem 1808 r. El\u017cbieta pozna\u0142a odwiedzaj\u0105cego Nowy Jork O. Williama Louis Dubourg, francuskiego Sulpicjanina z Maryland, kt\u00f3ry zaprosi\u0142 j\u0105 do przyjazdu do Baltimore, obiecuj\u0105c otworzy\u0107 tam szko\u0142\u0119 dla dziewcz\u0105t z miasteczka. Tak te\u017c si\u0119 sta\u0142o. El\u017cbieta przez rok mieszka\u0142a przy Paca Street, gdzie do\u0142\u0105czy\u0142o do niej kilka kobiet z pragnieniem stworzenia wsp\u00f3lnoty oddaj\u0105cej si\u0119 pos\u0142udze apostolskiej.<\/p>\n\n\n\n<p>Nast\u0119pnie Pani Seton przeprowadzi\u0142a si\u0119 do Emmitsburga (w Stanie Maryland) i dzi\u0119ki hojno\u015bci dobroczy\u0144cy za\u0142o\u017cy\u0142a Szko\u0142\u0119 im. \u015bw. J\u00f3zefa. Nowe dzie\u0142o rozpocz\u0119\u0142o dzia\u0142alno\u015b\u0107 31 lipca 1809 r. w Stone House, w Dolinie \u015bw. J\u00f3zefa pod Emmitsburgiem. Wkr\u00f3tce przyci\u0105gn\u0119\u0142o ono inne kobiety, kt\u00f3re gromadzi\u0142y si\u0119 wok\u00f3\u0142 El\u017cbiety, by po\u015bwi\u0119ci\u0107 si\u0119 nauczaniu ubogich dzieci i w ten spos\u00f3b zapocz\u0105tkowa\u0107 \u017cycie wsp\u00f3lnoty Si\u00f3str Mi\u0142osierdzia \u015bw. J\u00f3zefa.<\/p>\n\n\n\n<p>17 stycznia 1812 r. Regu\u0142y Si\u00f3str Mi\u0142osierdzia \u015bw. J\u00f3zefa w Stanach Zjednoczonych otrzyma\u0142y oficjaln\u0105 aprobat\u0119 Ko\u015bcio\u0142a. Zosta\u0142y one zredagowane w oparciu o Regu\u0142y Wsp\u00f3lne Zgromadzenia Si\u00f3str Mi\u0142osierdzia, za\u0142o\u017conego we Francji przez \u015bw. Wincentego a Paulo i \u015bw. Ludwik\u0119 de Marillac w 1633 r. Tak ameryka\u0144ska wsp\u00f3lnota rozros\u0142a si\u0119 w nast\u0119pnych wiekach w Federacj\u0119 Si\u00f3str Mi\u0142osierdzia.<\/p>\n\n\n\n<p>El\u017cbieta widzia\u0142a Chrystusa w Ubogich, szczeg\u00f3lnie w potrzebuj\u0105cych kobietach i dzieciach, zanim jeszcze zosta\u0142a przyj\u0119ta do Ko\u015bcio\u0142a Katolickiego. Zosta\u0142a uznana \u015bwi\u0119t\u0105 ze wzgl\u0119du na spos\u00f3b, w jaki poszukiwa\u0142a woli Bo\u017cej i odpowiada\u0142a na ni\u0105 w swoim \u017cyciu.<\/p>\n\n\n\n<p>Jej \u015bwi\u0119to\u015b\u0107 by\u0142a zakorzeniona w wierno\u015bci modlitwie i liturgii protestanckiej. Jeszcze przed swoim nawr\u00f3ceniem, jako wierna parafianka Ko\u015bcio\u0142a Episkopalnego, sp\u0119dza\u0142a d\u0142ugie chwile przed Naj\u015bwi\u0119tszym Sakramentem w katolickiej Kaplicy \u015bw. Piotra znajduj\u0105cej si\u0119 w pobli\u017cu.<\/p>\n\n\n\n<p>El\u017cbieta zmar\u0142a 4 stycznia 1821 r. w Emmitsburgu (Maryland), w wieku 46 lat.<\/p>\n\n\n\n<p>25 marca 1850 r. Siostry Mi\u0142osierdzia \u015bw. J\u00f3zefa z Emmitsburga przy\u0142\u0105czy\u0142y si\u0119 do za\u0142o\u017conego we Francji Zgromadzenia Si\u00f3str Mi\u0142osierdzia \u015bw. Wincentego a Paulo.<\/p>\n","protected":false},"featured_media":1055,"template":"","meta":{"_acf_changed":false,"_links_to":"","_links_to_target":""},"origen":[],"class_list":["post-4075","familia","type-familia","status-publish","has-post-thumbnail","hentry"],"acf":[],"yoast_head":"<!-- This site is optimized with the Yoast SEO plugin v27.5 - https:\/\/yoast.com\/product\/yoast-seo-wordpress\/ -->\n<title>\u015awi\u0119ta El\u017cbieta Anna Seton - Filles de la Charit\u00e9<\/title>\n<meta name=\"robots\" content=\"index, follow, max-snippet:-1, max-image-preview:large, max-video-preview:-1\" \/>\n<link rel=\"canonical\" href=\"https:\/\/filles-de-la-charite.org\/pl\/rodzina\/swieta-elzbieta-anna-seton\/\" \/>\n<meta property=\"og:locale\" content=\"pl_PL\" \/>\n<meta property=\"og:type\" content=\"article\" \/>\n<meta property=\"og:title\" content=\"\u015awi\u0119ta El\u017cbieta Anna Seton - Filles de la Charit\u00e9\" \/>\n<meta property=\"og:description\" content=\"\u015aw. El\u017cbieta Anna Seton jest pierwsz\u0105 kanonizowan\u0105 \u015bwi\u0119t\u0105 urodzon\u0105 w Stanach Zjednoczonych. By\u0142a Za\u0142o\u017cycielk\u0105 ameryka\u0144skich Si\u00f3str Mi\u0142osierdzia \u015bw. J\u00f3zefa i jest uznawana za pionierk\u0119 szkolnictwa katolickiego, kt\u00f3ra utorowa\u0142a drog\u0119 systemowi katolickich szk\u00f3\u0142 parafialnych w Stanach Zjednoczonych. 1774, 28 sierpnia Narodziny 1794, 25 stycznia Ma\u0142\u017ce\u0144stwo z Williamem Magee Seton 1803, 27 grudnia Wdowa 1805, 14 marca [&hellip;]\" \/>\n<meta property=\"og:url\" content=\"https:\/\/filles-de-la-charite.org\/pl\/rodzina\/swieta-elzbieta-anna-seton\/\" \/>\n<meta property=\"og:site_name\" content=\"Filles de la Charit\u00e9\" \/>\n<meta property=\"article:modified_time\" content=\"2024-02-19T10:51:22+00:00\" \/>\n<meta property=\"og:image\" content=\"https:\/\/filles-de-la-charite.org\/wp-content\/uploads\/2023\/04\/Seton-1.png\" \/>\n\t<meta property=\"og:image:width\" content=\"252\" \/>\n\t<meta property=\"og:image:height\" content=\"252\" \/>\n\t<meta property=\"og:image:type\" content=\"image\/png\" \/>\n<meta name=\"twitter:card\" content=\"summary_large_image\" \/>\n<meta name=\"twitter:label1\" content=\"Szacowany czas czytania\" \/>\n\t<meta name=\"twitter:data1\" content=\"5 minut\" \/>\n<script type=\"application\/ld+json\" class=\"yoast-schema-graph\">{\"@context\":\"https:\\\/\\\/schema.org\",\"@graph\":[{\"@type\":\"WebPage\",\"@id\":\"https:\\\/\\\/filles-de-la-charite.org\\\/pl\\\/rodzina\\\/swieta-elzbieta-anna-seton\\\/\",\"url\":\"https:\\\/\\\/filles-de-la-charite.org\\\/pl\\\/rodzina\\\/swieta-elzbieta-anna-seton\\\/\",\"name\":\"\u015awi\u0119ta El\u017cbieta Anna Seton - Filles de la Charit\u00e9\",\"isPartOf\":{\"@id\":\"https:\\\/\\\/filles-de-la-charite.org\\\/pl\\\/#website\"},\"primaryImageOfPage\":{\"@id\":\"https:\\\/\\\/filles-de-la-charite.org\\\/pl\\\/rodzina\\\/swieta-elzbieta-anna-seton\\\/#primaryimage\"},\"image\":{\"@id\":\"https:\\\/\\\/filles-de-la-charite.org\\\/pl\\\/rodzina\\\/swieta-elzbieta-anna-seton\\\/#primaryimage\"},\"thumbnailUrl\":\"https:\\\/\\\/filles-de-la-charite.org\\\/wp-content\\\/uploads\\\/2023\\\/04\\\/Seton-1.png\",\"datePublished\":\"2020-10-21T12:36:59+00:00\",\"dateModified\":\"2024-02-19T10:51:22+00:00\",\"breadcrumb\":{\"@id\":\"https:\\\/\\\/filles-de-la-charite.org\\\/pl\\\/rodzina\\\/swieta-elzbieta-anna-seton\\\/#breadcrumb\"},\"inLanguage\":\"pl-PL\",\"potentialAction\":[{\"@type\":\"ReadAction\",\"target\":[\"https:\\\/\\\/filles-de-la-charite.org\\\/pl\\\/rodzina\\\/swieta-elzbieta-anna-seton\\\/\"]}]},{\"@type\":\"ImageObject\",\"inLanguage\":\"pl-PL\",\"@id\":\"https:\\\/\\\/filles-de-la-charite.org\\\/pl\\\/rodzina\\\/swieta-elzbieta-anna-seton\\\/#primaryimage\",\"url\":\"https:\\\/\\\/filles-de-la-charite.org\\\/wp-content\\\/uploads\\\/2023\\\/04\\\/Seton-1.png\",\"contentUrl\":\"https:\\\/\\\/filles-de-la-charite.org\\\/wp-content\\\/uploads\\\/2023\\\/04\\\/Seton-1.png\",\"width\":252,\"height\":252},{\"@type\":\"BreadcrumbList\",\"@id\":\"https:\\\/\\\/filles-de-la-charite.org\\\/pl\\\/rodzina\\\/swieta-elzbieta-anna-seton\\\/#breadcrumb\",\"itemListElement\":[{\"@type\":\"ListItem\",\"position\":1,\"name\":\"Nasza rodzina\",\"item\":\"https:\\\/\\\/filles-de-la-charite.org\\\/pl\\\/rodzina\\\/\"},{\"@type\":\"ListItem\",\"position\":2,\"name\":\"\u015awi\u0119ta El\u017cbieta Anna Seton\"}]},{\"@type\":\"WebSite\",\"@id\":\"https:\\\/\\\/filles-de-la-charite.org\\\/pl\\\/#website\",\"url\":\"https:\\\/\\\/filles-de-la-charite.org\\\/pl\\\/\",\"name\":\"Hijas de la Caridad\",\"description\":\"L\u2019amour de J\u00e9sus nous presse \u00e0 prendre soin des personnes les plus d\u00e9munies\",\"publisher\":{\"@id\":\"https:\\\/\\\/filles-de-la-charite.org\\\/pl\\\/#organization\"},\"potentialAction\":[{\"@type\":\"SearchAction\",\"target\":{\"@type\":\"EntryPoint\",\"urlTemplate\":\"https:\\\/\\\/filles-de-la-charite.org\\\/pl\\\/?s={search_term_string}\"},\"query-input\":{\"@type\":\"PropertyValueSpecification\",\"valueRequired\":true,\"valueName\":\"search_term_string\"}}],\"inLanguage\":\"pl-PL\"},{\"@type\":\"Organization\",\"@id\":\"https:\\\/\\\/filles-de-la-charite.org\\\/pl\\\/#organization\",\"name\":\"Hijas de la Caridad\",\"url\":\"https:\\\/\\\/filles-de-la-charite.org\\\/pl\\\/\",\"logo\":{\"@type\":\"ImageObject\",\"inLanguage\":\"pl-PL\",\"@id\":\"https:\\\/\\\/filles-de-la-charite.org\\\/pl\\\/#\\\/schema\\\/logo\\\/image\\\/\",\"url\":\"https:\\\/\\\/filles-de-la-charite.org\\\/wp-content\\\/uploads\\\/2023\\\/03\\\/isotipo-Hijas-de-la-Caridad.png\",\"contentUrl\":\"https:\\\/\\\/filles-de-la-charite.org\\\/wp-content\\\/uploads\\\/2023\\\/03\\\/isotipo-Hijas-de-la-Caridad.png\",\"width\":1417,\"height\":1417,\"caption\":\"Hijas de la Caridad\"},\"image\":{\"@id\":\"https:\\\/\\\/filles-de-la-charite.org\\\/pl\\\/#\\\/schema\\\/logo\\\/image\\\/\"}}]}<\/script>\n<!-- \/ Yoast SEO plugin. -->","yoast_head_json":{"title":"\u015awi\u0119ta El\u017cbieta Anna Seton - Filles de la Charit\u00e9","robots":{"index":"index","follow":"follow","max-snippet":"max-snippet:-1","max-image-preview":"max-image-preview:large","max-video-preview":"max-video-preview:-1"},"canonical":"https:\/\/filles-de-la-charite.org\/pl\/rodzina\/swieta-elzbieta-anna-seton\/","og_locale":"pl_PL","og_type":"article","og_title":"\u015awi\u0119ta El\u017cbieta Anna Seton - Filles de la Charit\u00e9","og_description":"\u015aw. El\u017cbieta Anna Seton jest pierwsz\u0105 kanonizowan\u0105 \u015bwi\u0119t\u0105 urodzon\u0105 w Stanach Zjednoczonych. By\u0142a Za\u0142o\u017cycielk\u0105 ameryka\u0144skich Si\u00f3str Mi\u0142osierdzia \u015bw. J\u00f3zefa i jest uznawana za pionierk\u0119 szkolnictwa katolickiego, kt\u00f3ra utorowa\u0142a drog\u0119 systemowi katolickich szk\u00f3\u0142 parafialnych w Stanach Zjednoczonych. 1774, 28 sierpnia Narodziny 1794, 25 stycznia Ma\u0142\u017ce\u0144stwo z Williamem Magee Seton 1803, 27 grudnia Wdowa 1805, 14 marca [&hellip;]","og_url":"https:\/\/filles-de-la-charite.org\/pl\/rodzina\/swieta-elzbieta-anna-seton\/","og_site_name":"Filles de la Charit\u00e9","article_modified_time":"2024-02-19T10:51:22+00:00","og_image":[{"width":252,"height":252,"url":"https:\/\/filles-de-la-charite.org\/wp-content\/uploads\/2023\/04\/Seton-1.png","type":"image\/png"}],"twitter_card":"summary_large_image","twitter_misc":{"Szacowany czas czytania":"5 minut"},"schema":{"@context":"https:\/\/schema.org","@graph":[{"@type":"WebPage","@id":"https:\/\/filles-de-la-charite.org\/pl\/rodzina\/swieta-elzbieta-anna-seton\/","url":"https:\/\/filles-de-la-charite.org\/pl\/rodzina\/swieta-elzbieta-anna-seton\/","name":"\u015awi\u0119ta El\u017cbieta Anna Seton - Filles de la Charit\u00e9","isPartOf":{"@id":"https:\/\/filles-de-la-charite.org\/pl\/#website"},"primaryImageOfPage":{"@id":"https:\/\/filles-de-la-charite.org\/pl\/rodzina\/swieta-elzbieta-anna-seton\/#primaryimage"},"image":{"@id":"https:\/\/filles-de-la-charite.org\/pl\/rodzina\/swieta-elzbieta-anna-seton\/#primaryimage"},"thumbnailUrl":"https:\/\/filles-de-la-charite.org\/wp-content\/uploads\/2023\/04\/Seton-1.png","datePublished":"2020-10-21T12:36:59+00:00","dateModified":"2024-02-19T10:51:22+00:00","breadcrumb":{"@id":"https:\/\/filles-de-la-charite.org\/pl\/rodzina\/swieta-elzbieta-anna-seton\/#breadcrumb"},"inLanguage":"pl-PL","potentialAction":[{"@type":"ReadAction","target":["https:\/\/filles-de-la-charite.org\/pl\/rodzina\/swieta-elzbieta-anna-seton\/"]}]},{"@type":"ImageObject","inLanguage":"pl-PL","@id":"https:\/\/filles-de-la-charite.org\/pl\/rodzina\/swieta-elzbieta-anna-seton\/#primaryimage","url":"https:\/\/filles-de-la-charite.org\/wp-content\/uploads\/2023\/04\/Seton-1.png","contentUrl":"https:\/\/filles-de-la-charite.org\/wp-content\/uploads\/2023\/04\/Seton-1.png","width":252,"height":252},{"@type":"BreadcrumbList","@id":"https:\/\/filles-de-la-charite.org\/pl\/rodzina\/swieta-elzbieta-anna-seton\/#breadcrumb","itemListElement":[{"@type":"ListItem","position":1,"name":"Nasza rodzina","item":"https:\/\/filles-de-la-charite.org\/pl\/rodzina\/"},{"@type":"ListItem","position":2,"name":"\u015awi\u0119ta El\u017cbieta Anna Seton"}]},{"@type":"WebSite","@id":"https:\/\/filles-de-la-charite.org\/pl\/#website","url":"https:\/\/filles-de-la-charite.org\/pl\/","name":"Hijas de la Caridad","description":"L\u2019amour de J\u00e9sus nous presse \u00e0 prendre soin des personnes les plus d\u00e9munies","publisher":{"@id":"https:\/\/filles-de-la-charite.org\/pl\/#organization"},"potentialAction":[{"@type":"SearchAction","target":{"@type":"EntryPoint","urlTemplate":"https:\/\/filles-de-la-charite.org\/pl\/?s={search_term_string}"},"query-input":{"@type":"PropertyValueSpecification","valueRequired":true,"valueName":"search_term_string"}}],"inLanguage":"pl-PL"},{"@type":"Organization","@id":"https:\/\/filles-de-la-charite.org\/pl\/#organization","name":"Hijas de la Caridad","url":"https:\/\/filles-de-la-charite.org\/pl\/","logo":{"@type":"ImageObject","inLanguage":"pl-PL","@id":"https:\/\/filles-de-la-charite.org\/pl\/#\/schema\/logo\/image\/","url":"https:\/\/filles-de-la-charite.org\/wp-content\/uploads\/2023\/03\/isotipo-Hijas-de-la-Caridad.png","contentUrl":"https:\/\/filles-de-la-charite.org\/wp-content\/uploads\/2023\/03\/isotipo-Hijas-de-la-Caridad.png","width":1417,"height":1417,"caption":"Hijas de la Caridad"},"image":{"@id":"https:\/\/filles-de-la-charite.org\/pl\/#\/schema\/logo\/image\/"}}]}},"_links":{"self":[{"href":"https:\/\/filles-de-la-charite.org\/pl\/wp-json\/wp\/v2\/familia\/4075","targetHints":{"allow":["GET"]}}],"collection":[{"href":"https:\/\/filles-de-la-charite.org\/pl\/wp-json\/wp\/v2\/familia"}],"about":[{"href":"https:\/\/filles-de-la-charite.org\/pl\/wp-json\/wp\/v2\/types\/familia"}],"wp:featuredmedia":[{"embeddable":true,"href":"https:\/\/filles-de-la-charite.org\/pl\/wp-json\/wp\/v2\/media\/1055"}],"wp:attachment":[{"href":"https:\/\/filles-de-la-charite.org\/pl\/wp-json\/wp\/v2\/media?parent=4075"}],"wp:term":[{"taxonomy":"origen","embeddable":true,"href":"https:\/\/filles-de-la-charite.org\/pl\/wp-json\/wp\/v2\/origen?post=4075"}],"curies":[{"name":"wp","href":"https:\/\/api.w.org\/{rel}","templated":true}]}}