{"id":4078,"date":"2020-10-21T15:13:17","date_gmt":"2020-10-21T13:13:17","guid":{"rendered":"https:\/\/hijascaridad.sjdigitaldemo.ovh\/familia\/blogoslawiony-ghebre-michal\/"},"modified":"2024-02-19T12:10:40","modified_gmt":"2024-02-19T11:10:40","slug":"blogoslawiony-ghebre-michal","status":"publish","type":"familia","link":"https:\/\/filles-de-la-charite.org\/pl\/rodzina\/blogoslawiony-ghebre-michal\/","title":{"rendered":"B\u0142ogos\u0142awiony Ghebre-Micha\u0142"},"content":{"rendered":"\n<p><strong>Dla Gh\u00e9br\u00e9 Micha\u0142a, m\u0119czennika poszukuj\u0105cego prawdy, znajomo\u015b\u0107 r\u00f3\u017cnych twierdze\u0144 teologicznych by\u0142a niewystarczaj\u0105ca. Zale\u017ca\u0142o mu na prawdzie opartej na Pismach, wyra\u017conej przez Ojc\u00f3w Ko\u015bcio\u0142a, sformu\u0142owanej przez pierwsze Sobory oraz takiej, wobec kt\u00f3rej \u017cywy Ko\u015bci\u00f3\u0142&nbsp; pozostawa\u0142 wierny od samego pocz\u0105tku.<\/strong><\/p>\n\n\n\n<figure class=\"wp-block-table\"><table><tbody><tr><td><strong>1788<\/strong><\/td><td>Narodziny w Dibo (Prowincja Gjam w zachodniej Etiopii)<\/td><\/tr><tr><td><strong>1813<\/strong><\/td><td>Doktorat z teologii w klasztorze w Mertul\u00e9 Mariam<\/td><\/tr><tr><td><strong>1814 \u2013 1825<\/strong><\/td><td>Pielgrzymka w poszukiwaniu \u201cwiedzy\u201d<\/td><\/tr><tr><td><strong>1842, luty<\/strong><\/td><td>Pobyt w Rzymie<\/td><\/tr><tr><td><strong>1844<\/strong><\/td><td>Przyj\u0119cie do Ko\u015bcio\u0142a katolickiego<\/td><\/tr><tr><td><strong>1851, 1 stycznia<\/strong><\/td><td>Potajemne \u015bwi\u0119cenia kap\u0142a\u0144skie<\/td><\/tr><tr><td><strong>1854, lipiec<\/strong><\/td><td>Uwi\u0119zienie i tortury<\/td><\/tr><tr><td><strong>1855, 29 sierpnia<\/strong><\/td><td>M\u0119cze\u0144ska \u015bmier\u0107<\/td><\/tr><tr><td><strong>1926, 31 pa\u017adziernika<\/strong><\/td><td>Beatyfikowany przez papie\u017ca Piusa XI jako m\u0119czennik<\/td><\/tr><tr><td><strong>30 sierpnia<\/strong><\/td><td>Wspomnienie liturgiczne<\/td><\/tr><\/tbody><\/table><\/figure>\n\n\n\n<p>Gh\u00e9br\u00e9 Micha\u0142 urodzi\u0142 si\u0119 w 1788 r. w prawos\u0142awnej rodzinie mieszkaj\u0105cej w Dibo (Prowincja Gjam w Etiopii), w pobli\u017cu klasztoru Mertul\u00e9 Mariam. Po uko\u0144czeniu przyklasztornej szko\u0142y ponadpodstawowej zosta\u0142 przyj\u0119ty do tamtejszego nowicjatu.<\/p>\n\n\n\n<p>Jako mnich przez sze\u015b\u0107 pierwszych lat wiernie wype\u0142nia\u0142 obowi\u0105zki swego stanu i uwa\u017cnie studiowa\u0142 Pismo \u015awi\u0119te, dorobek pierwszych Sobor\u00f3w, pisma Ojc\u00f3w Ko\u015bcio\u0142a oraz wszelkie inne dokumenty, kt\u00f3re m\u00f3g\u0142 znale\u017a\u0107. W 1813 r. uzyska\u0142 tytu\u0142 Doktora Teologii, lecz jego pragnienie g\u0142\u0119bokiego poznania prawdy nie zosta\u0142o jeszcze zaspokojone. Rozpocz\u0105\u0142 wi\u0119c trwaj\u0105c\u0105 jedena\u015bcie lat pielgrzymk\u0119 w poszukiwaniu \u201ewiedzy\u201d, udaj\u0105c si\u0119 do najznakomitszych klasztor\u00f3w Etiopii i Erytrei.<\/p>\n\n\n\n<p>Dejazmatch Wiebie, ksi\u0105\u017c\u0119 Tigray, mianowa\u0142 Gh\u00e9br\u00e9 Micha\u0142a cz\u0142onkiem delegacji udaj\u0105cej si\u0119 do Kairu, by wyjedna\u0107 u tamtejszego patriarchy wyznaczenie biskupa dla Etiopii, kt\u00f3ra mu podlega\u0142a zgodnie z jurysdykcj\u0105 ko\u015bcieln\u0105. Ze wzgl\u0119d\u00f3w bezpiecze\u0144stwa delegacji towarzyszy\u0142 katolicki kap\u0142an, Justyn de Jacobis, kt\u00f3ry przyj\u0105\u0142 zaproszenie pod warunkiem, \u017ce wszyscy jej cz\u0142onkowie udadz\u0105 si\u0119 po zako\u0144czonej misji do Rzymu, by odda\u0107 ho\u0142d papie\u017cowi Grzegorzowi XVI. Niestety, po spotkaniu z kairskim patriarch\u0105 Petro i po spe\u0142nieniu trudnej misji, ten\u017ce patriarcha surowo zabroni\u0142 delegatom \u2013 pod gro\u017ab\u0105 ekskomuniki \u2013 podr\u00f3\u017cy do Rzymu. Zdobyli si\u0119 jednak na odwag\u0119 i udali si\u0119 do Wiecznego Miasta, gdzie mogli przyjrze\u0107 si\u0119 z bliska \u017cywej wierze Ko\u015bcio\u0142a katolickiego. Gh\u00e9br\u00e9 Micha\u0142 odkry\u0142, \u017ce wiara ta stanowi harmonijn\u0105 kontynuacj\u0119 nauczania staro\u017cytnego Ko\u015bcio\u0142a Etiopskiego.<\/p>\n\n\n\n<p>Po okresie w\u0105tpliwo\u015bci, studi\u00f3w, modlitwy, post\u00f3w i debat teologicznych Gh\u00e9br\u00e9 Micha\u0142a, w lutym 1844 r. Prefekt Apostolski Justyn de Jacobis przyj\u0105\u0142 od niego wyznanie wiary katolickiej. Po sze\u015bciu latach, 1 stycznia 1851 r., Abba Gh\u00e9br\u00e9 Micha\u0142, zosta\u0142 potajemnie \/w ruinach ko\u015bcio\u0142a Aliteny\/ wy\u015bwi\u0119cony na kap\u0142ana. Natychmiast zaanga\u017cowa\u0142 si\u0119 w nawracanie na wiar\u0119 katolick\u0105 swych wsp\u00f3\u0142ziomk\u00f3w. Jego zapa\u0142, \u015bwi\u0119to\u015b\u0107 \u017cycia, wywa\u017cona doktryna i nauczanie by\u0142y kluczowymi narz\u0119dziami w przezwyci\u0119\u017caniu uprzedze\u0144 wobec Ko\u015bcio\u0142a Katolickiego. Dzi\u0119ki jego wp\u0142ywom, wielka liczba kandydat\u00f3w ze \u015brodowiska monastycznego, sta\u0142a si\u0119 fundamentem dla przysz\u0142ego duchowie\u0144stwa katolickiego.<\/p>\n\n\n\n<p>Charyzmat Gh\u00e9br\u00e9 Micha\u0142a by\u0142 tak znacz\u0105cy, \u017ce patriarcha koptyjski i cesarz wszcz\u0119li prze\u015bladowania. Za namow\u0105 hierarchy, cesarz Theodore uwi\u0119zi\u0142 zakonnik\u00f3w i kap\u0142an\u00f3w nawr\u00f3conych na wiar\u0119 katolick\u0105. Byli bici i torturowani, celem wymuszenia na nich zaparcia si\u0119 wiary. Patriarcha i cesarz byli jednak zawstydzeni ich si\u0142\u0105 i wytrwa\u0142o\u015bci\u0105. Abba Gh\u00e9br\u00e9 Micha\u0142 prawie rok przecierpia\u0142 w wi\u0119zieniu, a wszyscy, kt\u00f3rzy si\u0119 z nim spotykali, byli pod wra\u017ceniem jego postawy, jednak z obawy przed prze\u015bladowaniami nie przy\u0142\u0105czyli si\u0119 w pe\u0142ni do Ko\u015bcio\u0142a.<\/p>\n\n\n\n<p>W 1854 r. Abba Gh\u00e9br\u00e9 Micha\u0142 zosta\u0142 wezwany na przes\u0142uchania przez samego cesarza, kt\u00f3ry namawia\u0142 go do powrotu na \u0142ono Ko\u015bcio\u0142a koptyjskiego. Zosta\u0142 poddany okrutnemu biczowaniu. Miesi\u0105c p\u00f3\u017aniej cesarz ponownie przes\u0142uchiwa\u0142 Gh\u00e9br\u00e9 Micha\u0142a w obecno\u015bci brytyjskiego ambasadora i skaza\u0142 go na \u015bmier\u0107 przez rozstrzelanie. Wobec apelu ambasadora i innych dygnitarzy zamieni\u0142 wyrok \u015bmierci na do\u017cywotnie zakucie w \u017celazne kajdany. D\u017awigaj\u0105c je na opuchni\u0119tych r\u0119kach i nogach, Abba Gh\u00e9br\u00e9 Micha\u0142 by\u0142 zmuszony pod\u0105\u017ca\u0107 wsz\u0119dzie za cesarzem.<\/p>\n\n\n\n<p>Dnia 29 sierpnia 1855 r., zmar\u0142 jako m\u0119czennik nowo powsta\u0142ego na tych ziemiach Ko\u015bcio\u0142a Katolickiego. Justyn de Jacobis poinformowa\u0142 Prze\u0142o\u017conego Generalnego Zgromadzenia Misji o \u015bmierci Gh\u00e9br\u00e9 Micha\u0142a, nazywaj\u0105c go zar\u00f3wno \u201epostulantem\u201d i \u201eseminarzyst\u0105\u201d Zgromadzenia.<\/p>\n","protected":false},"featured_media":1076,"template":"","meta":{"_acf_changed":false,"_et_pb_use_builder":"","_et_pb_old_content":"","_et_gb_content_width":"","_links_to":"","_links_to_target":""},"origen":[],"class_list":["post-4078","familia","type-familia","status-publish","has-post-thumbnail","hentry"],"acf":[],"yoast_head":"<!-- This site is optimized with the Yoast SEO plugin v27.5 - https:\/\/yoast.com\/product\/yoast-seo-wordpress\/ -->\n<title>B\u0142ogos\u0142awiony Ghebre-Micha\u0142 - Filles de la Charit\u00e9<\/title>\n<meta name=\"robots\" content=\"index, follow, max-snippet:-1, max-image-preview:large, max-video-preview:-1\" \/>\n<link rel=\"canonical\" href=\"https:\/\/filles-de-la-charite.org\/pl\/rodzina\/blogoslawiony-ghebre-michal\/\" \/>\n<meta property=\"og:locale\" content=\"pl_PL\" \/>\n<meta property=\"og:type\" content=\"article\" \/>\n<meta property=\"og:title\" content=\"B\u0142ogos\u0142awiony Ghebre-Micha\u0142 - Filles de la Charit\u00e9\" \/>\n<meta property=\"og:description\" content=\"Dla Gh\u00e9br\u00e9 Micha\u0142a, m\u0119czennika poszukuj\u0105cego prawdy, znajomo\u015b\u0107 r\u00f3\u017cnych twierdze\u0144 teologicznych by\u0142a niewystarczaj\u0105ca. Zale\u017ca\u0142o mu na prawdzie opartej na Pismach, wyra\u017conej przez Ojc\u00f3w Ko\u015bcio\u0142a, sformu\u0142owanej przez pierwsze Sobory oraz takiej, wobec kt\u00f3rej \u017cywy Ko\u015bci\u00f3\u0142&nbsp; pozostawa\u0142 wierny od samego pocz\u0105tku. 1788 Narodziny w Dibo (Prowincja Gjam w zachodniej Etiopii) 1813 Doktorat z teologii w klasztorze w Mertul\u00e9 [&hellip;]\" \/>\n<meta property=\"og:url\" content=\"https:\/\/filles-de-la-charite.org\/pl\/rodzina\/blogoslawiony-ghebre-michal\/\" \/>\n<meta property=\"og:site_name\" content=\"Filles de la Charit\u00e9\" \/>\n<meta property=\"article:modified_time\" content=\"2024-02-19T11:10:40+00:00\" \/>\n<meta property=\"og:image\" content=\"https:\/\/filles-de-la-charite.org\/wp-content\/uploads\/2023\/04\/Ghebre-Michael-1.png\" \/>\n\t<meta property=\"og:image:width\" content=\"331\" \/>\n\t<meta property=\"og:image:height\" content=\"404\" \/>\n\t<meta property=\"og:image:type\" content=\"image\/png\" \/>\n<meta name=\"twitter:card\" content=\"summary_large_image\" \/>\n<meta name=\"twitter:label1\" content=\"Szacowany czas czytania\" \/>\n\t<meta name=\"twitter:data1\" content=\"4 minuty\" \/>\n<script type=\"application\/ld+json\" class=\"yoast-schema-graph\">{\"@context\":\"https:\\\/\\\/schema.org\",\"@graph\":[{\"@type\":\"WebPage\",\"@id\":\"https:\\\/\\\/filles-de-la-charite.org\\\/pl\\\/rodzina\\\/blogoslawiony-ghebre-michal\\\/\",\"url\":\"https:\\\/\\\/filles-de-la-charite.org\\\/pl\\\/rodzina\\\/blogoslawiony-ghebre-michal\\\/\",\"name\":\"B\u0142ogos\u0142awiony Ghebre-Micha\u0142 - Filles de la Charit\u00e9\",\"isPartOf\":{\"@id\":\"https:\\\/\\\/filles-de-la-charite.org\\\/pl\\\/#website\"},\"primaryImageOfPage\":{\"@id\":\"https:\\\/\\\/filles-de-la-charite.org\\\/pl\\\/rodzina\\\/blogoslawiony-ghebre-michal\\\/#primaryimage\"},\"image\":{\"@id\":\"https:\\\/\\\/filles-de-la-charite.org\\\/pl\\\/rodzina\\\/blogoslawiony-ghebre-michal\\\/#primaryimage\"},\"thumbnailUrl\":\"https:\\\/\\\/filles-de-la-charite.org\\\/wp-content\\\/uploads\\\/2023\\\/04\\\/Ghebre-Michael-1.png\",\"datePublished\":\"2020-10-21T13:13:17+00:00\",\"dateModified\":\"2024-02-19T11:10:40+00:00\",\"breadcrumb\":{\"@id\":\"https:\\\/\\\/filles-de-la-charite.org\\\/pl\\\/rodzina\\\/blogoslawiony-ghebre-michal\\\/#breadcrumb\"},\"inLanguage\":\"pl-PL\",\"potentialAction\":[{\"@type\":\"ReadAction\",\"target\":[\"https:\\\/\\\/filles-de-la-charite.org\\\/pl\\\/rodzina\\\/blogoslawiony-ghebre-michal\\\/\"]}]},{\"@type\":\"ImageObject\",\"inLanguage\":\"pl-PL\",\"@id\":\"https:\\\/\\\/filles-de-la-charite.org\\\/pl\\\/rodzina\\\/blogoslawiony-ghebre-michal\\\/#primaryimage\",\"url\":\"https:\\\/\\\/filles-de-la-charite.org\\\/wp-content\\\/uploads\\\/2023\\\/04\\\/Ghebre-Michael-1.png\",\"contentUrl\":\"https:\\\/\\\/filles-de-la-charite.org\\\/wp-content\\\/uploads\\\/2023\\\/04\\\/Ghebre-Michael-1.png\",\"width\":331,\"height\":404},{\"@type\":\"BreadcrumbList\",\"@id\":\"https:\\\/\\\/filles-de-la-charite.org\\\/pl\\\/rodzina\\\/blogoslawiony-ghebre-michal\\\/#breadcrumb\",\"itemListElement\":[{\"@type\":\"ListItem\",\"position\":1,\"name\":\"Nasza rodzina\",\"item\":\"https:\\\/\\\/filles-de-la-charite.org\\\/pl\\\/rodzina\\\/\"},{\"@type\":\"ListItem\",\"position\":2,\"name\":\"B\u0142ogos\u0142awiony Ghebre-Micha\u0142\"}]},{\"@type\":\"WebSite\",\"@id\":\"https:\\\/\\\/filles-de-la-charite.org\\\/pl\\\/#website\",\"url\":\"https:\\\/\\\/filles-de-la-charite.org\\\/pl\\\/\",\"name\":\"Hijas de la Caridad\",\"description\":\"L\u2019amour de J\u00e9sus nous presse \u00e0 prendre soin des personnes les plus d\u00e9munies\",\"publisher\":{\"@id\":\"https:\\\/\\\/filles-de-la-charite.org\\\/pl\\\/#organization\"},\"potentialAction\":[{\"@type\":\"SearchAction\",\"target\":{\"@type\":\"EntryPoint\",\"urlTemplate\":\"https:\\\/\\\/filles-de-la-charite.org\\\/pl\\\/?s={search_term_string}\"},\"query-input\":{\"@type\":\"PropertyValueSpecification\",\"valueRequired\":true,\"valueName\":\"search_term_string\"}}],\"inLanguage\":\"pl-PL\"},{\"@type\":\"Organization\",\"@id\":\"https:\\\/\\\/filles-de-la-charite.org\\\/pl\\\/#organization\",\"name\":\"Hijas de la Caridad\",\"url\":\"https:\\\/\\\/filles-de-la-charite.org\\\/pl\\\/\",\"logo\":{\"@type\":\"ImageObject\",\"inLanguage\":\"pl-PL\",\"@id\":\"https:\\\/\\\/filles-de-la-charite.org\\\/pl\\\/#\\\/schema\\\/logo\\\/image\\\/\",\"url\":\"https:\\\/\\\/filles-de-la-charite.org\\\/wp-content\\\/uploads\\\/2023\\\/03\\\/isotipo-Hijas-de-la-Caridad.png\",\"contentUrl\":\"https:\\\/\\\/filles-de-la-charite.org\\\/wp-content\\\/uploads\\\/2023\\\/03\\\/isotipo-Hijas-de-la-Caridad.png\",\"width\":1417,\"height\":1417,\"caption\":\"Hijas de la Caridad\"},\"image\":{\"@id\":\"https:\\\/\\\/filles-de-la-charite.org\\\/pl\\\/#\\\/schema\\\/logo\\\/image\\\/\"}}]}<\/script>\n<!-- \/ Yoast SEO plugin. -->","yoast_head_json":{"title":"B\u0142ogos\u0142awiony Ghebre-Micha\u0142 - Filles de la Charit\u00e9","robots":{"index":"index","follow":"follow","max-snippet":"max-snippet:-1","max-image-preview":"max-image-preview:large","max-video-preview":"max-video-preview:-1"},"canonical":"https:\/\/filles-de-la-charite.org\/pl\/rodzina\/blogoslawiony-ghebre-michal\/","og_locale":"pl_PL","og_type":"article","og_title":"B\u0142ogos\u0142awiony Ghebre-Micha\u0142 - Filles de la Charit\u00e9","og_description":"Dla Gh\u00e9br\u00e9 Micha\u0142a, m\u0119czennika poszukuj\u0105cego prawdy, znajomo\u015b\u0107 r\u00f3\u017cnych twierdze\u0144 teologicznych by\u0142a niewystarczaj\u0105ca. Zale\u017ca\u0142o mu na prawdzie opartej na Pismach, wyra\u017conej przez Ojc\u00f3w Ko\u015bcio\u0142a, sformu\u0142owanej przez pierwsze Sobory oraz takiej, wobec kt\u00f3rej \u017cywy Ko\u015bci\u00f3\u0142&nbsp; pozostawa\u0142 wierny od samego pocz\u0105tku. 1788 Narodziny w Dibo (Prowincja Gjam w zachodniej Etiopii) 1813 Doktorat z teologii w klasztorze w Mertul\u00e9 [&hellip;]","og_url":"https:\/\/filles-de-la-charite.org\/pl\/rodzina\/blogoslawiony-ghebre-michal\/","og_site_name":"Filles de la Charit\u00e9","article_modified_time":"2024-02-19T11:10:40+00:00","og_image":[{"width":331,"height":404,"url":"https:\/\/filles-de-la-charite.org\/wp-content\/uploads\/2023\/04\/Ghebre-Michael-1.png","type":"image\/png"}],"twitter_card":"summary_large_image","twitter_misc":{"Szacowany czas czytania":"4 minuty"},"schema":{"@context":"https:\/\/schema.org","@graph":[{"@type":"WebPage","@id":"https:\/\/filles-de-la-charite.org\/pl\/rodzina\/blogoslawiony-ghebre-michal\/","url":"https:\/\/filles-de-la-charite.org\/pl\/rodzina\/blogoslawiony-ghebre-michal\/","name":"B\u0142ogos\u0142awiony Ghebre-Micha\u0142 - Filles de la Charit\u00e9","isPartOf":{"@id":"https:\/\/filles-de-la-charite.org\/pl\/#website"},"primaryImageOfPage":{"@id":"https:\/\/filles-de-la-charite.org\/pl\/rodzina\/blogoslawiony-ghebre-michal\/#primaryimage"},"image":{"@id":"https:\/\/filles-de-la-charite.org\/pl\/rodzina\/blogoslawiony-ghebre-michal\/#primaryimage"},"thumbnailUrl":"https:\/\/filles-de-la-charite.org\/wp-content\/uploads\/2023\/04\/Ghebre-Michael-1.png","datePublished":"2020-10-21T13:13:17+00:00","dateModified":"2024-02-19T11:10:40+00:00","breadcrumb":{"@id":"https:\/\/filles-de-la-charite.org\/pl\/rodzina\/blogoslawiony-ghebre-michal\/#breadcrumb"},"inLanguage":"pl-PL","potentialAction":[{"@type":"ReadAction","target":["https:\/\/filles-de-la-charite.org\/pl\/rodzina\/blogoslawiony-ghebre-michal\/"]}]},{"@type":"ImageObject","inLanguage":"pl-PL","@id":"https:\/\/filles-de-la-charite.org\/pl\/rodzina\/blogoslawiony-ghebre-michal\/#primaryimage","url":"https:\/\/filles-de-la-charite.org\/wp-content\/uploads\/2023\/04\/Ghebre-Michael-1.png","contentUrl":"https:\/\/filles-de-la-charite.org\/wp-content\/uploads\/2023\/04\/Ghebre-Michael-1.png","width":331,"height":404},{"@type":"BreadcrumbList","@id":"https:\/\/filles-de-la-charite.org\/pl\/rodzina\/blogoslawiony-ghebre-michal\/#breadcrumb","itemListElement":[{"@type":"ListItem","position":1,"name":"Nasza rodzina","item":"https:\/\/filles-de-la-charite.org\/pl\/rodzina\/"},{"@type":"ListItem","position":2,"name":"B\u0142ogos\u0142awiony Ghebre-Micha\u0142"}]},{"@type":"WebSite","@id":"https:\/\/filles-de-la-charite.org\/pl\/#website","url":"https:\/\/filles-de-la-charite.org\/pl\/","name":"Hijas de la Caridad","description":"L\u2019amour de J\u00e9sus nous presse \u00e0 prendre soin des personnes les plus d\u00e9munies","publisher":{"@id":"https:\/\/filles-de-la-charite.org\/pl\/#organization"},"potentialAction":[{"@type":"SearchAction","target":{"@type":"EntryPoint","urlTemplate":"https:\/\/filles-de-la-charite.org\/pl\/?s={search_term_string}"},"query-input":{"@type":"PropertyValueSpecification","valueRequired":true,"valueName":"search_term_string"}}],"inLanguage":"pl-PL"},{"@type":"Organization","@id":"https:\/\/filles-de-la-charite.org\/pl\/#organization","name":"Hijas de la Caridad","url":"https:\/\/filles-de-la-charite.org\/pl\/","logo":{"@type":"ImageObject","inLanguage":"pl-PL","@id":"https:\/\/filles-de-la-charite.org\/pl\/#\/schema\/logo\/image\/","url":"https:\/\/filles-de-la-charite.org\/wp-content\/uploads\/2023\/03\/isotipo-Hijas-de-la-Caridad.png","contentUrl":"https:\/\/filles-de-la-charite.org\/wp-content\/uploads\/2023\/03\/isotipo-Hijas-de-la-Caridad.png","width":1417,"height":1417,"caption":"Hijas de la Caridad"},"image":{"@id":"https:\/\/filles-de-la-charite.org\/pl\/#\/schema\/logo\/image\/"}}]}},"_links":{"self":[{"href":"https:\/\/filles-de-la-charite.org\/pl\/wp-json\/wp\/v2\/familia\/4078","targetHints":{"allow":["GET"]}}],"collection":[{"href":"https:\/\/filles-de-la-charite.org\/pl\/wp-json\/wp\/v2\/familia"}],"about":[{"href":"https:\/\/filles-de-la-charite.org\/pl\/wp-json\/wp\/v2\/types\/familia"}],"wp:featuredmedia":[{"embeddable":true,"href":"https:\/\/filles-de-la-charite.org\/pl\/wp-json\/wp\/v2\/media\/1076"}],"wp:attachment":[{"href":"https:\/\/filles-de-la-charite.org\/pl\/wp-json\/wp\/v2\/media?parent=4078"}],"wp:term":[{"taxonomy":"origen","embeddable":true,"href":"https:\/\/filles-de-la-charite.org\/pl\/wp-json\/wp\/v2\/origen?post=4078"}],"curies":[{"name":"wp","href":"https:\/\/api.w.org\/{rel}","templated":true}]}}