{"id":4079,"date":"2020-10-21T15:17:00","date_gmt":"2020-10-21T13:17:00","guid":{"rendered":"https:\/\/hijascaridad.sjdigitaldemo.ovh\/familia\/swiety-jan-gabriel-perboyre\/"},"modified":"2024-04-24T18:15:01","modified_gmt":"2024-04-24T16:15:01","slug":"swiety-jan-gabriel-perboyre","status":"publish","type":"familia","link":"https:\/\/filles-de-la-charite.org\/pl\/rodzina\/swiety-jan-gabriel-perboyre\/","title":{"rendered":"\u015awi\u0119ty Jan Gabriel Perboyre"},"content":{"rendered":"\n<p><strong><em>\u201ePro\u015b Boga o moje nawr\u00f3cenie i u\u015bwi\u0119cenie oraz o \u0142ask\u0119, abym zbytnio nie zepsu\u0142 Jego dzie\u0142a, abym m\u00f3g\u0142 przynajmniej w cz\u0119\u015bci wype\u0142ni\u0107 Jego zamiary wzgl\u0119dem mnie, i aby okaza\u0142 mi mi\u0142osierdzie w tym, czego nie wype\u0142ni\u0142em.\u201d<\/em> \u2013 fragment listu Jana Gabriela Perboyre\u2019a do jego rodzonego brata, zakrystianina u \u015bw. \u0141azarza w Domu Macierzystym Zgromadzenia Misji. S\u0105 to s\u0142owa cz\u0142owieka nazywanego<em> \u201e\u017cyj\u0105cym \u015bwi\u0119tym\u201d<\/em> (P. Song).<\/strong><\/p>\n\n\n\n<figure class=\"wp-block-table\"><table><tbody><tr><td><strong>1802, 6 stycznia<\/strong><\/td><td>Narodziny w Puech, blisko Montgesty we Francji<\/td><\/tr><tr><td><strong>1818, 15 grudnia<\/strong><\/td><td>Wst\u0105pienie do Zgromadzenia Misji<\/td><\/tr><tr><td><strong>1824<\/strong><\/td><td>Pos\u0142anie w charakterze wyk\u0142adowcy do Kolegium w Montdidier, departament Somme<\/td><\/tr><tr><td><strong>1926, 23 wrze\u015bnia<\/strong><\/td><td>\u015awi\u0119cenia kap\u0142a\u0144skie w Kaplicy przy ul. du Bac w Pary\u017cu<\/td><\/tr><tr><td><strong>1832<\/strong><\/td><td>Dyrektor Seminarium Internum (nowicjatu) w Pary\u017cu<\/td><\/tr><tr><td><strong>1835, 21 marca<\/strong><\/td><td>Wyjazd na misje do Chin<\/td><\/tr><tr><td><strong>1839, 16 wrze\u015bnia<\/strong><\/td><td>Uwi\u0119zienie<\/td><\/tr><tr><td><strong>18<\/strong><strong>40, 11 wrze\u015bnia<\/strong><\/td><td>M\u0119cze\u0144ska \u015bmier\u0107<\/td><\/tr><tr><td><strong>1889, 10 listopada<\/strong><\/td><td>Beatyfikowany przez papie\u017ca Leona XIII<\/td><\/tr><tr><td><strong>1996, 2 czerwca<\/strong><\/td><td>Kanonizowany przez papie\u017ca Jana Paw\u0142a II<\/td><\/tr><tr><td><strong>11 wrze\u015bnia<\/strong><\/td><td>Wspomnienie liturgiczne<\/td><\/tr><\/tbody><\/table><\/figure>\n\n\n\n<p>Jan Gabriel Perboyre urodzi\u0142 si\u0119 6 stycznia (\u015awi\u0119to Objawienia Pa\u0144skiego) w Puech, w ma\u0142ej wiosce w parafii Montgesty, w diecezji Cahors we Francji. By\u0142 pierwszym z o\u015bmiorga dzieci Marii Rigal i Piotra Perboyre. Jan Gabriel wzrasta\u0142 w katolickiej, bardzo religijnej rodzinie, kt\u00f3ra utrzymywa\u0142a si\u0119 z uprawy roli. Proboszcz rodzinnej parafii mia\u0142 zwyczaj odpytywa\u0107 Jana Gabriela z katechizmu m\u00f3wi\u0105c do niego: \u201eNo to zaczynajmy, m\u00f3j ma\u0142y doktorze!\u201d W gronie rodziny wzorem dla Jana Gabriela by\u0142 jego wuj, Jakub, kap\u0142an Zgromadzenia Misji, znany ze swej odwagi w czasach Rewolucji. To od niego Jan Gabriel nauczy\u0142 si\u0119, jak \u017cy\u0107 dla Chrystusa i s\u0142u\u017cy\u0107 Mu a\u017c do \u015bmierci.<\/p>\n\n\n\n<p>W 1816 r., gdy Ludwik \u2013 m\u0142odszy brat Jana Gabriela zosta\u0142 pos\u0142any do Seminarium w Montauban, ten towarzyszy\u0142 swemu bratu w czasie zimowych miesi\u0119cy, jednocze\u015bnie kontynuuj\u0105c studia.<\/p>\n\n\n\n<p>W grudniu 1818 r. Jan Gabriel zosta\u0142 przyj\u0119ty do Zgromadzenia Misji w Montauban, a 23 wrze\u015bnia 1825 r. przyj\u0105\u0142 \u015bwi\u0119cenia kap\u0142a\u0144skie w Kaplicy Domu Macierzystego Si\u00f3str Mi\u0142osierdzia przy ulicy du Bac w Pary\u017cu. Po pewnym czasie, gdy pracowa\u0142 ju\u017c jako profesor teologii w Seminarium w Saint-Flour, zosta\u0142 wezwany do Pary\u017ca, aby pe\u0142ni\u0107 funkcj\u0119 Dyrektora Seminarium Ksi\u0119\u017cy Misjonarzy.<\/p>\n\n\n\n<p>Po trzech latach pos\u0142ugi w Seminarium, gwiazda Objawienia Pa\u0144skiego z dnia jego narodzin ukaza\u0142a mu daleki horyzont \u2013 misje w Chinach, kt\u00f3re by\u0142y jego marzeniem. W marcu 1835 r. wyruszy\u0142 wi\u0119c w drog\u0119 powierzaj\u0105c si\u0119 Bo\u017cej opiece, by 29 sierpnia dotrze\u0107 do Makao, bramy misyjnej Chin. Pomimo niebezpiecze\u0144stw i prze\u015bladowa\u0144, podj\u0105\u0142 si\u0119 w Ho-Nan zakrojonej na szerok\u0105 skal\u0119 dzia\u0142alno\u015bci apostolskiej. Tak by\u0142o a\u017c do wrze\u015bnia 1839 r., gdy zosta\u0142 zdradzony i osadzony w wi\u0119zieniu.<\/p>\n\n\n\n<p>Po wielu miesi\u0105cach moralnego i fizycznego cierpienia oraz d\u0142ugich i okrutnych tortur, Jan Gabriel da\u0142 ostateczne \u015bwiadectwo wierze dnia 11 wrze\u015bnia 1840 r. Zosta\u0142 powieszony na krzy\u017cu i uduszony powrozem.<\/p>\n\n\n\n<p>Wielu \u015bwiadk\u00f3w m\u00f3wi\u0142o, i\u017c w momencie \u015bmierci Jana Gabriela na niebie ukaza\u0142 si\u0119 \u015bwietlisty krzy\u017c. Epifania osi\u0105gn\u0119\u0142a sw\u00f3j szczyt, potwierdzaj\u0105c s\u0142owa z Ksi\u0119gi Proroka Daniela: \u201eM\u0105drzy b\u0119d\u0105 \u015bwieci\u0107 jak blask sklepienia, a ci, kt\u00f3rzy nauczyli wielu sprawiedliwo\u015bci, jak gwiazdy przez wieki i na zawsze\u201d (Dn 12,3).<\/p>\n\n\n\n<p>20 lat po \u015bmierci jego doczesne szcz\u0105tki zosta\u0142y przewiezione do \u015bw. \u0141azarza, Domu Macierzystego Ksi\u0119\u017cy Misjonarzy w Pary\u017cu.<\/p>\n","protected":false},"featured_media":1083,"template":"","meta":{"_acf_changed":false,"_links_to":"","_links_to_target":""},"origen":[],"class_list":["post-4079","familia","type-familia","status-publish","has-post-thumbnail","hentry"],"acf":[],"yoast_head":"<!-- This site is optimized with the Yoast SEO plugin v27.5 - https:\/\/yoast.com\/product\/yoast-seo-wordpress\/ -->\n<title>\u015awi\u0119ty Jan Gabriel Perboyre - Filles de la Charit\u00e9<\/title>\n<meta name=\"robots\" content=\"index, follow, max-snippet:-1, max-image-preview:large, max-video-preview:-1\" \/>\n<link rel=\"canonical\" href=\"https:\/\/filles-de-la-charite.org\/pl\/rodzina\/swiety-jan-gabriel-perboyre\/\" \/>\n<meta property=\"og:locale\" content=\"pl_PL\" \/>\n<meta property=\"og:type\" content=\"article\" \/>\n<meta property=\"og:title\" content=\"\u015awi\u0119ty Jan Gabriel Perboyre - Filles de la Charit\u00e9\" \/>\n<meta property=\"og:description\" content=\"\u201ePro\u015b Boga o moje nawr\u00f3cenie i u\u015bwi\u0119cenie oraz o \u0142ask\u0119, abym zbytnio nie zepsu\u0142 Jego dzie\u0142a, abym m\u00f3g\u0142 przynajmniej w cz\u0119\u015bci wype\u0142ni\u0107 Jego zamiary wzgl\u0119dem mnie, i aby okaza\u0142 mi mi\u0142osierdzie w tym, czego nie wype\u0142ni\u0142em.\u201d \u2013 fragment listu Jana Gabriela Perboyre\u2019a do jego rodzonego brata, zakrystianina u \u015bw. \u0141azarza w Domu Macierzystym Zgromadzenia Misji. [&hellip;]\" \/>\n<meta property=\"og:url\" content=\"https:\/\/filles-de-la-charite.org\/pl\/rodzina\/swiety-jan-gabriel-perboyre\/\" \/>\n<meta property=\"og:site_name\" content=\"Filles de la Charit\u00e9\" \/>\n<meta property=\"article:modified_time\" content=\"2024-04-24T16:15:01+00:00\" \/>\n<meta property=\"og:image\" content=\"https:\/\/filles-de-la-charite.org\/wp-content\/uploads\/2023\/04\/Perboyre-1.png\" \/>\n\t<meta property=\"og:image:width\" content=\"241\" \/>\n\t<meta property=\"og:image:height\" content=\"383\" \/>\n\t<meta property=\"og:image:type\" content=\"image\/png\" \/>\n<meta name=\"twitter:card\" content=\"summary_large_image\" \/>\n<meta name=\"twitter:label1\" content=\"Szacowany czas czytania\" \/>\n\t<meta name=\"twitter:data1\" content=\"3 minuty\" \/>\n<script type=\"application\/ld+json\" class=\"yoast-schema-graph\">{\"@context\":\"https:\\\/\\\/schema.org\",\"@graph\":[{\"@type\":\"WebPage\",\"@id\":\"https:\\\/\\\/filles-de-la-charite.org\\\/pl\\\/rodzina\\\/swiety-jan-gabriel-perboyre\\\/\",\"url\":\"https:\\\/\\\/filles-de-la-charite.org\\\/pl\\\/rodzina\\\/swiety-jan-gabriel-perboyre\\\/\",\"name\":\"\u015awi\u0119ty Jan Gabriel Perboyre - Filles de la Charit\u00e9\",\"isPartOf\":{\"@id\":\"https:\\\/\\\/filles-de-la-charite.org\\\/pl\\\/#website\"},\"primaryImageOfPage\":{\"@id\":\"https:\\\/\\\/filles-de-la-charite.org\\\/pl\\\/rodzina\\\/swiety-jan-gabriel-perboyre\\\/#primaryimage\"},\"image\":{\"@id\":\"https:\\\/\\\/filles-de-la-charite.org\\\/pl\\\/rodzina\\\/swiety-jan-gabriel-perboyre\\\/#primaryimage\"},\"thumbnailUrl\":\"https:\\\/\\\/filles-de-la-charite.org\\\/wp-content\\\/uploads\\\/2023\\\/04\\\/Perboyre-1.png\",\"datePublished\":\"2020-10-21T13:17:00+00:00\",\"dateModified\":\"2024-04-24T16:15:01+00:00\",\"breadcrumb\":{\"@id\":\"https:\\\/\\\/filles-de-la-charite.org\\\/pl\\\/rodzina\\\/swiety-jan-gabriel-perboyre\\\/#breadcrumb\"},\"inLanguage\":\"pl-PL\",\"potentialAction\":[{\"@type\":\"ReadAction\",\"target\":[\"https:\\\/\\\/filles-de-la-charite.org\\\/pl\\\/rodzina\\\/swiety-jan-gabriel-perboyre\\\/\"]}]},{\"@type\":\"ImageObject\",\"inLanguage\":\"pl-PL\",\"@id\":\"https:\\\/\\\/filles-de-la-charite.org\\\/pl\\\/rodzina\\\/swiety-jan-gabriel-perboyre\\\/#primaryimage\",\"url\":\"https:\\\/\\\/filles-de-la-charite.org\\\/wp-content\\\/uploads\\\/2023\\\/04\\\/Perboyre-1.png\",\"contentUrl\":\"https:\\\/\\\/filles-de-la-charite.org\\\/wp-content\\\/uploads\\\/2023\\\/04\\\/Perboyre-1.png\",\"width\":241,\"height\":383},{\"@type\":\"BreadcrumbList\",\"@id\":\"https:\\\/\\\/filles-de-la-charite.org\\\/pl\\\/rodzina\\\/swiety-jan-gabriel-perboyre\\\/#breadcrumb\",\"itemListElement\":[{\"@type\":\"ListItem\",\"position\":1,\"name\":\"Nasza rodzina\",\"item\":\"https:\\\/\\\/filles-de-la-charite.org\\\/pl\\\/rodzina\\\/\"},{\"@type\":\"ListItem\",\"position\":2,\"name\":\"\u015awi\u0119ty Jan Gabriel Perboyre\"}]},{\"@type\":\"WebSite\",\"@id\":\"https:\\\/\\\/filles-de-la-charite.org\\\/pl\\\/#website\",\"url\":\"https:\\\/\\\/filles-de-la-charite.org\\\/pl\\\/\",\"name\":\"Hijas de la Caridad\",\"description\":\"L\u2019amour de J\u00e9sus nous presse \u00e0 prendre soin des personnes les plus d\u00e9munies\",\"publisher\":{\"@id\":\"https:\\\/\\\/filles-de-la-charite.org\\\/pl\\\/#organization\"},\"potentialAction\":[{\"@type\":\"SearchAction\",\"target\":{\"@type\":\"EntryPoint\",\"urlTemplate\":\"https:\\\/\\\/filles-de-la-charite.org\\\/pl\\\/?s={search_term_string}\"},\"query-input\":{\"@type\":\"PropertyValueSpecification\",\"valueRequired\":true,\"valueName\":\"search_term_string\"}}],\"inLanguage\":\"pl-PL\"},{\"@type\":\"Organization\",\"@id\":\"https:\\\/\\\/filles-de-la-charite.org\\\/pl\\\/#organization\",\"name\":\"Hijas de la Caridad\",\"url\":\"https:\\\/\\\/filles-de-la-charite.org\\\/pl\\\/\",\"logo\":{\"@type\":\"ImageObject\",\"inLanguage\":\"pl-PL\",\"@id\":\"https:\\\/\\\/filles-de-la-charite.org\\\/pl\\\/#\\\/schema\\\/logo\\\/image\\\/\",\"url\":\"https:\\\/\\\/filles-de-la-charite.org\\\/wp-content\\\/uploads\\\/2023\\\/03\\\/isotipo-Hijas-de-la-Caridad.png\",\"contentUrl\":\"https:\\\/\\\/filles-de-la-charite.org\\\/wp-content\\\/uploads\\\/2023\\\/03\\\/isotipo-Hijas-de-la-Caridad.png\",\"width\":1417,\"height\":1417,\"caption\":\"Hijas de la Caridad\"},\"image\":{\"@id\":\"https:\\\/\\\/filles-de-la-charite.org\\\/pl\\\/#\\\/schema\\\/logo\\\/image\\\/\"}}]}<\/script>\n<!-- \/ Yoast SEO plugin. -->","yoast_head_json":{"title":"\u015awi\u0119ty Jan Gabriel Perboyre - Filles de la Charit\u00e9","robots":{"index":"index","follow":"follow","max-snippet":"max-snippet:-1","max-image-preview":"max-image-preview:large","max-video-preview":"max-video-preview:-1"},"canonical":"https:\/\/filles-de-la-charite.org\/pl\/rodzina\/swiety-jan-gabriel-perboyre\/","og_locale":"pl_PL","og_type":"article","og_title":"\u015awi\u0119ty Jan Gabriel Perboyre - Filles de la Charit\u00e9","og_description":"\u201ePro\u015b Boga o moje nawr\u00f3cenie i u\u015bwi\u0119cenie oraz o \u0142ask\u0119, abym zbytnio nie zepsu\u0142 Jego dzie\u0142a, abym m\u00f3g\u0142 przynajmniej w cz\u0119\u015bci wype\u0142ni\u0107 Jego zamiary wzgl\u0119dem mnie, i aby okaza\u0142 mi mi\u0142osierdzie w tym, czego nie wype\u0142ni\u0142em.\u201d \u2013 fragment listu Jana Gabriela Perboyre\u2019a do jego rodzonego brata, zakrystianina u \u015bw. \u0141azarza w Domu Macierzystym Zgromadzenia Misji. [&hellip;]","og_url":"https:\/\/filles-de-la-charite.org\/pl\/rodzina\/swiety-jan-gabriel-perboyre\/","og_site_name":"Filles de la Charit\u00e9","article_modified_time":"2024-04-24T16:15:01+00:00","og_image":[{"width":241,"height":383,"url":"https:\/\/filles-de-la-charite.org\/wp-content\/uploads\/2023\/04\/Perboyre-1.png","type":"image\/png"}],"twitter_card":"summary_large_image","twitter_misc":{"Szacowany czas czytania":"3 minuty"},"schema":{"@context":"https:\/\/schema.org","@graph":[{"@type":"WebPage","@id":"https:\/\/filles-de-la-charite.org\/pl\/rodzina\/swiety-jan-gabriel-perboyre\/","url":"https:\/\/filles-de-la-charite.org\/pl\/rodzina\/swiety-jan-gabriel-perboyre\/","name":"\u015awi\u0119ty Jan Gabriel Perboyre - Filles de la Charit\u00e9","isPartOf":{"@id":"https:\/\/filles-de-la-charite.org\/pl\/#website"},"primaryImageOfPage":{"@id":"https:\/\/filles-de-la-charite.org\/pl\/rodzina\/swiety-jan-gabriel-perboyre\/#primaryimage"},"image":{"@id":"https:\/\/filles-de-la-charite.org\/pl\/rodzina\/swiety-jan-gabriel-perboyre\/#primaryimage"},"thumbnailUrl":"https:\/\/filles-de-la-charite.org\/wp-content\/uploads\/2023\/04\/Perboyre-1.png","datePublished":"2020-10-21T13:17:00+00:00","dateModified":"2024-04-24T16:15:01+00:00","breadcrumb":{"@id":"https:\/\/filles-de-la-charite.org\/pl\/rodzina\/swiety-jan-gabriel-perboyre\/#breadcrumb"},"inLanguage":"pl-PL","potentialAction":[{"@type":"ReadAction","target":["https:\/\/filles-de-la-charite.org\/pl\/rodzina\/swiety-jan-gabriel-perboyre\/"]}]},{"@type":"ImageObject","inLanguage":"pl-PL","@id":"https:\/\/filles-de-la-charite.org\/pl\/rodzina\/swiety-jan-gabriel-perboyre\/#primaryimage","url":"https:\/\/filles-de-la-charite.org\/wp-content\/uploads\/2023\/04\/Perboyre-1.png","contentUrl":"https:\/\/filles-de-la-charite.org\/wp-content\/uploads\/2023\/04\/Perboyre-1.png","width":241,"height":383},{"@type":"BreadcrumbList","@id":"https:\/\/filles-de-la-charite.org\/pl\/rodzina\/swiety-jan-gabriel-perboyre\/#breadcrumb","itemListElement":[{"@type":"ListItem","position":1,"name":"Nasza rodzina","item":"https:\/\/filles-de-la-charite.org\/pl\/rodzina\/"},{"@type":"ListItem","position":2,"name":"\u015awi\u0119ty Jan Gabriel Perboyre"}]},{"@type":"WebSite","@id":"https:\/\/filles-de-la-charite.org\/pl\/#website","url":"https:\/\/filles-de-la-charite.org\/pl\/","name":"Hijas de la Caridad","description":"L\u2019amour de J\u00e9sus nous presse \u00e0 prendre soin des personnes les plus d\u00e9munies","publisher":{"@id":"https:\/\/filles-de-la-charite.org\/pl\/#organization"},"potentialAction":[{"@type":"SearchAction","target":{"@type":"EntryPoint","urlTemplate":"https:\/\/filles-de-la-charite.org\/pl\/?s={search_term_string}"},"query-input":{"@type":"PropertyValueSpecification","valueRequired":true,"valueName":"search_term_string"}}],"inLanguage":"pl-PL"},{"@type":"Organization","@id":"https:\/\/filles-de-la-charite.org\/pl\/#organization","name":"Hijas de la Caridad","url":"https:\/\/filles-de-la-charite.org\/pl\/","logo":{"@type":"ImageObject","inLanguage":"pl-PL","@id":"https:\/\/filles-de-la-charite.org\/pl\/#\/schema\/logo\/image\/","url":"https:\/\/filles-de-la-charite.org\/wp-content\/uploads\/2023\/03\/isotipo-Hijas-de-la-Caridad.png","contentUrl":"https:\/\/filles-de-la-charite.org\/wp-content\/uploads\/2023\/03\/isotipo-Hijas-de-la-Caridad.png","width":1417,"height":1417,"caption":"Hijas de la Caridad"},"image":{"@id":"https:\/\/filles-de-la-charite.org\/pl\/#\/schema\/logo\/image\/"}}]}},"_links":{"self":[{"href":"https:\/\/filles-de-la-charite.org\/pl\/wp-json\/wp\/v2\/familia\/4079","targetHints":{"allow":["GET"]}}],"collection":[{"href":"https:\/\/filles-de-la-charite.org\/pl\/wp-json\/wp\/v2\/familia"}],"about":[{"href":"https:\/\/filles-de-la-charite.org\/pl\/wp-json\/wp\/v2\/types\/familia"}],"wp:featuredmedia":[{"embeddable":true,"href":"https:\/\/filles-de-la-charite.org\/pl\/wp-json\/wp\/v2\/media\/1083"}],"wp:attachment":[{"href":"https:\/\/filles-de-la-charite.org\/pl\/wp-json\/wp\/v2\/media?parent=4079"}],"wp:term":[{"taxonomy":"origen","embeddable":true,"href":"https:\/\/filles-de-la-charite.org\/pl\/wp-json\/wp\/v2\/origen?post=4079"}],"curies":[{"name":"wp","href":"https:\/\/api.w.org\/{rel}","templated":true}]}}