{"id":4080,"date":"2020-10-21T15:26:32","date_gmt":"2020-10-21T13:26:32","guid":{"rendered":"https:\/\/hijascaridad.sjdigitaldemo.ovh\/familia\/swiety-justyn-de-jacobis\/"},"modified":"2024-04-24T18:16:54","modified_gmt":"2024-04-24T16:16:54","slug":"swiety-justyn-de-jacobis","status":"publish","type":"familia","link":"https:\/\/filles-de-la-charite.org\/pl\/rodzina\/swiety-justyn-de-jacobis\/","title":{"rendered":"\u015awi\u0119ty Justyn de Jacobis"},"content":{"rendered":"\n<p><strong>W\u015br\u00f3d wielu duchowych syn\u00f3w \u015bw. Wincentego, kt\u00f3rzy \u015bwiecili przyk\u0142adem w swym powo\u0142aniu i w ewangelizacji Ubogich, s\u0105 tacy, kt\u00f3rzy zostali wybrani, aby pos\u0142u\u017cy\u0107 nam za wz\u00f3r do na\u015bladowania. Jednym z nich jest Justyn de Jacobis, wielki aposto\u0142 ludno\u015bci Abisynii (dzisiejsza Erytrea i Etiopia).<\/strong><\/p>\n\n\n\n<figure class=\"wp-block-table\"><table><tbody><tr><td><strong>1800, 9 pa\u017adziernika<\/strong><\/td><td>Narodziny w Neapolu we W\u0142oszech<\/td><\/tr><tr><td><strong>1818, 17 pa\u017adziernika<\/strong><\/td><td>Wst\u0105pienie do Zgromadzenia Misji<\/td><\/tr><tr><td><strong>1824, 12 czerwca<\/strong><\/td><td>\u015awi\u0119cenia kap\u0142a\u0144skie<\/td><\/tr><tr><td><strong>1839, 24 maja<\/strong><\/td><td>Odpowiedzialno\u015b\u0107 za misje w Abisynii i s\u0105siednich regionach<\/td><\/tr><tr><td><strong>1860, 31 lipca<\/strong><\/td><td>\u015amier\u0107 na pustyni<\/td><\/tr><tr><td><strong>1939, 25 czerwca<\/strong><\/td><td>Beatyfikowany przez Piusa XII<\/td><\/tr><tr><td><strong>1975, 26 pa\u017adziernika<\/strong><\/td><td>Kanonizowany przez <strong>papie\u017ca<\/strong> Paw\u0142a VI<\/td><\/tr><tr><td><strong>30 lipca<\/strong><\/td><td>Wspomnienie liturgiczne<\/td><\/tr><\/tbody><\/table><\/figure>\n\n\n\n<p>Urodzi\u0142 si\u0119 9 pa\u017adziernika 1800 r. w San Fele, w pobli\u017cu Neapolu we W\u0142oszech. By\u0142 si\u00f3dmym dzieckiem Marii J\u00f3zefy Muccia i Jana Chrzciciela de Jacobis, w rodzinie o wielkiej zaradno\u015bci i g\u0142\u0119bokiej wierze chrze\u015bcija\u0144skiej.<\/p>\n\n\n\n<p>W 1818 r. Justyn wst\u0105pi\u0142 do Zgromadzenia Misji w Neapolu. W swej wielkiej pokorze s\u0105dzi\u0142, \u017ce nie posiada cech wymaganych do stanu duchownego, ale dzi\u0119ki Bogu, jego prze\u0142o\u017ceni byli przeciwnego zdania i zadecydowali, \u017ce zosta\u0142 wy\u015bwi\u0119cony na kap\u0142ana w dniu 12 czerwca 1824 r. w katedrze w Brindisi, we W\u0142oszech. Przez pierwsze lata kap\u0142a\u0144stwa jego g\u0142\u00f3wn\u0105 pos\u0142ug\u0105 by\u0142o prowadzenie rekolekcji dla os\u00f3b \u015bwieckich, kap\u0142an\u00f3w i si\u00f3str. Uczestniczy\u0142 tak\u017ce w g\u0142oszeniu misji parafialnych. Ponadto organizowa\u0142 r\u00f3\u017cnego rodzaju akcje dobroczynne na rzecz Ubogich.<\/p>\n\n\n\n<p>Wszelkie zadania, jakie mu powierzano, dope\u0142nia\u0142 z wielk\u0105 pokor\u0105 i pos\u0142usze\u0144stwem, przyjmuj\u0105c r\u00f3\u017cne obowi\u0105zki i odpowiedzialno\u015bci w Zgromadzeniu Misji. Podczas srogiej epidemii cholery, kt\u00f3ra wybuch\u0142a pod koniec 1836 r. i pustoszy\u0142a Neapol, Justyn po\u015bwi\u0119ca\u0142 si\u0119 nieprzerwanie, nios\u0105c pomoc chorym, nawet z nara\u017ceniem w\u0142asnego \u017cycia.<\/p>\n\n\n\n<p>W roku 1838 kardyna\u0142 Philippe Franzoni, prefekt \u015awi\u0119tej Kongregacji Rozkrzewiania Wiary, wizytowa\u0142 Dom Prowincjalny Lazaryst\u00f3w w Neapolu i rozmawia\u0142 z Justynem jako prze\u0142o\u017conym Domu. Opowiada\u0142 mu o ogromnych potrzebach ludno\u015bci Abisynii i pragnieniu podj\u0119cia misji na tamtych terenach. Justyn, otrzymawszy akceptacj\u0119 swoich prze\u0142o\u017conych zgodzi\u0142 si\u0119 tam pojecha\u0107. Zgromadzenie Misji przyj\u0119\u0142o odpowiedzialno\u015b\u0107 za t\u0119 misj\u0119 i 24 maja 1839 r., Ks. Justyn de Jacobis, zosta\u0142 pos\u0142any do Abisynii w charakterze Prefekta Stolicy Apostolskiej dla tego regionu.<\/p>\n\n\n\n<p>W misji ewangelizacji ks. Justyn pozwoli\u0142, by prowadzi\u0142a go r\u0119ka Opatrzno\u015bci. By\u0142 mocno zakorzeniony w duchu swojego Zgromadzenia. Promieniowa\u0142 zw\u0142aszcza pokor\u0105, serdeczno\u015bci\u0105 i gorliwo\u015bci\u0105, a w obliczu cierpie\u0144 i niezrozumienia wytrwa\u0142o\u015bci\u0105.<\/p>\n\n\n\n<p>Pan obdarzy\u0142 Justyna g\u0142\u0119bok\u0105 wra\u017cliwo\u015bci\u0105 na kultur\u0119 Abisynii i jego tradycje. Nauczy\u0142 si\u0119 j\u0119zyka, \u017cy\u0142 z lud\u017ami i pracowa\u0142 nad popraw\u0105 relacji mi\u0119dzyludzkich na p\u0142aszczy\u017anie lokalnej.<\/p>\n\n\n\n<p>By\u0142 cz\u0142owiekiem wyprzedzaj\u0105cym swoj\u0105 epok\u0119 w spojrzeniu na inkulturacj\u0119. W g\u0142oszeniu Ewangelii wykorzystywa\u0142 zwyczaje i kultur\u0119 ludno\u015bci tubylczej. By\u0142 tak\u017ce wspania\u0142ym prekursorem dialogu ekumenicznego pomi\u0119dzy chrze\u015bcijanami koptyjskimi i katolikami.<\/p>\n\n\n\n<p>Przez 20 lat ks. Justyn de Jacobis po\u015bwi\u0119ca\u0142 si\u0119 s\u0142u\u017cbie Ewangelii w Abisynii. By\u0142 doskona\u0142ym towarzyszem i formatorem kap\u0142an\u00f3w. Jego zas\u0142ug\u0105 by\u0142o odnowienie Ko\u015bcio\u0142a Katolickiego w Abisynii, pomimo wielu cierpie\u0144 i prze\u015bladowa\u0144, kt\u00f3rych sta\u0142 si\u0119 ofiar\u0105.<\/p>\n\n\n\n<p>Zmar\u0142 31 lipca 1860 r. z powodu febry w Dolinie Alighedien w pobli\u017cu Halai na poboczu drogi.<\/p>\n","protected":false},"featured_media":1090,"template":"","meta":{"_acf_changed":false,"_links_to":"","_links_to_target":""},"origen":[],"class_list":["post-4080","familia","type-familia","status-publish","has-post-thumbnail","hentry"],"acf":[],"yoast_head":"<!-- This site is optimized with the Yoast SEO plugin v27.5 - https:\/\/yoast.com\/product\/yoast-seo-wordpress\/ -->\n<title>\u015awi\u0119ty Justyn de Jacobis - Filles de la Charit\u00e9<\/title>\n<meta name=\"robots\" content=\"index, follow, max-snippet:-1, max-image-preview:large, max-video-preview:-1\" \/>\n<link rel=\"canonical\" href=\"https:\/\/filles-de-la-charite.org\/pl\/rodzina\/swiety-justyn-de-jacobis\/\" \/>\n<meta property=\"og:locale\" content=\"pl_PL\" \/>\n<meta property=\"og:type\" content=\"article\" \/>\n<meta property=\"og:title\" content=\"\u015awi\u0119ty Justyn de Jacobis - Filles de la Charit\u00e9\" \/>\n<meta property=\"og:description\" content=\"W\u015br\u00f3d wielu duchowych syn\u00f3w \u015bw. Wincentego, kt\u00f3rzy \u015bwiecili przyk\u0142adem w swym powo\u0142aniu i w ewangelizacji Ubogich, s\u0105 tacy, kt\u00f3rzy zostali wybrani, aby pos\u0142u\u017cy\u0107 nam za wz\u00f3r do na\u015bladowania. Jednym z nich jest Justyn de Jacobis, wielki aposto\u0142 ludno\u015bci Abisynii (dzisiejsza Erytrea i Etiopia). 1800, 9 pa\u017adziernika Narodziny w Neapolu we W\u0142oszech 1818, 17 pa\u017adziernika Wst\u0105pienie [&hellip;]\" \/>\n<meta property=\"og:url\" content=\"https:\/\/filles-de-la-charite.org\/pl\/rodzina\/swiety-justyn-de-jacobis\/\" \/>\n<meta property=\"og:site_name\" content=\"Filles de la Charit\u00e9\" \/>\n<meta property=\"article:modified_time\" content=\"2024-04-24T16:16:54+00:00\" \/>\n<meta property=\"og:image\" content=\"https:\/\/filles-de-la-charite.org\/wp-content\/uploads\/2023\/04\/image1-2.jpg\" \/>\n\t<meta property=\"og:image:width\" content=\"416\" \/>\n\t<meta property=\"og:image:height\" content=\"601\" \/>\n\t<meta property=\"og:image:type\" content=\"image\/jpeg\" \/>\n<meta name=\"twitter:card\" content=\"summary_large_image\" \/>\n<meta name=\"twitter:label1\" content=\"Szacowany czas czytania\" \/>\n\t<meta name=\"twitter:data1\" content=\"3 minuty\" \/>\n<script type=\"application\/ld+json\" class=\"yoast-schema-graph\">{\"@context\":\"https:\\\/\\\/schema.org\",\"@graph\":[{\"@type\":\"WebPage\",\"@id\":\"https:\\\/\\\/filles-de-la-charite.org\\\/pl\\\/rodzina\\\/swiety-justyn-de-jacobis\\\/\",\"url\":\"https:\\\/\\\/filles-de-la-charite.org\\\/pl\\\/rodzina\\\/swiety-justyn-de-jacobis\\\/\",\"name\":\"\u015awi\u0119ty Justyn de Jacobis - Filles de la Charit\u00e9\",\"isPartOf\":{\"@id\":\"https:\\\/\\\/filles-de-la-charite.org\\\/pl\\\/#website\"},\"primaryImageOfPage\":{\"@id\":\"https:\\\/\\\/filles-de-la-charite.org\\\/pl\\\/rodzina\\\/swiety-justyn-de-jacobis\\\/#primaryimage\"},\"image\":{\"@id\":\"https:\\\/\\\/filles-de-la-charite.org\\\/pl\\\/rodzina\\\/swiety-justyn-de-jacobis\\\/#primaryimage\"},\"thumbnailUrl\":\"https:\\\/\\\/filles-de-la-charite.org\\\/wp-content\\\/uploads\\\/2023\\\/04\\\/image1-2.jpg\",\"datePublished\":\"2020-10-21T13:26:32+00:00\",\"dateModified\":\"2024-04-24T16:16:54+00:00\",\"breadcrumb\":{\"@id\":\"https:\\\/\\\/filles-de-la-charite.org\\\/pl\\\/rodzina\\\/swiety-justyn-de-jacobis\\\/#breadcrumb\"},\"inLanguage\":\"pl-PL\",\"potentialAction\":[{\"@type\":\"ReadAction\",\"target\":[\"https:\\\/\\\/filles-de-la-charite.org\\\/pl\\\/rodzina\\\/swiety-justyn-de-jacobis\\\/\"]}]},{\"@type\":\"ImageObject\",\"inLanguage\":\"pl-PL\",\"@id\":\"https:\\\/\\\/filles-de-la-charite.org\\\/pl\\\/rodzina\\\/swiety-justyn-de-jacobis\\\/#primaryimage\",\"url\":\"https:\\\/\\\/filles-de-la-charite.org\\\/wp-content\\\/uploads\\\/2023\\\/04\\\/image1-2.jpg\",\"contentUrl\":\"https:\\\/\\\/filles-de-la-charite.org\\\/wp-content\\\/uploads\\\/2023\\\/04\\\/image1-2.jpg\",\"width\":416,\"height\":601},{\"@type\":\"BreadcrumbList\",\"@id\":\"https:\\\/\\\/filles-de-la-charite.org\\\/pl\\\/rodzina\\\/swiety-justyn-de-jacobis\\\/#breadcrumb\",\"itemListElement\":[{\"@type\":\"ListItem\",\"position\":1,\"name\":\"Nasza rodzina\",\"item\":\"https:\\\/\\\/filles-de-la-charite.org\\\/pl\\\/rodzina\\\/\"},{\"@type\":\"ListItem\",\"position\":2,\"name\":\"\u015awi\u0119ty Justyn de Jacobis\"}]},{\"@type\":\"WebSite\",\"@id\":\"https:\\\/\\\/filles-de-la-charite.org\\\/pl\\\/#website\",\"url\":\"https:\\\/\\\/filles-de-la-charite.org\\\/pl\\\/\",\"name\":\"Hijas de la Caridad\",\"description\":\"L\u2019amour de J\u00e9sus nous presse \u00e0 prendre soin des personnes les plus d\u00e9munies\",\"publisher\":{\"@id\":\"https:\\\/\\\/filles-de-la-charite.org\\\/pl\\\/#organization\"},\"potentialAction\":[{\"@type\":\"SearchAction\",\"target\":{\"@type\":\"EntryPoint\",\"urlTemplate\":\"https:\\\/\\\/filles-de-la-charite.org\\\/pl\\\/?s={search_term_string}\"},\"query-input\":{\"@type\":\"PropertyValueSpecification\",\"valueRequired\":true,\"valueName\":\"search_term_string\"}}],\"inLanguage\":\"pl-PL\"},{\"@type\":\"Organization\",\"@id\":\"https:\\\/\\\/filles-de-la-charite.org\\\/pl\\\/#organization\",\"name\":\"Hijas de la Caridad\",\"url\":\"https:\\\/\\\/filles-de-la-charite.org\\\/pl\\\/\",\"logo\":{\"@type\":\"ImageObject\",\"inLanguage\":\"pl-PL\",\"@id\":\"https:\\\/\\\/filles-de-la-charite.org\\\/pl\\\/#\\\/schema\\\/logo\\\/image\\\/\",\"url\":\"https:\\\/\\\/filles-de-la-charite.org\\\/wp-content\\\/uploads\\\/2023\\\/03\\\/isotipo-Hijas-de-la-Caridad.png\",\"contentUrl\":\"https:\\\/\\\/filles-de-la-charite.org\\\/wp-content\\\/uploads\\\/2023\\\/03\\\/isotipo-Hijas-de-la-Caridad.png\",\"width\":1417,\"height\":1417,\"caption\":\"Hijas de la Caridad\"},\"image\":{\"@id\":\"https:\\\/\\\/filles-de-la-charite.org\\\/pl\\\/#\\\/schema\\\/logo\\\/image\\\/\"}}]}<\/script>\n<!-- \/ Yoast SEO plugin. -->","yoast_head_json":{"title":"\u015awi\u0119ty Justyn de Jacobis - Filles de la Charit\u00e9","robots":{"index":"index","follow":"follow","max-snippet":"max-snippet:-1","max-image-preview":"max-image-preview:large","max-video-preview":"max-video-preview:-1"},"canonical":"https:\/\/filles-de-la-charite.org\/pl\/rodzina\/swiety-justyn-de-jacobis\/","og_locale":"pl_PL","og_type":"article","og_title":"\u015awi\u0119ty Justyn de Jacobis - Filles de la Charit\u00e9","og_description":"W\u015br\u00f3d wielu duchowych syn\u00f3w \u015bw. Wincentego, kt\u00f3rzy \u015bwiecili przyk\u0142adem w swym powo\u0142aniu i w ewangelizacji Ubogich, s\u0105 tacy, kt\u00f3rzy zostali wybrani, aby pos\u0142u\u017cy\u0107 nam za wz\u00f3r do na\u015bladowania. Jednym z nich jest Justyn de Jacobis, wielki aposto\u0142 ludno\u015bci Abisynii (dzisiejsza Erytrea i Etiopia). 1800, 9 pa\u017adziernika Narodziny w Neapolu we W\u0142oszech 1818, 17 pa\u017adziernika Wst\u0105pienie [&hellip;]","og_url":"https:\/\/filles-de-la-charite.org\/pl\/rodzina\/swiety-justyn-de-jacobis\/","og_site_name":"Filles de la Charit\u00e9","article_modified_time":"2024-04-24T16:16:54+00:00","og_image":[{"width":416,"height":601,"url":"https:\/\/filles-de-la-charite.org\/wp-content\/uploads\/2023\/04\/image1-2.jpg","type":"image\/jpeg"}],"twitter_card":"summary_large_image","twitter_misc":{"Szacowany czas czytania":"3 minuty"},"schema":{"@context":"https:\/\/schema.org","@graph":[{"@type":"WebPage","@id":"https:\/\/filles-de-la-charite.org\/pl\/rodzina\/swiety-justyn-de-jacobis\/","url":"https:\/\/filles-de-la-charite.org\/pl\/rodzina\/swiety-justyn-de-jacobis\/","name":"\u015awi\u0119ty Justyn de Jacobis - Filles de la Charit\u00e9","isPartOf":{"@id":"https:\/\/filles-de-la-charite.org\/pl\/#website"},"primaryImageOfPage":{"@id":"https:\/\/filles-de-la-charite.org\/pl\/rodzina\/swiety-justyn-de-jacobis\/#primaryimage"},"image":{"@id":"https:\/\/filles-de-la-charite.org\/pl\/rodzina\/swiety-justyn-de-jacobis\/#primaryimage"},"thumbnailUrl":"https:\/\/filles-de-la-charite.org\/wp-content\/uploads\/2023\/04\/image1-2.jpg","datePublished":"2020-10-21T13:26:32+00:00","dateModified":"2024-04-24T16:16:54+00:00","breadcrumb":{"@id":"https:\/\/filles-de-la-charite.org\/pl\/rodzina\/swiety-justyn-de-jacobis\/#breadcrumb"},"inLanguage":"pl-PL","potentialAction":[{"@type":"ReadAction","target":["https:\/\/filles-de-la-charite.org\/pl\/rodzina\/swiety-justyn-de-jacobis\/"]}]},{"@type":"ImageObject","inLanguage":"pl-PL","@id":"https:\/\/filles-de-la-charite.org\/pl\/rodzina\/swiety-justyn-de-jacobis\/#primaryimage","url":"https:\/\/filles-de-la-charite.org\/wp-content\/uploads\/2023\/04\/image1-2.jpg","contentUrl":"https:\/\/filles-de-la-charite.org\/wp-content\/uploads\/2023\/04\/image1-2.jpg","width":416,"height":601},{"@type":"BreadcrumbList","@id":"https:\/\/filles-de-la-charite.org\/pl\/rodzina\/swiety-justyn-de-jacobis\/#breadcrumb","itemListElement":[{"@type":"ListItem","position":1,"name":"Nasza rodzina","item":"https:\/\/filles-de-la-charite.org\/pl\/rodzina\/"},{"@type":"ListItem","position":2,"name":"\u015awi\u0119ty Justyn de Jacobis"}]},{"@type":"WebSite","@id":"https:\/\/filles-de-la-charite.org\/pl\/#website","url":"https:\/\/filles-de-la-charite.org\/pl\/","name":"Hijas de la Caridad","description":"L\u2019amour de J\u00e9sus nous presse \u00e0 prendre soin des personnes les plus d\u00e9munies","publisher":{"@id":"https:\/\/filles-de-la-charite.org\/pl\/#organization"},"potentialAction":[{"@type":"SearchAction","target":{"@type":"EntryPoint","urlTemplate":"https:\/\/filles-de-la-charite.org\/pl\/?s={search_term_string}"},"query-input":{"@type":"PropertyValueSpecification","valueRequired":true,"valueName":"search_term_string"}}],"inLanguage":"pl-PL"},{"@type":"Organization","@id":"https:\/\/filles-de-la-charite.org\/pl\/#organization","name":"Hijas de la Caridad","url":"https:\/\/filles-de-la-charite.org\/pl\/","logo":{"@type":"ImageObject","inLanguage":"pl-PL","@id":"https:\/\/filles-de-la-charite.org\/pl\/#\/schema\/logo\/image\/","url":"https:\/\/filles-de-la-charite.org\/wp-content\/uploads\/2023\/03\/isotipo-Hijas-de-la-Caridad.png","contentUrl":"https:\/\/filles-de-la-charite.org\/wp-content\/uploads\/2023\/03\/isotipo-Hijas-de-la-Caridad.png","width":1417,"height":1417,"caption":"Hijas de la Caridad"},"image":{"@id":"https:\/\/filles-de-la-charite.org\/pl\/#\/schema\/logo\/image\/"}}]}},"_links":{"self":[{"href":"https:\/\/filles-de-la-charite.org\/pl\/wp-json\/wp\/v2\/familia\/4080","targetHints":{"allow":["GET"]}}],"collection":[{"href":"https:\/\/filles-de-la-charite.org\/pl\/wp-json\/wp\/v2\/familia"}],"about":[{"href":"https:\/\/filles-de-la-charite.org\/pl\/wp-json\/wp\/v2\/types\/familia"}],"wp:featuredmedia":[{"embeddable":true,"href":"https:\/\/filles-de-la-charite.org\/pl\/wp-json\/wp\/v2\/media\/1090"}],"wp:attachment":[{"href":"https:\/\/filles-de-la-charite.org\/pl\/wp-json\/wp\/v2\/media?parent=4080"}],"wp:term":[{"taxonomy":"origen","embeddable":true,"href":"https:\/\/filles-de-la-charite.org\/pl\/wp-json\/wp\/v2\/origen?post=4080"}],"curies":[{"name":"wp","href":"https:\/\/api.w.org\/{rel}","templated":true}]}}